
{"id":7116,"date":"2025-03-28T10:06:56","date_gmt":"2025-03-28T09:06:56","guid":{"rendered":"https:\/\/toluna-2025.local\/?page_id=7116"},"modified":"2025-09-23T17:47:24","modified_gmt":"2025-09-23T15:47:24","slug":"enquetes-publiees","status":"publish","type":"page","link":"https:\/\/tolunacorporate.com\/fr\/enquetes-publiees\/","title":{"rendered":"Sondages"},"content":{"rendered":"<style>.kb-row-layout-id7116_a11eb6-74 > .kt-row-column-wrap{align-content:center;}:where(.kb-row-layout-id7116_a11eb6-74 > .kt-row-column-wrap) > .wp-block-toluna-column{justify-content:center;}.kb-row-layout-id7116_a11eb6-74 > .kt-row-column-wrap{column-gap:var(--global-kb-gap-md, 2rem);row-gap:var(--global-kb-gap-md, 2rem);max-width:var(--wp--style--global--content-size);padding-right:var(--global-kb-spacing-sm, 1.5rem);padding-left:var(--global-kb-spacing-sm, 1.5rem);min-height:500px;grid-template-columns:minmax(0, 2fr) minmax(0, 1fr);}.kb-row-layout-id7116_a11eb6-74{background-image:url('https:\/\/tolunacorporate.com\/wp-content\/uploads\/2025\/03\/Website-header-standard.png');background-size:cover;background-position:15% 50%;background-attachment:scroll;background-repeat:no-repeat;}.kb-row-layout-id7116_a11eb6-74 > .kt-row-layout-overlay{opacity:0.40;background-color:#020202;}@media all and (max-width: 1024px){.kb-row-layout-id7116_a11eb6-74 > .kt-row-column-wrap{min-height:669px;grid-template-columns:minmax(0, 1fr);}}@media all and (max-width: 767px){.kb-row-layout-id7116_a11eb6-74 > .kt-row-column-wrap{padding-top:var(--global-kb-spacing-sm, 1.5rem);min-height:236px;grid-template-columns:minmax(0, 1fr);}.kb-row-layout-wrap.wp-block-toluna-rowlayout.kb-row-layout-id7116_a11eb6-74{background-image:url('https:\/\/tolunacorporate.com\/wp-content\/uploads\/2025\/03\/Hero-Full-Bleed-Image-1.jpg');background-size:cover;background-position:37% 20%;background-attachment:scroll;background-repeat:no-repeat;}}<\/style><div class=\"kb-row-layout-wrap kb-row-layout-id7116_a11eb6-74 alignfull kt-row-has-bg wp-block-toluna-rowlayout\"><div class=\"kt-row-layout-overlay kt-row-overlay-normal\"><\/div><div class=\"kt-row-column-wrap kt-has-2-columns kt-row-layout-left-golden kt-tab-layout-row kt-mobile-layout-row kt-row-valign-middle kb-theme-content-width\">\n<style>.toluna-column7116_1de9a1-fe > .kt-inside-inner-col{display:flex;}.toluna-column7116_1de9a1-fe > .kt-inside-inner-col,.toluna-column7116_1de9a1-fe > .kt-inside-inner-col:before{border-top-left-radius:0px;border-top-right-radius:0px;border-bottom-right-radius:0px;border-bottom-left-radius:0px;}.toluna-column7116_1de9a1-fe > .kt-inside-inner-col{column-gap:var(--global-kb-gap-sm, 1rem);}.toluna-column7116_1de9a1-fe > .kt-inside-inner-col{flex-direction:column;justify-content:center;align-items:flex-start;}.toluna-column7116_1de9a1-fe > .kt-inside-inner-col > .kb-image-is-ratio-size{align-self:stretch;}.toluna-column7116_1de9a1-fe > .kt-inside-inner-col > .wp-block-toluna-advancedgallery{align-self:stretch;}.toluna-column7116_1de9a1-fe > .kt-inside-inner-col > .aligncenter{width:100%;}.kt-row-column-wrap > .toluna-column7116_1de9a1-fe{align-self:center;}.kt-inner-column-height-full:not(.kt-has-1-columns) > .wp-block-toluna-column.toluna-column7116_1de9a1-fe{align-self:auto;}.kt-inner-column-height-full:not(.kt-has-1-columns) > .wp-block-toluna-column.toluna-column7116_1de9a1-fe > .kt-inside-inner-col{flex-direction:column;justify-content:center;}.toluna-column7116_1de9a1-fe > .kt-inside-inner-col:before{opacity:0.3;}.toluna-column7116_1de9a1-fe{text-align:left;}.toluna-column7116_1de9a1-fe{position:relative;}@media all and (max-width: 1024px){.kt-row-column-wrap > .toluna-column7116_1de9a1-fe{align-self:center;}}@media all and (max-width: 1024px){.kt-inner-column-height-full:not(.kt-has-1-columns) > .wp-block-toluna-column.toluna-column7116_1de9a1-fe{align-self:auto;}}@media all and (max-width: 1024px){.kt-inner-column-height-full:not(.kt-has-1-columns) > .wp-block-toluna-column.toluna-column7116_1de9a1-fe > .kt-inside-inner-col{flex-direction:column;justify-content:center;}}@media all and (max-width: 1024px){.toluna-column7116_1de9a1-fe > .kt-inside-inner-col{flex-direction:column;align-items:flex-start;}}@media all and (max-width: 767px){.kt-row-column-wrap > .toluna-column7116_1de9a1-fe{align-self:center;}.kt-inner-column-height-full:not(.kt-has-1-columns) > .wp-block-toluna-column.toluna-column7116_1de9a1-fe{align-self:auto;}.kt-inner-column-height-full:not(.kt-has-1-columns) > .wp-block-toluna-column.toluna-column7116_1de9a1-fe > .kt-inside-inner-col{flex-direction:column;justify-content:center;}.toluna-column7116_1de9a1-fe > .kt-inside-inner-col{flex-direction:column;align-items:flex-start;}}<\/style>\n<div class=\"wp-block-toluna-column toluna-column7116_1de9a1-fe\"><div class=\"kt-inside-inner-col\"><style>.wp-block-toluna-advancedheading.kt-adv-heading7116_4351fb-d4, .wp-block-toluna-advancedheading.kt-adv-heading7116_4351fb-d4[data-kb-block=\"kb-adv-heading7116_4351fb-d4\"]{margin-bottom:var(--global-kb-spacing-xxs, 0.5rem);font-size:48px;line-height:56px;font-style:normal;font-family:var( --wp--preset--font-family--sharp-sans, inherit );color:#fdfcfc;}.wp-block-toluna-advancedheading.kt-adv-heading7116_4351fb-d4 mark.kt-highlight, .wp-block-toluna-advancedheading.kt-adv-heading7116_4351fb-d4[data-kb-block=\"kb-adv-heading7116_4351fb-d4\"] mark.kt-highlight{font-style:normal;color:#f76a0c;-webkit-box-decoration-break:clone;box-decoration-break:clone;padding-top:0px;padding-right:0px;padding-bottom:0px;padding-left:0px;}@media all and (max-width: 767px){.wp-block-toluna-advancedheading.kt-adv-heading7116_4351fb-d4, .wp-block-toluna-advancedheading.kt-adv-heading7116_4351fb-d4[data-kb-block=\"kb-adv-heading7116_4351fb-d4\"]{font-size:var(--global-kb-font-size-xl, 2rem);line-height:40px;}}<\/style>\n<h2 class=\"kt-adv-heading7116_4351fb-d4 wp-block-toluna-advancedheading\" data-kb-block=\"kb-adv-heading7116_4351fb-d4\"><strong><strong>D\u00e9couvrez ce que pensent les citoyens<\/strong><\/strong><\/h2>\n\n\n<style>.wp-block-toluna-advancedheading.kt-adv-heading7116_370f18-a2, .wp-block-toluna-advancedheading.kt-adv-heading7116_370f18-a2[data-kb-block=\"kb-adv-heading7116_370f18-a2\"]{margin-top:var(--global-kb-spacing-xxs, 0.5rem);margin-bottom:var(--global-kb-spacing-sm, 1.5rem);font-size:var(--global-kb-font-size-md, 1rem);line-height:24px;font-style:normal;color:#ffffff;}.wp-block-toluna-advancedheading.kt-adv-heading7116_370f18-a2 mark.kt-highlight, .wp-block-toluna-advancedheading.kt-adv-heading7116_370f18-a2[data-kb-block=\"kb-adv-heading7116_370f18-a2\"] mark.kt-highlight{font-style:normal;color:#f76a0c;-webkit-box-decoration-break:clone;box-decoration-break:clone;padding-top:0px;padding-right:0px;padding-bottom:0px;padding-left:0px;}<\/style>\n<p class=\"kt-adv-heading7116_370f18-a2 wp-block-toluna-advancedheading\" data-kb-block=\"kb-adv-heading7116_370f18-a2\">Les r\u00e9sultats de nos derni\u00e8res enqu\u00eates sur les tendances et comportements des citoyens.<\/p>\n<\/div><\/div>\n\n\n<style>.toluna-column7116_91a958-83 > .kt-inside-inner-col,.toluna-column7116_91a958-83 > .kt-inside-inner-col:before{border-top-left-radius:0px;border-top-right-radius:0px;border-bottom-right-radius:0px;border-bottom-left-radius:0px;}.toluna-column7116_91a958-83 > .kt-inside-inner-col{column-gap:var(--global-kb-gap-sm, 1rem);}.toluna-column7116_91a958-83 > .kt-inside-inner-col{flex-direction:column;}.toluna-column7116_91a958-83 > .kt-inside-inner-col > .aligncenter{width:100%;}.toluna-column7116_91a958-83 > .kt-inside-inner-col:before{opacity:0.3;}.toluna-column7116_91a958-83{position:relative;}@media all and (max-width: 1024px){.toluna-column7116_91a958-83 > .kt-inside-inner-col{flex-direction:column;}}@media all and (max-width: 767px){.toluna-column7116_91a958-83 > .kt-inside-inner-col{flex-direction:column;}}<\/style>\n<div class=\"wp-block-toluna-column toluna-column7116_91a958-83\"><div class=\"kt-inside-inner-col\"><\/div><\/div>\n\n<\/div><\/div>\n\n<style>.kb-row-layout-id7116_3e91f6-95 > .kt-row-column-wrap{align-content:start;}:where(.kb-row-layout-id7116_3e91f6-95 > .kt-row-column-wrap) > .wp-block-toluna-column{justify-content:start;}.kb-row-layout-id7116_3e91f6-95 > .kt-row-column-wrap{column-gap:var(--global-kb-gap-md, 2rem);row-gap:var(--global-kb-gap-md, 2rem);max-width:var(--wp--style--global--content-size);padding-top:var(--global-kb-spacing-sm, 1.5rem);padding-bottom:var(--global-kb-spacing-lg, 3rem);grid-template-columns:minmax(0, 1fr);}.kb-row-layout-id7116_3e91f6-95 > .kt-row-layout-overlay{opacity:0.30;}@media all and (max-width: 1024px){.kb-row-layout-id7116_3e91f6-95 > .kt-row-column-wrap{grid-template-columns:minmax(0, 1fr);}}@media all and (max-width: 767px){.kb-row-layout-id7116_3e91f6-95 > .kt-row-column-wrap{grid-template-columns:minmax(0, 1fr);}}<\/style><div class=\"kb-row-layout-wrap kb-row-layout-id7116_3e91f6-95 alignfull wp-block-toluna-rowlayout\"><div class=\"kt-row-column-wrap kt-has-1-columns kt-row-layout-equal kt-tab-layout-inherit kt-mobile-layout-row kt-row-valign-top kb-theme-content-width\">\n<style>.toluna-column7116_83ac7f-f4 > .kt-inside-inner-col{display:flex;}.toluna-column7116_83ac7f-f4 > .kt-inside-inner-col,.toluna-column7116_83ac7f-f4 > .kt-inside-inner-col:before{border-top-left-radius:0px;border-top-right-radius:0px;border-bottom-right-radius:0px;border-bottom-left-radius:0px;}.toluna-column7116_83ac7f-f4 > .kt-inside-inner-col{column-gap:var(--global-kb-gap-sm, 1rem);}.toluna-column7116_83ac7f-f4 > .kt-inside-inner-col{flex-direction:column;align-items:center;}.toluna-column7116_83ac7f-f4 > .kt-inside-inner-col > .kb-image-is-ratio-size{align-self:stretch;}.toluna-column7116_83ac7f-f4 > .kt-inside-inner-col > .wp-block-toluna-advancedgallery{align-self:stretch;}.toluna-column7116_83ac7f-f4 > .kt-inside-inner-col > .aligncenter{width:100%;}.toluna-column7116_83ac7f-f4 > .kt-inside-inner-col:before{opacity:0.3;}.toluna-column7116_83ac7f-f4{text-align:center;}.toluna-column7116_83ac7f-f4{position:relative;}@media all and (max-width: 1024px){.toluna-column7116_83ac7f-f4 > .kt-inside-inner-col{flex-direction:column;align-items:center;}}@media all and (max-width: 767px){.toluna-column7116_83ac7f-f4 > .kt-inside-inner-col{flex-direction:column;align-items:center;}}<\/style>\n<div class=\"wp-block-toluna-column toluna-column7116_83ac7f-f4\"><div class=\"kt-inside-inner-col\"><style>.kb-row-layout-id7116_bef881-84 > .kt-row-column-wrap{align-content:center;}:where(.kb-row-layout-id7116_bef881-84 > .kt-row-column-wrap) > .wp-block-toluna-column{justify-content:center;}.kb-row-layout-id7116_bef881-84 > .kt-row-column-wrap{column-gap:var(--global-kb-gap-md, 2rem);row-gap:var(--global-kb-gap-md, 2rem);max-width:var(--wp--style--global--content-size);padding-top:var(--global-kb-spacing-sm, 1.5rem);padding-bottom:var(--global-kb-spacing-sm, 1.5rem);grid-template-columns:repeat(2, minmax(0, 1fr));}.kb-row-layout-id7116_bef881-84 > .kt-row-layout-overlay{opacity:0.30;}@media all and (max-width: 1024px){.kb-row-layout-id7116_bef881-84 > .kt-row-column-wrap{grid-template-columns:repeat(2, minmax(0, 1fr));}}@media all and (max-width: 767px){.kb-row-layout-id7116_bef881-84 > .kt-row-column-wrap{grid-template-columns:minmax(0, 1fr);}}<\/style><div class=\"kb-row-layout-wrap kb-row-layout-id7116_bef881-84 alignfull wp-block-toluna-rowlayout\"><div class=\"kt-row-column-wrap kt-has-2-columns kt-row-layout-equal kt-tab-layout-inherit kt-mobile-layout-row kt-row-valign-middle kb-theme-content-width\">\n<style>.toluna-column7116_62f9b8-c5 > .kt-inside-inner-col,.toluna-column7116_62f9b8-c5 > .kt-inside-inner-col:before{border-top-left-radius:0px;border-top-right-radius:0px;border-bottom-right-radius:0px;border-bottom-left-radius:0px;}.toluna-column7116_62f9b8-c5 > .kt-inside-inner-col{column-gap:var(--global-kb-gap-sm, 1rem);}.toluna-column7116_62f9b8-c5 > .kt-inside-inner-col{flex-direction:column;}.toluna-column7116_62f9b8-c5 > .kt-inside-inner-col > .aligncenter{width:100%;}.toluna-column7116_62f9b8-c5 > .kt-inside-inner-col:before{opacity:0.3;}.toluna-column7116_62f9b8-c5{position:relative;}@media all and (max-width: 1024px){.toluna-column7116_62f9b8-c5 > .kt-inside-inner-col{flex-direction:column;}}@media all and (max-width: 767px){.toluna-column7116_62f9b8-c5 > .kt-inside-inner-col{flex-direction:column;}}<\/style>\n<div class=\"wp-block-toluna-column toluna-column7116_62f9b8-c5\"><div class=\"kt-inside-inner-col\"><style>.wp-block-toluna-advancedheading.kt-adv-heading7116_927526-7c, .wp-block-toluna-advancedheading.kt-adv-heading7116_927526-7c[data-kb-block=\"kb-adv-heading7116_927526-7c\"]{text-align:left;font-size:var(--global-kb-font-size-xl, 2rem);line-height:45px;font-style:normal;}.wp-block-toluna-advancedheading.kt-adv-heading7116_927526-7c mark.kt-highlight, .wp-block-toluna-advancedheading.kt-adv-heading7116_927526-7c[data-kb-block=\"kb-adv-heading7116_927526-7c\"] mark.kt-highlight{font-style:normal;color:#f76a0c;-webkit-box-decoration-break:clone;box-decoration-break:clone;padding-top:0px;padding-right:0px;padding-bottom:0px;padding-left:0px;}<\/style>\n<h3 class=\"kt-adv-heading7116_927526-7c wp-block-toluna-advancedheading has-gravity-blue-color has-text-color\" data-kb-block=\"kb-adv-heading7116_927526-7c\">Des insights fiables pour mieux comprendre les citoyens.<\/h3>\n<\/div><\/div>\n\n\n<style>.toluna-column7116_04c101-83 > .kt-inside-inner-col,.toluna-column7116_04c101-83 > .kt-inside-inner-col:before{border-top-left-radius:0px;border-top-right-radius:0px;border-bottom-right-radius:0px;border-bottom-left-radius:0px;}.toluna-column7116_04c101-83 > .kt-inside-inner-col{column-gap:var(--global-kb-gap-sm, 1rem);}.toluna-column7116_04c101-83 > .kt-inside-inner-col{flex-direction:column;}.toluna-column7116_04c101-83 > .kt-inside-inner-col > .aligncenter{width:100%;}.toluna-column7116_04c101-83 > .kt-inside-inner-col:before{opacity:0.3;}.toluna-column7116_04c101-83{position:relative;}@media all and (max-width: 1024px){.toluna-column7116_04c101-83 > .kt-inside-inner-col{flex-direction:column;}}@media all and (max-width: 767px){.toluna-column7116_04c101-83 > .kt-inside-inner-col{flex-direction:column;}}<\/style>\n<div class=\"wp-block-toluna-column toluna-column7116_04c101-83\"><div class=\"kt-inside-inner-col\">\n<p class=\"has-text-align-left has--font-size\">D\u00e9couvrez ici les tendances cl\u00e9s et insights pour guider vos d\u00e9cisions et anticiper les \u00e9volutions de votre secteur.<\/p>\n<\/div><\/div>\n\n<\/div><\/div><\/div><\/div>\n\n<\/div><\/div>\n\n<style>.kb-row-layout-id7116_91d7d7-ae > .kt-row-column-wrap{align-content:start;}:where(.kb-row-layout-id7116_91d7d7-ae > .kt-row-column-wrap) > .wp-block-toluna-column{justify-content:start;}.kb-row-layout-id7116_91d7d7-ae > .kt-row-column-wrap{column-gap:var(--global-kb-gap-md, 2rem);row-gap:var(--global-kb-gap-md, 2rem);max-width:var(--wp--style--global--content-size);padding-top:var(--global-kb-spacing-sm, 1.5rem);padding-bottom:var(--global-kb-spacing-sm, 1.5rem);grid-template-columns:minmax(0, 1fr);}.kb-row-layout-id7116_91d7d7-ae > .kt-row-layout-overlay{opacity:0.30;}@media all and (max-width: 1024px){.kb-row-layout-id7116_91d7d7-ae > .kt-row-column-wrap{grid-template-columns:minmax(0, 1fr);}}@media all and (max-width: 767px){.kb-row-layout-id7116_91d7d7-ae > .kt-row-column-wrap{grid-template-columns:minmax(0, 1fr);}}<\/style><div class=\"kb-row-layout-wrap kb-row-layout-id7116_91d7d7-ae alignfull wp-block-toluna-rowlayout\"><div class=\"kt-row-column-wrap kt-has-1-columns kt-row-layout-equal kt-tab-layout-inherit kt-mobile-layout-row kt-row-valign-top kb-theme-content-width\">\n<style>.toluna-column7116_6ce5ed-18 > .kt-inside-inner-col,.toluna-column7116_6ce5ed-18 > .kt-inside-inner-col:before{border-top-left-radius:0px;border-top-right-radius:0px;border-bottom-right-radius:0px;border-bottom-left-radius:0px;}.toluna-column7116_6ce5ed-18 > .kt-inside-inner-col{column-gap:var(--global-kb-gap-sm, 1rem);}.toluna-column7116_6ce5ed-18 > .kt-inside-inner-col{flex-direction:column;}.toluna-column7116_6ce5ed-18 > .kt-inside-inner-col > .aligncenter{width:100%;}.toluna-column7116_6ce5ed-18 > .kt-inside-inner-col:before{opacity:0.3;}.toluna-column7116_6ce5ed-18{position:relative;}@media all and (max-width: 1024px){.toluna-column7116_6ce5ed-18 > .kt-inside-inner-col{flex-direction:column;}}@media all and (max-width: 767px){.toluna-column7116_6ce5ed-18 > .kt-inside-inner-col{flex-direction:column;}}<\/style>\n<div class=\"wp-block-toluna-column toluna-column7116_6ce5ed-18\"><div class=\"kt-inside-inner-col\"><style>.kb-posts-id-7116_0870c9-c7 .entry.loop-entry .entry-header .entry-title{font-size:16px;line-height:26px;}<\/style><div class=\"wp-block-toluna-posts kb-posts kb-posts-id-7116_0870c9-c7 content-wrap grid-cols kb-posts-style-unboxed grid-sm-col-2 grid-lg-col-4 item-image-style-above\"><article class=\"entry content-bg loop-entry post-57181 post type-post status-publish format-standard has-post-thumbnail hentry category-france-fr tag-poll-2\">\n\t    <!-- toluna-thumbnail-ratio-1-1 -->\n\t\t<a class=\"post-thumbnail\" href=\"https:\/\/tolunacorporate.com\/fr\/la-liberte-et-legalite-en-france\/\">\n\t\t\t<div class=\"post-thumbnail-inner\">\n\t\t\t\t<img decoding=\"async\" width=\"1024\" height=\"680\" src=\"https:\/\/tolunacorporate.com\/wp-content\/uploads\/2026\/04\/pexels-dhenry-6351373-1024x680.jpg\" class=\"attachment-large size-large wp-post-image\" alt=\"La libert\u00e9 et l\u2019\u00e9galit\u00e9 en France\" srcset=\"https:\/\/tolunacorporate.com\/wp-content\/uploads\/2026\/04\/pexels-dhenry-6351373-1024x680.jpg 1024w, https:\/\/tolunacorporate.com\/wp-content\/uploads\/2026\/04\/pexels-dhenry-6351373-300x199.jpg 300w, https:\/\/tolunacorporate.com\/wp-content\/uploads\/2026\/04\/pexels-dhenry-6351373-768x510.jpg 768w, https:\/\/tolunacorporate.com\/wp-content\/uploads\/2026\/04\/pexels-dhenry-6351373-1536x1020.jpg 1536w, https:\/\/tolunacorporate.com\/wp-content\/uploads\/2026\/04\/pexels-dhenry-6351373-2048x1360.jpg 2048w\" sizes=\"(max-width: 1024px) 100vw, 1024px\" style=\"width:100%;height:66.41%;max-width:2560px;\" \/>\t\t\t<\/div>\n\t\t<\/a><!-- .post-thumbnail -->\n\t\t\t<div class=\"entry-content-wrap\">\n\t\t<header class=\"entry-header\">\n\t\t<div class=\"entry-taxonomies\">\n\t\t\t\t\t\t<span class=\"posted-on\">\n\t\t\t\t\t<svg width=\"20\" height=\"22\" viewBox=\"0 0 20 22\" fill=\"none\" xmlns=\"http:\/\/www.w3.org\/2000\/svg\"><path d=\"M18 2H17V1C17 0.45 16.55 0 16 0C15.45 0 15 0.45 15 1V2H5V1C5 0.45 4.55 0 4 0C3.45 0 3 0.45 3 1V2H2C0.9 2 0 2.9 0 4V20C0 21.1 0.9 22 2 22H18C19.1 22 20 21.1 20 20V4C20 2.9 19.1 2 18 2ZM17 20H3C2.45 20 2 19.55 2 19V7H18V19C18 19.55 17.55 20 17 20Z\" fill=\"#007EE2\"\/><\/svg>\n\t\t\t\t\t<time class=\"entry-date published\" datetime=\"2026-04-29T15:47:26+02:00\">29 Avr 2026<\/time><time class=\"updated\" datetime=\"2026-04-29T17:55:34+02:00\">29 Avr 2026<\/time>\t\t\t\t<\/span>\n\t\t\t\t<\/div><!-- .entry-taxonomies -->\n\t<h6 class=\"entry-title\"><a href=\"https:\/\/tolunacorporate.com\/fr\/la-liberte-et-legalite-en-france\/\" rel=\"bookmark\">La libert\u00e9 et l\u2019\u00e9galit\u00e9 en France<\/a><\/h6><\/header><!-- .entry-header -->\n<footer class=\"entry-footer\">\n\t\t\t<div class=\"entry-actions\">\n\t\t\t<p class=\"more-link-wrap\">\n\t\t\t\t<a href=\"https:\/\/tolunacorporate.com\/fr\/la-liberte-et-legalite-en-france\/\" class=\"post-more-link\">\n\t\t\t\t\tEN SAVOIR PLUS<span class=\"screen-reader-text\"> La libert\u00e9 et l\u2019\u00e9galit\u00e9 en France<\/span><span class=\"toluna-svg-iconset svg-baseline\"><svg width=\"24\" height=\"25\" viewBox=\"0 0 24 25\" fill=\"none\" xmlns=\"http:\/\/www.w3.org\/2000\/svg\"><g clip-path=\"url(#clip0_3349_8828)\"><path d=\"M7.38048 21.9288C7.87048 22.4188 8.66048 22.4188 9.15048 21.9288L17.4605 13.6187C17.8505 13.2287 17.8505 12.5988 17.4605 12.2087L9.15048 3.89875C8.66048 3.40875 7.87048 3.40875 7.38048 3.89875C6.89048 4.38875 6.89048 5.17875 7.38048 5.66875L14.6205 12.9187L7.37048 20.1688C6.89048 20.6488 6.89048 21.4488 7.38048 21.9288Z\" fill=\"#007EE2\"\/><\/g><defs><clipPath id=\"clip0_3349_8828\"><rect width=\"24\" height=\"24\" fill=\"white\" transform=\"translate(0 0.917969)\"\/><\/clipPath><\/defs><\/svg><\/span>\t\t\t\t<\/a>\n\t\t\t<\/p>\n\t\t<\/div><!-- .entry-actions -->\n\t\t<\/footer><!-- .entry-footer -->\n\t<\/div>\n<\/article>\n<article class=\"entry content-bg loop-entry post-57050 post type-post status-publish format-standard has-post-thumbnail hentry category-france-fr tag-poll-2\">\n\t    <!-- toluna-thumbnail-ratio-1-1 -->\n\t\t<a class=\"post-thumbnail\" href=\"https:\/\/tolunacorporate.com\/fr\/barometre-de-confiance-politique-avril-2026\/\">\n\t\t\t<div class=\"post-thumbnail-inner\">\n\t\t\t\t<img decoding=\"async\" width=\"500\" height=\"500\" src=\"https:\/\/tolunacorporate.com\/wp-content\/uploads\/2025\/08\/Jour-du-vote.png\" class=\"attachment-large size-large wp-post-image\" alt=\"Barom\u00e8tre de confiance politique &#8211; Avril 2026\" srcset=\"https:\/\/tolunacorporate.com\/wp-content\/uploads\/2025\/08\/Jour-du-vote.png 500w, https:\/\/tolunacorporate.com\/wp-content\/uploads\/2025\/08\/Jour-du-vote-300x300.png 300w, https:\/\/tolunacorporate.com\/wp-content\/uploads\/2025\/08\/Jour-du-vote-150x150.png 150w\" sizes=\"(max-width: 500px) 100vw, 500px\" style=\"width:100%;height:100%;max-width:500px;\" \/>\t\t\t<\/div>\n\t\t<\/a><!-- .post-thumbnail -->\n\t\t\t<div class=\"entry-content-wrap\">\n\t\t<header class=\"entry-header\">\n\t\t<div class=\"entry-taxonomies\">\n\t\t\t\t\t\t<span class=\"posted-on\">\n\t\t\t\t\t<svg width=\"20\" height=\"22\" viewBox=\"0 0 20 22\" fill=\"none\" xmlns=\"http:\/\/www.w3.org\/2000\/svg\"><path d=\"M18 2H17V1C17 0.45 16.55 0 16 0C15.45 0 15 0.45 15 1V2H5V1C5 0.45 4.55 0 4 0C3.45 0 3 0.45 3 1V2H2C0.9 2 0 2.9 0 4V20C0 21.1 0.9 22 2 22H18C19.1 22 20 21.1 20 20V4C20 2.9 19.1 2 18 2ZM17 20H3C2.45 20 2 19.55 2 19V7H18V19C18 19.55 17.55 20 17 20Z\" fill=\"#007EE2\"\/><\/svg>\n\t\t\t\t\t<time class=\"entry-date published\" datetime=\"2026-04-24T18:00:00+02:00\">24 Avr 2026<\/time><time class=\"updated\" datetime=\"2026-04-24T18:11:22+02:00\">24 Avr 2026<\/time>\t\t\t\t<\/span>\n\t\t\t\t<\/div><!-- .entry-taxonomies -->\n\t<h6 class=\"entry-title\"><a href=\"https:\/\/tolunacorporate.com\/fr\/barometre-de-confiance-politique-avril-2026\/\" rel=\"bookmark\">Barom\u00e8tre de confiance politique &#8211; Avril 2026<\/a><\/h6><\/header><!-- .entry-header -->\n<footer class=\"entry-footer\">\n\t\t\t<div class=\"entry-actions\">\n\t\t\t<p class=\"more-link-wrap\">\n\t\t\t\t<a href=\"https:\/\/tolunacorporate.com\/fr\/barometre-de-confiance-politique-avril-2026\/\" class=\"post-more-link\">\n\t\t\t\t\tEN SAVOIR PLUS<span class=\"screen-reader-text\"> Barom\u00e8tre de confiance politique &#8211; Avril 2026<\/span><span class=\"toluna-svg-iconset svg-baseline\"><svg width=\"24\" height=\"25\" viewBox=\"0 0 24 25\" fill=\"none\" xmlns=\"http:\/\/www.w3.org\/2000\/svg\"><g clip-path=\"url(#clip0_3349_8828)\"><path d=\"M7.38048 21.9288C7.87048 22.4188 8.66048 22.4188 9.15048 21.9288L17.4605 13.6187C17.8505 13.2287 17.8505 12.5988 17.4605 12.2087L9.15048 3.89875C8.66048 3.40875 7.87048 3.40875 7.38048 3.89875C6.89048 4.38875 6.89048 5.17875 7.38048 5.66875L14.6205 12.9187L7.37048 20.1688C6.89048 20.6488 6.89048 21.4488 7.38048 21.9288Z\" fill=\"#007EE2\"\/><\/g><defs><clipPath id=\"clip0_3349_8828\"><rect width=\"24\" height=\"24\" fill=\"white\" transform=\"translate(0 0.917969)\"\/><\/clipPath><\/defs><\/svg><\/span>\t\t\t\t<\/a>\n\t\t\t<\/p>\n\t\t<\/div><!-- .entry-actions -->\n\t\t<\/footer><!-- .entry-footer -->\n\t<\/div>\n<\/article>\n<article class=\"entry content-bg loop-entry post-56537 post type-post status-publish format-standard hentry category-france-fr tag-poll-2\">\n\t\t<div class=\"entry-content-wrap\">\n\t\t<header class=\"entry-header\">\n\t\t<div class=\"entry-taxonomies\">\n\t\t\t\t\t\t<span class=\"posted-on\">\n\t\t\t\t\t<svg width=\"20\" height=\"22\" viewBox=\"0 0 20 22\" fill=\"none\" xmlns=\"http:\/\/www.w3.org\/2000\/svg\"><path d=\"M18 2H17V1C17 0.45 16.55 0 16 0C15.45 0 15 0.45 15 1V2H5V1C5 0.45 4.55 0 4 0C3.45 0 3 0.45 3 1V2H2C0.9 2 0 2.9 0 4V20C0 21.1 0.9 22 2 22H18C19.1 22 20 21.1 20 20V4C20 2.9 19.1 2 18 2ZM17 20H3C2.45 20 2 19.55 2 19V7H18V19C18 19.55 17.55 20 17 20Z\" fill=\"#007EE2\"\/><\/svg>\n\t\t\t\t\t<time class=\"entry-date published\" datetime=\"2026-04-08T03:37:34+02:00\">8 Avr 2026<\/time><time class=\"updated\" datetime=\"2026-04-08T09:47:55+02:00\">8 Avr 2026<\/time>\t\t\t\t<\/span>\n\t\t\t\t<\/div><!-- .entry-taxonomies -->\n\t<h6 class=\"entry-title\"><a href=\"https:\/\/tolunacorporate.com\/fr\/lopinion-des-francais-a-legard-de-la-presidentielle-6\/\" rel=\"bookmark\">L\u2019Opinion des Fran\u00e7ais \u00e0 l\u2019\u00e9gard de la Pr\u00e9sidentielle<\/a><\/h6><\/header><!-- .entry-header -->\n<footer class=\"entry-footer\">\n\t\t\t<div class=\"entry-actions\">\n\t\t\t<p class=\"more-link-wrap\">\n\t\t\t\t<a href=\"https:\/\/tolunacorporate.com\/fr\/lopinion-des-francais-a-legard-de-la-presidentielle-6\/\" class=\"post-more-link\">\n\t\t\t\t\tEN SAVOIR PLUS<span class=\"screen-reader-text\"> L\u2019Opinion des Fran\u00e7ais \u00e0 l\u2019\u00e9gard de la Pr\u00e9sidentielle<\/span><span class=\"toluna-svg-iconset svg-baseline\"><svg width=\"24\" height=\"25\" viewBox=\"0 0 24 25\" fill=\"none\" xmlns=\"http:\/\/www.w3.org\/2000\/svg\"><g clip-path=\"url(#clip0_3349_8828)\"><path d=\"M7.38048 21.9288C7.87048 22.4188 8.66048 22.4188 9.15048 21.9288L17.4605 13.6187C17.8505 13.2287 17.8505 12.5988 17.4605 12.2087L9.15048 3.89875C8.66048 3.40875 7.87048 3.40875 7.38048 3.89875C6.89048 4.38875 6.89048 5.17875 7.38048 5.66875L14.6205 12.9187L7.37048 20.1688C6.89048 20.6488 6.89048 21.4488 7.38048 21.9288Z\" fill=\"#007EE2\"\/><\/g><defs><clipPath id=\"clip0_3349_8828\"><rect width=\"24\" height=\"24\" fill=\"white\" transform=\"translate(0 0.917969)\"\/><\/clipPath><\/defs><\/svg><\/span>\t\t\t\t<\/a>\n\t\t\t<\/p>\n\t\t<\/div><!-- .entry-actions -->\n\t\t<\/footer><!-- .entry-footer -->\n\t<\/div>\n<\/article>\n<article class=\"entry content-bg loop-entry post-56088 post type-post status-publish format-standard hentry category-france-fr tag-poll-2\">\n\t\t<div class=\"entry-content-wrap\">\n\t\t<header class=\"entry-header\">\n\t\t<div class=\"entry-taxonomies\">\n\t\t\t\t\t\t<span class=\"posted-on\">\n\t\t\t\t\t<svg width=\"20\" height=\"22\" viewBox=\"0 0 20 22\" fill=\"none\" xmlns=\"http:\/\/www.w3.org\/2000\/svg\"><path d=\"M18 2H17V1C17 0.45 16.55 0 16 0C15.45 0 15 0.45 15 1V2H5V1C5 0.45 4.55 0 4 0C3.45 0 3 0.45 3 1V2H2C0.9 2 0 2.9 0 4V20C0 21.1 0.9 22 2 22H18C19.1 22 20 21.1 20 20V4C20 2.9 19.1 2 18 2ZM17 20H3C2.45 20 2 19.55 2 19V7H18V19C18 19.55 17.55 20 17 20Z\" fill=\"#007EE2\"\/><\/svg>\n\t\t\t\t\t<time class=\"entry-date published\" datetime=\"2026-04-03T11:00:00+02:00\">3 Avr 2026<\/time><time class=\"updated\" datetime=\"2026-04-03T05:44:58+02:00\">3 Avr 2026<\/time>\t\t\t\t<\/span>\n\t\t\t\t<\/div><!-- .entry-taxonomies -->\n\t<h6 class=\"entry-title\"><a href=\"https:\/\/tolunacorporate.com\/fr\/les-francais-et-le-microbiote\/\" rel=\"bookmark\">Les Fran\u00e7ais et le microbiote\u200b<\/a><\/h6><\/header><!-- .entry-header -->\n<footer class=\"entry-footer\">\n\t\t\t<div class=\"entry-actions\">\n\t\t\t<p class=\"more-link-wrap\">\n\t\t\t\t<a href=\"https:\/\/tolunacorporate.com\/fr\/les-francais-et-le-microbiote\/\" class=\"post-more-link\">\n\t\t\t\t\tEN SAVOIR PLUS<span class=\"screen-reader-text\"> Les Fran\u00e7ais et le microbiote\u200b<\/span><span class=\"toluna-svg-iconset svg-baseline\"><svg width=\"24\" height=\"25\" viewBox=\"0 0 24 25\" fill=\"none\" xmlns=\"http:\/\/www.w3.org\/2000\/svg\"><g clip-path=\"url(#clip0_3349_8828)\"><path d=\"M7.38048 21.9288C7.87048 22.4188 8.66048 22.4188 9.15048 21.9288L17.4605 13.6187C17.8505 13.2287 17.8505 12.5988 17.4605 12.2087L9.15048 3.89875C8.66048 3.40875 7.87048 3.40875 7.38048 3.89875C6.89048 4.38875 6.89048 5.17875 7.38048 5.66875L14.6205 12.9187L7.37048 20.1688C6.89048 20.6488 6.89048 21.4488 7.38048 21.9288Z\" fill=\"#007EE2\"\/><\/g><defs><clipPath id=\"clip0_3349_8828\"><rect width=\"24\" height=\"24\" fill=\"white\" transform=\"translate(0 0.917969)\"\/><\/clipPath><\/defs><\/svg><\/span>\t\t\t\t<\/a>\n\t\t\t<\/p>\n\t\t<\/div><!-- .entry-actions -->\n\t\t<\/footer><!-- .entry-footer -->\n\t<\/div>\n<\/article>\n<article class=\"entry content-bg loop-entry post-55897 post type-post status-publish format-standard hentry category-france-fr tag-poll-2\">\n\t\t<div class=\"entry-content-wrap\">\n\t\t<header class=\"entry-header\">\n\t\t<div class=\"entry-taxonomies\">\n\t\t\t\t\t\t<span class=\"posted-on\">\n\t\t\t\t\t<svg width=\"20\" height=\"22\" viewBox=\"0 0 20 22\" fill=\"none\" xmlns=\"http:\/\/www.w3.org\/2000\/svg\"><path d=\"M18 2H17V1C17 0.45 16.55 0 16 0C15.45 0 15 0.45 15 1V2H5V1C5 0.45 4.55 0 4 0C3.45 0 3 0.45 3 1V2H2C0.9 2 0 2.9 0 4V20C0 21.1 0.9 22 2 22H18C19.1 22 20 21.1 20 20V4C20 2.9 19.1 2 18 2ZM17 20H3C2.45 20 2 19.55 2 19V7H18V19C18 19.55 17.55 20 17 20Z\" fill=\"#007EE2\"\/><\/svg>\n\t\t\t\t\t<time class=\"entry-date published\" datetime=\"2026-03-27T18:20:00+01:00\">27 Mars 2026<\/time><time class=\"updated\" datetime=\"2026-03-27T18:17:58+01:00\">27 Mars 2026<\/time>\t\t\t\t<\/span>\n\t\t\t\t<\/div><!-- .entry-taxonomies -->\n\t<h6 class=\"entry-title\"><a href=\"https:\/\/tolunacorporate.com\/fr\/barometre-de-confiance-politique-mars-2026\/\" rel=\"bookmark\">Barom\u00e8tre de confiance politique &#8211; Mars 2026<\/a><\/h6><\/header><!-- .entry-header -->\n<footer class=\"entry-footer\">\n\t\t\t<div class=\"entry-actions\">\n\t\t\t<p class=\"more-link-wrap\">\n\t\t\t\t<a href=\"https:\/\/tolunacorporate.com\/fr\/barometre-de-confiance-politique-mars-2026\/\" class=\"post-more-link\">\n\t\t\t\t\tEN SAVOIR PLUS<span class=\"screen-reader-text\"> Barom\u00e8tre de confiance politique &#8211; Mars 2026<\/span><span class=\"toluna-svg-iconset svg-baseline\"><svg width=\"24\" height=\"25\" viewBox=\"0 0 24 25\" fill=\"none\" xmlns=\"http:\/\/www.w3.org\/2000\/svg\"><g clip-path=\"url(#clip0_3349_8828)\"><path d=\"M7.38048 21.9288C7.87048 22.4188 8.66048 22.4188 9.15048 21.9288L17.4605 13.6187C17.8505 13.2287 17.8505 12.5988 17.4605 12.2087L9.15048 3.89875C8.66048 3.40875 7.87048 3.40875 7.38048 3.89875C6.89048 4.38875 6.89048 5.17875 7.38048 5.66875L14.6205 12.9187L7.37048 20.1688C6.89048 20.6488 6.89048 21.4488 7.38048 21.9288Z\" fill=\"#007EE2\"\/><\/g><defs><clipPath id=\"clip0_3349_8828\"><rect width=\"24\" height=\"24\" fill=\"white\" transform=\"translate(0 0.917969)\"\/><\/clipPath><\/defs><\/svg><\/span>\t\t\t\t<\/a>\n\t\t\t<\/p>\n\t\t<\/div><!-- .entry-actions -->\n\t\t<\/footer><!-- .entry-footer -->\n\t<\/div>\n<\/article>\n<article class=\"entry content-bg loop-entry post-55408 post type-post status-publish format-standard has-post-thumbnail hentry category-france-fr-2 tag-poll-2\">\n\t    <!-- toluna-thumbnail-ratio-1-1 -->\n\t\t<a class=\"post-thumbnail\" href=\"https:\/\/tolunacorporate.com\/fr\/le-rapport-des-adolescents-a-linformation\/\">\n\t\t\t<div class=\"post-thumbnail-inner\">\n\t\t\t\t<img decoding=\"async\" width=\"1024\" height=\"1024\" src=\"https:\/\/tolunacorporate.com\/wp-content\/uploads\/2026\/03\/Bar-Wave-30-1024x1024.png\" class=\"attachment-large size-large wp-post-image\" alt=\"Le rapport des adolescents \u00e0 l\u2019information\" srcset=\"https:\/\/tolunacorporate.com\/wp-content\/uploads\/2026\/03\/Bar-Wave-30-1024x1024.png 1024w, https:\/\/tolunacorporate.com\/wp-content\/uploads\/2026\/03\/Bar-Wave-30-300x300.png 300w, https:\/\/tolunacorporate.com\/wp-content\/uploads\/2026\/03\/Bar-Wave-30-150x150.png 150w, https:\/\/tolunacorporate.com\/wp-content\/uploads\/2026\/03\/Bar-Wave-30-768x768.png 768w, https:\/\/tolunacorporate.com\/wp-content\/uploads\/2026\/03\/Bar-Wave-30.png 1125w\" sizes=\"(max-width: 1024px) 100vw, 1024px\" style=\"width:100%;height:100%;max-width:1125px;\" \/>\t\t\t<\/div>\n\t\t<\/a><!-- .post-thumbnail -->\n\t\t\t<div class=\"entry-content-wrap\">\n\t\t<header class=\"entry-header\">\n\t\t<div class=\"entry-taxonomies\">\n\t\t\t\t\t\t<span class=\"posted-on\">\n\t\t\t\t\t<svg width=\"20\" height=\"22\" viewBox=\"0 0 20 22\" fill=\"none\" xmlns=\"http:\/\/www.w3.org\/2000\/svg\"><path d=\"M18 2H17V1C17 0.45 16.55 0 16 0C15.45 0 15 0.45 15 1V2H5V1C5 0.45 4.55 0 4 0C3.45 0 3 0.45 3 1V2H2C0.9 2 0 2.9 0 4V20C0 21.1 0.9 22 2 22H18C19.1 22 20 21.1 20 20V4C20 2.9 19.1 2 18 2ZM17 20H3C2.45 20 2 19.55 2 19V7H18V19C18 19.55 17.55 20 17 20Z\" fill=\"#007EE2\"\/><\/svg>\n\t\t\t\t\t<time class=\"entry-date published\" datetime=\"2026-03-24T17:57:12+01:00\">24 Mars 2026<\/time><time class=\"updated\" datetime=\"2026-03-27T17:31:47+01:00\">27 Mars 2026<\/time>\t\t\t\t<\/span>\n\t\t\t\t<\/div><!-- .entry-taxonomies -->\n\t<h6 class=\"entry-title\"><a href=\"https:\/\/tolunacorporate.com\/fr\/le-rapport-des-adolescents-a-linformation\/\" rel=\"bookmark\">Le rapport des adolescents \u00e0 l\u2019information<\/a><\/h6><\/header><!-- .entry-header -->\n<footer class=\"entry-footer\">\n\t\t\t<div class=\"entry-actions\">\n\t\t\t<p class=\"more-link-wrap\">\n\t\t\t\t<a href=\"https:\/\/tolunacorporate.com\/fr\/le-rapport-des-adolescents-a-linformation\/\" class=\"post-more-link\">\n\t\t\t\t\tEN SAVOIR PLUS<span class=\"screen-reader-text\"> Le rapport des adolescents \u00e0 l\u2019information<\/span><span class=\"toluna-svg-iconset svg-baseline\"><svg width=\"24\" height=\"25\" viewBox=\"0 0 24 25\" fill=\"none\" xmlns=\"http:\/\/www.w3.org\/2000\/svg\"><g clip-path=\"url(#clip0_3349_8828)\"><path d=\"M7.38048 21.9288C7.87048 22.4188 8.66048 22.4188 9.15048 21.9288L17.4605 13.6187C17.8505 13.2287 17.8505 12.5988 17.4605 12.2087L9.15048 3.89875C8.66048 3.40875 7.87048 3.40875 7.38048 3.89875C6.89048 4.38875 6.89048 5.17875 7.38048 5.66875L14.6205 12.9187L7.37048 20.1688C6.89048 20.6488 6.89048 21.4488 7.38048 21.9288Z\" fill=\"#007EE2\"\/><\/g><defs><clipPath id=\"clip0_3349_8828\"><rect width=\"24\" height=\"24\" fill=\"white\" transform=\"translate(0 0.917969)\"\/><\/clipPath><\/defs><\/svg><\/span>\t\t\t\t<\/a>\n\t\t\t<\/p>\n\t\t<\/div><!-- .entry-actions -->\n\t\t<\/footer><!-- .entry-footer -->\n\t<\/div>\n<\/article>\n<article class=\"entry content-bg loop-entry post-55321 post type-post status-publish format-standard hentry category-france-fr tag-poll-2\">\n\t\t<div class=\"entry-content-wrap\">\n\t\t<header class=\"entry-header\">\n\t\t<div class=\"entry-taxonomies\">\n\t\t\t\t\t\t<span class=\"posted-on\">\n\t\t\t\t\t<svg width=\"20\" height=\"22\" viewBox=\"0 0 20 22\" fill=\"none\" xmlns=\"http:\/\/www.w3.org\/2000\/svg\"><path d=\"M18 2H17V1C17 0.45 16.55 0 16 0C15.45 0 15 0.45 15 1V2H5V1C5 0.45 4.55 0 4 0C3.45 0 3 0.45 3 1V2H2C0.9 2 0 2.9 0 4V20C0 21.1 0.9 22 2 22H18C19.1 22 20 21.1 20 20V4C20 2.9 19.1 2 18 2ZM17 20H3C2.45 20 2 19.55 2 19V7H18V19C18 19.55 17.55 20 17 20Z\" fill=\"#007EE2\"\/><\/svg>\n\t\t\t\t\t<time class=\"entry-date published\" datetime=\"2026-03-22T22:00:26+01:00\">22 Mars 2026<\/time><time class=\"updated\" datetime=\"2026-03-22T22:26:12+01:00\">22 Mars 2026<\/time>\t\t\t\t<\/span>\n\t\t\t\t<\/div><!-- .entry-taxonomies -->\n\t<h6 class=\"entry-title\"><a href=\"https:\/\/tolunacorporate.com\/fr\/municipales-2026-intentions-de-vote-a-la-presidentielle-2027\/\" rel=\"bookmark\">Municipales 2026 : Intentions de vote \u00e0 la pr\u00e9sidentielle 2027<\/a><\/h6><\/header><!-- .entry-header -->\n<footer class=\"entry-footer\">\n\t\t\t<div class=\"entry-actions\">\n\t\t\t<p class=\"more-link-wrap\">\n\t\t\t\t<a href=\"https:\/\/tolunacorporate.com\/fr\/municipales-2026-intentions-de-vote-a-la-presidentielle-2027\/\" class=\"post-more-link\">\n\t\t\t\t\tEN SAVOIR PLUS<span class=\"screen-reader-text\"> Municipales 2026 : Intentions de vote \u00e0 la pr\u00e9sidentielle 2027<\/span><span class=\"toluna-svg-iconset svg-baseline\"><svg width=\"24\" height=\"25\" viewBox=\"0 0 24 25\" fill=\"none\" xmlns=\"http:\/\/www.w3.org\/2000\/svg\"><g clip-path=\"url(#clip0_3349_8828)\"><path d=\"M7.38048 21.9288C7.87048 22.4188 8.66048 22.4188 9.15048 21.9288L17.4605 13.6187C17.8505 13.2287 17.8505 12.5988 17.4605 12.2087L9.15048 3.89875C8.66048 3.40875 7.87048 3.40875 7.38048 3.89875C6.89048 4.38875 6.89048 5.17875 7.38048 5.66875L14.6205 12.9187L7.37048 20.1688C6.89048 20.6488 6.89048 21.4488 7.38048 21.9288Z\" fill=\"#007EE2\"\/><\/g><defs><clipPath id=\"clip0_3349_8828\"><rect width=\"24\" height=\"24\" fill=\"white\" transform=\"translate(0 0.917969)\"\/><\/clipPath><\/defs><\/svg><\/span>\t\t\t\t<\/a>\n\t\t\t<\/p>\n\t\t<\/div><!-- .entry-actions -->\n\t\t<\/footer><!-- .entry-footer -->\n\t<\/div>\n<\/article>\n<article class=\"entry content-bg loop-entry post-55309 post type-post status-publish format-standard hentry category-france-fr tag-poll-2\">\n\t\t<div class=\"entry-content-wrap\">\n\t\t<header class=\"entry-header\">\n\t\t<div class=\"entry-taxonomies\">\n\t\t\t\t\t\t<span class=\"posted-on\">\n\t\t\t\t\t<svg width=\"20\" height=\"22\" viewBox=\"0 0 20 22\" fill=\"none\" xmlns=\"http:\/\/www.w3.org\/2000\/svg\"><path d=\"M18 2H17V1C17 0.45 16.55 0 16 0C15.45 0 15 0.45 15 1V2H5V1C5 0.45 4.55 0 4 0C3.45 0 3 0.45 3 1V2H2C0.9 2 0 2.9 0 4V20C0 21.1 0.9 22 2 22H18C19.1 22 20 21.1 20 20V4C20 2.9 19.1 2 18 2ZM17 20H3C2.45 20 2 19.55 2 19V7H18V19C18 19.55 17.55 20 17 20Z\" fill=\"#007EE2\"\/><\/svg>\n\t\t\t\t\t<time class=\"entry-date published\" datetime=\"2026-03-22T21:29:31+01:00\">22 Mars 2026<\/time><time class=\"updated\" datetime=\"2026-03-26T15:30:28+01:00\">26 Mars 2026<\/time>\t\t\t\t<\/span>\n\t\t\t\t<\/div><!-- .entry-taxonomies -->\n\t<h6 class=\"entry-title\"><a href=\"https:\/\/tolunacorporate.com\/fr\/municipales-2026-sondage-soir-du-vote\/\" rel=\"bookmark\">Municipales 2026 : Sondage Soir du vote<\/a><\/h6><\/header><!-- .entry-header -->\n<footer class=\"entry-footer\">\n\t\t\t<div class=\"entry-actions\">\n\t\t\t<p class=\"more-link-wrap\">\n\t\t\t\t<a href=\"https:\/\/tolunacorporate.com\/fr\/municipales-2026-sondage-soir-du-vote\/\" class=\"post-more-link\">\n\t\t\t\t\tEN SAVOIR PLUS<span class=\"screen-reader-text\"> Municipales 2026 : Sondage Soir du vote<\/span><span class=\"toluna-svg-iconset svg-baseline\"><svg width=\"24\" height=\"25\" viewBox=\"0 0 24 25\" fill=\"none\" xmlns=\"http:\/\/www.w3.org\/2000\/svg\"><g clip-path=\"url(#clip0_3349_8828)\"><path d=\"M7.38048 21.9288C7.87048 22.4188 8.66048 22.4188 9.15048 21.9288L17.4605 13.6187C17.8505 13.2287 17.8505 12.5988 17.4605 12.2087L9.15048 3.89875C8.66048 3.40875 7.87048 3.40875 7.38048 3.89875C6.89048 4.38875 6.89048 5.17875 7.38048 5.66875L14.6205 12.9187L7.37048 20.1688C6.89048 20.6488 6.89048 21.4488 7.38048 21.9288Z\" fill=\"#007EE2\"\/><\/g><defs><clipPath id=\"clip0_3349_8828\"><rect width=\"24\" height=\"24\" fill=\"white\" transform=\"translate(0 0.917969)\"\/><\/clipPath><\/defs><\/svg><\/span>\t\t\t\t<\/a>\n\t\t\t<\/p>\n\t\t<\/div><!-- .entry-actions -->\n\t\t<\/footer><!-- .entry-footer -->\n\t<\/div>\n<\/article>\n<article class=\"entry content-bg loop-entry post-55268 post type-post status-publish format-standard has-post-thumbnail hentry category-france-fr tag-poll-2\">\n\t    <!-- toluna-thumbnail-ratio-1-1 -->\n\t\t<a class=\"post-thumbnail\" href=\"https:\/\/tolunacorporate.com\/fr\/les-enfants-et-leducation-financiere-vague-8\/\">\n\t\t\t<div class=\"post-thumbnail-inner\">\n\t\t\t\t<img decoding=\"async\" width=\"1006\" height=\"1024\" src=\"https:\/\/tolunacorporate.com\/wp-content\/uploads\/2025\/05\/Les-enfants-et-leducation-financiere-\u2013-Vague-6-1006x1024.jpg\" class=\"attachment-large size-large wp-post-image\" alt=\"Les enfants et l\u2019\u00e9ducation financi\u00e8re\u200b &#8211; Vague 8\" srcset=\"https:\/\/tolunacorporate.com\/wp-content\/uploads\/2025\/05\/Les-enfants-et-leducation-financiere-\u2013-Vague-6-1006x1024.jpg 1006w, https:\/\/tolunacorporate.com\/wp-content\/uploads\/2025\/05\/Les-enfants-et-leducation-financiere-\u2013-Vague-6-295x300.jpg 295w, https:\/\/tolunacorporate.com\/wp-content\/uploads\/2025\/05\/Les-enfants-et-leducation-financiere-\u2013-Vague-6-768x782.jpg 768w, https:\/\/tolunacorporate.com\/wp-content\/uploads\/2025\/05\/Les-enfants-et-leducation-financiere-\u2013-Vague-6.jpg 1509w\" sizes=\"(max-width: 1006px) 100vw, 1006px\" style=\"width:100%;height:101.79%;max-width:1509px;\" \/>\t\t\t<\/div>\n\t\t<\/a><!-- .post-thumbnail -->\n\t\t\t<div class=\"entry-content-wrap\">\n\t\t<header class=\"entry-header\">\n\t\t<div class=\"entry-taxonomies\">\n\t\t\t\t\t\t<span class=\"posted-on\">\n\t\t\t\t\t<svg width=\"20\" height=\"22\" viewBox=\"0 0 20 22\" fill=\"none\" xmlns=\"http:\/\/www.w3.org\/2000\/svg\"><path d=\"M18 2H17V1C17 0.45 16.55 0 16 0C15.45 0 15 0.45 15 1V2H5V1C5 0.45 4.55 0 4 0C3.45 0 3 0.45 3 1V2H2C0.9 2 0 2.9 0 4V20C0 21.1 0.9 22 2 22H18C19.1 22 20 21.1 20 20V4C20 2.9 19.1 2 18 2ZM17 20H3C2.45 20 2 19.55 2 19V7H18V19C18 19.55 17.55 20 17 20Z\" fill=\"#007EE2\"\/><\/svg>\n\t\t\t\t\t<time class=\"entry-date published\" datetime=\"2026-03-18T17:37:17+01:00\">18 Mars 2026<\/time><time class=\"updated\" datetime=\"2026-03-18T17:37:19+01:00\">18 Mars 2026<\/time>\t\t\t\t<\/span>\n\t\t\t\t<\/div><!-- .entry-taxonomies -->\n\t<h6 class=\"entry-title\"><a href=\"https:\/\/tolunacorporate.com\/fr\/les-enfants-et-leducation-financiere-vague-8\/\" rel=\"bookmark\">Les enfants et l\u2019\u00e9ducation financi\u00e8re\u200b &#8211; Vague 8<\/a><\/h6><\/header><!-- .entry-header -->\n<footer class=\"entry-footer\">\n\t\t\t<div class=\"entry-actions\">\n\t\t\t<p class=\"more-link-wrap\">\n\t\t\t\t<a href=\"https:\/\/tolunacorporate.com\/fr\/les-enfants-et-leducation-financiere-vague-8\/\" class=\"post-more-link\">\n\t\t\t\t\tEN SAVOIR PLUS<span class=\"screen-reader-text\"> Les enfants et l\u2019\u00e9ducation financi\u00e8re\u200b &#8211; Vague 8<\/span><span class=\"toluna-svg-iconset svg-baseline\"><svg width=\"24\" height=\"25\" viewBox=\"0 0 24 25\" fill=\"none\" xmlns=\"http:\/\/www.w3.org\/2000\/svg\"><g clip-path=\"url(#clip0_3349_8828)\"><path d=\"M7.38048 21.9288C7.87048 22.4188 8.66048 22.4188 9.15048 21.9288L17.4605 13.6187C17.8505 13.2287 17.8505 12.5988 17.4605 12.2087L9.15048 3.89875C8.66048 3.40875 7.87048 3.40875 7.38048 3.89875C6.89048 4.38875 6.89048 5.17875 7.38048 5.66875L14.6205 12.9187L7.37048 20.1688C6.89048 20.6488 6.89048 21.4488 7.38048 21.9288Z\" fill=\"#007EE2\"\/><\/g><defs><clipPath id=\"clip0_3349_8828\"><rect width=\"24\" height=\"24\" fill=\"white\" transform=\"translate(0 0.917969)\"\/><\/clipPath><\/defs><\/svg><\/span>\t\t\t\t<\/a>\n\t\t\t<\/p>\n\t\t<\/div><!-- .entry-actions -->\n\t\t<\/footer><!-- .entry-footer -->\n\t<\/div>\n<\/article>\n<article class=\"entry content-bg loop-entry post-55129 post type-post status-publish format-standard has-post-thumbnail hentry category-france-fr-2 tag-poll-2\">\n\t    <!-- toluna-thumbnail-ratio-1-1 -->\n\t\t<a class=\"post-thumbnail\" href=\"https:\/\/tolunacorporate.com\/fr\/les-francais-et-les-alliances-a-gauche-au-2nd-tour-des-elections-municipales\/\">\n\t\t\t<div class=\"post-thumbnail-inner\">\n\t\t\t\t<img decoding=\"async\" width=\"293\" height=\"294\" src=\"https:\/\/tolunacorporate.com\/wp-content\/uploads\/2026\/03\/Barometre-de-confiance-politique-\u2013-Mai-2025.png.webp\" class=\"attachment-large size-large wp-post-image\" alt=\"Les Fran\u00e7ais et les alliances \u00e0 gauche au 2nd tour des \u00e9lections municipales\u200b\" srcset=\"https:\/\/tolunacorporate.com\/wp-content\/uploads\/2026\/03\/Barometre-de-confiance-politique-\u2013-Mai-2025.png.webp 293w, https:\/\/tolunacorporate.com\/wp-content\/uploads\/2026\/03\/Barometre-de-confiance-politique-\u2013-Mai-2025.png-150x150.webp 150w\" sizes=\"(max-width: 293px) 100vw, 293px\" style=\"width:100%;height:100.34%;max-width:293px;\" \/>\t\t\t<\/div>\n\t\t<\/a><!-- .post-thumbnail -->\n\t\t\t<div class=\"entry-content-wrap\">\n\t\t<header class=\"entry-header\">\n\t\t<div class=\"entry-taxonomies\">\n\t\t\t\t\t\t<span class=\"posted-on\">\n\t\t\t\t\t<svg width=\"20\" height=\"22\" viewBox=\"0 0 20 22\" fill=\"none\" xmlns=\"http:\/\/www.w3.org\/2000\/svg\"><path d=\"M18 2H17V1C17 0.45 16.55 0 16 0C15.45 0 15 0.45 15 1V2H5V1C5 0.45 4.55 0 4 0C3.45 0 3 0.45 3 1V2H2C0.9 2 0 2.9 0 4V20C0 21.1 0.9 22 2 22H18C19.1 22 20 21.1 20 20V4C20 2.9 19.1 2 18 2ZM17 20H3C2.45 20 2 19.55 2 19V7H18V19C18 19.55 17.55 20 17 20Z\" fill=\"#007EE2\"\/><\/svg>\n\t\t\t\t\t<time class=\"entry-date published\" datetime=\"2026-03-17T19:46:42+01:00\">17 Mars 2026<\/time><time class=\"updated\" datetime=\"2026-03-17T20:00:16+01:00\">17 Mars 2026<\/time>\t\t\t\t<\/span>\n\t\t\t\t<\/div><!-- .entry-taxonomies -->\n\t<h6 class=\"entry-title\"><a href=\"https:\/\/tolunacorporate.com\/fr\/les-francais-et-les-alliances-a-gauche-au-2nd-tour-des-elections-municipales\/\" rel=\"bookmark\">Les Fran\u00e7ais et les alliances \u00e0 gauche au 2nd tour des \u00e9lections municipales\u200b<\/a><\/h6><\/header><!-- .entry-header -->\n<footer class=\"entry-footer\">\n\t\t\t<div class=\"entry-actions\">\n\t\t\t<p class=\"more-link-wrap\">\n\t\t\t\t<a href=\"https:\/\/tolunacorporate.com\/fr\/les-francais-et-les-alliances-a-gauche-au-2nd-tour-des-elections-municipales\/\" class=\"post-more-link\">\n\t\t\t\t\tEN SAVOIR PLUS<span class=\"screen-reader-text\"> Les Fran\u00e7ais et les alliances \u00e0 gauche au 2nd tour des \u00e9lections municipales\u200b<\/span><span class=\"toluna-svg-iconset svg-baseline\"><svg width=\"24\" height=\"25\" viewBox=\"0 0 24 25\" fill=\"none\" xmlns=\"http:\/\/www.w3.org\/2000\/svg\"><g clip-path=\"url(#clip0_3349_8828)\"><path d=\"M7.38048 21.9288C7.87048 22.4188 8.66048 22.4188 9.15048 21.9288L17.4605 13.6187C17.8505 13.2287 17.8505 12.5988 17.4605 12.2087L9.15048 3.89875C8.66048 3.40875 7.87048 3.40875 7.38048 3.89875C6.89048 4.38875 6.89048 5.17875 7.38048 5.66875L14.6205 12.9187L7.37048 20.1688C6.89048 20.6488 6.89048 21.4488 7.38048 21.9288Z\" fill=\"#007EE2\"\/><\/g><defs><clipPath id=\"clip0_3349_8828\"><rect width=\"24\" height=\"24\" fill=\"white\" transform=\"translate(0 0.917969)\"\/><\/clipPath><\/defs><\/svg><\/span>\t\t\t\t<\/a>\n\t\t\t<\/p>\n\t\t<\/div><!-- .entry-actions -->\n\t\t<\/footer><!-- .entry-footer -->\n\t<\/div>\n<\/article>\n<article class=\"entry content-bg loop-entry post-54997 post type-post status-publish format-standard hentry category-france-fr tag-poll-2\">\n\t\t<div class=\"entry-content-wrap\">\n\t\t<header class=\"entry-header\">\n\t\t<div class=\"entry-taxonomies\">\n\t\t\t\t\t\t<span class=\"posted-on\">\n\t\t\t\t\t<svg width=\"20\" height=\"22\" viewBox=\"0 0 20 22\" fill=\"none\" xmlns=\"http:\/\/www.w3.org\/2000\/svg\"><path d=\"M18 2H17V1C17 0.45 16.55 0 16 0C15.45 0 15 0.45 15 1V2H5V1C5 0.45 4.55 0 4 0C3.45 0 3 0.45 3 1V2H2C0.9 2 0 2.9 0 4V20C0 21.1 0.9 22 2 22H18C19.1 22 20 21.1 20 20V4C20 2.9 19.1 2 18 2ZM17 20H3C2.45 20 2 19.55 2 19V7H18V19C18 19.55 17.55 20 17 20Z\" fill=\"#007EE2\"\/><\/svg>\n\t\t\t\t\t<time class=\"entry-date published\" datetime=\"2026-03-15T21:40:00+01:00\">15 Mars 2026<\/time><time class=\"updated\" datetime=\"2026-03-17T16:14:35+01:00\">17 Mars 2026<\/time>\t\t\t\t<\/span>\n\t\t\t\t<\/div><!-- .entry-taxonomies -->\n\t<h6 class=\"entry-title\"><a href=\"https:\/\/tolunacorporate.com\/fr\/municipales-2026-sondage-sociologie-du-vote\/\" rel=\"bookmark\">Municipales 2026 : sondage Sociologie du Vote<\/a><\/h6><\/header><!-- .entry-header -->\n<footer class=\"entry-footer\">\n\t\t\t<div class=\"entry-actions\">\n\t\t\t<p class=\"more-link-wrap\">\n\t\t\t\t<a href=\"https:\/\/tolunacorporate.com\/fr\/municipales-2026-sondage-sociologie-du-vote\/\" class=\"post-more-link\">\n\t\t\t\t\tEN SAVOIR PLUS<span class=\"screen-reader-text\"> Municipales 2026 : sondage Sociologie du Vote<\/span><span class=\"toluna-svg-iconset svg-baseline\"><svg width=\"24\" height=\"25\" viewBox=\"0 0 24 25\" fill=\"none\" xmlns=\"http:\/\/www.w3.org\/2000\/svg\"><g clip-path=\"url(#clip0_3349_8828)\"><path d=\"M7.38048 21.9288C7.87048 22.4188 8.66048 22.4188 9.15048 21.9288L17.4605 13.6187C17.8505 13.2287 17.8505 12.5988 17.4605 12.2087L9.15048 3.89875C8.66048 3.40875 7.87048 3.40875 7.38048 3.89875C6.89048 4.38875 6.89048 5.17875 7.38048 5.66875L14.6205 12.9187L7.37048 20.1688C6.89048 20.6488 6.89048 21.4488 7.38048 21.9288Z\" fill=\"#007EE2\"\/><\/g><defs><clipPath id=\"clip0_3349_8828\"><rect width=\"24\" height=\"24\" fill=\"white\" transform=\"translate(0 0.917969)\"\/><\/clipPath><\/defs><\/svg><\/span>\t\t\t\t<\/a>\n\t\t\t<\/p>\n\t\t<\/div><!-- .entry-actions -->\n\t\t<\/footer><!-- .entry-footer -->\n\t<\/div>\n<\/article>\n<article class=\"entry content-bg loop-entry post-54994 post type-post status-publish format-standard hentry category-france-fr tag-poll-2\">\n\t\t<div class=\"entry-content-wrap\">\n\t\t<header class=\"entry-header\">\n\t\t<div class=\"entry-taxonomies\">\n\t\t\t\t\t\t<span class=\"posted-on\">\n\t\t\t\t\t<svg width=\"20\" height=\"22\" viewBox=\"0 0 20 22\" fill=\"none\" xmlns=\"http:\/\/www.w3.org\/2000\/svg\"><path d=\"M18 2H17V1C17 0.45 16.55 0 16 0C15.45 0 15 0.45 15 1V2H5V1C5 0.45 4.55 0 4 0C3.45 0 3 0.45 3 1V2H2C0.9 2 0 2.9 0 4V20C0 21.1 0.9 22 2 22H18C19.1 22 20 21.1 20 20V4C20 2.9 19.1 2 18 2ZM17 20H3C2.45 20 2 19.55 2 19V7H18V19C18 19.55 17.55 20 17 20Z\" fill=\"#007EE2\"\/><\/svg>\n\t\t\t\t\t<time class=\"entry-date published\" datetime=\"2026-03-15T20:30:00+01:00\">15 Mars 2026<\/time><time class=\"updated\" datetime=\"2026-03-18T17:05:04+01:00\">18 Mars 2026<\/time>\t\t\t\t<\/span>\n\t\t\t\t<\/div><!-- .entry-taxonomies -->\n\t<h6 class=\"entry-title\"><a href=\"https:\/\/tolunacorporate.com\/fr\/municipales-2026-sondage-jour-du-vote\/\" rel=\"bookmark\">Municipales 2026 : sondage Jour du Vote, 1er Tour<\/a><\/h6><\/header><!-- .entry-header -->\n<footer class=\"entry-footer\">\n\t\t\t<div class=\"entry-actions\">\n\t\t\t<p class=\"more-link-wrap\">\n\t\t\t\t<a href=\"https:\/\/tolunacorporate.com\/fr\/municipales-2026-sondage-jour-du-vote\/\" class=\"post-more-link\">\n\t\t\t\t\tEN SAVOIR PLUS<span class=\"screen-reader-text\"> Municipales 2026 : sondage Jour du Vote, 1er Tour<\/span><span class=\"toluna-svg-iconset svg-baseline\"><svg width=\"24\" height=\"25\" viewBox=\"0 0 24 25\" fill=\"none\" xmlns=\"http:\/\/www.w3.org\/2000\/svg\"><g clip-path=\"url(#clip0_3349_8828)\"><path d=\"M7.38048 21.9288C7.87048 22.4188 8.66048 22.4188 9.15048 21.9288L17.4605 13.6187C17.8505 13.2287 17.8505 12.5988 17.4605 12.2087L9.15048 3.89875C8.66048 3.40875 7.87048 3.40875 7.38048 3.89875C6.89048 4.38875 6.89048 5.17875 7.38048 5.66875L14.6205 12.9187L7.37048 20.1688C6.89048 20.6488 6.89048 21.4488 7.38048 21.9288Z\" fill=\"#007EE2\"\/><\/g><defs><clipPath id=\"clip0_3349_8828\"><rect width=\"24\" height=\"24\" fill=\"white\" transform=\"translate(0 0.917969)\"\/><\/clipPath><\/defs><\/svg><\/span>\t\t\t\t<\/a>\n\t\t\t<\/p>\n\t\t<\/div><!-- .entry-actions -->\n\t\t<\/footer><!-- .entry-footer -->\n\t<\/div>\n<\/article>\n<article class=\"entry content-bg loop-entry post-54894 post type-post status-publish format-standard has-post-thumbnail hentry category-france-fr tag-poll-2\">\n\t    <!-- toluna-thumbnail-ratio-1-1 -->\n\t\t<a class=\"post-thumbnail\" href=\"https:\/\/tolunacorporate.com\/fr\/les-francais-et-les-elections-municipales-2\/\">\n\t\t\t<div class=\"post-thumbnail-inner\">\n\t\t\t\t<img decoding=\"async\" width=\"293\" height=\"294\" src=\"https:\/\/tolunacorporate.com\/wp-content\/uploads\/2025\/09\/Barometre-de-confiance-politique-\u2013-Mai-2025.png.webp\" class=\"attachment-large size-large wp-post-image\" alt=\"Les Fran\u00e7ais et\u00a0les \u00e9lections municipales\u200b\u00a0\" srcset=\"https:\/\/tolunacorporate.com\/wp-content\/uploads\/2025\/09\/Barometre-de-confiance-politique-\u2013-Mai-2025.png.webp 293w, https:\/\/tolunacorporate.com\/wp-content\/uploads\/2025\/09\/Barometre-de-confiance-politique-\u2013-Mai-2025.png-150x150.webp 150w\" sizes=\"(max-width: 293px) 100vw, 293px\" style=\"width:100%;height:100.34%;max-width:293px;\" \/>\t\t\t<\/div>\n\t\t<\/a><!-- .post-thumbnail -->\n\t\t\t<div class=\"entry-content-wrap\">\n\t\t<header class=\"entry-header\">\n\t\t<div class=\"entry-taxonomies\">\n\t\t\t\t\t\t<span class=\"posted-on\">\n\t\t\t\t\t<svg width=\"20\" height=\"22\" viewBox=\"0 0 20 22\" fill=\"none\" xmlns=\"http:\/\/www.w3.org\/2000\/svg\"><path d=\"M18 2H17V1C17 0.45 16.55 0 16 0C15.45 0 15 0.45 15 1V2H5V1C5 0.45 4.55 0 4 0C3.45 0 3 0.45 3 1V2H2C0.9 2 0 2.9 0 4V20C0 21.1 0.9 22 2 22H18C19.1 22 20 21.1 20 20V4C20 2.9 19.1 2 18 2ZM17 20H3C2.45 20 2 19.55 2 19V7H18V19C18 19.55 17.55 20 17 20Z\" fill=\"#007EE2\"\/><\/svg>\n\t\t\t\t\t<time class=\"entry-date published\" datetime=\"2026-03-13T11:48:37+01:00\">13 Mars 2026<\/time><time class=\"updated\" datetime=\"2026-03-13T11:48:39+01:00\">13 Mars 2026<\/time>\t\t\t\t<\/span>\n\t\t\t\t<\/div><!-- .entry-taxonomies -->\n\t<h6 class=\"entry-title\"><a href=\"https:\/\/tolunacorporate.com\/fr\/les-francais-et-les-elections-municipales-2\/\" rel=\"bookmark\">Les Fran\u00e7ais et\u00a0les \u00e9lections municipales\u200b\u00a0<\/a><\/h6><\/header><!-- .entry-header -->\n<footer class=\"entry-footer\">\n\t\t\t<div class=\"entry-actions\">\n\t\t\t<p class=\"more-link-wrap\">\n\t\t\t\t<a href=\"https:\/\/tolunacorporate.com\/fr\/les-francais-et-les-elections-municipales-2\/\" class=\"post-more-link\">\n\t\t\t\t\tEN SAVOIR PLUS<span class=\"screen-reader-text\"> Les Fran\u00e7ais et\u00a0les \u00e9lections municipales\u200b\u00a0<\/span><span class=\"toluna-svg-iconset svg-baseline\"><svg width=\"24\" height=\"25\" viewBox=\"0 0 24 25\" fill=\"none\" xmlns=\"http:\/\/www.w3.org\/2000\/svg\"><g clip-path=\"url(#clip0_3349_8828)\"><path d=\"M7.38048 21.9288C7.87048 22.4188 8.66048 22.4188 9.15048 21.9288L17.4605 13.6187C17.8505 13.2287 17.8505 12.5988 17.4605 12.2087L9.15048 3.89875C8.66048 3.40875 7.87048 3.40875 7.38048 3.89875C6.89048 4.38875 6.89048 5.17875 7.38048 5.66875L14.6205 12.9187L7.37048 20.1688C6.89048 20.6488 6.89048 21.4488 7.38048 21.9288Z\" fill=\"#007EE2\"\/><\/g><defs><clipPath id=\"clip0_3349_8828\"><rect width=\"24\" height=\"24\" fill=\"white\" transform=\"translate(0 0.917969)\"\/><\/clipPath><\/defs><\/svg><\/span>\t\t\t\t<\/a>\n\t\t\t<\/p>\n\t\t<\/div><!-- .entry-actions -->\n\t\t<\/footer><!-- .entry-footer -->\n\t<\/div>\n<\/article>\n<article class=\"entry content-bg loop-entry post-54643 post type-post status-publish format-standard has-post-thumbnail hentry category-france-fr tag-poll-2\">\n\t    <!-- toluna-thumbnail-ratio-1-1 -->\n\t\t<a class=\"post-thumbnail\" href=\"https:\/\/tolunacorporate.com\/fr\/les-francais-et-linfertilite\/\">\n\t\t\t<div class=\"post-thumbnail-inner\">\n\t\t\t\t<img decoding=\"async\" width=\"1024\" height=\"1024\" src=\"https:\/\/tolunacorporate.com\/wp-content\/uploads\/2026\/03\/pexels-tima-miroshnichenko-6463626-1024x1024.jpg\" class=\"attachment-large size-large wp-post-image\" alt=\"Les Fran\u00e7ais et l\u2019infertilit\u00e9\u200b\" srcset=\"https:\/\/tolunacorporate.com\/wp-content\/uploads\/2026\/03\/pexels-tima-miroshnichenko-6463626-1024x1024.jpg 1024w, https:\/\/tolunacorporate.com\/wp-content\/uploads\/2026\/03\/pexels-tima-miroshnichenko-6463626-300x300.jpg 300w, https:\/\/tolunacorporate.com\/wp-content\/uploads\/2026\/03\/pexels-tima-miroshnichenko-6463626-150x150.jpg 150w, https:\/\/tolunacorporate.com\/wp-content\/uploads\/2026\/03\/pexels-tima-miroshnichenko-6463626-768x768.jpg 768w, https:\/\/tolunacorporate.com\/wp-content\/uploads\/2026\/03\/pexels-tima-miroshnichenko-6463626-1536x1536.jpg 1536w, https:\/\/tolunacorporate.com\/wp-content\/uploads\/2026\/03\/pexels-tima-miroshnichenko-6463626-2048x2048.jpg 2048w\" sizes=\"(max-width: 1024px) 100vw, 1024px\" style=\"width:100%;height:100%;max-width:2560px;\" \/>\t\t\t<\/div>\n\t\t<\/a><!-- .post-thumbnail -->\n\t\t\t<div class=\"entry-content-wrap\">\n\t\t<header class=\"entry-header\">\n\t\t<div class=\"entry-taxonomies\">\n\t\t\t\t\t\t<span class=\"posted-on\">\n\t\t\t\t\t<svg width=\"20\" height=\"22\" viewBox=\"0 0 20 22\" fill=\"none\" xmlns=\"http:\/\/www.w3.org\/2000\/svg\"><path d=\"M18 2H17V1C17 0.45 16.55 0 16 0C15.45 0 15 0.45 15 1V2H5V1C5 0.45 4.55 0 4 0C3.45 0 3 0.45 3 1V2H2C0.9 2 0 2.9 0 4V20C0 21.1 0.9 22 2 22H18C19.1 22 20 21.1 20 20V4C20 2.9 19.1 2 18 2ZM17 20H3C2.45 20 2 19.55 2 19V7H18V19C18 19.55 17.55 20 17 20Z\" fill=\"#007EE2\"\/><\/svg>\n\t\t\t\t\t<time class=\"entry-date published\" datetime=\"2026-03-06T11:40:00+01:00\">6 Mars 2026<\/time><time class=\"updated\" datetime=\"2026-03-06T11:27:42+01:00\">6 Mars 2026<\/time>\t\t\t\t<\/span>\n\t\t\t\t<\/div><!-- .entry-taxonomies -->\n\t<h6 class=\"entry-title\"><a href=\"https:\/\/tolunacorporate.com\/fr\/les-francais-et-linfertilite\/\" rel=\"bookmark\">Les Fran\u00e7ais et l\u2019infertilit\u00e9\u200b<\/a><\/h6><\/header><!-- .entry-header -->\n<footer class=\"entry-footer\">\n\t\t\t<div class=\"entry-actions\">\n\t\t\t<p class=\"more-link-wrap\">\n\t\t\t\t<a href=\"https:\/\/tolunacorporate.com\/fr\/les-francais-et-linfertilite\/\" class=\"post-more-link\">\n\t\t\t\t\tEN SAVOIR PLUS<span class=\"screen-reader-text\"> Les Fran\u00e7ais et l\u2019infertilit\u00e9\u200b<\/span><span class=\"toluna-svg-iconset svg-baseline\"><svg width=\"24\" height=\"25\" viewBox=\"0 0 24 25\" fill=\"none\" xmlns=\"http:\/\/www.w3.org\/2000\/svg\"><g clip-path=\"url(#clip0_3349_8828)\"><path d=\"M7.38048 21.9288C7.87048 22.4188 8.66048 22.4188 9.15048 21.9288L17.4605 13.6187C17.8505 13.2287 17.8505 12.5988 17.4605 12.2087L9.15048 3.89875C8.66048 3.40875 7.87048 3.40875 7.38048 3.89875C6.89048 4.38875 6.89048 5.17875 7.38048 5.66875L14.6205 12.9187L7.37048 20.1688C6.89048 20.6488 6.89048 21.4488 7.38048 21.9288Z\" fill=\"#007EE2\"\/><\/g><defs><clipPath id=\"clip0_3349_8828\"><rect width=\"24\" height=\"24\" fill=\"white\" transform=\"translate(0 0.917969)\"\/><\/clipPath><\/defs><\/svg><\/span>\t\t\t\t<\/a>\n\t\t\t<\/p>\n\t\t<\/div><!-- .entry-actions -->\n\t\t<\/footer><!-- .entry-footer -->\n\t<\/div>\n<\/article>\n<article class=\"entry content-bg loop-entry post-54274 post type-post status-publish format-standard has-post-thumbnail hentry category-asia-pacific-fr category-france-fr tag-poll-2\">\n\t    <!-- toluna-thumbnail-ratio-1-1 -->\n\t\t<a class=\"post-thumbnail\" href=\"https:\/\/tolunacorporate.com\/fr\/barometre-de-confiance-politique-fevrier-2026\/\">\n\t\t\t<div class=\"post-thumbnail-inner\">\n\t\t\t\t<img decoding=\"async\" width=\"293\" height=\"294\" src=\"https:\/\/tolunacorporate.com\/wp-content\/uploads\/2025\/09\/Barometre-de-confiance-politique-\u2013-Mai-2025.png.webp\" class=\"attachment-large size-large wp-post-image\" alt=\"Barom\u00e8tre de confiance politique &#8211; F\u00e9vrier 2026\" srcset=\"https:\/\/tolunacorporate.com\/wp-content\/uploads\/2025\/09\/Barometre-de-confiance-politique-\u2013-Mai-2025.png.webp 293w, https:\/\/tolunacorporate.com\/wp-content\/uploads\/2025\/09\/Barometre-de-confiance-politique-\u2013-Mai-2025.png-150x150.webp 150w\" sizes=\"(max-width: 293px) 100vw, 293px\" style=\"width:100%;height:100.34%;max-width:293px;\" \/>\t\t\t<\/div>\n\t\t<\/a><!-- .post-thumbnail -->\n\t\t\t<div class=\"entry-content-wrap\">\n\t\t<header class=\"entry-header\">\n\t\t<div class=\"entry-taxonomies\">\n\t\t\t\t\t\t<span class=\"posted-on\">\n\t\t\t\t\t<svg width=\"20\" height=\"22\" viewBox=\"0 0 20 22\" fill=\"none\" xmlns=\"http:\/\/www.w3.org\/2000\/svg\"><path d=\"M18 2H17V1C17 0.45 16.55 0 16 0C15.45 0 15 0.45 15 1V2H5V1C5 0.45 4.55 0 4 0C3.45 0 3 0.45 3 1V2H2C0.9 2 0 2.9 0 4V20C0 21.1 0.9 22 2 22H18C19.1 22 20 21.1 20 20V4C20 2.9 19.1 2 18 2ZM17 20H3C2.45 20 2 19.55 2 19V7H18V19C18 19.55 17.55 20 17 20Z\" fill=\"#007EE2\"\/><\/svg>\n\t\t\t\t\t<time class=\"entry-date published\" datetime=\"2026-02-27T18:30:00+01:00\">27 F\u00e9v 2026<\/time><time class=\"updated\" datetime=\"2026-02-27T18:11:21+01:00\">27 F\u00e9v 2026<\/time>\t\t\t\t<\/span>\n\t\t\t\t<\/div><!-- .entry-taxonomies -->\n\t<h6 class=\"entry-title\"><a href=\"https:\/\/tolunacorporate.com\/fr\/barometre-de-confiance-politique-fevrier-2026\/\" rel=\"bookmark\">Barom\u00e8tre de confiance politique &#8211; F\u00e9vrier 2026<\/a><\/h6><\/header><!-- .entry-header -->\n<footer class=\"entry-footer\">\n\t\t\t<div class=\"entry-actions\">\n\t\t\t<p class=\"more-link-wrap\">\n\t\t\t\t<a href=\"https:\/\/tolunacorporate.com\/fr\/barometre-de-confiance-politique-fevrier-2026\/\" class=\"post-more-link\">\n\t\t\t\t\tEN SAVOIR PLUS<span class=\"screen-reader-text\"> Barom\u00e8tre de confiance politique &#8211; F\u00e9vrier 2026<\/span><span class=\"toluna-svg-iconset svg-baseline\"><svg width=\"24\" height=\"25\" viewBox=\"0 0 24 25\" fill=\"none\" xmlns=\"http:\/\/www.w3.org\/2000\/svg\"><g clip-path=\"url(#clip0_3349_8828)\"><path d=\"M7.38048 21.9288C7.87048 22.4188 8.66048 22.4188 9.15048 21.9288L17.4605 13.6187C17.8505 13.2287 17.8505 12.5988 17.4605 12.2087L9.15048 3.89875C8.66048 3.40875 7.87048 3.40875 7.38048 3.89875C6.89048 4.38875 6.89048 5.17875 7.38048 5.66875L14.6205 12.9187L7.37048 20.1688C6.89048 20.6488 6.89048 21.4488 7.38048 21.9288Z\" fill=\"#007EE2\"\/><\/g><defs><clipPath id=\"clip0_3349_8828\"><rect width=\"24\" height=\"24\" fill=\"white\" transform=\"translate(0 0.917969)\"\/><\/clipPath><\/defs><\/svg><\/span>\t\t\t\t<\/a>\n\t\t\t<\/p>\n\t\t<\/div><!-- .entry-actions -->\n\t\t<\/footer><!-- .entry-footer -->\n\t<\/div>\n<\/article>\n<article class=\"entry content-bg loop-entry post-54094 post type-post status-publish format-standard has-post-thumbnail hentry category-france-fr-2 tag-poll-2\">\n\t    <!-- toluna-thumbnail-ratio-1-1 -->\n\t\t<a class=\"post-thumbnail\" href=\"https:\/\/tolunacorporate.com\/fr\/les-francais-et-les-elections-municipales-volet-sante\/\">\n\t\t\t<div class=\"post-thumbnail-inner\">\n\t\t\t\t<img decoding=\"async\" width=\"500\" height=\"500\" src=\"https:\/\/tolunacorporate.com\/wp-content\/uploads\/2025\/08\/Jour-du-vote.png\" class=\"attachment-large size-large wp-post-image\" alt=\"Les Fran\u00e7ais et les \u00e9lections municipales\u200b &#8211; Volet sant\u00e9\" srcset=\"https:\/\/tolunacorporate.com\/wp-content\/uploads\/2025\/08\/Jour-du-vote.png 500w, https:\/\/tolunacorporate.com\/wp-content\/uploads\/2025\/08\/Jour-du-vote-300x300.png 300w, https:\/\/tolunacorporate.com\/wp-content\/uploads\/2025\/08\/Jour-du-vote-150x150.png 150w\" sizes=\"(max-width: 500px) 100vw, 500px\" style=\"width:100%;height:100%;max-width:500px;\" \/>\t\t\t<\/div>\n\t\t<\/a><!-- .post-thumbnail -->\n\t\t\t<div class=\"entry-content-wrap\">\n\t\t<header class=\"entry-header\">\n\t\t<div class=\"entry-taxonomies\">\n\t\t\t\t\t\t<span class=\"posted-on\">\n\t\t\t\t\t<svg width=\"20\" height=\"22\" viewBox=\"0 0 20 22\" fill=\"none\" xmlns=\"http:\/\/www.w3.org\/2000\/svg\"><path d=\"M18 2H17V1C17 0.45 16.55 0 16 0C15.45 0 15 0.45 15 1V2H5V1C5 0.45 4.55 0 4 0C3.45 0 3 0.45 3 1V2H2C0.9 2 0 2.9 0 4V20C0 21.1 0.9 22 2 22H18C19.1 22 20 21.1 20 20V4C20 2.9 19.1 2 18 2ZM17 20H3C2.45 20 2 19.55 2 19V7H18V19C18 19.55 17.55 20 17 20Z\" fill=\"#007EE2\"\/><\/svg>\n\t\t\t\t\t<time class=\"entry-date published\" datetime=\"2026-02-23T05:00:00+01:00\">23 F\u00e9v 2026<\/time><time class=\"updated\" datetime=\"2026-02-20T15:16:02+01:00\">20 F\u00e9v 2026<\/time>\t\t\t\t<\/span>\n\t\t\t\t<\/div><!-- .entry-taxonomies -->\n\t<h6 class=\"entry-title\"><a href=\"https:\/\/tolunacorporate.com\/fr\/les-francais-et-les-elections-municipales-volet-sante\/\" rel=\"bookmark\">Les Fran\u00e7ais et les \u00e9lections municipales\u200b &#8211; Volet sant\u00e9<\/a><\/h6><\/header><!-- .entry-header -->\n<footer class=\"entry-footer\">\n\t\t\t<div class=\"entry-actions\">\n\t\t\t<p class=\"more-link-wrap\">\n\t\t\t\t<a href=\"https:\/\/tolunacorporate.com\/fr\/les-francais-et-les-elections-municipales-volet-sante\/\" class=\"post-more-link\">\n\t\t\t\t\tEN SAVOIR PLUS<span class=\"screen-reader-text\"> Les Fran\u00e7ais et les \u00e9lections municipales\u200b &#8211; Volet sant\u00e9<\/span><span class=\"toluna-svg-iconset svg-baseline\"><svg width=\"24\" height=\"25\" viewBox=\"0 0 24 25\" fill=\"none\" xmlns=\"http:\/\/www.w3.org\/2000\/svg\"><g clip-path=\"url(#clip0_3349_8828)\"><path d=\"M7.38048 21.9288C7.87048 22.4188 8.66048 22.4188 9.15048 21.9288L17.4605 13.6187C17.8505 13.2287 17.8505 12.5988 17.4605 12.2087L9.15048 3.89875C8.66048 3.40875 7.87048 3.40875 7.38048 3.89875C6.89048 4.38875 6.89048 5.17875 7.38048 5.66875L14.6205 12.9187L7.37048 20.1688C6.89048 20.6488 6.89048 21.4488 7.38048 21.9288Z\" fill=\"#007EE2\"\/><\/g><defs><clipPath id=\"clip0_3349_8828\"><rect width=\"24\" height=\"24\" fill=\"white\" transform=\"translate(0 0.917969)\"\/><\/clipPath><\/defs><\/svg><\/span>\t\t\t\t<\/a>\n\t\t\t<\/p>\n\t\t<\/div><!-- .entry-actions -->\n\t\t<\/footer><!-- .entry-footer -->\n\t<\/div>\n<\/article>\n<article class=\"entry content-bg loop-entry post-54077 post type-post status-publish format-standard has-post-thumbnail hentry category-france-fr tag-poll-2\">\n\t    <!-- toluna-thumbnail-ratio-1-1 -->\n\t\t<a class=\"post-thumbnail\" href=\"https:\/\/tolunacorporate.com\/fr\/les-services-publics-vus-par-les-francais-et-les-usagers-2\/\">\n\t\t\t<div class=\"post-thumbnail-inner\">\n\t\t\t\t<img decoding=\"async\" width=\"768\" height=\"576\" src=\"https:\/\/tolunacorporate.com\/wp-content\/uploads\/2025\/05\/Observatoire-des-parcours-de-soins-des-Francais-\u2013-Theme-1.jpg\" class=\"attachment-large size-large wp-post-image\" alt=\"Les services publics vus par les Fran\u00e7ais et les usagers\u00a0\" srcset=\"https:\/\/tolunacorporate.com\/wp-content\/uploads\/2025\/05\/Observatoire-des-parcours-de-soins-des-Francais-\u2013-Theme-1.jpg 768w, https:\/\/tolunacorporate.com\/wp-content\/uploads\/2025\/05\/Observatoire-des-parcours-de-soins-des-Francais-\u2013-Theme-1-300x225.jpg 300w\" sizes=\"(max-width: 768px) 100vw, 768px\" style=\"width:100%;height:75%;max-width:768px;\" \/>\t\t\t<\/div>\n\t\t<\/a><!-- .post-thumbnail -->\n\t\t\t<div class=\"entry-content-wrap\">\n\t\t<header class=\"entry-header\">\n\t\t<div class=\"entry-taxonomies\">\n\t\t\t\t\t\t<span class=\"posted-on\">\n\t\t\t\t\t<svg width=\"20\" height=\"22\" viewBox=\"0 0 20 22\" fill=\"none\" xmlns=\"http:\/\/www.w3.org\/2000\/svg\"><path d=\"M18 2H17V1C17 0.45 16.55 0 16 0C15.45 0 15 0.45 15 1V2H5V1C5 0.45 4.55 0 4 0C3.45 0 3 0.45 3 1V2H2C0.9 2 0 2.9 0 4V20C0 21.1 0.9 22 2 22H18C19.1 22 20 21.1 20 20V4C20 2.9 19.1 2 18 2ZM17 20H3C2.45 20 2 19.55 2 19V7H18V19C18 19.55 17.55 20 17 20Z\" fill=\"#007EE2\"\/><\/svg>\n\t\t\t\t\t<time class=\"entry-date published\" datetime=\"2026-02-17T14:45:36+01:00\">17 F\u00e9v 2026<\/time><time class=\"updated\" datetime=\"2026-02-17T14:45:38+01:00\">17 F\u00e9v 2026<\/time>\t\t\t\t<\/span>\n\t\t\t\t<\/div><!-- .entry-taxonomies -->\n\t<h6 class=\"entry-title\"><a href=\"https:\/\/tolunacorporate.com\/fr\/les-services-publics-vus-par-les-francais-et-les-usagers-2\/\" rel=\"bookmark\">Les services publics vus par les Fran\u00e7ais et les usagers\u00a0<\/a><\/h6><\/header><!-- .entry-header -->\n<footer class=\"entry-footer\">\n\t\t\t<div class=\"entry-actions\">\n\t\t\t<p class=\"more-link-wrap\">\n\t\t\t\t<a href=\"https:\/\/tolunacorporate.com\/fr\/les-services-publics-vus-par-les-francais-et-les-usagers-2\/\" class=\"post-more-link\">\n\t\t\t\t\tEN SAVOIR PLUS<span class=\"screen-reader-text\"> Les services publics vus par les Fran\u00e7ais et les usagers\u00a0<\/span><span class=\"toluna-svg-iconset svg-baseline\"><svg width=\"24\" height=\"25\" viewBox=\"0 0 24 25\" fill=\"none\" xmlns=\"http:\/\/www.w3.org\/2000\/svg\"><g clip-path=\"url(#clip0_3349_8828)\"><path d=\"M7.38048 21.9288C7.87048 22.4188 8.66048 22.4188 9.15048 21.9288L17.4605 13.6187C17.8505 13.2287 17.8505 12.5988 17.4605 12.2087L9.15048 3.89875C8.66048 3.40875 7.87048 3.40875 7.38048 3.89875C6.89048 4.38875 6.89048 5.17875 7.38048 5.66875L14.6205 12.9187L7.37048 20.1688C6.89048 20.6488 6.89048 21.4488 7.38048 21.9288Z\" fill=\"#007EE2\"\/><\/g><defs><clipPath id=\"clip0_3349_8828\"><rect width=\"24\" height=\"24\" fill=\"white\" transform=\"translate(0 0.917969)\"\/><\/clipPath><\/defs><\/svg><\/span>\t\t\t\t<\/a>\n\t\t\t<\/p>\n\t\t<\/div><!-- .entry-actions -->\n\t\t<\/footer><!-- .entry-footer -->\n\t<\/div>\n<\/article>\n<article class=\"entry content-bg loop-entry post-54020 post type-post status-publish format-standard has-post-thumbnail hentry category-france-fr tag-poll-2\">\n\t    <!-- toluna-thumbnail-ratio-1-1 -->\n\t\t<a class=\"post-thumbnail\" href=\"https:\/\/tolunacorporate.com\/fr\/les-francais-et-leur-perception-des-services-publics-dans-le-cadre-des-elections-municipales\/\">\n\t\t\t<div class=\"post-thumbnail-inner\">\n\t\t\t\t<img decoding=\"async\" width=\"500\" height=\"500\" src=\"https:\/\/tolunacorporate.com\/wp-content\/uploads\/2025\/08\/Jour-du-vote.png\" class=\"attachment-large size-large wp-post-image\" alt=\"Les Fran\u00e7ais et leur perception des services  publics dans le cadre des \u00e9lections municipales\" srcset=\"https:\/\/tolunacorporate.com\/wp-content\/uploads\/2025\/08\/Jour-du-vote.png 500w, https:\/\/tolunacorporate.com\/wp-content\/uploads\/2025\/08\/Jour-du-vote-300x300.png 300w, https:\/\/tolunacorporate.com\/wp-content\/uploads\/2025\/08\/Jour-du-vote-150x150.png 150w\" sizes=\"(max-width: 500px) 100vw, 500px\" style=\"width:100%;height:100%;max-width:500px;\" \/>\t\t\t<\/div>\n\t\t<\/a><!-- .post-thumbnail -->\n\t\t\t<div class=\"entry-content-wrap\">\n\t\t<header class=\"entry-header\">\n\t\t<div class=\"entry-taxonomies\">\n\t\t\t\t\t\t<span class=\"posted-on\">\n\t\t\t\t\t<svg width=\"20\" height=\"22\" viewBox=\"0 0 20 22\" fill=\"none\" xmlns=\"http:\/\/www.w3.org\/2000\/svg\"><path d=\"M18 2H17V1C17 0.45 16.55 0 16 0C15.45 0 15 0.45 15 1V2H5V1C5 0.45 4.55 0 4 0C3.45 0 3 0.45 3 1V2H2C0.9 2 0 2.9 0 4V20C0 21.1 0.9 22 2 22H18C19.1 22 20 21.1 20 20V4C20 2.9 19.1 2 18 2ZM17 20H3C2.45 20 2 19.55 2 19V7H18V19C18 19.55 17.55 20 17 20Z\" fill=\"#007EE2\"\/><\/svg>\n\t\t\t\t\t<time class=\"entry-date published\" datetime=\"2026-02-17T10:59:21+01:00\">17 F\u00e9v 2026<\/time><time class=\"updated\" datetime=\"2026-02-17T10:59:23+01:00\">17 F\u00e9v 2026<\/time>\t\t\t\t<\/span>\n\t\t\t\t<\/div><!-- .entry-taxonomies -->\n\t<h6 class=\"entry-title\"><a href=\"https:\/\/tolunacorporate.com\/fr\/les-francais-et-leur-perception-des-services-publics-dans-le-cadre-des-elections-municipales\/\" rel=\"bookmark\">Les Fran\u00e7ais et leur perception des services  publics dans le cadre des \u00e9lections municipales<\/a><\/h6><\/header><!-- .entry-header -->\n<footer class=\"entry-footer\">\n\t\t\t<div class=\"entry-actions\">\n\t\t\t<p class=\"more-link-wrap\">\n\t\t\t\t<a href=\"https:\/\/tolunacorporate.com\/fr\/les-francais-et-leur-perception-des-services-publics-dans-le-cadre-des-elections-municipales\/\" class=\"post-more-link\">\n\t\t\t\t\tEN SAVOIR PLUS<span class=\"screen-reader-text\"> Les Fran\u00e7ais et leur perception des services  publics dans le cadre des \u00e9lections municipales<\/span><span class=\"toluna-svg-iconset svg-baseline\"><svg width=\"24\" height=\"25\" viewBox=\"0 0 24 25\" fill=\"none\" xmlns=\"http:\/\/www.w3.org\/2000\/svg\"><g clip-path=\"url(#clip0_3349_8828)\"><path d=\"M7.38048 21.9288C7.87048 22.4188 8.66048 22.4188 9.15048 21.9288L17.4605 13.6187C17.8505 13.2287 17.8505 12.5988 17.4605 12.2087L9.15048 3.89875C8.66048 3.40875 7.87048 3.40875 7.38048 3.89875C6.89048 4.38875 6.89048 5.17875 7.38048 5.66875L14.6205 12.9187L7.37048 20.1688C6.89048 20.6488 6.89048 21.4488 7.38048 21.9288Z\" fill=\"#007EE2\"\/><\/g><defs><clipPath id=\"clip0_3349_8828\"><rect width=\"24\" height=\"24\" fill=\"white\" transform=\"translate(0 0.917969)\"\/><\/clipPath><\/defs><\/svg><\/span>\t\t\t\t<\/a>\n\t\t\t<\/p>\n\t\t<\/div><!-- .entry-actions -->\n\t\t<\/footer><!-- .entry-footer -->\n\t<\/div>\n<\/article>\n<article class=\"entry content-bg loop-entry post-53853 post type-post status-publish format-standard has-post-thumbnail hentry category-france-fr tag-poll-2\">\n\t    <!-- toluna-thumbnail-ratio-1-1 -->\n\t\t<a class=\"post-thumbnail\" href=\"https:\/\/tolunacorporate.com\/fr\/les-francais-et-les-elections-municipales\/\">\n\t\t\t<div class=\"post-thumbnail-inner\">\n\t\t\t\t<img decoding=\"async\" width=\"293\" height=\"294\" src=\"https:\/\/tolunacorporate.com\/wp-content\/uploads\/2025\/09\/Barometre-de-confiance-politique-\u2013-Mai-2025.png.webp\" class=\"attachment-large size-large wp-post-image\" alt=\"Les Fran\u00e7ais et les \u00e9lections municipales\" srcset=\"https:\/\/tolunacorporate.com\/wp-content\/uploads\/2025\/09\/Barometre-de-confiance-politique-\u2013-Mai-2025.png.webp 293w, https:\/\/tolunacorporate.com\/wp-content\/uploads\/2025\/09\/Barometre-de-confiance-politique-\u2013-Mai-2025.png-150x150.webp 150w\" sizes=\"(max-width: 293px) 100vw, 293px\" style=\"width:100%;height:100.34%;max-width:293px;\" \/>\t\t\t<\/div>\n\t\t<\/a><!-- .post-thumbnail -->\n\t\t\t<div class=\"entry-content-wrap\">\n\t\t<header class=\"entry-header\">\n\t\t<div class=\"entry-taxonomies\">\n\t\t\t\t\t\t<span class=\"posted-on\">\n\t\t\t\t\t<svg width=\"20\" height=\"22\" viewBox=\"0 0 20 22\" fill=\"none\" xmlns=\"http:\/\/www.w3.org\/2000\/svg\"><path d=\"M18 2H17V1C17 0.45 16.55 0 16 0C15.45 0 15 0.45 15 1V2H5V1C5 0.45 4.55 0 4 0C3.45 0 3 0.45 3 1V2H2C0.9 2 0 2.9 0 4V20C0 21.1 0.9 22 2 22H18C19.1 22 20 21.1 20 20V4C20 2.9 19.1 2 18 2ZM17 20H3C2.45 20 2 19.55 2 19V7H18V19C18 19.55 17.55 20 17 20Z\" fill=\"#007EE2\"\/><\/svg>\n\t\t\t\t\t<time class=\"entry-date published\" datetime=\"2026-02-16T17:47:31+01:00\">16 F\u00e9v 2026<\/time><time class=\"updated\" datetime=\"2026-02-20T10:34:23+01:00\">20 F\u00e9v 2026<\/time>\t\t\t\t<\/span>\n\t\t\t\t<\/div><!-- .entry-taxonomies -->\n\t<h6 class=\"entry-title\"><a href=\"https:\/\/tolunacorporate.com\/fr\/les-francais-et-les-elections-municipales\/\" rel=\"bookmark\">Les Fran\u00e7ais et les \u00e9lections municipales<\/a><\/h6><\/header><!-- .entry-header -->\n<footer class=\"entry-footer\">\n\t\t\t<div class=\"entry-actions\">\n\t\t\t<p class=\"more-link-wrap\">\n\t\t\t\t<a href=\"https:\/\/tolunacorporate.com\/fr\/les-francais-et-les-elections-municipales\/\" class=\"post-more-link\">\n\t\t\t\t\tEN SAVOIR PLUS<span class=\"screen-reader-text\"> Les Fran\u00e7ais et les \u00e9lections municipales<\/span><span class=\"toluna-svg-iconset svg-baseline\"><svg width=\"24\" height=\"25\" viewBox=\"0 0 24 25\" fill=\"none\" xmlns=\"http:\/\/www.w3.org\/2000\/svg\"><g clip-path=\"url(#clip0_3349_8828)\"><path d=\"M7.38048 21.9288C7.87048 22.4188 8.66048 22.4188 9.15048 21.9288L17.4605 13.6187C17.8505 13.2287 17.8505 12.5988 17.4605 12.2087L9.15048 3.89875C8.66048 3.40875 7.87048 3.40875 7.38048 3.89875C6.89048 4.38875 6.89048 5.17875 7.38048 5.66875L14.6205 12.9187L7.37048 20.1688C6.89048 20.6488 6.89048 21.4488 7.38048 21.9288Z\" fill=\"#007EE2\"\/><\/g><defs><clipPath id=\"clip0_3349_8828\"><rect width=\"24\" height=\"24\" fill=\"white\" transform=\"translate(0 0.917969)\"\/><\/clipPath><\/defs><\/svg><\/span>\t\t\t\t<\/a>\n\t\t\t<\/p>\n\t\t<\/div><!-- .entry-actions -->\n\t\t<\/footer><!-- .entry-footer -->\n\t<\/div>\n<\/article>\n<article class=\"entry content-bg loop-entry post-54262 post type-post status-publish format-standard has-post-thumbnail hentry category-france-fr tag-poll-2\">\n\t    <!-- toluna-thumbnail-ratio-1-1 -->\n\t\t<a class=\"post-thumbnail\" href=\"https:\/\/tolunacorporate.com\/fr\/observatoire-cetelem-conso-2026\/\">\n\t\t\t<div class=\"post-thumbnail-inner\">\n\t\t\t\t<img decoding=\"async\" width=\"1024\" height=\"1024\" src=\"https:\/\/tolunacorporate.com\/wp-content\/uploads\/2026\/02\/pexels-kampus-8422706-1024x1024.jpg\" class=\"attachment-large size-large wp-post-image\" alt=\"Observatoire Cetelem Conso 2026\u00a0\" srcset=\"https:\/\/tolunacorporate.com\/wp-content\/uploads\/2026\/02\/pexels-kampus-8422706-1024x1024.jpg 1024w, https:\/\/tolunacorporate.com\/wp-content\/uploads\/2026\/02\/pexels-kampus-8422706-300x300.jpg 300w, https:\/\/tolunacorporate.com\/wp-content\/uploads\/2026\/02\/pexels-kampus-8422706-150x150.jpg 150w, https:\/\/tolunacorporate.com\/wp-content\/uploads\/2026\/02\/pexels-kampus-8422706-768x768.jpg 768w, https:\/\/tolunacorporate.com\/wp-content\/uploads\/2026\/02\/pexels-kampus-8422706-1536x1536.jpg 1536w, https:\/\/tolunacorporate.com\/wp-content\/uploads\/2026\/02\/pexels-kampus-8422706-2048x2048.jpg 2048w\" sizes=\"(max-width: 1024px) 100vw, 1024px\" style=\"width:100%;height:100%;max-width:2560px;\" \/>\t\t\t<\/div>\n\t\t<\/a><!-- .post-thumbnail -->\n\t\t\t<div class=\"entry-content-wrap\">\n\t\t<header class=\"entry-header\">\n\t\t<div class=\"entry-taxonomies\">\n\t\t\t\t\t\t<span class=\"posted-on\">\n\t\t\t\t\t<svg width=\"20\" height=\"22\" viewBox=\"0 0 20 22\" fill=\"none\" xmlns=\"http:\/\/www.w3.org\/2000\/svg\"><path d=\"M18 2H17V1C17 0.45 16.55 0 16 0C15.45 0 15 0.45 15 1V2H5V1C5 0.45 4.55 0 4 0C3.45 0 3 0.45 3 1V2H2C0.9 2 0 2.9 0 4V20C0 21.1 0.9 22 2 22H18C19.1 22 20 21.1 20 20V4C20 2.9 19.1 2 18 2ZM17 20H3C2.45 20 2 19.55 2 19V7H18V19C18 19.55 17.55 20 17 20Z\" fill=\"#007EE2\"\/><\/svg>\n\t\t\t\t\t<time class=\"entry-date published\" datetime=\"2026-02-12T14:59:49+01:00\">12 F\u00e9v 2026<\/time><time class=\"updated\" datetime=\"2026-02-27T15:21:09+01:00\">27 F\u00e9v 2026<\/time>\t\t\t\t<\/span>\n\t\t\t\t<\/div><!-- .entry-taxonomies -->\n\t<h6 class=\"entry-title\"><a href=\"https:\/\/tolunacorporate.com\/fr\/observatoire-cetelem-conso-2026\/\" rel=\"bookmark\">Observatoire Cetelem Conso 2026\u00a0<\/a><\/h6><\/header><!-- .entry-header -->\n<footer class=\"entry-footer\">\n\t\t\t<div class=\"entry-actions\">\n\t\t\t<p class=\"more-link-wrap\">\n\t\t\t\t<a href=\"https:\/\/tolunacorporate.com\/fr\/observatoire-cetelem-conso-2026\/\" class=\"post-more-link\">\n\t\t\t\t\tEN SAVOIR PLUS<span class=\"screen-reader-text\"> Observatoire Cetelem Conso 2026\u00a0<\/span><span class=\"toluna-svg-iconset svg-baseline\"><svg width=\"24\" height=\"25\" viewBox=\"0 0 24 25\" fill=\"none\" xmlns=\"http:\/\/www.w3.org\/2000\/svg\"><g clip-path=\"url(#clip0_3349_8828)\"><path d=\"M7.38048 21.9288C7.87048 22.4188 8.66048 22.4188 9.15048 21.9288L17.4605 13.6187C17.8505 13.2287 17.8505 12.5988 17.4605 12.2087L9.15048 3.89875C8.66048 3.40875 7.87048 3.40875 7.38048 3.89875C6.89048 4.38875 6.89048 5.17875 7.38048 5.66875L14.6205 12.9187L7.37048 20.1688C6.89048 20.6488 6.89048 21.4488 7.38048 21.9288Z\" fill=\"#007EE2\"\/><\/g><defs><clipPath id=\"clip0_3349_8828\"><rect width=\"24\" height=\"24\" fill=\"white\" transform=\"translate(0 0.917969)\"\/><\/clipPath><\/defs><\/svg><\/span>\t\t\t\t<\/a>\n\t\t\t<\/p>\n\t\t<\/div><!-- .entry-actions -->\n\t\t<\/footer><!-- .entry-footer -->\n\t<\/div>\n<\/article>\n<article class=\"entry content-bg loop-entry post-53140 post type-post status-publish format-standard has-post-thumbnail hentry category-france-fr tag-poll-2\">\n\t    <!-- toluna-thumbnail-ratio-1-1 -->\n\t\t<a class=\"post-thumbnail\" href=\"https:\/\/tolunacorporate.com\/fr\/barometre-de-confiance-politique-janvier-2026\/\">\n\t\t\t<div class=\"post-thumbnail-inner\">\n\t\t\t\t<img decoding=\"async\" width=\"500\" height=\"500\" src=\"https:\/\/tolunacorporate.com\/wp-content\/uploads\/2025\/08\/Jour-du-vote.png\" class=\"attachment-large size-large wp-post-image\" alt=\"Barom\u00e8tre de confiance politique &#8211; Janvier 2026\" srcset=\"https:\/\/tolunacorporate.com\/wp-content\/uploads\/2025\/08\/Jour-du-vote.png 500w, https:\/\/tolunacorporate.com\/wp-content\/uploads\/2025\/08\/Jour-du-vote-300x300.png 300w, https:\/\/tolunacorporate.com\/wp-content\/uploads\/2025\/08\/Jour-du-vote-150x150.png 150w\" sizes=\"(max-width: 500px) 100vw, 500px\" style=\"width:100%;height:100%;max-width:500px;\" \/>\t\t\t<\/div>\n\t\t<\/a><!-- .post-thumbnail -->\n\t\t\t<div class=\"entry-content-wrap\">\n\t\t<header class=\"entry-header\">\n\t\t<div class=\"entry-taxonomies\">\n\t\t\t\t\t\t<span class=\"posted-on\">\n\t\t\t\t\t<svg width=\"20\" height=\"22\" viewBox=\"0 0 20 22\" fill=\"none\" xmlns=\"http:\/\/www.w3.org\/2000\/svg\"><path d=\"M18 2H17V1C17 0.45 16.55 0 16 0C15.45 0 15 0.45 15 1V2H5V1C5 0.45 4.55 0 4 0C3.45 0 3 0.45 3 1V2H2C0.9 2 0 2.9 0 4V20C0 21.1 0.9 22 2 22H18C19.1 22 20 21.1 20 20V4C20 2.9 19.1 2 18 2ZM17 20H3C2.45 20 2 19.55 2 19V7H18V19C18 19.55 17.55 20 17 20Z\" fill=\"#007EE2\"\/><\/svg>\n\t\t\t\t\t<time class=\"entry-date published\" datetime=\"2026-01-30T18:00:00+01:00\">30 Jan 2026<\/time><time class=\"updated\" datetime=\"2026-01-30T17:17:19+01:00\">30 Jan 2026<\/time>\t\t\t\t<\/span>\n\t\t\t\t<\/div><!-- .entry-taxonomies -->\n\t<h6 class=\"entry-title\"><a href=\"https:\/\/tolunacorporate.com\/fr\/barometre-de-confiance-politique-janvier-2026\/\" rel=\"bookmark\">Barom\u00e8tre de confiance politique &#8211; Janvier 2026<\/a><\/h6><\/header><!-- .entry-header -->\n<footer class=\"entry-footer\">\n\t\t\t<div class=\"entry-actions\">\n\t\t\t<p class=\"more-link-wrap\">\n\t\t\t\t<a href=\"https:\/\/tolunacorporate.com\/fr\/barometre-de-confiance-politique-janvier-2026\/\" class=\"post-more-link\">\n\t\t\t\t\tEN SAVOIR PLUS<span class=\"screen-reader-text\"> Barom\u00e8tre de confiance politique &#8211; Janvier 2026<\/span><span class=\"toluna-svg-iconset svg-baseline\"><svg width=\"24\" height=\"25\" viewBox=\"0 0 24 25\" fill=\"none\" xmlns=\"http:\/\/www.w3.org\/2000\/svg\"><g clip-path=\"url(#clip0_3349_8828)\"><path d=\"M7.38048 21.9288C7.87048 22.4188 8.66048 22.4188 9.15048 21.9288L17.4605 13.6187C17.8505 13.2287 17.8505 12.5988 17.4605 12.2087L9.15048 3.89875C8.66048 3.40875 7.87048 3.40875 7.38048 3.89875C6.89048 4.38875 6.89048 5.17875 7.38048 5.66875L14.6205 12.9187L7.37048 20.1688C6.89048 20.6488 6.89048 21.4488 7.38048 21.9288Z\" fill=\"#007EE2\"\/><\/g><defs><clipPath id=\"clip0_3349_8828\"><rect width=\"24\" height=\"24\" fill=\"white\" transform=\"translate(0 0.917969)\"\/><\/clipPath><\/defs><\/svg><\/span>\t\t\t\t<\/a>\n\t\t\t<\/p>\n\t\t<\/div><!-- .entry-actions -->\n\t\t<\/footer><!-- .entry-footer -->\n\t<\/div>\n<\/article>\n<article class=\"entry content-bg loop-entry post-52899 post type-post status-publish format-standard has-post-thumbnail hentry category-france-fr tag-poll-2\">\n\t    <!-- toluna-thumbnail-ratio-1-1 -->\n\t\t<a class=\"post-thumbnail\" href=\"https:\/\/tolunacorporate.com\/fr\/barometre-sexisme-vague-5\/\">\n\t\t\t<div class=\"post-thumbnail-inner\">\n\t\t\t\t<img decoding=\"async\" width=\"293\" height=\"294\" src=\"https:\/\/tolunacorporate.com\/wp-content\/uploads\/2025\/05\/Barometre-sexisme-\u2013-Vague-4.jpg\" class=\"attachment-large size-large wp-post-image\" alt=\"Barom\u00e8tre Sexisme &#8211; Vague 5\" srcset=\"https:\/\/tolunacorporate.com\/wp-content\/uploads\/2025\/05\/Barometre-sexisme-\u2013-Vague-4.jpg 293w, https:\/\/tolunacorporate.com\/wp-content\/uploads\/2025\/05\/Barometre-sexisme-\u2013-Vague-4-150x150.jpg 150w\" sizes=\"(max-width: 293px) 100vw, 293px\" style=\"width:100%;height:100.34%;max-width:293px;\" \/>\t\t\t<\/div>\n\t\t<\/a><!-- .post-thumbnail -->\n\t\t\t<div class=\"entry-content-wrap\">\n\t\t<header class=\"entry-header\">\n\t\t<div class=\"entry-taxonomies\">\n\t\t\t\t\t\t<span class=\"posted-on\">\n\t\t\t\t\t<svg width=\"20\" height=\"22\" viewBox=\"0 0 20 22\" fill=\"none\" xmlns=\"http:\/\/www.w3.org\/2000\/svg\"><path d=\"M18 2H17V1C17 0.45 16.55 0 16 0C15.45 0 15 0.45 15 1V2H5V1C5 0.45 4.55 0 4 0C3.45 0 3 0.45 3 1V2H2C0.9 2 0 2.9 0 4V20C0 21.1 0.9 22 2 22H18C19.1 22 20 21.1 20 20V4C20 2.9 19.1 2 18 2ZM17 20H3C2.45 20 2 19.55 2 19V7H18V19C18 19.55 17.55 20 17 20Z\" fill=\"#007EE2\"\/><\/svg>\n\t\t\t\t\t<time class=\"entry-date published\" datetime=\"2026-01-23T16:23:12+01:00\">23 Jan 2026<\/time><time class=\"updated\" datetime=\"2026-01-23T16:24:19+01:00\">23 Jan 2026<\/time>\t\t\t\t<\/span>\n\t\t\t\t<\/div><!-- .entry-taxonomies -->\n\t<h6 class=\"entry-title\"><a href=\"https:\/\/tolunacorporate.com\/fr\/barometre-sexisme-vague-5\/\" rel=\"bookmark\">Barom\u00e8tre Sexisme &#8211; Vague 5<\/a><\/h6><\/header><!-- .entry-header -->\n<footer class=\"entry-footer\">\n\t\t\t<div class=\"entry-actions\">\n\t\t\t<p class=\"more-link-wrap\">\n\t\t\t\t<a href=\"https:\/\/tolunacorporate.com\/fr\/barometre-sexisme-vague-5\/\" class=\"post-more-link\">\n\t\t\t\t\tEN SAVOIR PLUS<span class=\"screen-reader-text\"> Barom\u00e8tre Sexisme &#8211; Vague 5<\/span><span class=\"toluna-svg-iconset svg-baseline\"><svg width=\"24\" height=\"25\" viewBox=\"0 0 24 25\" fill=\"none\" xmlns=\"http:\/\/www.w3.org\/2000\/svg\"><g clip-path=\"url(#clip0_3349_8828)\"><path d=\"M7.38048 21.9288C7.87048 22.4188 8.66048 22.4188 9.15048 21.9288L17.4605 13.6187C17.8505 13.2287 17.8505 12.5988 17.4605 12.2087L9.15048 3.89875C8.66048 3.40875 7.87048 3.40875 7.38048 3.89875C6.89048 4.38875 6.89048 5.17875 7.38048 5.66875L14.6205 12.9187L7.37048 20.1688C6.89048 20.6488 6.89048 21.4488 7.38048 21.9288Z\" fill=\"#007EE2\"\/><\/g><defs><clipPath id=\"clip0_3349_8828\"><rect width=\"24\" height=\"24\" fill=\"white\" transform=\"translate(0 0.917969)\"\/><\/clipPath><\/defs><\/svg><\/span>\t\t\t\t<\/a>\n\t\t\t<\/p>\n\t\t<\/div><!-- .entry-actions -->\n\t\t<\/footer><!-- .entry-footer -->\n\t<\/div>\n<\/article>\n<article class=\"entry content-bg loop-entry post-52876 post type-post status-publish format-standard has-post-thumbnail hentry category-france-fr tag-poll-2\">\n\t    <!-- toluna-thumbnail-ratio-1-1 -->\n\t\t<a class=\"post-thumbnail\" href=\"https:\/\/tolunacorporate.com\/fr\/lopinion-des-francais-a-legard-de-la-presidentielle-5\/\">\n\t\t\t<div class=\"post-thumbnail-inner\">\n\t\t\t\t<img decoding=\"async\" width=\"293\" height=\"294\" src=\"https:\/\/tolunacorporate.com\/wp-content\/uploads\/2025\/06\/Barometre-de-confiance-politique-\u2013-Mai-2025.png\" class=\"attachment-large size-large wp-post-image\" alt=\"\u200bL\u2019Opinion des Fran\u00e7ais \u00e0 l\u2019\u00e9gard de la Pr\u00e9sidentielle\" srcset=\"https:\/\/tolunacorporate.com\/wp-content\/uploads\/2025\/06\/Barometre-de-confiance-politique-\u2013-Mai-2025.png 293w, https:\/\/tolunacorporate.com\/wp-content\/uploads\/2025\/06\/Barometre-de-confiance-politique-\u2013-Mai-2025-150x150.png 150w\" sizes=\"(max-width: 293px) 100vw, 293px\" style=\"width:100%;height:100.34%;max-width:293px;\" \/>\t\t\t<\/div>\n\t\t<\/a><!-- .post-thumbnail -->\n\t\t\t<div class=\"entry-content-wrap\">\n\t\t<header class=\"entry-header\">\n\t\t<div class=\"entry-taxonomies\">\n\t\t\t\t\t\t<span class=\"posted-on\">\n\t\t\t\t\t<svg width=\"20\" height=\"22\" viewBox=\"0 0 20 22\" fill=\"none\" xmlns=\"http:\/\/www.w3.org\/2000\/svg\"><path d=\"M18 2H17V1C17 0.45 16.55 0 16 0C15.45 0 15 0.45 15 1V2H5V1C5 0.45 4.55 0 4 0C3.45 0 3 0.45 3 1V2H2C0.9 2 0 2.9 0 4V20C0 21.1 0.9 22 2 22H18C19.1 22 20 21.1 20 20V4C20 2.9 19.1 2 18 2ZM17 20H3C2.45 20 2 19.55 2 19V7H18V19C18 19.55 17.55 20 17 20Z\" fill=\"#007EE2\"\/><\/svg>\n\t\t\t\t\t<time class=\"entry-date published\" datetime=\"2026-01-22T09:00:00+01:00\">22 Jan 2026<\/time><time class=\"updated\" datetime=\"2026-01-21T17:09:48+01:00\">21 Jan 2026<\/time>\t\t\t\t<\/span>\n\t\t\t\t<\/div><!-- .entry-taxonomies -->\n\t<h6 class=\"entry-title\"><a href=\"https:\/\/tolunacorporate.com\/fr\/lopinion-des-francais-a-legard-de-la-presidentielle-5\/\" rel=\"bookmark\">\u200bL\u2019Opinion des Fran\u00e7ais \u00e0 l\u2019\u00e9gard de la Pr\u00e9sidentielle<\/a><\/h6><\/header><!-- .entry-header -->\n<footer class=\"entry-footer\">\n\t\t\t<div class=\"entry-actions\">\n\t\t\t<p class=\"more-link-wrap\">\n\t\t\t\t<a href=\"https:\/\/tolunacorporate.com\/fr\/lopinion-des-francais-a-legard-de-la-presidentielle-5\/\" class=\"post-more-link\">\n\t\t\t\t\tEN SAVOIR PLUS<span class=\"screen-reader-text\"> \u200bL\u2019Opinion des Fran\u00e7ais \u00e0 l\u2019\u00e9gard de la Pr\u00e9sidentielle<\/span><span class=\"toluna-svg-iconset svg-baseline\"><svg width=\"24\" height=\"25\" viewBox=\"0 0 24 25\" fill=\"none\" xmlns=\"http:\/\/www.w3.org\/2000\/svg\"><g clip-path=\"url(#clip0_3349_8828)\"><path d=\"M7.38048 21.9288C7.87048 22.4188 8.66048 22.4188 9.15048 21.9288L17.4605 13.6187C17.8505 13.2287 17.8505 12.5988 17.4605 12.2087L9.15048 3.89875C8.66048 3.40875 7.87048 3.40875 7.38048 3.89875C6.89048 4.38875 6.89048 5.17875 7.38048 5.66875L14.6205 12.9187L7.37048 20.1688C6.89048 20.6488 6.89048 21.4488 7.38048 21.9288Z\" fill=\"#007EE2\"\/><\/g><defs><clipPath id=\"clip0_3349_8828\"><rect width=\"24\" height=\"24\" fill=\"white\" transform=\"translate(0 0.917969)\"\/><\/clipPath><\/defs><\/svg><\/span>\t\t\t\t<\/a>\n\t\t\t<\/p>\n\t\t<\/div><!-- .entry-actions -->\n\t\t<\/footer><!-- .entry-footer -->\n\t<\/div>\n<\/article>\n<article class=\"entry content-bg loop-entry post-52295 post type-post status-publish format-standard has-post-thumbnail hentry category-france-fr tag-poll-2\">\n\t    <!-- toluna-thumbnail-ratio-1-1 -->\n\t\t<a class=\"post-thumbnail\" href=\"https:\/\/tolunacorporate.com\/fr\/les-francais-et-le-diabete\/\">\n\t\t\t<div class=\"post-thumbnail-inner\">\n\t\t\t\t<img decoding=\"async\" width=\"1024\" height=\"1024\" src=\"https:\/\/tolunacorporate.com\/wp-content\/uploads\/2026\/01\/pexels-n-voitkevich-6942256-1024x1024.jpg\" class=\"attachment-large size-large wp-post-image\" alt=\"Les Fran\u00e7ais et le diab\u00e8te\" srcset=\"https:\/\/tolunacorporate.com\/wp-content\/uploads\/2026\/01\/pexels-n-voitkevich-6942256-1024x1024.jpg 1024w, https:\/\/tolunacorporate.com\/wp-content\/uploads\/2026\/01\/pexels-n-voitkevich-6942256-300x300.jpg 300w, https:\/\/tolunacorporate.com\/wp-content\/uploads\/2026\/01\/pexels-n-voitkevich-6942256-150x150.jpg 150w, https:\/\/tolunacorporate.com\/wp-content\/uploads\/2026\/01\/pexels-n-voitkevich-6942256-768x768.jpg 768w, https:\/\/tolunacorporate.com\/wp-content\/uploads\/2026\/01\/pexels-n-voitkevich-6942256-1536x1536.jpg 1536w, https:\/\/tolunacorporate.com\/wp-content\/uploads\/2026\/01\/pexels-n-voitkevich-6942256-2048x2048.jpg 2048w\" sizes=\"(max-width: 1024px) 100vw, 1024px\" style=\"width:100%;height:100%;max-width:2560px;\" \/>\t\t\t<\/div>\n\t\t<\/a><!-- .post-thumbnail -->\n\t\t\t<div class=\"entry-content-wrap\">\n\t\t<header class=\"entry-header\">\n\t\t<div class=\"entry-taxonomies\">\n\t\t\t\t\t\t<span class=\"posted-on\">\n\t\t\t\t\t<svg width=\"20\" height=\"22\" viewBox=\"0 0 20 22\" fill=\"none\" xmlns=\"http:\/\/www.w3.org\/2000\/svg\"><path d=\"M18 2H17V1C17 0.45 16.55 0 16 0C15.45 0 15 0.45 15 1V2H5V1C5 0.45 4.55 0 4 0C3.45 0 3 0.45 3 1V2H2C0.9 2 0 2.9 0 4V20C0 21.1 0.9 22 2 22H18C19.1 22 20 21.1 20 20V4C20 2.9 19.1 2 18 2ZM17 20H3C2.45 20 2 19.55 2 19V7H18V19C18 19.55 17.55 20 17 20Z\" fill=\"#007EE2\"\/><\/svg>\n\t\t\t\t\t<time class=\"entry-date published\" datetime=\"2026-01-09T11:00:00+01:00\">9 Jan 2026<\/time><time class=\"updated\" datetime=\"2026-01-08T17:59:09+01:00\">8 Jan 2026<\/time>\t\t\t\t<\/span>\n\t\t\t\t<\/div><!-- .entry-taxonomies -->\n\t<h6 class=\"entry-title\"><a href=\"https:\/\/tolunacorporate.com\/fr\/les-francais-et-le-diabete\/\" rel=\"bookmark\">Les Fran\u00e7ais et le diab\u00e8te<\/a><\/h6><\/header><!-- .entry-header -->\n<footer class=\"entry-footer\">\n\t\t\t<div class=\"entry-actions\">\n\t\t\t<p class=\"more-link-wrap\">\n\t\t\t\t<a href=\"https:\/\/tolunacorporate.com\/fr\/les-francais-et-le-diabete\/\" class=\"post-more-link\">\n\t\t\t\t\tEN SAVOIR PLUS<span class=\"screen-reader-text\"> Les Fran\u00e7ais et le diab\u00e8te<\/span><span class=\"toluna-svg-iconset svg-baseline\"><svg width=\"24\" height=\"25\" viewBox=\"0 0 24 25\" fill=\"none\" xmlns=\"http:\/\/www.w3.org\/2000\/svg\"><g clip-path=\"url(#clip0_3349_8828)\"><path d=\"M7.38048 21.9288C7.87048 22.4188 8.66048 22.4188 9.15048 21.9288L17.4605 13.6187C17.8505 13.2287 17.8505 12.5988 17.4605 12.2087L9.15048 3.89875C8.66048 3.40875 7.87048 3.40875 7.38048 3.89875C6.89048 4.38875 6.89048 5.17875 7.38048 5.66875L14.6205 12.9187L7.37048 20.1688C6.89048 20.6488 6.89048 21.4488 7.38048 21.9288Z\" fill=\"#007EE2\"\/><\/g><defs><clipPath id=\"clip0_3349_8828\"><rect width=\"24\" height=\"24\" fill=\"white\" transform=\"translate(0 0.917969)\"\/><\/clipPath><\/defs><\/svg><\/span>\t\t\t\t<\/a>\n\t\t\t<\/p>\n\t\t<\/div><!-- .entry-actions -->\n\t\t<\/footer><!-- .entry-footer -->\n\t<\/div>\n<\/article>\n<article class=\"entry content-bg loop-entry post-52269 post type-post status-publish format-standard has-post-thumbnail hentry category-france-fr tag-poll-2\">\n\t    <!-- toluna-thumbnail-ratio-1-1 -->\n\t\t<a class=\"post-thumbnail\" href=\"https:\/\/tolunacorporate.com\/fr\/bilan-de-lannee-2025-et-perspectives-pour-lannee-2026\/\">\n\t\t\t<div class=\"post-thumbnail-inner\">\n\t\t\t\t<img decoding=\"async\" width=\"293\" height=\"294\" src=\"https:\/\/tolunacorporate.com\/wp-content\/uploads\/2025\/05\/Bilan-de-lannee-2024-et-perspectives-pour-lannee-2025.jpg\" class=\"attachment-large size-large wp-post-image\" alt=\"Bilan de l\u2019ann\u00e9e 2025 et perspectives pour l\u2019ann\u00e9e 2026\" srcset=\"https:\/\/tolunacorporate.com\/wp-content\/uploads\/2025\/05\/Bilan-de-lannee-2024-et-perspectives-pour-lannee-2025.jpg 293w, https:\/\/tolunacorporate.com\/wp-content\/uploads\/2025\/05\/Bilan-de-lannee-2024-et-perspectives-pour-lannee-2025-150x150.jpg 150w\" sizes=\"(max-width: 293px) 100vw, 293px\" style=\"width:100%;height:100.34%;max-width:293px;\" \/>\t\t\t<\/div>\n\t\t<\/a><!-- .post-thumbnail -->\n\t\t\t<div class=\"entry-content-wrap\">\n\t\t<header class=\"entry-header\">\n\t\t<div class=\"entry-taxonomies\">\n\t\t\t\t\t\t<span class=\"posted-on\">\n\t\t\t\t\t<svg width=\"20\" height=\"22\" viewBox=\"0 0 20 22\" fill=\"none\" xmlns=\"http:\/\/www.w3.org\/2000\/svg\"><path d=\"M18 2H17V1C17 0.45 16.55 0 16 0C15.45 0 15 0.45 15 1V2H5V1C5 0.45 4.55 0 4 0C3.45 0 3 0.45 3 1V2H2C0.9 2 0 2.9 0 4V20C0 21.1 0.9 22 2 22H18C19.1 22 20 21.1 20 20V4C20 2.9 19.1 2 18 2ZM17 20H3C2.45 20 2 19.55 2 19V7H18V19C18 19.55 17.55 20 17 20Z\" fill=\"#007EE2\"\/><\/svg>\n\t\t\t\t\t<time class=\"entry-date published\" datetime=\"2026-01-05T05:00:00+01:00\">5 Jan 2026<\/time><time class=\"updated\" datetime=\"2026-01-02T18:06:33+01:00\">2 Jan 2026<\/time>\t\t\t\t<\/span>\n\t\t\t\t<\/div><!-- .entry-taxonomies -->\n\t<h6 class=\"entry-title\"><a href=\"https:\/\/tolunacorporate.com\/fr\/bilan-de-lannee-2025-et-perspectives-pour-lannee-2026\/\" rel=\"bookmark\">Bilan de l\u2019ann\u00e9e 2025 et perspectives pour l\u2019ann\u00e9e 2026<\/a><\/h6><\/header><!-- .entry-header -->\n<footer class=\"entry-footer\">\n\t\t\t<div class=\"entry-actions\">\n\t\t\t<p class=\"more-link-wrap\">\n\t\t\t\t<a href=\"https:\/\/tolunacorporate.com\/fr\/bilan-de-lannee-2025-et-perspectives-pour-lannee-2026\/\" class=\"post-more-link\">\n\t\t\t\t\tEN SAVOIR PLUS<span class=\"screen-reader-text\"> Bilan de l\u2019ann\u00e9e 2025 et perspectives pour l\u2019ann\u00e9e 2026<\/span><span class=\"toluna-svg-iconset svg-baseline\"><svg width=\"24\" height=\"25\" viewBox=\"0 0 24 25\" fill=\"none\" xmlns=\"http:\/\/www.w3.org\/2000\/svg\"><g clip-path=\"url(#clip0_3349_8828)\"><path d=\"M7.38048 21.9288C7.87048 22.4188 8.66048 22.4188 9.15048 21.9288L17.4605 13.6187C17.8505 13.2287 17.8505 12.5988 17.4605 12.2087L9.15048 3.89875C8.66048 3.40875 7.87048 3.40875 7.38048 3.89875C6.89048 4.38875 6.89048 5.17875 7.38048 5.66875L14.6205 12.9187L7.37048 20.1688C6.89048 20.6488 6.89048 21.4488 7.38048 21.9288Z\" fill=\"#007EE2\"\/><\/g><defs><clipPath id=\"clip0_3349_8828\"><rect width=\"24\" height=\"24\" fill=\"white\" transform=\"translate(0 0.917969)\"\/><\/clipPath><\/defs><\/svg><\/span>\t\t\t\t<\/a>\n\t\t\t<\/p>\n\t\t<\/div><!-- .entry-actions -->\n\t\t<\/footer><!-- .entry-footer -->\n\t<\/div>\n<\/article>\n<article class=\"entry content-bg loop-entry post-51951 post type-post status-publish format-standard has-post-thumbnail hentry category-france-fr tag-poll-2\">\n\t    <!-- toluna-thumbnail-ratio-1-1 -->\n\t\t<a class=\"post-thumbnail\" href=\"https:\/\/tolunacorporate.com\/fr\/barometre-de-confiance-politique-decembre-2025\/\">\n\t\t\t<div class=\"post-thumbnail-inner\">\n\t\t\t\t<img decoding=\"async\" width=\"500\" height=\"500\" src=\"https:\/\/tolunacorporate.com\/wp-content\/uploads\/2025\/08\/Jour-du-vote.png\" class=\"attachment-large size-large wp-post-image\" alt=\"Barom\u00e8tre de confiance politique &#8211; D\u00e9cembre 2025\" srcset=\"https:\/\/tolunacorporate.com\/wp-content\/uploads\/2025\/08\/Jour-du-vote.png 500w, https:\/\/tolunacorporate.com\/wp-content\/uploads\/2025\/08\/Jour-du-vote-300x300.png 300w, https:\/\/tolunacorporate.com\/wp-content\/uploads\/2025\/08\/Jour-du-vote-150x150.png 150w\" sizes=\"(max-width: 500px) 100vw, 500px\" style=\"width:100%;height:100%;max-width:500px;\" \/>\t\t\t<\/div>\n\t\t<\/a><!-- .post-thumbnail -->\n\t\t\t<div class=\"entry-content-wrap\">\n\t\t<header class=\"entry-header\">\n\t\t<div class=\"entry-taxonomies\">\n\t\t\t\t\t\t<span class=\"posted-on\">\n\t\t\t\t\t<svg width=\"20\" height=\"22\" viewBox=\"0 0 20 22\" fill=\"none\" xmlns=\"http:\/\/www.w3.org\/2000\/svg\"><path d=\"M18 2H17V1C17 0.45 16.55 0 16 0C15.45 0 15 0.45 15 1V2H5V1C5 0.45 4.55 0 4 0C3.45 0 3 0.45 3 1V2H2C0.9 2 0 2.9 0 4V20C0 21.1 0.9 22 2 22H18C19.1 22 20 21.1 20 20V4C20 2.9 19.1 2 18 2ZM17 20H3C2.45 20 2 19.55 2 19V7H18V19C18 19.55 17.55 20 17 20Z\" fill=\"#007EE2\"\/><\/svg>\n\t\t\t\t\t<time class=\"entry-date published\" datetime=\"2025-12-26T18:00:00+01:00\">26 D\u00e9c 2025<\/time><time class=\"updated\" datetime=\"2025-12-26T16:59:20+01:00\">26 D\u00e9c 2025<\/time>\t\t\t\t<\/span>\n\t\t\t\t<\/div><!-- .entry-taxonomies -->\n\t<h6 class=\"entry-title\"><a href=\"https:\/\/tolunacorporate.com\/fr\/barometre-de-confiance-politique-decembre-2025\/\" rel=\"bookmark\">Barom\u00e8tre de confiance politique &#8211; D\u00e9cembre 2025<\/a><\/h6><\/header><!-- .entry-header -->\n<footer class=\"entry-footer\">\n\t\t\t<div class=\"entry-actions\">\n\t\t\t<p class=\"more-link-wrap\">\n\t\t\t\t<a href=\"https:\/\/tolunacorporate.com\/fr\/barometre-de-confiance-politique-decembre-2025\/\" class=\"post-more-link\">\n\t\t\t\t\tEN SAVOIR PLUS<span class=\"screen-reader-text\"> Barom\u00e8tre de confiance politique &#8211; D\u00e9cembre 2025<\/span><span class=\"toluna-svg-iconset svg-baseline\"><svg width=\"24\" height=\"25\" viewBox=\"0 0 24 25\" fill=\"none\" xmlns=\"http:\/\/www.w3.org\/2000\/svg\"><g clip-path=\"url(#clip0_3349_8828)\"><path d=\"M7.38048 21.9288C7.87048 22.4188 8.66048 22.4188 9.15048 21.9288L17.4605 13.6187C17.8505 13.2287 17.8505 12.5988 17.4605 12.2087L9.15048 3.89875C8.66048 3.40875 7.87048 3.40875 7.38048 3.89875C6.89048 4.38875 6.89048 5.17875 7.38048 5.66875L14.6205 12.9187L7.37048 20.1688C6.89048 20.6488 6.89048 21.4488 7.38048 21.9288Z\" fill=\"#007EE2\"\/><\/g><defs><clipPath id=\"clip0_3349_8828\"><rect width=\"24\" height=\"24\" fill=\"white\" transform=\"translate(0 0.917969)\"\/><\/clipPath><\/defs><\/svg><\/span>\t\t\t\t<\/a>\n\t\t\t<\/p>\n\t\t<\/div><!-- .entry-actions -->\n\t\t<\/footer><!-- .entry-footer -->\n\t<\/div>\n<\/article>\n<article class=\"entry content-bg loop-entry post-51855 post type-post status-publish format-standard has-post-thumbnail hentry category-france-fr tag-poll-2\">\n\t    <!-- toluna-thumbnail-ratio-1-1 -->\n\t\t<a class=\"post-thumbnail\" href=\"https:\/\/tolunacorporate.com\/fr\/les-francais-et-le-defi-de-janvier\/\">\n\t\t\t<div class=\"post-thumbnail-inner\">\n\t\t\t\t<img decoding=\"async\" width=\"1024\" height=\"1024\" src=\"https:\/\/tolunacorporate.com\/wp-content\/uploads\/2025\/12\/pexels-julia-kuzenkov-442028-1974594-1024x1024.jpg\" class=\"attachment-large size-large wp-post-image\" alt=\"Les Fran\u00e7ais et le D\u00e9fi de janvier\u200b\" srcset=\"https:\/\/tolunacorporate.com\/wp-content\/uploads\/2025\/12\/pexels-julia-kuzenkov-442028-1974594-1024x1024.jpg 1024w, https:\/\/tolunacorporate.com\/wp-content\/uploads\/2025\/12\/pexels-julia-kuzenkov-442028-1974594-300x300.jpg 300w, https:\/\/tolunacorporate.com\/wp-content\/uploads\/2025\/12\/pexels-julia-kuzenkov-442028-1974594-150x150.jpg 150w, https:\/\/tolunacorporate.com\/wp-content\/uploads\/2025\/12\/pexels-julia-kuzenkov-442028-1974594-768x768.jpg 768w, https:\/\/tolunacorporate.com\/wp-content\/uploads\/2025\/12\/pexels-julia-kuzenkov-442028-1974594-1536x1536.jpg 1536w, https:\/\/tolunacorporate.com\/wp-content\/uploads\/2025\/12\/pexels-julia-kuzenkov-442028-1974594-2048x2048.jpg 2048w\" sizes=\"(max-width: 1024px) 100vw, 1024px\" style=\"width:100%;height:100%;max-width:2560px;\" \/>\t\t\t<\/div>\n\t\t<\/a><!-- .post-thumbnail -->\n\t\t\t<div class=\"entry-content-wrap\">\n\t\t<header class=\"entry-header\">\n\t\t<div class=\"entry-taxonomies\">\n\t\t\t\t\t\t<span class=\"posted-on\">\n\t\t\t\t\t<svg width=\"20\" height=\"22\" viewBox=\"0 0 20 22\" fill=\"none\" xmlns=\"http:\/\/www.w3.org\/2000\/svg\"><path d=\"M18 2H17V1C17 0.45 16.55 0 16 0C15.45 0 15 0.45 15 1V2H5V1C5 0.45 4.55 0 4 0C3.45 0 3 0.45 3 1V2H2C0.9 2 0 2.9 0 4V20C0 21.1 0.9 22 2 22H18C19.1 22 20 21.1 20 20V4C20 2.9 19.1 2 18 2ZM17 20H3C2.45 20 2 19.55 2 19V7H18V19C18 19.55 17.55 20 17 20Z\" fill=\"#007EE2\"\/><\/svg>\n\t\t\t\t\t<time class=\"entry-date published\" datetime=\"2025-12-18T13:11:07+01:00\">18 D\u00e9c 2025<\/time><time class=\"updated\" datetime=\"2025-12-18T13:11:09+01:00\">18 D\u00e9c 2025<\/time>\t\t\t\t<\/span>\n\t\t\t\t<\/div><!-- .entry-taxonomies -->\n\t<h6 class=\"entry-title\"><a href=\"https:\/\/tolunacorporate.com\/fr\/les-francais-et-le-defi-de-janvier\/\" rel=\"bookmark\">Les Fran\u00e7ais et le D\u00e9fi de janvier\u200b<\/a><\/h6><\/header><!-- .entry-header -->\n<footer class=\"entry-footer\">\n\t\t\t<div class=\"entry-actions\">\n\t\t\t<p class=\"more-link-wrap\">\n\t\t\t\t<a href=\"https:\/\/tolunacorporate.com\/fr\/les-francais-et-le-defi-de-janvier\/\" class=\"post-more-link\">\n\t\t\t\t\tEN SAVOIR PLUS<span class=\"screen-reader-text\"> Les Fran\u00e7ais et le D\u00e9fi de janvier\u200b<\/span><span class=\"toluna-svg-iconset svg-baseline\"><svg width=\"24\" height=\"25\" viewBox=\"0 0 24 25\" fill=\"none\" xmlns=\"http:\/\/www.w3.org\/2000\/svg\"><g clip-path=\"url(#clip0_3349_8828)\"><path d=\"M7.38048 21.9288C7.87048 22.4188 8.66048 22.4188 9.15048 21.9288L17.4605 13.6187C17.8505 13.2287 17.8505 12.5988 17.4605 12.2087L9.15048 3.89875C8.66048 3.40875 7.87048 3.40875 7.38048 3.89875C6.89048 4.38875 6.89048 5.17875 7.38048 5.66875L14.6205 12.9187L7.37048 20.1688C6.89048 20.6488 6.89048 21.4488 7.38048 21.9288Z\" fill=\"#007EE2\"\/><\/g><defs><clipPath id=\"clip0_3349_8828\"><rect width=\"24\" height=\"24\" fill=\"white\" transform=\"translate(0 0.917969)\"\/><\/clipPath><\/defs><\/svg><\/span>\t\t\t\t<\/a>\n\t\t\t<\/p>\n\t\t<\/div><!-- .entry-actions -->\n\t\t<\/footer><!-- .entry-footer -->\n\t<\/div>\n<\/article>\n<article class=\"entry content-bg loop-entry post-52000 post type-post status-publish format-standard has-post-thumbnail hentry category-france-fr tag-poll-2\">\n\t    <!-- toluna-thumbnail-ratio-1-1 -->\n\t\t<a class=\"post-thumbnail\" href=\"https:\/\/tolunacorporate.com\/fr\/barometre-des-prelevements-fiscaux-et-sociaux-en-france\/\">\n\t\t\t<div class=\"post-thumbnail-inner\">\n\t\t\t\t<img decoding=\"async\" width=\"1024\" height=\"1024\" src=\"https:\/\/tolunacorporate.com\/wp-content\/uploads\/2025\/12\/pexels-leeloothefirst-8970299-1024x1024.jpg\" class=\"attachment-large size-large wp-post-image\" alt=\"Barom\u00e8tre des pr\u00e9l\u00e8vements fiscaux et sociaux en France\" srcset=\"https:\/\/tolunacorporate.com\/wp-content\/uploads\/2025\/12\/pexels-leeloothefirst-8970299-1024x1024.jpg 1024w, https:\/\/tolunacorporate.com\/wp-content\/uploads\/2025\/12\/pexels-leeloothefirst-8970299-300x300.jpg 300w, https:\/\/tolunacorporate.com\/wp-content\/uploads\/2025\/12\/pexels-leeloothefirst-8970299-150x150.jpg 150w, https:\/\/tolunacorporate.com\/wp-content\/uploads\/2025\/12\/pexels-leeloothefirst-8970299-768x768.jpg 768w, https:\/\/tolunacorporate.com\/wp-content\/uploads\/2025\/12\/pexels-leeloothefirst-8970299-1536x1536.jpg 1536w, https:\/\/tolunacorporate.com\/wp-content\/uploads\/2025\/12\/pexels-leeloothefirst-8970299-2048x2048.jpg 2048w\" sizes=\"(max-width: 1024px) 100vw, 1024px\" style=\"width:100%;height:100%;max-width:2560px;\" \/>\t\t\t<\/div>\n\t\t<\/a><!-- .post-thumbnail -->\n\t\t\t<div class=\"entry-content-wrap\">\n\t\t<header class=\"entry-header\">\n\t\t<div class=\"entry-taxonomies\">\n\t\t\t\t\t\t<span class=\"posted-on\">\n\t\t\t\t\t<svg width=\"20\" height=\"22\" viewBox=\"0 0 20 22\" fill=\"none\" xmlns=\"http:\/\/www.w3.org\/2000\/svg\"><path d=\"M18 2H17V1C17 0.45 16.55 0 16 0C15.45 0 15 0.45 15 1V2H5V1C5 0.45 4.55 0 4 0C3.45 0 3 0.45 3 1V2H2C0.9 2 0 2.9 0 4V20C0 21.1 0.9 22 2 22H18C19.1 22 20 21.1 20 20V4C20 2.9 19.1 2 18 2ZM17 20H3C2.45 20 2 19.55 2 19V7H18V19C18 19.55 17.55 20 17 20Z\" fill=\"#007EE2\"\/><\/svg>\n\t\t\t\t\t<time class=\"entry-date published\" datetime=\"2025-12-17T16:05:00+01:00\">17 D\u00e9c 2025<\/time><time class=\"updated\" datetime=\"2025-12-26T17:14:15+01:00\">26 D\u00e9c 2025<\/time>\t\t\t\t<\/span>\n\t\t\t\t<\/div><!-- .entry-taxonomies -->\n\t<h6 class=\"entry-title\"><a href=\"https:\/\/tolunacorporate.com\/fr\/barometre-des-prelevements-fiscaux-et-sociaux-en-france\/\" rel=\"bookmark\">Barom\u00e8tre des pr\u00e9l\u00e8vements fiscaux et sociaux en France<\/a><\/h6><\/header><!-- .entry-header -->\n<footer class=\"entry-footer\">\n\t\t\t<div class=\"entry-actions\">\n\t\t\t<p class=\"more-link-wrap\">\n\t\t\t\t<a href=\"https:\/\/tolunacorporate.com\/fr\/barometre-des-prelevements-fiscaux-et-sociaux-en-france\/\" class=\"post-more-link\">\n\t\t\t\t\tEN SAVOIR PLUS<span class=\"screen-reader-text\"> Barom\u00e8tre des pr\u00e9l\u00e8vements fiscaux et sociaux en France<\/span><span class=\"toluna-svg-iconset svg-baseline\"><svg width=\"24\" height=\"25\" viewBox=\"0 0 24 25\" fill=\"none\" xmlns=\"http:\/\/www.w3.org\/2000\/svg\"><g clip-path=\"url(#clip0_3349_8828)\"><path d=\"M7.38048 21.9288C7.87048 22.4188 8.66048 22.4188 9.15048 21.9288L17.4605 13.6187C17.8505 13.2287 17.8505 12.5988 17.4605 12.2087L9.15048 3.89875C8.66048 3.40875 7.87048 3.40875 7.38048 3.89875C6.89048 4.38875 6.89048 5.17875 7.38048 5.66875L14.6205 12.9187L7.37048 20.1688C6.89048 20.6488 6.89048 21.4488 7.38048 21.9288Z\" fill=\"#007EE2\"\/><\/g><defs><clipPath id=\"clip0_3349_8828\"><rect width=\"24\" height=\"24\" fill=\"white\" transform=\"translate(0 0.917969)\"\/><\/clipPath><\/defs><\/svg><\/span>\t\t\t\t<\/a>\n\t\t\t<\/p>\n\t\t<\/div><!-- .entry-actions -->\n\t\t<\/footer><!-- .entry-footer -->\n\t<\/div>\n<\/article>\n<article class=\"entry content-bg loop-entry post-51749 post type-post status-publish format-standard has-post-thumbnail hentry category-france-fr tag-poll-2\">\n\t    <!-- toluna-thumbnail-ratio-1-1 -->\n\t\t<a class=\"post-thumbnail\" href=\"https:\/\/tolunacorporate.com\/fr\/les-francais-et-le-vote-sur-le-plfss\/\">\n\t\t\t<div class=\"post-thumbnail-inner\">\n\t\t\t\t<img decoding=\"async\" width=\"500\" height=\"500\" src=\"https:\/\/tolunacorporate.com\/wp-content\/uploads\/2025\/08\/Jour-du-vote.png\" class=\"attachment-large size-large wp-post-image\" alt=\"\u200bLes Fran\u00e7ais et\u00a0le vote sur le PLFSS\" srcset=\"https:\/\/tolunacorporate.com\/wp-content\/uploads\/2025\/08\/Jour-du-vote.png 500w, https:\/\/tolunacorporate.com\/wp-content\/uploads\/2025\/08\/Jour-du-vote-300x300.png 300w, https:\/\/tolunacorporate.com\/wp-content\/uploads\/2025\/08\/Jour-du-vote-150x150.png 150w\" sizes=\"(max-width: 500px) 100vw, 500px\" style=\"width:100%;height:100%;max-width:500px;\" \/>\t\t\t<\/div>\n\t\t<\/a><!-- .post-thumbnail -->\n\t\t\t<div class=\"entry-content-wrap\">\n\t\t<header class=\"entry-header\">\n\t\t<div class=\"entry-taxonomies\">\n\t\t\t\t\t\t<span class=\"posted-on\">\n\t\t\t\t\t<svg width=\"20\" height=\"22\" viewBox=\"0 0 20 22\" fill=\"none\" xmlns=\"http:\/\/www.w3.org\/2000\/svg\"><path d=\"M18 2H17V1C17 0.45 16.55 0 16 0C15.45 0 15 0.45 15 1V2H5V1C5 0.45 4.55 0 4 0C3.45 0 3 0.45 3 1V2H2C0.9 2 0 2.9 0 4V20C0 21.1 0.9 22 2 22H18C19.1 22 20 21.1 20 20V4C20 2.9 19.1 2 18 2ZM17 20H3C2.45 20 2 19.55 2 19V7H18V19C18 19.55 17.55 20 17 20Z\" fill=\"#007EE2\"\/><\/svg>\n\t\t\t\t\t<time class=\"entry-date published\" datetime=\"2025-12-10T18:00:00+01:00\">10 D\u00e9c 2025<\/time><time class=\"updated\" datetime=\"2025-12-10T17:27:30+01:00\">10 D\u00e9c 2025<\/time>\t\t\t\t<\/span>\n\t\t\t\t<\/div><!-- .entry-taxonomies -->\n\t<h6 class=\"entry-title\"><a href=\"https:\/\/tolunacorporate.com\/fr\/les-francais-et-le-vote-sur-le-plfss\/\" rel=\"bookmark\">\u200bLes Fran\u00e7ais et\u00a0le vote sur le PLFSS<\/a><\/h6><\/header><!-- .entry-header -->\n<footer class=\"entry-footer\">\n\t\t\t<div class=\"entry-actions\">\n\t\t\t<p class=\"more-link-wrap\">\n\t\t\t\t<a href=\"https:\/\/tolunacorporate.com\/fr\/les-francais-et-le-vote-sur-le-plfss\/\" class=\"post-more-link\">\n\t\t\t\t\tEN SAVOIR PLUS<span class=\"screen-reader-text\"> \u200bLes Fran\u00e7ais et\u00a0le vote sur le PLFSS<\/span><span class=\"toluna-svg-iconset svg-baseline\"><svg width=\"24\" height=\"25\" viewBox=\"0 0 24 25\" fill=\"none\" xmlns=\"http:\/\/www.w3.org\/2000\/svg\"><g clip-path=\"url(#clip0_3349_8828)\"><path d=\"M7.38048 21.9288C7.87048 22.4188 8.66048 22.4188 9.15048 21.9288L17.4605 13.6187C17.8505 13.2287 17.8505 12.5988 17.4605 12.2087L9.15048 3.89875C8.66048 3.40875 7.87048 3.40875 7.38048 3.89875C6.89048 4.38875 6.89048 5.17875 7.38048 5.66875L14.6205 12.9187L7.37048 20.1688C6.89048 20.6488 6.89048 21.4488 7.38048 21.9288Z\" fill=\"#007EE2\"\/><\/g><defs><clipPath id=\"clip0_3349_8828\"><rect width=\"24\" height=\"24\" fill=\"white\" transform=\"translate(0 0.917969)\"\/><\/clipPath><\/defs><\/svg><\/span>\t\t\t\t<\/a>\n\t\t\t<\/p>\n\t\t<\/div><!-- .entry-actions -->\n\t\t<\/footer><!-- .entry-footer -->\n\t<\/div>\n<\/article>\n<article class=\"entry content-bg loop-entry post-51768 post type-post status-publish format-standard has-post-thumbnail hentry category-france-fr tag-poll-2\">\n\t    <!-- toluna-thumbnail-ratio-1-1 -->\n\t\t<a class=\"post-thumbnail\" href=\"https:\/\/tolunacorporate.com\/fr\/les-francais-et-lunion-des-droites\/\">\n\t\t\t<div class=\"post-thumbnail-inner\">\n\t\t\t\t<img decoding=\"async\" width=\"500\" height=\"500\" src=\"https:\/\/tolunacorporate.com\/wp-content\/uploads\/2025\/08\/Jour-du-vote.png\" class=\"attachment-large size-large wp-post-image\" alt=\"\u200bLes Fran\u00e7ais et l\u2019Union des droites\" srcset=\"https:\/\/tolunacorporate.com\/wp-content\/uploads\/2025\/08\/Jour-du-vote.png 500w, https:\/\/tolunacorporate.com\/wp-content\/uploads\/2025\/08\/Jour-du-vote-300x300.png 300w, https:\/\/tolunacorporate.com\/wp-content\/uploads\/2025\/08\/Jour-du-vote-150x150.png 150w\" sizes=\"(max-width: 500px) 100vw, 500px\" style=\"width:100%;height:100%;max-width:500px;\" \/>\t\t\t<\/div>\n\t\t<\/a><!-- .post-thumbnail -->\n\t\t\t<div class=\"entry-content-wrap\">\n\t\t<header class=\"entry-header\">\n\t\t<div class=\"entry-taxonomies\">\n\t\t\t\t\t\t<span class=\"posted-on\">\n\t\t\t\t\t<svg width=\"20\" height=\"22\" viewBox=\"0 0 20 22\" fill=\"none\" xmlns=\"http:\/\/www.w3.org\/2000\/svg\"><path d=\"M18 2H17V1C17 0.45 16.55 0 16 0C15.45 0 15 0.45 15 1V2H5V1C5 0.45 4.55 0 4 0C3.45 0 3 0.45 3 1V2H2C0.9 2 0 2.9 0 4V20C0 21.1 0.9 22 2 22H18C19.1 22 20 21.1 20 20V4C20 2.9 19.1 2 18 2ZM17 20H3C2.45 20 2 19.55 2 19V7H18V19C18 19.55 17.55 20 17 20Z\" fill=\"#007EE2\"\/><\/svg>\n\t\t\t\t\t<time class=\"entry-date published\" datetime=\"2025-12-10T18:00:00+01:00\">10 D\u00e9c 2025<\/time><time class=\"updated\" datetime=\"2025-12-10T17:58:05+01:00\">10 D\u00e9c 2025<\/time>\t\t\t\t<\/span>\n\t\t\t\t<\/div><!-- .entry-taxonomies -->\n\t<h6 class=\"entry-title\"><a href=\"https:\/\/tolunacorporate.com\/fr\/les-francais-et-lunion-des-droites\/\" rel=\"bookmark\">\u200bLes Fran\u00e7ais et l\u2019Union des droites<\/a><\/h6><\/header><!-- .entry-header -->\n<footer class=\"entry-footer\">\n\t\t\t<div class=\"entry-actions\">\n\t\t\t<p class=\"more-link-wrap\">\n\t\t\t\t<a href=\"https:\/\/tolunacorporate.com\/fr\/les-francais-et-lunion-des-droites\/\" class=\"post-more-link\">\n\t\t\t\t\tEN SAVOIR PLUS<span class=\"screen-reader-text\"> \u200bLes Fran\u00e7ais et l\u2019Union des droites<\/span><span class=\"toluna-svg-iconset svg-baseline\"><svg width=\"24\" height=\"25\" viewBox=\"0 0 24 25\" fill=\"none\" xmlns=\"http:\/\/www.w3.org\/2000\/svg\"><g clip-path=\"url(#clip0_3349_8828)\"><path d=\"M7.38048 21.9288C7.87048 22.4188 8.66048 22.4188 9.15048 21.9288L17.4605 13.6187C17.8505 13.2287 17.8505 12.5988 17.4605 12.2087L9.15048 3.89875C8.66048 3.40875 7.87048 3.40875 7.38048 3.89875C6.89048 4.38875 6.89048 5.17875 7.38048 5.66875L14.6205 12.9187L7.37048 20.1688C6.89048 20.6488 6.89048 21.4488 7.38048 21.9288Z\" fill=\"#007EE2\"\/><\/g><defs><clipPath id=\"clip0_3349_8828\"><rect width=\"24\" height=\"24\" fill=\"white\" transform=\"translate(0 0.917969)\"\/><\/clipPath><\/defs><\/svg><\/span>\t\t\t\t<\/a>\n\t\t\t<\/p>\n\t\t<\/div><!-- .entry-actions -->\n\t\t<\/footer><!-- .entry-footer -->\n\t<\/div>\n<\/article>\n<article class=\"entry content-bg loop-entry post-51664 post type-post status-publish format-standard has-post-thumbnail hentry category-france-fr tag-poll-2\">\n\t    <!-- toluna-thumbnail-ratio-1-1 -->\n\t\t<a class=\"post-thumbnail\" href=\"https:\/\/tolunacorporate.com\/fr\/lopinion-des-francais-a-legard-de-la-presidentielle-4\/\">\n\t\t\t<div class=\"post-thumbnail-inner\">\n\t\t\t\t<img decoding=\"async\" width=\"500\" height=\"500\" src=\"https:\/\/tolunacorporate.com\/wp-content\/uploads\/2025\/08\/Jour-du-vote.png\" class=\"attachment-large size-large wp-post-image\" alt=\"L\u2019Opinion des Fran\u00e7ais \u00e0 l\u2019\u00e9gard de la Pr\u00e9sidentielle\" srcset=\"https:\/\/tolunacorporate.com\/wp-content\/uploads\/2025\/08\/Jour-du-vote.png 500w, https:\/\/tolunacorporate.com\/wp-content\/uploads\/2025\/08\/Jour-du-vote-300x300.png 300w, https:\/\/tolunacorporate.com\/wp-content\/uploads\/2025\/08\/Jour-du-vote-150x150.png 150w\" sizes=\"(max-width: 500px) 100vw, 500px\" style=\"width:100%;height:100%;max-width:500px;\" \/>\t\t\t<\/div>\n\t\t<\/a><!-- .post-thumbnail -->\n\t\t\t<div class=\"entry-content-wrap\">\n\t\t<header class=\"entry-header\">\n\t\t<div class=\"entry-taxonomies\">\n\t\t\t\t\t\t<span class=\"posted-on\">\n\t\t\t\t\t<svg width=\"20\" height=\"22\" viewBox=\"0 0 20 22\" fill=\"none\" xmlns=\"http:\/\/www.w3.org\/2000\/svg\"><path d=\"M18 2H17V1C17 0.45 16.55 0 16 0C15.45 0 15 0.45 15 1V2H5V1C5 0.45 4.55 0 4 0C3.45 0 3 0.45 3 1V2H2C0.9 2 0 2.9 0 4V20C0 21.1 0.9 22 2 22H18C19.1 22 20 21.1 20 20V4C20 2.9 19.1 2 18 2ZM17 20H3C2.45 20 2 19.55 2 19V7H18V19C18 19.55 17.55 20 17 20Z\" fill=\"#007EE2\"\/><\/svg>\n\t\t\t\t\t<time class=\"entry-date published\" datetime=\"2025-12-09T08:00:00+01:00\">9 D\u00e9c 2025<\/time><time class=\"updated\" datetime=\"2025-12-09T11:36:19+01:00\">9 D\u00e9c 2025<\/time>\t\t\t\t<\/span>\n\t\t\t\t<\/div><!-- .entry-taxonomies -->\n\t<h6 class=\"entry-title\"><a href=\"https:\/\/tolunacorporate.com\/fr\/lopinion-des-francais-a-legard-de-la-presidentielle-4\/\" rel=\"bookmark\">L\u2019Opinion des Fran\u00e7ais \u00e0 l\u2019\u00e9gard de la Pr\u00e9sidentielle<\/a><\/h6><\/header><!-- .entry-header -->\n<footer class=\"entry-footer\">\n\t\t\t<div class=\"entry-actions\">\n\t\t\t<p class=\"more-link-wrap\">\n\t\t\t\t<a href=\"https:\/\/tolunacorporate.com\/fr\/lopinion-des-francais-a-legard-de-la-presidentielle-4\/\" class=\"post-more-link\">\n\t\t\t\t\tEN SAVOIR PLUS<span class=\"screen-reader-text\"> L\u2019Opinion des Fran\u00e7ais \u00e0 l\u2019\u00e9gard de la Pr\u00e9sidentielle<\/span><span class=\"toluna-svg-iconset svg-baseline\"><svg width=\"24\" height=\"25\" viewBox=\"0 0 24 25\" fill=\"none\" xmlns=\"http:\/\/www.w3.org\/2000\/svg\"><g clip-path=\"url(#clip0_3349_8828)\"><path d=\"M7.38048 21.9288C7.87048 22.4188 8.66048 22.4188 9.15048 21.9288L17.4605 13.6187C17.8505 13.2287 17.8505 12.5988 17.4605 12.2087L9.15048 3.89875C8.66048 3.40875 7.87048 3.40875 7.38048 3.89875C6.89048 4.38875 6.89048 5.17875 7.38048 5.66875L14.6205 12.9187L7.37048 20.1688C6.89048 20.6488 6.89048 21.4488 7.38048 21.9288Z\" fill=\"#007EE2\"\/><\/g><defs><clipPath id=\"clip0_3349_8828\"><rect width=\"24\" height=\"24\" fill=\"white\" transform=\"translate(0 0.917969)\"\/><\/clipPath><\/defs><\/svg><\/span>\t\t\t\t<\/a>\n\t\t\t<\/p>\n\t\t<\/div><!-- .entry-actions -->\n\t\t<\/footer><!-- .entry-footer -->\n\t<\/div>\n<\/article>\n<article class=\"entry content-bg loop-entry post-51644 post type-post status-publish format-standard has-post-thumbnail hentry category-france-fr tag-poll-2\">\n\t    <!-- toluna-thumbnail-ratio-1-1 -->\n\t\t<a class=\"post-thumbnail\" href=\"https:\/\/tolunacorporate.com\/fr\/les-francais-et-la-grossesse\/\">\n\t\t\t<div class=\"post-thumbnail-inner\">\n\t\t\t\t<img decoding=\"async\" width=\"1024\" height=\"1024\" src=\"https:\/\/tolunacorporate.com\/wp-content\/uploads\/2025\/12\/pexels-fotios-photos-2533781-1024x1024.jpg\" class=\"attachment-large size-large wp-post-image\" alt=\"Les Fran\u00e7ais et la grossesse\" srcset=\"https:\/\/tolunacorporate.com\/wp-content\/uploads\/2025\/12\/pexels-fotios-photos-2533781-1024x1024.jpg 1024w, https:\/\/tolunacorporate.com\/wp-content\/uploads\/2025\/12\/pexels-fotios-photos-2533781-300x300.jpg 300w, https:\/\/tolunacorporate.com\/wp-content\/uploads\/2025\/12\/pexels-fotios-photos-2533781-150x150.jpg 150w, https:\/\/tolunacorporate.com\/wp-content\/uploads\/2025\/12\/pexels-fotios-photos-2533781-768x768.jpg 768w, https:\/\/tolunacorporate.com\/wp-content\/uploads\/2025\/12\/pexels-fotios-photos-2533781-1536x1536.jpg 1536w, https:\/\/tolunacorporate.com\/wp-content\/uploads\/2025\/12\/pexels-fotios-photos-2533781-2048x2048.jpg 2048w\" sizes=\"(max-width: 1024px) 100vw, 1024px\" style=\"width:100%;height:100%;max-width:2560px;\" \/>\t\t\t<\/div>\n\t\t<\/a><!-- .post-thumbnail -->\n\t\t\t<div class=\"entry-content-wrap\">\n\t\t<header class=\"entry-header\">\n\t\t<div class=\"entry-taxonomies\">\n\t\t\t\t\t\t<span class=\"posted-on\">\n\t\t\t\t\t<svg width=\"20\" height=\"22\" viewBox=\"0 0 20 22\" fill=\"none\" xmlns=\"http:\/\/www.w3.org\/2000\/svg\"><path d=\"M18 2H17V1C17 0.45 16.55 0 16 0C15.45 0 15 0.45 15 1V2H5V1C5 0.45 4.55 0 4 0C3.45 0 3 0.45 3 1V2H2C0.9 2 0 2.9 0 4V20C0 21.1 0.9 22 2 22H18C19.1 22 20 21.1 20 20V4C20 2.9 19.1 2 18 2ZM17 20H3C2.45 20 2 19.55 2 19V7H18V19C18 19.55 17.55 20 17 20Z\" fill=\"#007EE2\"\/><\/svg>\n\t\t\t\t\t<time class=\"entry-date published\" datetime=\"2025-12-05T14:56:11+01:00\">5 D\u00e9c 2025<\/time><time class=\"updated\" datetime=\"2025-12-05T18:22:27+01:00\">5 D\u00e9c 2025<\/time>\t\t\t\t<\/span>\n\t\t\t\t<\/div><!-- .entry-taxonomies -->\n\t<h6 class=\"entry-title\"><a href=\"https:\/\/tolunacorporate.com\/fr\/les-francais-et-la-grossesse\/\" rel=\"bookmark\">Les Fran\u00e7ais et la grossesse<\/a><\/h6><\/header><!-- .entry-header -->\n<footer class=\"entry-footer\">\n\t\t\t<div class=\"entry-actions\">\n\t\t\t<p class=\"more-link-wrap\">\n\t\t\t\t<a href=\"https:\/\/tolunacorporate.com\/fr\/les-francais-et-la-grossesse\/\" class=\"post-more-link\">\n\t\t\t\t\tEN SAVOIR PLUS<span class=\"screen-reader-text\"> Les Fran\u00e7ais et la grossesse<\/span><span class=\"toluna-svg-iconset svg-baseline\"><svg width=\"24\" height=\"25\" viewBox=\"0 0 24 25\" fill=\"none\" xmlns=\"http:\/\/www.w3.org\/2000\/svg\"><g clip-path=\"url(#clip0_3349_8828)\"><path d=\"M7.38048 21.9288C7.87048 22.4188 8.66048 22.4188 9.15048 21.9288L17.4605 13.6187C17.8505 13.2287 17.8505 12.5988 17.4605 12.2087L9.15048 3.89875C8.66048 3.40875 7.87048 3.40875 7.38048 3.89875C6.89048 4.38875 6.89048 5.17875 7.38048 5.66875L14.6205 12.9187L7.37048 20.1688C6.89048 20.6488 6.89048 21.4488 7.38048 21.9288Z\" fill=\"#007EE2\"\/><\/g><defs><clipPath id=\"clip0_3349_8828\"><rect width=\"24\" height=\"24\" fill=\"white\" transform=\"translate(0 0.917969)\"\/><\/clipPath><\/defs><\/svg><\/span>\t\t\t\t<\/a>\n\t\t\t<\/p>\n\t\t<\/div><!-- .entry-actions -->\n\t\t<\/footer><!-- .entry-footer -->\n\t<\/div>\n<\/article>\n<article class=\"entry content-bg loop-entry post-51633 post type-post status-publish format-standard has-post-thumbnail hentry category-france-fr tag-poll-2\">\n\t    <!-- toluna-thumbnail-ratio-1-1 -->\n\t\t<a class=\"post-thumbnail\" href=\"https:\/\/tolunacorporate.com\/fr\/observatoire-cetelem-auto-2026\/\">\n\t\t\t<div class=\"post-thumbnail-inner\">\n\t\t\t\t<img decoding=\"async\" width=\"1024\" height=\"1024\" src=\"https:\/\/tolunacorporate.com\/wp-content\/uploads\/2025\/12\/pexels-tdcat-70912-1024x1024.jpg\" class=\"attachment-large size-large wp-post-image\" alt=\"Observatoire\u00a0Cetelem\u00a0Auto 2026\" srcset=\"https:\/\/tolunacorporate.com\/wp-content\/uploads\/2025\/12\/pexels-tdcat-70912-1024x1024.jpg 1024w, https:\/\/tolunacorporate.com\/wp-content\/uploads\/2025\/12\/pexels-tdcat-70912-300x300.jpg 300w, https:\/\/tolunacorporate.com\/wp-content\/uploads\/2025\/12\/pexels-tdcat-70912-150x150.jpg 150w, https:\/\/tolunacorporate.com\/wp-content\/uploads\/2025\/12\/pexels-tdcat-70912-768x768.jpg 768w, https:\/\/tolunacorporate.com\/wp-content\/uploads\/2025\/12\/pexels-tdcat-70912-1536x1536.jpg 1536w, https:\/\/tolunacorporate.com\/wp-content\/uploads\/2025\/12\/pexels-tdcat-70912-2048x2048.jpg 2048w\" sizes=\"(max-width: 1024px) 100vw, 1024px\" style=\"width:100%;height:100%;max-width:2560px;\" \/>\t\t\t<\/div>\n\t\t<\/a><!-- .post-thumbnail -->\n\t\t\t<div class=\"entry-content-wrap\">\n\t\t<header class=\"entry-header\">\n\t\t<div class=\"entry-taxonomies\">\n\t\t\t\t\t\t<span class=\"posted-on\">\n\t\t\t\t\t<svg width=\"20\" height=\"22\" viewBox=\"0 0 20 22\" fill=\"none\" xmlns=\"http:\/\/www.w3.org\/2000\/svg\"><path d=\"M18 2H17V1C17 0.45 16.55 0 16 0C15.45 0 15 0.45 15 1V2H5V1C5 0.45 4.55 0 4 0C3.45 0 3 0.45 3 1V2H2C0.9 2 0 2.9 0 4V20C0 21.1 0.9 22 2 22H18C19.1 22 20 21.1 20 20V4C20 2.9 19.1 2 18 2ZM17 20H3C2.45 20 2 19.55 2 19V7H18V19C18 19.55 17.55 20 17 20Z\" fill=\"#007EE2\"\/><\/svg>\n\t\t\t\t\t<time class=\"entry-date published\" datetime=\"2025-12-02T16:42:49+01:00\">2 D\u00e9c 2025<\/time><time class=\"updated\" datetime=\"2025-12-03T15:21:07+01:00\">3 D\u00e9c 2025<\/time>\t\t\t\t<\/span>\n\t\t\t\t<\/div><!-- .entry-taxonomies -->\n\t<h6 class=\"entry-title\"><a href=\"https:\/\/tolunacorporate.com\/fr\/observatoire-cetelem-auto-2026\/\" rel=\"bookmark\">Observatoire\u00a0Cetelem\u00a0Auto 2026<\/a><\/h6><\/header><!-- .entry-header -->\n<footer class=\"entry-footer\">\n\t\t\t<div class=\"entry-actions\">\n\t\t\t<p class=\"more-link-wrap\">\n\t\t\t\t<a href=\"https:\/\/tolunacorporate.com\/fr\/observatoire-cetelem-auto-2026\/\" class=\"post-more-link\">\n\t\t\t\t\tEN SAVOIR PLUS<span class=\"screen-reader-text\"> Observatoire\u00a0Cetelem\u00a0Auto 2026<\/span><span class=\"toluna-svg-iconset svg-baseline\"><svg width=\"24\" height=\"25\" viewBox=\"0 0 24 25\" fill=\"none\" xmlns=\"http:\/\/www.w3.org\/2000\/svg\"><g clip-path=\"url(#clip0_3349_8828)\"><path d=\"M7.38048 21.9288C7.87048 22.4188 8.66048 22.4188 9.15048 21.9288L17.4605 13.6187C17.8505 13.2287 17.8505 12.5988 17.4605 12.2087L9.15048 3.89875C8.66048 3.40875 7.87048 3.40875 7.38048 3.89875C6.89048 4.38875 6.89048 5.17875 7.38048 5.66875L14.6205 12.9187L7.37048 20.1688C6.89048 20.6488 6.89048 21.4488 7.38048 21.9288Z\" fill=\"#007EE2\"\/><\/g><defs><clipPath id=\"clip0_3349_8828\"><rect width=\"24\" height=\"24\" fill=\"white\" transform=\"translate(0 0.917969)\"\/><\/clipPath><\/defs><\/svg><\/span>\t\t\t\t<\/a>\n\t\t\t<\/p>\n\t\t<\/div><!-- .entry-actions -->\n\t\t<\/footer><!-- .entry-footer -->\n\t<\/div>\n<\/article>\n<article class=\"entry content-bg loop-entry post-51491 post type-post status-publish format-standard has-post-thumbnail hentry category-france-fr tag-poll-2\">\n\t    <!-- toluna-thumbnail-ratio-1-1 -->\n\t\t<a class=\"post-thumbnail\" href=\"https:\/\/tolunacorporate.com\/fr\/barometre-des-comportements-numeriques-vague-5\/\">\n\t\t\t<div class=\"post-thumbnail-inner\">\n\t\t\t\t<img decoding=\"async\" width=\"1024\" height=\"1024\" src=\"https:\/\/tolunacorporate.com\/wp-content\/uploads\/2025\/11\/marvin-meyer-SYTO3xs06fU-unsplash-1024x1024.jpg\" class=\"attachment-large size-large wp-post-image\" alt=\"Barom\u00e8tre des comportements num\u00e9riques &#8211; Vague 5\" srcset=\"https:\/\/tolunacorporate.com\/wp-content\/uploads\/2025\/11\/marvin-meyer-SYTO3xs06fU-unsplash-1024x1024.jpg 1024w, https:\/\/tolunacorporate.com\/wp-content\/uploads\/2025\/11\/marvin-meyer-SYTO3xs06fU-unsplash-300x300.jpg 300w, https:\/\/tolunacorporate.com\/wp-content\/uploads\/2025\/11\/marvin-meyer-SYTO3xs06fU-unsplash-150x150.jpg 150w, https:\/\/tolunacorporate.com\/wp-content\/uploads\/2025\/11\/marvin-meyer-SYTO3xs06fU-unsplash-768x768.jpg 768w, https:\/\/tolunacorporate.com\/wp-content\/uploads\/2025\/11\/marvin-meyer-SYTO3xs06fU-unsplash-1536x1536.jpg 1536w, https:\/\/tolunacorporate.com\/wp-content\/uploads\/2025\/11\/marvin-meyer-SYTO3xs06fU-unsplash-2048x2048.jpg 2048w\" sizes=\"(max-width: 1024px) 100vw, 1024px\" style=\"width:100%;height:100%;max-width:2560px;\" \/>\t\t\t<\/div>\n\t\t<\/a><!-- .post-thumbnail -->\n\t\t\t<div class=\"entry-content-wrap\">\n\t\t<header class=\"entry-header\">\n\t\t<div class=\"entry-taxonomies\">\n\t\t\t\t\t\t<span class=\"posted-on\">\n\t\t\t\t\t<svg width=\"20\" height=\"22\" viewBox=\"0 0 20 22\" fill=\"none\" xmlns=\"http:\/\/www.w3.org\/2000\/svg\"><path d=\"M18 2H17V1C17 0.45 16.55 0 16 0C15.45 0 15 0.45 15 1V2H5V1C5 0.45 4.55 0 4 0C3.45 0 3 0.45 3 1V2H2C0.9 2 0 2.9 0 4V20C0 21.1 0.9 22 2 22H18C19.1 22 20 21.1 20 20V4C20 2.9 19.1 2 18 2ZM17 20H3C2.45 20 2 19.55 2 19V7H18V19C18 19.55 17.55 20 17 20Z\" fill=\"#007EE2\"\/><\/svg>\n\t\t\t\t\t<time class=\"entry-date published\" datetime=\"2025-11-28T15:45:14+01:00\">28 Nov 2025<\/time><time class=\"updated\" datetime=\"2025-11-28T15:45:15+01:00\">28 Nov 2025<\/time>\t\t\t\t<\/span>\n\t\t\t\t<\/div><!-- .entry-taxonomies -->\n\t<h6 class=\"entry-title\"><a href=\"https:\/\/tolunacorporate.com\/fr\/barometre-des-comportements-numeriques-vague-5\/\" rel=\"bookmark\">Barom\u00e8tre des comportements num\u00e9riques &#8211; Vague 5<\/a><\/h6><\/header><!-- .entry-header -->\n<footer class=\"entry-footer\">\n\t\t\t<div class=\"entry-actions\">\n\t\t\t<p class=\"more-link-wrap\">\n\t\t\t\t<a href=\"https:\/\/tolunacorporate.com\/fr\/barometre-des-comportements-numeriques-vague-5\/\" class=\"post-more-link\">\n\t\t\t\t\tEN SAVOIR PLUS<span class=\"screen-reader-text\"> Barom\u00e8tre des comportements num\u00e9riques &#8211; Vague 5<\/span><span class=\"toluna-svg-iconset svg-baseline\"><svg width=\"24\" height=\"25\" viewBox=\"0 0 24 25\" fill=\"none\" xmlns=\"http:\/\/www.w3.org\/2000\/svg\"><g clip-path=\"url(#clip0_3349_8828)\"><path d=\"M7.38048 21.9288C7.87048 22.4188 8.66048 22.4188 9.15048 21.9288L17.4605 13.6187C17.8505 13.2287 17.8505 12.5988 17.4605 12.2087L9.15048 3.89875C8.66048 3.40875 7.87048 3.40875 7.38048 3.89875C6.89048 4.38875 6.89048 5.17875 7.38048 5.66875L14.6205 12.9187L7.37048 20.1688C6.89048 20.6488 6.89048 21.4488 7.38048 21.9288Z\" fill=\"#007EE2\"\/><\/g><defs><clipPath id=\"clip0_3349_8828\"><rect width=\"24\" height=\"24\" fill=\"white\" transform=\"translate(0 0.917969)\"\/><\/clipPath><\/defs><\/svg><\/span>\t\t\t\t<\/a>\n\t\t\t<\/p>\n\t\t<\/div><!-- .entry-actions -->\n\t\t<\/footer><!-- .entry-footer -->\n\t<\/div>\n<\/article>\n<article class=\"entry content-bg loop-entry post-51359 post type-post status-publish format-standard has-post-thumbnail hentry category-france-fr tag-poll-2\">\n\t    <!-- toluna-thumbnail-ratio-1-1 -->\n\t\t<a class=\"post-thumbnail\" href=\"https:\/\/tolunacorporate.com\/fr\/les-francais-la-collecte-des-dechets-et-le-reemploi\/\">\n\t\t\t<div class=\"post-thumbnail-inner\">\n\t\t\t\t<img decoding=\"async\" width=\"1024\" height=\"1024\" src=\"https:\/\/tolunacorporate.com\/wp-content\/uploads\/2025\/11\/pexels-julia-m-cameron-6995367-1024x1024.jpg\" class=\"attachment-large size-large wp-post-image\" alt=\"\u200bLes Fran\u00e7ais, la collecte des d\u00e9chets et le r\u00e9emploi\u200b\" srcset=\"https:\/\/tolunacorporate.com\/wp-content\/uploads\/2025\/11\/pexels-julia-m-cameron-6995367-1024x1024.jpg 1024w, https:\/\/tolunacorporate.com\/wp-content\/uploads\/2025\/11\/pexels-julia-m-cameron-6995367-300x300.jpg 300w, https:\/\/tolunacorporate.com\/wp-content\/uploads\/2025\/11\/pexels-julia-m-cameron-6995367-150x150.jpg 150w, https:\/\/tolunacorporate.com\/wp-content\/uploads\/2025\/11\/pexels-julia-m-cameron-6995367-768x768.jpg 768w, https:\/\/tolunacorporate.com\/wp-content\/uploads\/2025\/11\/pexels-julia-m-cameron-6995367-1536x1536.jpg 1536w, https:\/\/tolunacorporate.com\/wp-content\/uploads\/2025\/11\/pexels-julia-m-cameron-6995367-2048x2048.jpg 2048w\" sizes=\"(max-width: 1024px) 100vw, 1024px\" style=\"width:100%;height:100%;max-width:2560px;\" \/>\t\t\t<\/div>\n\t\t<\/a><!-- .post-thumbnail -->\n\t\t\t<div class=\"entry-content-wrap\">\n\t\t<header class=\"entry-header\">\n\t\t<div class=\"entry-taxonomies\">\n\t\t\t\t\t\t<span class=\"posted-on\">\n\t\t\t\t\t<svg width=\"20\" height=\"22\" viewBox=\"0 0 20 22\" fill=\"none\" xmlns=\"http:\/\/www.w3.org\/2000\/svg\"><path d=\"M18 2H17V1C17 0.45 16.55 0 16 0C15.45 0 15 0.45 15 1V2H5V1C5 0.45 4.55 0 4 0C3.45 0 3 0.45 3 1V2H2C0.9 2 0 2.9 0 4V20C0 21.1 0.9 22 2 22H18C19.1 22 20 21.1 20 20V4C20 2.9 19.1 2 18 2ZM17 20H3C2.45 20 2 19.55 2 19V7H18V19C18 19.55 17.55 20 17 20Z\" fill=\"#007EE2\"\/><\/svg>\n\t\t\t\t\t<time class=\"entry-date published\" datetime=\"2025-11-27T09:30:00+01:00\">27 Nov 2025<\/time><time class=\"updated\" datetime=\"2025-11-26T18:30:50+01:00\">26 Nov 2025<\/time>\t\t\t\t<\/span>\n\t\t\t\t<\/div><!-- .entry-taxonomies -->\n\t<h6 class=\"entry-title\"><a href=\"https:\/\/tolunacorporate.com\/fr\/les-francais-la-collecte-des-dechets-et-le-reemploi\/\" rel=\"bookmark\">\u200bLes Fran\u00e7ais, la collecte des d\u00e9chets et le r\u00e9emploi\u200b<\/a><\/h6><\/header><!-- .entry-header -->\n<footer class=\"entry-footer\">\n\t\t\t<div class=\"entry-actions\">\n\t\t\t<p class=\"more-link-wrap\">\n\t\t\t\t<a href=\"https:\/\/tolunacorporate.com\/fr\/les-francais-la-collecte-des-dechets-et-le-reemploi\/\" class=\"post-more-link\">\n\t\t\t\t\tEN SAVOIR PLUS<span class=\"screen-reader-text\"> \u200bLes Fran\u00e7ais, la collecte des d\u00e9chets et le r\u00e9emploi\u200b<\/span><span class=\"toluna-svg-iconset svg-baseline\"><svg width=\"24\" height=\"25\" viewBox=\"0 0 24 25\" fill=\"none\" xmlns=\"http:\/\/www.w3.org\/2000\/svg\"><g clip-path=\"url(#clip0_3349_8828)\"><path d=\"M7.38048 21.9288C7.87048 22.4188 8.66048 22.4188 9.15048 21.9288L17.4605 13.6187C17.8505 13.2287 17.8505 12.5988 17.4605 12.2087L9.15048 3.89875C8.66048 3.40875 7.87048 3.40875 7.38048 3.89875C6.89048 4.38875 6.89048 5.17875 7.38048 5.66875L14.6205 12.9187L7.37048 20.1688C6.89048 20.6488 6.89048 21.4488 7.38048 21.9288Z\" fill=\"#007EE2\"\/><\/g><defs><clipPath id=\"clip0_3349_8828\"><rect width=\"24\" height=\"24\" fill=\"white\" transform=\"translate(0 0.917969)\"\/><\/clipPath><\/defs><\/svg><\/span>\t\t\t\t<\/a>\n\t\t\t<\/p>\n\t\t<\/div><!-- .entry-actions -->\n\t\t<\/footer><!-- .entry-footer -->\n\t<\/div>\n<\/article>\n<article class=\"entry content-bg loop-entry post-51193 post type-post status-publish format-standard has-post-thumbnail hentry category-france-fr tag-poll-2\">\n\t    <!-- toluna-thumbnail-ratio-1-1 -->\n\t\t<a class=\"post-thumbnail\" href=\"https:\/\/tolunacorporate.com\/fr\/la-place-du-covoiturage-domicile-travail-dans-loffre-de-transport\/\">\n\t\t\t<div class=\"post-thumbnail-inner\">\n\t\t\t\t<img decoding=\"async\" width=\"1024\" height=\"1024\" src=\"https:\/\/tolunacorporate.com\/wp-content\/uploads\/2025\/11\/pexels-adrien-olichon-1257089-3767206-1024x1024.jpg\" class=\"attachment-large size-large wp-post-image\" alt=\"La place du covoiturage domicile-travail dans l\u2019offre de transport\" srcset=\"https:\/\/tolunacorporate.com\/wp-content\/uploads\/2025\/11\/pexels-adrien-olichon-1257089-3767206-1024x1024.jpg 1024w, https:\/\/tolunacorporate.com\/wp-content\/uploads\/2025\/11\/pexels-adrien-olichon-1257089-3767206-300x300.jpg 300w, https:\/\/tolunacorporate.com\/wp-content\/uploads\/2025\/11\/pexels-adrien-olichon-1257089-3767206-150x150.jpg 150w, https:\/\/tolunacorporate.com\/wp-content\/uploads\/2025\/11\/pexels-adrien-olichon-1257089-3767206-768x768.jpg 768w, https:\/\/tolunacorporate.com\/wp-content\/uploads\/2025\/11\/pexels-adrien-olichon-1257089-3767206-1536x1536.jpg 1536w, https:\/\/tolunacorporate.com\/wp-content\/uploads\/2025\/11\/pexels-adrien-olichon-1257089-3767206-2048x2048.jpg 2048w\" sizes=\"(max-width: 1024px) 100vw, 1024px\" style=\"width:100%;height:100%;max-width:2560px;\" \/>\t\t\t<\/div>\n\t\t<\/a><!-- .post-thumbnail -->\n\t\t\t<div class=\"entry-content-wrap\">\n\t\t<header class=\"entry-header\">\n\t\t<div class=\"entry-taxonomies\">\n\t\t\t\t\t\t<span class=\"posted-on\">\n\t\t\t\t\t<svg width=\"20\" height=\"22\" viewBox=\"0 0 20 22\" fill=\"none\" xmlns=\"http:\/\/www.w3.org\/2000\/svg\"><path d=\"M18 2H17V1C17 0.45 16.55 0 16 0C15.45 0 15 0.45 15 1V2H5V1C5 0.45 4.55 0 4 0C3.45 0 3 0.45 3 1V2H2C0.9 2 0 2.9 0 4V20C0 21.1 0.9 22 2 22H18C19.1 22 20 21.1 20 20V4C20 2.9 19.1 2 18 2ZM17 20H3C2.45 20 2 19.55 2 19V7H18V19C18 19.55 17.55 20 17 20Z\" fill=\"#007EE2\"\/><\/svg>\n\t\t\t\t\t<time class=\"entry-date published\" datetime=\"2025-11-18T18:00:40+01:00\">18 Nov 2025<\/time><time class=\"updated\" datetime=\"2025-11-19T11:05:41+01:00\">19 Nov 2025<\/time>\t\t\t\t<\/span>\n\t\t\t\t<\/div><!-- .entry-taxonomies -->\n\t<h6 class=\"entry-title\"><a href=\"https:\/\/tolunacorporate.com\/fr\/la-place-du-covoiturage-domicile-travail-dans-loffre-de-transport\/\" rel=\"bookmark\">La place du covoiturage domicile-travail dans l\u2019offre de transport<\/a><\/h6><\/header><!-- .entry-header -->\n<footer class=\"entry-footer\">\n\t\t\t<div class=\"entry-actions\">\n\t\t\t<p class=\"more-link-wrap\">\n\t\t\t\t<a href=\"https:\/\/tolunacorporate.com\/fr\/la-place-du-covoiturage-domicile-travail-dans-loffre-de-transport\/\" class=\"post-more-link\">\n\t\t\t\t\tEN SAVOIR PLUS<span class=\"screen-reader-text\"> La place du covoiturage domicile-travail dans l\u2019offre de transport<\/span><span class=\"toluna-svg-iconset svg-baseline\"><svg width=\"24\" height=\"25\" viewBox=\"0 0 24 25\" fill=\"none\" xmlns=\"http:\/\/www.w3.org\/2000\/svg\"><g clip-path=\"url(#clip0_3349_8828)\"><path d=\"M7.38048 21.9288C7.87048 22.4188 8.66048 22.4188 9.15048 21.9288L17.4605 13.6187C17.8505 13.2287 17.8505 12.5988 17.4605 12.2087L9.15048 3.89875C8.66048 3.40875 7.87048 3.40875 7.38048 3.89875C6.89048 4.38875 6.89048 5.17875 7.38048 5.66875L14.6205 12.9187L7.37048 20.1688C6.89048 20.6488 6.89048 21.4488 7.38048 21.9288Z\" fill=\"#007EE2\"\/><\/g><defs><clipPath id=\"clip0_3349_8828\"><rect width=\"24\" height=\"24\" fill=\"white\" transform=\"translate(0 0.917969)\"\/><\/clipPath><\/defs><\/svg><\/span>\t\t\t\t<\/a>\n\t\t\t<\/p>\n\t\t<\/div><!-- .entry-actions -->\n\t\t<\/footer><!-- .entry-footer -->\n\t<\/div>\n<\/article>\n<article class=\"entry content-bg loop-entry post-51154 post type-post status-publish format-standard has-post-thumbnail hentry category-france-fr tag-poll-2\">\n\t    <!-- toluna-thumbnail-ratio-1-1 -->\n\t\t<a class=\"post-thumbnail\" href=\"https:\/\/tolunacorporate.com\/fr\/regard-des-francais-sur-les-enjeux-lies-au-vapotage-vague-9\/\">\n\t\t\t<div class=\"post-thumbnail-inner\">\n\t\t\t\t<img decoding=\"async\" width=\"293\" height=\"294\" src=\"https:\/\/tolunacorporate.com\/wp-content\/uploads\/2025\/05\/Regard-des-Francais-sur-les-enjeux-lies-au-vapotage.jpg\" class=\"attachment-large size-large wp-post-image\" alt=\"Regard des Fran\u00e7ais sur\u00a0les enjeux li\u00e9s au vapotage &#8211; Vague 9\" srcset=\"https:\/\/tolunacorporate.com\/wp-content\/uploads\/2025\/05\/Regard-des-Francais-sur-les-enjeux-lies-au-vapotage.jpg 293w, https:\/\/tolunacorporate.com\/wp-content\/uploads\/2025\/05\/Regard-des-Francais-sur-les-enjeux-lies-au-vapotage-150x150.jpg 150w\" sizes=\"(max-width: 293px) 100vw, 293px\" style=\"width:100%;height:100.34%;max-width:293px;\" \/>\t\t\t<\/div>\n\t\t<\/a><!-- .post-thumbnail -->\n\t\t\t<div class=\"entry-content-wrap\">\n\t\t<header class=\"entry-header\">\n\t\t<div class=\"entry-taxonomies\">\n\t\t\t\t\t\t<span class=\"posted-on\">\n\t\t\t\t\t<svg width=\"20\" height=\"22\" viewBox=\"0 0 20 22\" fill=\"none\" xmlns=\"http:\/\/www.w3.org\/2000\/svg\"><path d=\"M18 2H17V1C17 0.45 16.55 0 16 0C15.45 0 15 0.45 15 1V2H5V1C5 0.45 4.55 0 4 0C3.45 0 3 0.45 3 1V2H2C0.9 2 0 2.9 0 4V20C0 21.1 0.9 22 2 22H18C19.1 22 20 21.1 20 20V4C20 2.9 19.1 2 18 2ZM17 20H3C2.45 20 2 19.55 2 19V7H18V19C18 19.55 17.55 20 17 20Z\" fill=\"#007EE2\"\/><\/svg>\n\t\t\t\t\t<time class=\"entry-date published\" datetime=\"2025-11-13T14:44:27+01:00\">13 Nov 2025<\/time><time class=\"updated\" datetime=\"2025-11-13T16:34:46+01:00\">13 Nov 2025<\/time>\t\t\t\t<\/span>\n\t\t\t\t<\/div><!-- .entry-taxonomies -->\n\t<h6 class=\"entry-title\"><a href=\"https:\/\/tolunacorporate.com\/fr\/regard-des-francais-sur-les-enjeux-lies-au-vapotage-vague-9\/\" rel=\"bookmark\">Regard des Fran\u00e7ais sur\u00a0les enjeux li\u00e9s au vapotage &#8211; Vague 9<\/a><\/h6><\/header><!-- .entry-header -->\n<footer class=\"entry-footer\">\n\t\t\t<div class=\"entry-actions\">\n\t\t\t<p class=\"more-link-wrap\">\n\t\t\t\t<a href=\"https:\/\/tolunacorporate.com\/fr\/regard-des-francais-sur-les-enjeux-lies-au-vapotage-vague-9\/\" class=\"post-more-link\">\n\t\t\t\t\tEN SAVOIR PLUS<span class=\"screen-reader-text\"> Regard des Fran\u00e7ais sur\u00a0les enjeux li\u00e9s au vapotage &#8211; Vague 9<\/span><span class=\"toluna-svg-iconset svg-baseline\"><svg width=\"24\" height=\"25\" viewBox=\"0 0 24 25\" fill=\"none\" xmlns=\"http:\/\/www.w3.org\/2000\/svg\"><g clip-path=\"url(#clip0_3349_8828)\"><path d=\"M7.38048 21.9288C7.87048 22.4188 8.66048 22.4188 9.15048 21.9288L17.4605 13.6187C17.8505 13.2287 17.8505 12.5988 17.4605 12.2087L9.15048 3.89875C8.66048 3.40875 7.87048 3.40875 7.38048 3.89875C6.89048 4.38875 6.89048 5.17875 7.38048 5.66875L14.6205 12.9187L7.37048 20.1688C6.89048 20.6488 6.89048 21.4488 7.38048 21.9288Z\" fill=\"#007EE2\"\/><\/g><defs><clipPath id=\"clip0_3349_8828\"><rect width=\"24\" height=\"24\" fill=\"white\" transform=\"translate(0 0.917969)\"\/><\/clipPath><\/defs><\/svg><\/span>\t\t\t\t<\/a>\n\t\t\t<\/p>\n\t\t<\/div><!-- .entry-actions -->\n\t\t<\/footer><!-- .entry-footer -->\n\t<\/div>\n<\/article>\n<article class=\"entry content-bg loop-entry post-50975 post type-post status-publish format-standard has-post-thumbnail hentry category-france-fr tag-poll-2\">\n\t    <!-- toluna-thumbnail-ratio-1-1 -->\n\t\t<a class=\"post-thumbnail\" href=\"https:\/\/tolunacorporate.com\/fr\/ladolescence-et-la-puberte\/\">\n\t\t\t<div class=\"post-thumbnail-inner\">\n\t\t\t\t<img decoding=\"async\" width=\"1024\" height=\"1024\" src=\"https:\/\/tolunacorporate.com\/wp-content\/uploads\/2025\/11\/pexels-max-fischer-5212658-1024x1024.jpg\" class=\"attachment-large size-large wp-post-image\" alt=\"L\u2019adolescence et la pubert\u00e9\u200b\" srcset=\"https:\/\/tolunacorporate.com\/wp-content\/uploads\/2025\/11\/pexels-max-fischer-5212658-1024x1024.jpg 1024w, https:\/\/tolunacorporate.com\/wp-content\/uploads\/2025\/11\/pexels-max-fischer-5212658-300x300.jpg 300w, https:\/\/tolunacorporate.com\/wp-content\/uploads\/2025\/11\/pexels-max-fischer-5212658-150x150.jpg 150w, https:\/\/tolunacorporate.com\/wp-content\/uploads\/2025\/11\/pexels-max-fischer-5212658-768x768.jpg 768w, https:\/\/tolunacorporate.com\/wp-content\/uploads\/2025\/11\/pexels-max-fischer-5212658-1536x1536.jpg 1536w, https:\/\/tolunacorporate.com\/wp-content\/uploads\/2025\/11\/pexels-max-fischer-5212658-2048x2048.jpg 2048w\" sizes=\"(max-width: 1024px) 100vw, 1024px\" style=\"width:100%;height:100%;max-width:2560px;\" \/>\t\t\t<\/div>\n\t\t<\/a><!-- .post-thumbnail -->\n\t\t\t<div class=\"entry-content-wrap\">\n\t\t<header class=\"entry-header\">\n\t\t<div class=\"entry-taxonomies\">\n\t\t\t\t\t\t<span class=\"posted-on\">\n\t\t\t\t\t<svg width=\"20\" height=\"22\" viewBox=\"0 0 20 22\" fill=\"none\" xmlns=\"http:\/\/www.w3.org\/2000\/svg\"><path d=\"M18 2H17V1C17 0.45 16.55 0 16 0C15.45 0 15 0.45 15 1V2H5V1C5 0.45 4.55 0 4 0C3.45 0 3 0.45 3 1V2H2C0.9 2 0 2.9 0 4V20C0 21.1 0.9 22 2 22H18C19.1 22 20 21.1 20 20V4C20 2.9 19.1 2 18 2ZM17 20H3C2.45 20 2 19.55 2 19V7H18V19C18 19.55 17.55 20 17 20Z\" fill=\"#007EE2\"\/><\/svg>\n\t\t\t\t\t<time class=\"entry-date published\" datetime=\"2025-11-07T11:00:00+01:00\">7 Nov 2025<\/time><time class=\"updated\" datetime=\"2025-11-06T17:13:12+01:00\">6 Nov 2025<\/time>\t\t\t\t<\/span>\n\t\t\t\t<\/div><!-- .entry-taxonomies -->\n\t<h6 class=\"entry-title\"><a href=\"https:\/\/tolunacorporate.com\/fr\/ladolescence-et-la-puberte\/\" rel=\"bookmark\">L\u2019adolescence et la pubert\u00e9\u200b<\/a><\/h6><\/header><!-- .entry-header -->\n<footer class=\"entry-footer\">\n\t\t\t<div class=\"entry-actions\">\n\t\t\t<p class=\"more-link-wrap\">\n\t\t\t\t<a href=\"https:\/\/tolunacorporate.com\/fr\/ladolescence-et-la-puberte\/\" class=\"post-more-link\">\n\t\t\t\t\tEN SAVOIR PLUS<span class=\"screen-reader-text\"> L\u2019adolescence et la pubert\u00e9\u200b<\/span><span class=\"toluna-svg-iconset svg-baseline\"><svg width=\"24\" height=\"25\" viewBox=\"0 0 24 25\" fill=\"none\" xmlns=\"http:\/\/www.w3.org\/2000\/svg\"><g clip-path=\"url(#clip0_3349_8828)\"><path d=\"M7.38048 21.9288C7.87048 22.4188 8.66048 22.4188 9.15048 21.9288L17.4605 13.6187C17.8505 13.2287 17.8505 12.5988 17.4605 12.2087L9.15048 3.89875C8.66048 3.40875 7.87048 3.40875 7.38048 3.89875C6.89048 4.38875 6.89048 5.17875 7.38048 5.66875L14.6205 12.9187L7.37048 20.1688C6.89048 20.6488 6.89048 21.4488 7.38048 21.9288Z\" fill=\"#007EE2\"\/><\/g><defs><clipPath id=\"clip0_3349_8828\"><rect width=\"24\" height=\"24\" fill=\"white\" transform=\"translate(0 0.917969)\"\/><\/clipPath><\/defs><\/svg><\/span>\t\t\t\t<\/a>\n\t\t\t<\/p>\n\t\t<\/div><!-- .entry-actions -->\n\t\t<\/footer><!-- .entry-footer -->\n\t<\/div>\n<\/article>\n<article class=\"entry content-bg loop-entry post-50880 post type-post status-publish format-standard has-post-thumbnail hentry category-france-fr tag-poll-2\">\n\t    <!-- toluna-thumbnail-ratio-1-1 -->\n\t\t<a class=\"post-thumbnail\" href=\"https:\/\/tolunacorporate.com\/fr\/barometre-de-confiance-politique-octobre-2025\/\">\n\t\t\t<div class=\"post-thumbnail-inner\">\n\t\t\t\t<img decoding=\"async\" width=\"500\" height=\"500\" src=\"https:\/\/tolunacorporate.com\/wp-content\/uploads\/2025\/08\/Jour-du-vote.png\" class=\"attachment-large size-large wp-post-image\" alt=\"Barom\u00e8tre de confiance politique &#8211; Octobre 2025\" srcset=\"https:\/\/tolunacorporate.com\/wp-content\/uploads\/2025\/08\/Jour-du-vote.png 500w, https:\/\/tolunacorporate.com\/wp-content\/uploads\/2025\/08\/Jour-du-vote-300x300.png 300w, https:\/\/tolunacorporate.com\/wp-content\/uploads\/2025\/08\/Jour-du-vote-150x150.png 150w\" sizes=\"(max-width: 500px) 100vw, 500px\" style=\"width:100%;height:100%;max-width:500px;\" \/>\t\t\t<\/div>\n\t\t<\/a><!-- .post-thumbnail -->\n\t\t\t<div class=\"entry-content-wrap\">\n\t\t<header class=\"entry-header\">\n\t\t<div class=\"entry-taxonomies\">\n\t\t\t\t\t\t<span class=\"posted-on\">\n\t\t\t\t\t<svg width=\"20\" height=\"22\" viewBox=\"0 0 20 22\" fill=\"none\" xmlns=\"http:\/\/www.w3.org\/2000\/svg\"><path d=\"M18 2H17V1C17 0.45 16.55 0 16 0C15.45 0 15 0.45 15 1V2H5V1C5 0.45 4.55 0 4 0C3.45 0 3 0.45 3 1V2H2C0.9 2 0 2.9 0 4V20C0 21.1 0.9 22 2 22H18C19.1 22 20 21.1 20 20V4C20 2.9 19.1 2 18 2ZM17 20H3C2.45 20 2 19.55 2 19V7H18V19C18 19.55 17.55 20 17 20Z\" fill=\"#007EE2\"\/><\/svg>\n\t\t\t\t\t<time class=\"entry-date published\" datetime=\"2025-10-31T18:00:00+01:00\">31 Oct 2025<\/time><time class=\"updated\" datetime=\"2025-11-07T15:25:21+01:00\">7 Nov 2025<\/time>\t\t\t\t<\/span>\n\t\t\t\t<\/div><!-- .entry-taxonomies -->\n\t<h6 class=\"entry-title\"><a href=\"https:\/\/tolunacorporate.com\/fr\/barometre-de-confiance-politique-octobre-2025\/\" rel=\"bookmark\">Barom\u00e8tre de confiance politique &#8211; Octobre 2025<\/a><\/h6><\/header><!-- .entry-header -->\n<footer class=\"entry-footer\">\n\t\t\t<div class=\"entry-actions\">\n\t\t\t<p class=\"more-link-wrap\">\n\t\t\t\t<a href=\"https:\/\/tolunacorporate.com\/fr\/barometre-de-confiance-politique-octobre-2025\/\" class=\"post-more-link\">\n\t\t\t\t\tEN SAVOIR PLUS<span class=\"screen-reader-text\"> Barom\u00e8tre de confiance politique &#8211; Octobre 2025<\/span><span class=\"toluna-svg-iconset svg-baseline\"><svg width=\"24\" height=\"25\" viewBox=\"0 0 24 25\" fill=\"none\" xmlns=\"http:\/\/www.w3.org\/2000\/svg\"><g clip-path=\"url(#clip0_3349_8828)\"><path d=\"M7.38048 21.9288C7.87048 22.4188 8.66048 22.4188 9.15048 21.9288L17.4605 13.6187C17.8505 13.2287 17.8505 12.5988 17.4605 12.2087L9.15048 3.89875C8.66048 3.40875 7.87048 3.40875 7.38048 3.89875C6.89048 4.38875 6.89048 5.17875 7.38048 5.66875L14.6205 12.9187L7.37048 20.1688C6.89048 20.6488 6.89048 21.4488 7.38048 21.9288Z\" fill=\"#007EE2\"\/><\/g><defs><clipPath id=\"clip0_3349_8828\"><rect width=\"24\" height=\"24\" fill=\"white\" transform=\"translate(0 0.917969)\"\/><\/clipPath><\/defs><\/svg><\/span>\t\t\t\t<\/a>\n\t\t\t<\/p>\n\t\t<\/div><!-- .entry-actions -->\n\t\t<\/footer><!-- .entry-footer -->\n\t<\/div>\n<\/article>\n<article class=\"entry content-bg loop-entry post-50857 post type-post status-publish format-standard has-post-thumbnail hentry category-france-fr tag-poll-2\">\n\t    <!-- toluna-thumbnail-ratio-1-1 -->\n\t\t<a class=\"post-thumbnail\" href=\"https:\/\/tolunacorporate.com\/fr\/le-regard-des-francaissur-halloween\/\">\n\t\t\t<div class=\"post-thumbnail-inner\">\n\t\t\t\t<img decoding=\"async\" width=\"1024\" height=\"1024\" src=\"https:\/\/tolunacorporate.com\/wp-content\/uploads\/2025\/10\/pexels-yaroslav-shuraev-5604950-1024x1024.jpg\" class=\"attachment-large size-large wp-post-image\" alt=\"Le regard des Fran\u00e7ais\u200b sur Halloween\u200b\" srcset=\"https:\/\/tolunacorporate.com\/wp-content\/uploads\/2025\/10\/pexels-yaroslav-shuraev-5604950-1024x1024.jpg 1024w, https:\/\/tolunacorporate.com\/wp-content\/uploads\/2025\/10\/pexels-yaroslav-shuraev-5604950-300x300.jpg 300w, https:\/\/tolunacorporate.com\/wp-content\/uploads\/2025\/10\/pexels-yaroslav-shuraev-5604950-150x150.jpg 150w, https:\/\/tolunacorporate.com\/wp-content\/uploads\/2025\/10\/pexels-yaroslav-shuraev-5604950-768x768.jpg 768w, https:\/\/tolunacorporate.com\/wp-content\/uploads\/2025\/10\/pexels-yaroslav-shuraev-5604950-1536x1536.jpg 1536w, https:\/\/tolunacorporate.com\/wp-content\/uploads\/2025\/10\/pexels-yaroslav-shuraev-5604950-2048x2048.jpg 2048w\" sizes=\"(max-width: 1024px) 100vw, 1024px\" style=\"width:100%;height:100%;max-width:2560px;\" \/>\t\t\t<\/div>\n\t\t<\/a><!-- .post-thumbnail -->\n\t\t\t<div class=\"entry-content-wrap\">\n\t\t<header class=\"entry-header\">\n\t\t<div class=\"entry-taxonomies\">\n\t\t\t\t\t\t<span class=\"posted-on\">\n\t\t\t\t\t<svg width=\"20\" height=\"22\" viewBox=\"0 0 20 22\" fill=\"none\" xmlns=\"http:\/\/www.w3.org\/2000\/svg\"><path d=\"M18 2H17V1C17 0.45 16.55 0 16 0C15.45 0 15 0.45 15 1V2H5V1C5 0.45 4.55 0 4 0C3.45 0 3 0.45 3 1V2H2C0.9 2 0 2.9 0 4V20C0 21.1 0.9 22 2 22H18C19.1 22 20 21.1 20 20V4C20 2.9 19.1 2 18 2ZM17 20H3C2.45 20 2 19.55 2 19V7H18V19C18 19.55 17.55 20 17 20Z\" fill=\"#007EE2\"\/><\/svg>\n\t\t\t\t\t<time class=\"entry-date published\" datetime=\"2025-10-31T17:05:00+01:00\">31 Oct 2025<\/time><time class=\"updated\" datetime=\"2025-10-31T16:59:12+01:00\">31 Oct 2025<\/time>\t\t\t\t<\/span>\n\t\t\t\t<\/div><!-- .entry-taxonomies -->\n\t<h6 class=\"entry-title\"><a href=\"https:\/\/tolunacorporate.com\/fr\/le-regard-des-francaissur-halloween\/\" rel=\"bookmark\">Le regard des Fran\u00e7ais\u200b sur Halloween\u200b<\/a><\/h6><\/header><!-- .entry-header -->\n<footer class=\"entry-footer\">\n\t\t\t<div class=\"entry-actions\">\n\t\t\t<p class=\"more-link-wrap\">\n\t\t\t\t<a href=\"https:\/\/tolunacorporate.com\/fr\/le-regard-des-francaissur-halloween\/\" class=\"post-more-link\">\n\t\t\t\t\tEN SAVOIR PLUS<span class=\"screen-reader-text\"> Le regard des Fran\u00e7ais\u200b sur Halloween\u200b<\/span><span class=\"toluna-svg-iconset svg-baseline\"><svg width=\"24\" height=\"25\" viewBox=\"0 0 24 25\" fill=\"none\" xmlns=\"http:\/\/www.w3.org\/2000\/svg\"><g clip-path=\"url(#clip0_3349_8828)\"><path d=\"M7.38048 21.9288C7.87048 22.4188 8.66048 22.4188 9.15048 21.9288L17.4605 13.6187C17.8505 13.2287 17.8505 12.5988 17.4605 12.2087L9.15048 3.89875C8.66048 3.40875 7.87048 3.40875 7.38048 3.89875C6.89048 4.38875 6.89048 5.17875 7.38048 5.66875L14.6205 12.9187L7.37048 20.1688C6.89048 20.6488 6.89048 21.4488 7.38048 21.9288Z\" fill=\"#007EE2\"\/><\/g><defs><clipPath id=\"clip0_3349_8828\"><rect width=\"24\" height=\"24\" fill=\"white\" transform=\"translate(0 0.917969)\"\/><\/clipPath><\/defs><\/svg><\/span>\t\t\t\t<\/a>\n\t\t\t<\/p>\n\t\t<\/div><!-- .entry-actions -->\n\t\t<\/footer><!-- .entry-footer -->\n\t<\/div>\n<\/article>\n<article class=\"entry content-bg loop-entry post-50249 post type-post status-publish format-standard has-post-thumbnail hentry category-france-fr tag-poll-2\">\n\t    <!-- toluna-thumbnail-ratio-1-1 -->\n\t\t<a class=\"post-thumbnail\" href=\"https:\/\/tolunacorporate.com\/fr\/visibilite-et-risques-nocturnes-sur-la-voie-publique-2\/\">\n\t\t\t<div class=\"post-thumbnail-inner\">\n\t\t\t\t<img decoding=\"async\" width=\"1024\" height=\"1024\" src=\"https:\/\/tolunacorporate.com\/wp-content\/uploads\/2025\/10\/farhood-amni-iIVLgiCR1-I-unsplash-1024x1024.jpg\" class=\"attachment-large size-large wp-post-image\" alt=\"Visibilit\u00e9 et risques nocturnes sur la voie publique\" srcset=\"https:\/\/tolunacorporate.com\/wp-content\/uploads\/2025\/10\/farhood-amni-iIVLgiCR1-I-unsplash-1024x1024.jpg 1024w, https:\/\/tolunacorporate.com\/wp-content\/uploads\/2025\/10\/farhood-amni-iIVLgiCR1-I-unsplash-300x300.jpg 300w, https:\/\/tolunacorporate.com\/wp-content\/uploads\/2025\/10\/farhood-amni-iIVLgiCR1-I-unsplash-150x150.jpg 150w, https:\/\/tolunacorporate.com\/wp-content\/uploads\/2025\/10\/farhood-amni-iIVLgiCR1-I-unsplash-768x768.jpg 768w, https:\/\/tolunacorporate.com\/wp-content\/uploads\/2025\/10\/farhood-amni-iIVLgiCR1-I-unsplash-1536x1536.jpg 1536w, https:\/\/tolunacorporate.com\/wp-content\/uploads\/2025\/10\/farhood-amni-iIVLgiCR1-I-unsplash-2048x2048.jpg 2048w\" sizes=\"(max-width: 1024px) 100vw, 1024px\" style=\"width:100%;height:100%;max-width:2560px;\" \/>\t\t\t<\/div>\n\t\t<\/a><!-- .post-thumbnail -->\n\t\t\t<div class=\"entry-content-wrap\">\n\t\t<header class=\"entry-header\">\n\t\t<div class=\"entry-taxonomies\">\n\t\t\t\t\t\t<span class=\"posted-on\">\n\t\t\t\t\t<svg width=\"20\" height=\"22\" viewBox=\"0 0 20 22\" fill=\"none\" xmlns=\"http:\/\/www.w3.org\/2000\/svg\"><path d=\"M18 2H17V1C17 0.45 16.55 0 16 0C15.45 0 15 0.45 15 1V2H5V1C5 0.45 4.55 0 4 0C3.45 0 3 0.45 3 1V2H2C0.9 2 0 2.9 0 4V20C0 21.1 0.9 22 2 22H18C19.1 22 20 21.1 20 20V4C20 2.9 19.1 2 18 2ZM17 20H3C2.45 20 2 19.55 2 19V7H18V19C18 19.55 17.55 20 17 20Z\" fill=\"#007EE2\"\/><\/svg>\n\t\t\t\t\t<time class=\"entry-date published\" datetime=\"2025-10-23T14:00:00+02:00\">23 Oct 2025<\/time><time class=\"updated\" datetime=\"2025-11-07T15:28:31+01:00\">7 Nov 2025<\/time>\t\t\t\t<\/span>\n\t\t\t\t<\/div><!-- .entry-taxonomies -->\n\t<h6 class=\"entry-title\"><a href=\"https:\/\/tolunacorporate.com\/fr\/visibilite-et-risques-nocturnes-sur-la-voie-publique-2\/\" rel=\"bookmark\">Visibilit\u00e9 et risques nocturnes sur la voie publique<\/a><\/h6><\/header><!-- .entry-header -->\n<footer class=\"entry-footer\">\n\t\t\t<div class=\"entry-actions\">\n\t\t\t<p class=\"more-link-wrap\">\n\t\t\t\t<a href=\"https:\/\/tolunacorporate.com\/fr\/visibilite-et-risques-nocturnes-sur-la-voie-publique-2\/\" class=\"post-more-link\">\n\t\t\t\t\tEN SAVOIR PLUS<span class=\"screen-reader-text\"> Visibilit\u00e9 et risques nocturnes sur la voie publique<\/span><span class=\"toluna-svg-iconset svg-baseline\"><svg width=\"24\" height=\"25\" viewBox=\"0 0 24 25\" fill=\"none\" xmlns=\"http:\/\/www.w3.org\/2000\/svg\"><g clip-path=\"url(#clip0_3349_8828)\"><path d=\"M7.38048 21.9288C7.87048 22.4188 8.66048 22.4188 9.15048 21.9288L17.4605 13.6187C17.8505 13.2287 17.8505 12.5988 17.4605 12.2087L9.15048 3.89875C8.66048 3.40875 7.87048 3.40875 7.38048 3.89875C6.89048 4.38875 6.89048 5.17875 7.38048 5.66875L14.6205 12.9187L7.37048 20.1688C6.89048 20.6488 6.89048 21.4488 7.38048 21.9288Z\" fill=\"#007EE2\"\/><\/g><defs><clipPath id=\"clip0_3349_8828\"><rect width=\"24\" height=\"24\" fill=\"white\" transform=\"translate(0 0.917969)\"\/><\/clipPath><\/defs><\/svg><\/span>\t\t\t\t<\/a>\n\t\t\t<\/p>\n\t\t<\/div><!-- .entry-actions -->\n\t\t<\/footer><!-- .entry-footer -->\n\t<\/div>\n<\/article>\n<article class=\"entry content-bg loop-entry post-50017 post type-post status-publish format-standard has-post-thumbnail hentry category-france-fr tag-poll-2\">\n\t    <!-- toluna-thumbnail-ratio-1-1 -->\n\t\t<a class=\"post-thumbnail\" href=\"https:\/\/tolunacorporate.com\/fr\/reaction-des-francaisa-lincarcerationde-nicolas-sarkozy\/\">\n\t\t\t<div class=\"post-thumbnail-inner\">\n\t\t\t\t<img decoding=\"async\" width=\"293\" height=\"294\" src=\"https:\/\/tolunacorporate.com\/wp-content\/uploads\/2025\/09\/Barometre-de-confiance-politique-\u2013-Mai-2025.png.webp\" class=\"attachment-large size-large wp-post-image\" alt=\"R\u00e9action des Fran\u00e7ais\u200b \u00e0 l\u2019incarc\u00e9ration\u200b de Nicolas Sarkozy\u200b\" srcset=\"https:\/\/tolunacorporate.com\/wp-content\/uploads\/2025\/09\/Barometre-de-confiance-politique-\u2013-Mai-2025.png.webp 293w, https:\/\/tolunacorporate.com\/wp-content\/uploads\/2025\/09\/Barometre-de-confiance-politique-\u2013-Mai-2025.png-150x150.webp 150w\" sizes=\"(max-width: 293px) 100vw, 293px\" style=\"width:100%;height:100.34%;max-width:293px;\" \/>\t\t\t<\/div>\n\t\t<\/a><!-- .post-thumbnail -->\n\t\t\t<div class=\"entry-content-wrap\">\n\t\t<header class=\"entry-header\">\n\t\t<div class=\"entry-taxonomies\">\n\t\t\t\t\t\t<span class=\"posted-on\">\n\t\t\t\t\t<svg width=\"20\" height=\"22\" viewBox=\"0 0 20 22\" fill=\"none\" xmlns=\"http:\/\/www.w3.org\/2000\/svg\"><path d=\"M18 2H17V1C17 0.45 16.55 0 16 0C15.45 0 15 0.45 15 1V2H5V1C5 0.45 4.55 0 4 0C3.45 0 3 0.45 3 1V2H2C0.9 2 0 2.9 0 4V20C0 21.1 0.9 22 2 22H18C19.1 22 20 21.1 20 20V4C20 2.9 19.1 2 18 2ZM17 20H3C2.45 20 2 19.55 2 19V7H18V19C18 19.55 17.55 20 17 20Z\" fill=\"#007EE2\"\/><\/svg>\n\t\t\t\t\t<time class=\"entry-date published\" datetime=\"2025-10-22T05:00:00+02:00\">22 Oct 2025<\/time><time class=\"updated\" datetime=\"2025-10-27T15:42:13+01:00\">27 Oct 2025<\/time>\t\t\t\t<\/span>\n\t\t\t\t<\/div><!-- .entry-taxonomies -->\n\t<h6 class=\"entry-title\"><a href=\"https:\/\/tolunacorporate.com\/fr\/reaction-des-francaisa-lincarcerationde-nicolas-sarkozy\/\" rel=\"bookmark\">R\u00e9action des Fran\u00e7ais\u200b \u00e0 l\u2019incarc\u00e9ration\u200b de Nicolas Sarkozy\u200b<\/a><\/h6><\/header><!-- .entry-header -->\n<footer class=\"entry-footer\">\n\t\t\t<div class=\"entry-actions\">\n\t\t\t<p class=\"more-link-wrap\">\n\t\t\t\t<a href=\"https:\/\/tolunacorporate.com\/fr\/reaction-des-francaisa-lincarcerationde-nicolas-sarkozy\/\" class=\"post-more-link\">\n\t\t\t\t\tEN SAVOIR PLUS<span class=\"screen-reader-text\"> R\u00e9action des Fran\u00e7ais\u200b \u00e0 l\u2019incarc\u00e9ration\u200b de Nicolas Sarkozy\u200b<\/span><span class=\"toluna-svg-iconset svg-baseline\"><svg width=\"24\" height=\"25\" viewBox=\"0 0 24 25\" fill=\"none\" xmlns=\"http:\/\/www.w3.org\/2000\/svg\"><g clip-path=\"url(#clip0_3349_8828)\"><path d=\"M7.38048 21.9288C7.87048 22.4188 8.66048 22.4188 9.15048 21.9288L17.4605 13.6187C17.8505 13.2287 17.8505 12.5988 17.4605 12.2087L9.15048 3.89875C8.66048 3.40875 7.87048 3.40875 7.38048 3.89875C6.89048 4.38875 6.89048 5.17875 7.38048 5.66875L14.6205 12.9187L7.37048 20.1688C6.89048 20.6488 6.89048 21.4488 7.38048 21.9288Z\" fill=\"#007EE2\"\/><\/g><defs><clipPath id=\"clip0_3349_8828\"><rect width=\"24\" height=\"24\" fill=\"white\" transform=\"translate(0 0.917969)\"\/><\/clipPath><\/defs><\/svg><\/span>\t\t\t\t<\/a>\n\t\t\t<\/p>\n\t\t<\/div><!-- .entry-actions -->\n\t\t<\/footer><!-- .entry-footer -->\n\t<\/div>\n<\/article>\n<article class=\"entry content-bg loop-entry post-49633 post type-post status-publish format-standard has-post-thumbnail hentry category-france-fr tag-poll-2\">\n\t    <!-- toluna-thumbnail-ratio-1-1 -->\n\t\t<a class=\"post-thumbnail\" href=\"https:\/\/tolunacorporate.com\/fr\/les-francais-et-les-risques-naturels-2\/\">\n\t\t\t<div class=\"post-thumbnail-inner\">\n\t\t\t\t<img decoding=\"async\" width=\"293\" height=\"294\" src=\"https:\/\/tolunacorporate.com\/wp-content\/uploads\/2025\/05\/Les-Francais-et-les-risques-naturels-Barometre-\u2013-vague-2.jpg\" class=\"attachment-large size-large wp-post-image\" alt=\"Les Fran\u00e7ais et les risques naturels\u200b &#8211; Vague 5\" srcset=\"https:\/\/tolunacorporate.com\/wp-content\/uploads\/2025\/05\/Les-Francais-et-les-risques-naturels-Barometre-\u2013-vague-2.jpg 293w, https:\/\/tolunacorporate.com\/wp-content\/uploads\/2025\/05\/Les-Francais-et-les-risques-naturels-Barometre-\u2013-vague-2-150x150.jpg 150w\" sizes=\"(max-width: 293px) 100vw, 293px\" style=\"width:100%;height:100.34%;max-width:293px;\" \/>\t\t\t<\/div>\n\t\t<\/a><!-- .post-thumbnail -->\n\t\t\t<div class=\"entry-content-wrap\">\n\t\t<header class=\"entry-header\">\n\t\t<div class=\"entry-taxonomies\">\n\t\t\t\t\t\t<span class=\"posted-on\">\n\t\t\t\t\t<svg width=\"20\" height=\"22\" viewBox=\"0 0 20 22\" fill=\"none\" xmlns=\"http:\/\/www.w3.org\/2000\/svg\"><path d=\"M18 2H17V1C17 0.45 16.55 0 16 0C15.45 0 15 0.45 15 1V2H5V1C5 0.45 4.55 0 4 0C3.45 0 3 0.45 3 1V2H2C0.9 2 0 2.9 0 4V20C0 21.1 0.9 22 2 22H18C19.1 22 20 21.1 20 20V4C20 2.9 19.1 2 18 2ZM17 20H3C2.45 20 2 19.55 2 19V7H18V19C18 19.55 17.55 20 17 20Z\" fill=\"#007EE2\"\/><\/svg>\n\t\t\t\t\t<time class=\"entry-date published\" datetime=\"2025-10-13T15:11:58+02:00\">13 Oct 2025<\/time><time class=\"updated\" datetime=\"2025-10-13T16:43:08+02:00\">13 Oct 2025<\/time>\t\t\t\t<\/span>\n\t\t\t\t<\/div><!-- .entry-taxonomies -->\n\t<h6 class=\"entry-title\"><a href=\"https:\/\/tolunacorporate.com\/fr\/les-francais-et-les-risques-naturels-2\/\" rel=\"bookmark\">Les Fran\u00e7ais et les risques naturels\u200b &#8211; Vague 5<\/a><\/h6><\/header><!-- .entry-header -->\n<footer class=\"entry-footer\">\n\t\t\t<div class=\"entry-actions\">\n\t\t\t<p class=\"more-link-wrap\">\n\t\t\t\t<a href=\"https:\/\/tolunacorporate.com\/fr\/les-francais-et-les-risques-naturels-2\/\" class=\"post-more-link\">\n\t\t\t\t\tEN SAVOIR PLUS<span class=\"screen-reader-text\"> Les Fran\u00e7ais et les risques naturels\u200b &#8211; Vague 5<\/span><span class=\"toluna-svg-iconset svg-baseline\"><svg width=\"24\" height=\"25\" viewBox=\"0 0 24 25\" fill=\"none\" xmlns=\"http:\/\/www.w3.org\/2000\/svg\"><g clip-path=\"url(#clip0_3349_8828)\"><path d=\"M7.38048 21.9288C7.87048 22.4188 8.66048 22.4188 9.15048 21.9288L17.4605 13.6187C17.8505 13.2287 17.8505 12.5988 17.4605 12.2087L9.15048 3.89875C8.66048 3.40875 7.87048 3.40875 7.38048 3.89875C6.89048 4.38875 6.89048 5.17875 7.38048 5.66875L14.6205 12.9187L7.37048 20.1688C6.89048 20.6488 6.89048 21.4488 7.38048 21.9288Z\" fill=\"#007EE2\"\/><\/g><defs><clipPath id=\"clip0_3349_8828\"><rect width=\"24\" height=\"24\" fill=\"white\" transform=\"translate(0 0.917969)\"\/><\/clipPath><\/defs><\/svg><\/span>\t\t\t\t<\/a>\n\t\t\t<\/p>\n\t\t<\/div><!-- .entry-actions -->\n\t\t<\/footer><!-- .entry-footer -->\n\t<\/div>\n<\/article>\n<article class=\"entry content-bg loop-entry post-49600 post type-post status-publish format-standard has-post-thumbnail hentry category-france-fr tag-poll-2\">\n\t    <!-- toluna-thumbnail-ratio-1-1 -->\n\t\t<a class=\"post-thumbnail\" href=\"https:\/\/tolunacorporate.com\/fr\/observatoire-parlement-vague-8\/\">\n\t\t\t<div class=\"post-thumbnail-inner\">\n\t\t\t\t<img decoding=\"async\" width=\"683\" height=\"683\" src=\"https:\/\/tolunacorporate.com\/wp-content\/uploads\/2025\/10\/Le-regard-des-Francais-sur-la-reforme-institutionnelle.jpg\" class=\"attachment-large size-large wp-post-image\" alt=\"Observatoire Parlement \u2013 Vague 8\" srcset=\"https:\/\/tolunacorporate.com\/wp-content\/uploads\/2025\/10\/Le-regard-des-Francais-sur-la-reforme-institutionnelle.jpg 683w, https:\/\/tolunacorporate.com\/wp-content\/uploads\/2025\/10\/Le-regard-des-Francais-sur-la-reforme-institutionnelle-300x300.jpg 300w, https:\/\/tolunacorporate.com\/wp-content\/uploads\/2025\/10\/Le-regard-des-Francais-sur-la-reforme-institutionnelle-150x150.jpg 150w\" sizes=\"(max-width: 683px) 100vw, 683px\" style=\"width:100%;height:100%;max-width:683px;\" \/>\t\t\t<\/div>\n\t\t<\/a><!-- .post-thumbnail -->\n\t\t\t<div class=\"entry-content-wrap\">\n\t\t<header class=\"entry-header\">\n\t\t<div class=\"entry-taxonomies\">\n\t\t\t\t\t\t<span class=\"posted-on\">\n\t\t\t\t\t<svg width=\"20\" height=\"22\" viewBox=\"0 0 20 22\" fill=\"none\" xmlns=\"http:\/\/www.w3.org\/2000\/svg\"><path d=\"M18 2H17V1C17 0.45 16.55 0 16 0C15.45 0 15 0.45 15 1V2H5V1C5 0.45 4.55 0 4 0C3.45 0 3 0.45 3 1V2H2C0.9 2 0 2.9 0 4V20C0 21.1 0.9 22 2 22H18C19.1 22 20 21.1 20 20V4C20 2.9 19.1 2 18 2ZM17 20H3C2.45 20 2 19.55 2 19V7H18V19C18 19.55 17.55 20 17 20Z\" fill=\"#007EE2\"\/><\/svg>\n\t\t\t\t\t<time class=\"entry-date published\" datetime=\"2025-10-10T14:13:50+02:00\">10 Oct 2025<\/time><time class=\"updated\" datetime=\"2025-10-10T15:25:58+02:00\">10 Oct 2025<\/time>\t\t\t\t<\/span>\n\t\t\t\t<\/div><!-- .entry-taxonomies -->\n\t<h6 class=\"entry-title\"><a href=\"https:\/\/tolunacorporate.com\/fr\/observatoire-parlement-vague-8\/\" rel=\"bookmark\">Observatoire Parlement \u2013 Vague 8<\/a><\/h6><\/header><!-- .entry-header -->\n<footer class=\"entry-footer\">\n\t\t\t<div class=\"entry-actions\">\n\t\t\t<p class=\"more-link-wrap\">\n\t\t\t\t<a href=\"https:\/\/tolunacorporate.com\/fr\/observatoire-parlement-vague-8\/\" class=\"post-more-link\">\n\t\t\t\t\tEN SAVOIR PLUS<span class=\"screen-reader-text\"> Observatoire Parlement \u2013 Vague 8<\/span><span class=\"toluna-svg-iconset svg-baseline\"><svg width=\"24\" height=\"25\" viewBox=\"0 0 24 25\" fill=\"none\" xmlns=\"http:\/\/www.w3.org\/2000\/svg\"><g clip-path=\"url(#clip0_3349_8828)\"><path d=\"M7.38048 21.9288C7.87048 22.4188 8.66048 22.4188 9.15048 21.9288L17.4605 13.6187C17.8505 13.2287 17.8505 12.5988 17.4605 12.2087L9.15048 3.89875C8.66048 3.40875 7.87048 3.40875 7.38048 3.89875C6.89048 4.38875 6.89048 5.17875 7.38048 5.66875L14.6205 12.9187L7.37048 20.1688C6.89048 20.6488 6.89048 21.4488 7.38048 21.9288Z\" fill=\"#007EE2\"\/><\/g><defs><clipPath id=\"clip0_3349_8828\"><rect width=\"24\" height=\"24\" fill=\"white\" transform=\"translate(0 0.917969)\"\/><\/clipPath><\/defs><\/svg><\/span>\t\t\t\t<\/a>\n\t\t\t<\/p>\n\t\t<\/div><!-- .entry-actions -->\n\t\t<\/footer><!-- .entry-footer -->\n\t<\/div>\n<\/article>\n<article class=\"entry content-bg loop-entry post-49560 post type-post status-publish format-standard has-post-thumbnail hentry category-france-fr tag-poll-2\">\n\t    <!-- toluna-thumbnail-ratio-1-1 -->\n\t\t<a class=\"post-thumbnail\" href=\"https:\/\/tolunacorporate.com\/fr\/les-francais-et-la-depression-post-partum\/\">\n\t\t\t<div class=\"post-thumbnail-inner\">\n\t\t\t\t<img decoding=\"async\" width=\"500\" height=\"500\" src=\"https:\/\/tolunacorporate.com\/wp-content\/uploads\/2025\/10\/French-Election-Thumbnails.png\" class=\"attachment-large size-large wp-post-image\" alt=\"Les Fran\u00e7ais et la d\u00e9pression post-partum\" srcset=\"https:\/\/tolunacorporate.com\/wp-content\/uploads\/2025\/10\/French-Election-Thumbnails.png 500w, https:\/\/tolunacorporate.com\/wp-content\/uploads\/2025\/10\/French-Election-Thumbnails-300x300.png 300w, https:\/\/tolunacorporate.com\/wp-content\/uploads\/2025\/10\/French-Election-Thumbnails-150x150.png 150w\" sizes=\"(max-width: 500px) 100vw, 500px\" style=\"width:100%;height:100%;max-width:500px;\" \/>\t\t\t<\/div>\n\t\t<\/a><!-- .post-thumbnail -->\n\t\t\t<div class=\"entry-content-wrap\">\n\t\t<header class=\"entry-header\">\n\t\t<div class=\"entry-taxonomies\">\n\t\t\t\t\t\t<span class=\"posted-on\">\n\t\t\t\t\t<svg width=\"20\" height=\"22\" viewBox=\"0 0 20 22\" fill=\"none\" xmlns=\"http:\/\/www.w3.org\/2000\/svg\"><path d=\"M18 2H17V1C17 0.45 16.55 0 16 0C15.45 0 15 0.45 15 1V2H5V1C5 0.45 4.55 0 4 0C3.45 0 3 0.45 3 1V2H2C0.9 2 0 2.9 0 4V20C0 21.1 0.9 22 2 22H18C19.1 22 20 21.1 20 20V4C20 2.9 19.1 2 18 2ZM17 20H3C2.45 20 2 19.55 2 19V7H18V19C18 19.55 17.55 20 17 20Z\" fill=\"#007EE2\"\/><\/svg>\n\t\t\t\t\t<time class=\"entry-date published\" datetime=\"2025-10-10T01:00:00+02:00\">10 Oct 2025<\/time><time class=\"updated\" datetime=\"2025-10-22T16:20:57+02:00\">22 Oct 2025<\/time>\t\t\t\t<\/span>\n\t\t\t\t<\/div><!-- .entry-taxonomies -->\n\t<h6 class=\"entry-title\"><a href=\"https:\/\/tolunacorporate.com\/fr\/les-francais-et-la-depression-post-partum\/\" rel=\"bookmark\">Les Fran\u00e7ais et la d\u00e9pression post-partum<\/a><\/h6><\/header><!-- .entry-header -->\n<footer class=\"entry-footer\">\n\t\t\t<div class=\"entry-actions\">\n\t\t\t<p class=\"more-link-wrap\">\n\t\t\t\t<a href=\"https:\/\/tolunacorporate.com\/fr\/les-francais-et-la-depression-post-partum\/\" class=\"post-more-link\">\n\t\t\t\t\tEN SAVOIR PLUS<span class=\"screen-reader-text\"> Les Fran\u00e7ais et la d\u00e9pression post-partum<\/span><span class=\"toluna-svg-iconset svg-baseline\"><svg width=\"24\" height=\"25\" viewBox=\"0 0 24 25\" fill=\"none\" xmlns=\"http:\/\/www.w3.org\/2000\/svg\"><g clip-path=\"url(#clip0_3349_8828)\"><path d=\"M7.38048 21.9288C7.87048 22.4188 8.66048 22.4188 9.15048 21.9288L17.4605 13.6187C17.8505 13.2287 17.8505 12.5988 17.4605 12.2087L9.15048 3.89875C8.66048 3.40875 7.87048 3.40875 7.38048 3.89875C6.89048 4.38875 6.89048 5.17875 7.38048 5.66875L14.6205 12.9187L7.37048 20.1688C6.89048 20.6488 6.89048 21.4488 7.38048 21.9288Z\" fill=\"#007EE2\"\/><\/g><defs><clipPath id=\"clip0_3349_8828\"><rect width=\"24\" height=\"24\" fill=\"white\" transform=\"translate(0 0.917969)\"\/><\/clipPath><\/defs><\/svg><\/span>\t\t\t\t<\/a>\n\t\t\t<\/p>\n\t\t<\/div><!-- .entry-actions -->\n\t\t<\/footer><!-- .entry-footer -->\n\t<\/div>\n<\/article>\n<article class=\"entry content-bg loop-entry post-49527 post type-post status-publish format-standard has-post-thumbnail hentry category-france-fr tag-poll-2\">\n\t    <!-- toluna-thumbnail-ratio-1-1 -->\n\t\t<a class=\"post-thumbnail\" href=\"https:\/\/tolunacorporate.com\/fr\/les-francais-et-leur-vision-de-la-france-a-lhorizon-2035-et-2050\/\">\n\t\t\t<div class=\"post-thumbnail-inner\">\n\t\t\t\t<img decoding=\"async\" width=\"780\" height=\"780\" src=\"https:\/\/tolunacorporate.com\/wp-content\/uploads\/2025\/10\/premium_photo-1718467524348-19153bba9817.jpg\" class=\"attachment-large size-large wp-post-image\" alt=\"Les Fran\u00e7ais et leur vision de la France \u00e0 l\u2019horizon 2035 et 2050\" srcset=\"https:\/\/tolunacorporate.com\/wp-content\/uploads\/2025\/10\/premium_photo-1718467524348-19153bba9817.jpg 780w, https:\/\/tolunacorporate.com\/wp-content\/uploads\/2025\/10\/premium_photo-1718467524348-19153bba9817-300x300.jpg 300w, https:\/\/tolunacorporate.com\/wp-content\/uploads\/2025\/10\/premium_photo-1718467524348-19153bba9817-150x150.jpg 150w, https:\/\/tolunacorporate.com\/wp-content\/uploads\/2025\/10\/premium_photo-1718467524348-19153bba9817-768x768.jpg 768w\" sizes=\"(max-width: 780px) 100vw, 780px\" style=\"width:100%;height:100%;max-width:780px;\" \/>\t\t\t<\/div>\n\t\t<\/a><!-- .post-thumbnail -->\n\t\t\t<div class=\"entry-content-wrap\">\n\t\t<header class=\"entry-header\">\n\t\t<div class=\"entry-taxonomies\">\n\t\t\t\t\t\t<span class=\"posted-on\">\n\t\t\t\t\t<svg width=\"20\" height=\"22\" viewBox=\"0 0 20 22\" fill=\"none\" xmlns=\"http:\/\/www.w3.org\/2000\/svg\"><path d=\"M18 2H17V1C17 0.45 16.55 0 16 0C15.45 0 15 0.45 15 1V2H5V1C5 0.45 4.55 0 4 0C3.45 0 3 0.45 3 1V2H2C0.9 2 0 2.9 0 4V20C0 21.1 0.9 22 2 22H18C19.1 22 20 21.1 20 20V4C20 2.9 19.1 2 18 2ZM17 20H3C2.45 20 2 19.55 2 19V7H18V19C18 19.55 17.55 20 17 20Z\" fill=\"#007EE2\"\/><\/svg>\n\t\t\t\t\t<time class=\"entry-date published\" datetime=\"2025-10-08T16:41:39+02:00\">8 Oct 2025<\/time><time class=\"updated\" datetime=\"2025-10-08T16:42:26+02:00\">8 Oct 2025<\/time>\t\t\t\t<\/span>\n\t\t\t\t<\/div><!-- .entry-taxonomies -->\n\t<h6 class=\"entry-title\"><a href=\"https:\/\/tolunacorporate.com\/fr\/les-francais-et-leur-vision-de-la-france-a-lhorizon-2035-et-2050\/\" rel=\"bookmark\">Les Fran\u00e7ais et leur vision de la France \u00e0 l\u2019horizon 2035 et 2050<\/a><\/h6><\/header><!-- .entry-header -->\n<footer class=\"entry-footer\">\n\t\t\t<div class=\"entry-actions\">\n\t\t\t<p class=\"more-link-wrap\">\n\t\t\t\t<a href=\"https:\/\/tolunacorporate.com\/fr\/les-francais-et-leur-vision-de-la-france-a-lhorizon-2035-et-2050\/\" class=\"post-more-link\">\n\t\t\t\t\tEN SAVOIR PLUS<span class=\"screen-reader-text\"> Les Fran\u00e7ais et leur vision de la France \u00e0 l\u2019horizon 2035 et 2050<\/span><span class=\"toluna-svg-iconset svg-baseline\"><svg width=\"24\" height=\"25\" viewBox=\"0 0 24 25\" fill=\"none\" xmlns=\"http:\/\/www.w3.org\/2000\/svg\"><g clip-path=\"url(#clip0_3349_8828)\"><path d=\"M7.38048 21.9288C7.87048 22.4188 8.66048 22.4188 9.15048 21.9288L17.4605 13.6187C17.8505 13.2287 17.8505 12.5988 17.4605 12.2087L9.15048 3.89875C8.66048 3.40875 7.87048 3.40875 7.38048 3.89875C6.89048 4.38875 6.89048 5.17875 7.38048 5.66875L14.6205 12.9187L7.37048 20.1688C6.89048 20.6488 6.89048 21.4488 7.38048 21.9288Z\" fill=\"#007EE2\"\/><\/g><defs><clipPath id=\"clip0_3349_8828\"><rect width=\"24\" height=\"24\" fill=\"white\" transform=\"translate(0 0.917969)\"\/><\/clipPath><\/defs><\/svg><\/span>\t\t\t\t<\/a>\n\t\t\t<\/p>\n\t\t<\/div><!-- .entry-actions -->\n\t\t<\/footer><!-- .entry-footer -->\n\t<\/div>\n<\/article>\n<article class=\"entry content-bg loop-entry post-49516 post type-post status-publish format-standard has-post-thumbnail hentry category-france-fr tag-poll-2\">\n\t    <!-- toluna-thumbnail-ratio-1-1 -->\n\t\t<a class=\"post-thumbnail\" href=\"https:\/\/tolunacorporate.com\/fr\/intentions-de-vote-a-lelection-presidentielle\/\">\n\t\t\t<div class=\"post-thumbnail-inner\">\n\t\t\t\t<img decoding=\"async\" width=\"293\" height=\"294\" src=\"https:\/\/tolunacorporate.com\/wp-content\/uploads\/2025\/09\/Barometre-de-confiance-politique-\u2013-Mai-2025.png.webp\" class=\"attachment-large size-large wp-post-image\" alt=\"Intentions de vote \u00e0 l\u2019\u00e9lection pr\u00e9sidentielle\" srcset=\"https:\/\/tolunacorporate.com\/wp-content\/uploads\/2025\/09\/Barometre-de-confiance-politique-\u2013-Mai-2025.png.webp 293w, https:\/\/tolunacorporate.com\/wp-content\/uploads\/2025\/09\/Barometre-de-confiance-politique-\u2013-Mai-2025.png-150x150.webp 150w\" sizes=\"(max-width: 293px) 100vw, 293px\" style=\"width:100%;height:100.34%;max-width:293px;\" \/>\t\t\t<\/div>\n\t\t<\/a><!-- .post-thumbnail -->\n\t\t\t<div class=\"entry-content-wrap\">\n\t\t<header class=\"entry-header\">\n\t\t<div class=\"entry-taxonomies\">\n\t\t\t\t\t\t<span class=\"posted-on\">\n\t\t\t\t\t<svg width=\"20\" height=\"22\" viewBox=\"0 0 20 22\" fill=\"none\" xmlns=\"http:\/\/www.w3.org\/2000\/svg\"><path d=\"M18 2H17V1C17 0.45 16.55 0 16 0C15.45 0 15 0.45 15 1V2H5V1C5 0.45 4.55 0 4 0C3.45 0 3 0.45 3 1V2H2C0.9 2 0 2.9 0 4V20C0 21.1 0.9 22 2 22H18C19.1 22 20 21.1 20 20V4C20 2.9 19.1 2 18 2ZM17 20H3C2.45 20 2 19.55 2 19V7H18V19C18 19.55 17.55 20 17 20Z\" fill=\"#007EE2\"\/><\/svg>\n\t\t\t\t\t<time class=\"entry-date published\" datetime=\"2025-10-08T05:00:00+02:00\">8 Oct 2025<\/time><time class=\"updated\" datetime=\"2025-10-08T00:05:46+02:00\">8 Oct 2025<\/time>\t\t\t\t<\/span>\n\t\t\t\t<\/div><!-- .entry-taxonomies -->\n\t<h6 class=\"entry-title\"><a href=\"https:\/\/tolunacorporate.com\/fr\/intentions-de-vote-a-lelection-presidentielle\/\" rel=\"bookmark\">Intentions de vote \u00e0 l\u2019\u00e9lection pr\u00e9sidentielle<\/a><\/h6><\/header><!-- .entry-header -->\n<footer class=\"entry-footer\">\n\t\t\t<div class=\"entry-actions\">\n\t\t\t<p class=\"more-link-wrap\">\n\t\t\t\t<a href=\"https:\/\/tolunacorporate.com\/fr\/intentions-de-vote-a-lelection-presidentielle\/\" class=\"post-more-link\">\n\t\t\t\t\tEN SAVOIR PLUS<span class=\"screen-reader-text\"> Intentions de vote \u00e0 l\u2019\u00e9lection pr\u00e9sidentielle<\/span><span class=\"toluna-svg-iconset svg-baseline\"><svg width=\"24\" height=\"25\" viewBox=\"0 0 24 25\" fill=\"none\" xmlns=\"http:\/\/www.w3.org\/2000\/svg\"><g clip-path=\"url(#clip0_3349_8828)\"><path d=\"M7.38048 21.9288C7.87048 22.4188 8.66048 22.4188 9.15048 21.9288L17.4605 13.6187C17.8505 13.2287 17.8505 12.5988 17.4605 12.2087L9.15048 3.89875C8.66048 3.40875 7.87048 3.40875 7.38048 3.89875C6.89048 4.38875 6.89048 5.17875 7.38048 5.66875L14.6205 12.9187L7.37048 20.1688C6.89048 20.6488 6.89048 21.4488 7.38048 21.9288Z\" fill=\"#007EE2\"\/><\/g><defs><clipPath id=\"clip0_3349_8828\"><rect width=\"24\" height=\"24\" fill=\"white\" transform=\"translate(0 0.917969)\"\/><\/clipPath><\/defs><\/svg><\/span>\t\t\t\t<\/a>\n\t\t\t<\/p>\n\t\t<\/div><!-- .entry-actions -->\n\t\t<\/footer><!-- .entry-footer -->\n\t<\/div>\n<\/article>\n<article class=\"entry content-bg loop-entry post-49495 post type-post status-publish format-standard has-post-thumbnail hentry category-france-fr tag-poll-2\">\n\t    <!-- toluna-thumbnail-ratio-1-1 -->\n\t\t<a class=\"post-thumbnail\" href=\"https:\/\/tolunacorporate.com\/fr\/reaction-des-francais-suite-a-la-demission-du-premier-ministre-sebastien-lecornu\/\">\n\t\t\t<div class=\"post-thumbnail-inner\">\n\t\t\t\t<img decoding=\"async\" width=\"293\" height=\"294\" src=\"https:\/\/tolunacorporate.com\/wp-content\/uploads\/2025\/09\/Barometre-de-confiance-politique-\u2013-Mai-2025.png.webp\" class=\"attachment-large size-large wp-post-image\" alt=\"R\u00e9action des Fran\u00e7ais suite \u00e0 la d\u00e9mission du Premier ministre S\u00e9bastien Lecornu\" srcset=\"https:\/\/tolunacorporate.com\/wp-content\/uploads\/2025\/09\/Barometre-de-confiance-politique-\u2013-Mai-2025.png.webp 293w, https:\/\/tolunacorporate.com\/wp-content\/uploads\/2025\/09\/Barometre-de-confiance-politique-\u2013-Mai-2025.png-150x150.webp 150w\" sizes=\"(max-width: 293px) 100vw, 293px\" style=\"width:100%;height:100.34%;max-width:293px;\" \/>\t\t\t<\/div>\n\t\t<\/a><!-- .post-thumbnail -->\n\t\t\t<div class=\"entry-content-wrap\">\n\t\t<header class=\"entry-header\">\n\t\t<div class=\"entry-taxonomies\">\n\t\t\t\t\t\t<span class=\"posted-on\">\n\t\t\t\t\t<svg width=\"20\" height=\"22\" viewBox=\"0 0 20 22\" fill=\"none\" xmlns=\"http:\/\/www.w3.org\/2000\/svg\"><path d=\"M18 2H17V1C17 0.45 16.55 0 16 0C15.45 0 15 0.45 15 1V2H5V1C5 0.45 4.55 0 4 0C3.45 0 3 0.45 3 1V2H2C0.9 2 0 2.9 0 4V20C0 21.1 0.9 22 2 22H18C19.1 22 20 21.1 20 20V4C20 2.9 19.1 2 18 2ZM17 20H3C2.45 20 2 19.55 2 19V7H18V19C18 19.55 17.55 20 17 20Z\" fill=\"#007EE2\"\/><\/svg>\n\t\t\t\t\t<time class=\"entry-date published\" datetime=\"2025-10-06T20:30:00+02:00\">6 Oct 2025<\/time><time class=\"updated\" datetime=\"2025-10-07T12:55:11+02:00\">7 Oct 2025<\/time>\t\t\t\t<\/span>\n\t\t\t\t<\/div><!-- .entry-taxonomies -->\n\t<h6 class=\"entry-title\"><a href=\"https:\/\/tolunacorporate.com\/fr\/reaction-des-francais-suite-a-la-demission-du-premier-ministre-sebastien-lecornu\/\" rel=\"bookmark\">R\u00e9action des Fran\u00e7ais suite \u00e0 la d\u00e9mission du Premier ministre S\u00e9bastien Lecornu<\/a><\/h6><\/header><!-- .entry-header -->\n<footer class=\"entry-footer\">\n\t\t\t<div class=\"entry-actions\">\n\t\t\t<p class=\"more-link-wrap\">\n\t\t\t\t<a href=\"https:\/\/tolunacorporate.com\/fr\/reaction-des-francais-suite-a-la-demission-du-premier-ministre-sebastien-lecornu\/\" class=\"post-more-link\">\n\t\t\t\t\tEN SAVOIR PLUS<span class=\"screen-reader-text\"> R\u00e9action des Fran\u00e7ais suite \u00e0 la d\u00e9mission du Premier ministre S\u00e9bastien Lecornu<\/span><span class=\"toluna-svg-iconset svg-baseline\"><svg width=\"24\" height=\"25\" viewBox=\"0 0 24 25\" fill=\"none\" xmlns=\"http:\/\/www.w3.org\/2000\/svg\"><g clip-path=\"url(#clip0_3349_8828)\"><path d=\"M7.38048 21.9288C7.87048 22.4188 8.66048 22.4188 9.15048 21.9288L17.4605 13.6187C17.8505 13.2287 17.8505 12.5988 17.4605 12.2087L9.15048 3.89875C8.66048 3.40875 7.87048 3.40875 7.38048 3.89875C6.89048 4.38875 6.89048 5.17875 7.38048 5.66875L14.6205 12.9187L7.37048 20.1688C6.89048 20.6488 6.89048 21.4488 7.38048 21.9288Z\" fill=\"#007EE2\"\/><\/g><defs><clipPath id=\"clip0_3349_8828\"><rect width=\"24\" height=\"24\" fill=\"white\" transform=\"translate(0 0.917969)\"\/><\/clipPath><\/defs><\/svg><\/span>\t\t\t\t<\/a>\n\t\t\t<\/p>\n\t\t<\/div><!-- .entry-actions -->\n\t\t<\/footer><!-- .entry-footer -->\n\t<\/div>\n<\/article>\n<article class=\"entry content-bg loop-entry post-49416 post type-post status-publish format-standard has-post-thumbnail hentry category-france-fr tag-poll-2\">\n\t    <!-- toluna-thumbnail-ratio-1-1 -->\n\t\t<a class=\"post-thumbnail\" href=\"https:\/\/tolunacorporate.com\/fr\/les-francais-et-les-troubles-de-lapprentissage-chez-lenfant\/\">\n\t\t\t<div class=\"post-thumbnail-inner\">\n\t\t\t\t<img decoding=\"async\" width=\"1024\" height=\"1024\" src=\"https:\/\/tolunacorporate.com\/wp-content\/uploads\/2025\/10\/annie-spratt-ORDz1m1-q0I-unsplash-1024x1024.jpg\" class=\"attachment-large size-large wp-post-image\" alt=\"Les Fran\u00e7ais et les troubles de l&rsquo;apprentissage chez l&rsquo;enfant\" srcset=\"https:\/\/tolunacorporate.com\/wp-content\/uploads\/2025\/10\/annie-spratt-ORDz1m1-q0I-unsplash-1024x1024.jpg 1024w, https:\/\/tolunacorporate.com\/wp-content\/uploads\/2025\/10\/annie-spratt-ORDz1m1-q0I-unsplash-300x300.jpg 300w, https:\/\/tolunacorporate.com\/wp-content\/uploads\/2025\/10\/annie-spratt-ORDz1m1-q0I-unsplash-150x150.jpg 150w, https:\/\/tolunacorporate.com\/wp-content\/uploads\/2025\/10\/annie-spratt-ORDz1m1-q0I-unsplash-768x768.jpg 768w, https:\/\/tolunacorporate.com\/wp-content\/uploads\/2025\/10\/annie-spratt-ORDz1m1-q0I-unsplash-1536x1536.jpg 1536w, https:\/\/tolunacorporate.com\/wp-content\/uploads\/2025\/10\/annie-spratt-ORDz1m1-q0I-unsplash-2048x2048.jpg 2048w\" sizes=\"(max-width: 1024px) 100vw, 1024px\" style=\"width:100%;height:100%;max-width:2560px;\" \/>\t\t\t<\/div>\n\t\t<\/a><!-- .post-thumbnail -->\n\t\t\t<div class=\"entry-content-wrap\">\n\t\t<header class=\"entry-header\">\n\t\t<div class=\"entry-taxonomies\">\n\t\t\t\t\t\t<span class=\"posted-on\">\n\t\t\t\t\t<svg width=\"20\" height=\"22\" viewBox=\"0 0 20 22\" fill=\"none\" xmlns=\"http:\/\/www.w3.org\/2000\/svg\"><path d=\"M18 2H17V1C17 0.45 16.55 0 16 0C15.45 0 15 0.45 15 1V2H5V1C5 0.45 4.55 0 4 0C3.45 0 3 0.45 3 1V2H2C0.9 2 0 2.9 0 4V20C0 21.1 0.9 22 2 22H18C19.1 22 20 21.1 20 20V4C20 2.9 19.1 2 18 2ZM17 20H3C2.45 20 2 19.55 2 19V7H18V19C18 19.55 17.55 20 17 20Z\" fill=\"#007EE2\"\/><\/svg>\n\t\t\t\t\t<time class=\"entry-date published\" datetime=\"2025-10-03T11:23:19+02:00\">3 Oct 2025<\/time><time class=\"updated\" datetime=\"2025-10-03T11:31:43+02:00\">3 Oct 2025<\/time>\t\t\t\t<\/span>\n\t\t\t\t<\/div><!-- .entry-taxonomies -->\n\t<h6 class=\"entry-title\"><a href=\"https:\/\/tolunacorporate.com\/fr\/les-francais-et-les-troubles-de-lapprentissage-chez-lenfant\/\" rel=\"bookmark\">Les Fran\u00e7ais et les troubles de l&rsquo;apprentissage chez l&rsquo;enfant<\/a><\/h6><\/header><!-- .entry-header -->\n<footer class=\"entry-footer\">\n\t\t\t<div class=\"entry-actions\">\n\t\t\t<p class=\"more-link-wrap\">\n\t\t\t\t<a href=\"https:\/\/tolunacorporate.com\/fr\/les-francais-et-les-troubles-de-lapprentissage-chez-lenfant\/\" class=\"post-more-link\">\n\t\t\t\t\tEN SAVOIR PLUS<span class=\"screen-reader-text\"> Les Fran\u00e7ais et les troubles de l&rsquo;apprentissage chez l&rsquo;enfant<\/span><span class=\"toluna-svg-iconset svg-baseline\"><svg width=\"24\" height=\"25\" viewBox=\"0 0 24 25\" fill=\"none\" xmlns=\"http:\/\/www.w3.org\/2000\/svg\"><g clip-path=\"url(#clip0_3349_8828)\"><path d=\"M7.38048 21.9288C7.87048 22.4188 8.66048 22.4188 9.15048 21.9288L17.4605 13.6187C17.8505 13.2287 17.8505 12.5988 17.4605 12.2087L9.15048 3.89875C8.66048 3.40875 7.87048 3.40875 7.38048 3.89875C6.89048 4.38875 6.89048 5.17875 7.38048 5.66875L14.6205 12.9187L7.37048 20.1688C6.89048 20.6488 6.89048 21.4488 7.38048 21.9288Z\" fill=\"#007EE2\"\/><\/g><defs><clipPath id=\"clip0_3349_8828\"><rect width=\"24\" height=\"24\" fill=\"white\" transform=\"translate(0 0.917969)\"\/><\/clipPath><\/defs><\/svg><\/span>\t\t\t\t<\/a>\n\t\t\t<\/p>\n\t\t<\/div><!-- .entry-actions -->\n\t\t<\/footer><!-- .entry-footer -->\n\t<\/div>\n<\/article>\n<article class=\"entry content-bg loop-entry post-49051 post type-post status-publish format-standard has-post-thumbnail hentry category-france-fr tag-poll-2\">\n\t    <!-- toluna-thumbnail-ratio-1-1 -->\n\t\t<a class=\"post-thumbnail\" href=\"https:\/\/tolunacorporate.com\/fr\/barometre-de-confiance-politique-septembre-2025\/\">\n\t\t\t<div class=\"post-thumbnail-inner\">\n\t\t\t\t<img decoding=\"async\" width=\"293\" height=\"294\" src=\"https:\/\/tolunacorporate.com\/wp-content\/uploads\/2025\/09\/Barometre-de-confiance-politique-\u2013-Mai-2025.png.webp\" class=\"attachment-large size-large wp-post-image\" alt=\"Barom\u00e8tre de confiance politique &#8211; Septembre 2025\" srcset=\"https:\/\/tolunacorporate.com\/wp-content\/uploads\/2025\/09\/Barometre-de-confiance-politique-\u2013-Mai-2025.png.webp 293w, https:\/\/tolunacorporate.com\/wp-content\/uploads\/2025\/09\/Barometre-de-confiance-politique-\u2013-Mai-2025.png-150x150.webp 150w\" sizes=\"(max-width: 293px) 100vw, 293px\" style=\"width:100%;height:100.34%;max-width:293px;\" \/>\t\t\t<\/div>\n\t\t<\/a><!-- .post-thumbnail -->\n\t\t\t<div class=\"entry-content-wrap\">\n\t\t<header class=\"entry-header\">\n\t\t<div class=\"entry-taxonomies\">\n\t\t\t\t\t\t<span class=\"posted-on\">\n\t\t\t\t\t<svg width=\"20\" height=\"22\" viewBox=\"0 0 20 22\" fill=\"none\" xmlns=\"http:\/\/www.w3.org\/2000\/svg\"><path d=\"M18 2H17V1C17 0.45 16.55 0 16 0C15.45 0 15 0.45 15 1V2H5V1C5 0.45 4.55 0 4 0C3.45 0 3 0.45 3 1V2H2C0.9 2 0 2.9 0 4V20C0 21.1 0.9 22 2 22H18C19.1 22 20 21.1 20 20V4C20 2.9 19.1 2 18 2ZM17 20H3C2.45 20 2 19.55 2 19V7H18V19C18 19.55 17.55 20 17 20Z\" fill=\"#007EE2\"\/><\/svg>\n\t\t\t\t\t<time class=\"entry-date published\" datetime=\"2025-09-26T18:00:00+02:00\">26 Sep 2025<\/time><time class=\"updated\" datetime=\"2025-10-31T11:52:32+01:00\">31 Oct 2025<\/time>\t\t\t\t<\/span>\n\t\t\t\t<\/div><!-- .entry-taxonomies -->\n\t<h6 class=\"entry-title\"><a href=\"https:\/\/tolunacorporate.com\/fr\/barometre-de-confiance-politique-septembre-2025\/\" rel=\"bookmark\">Barom\u00e8tre de confiance politique &#8211; Septembre 2025<\/a><\/h6><\/header><!-- .entry-header -->\n<footer class=\"entry-footer\">\n\t\t\t<div class=\"entry-actions\">\n\t\t\t<p class=\"more-link-wrap\">\n\t\t\t\t<a href=\"https:\/\/tolunacorporate.com\/fr\/barometre-de-confiance-politique-septembre-2025\/\" class=\"post-more-link\">\n\t\t\t\t\tEN SAVOIR PLUS<span class=\"screen-reader-text\"> Barom\u00e8tre de confiance politique &#8211; Septembre 2025<\/span><span class=\"toluna-svg-iconset svg-baseline\"><svg width=\"24\" height=\"25\" viewBox=\"0 0 24 25\" fill=\"none\" xmlns=\"http:\/\/www.w3.org\/2000\/svg\"><g clip-path=\"url(#clip0_3349_8828)\"><path d=\"M7.38048 21.9288C7.87048 22.4188 8.66048 22.4188 9.15048 21.9288L17.4605 13.6187C17.8505 13.2287 17.8505 12.5988 17.4605 12.2087L9.15048 3.89875C8.66048 3.40875 7.87048 3.40875 7.38048 3.89875C6.89048 4.38875 6.89048 5.17875 7.38048 5.66875L14.6205 12.9187L7.37048 20.1688C6.89048 20.6488 6.89048 21.4488 7.38048 21.9288Z\" fill=\"#007EE2\"\/><\/g><defs><clipPath id=\"clip0_3349_8828\"><rect width=\"24\" height=\"24\" fill=\"white\" transform=\"translate(0 0.917969)\"\/><\/clipPath><\/defs><\/svg><\/span>\t\t\t\t<\/a>\n\t\t\t<\/p>\n\t\t<\/div><!-- .entry-actions -->\n\t\t<\/footer><!-- .entry-footer -->\n\t<\/div>\n<\/article>\n<article class=\"entry content-bg loop-entry post-48573 post type-post status-publish format-standard has-post-thumbnail hentry category-france-fr-2 tag-poll-2\">\n\t    <!-- toluna-thumbnail-ratio-1-1 -->\n\t\t<a class=\"post-thumbnail\" href=\"https:\/\/tolunacorporate.com\/fr\/la-precarite-alimentaire-des-jeunes-de-18-24-ans\/\">\n\t\t\t<div class=\"post-thumbnail-inner\">\n\t\t\t\t<img decoding=\"async\" width=\"1024\" height=\"1024\" src=\"https:\/\/tolunacorporate.com\/wp-content\/uploads\/2025\/09\/pexels-cottonbro-6590920-1024x1024.jpg\" class=\"attachment-large size-large wp-post-image\" alt=\"La pr\u00e9carit\u00e9 alimentaire des jeunes de 18-24 ans\" srcset=\"https:\/\/tolunacorporate.com\/wp-content\/uploads\/2025\/09\/pexels-cottonbro-6590920-1024x1024.jpg 1024w, https:\/\/tolunacorporate.com\/wp-content\/uploads\/2025\/09\/pexels-cottonbro-6590920-300x300.jpg 300w, https:\/\/tolunacorporate.com\/wp-content\/uploads\/2025\/09\/pexels-cottonbro-6590920-150x150.jpg 150w, https:\/\/tolunacorporate.com\/wp-content\/uploads\/2025\/09\/pexels-cottonbro-6590920-768x768.jpg 768w, https:\/\/tolunacorporate.com\/wp-content\/uploads\/2025\/09\/pexels-cottonbro-6590920-1536x1536.jpg 1536w, https:\/\/tolunacorporate.com\/wp-content\/uploads\/2025\/09\/pexels-cottonbro-6590920-2048x2048.jpg 2048w\" sizes=\"(max-width: 1024px) 100vw, 1024px\" style=\"width:100%;height:100%;max-width:2560px;\" \/>\t\t\t<\/div>\n\t\t<\/a><!-- .post-thumbnail -->\n\t\t\t<div class=\"entry-content-wrap\">\n\t\t<header class=\"entry-header\">\n\t\t<div class=\"entry-taxonomies\">\n\t\t\t\t\t\t<span class=\"posted-on\">\n\t\t\t\t\t<svg width=\"20\" height=\"22\" viewBox=\"0 0 20 22\" fill=\"none\" xmlns=\"http:\/\/www.w3.org\/2000\/svg\"><path d=\"M18 2H17V1C17 0.45 16.55 0 16 0C15.45 0 15 0.45 15 1V2H5V1C5 0.45 4.55 0 4 0C3.45 0 3 0.45 3 1V2H2C0.9 2 0 2.9 0 4V20C0 21.1 0.9 22 2 22H18C19.1 22 20 21.1 20 20V4C20 2.9 19.1 2 18 2ZM17 20H3C2.45 20 2 19.55 2 19V7H18V19C18 19.55 17.55 20 17 20Z\" fill=\"#007EE2\"\/><\/svg>\n\t\t\t\t\t<time class=\"entry-date published\" datetime=\"2025-09-16T09:59:00+02:00\">16 Sep 2025<\/time><time class=\"updated\" datetime=\"2025-09-23T15:01:31+02:00\">23 Sep 2025<\/time>\t\t\t\t<\/span>\n\t\t\t\t<\/div><!-- .entry-taxonomies -->\n\t<h6 class=\"entry-title\"><a href=\"https:\/\/tolunacorporate.com\/fr\/la-precarite-alimentaire-des-jeunes-de-18-24-ans\/\" rel=\"bookmark\">La pr\u00e9carit\u00e9 alimentaire des jeunes de 18-24 ans<\/a><\/h6><\/header><!-- .entry-header -->\n<footer class=\"entry-footer\">\n\t\t\t<div class=\"entry-actions\">\n\t\t\t<p class=\"more-link-wrap\">\n\t\t\t\t<a href=\"https:\/\/tolunacorporate.com\/fr\/la-precarite-alimentaire-des-jeunes-de-18-24-ans\/\" class=\"post-more-link\">\n\t\t\t\t\tEN SAVOIR PLUS<span class=\"screen-reader-text\"> La pr\u00e9carit\u00e9 alimentaire des jeunes de 18-24 ans<\/span><span class=\"toluna-svg-iconset svg-baseline\"><svg width=\"24\" height=\"25\" viewBox=\"0 0 24 25\" fill=\"none\" xmlns=\"http:\/\/www.w3.org\/2000\/svg\"><g clip-path=\"url(#clip0_3349_8828)\"><path d=\"M7.38048 21.9288C7.87048 22.4188 8.66048 22.4188 9.15048 21.9288L17.4605 13.6187C17.8505 13.2287 17.8505 12.5988 17.4605 12.2087L9.15048 3.89875C8.66048 3.40875 7.87048 3.40875 7.38048 3.89875C6.89048 4.38875 6.89048 5.17875 7.38048 5.66875L14.6205 12.9187L7.37048 20.1688C6.89048 20.6488 6.89048 21.4488 7.38048 21.9288Z\" fill=\"#007EE2\"\/><\/g><defs><clipPath id=\"clip0_3349_8828\"><rect width=\"24\" height=\"24\" fill=\"white\" transform=\"translate(0 0.917969)\"\/><\/clipPath><\/defs><\/svg><\/span>\t\t\t\t<\/a>\n\t\t\t<\/p>\n\t\t<\/div><!-- .entry-actions -->\n\t\t<\/footer><!-- .entry-footer -->\n\t<\/div>\n<\/article>\n<article class=\"entry content-bg loop-entry post-48426 post type-post status-publish format-standard has-post-thumbnail hentry category-france-fr-2 tag-poll-2\">\n\t    <!-- toluna-thumbnail-ratio-1-1 -->\n\t\t<a class=\"post-thumbnail\" href=\"https:\/\/tolunacorporate.com\/fr\/etude-flash-suite-a-la-nomination-de-sebastien-lecornu-en-tant-que-premier-ministre\/\">\n\t\t\t<div class=\"post-thumbnail-inner\">\n\t\t\t\t<img decoding=\"async\" width=\"293\" height=\"294\" src=\"https:\/\/tolunacorporate.com\/wp-content\/uploads\/2025\/06\/Barometre-de-confiance-politique-\u2013-Mai-2025.png\" class=\"attachment-large size-large wp-post-image\" alt=\"Etude flash suite \u00e0 la nomination de S\u00e9bastien Lecornu en tant que Premier ministre\" srcset=\"https:\/\/tolunacorporate.com\/wp-content\/uploads\/2025\/06\/Barometre-de-confiance-politique-\u2013-Mai-2025.png 293w, https:\/\/tolunacorporate.com\/wp-content\/uploads\/2025\/06\/Barometre-de-confiance-politique-\u2013-Mai-2025-150x150.png 150w\" sizes=\"(max-width: 293px) 100vw, 293px\" style=\"width:100%;height:100.34%;max-width:293px;\" \/>\t\t\t<\/div>\n\t\t<\/a><!-- .post-thumbnail -->\n\t\t\t<div class=\"entry-content-wrap\">\n\t\t<header class=\"entry-header\">\n\t\t<div class=\"entry-taxonomies\">\n\t\t\t\t\t\t<span class=\"posted-on\">\n\t\t\t\t\t<svg width=\"20\" height=\"22\" viewBox=\"0 0 20 22\" fill=\"none\" xmlns=\"http:\/\/www.w3.org\/2000\/svg\"><path d=\"M18 2H17V1C17 0.45 16.55 0 16 0C15.45 0 15 0.45 15 1V2H5V1C5 0.45 4.55 0 4 0C3.45 0 3 0.45 3 1V2H2C0.9 2 0 2.9 0 4V20C0 21.1 0.9 22 2 22H18C19.1 22 20 21.1 20 20V4C20 2.9 19.1 2 18 2ZM17 20H3C2.45 20 2 19.55 2 19V7H18V19C18 19.55 17.55 20 17 20Z\" fill=\"#007EE2\"\/><\/svg>\n\t\t\t\t\t<time class=\"entry-date published\" datetime=\"2025-09-11T10:59:46+02:00\">11 Sep 2025<\/time><time class=\"updated\" datetime=\"2025-09-23T15:04:03+02:00\">23 Sep 2025<\/time>\t\t\t\t<\/span>\n\t\t\t\t<\/div><!-- .entry-taxonomies -->\n\t<h6 class=\"entry-title\"><a href=\"https:\/\/tolunacorporate.com\/fr\/etude-flash-suite-a-la-nomination-de-sebastien-lecornu-en-tant-que-premier-ministre\/\" rel=\"bookmark\">Etude flash suite \u00e0 la nomination de S\u00e9bastien Lecornu en tant que Premier ministre<\/a><\/h6><\/header><!-- .entry-header -->\n<footer class=\"entry-footer\">\n\t\t\t<div class=\"entry-actions\">\n\t\t\t<p class=\"more-link-wrap\">\n\t\t\t\t<a href=\"https:\/\/tolunacorporate.com\/fr\/etude-flash-suite-a-la-nomination-de-sebastien-lecornu-en-tant-que-premier-ministre\/\" class=\"post-more-link\">\n\t\t\t\t\tEN SAVOIR PLUS<span class=\"screen-reader-text\"> Etude flash suite \u00e0 la nomination de S\u00e9bastien Lecornu en tant que Premier ministre<\/span><span class=\"toluna-svg-iconset svg-baseline\"><svg width=\"24\" height=\"25\" viewBox=\"0 0 24 25\" fill=\"none\" xmlns=\"http:\/\/www.w3.org\/2000\/svg\"><g clip-path=\"url(#clip0_3349_8828)\"><path d=\"M7.38048 21.9288C7.87048 22.4188 8.66048 22.4188 9.15048 21.9288L17.4605 13.6187C17.8505 13.2287 17.8505 12.5988 17.4605 12.2087L9.15048 3.89875C8.66048 3.40875 7.87048 3.40875 7.38048 3.89875C6.89048 4.38875 6.89048 5.17875 7.38048 5.66875L14.6205 12.9187L7.37048 20.1688C6.89048 20.6488 6.89048 21.4488 7.38048 21.9288Z\" fill=\"#007EE2\"\/><\/g><defs><clipPath id=\"clip0_3349_8828\"><rect width=\"24\" height=\"24\" fill=\"white\" transform=\"translate(0 0.917969)\"\/><\/clipPath><\/defs><\/svg><\/span>\t\t\t\t<\/a>\n\t\t\t<\/p>\n\t\t<\/div><!-- .entry-actions -->\n\t\t<\/footer><!-- .entry-footer -->\n\t<\/div>\n<\/article>\n<article class=\"entry content-bg loop-entry post-48359 post type-post status-publish format-standard has-post-thumbnail hentry category-france-fr-2 tag-poll-2\">\n\t    <!-- toluna-thumbnail-ratio-1-1 -->\n\t\t<a class=\"post-thumbnail\" href=\"https:\/\/tolunacorporate.com\/fr\/reaction-des-francais-suite-au-vote-de-non-confiance-du-gouvernement-de-francois-bayrou\/\">\n\t\t\t<div class=\"post-thumbnail-inner\">\n\t\t\t\t<img decoding=\"async\" width=\"293\" height=\"294\" src=\"https:\/\/tolunacorporate.com\/wp-content\/uploads\/2025\/06\/Barometre-de-confiance-politique-\u2013-Mai-2025.png\" class=\"attachment-large size-large wp-post-image\" alt=\"R\u00e9action des Fran\u00e7ais suite au vote de non-confiance du gouvernement de Fran\u00e7ois Bayrou\" srcset=\"https:\/\/tolunacorporate.com\/wp-content\/uploads\/2025\/06\/Barometre-de-confiance-politique-\u2013-Mai-2025.png 293w, https:\/\/tolunacorporate.com\/wp-content\/uploads\/2025\/06\/Barometre-de-confiance-politique-\u2013-Mai-2025-150x150.png 150w\" sizes=\"(max-width: 293px) 100vw, 293px\" style=\"width:100%;height:100.34%;max-width:293px;\" \/>\t\t\t<\/div>\n\t\t<\/a><!-- .post-thumbnail -->\n\t\t\t<div class=\"entry-content-wrap\">\n\t\t<header class=\"entry-header\">\n\t\t<div class=\"entry-taxonomies\">\n\t\t\t\t\t\t<span class=\"posted-on\">\n\t\t\t\t\t<svg width=\"20\" height=\"22\" viewBox=\"0 0 20 22\" fill=\"none\" xmlns=\"http:\/\/www.w3.org\/2000\/svg\"><path d=\"M18 2H17V1C17 0.45 16.55 0 16 0C15.45 0 15 0.45 15 1V2H5V1C5 0.45 4.55 0 4 0C3.45 0 3 0.45 3 1V2H2C0.9 2 0 2.9 0 4V20C0 21.1 0.9 22 2 22H18C19.1 22 20 21.1 20 20V4C20 2.9 19.1 2 18 2ZM17 20H3C2.45 20 2 19.55 2 19V7H18V19C18 19.55 17.55 20 17 20Z\" fill=\"#007EE2\"\/><\/svg>\n\t\t\t\t\t<time class=\"entry-date published\" datetime=\"2025-09-09T11:48:40+02:00\">9 Sep 2025<\/time><time class=\"updated\" datetime=\"2025-09-23T15:08:58+02:00\">23 Sep 2025<\/time>\t\t\t\t<\/span>\n\t\t\t\t<\/div><!-- .entry-taxonomies -->\n\t<h6 class=\"entry-title\"><a href=\"https:\/\/tolunacorporate.com\/fr\/reaction-des-francais-suite-au-vote-de-non-confiance-du-gouvernement-de-francois-bayrou\/\" rel=\"bookmark\">R\u00e9action des Fran\u00e7ais suite au vote de non-confiance du gouvernement de Fran\u00e7ois Bayrou<\/a><\/h6><\/header><!-- .entry-header -->\n<footer class=\"entry-footer\">\n\t\t\t<div class=\"entry-actions\">\n\t\t\t<p class=\"more-link-wrap\">\n\t\t\t\t<a href=\"https:\/\/tolunacorporate.com\/fr\/reaction-des-francais-suite-au-vote-de-non-confiance-du-gouvernement-de-francois-bayrou\/\" class=\"post-more-link\">\n\t\t\t\t\tEN SAVOIR PLUS<span class=\"screen-reader-text\"> R\u00e9action des Fran\u00e7ais suite au vote de non-confiance du gouvernement de Fran\u00e7ois Bayrou<\/span><span class=\"toluna-svg-iconset svg-baseline\"><svg width=\"24\" height=\"25\" viewBox=\"0 0 24 25\" fill=\"none\" xmlns=\"http:\/\/www.w3.org\/2000\/svg\"><g clip-path=\"url(#clip0_3349_8828)\"><path d=\"M7.38048 21.9288C7.87048 22.4188 8.66048 22.4188 9.15048 21.9288L17.4605 13.6187C17.8505 13.2287 17.8505 12.5988 17.4605 12.2087L9.15048 3.89875C8.66048 3.40875 7.87048 3.40875 7.38048 3.89875C6.89048 4.38875 6.89048 5.17875 7.38048 5.66875L14.6205 12.9187L7.37048 20.1688C6.89048 20.6488 6.89048 21.4488 7.38048 21.9288Z\" fill=\"#007EE2\"\/><\/g><defs><clipPath id=\"clip0_3349_8828\"><rect width=\"24\" height=\"24\" fill=\"white\" transform=\"translate(0 0.917969)\"\/><\/clipPath><\/defs><\/svg><\/span>\t\t\t\t<\/a>\n\t\t\t<\/p>\n\t\t<\/div><!-- .entry-actions -->\n\t\t<\/footer><!-- .entry-footer -->\n\t<\/div>\n<\/article>\n<article class=\"entry content-bg loop-entry post-48339 post type-post status-publish format-standard has-post-thumbnail hentry category-france-fr-2 tag-poll-2\">\n\t    <!-- toluna-thumbnail-ratio-1-1 -->\n\t\t<a class=\"post-thumbnail\" href=\"https:\/\/tolunacorporate.com\/fr\/intentions-de-vote-aux-elections-legislatives-en-cas-de-dissolution\/\">\n\t\t\t<div class=\"post-thumbnail-inner\">\n\t\t\t\t<img decoding=\"async\" width=\"500\" height=\"500\" src=\"https:\/\/tolunacorporate.com\/wp-content\/uploads\/2025\/05\/LObservatoire-Parlement-\u2013-Vague-1.jpg\" class=\"attachment-large size-large wp-post-image\" alt=\"Intentions de vote aux \u00e9lections l\u00e9gislatives en cas de dissolution\" srcset=\"https:\/\/tolunacorporate.com\/wp-content\/uploads\/2025\/05\/LObservatoire-Parlement-\u2013-Vague-1.jpg 500w, https:\/\/tolunacorporate.com\/wp-content\/uploads\/2025\/05\/LObservatoire-Parlement-\u2013-Vague-1-300x300.jpg 300w, https:\/\/tolunacorporate.com\/wp-content\/uploads\/2025\/05\/LObservatoire-Parlement-\u2013-Vague-1-150x150.jpg 150w\" sizes=\"(max-width: 500px) 100vw, 500px\" style=\"width:100%;height:100%;max-width:500px;\" \/>\t\t\t<\/div>\n\t\t<\/a><!-- .post-thumbnail -->\n\t\t\t<div class=\"entry-content-wrap\">\n\t\t<header class=\"entry-header\">\n\t\t<div class=\"entry-taxonomies\">\n\t\t\t\t\t\t<span class=\"posted-on\">\n\t\t\t\t\t<svg width=\"20\" height=\"22\" viewBox=\"0 0 20 22\" fill=\"none\" xmlns=\"http:\/\/www.w3.org\/2000\/svg\"><path d=\"M18 2H17V1C17 0.45 16.55 0 16 0C15.45 0 15 0.45 15 1V2H5V1C5 0.45 4.55 0 4 0C3.45 0 3 0.45 3 1V2H2C0.9 2 0 2.9 0 4V20C0 21.1 0.9 22 2 22H18C19.1 22 20 21.1 20 20V4C20 2.9 19.1 2 18 2ZM17 20H3C2.45 20 2 19.55 2 19V7H18V19C18 19.55 17.55 20 17 20Z\" fill=\"#007EE2\"\/><\/svg>\n\t\t\t\t\t<time class=\"entry-date published\" datetime=\"2025-09-08T11:47:17+02:00\">8 Sep 2025<\/time><time class=\"updated\" datetime=\"2025-09-23T15:16:19+02:00\">23 Sep 2025<\/time>\t\t\t\t<\/span>\n\t\t\t\t<\/div><!-- .entry-taxonomies -->\n\t<h6 class=\"entry-title\"><a href=\"https:\/\/tolunacorporate.com\/fr\/intentions-de-vote-aux-elections-legislatives-en-cas-de-dissolution\/\" rel=\"bookmark\">Intentions de vote aux \u00e9lections l\u00e9gislatives en cas de dissolution<\/a><\/h6><\/header><!-- .entry-header -->\n<footer class=\"entry-footer\">\n\t\t\t<div class=\"entry-actions\">\n\t\t\t<p class=\"more-link-wrap\">\n\t\t\t\t<a href=\"https:\/\/tolunacorporate.com\/fr\/intentions-de-vote-aux-elections-legislatives-en-cas-de-dissolution\/\" class=\"post-more-link\">\n\t\t\t\t\tEN SAVOIR PLUS<span class=\"screen-reader-text\"> Intentions de vote aux \u00e9lections l\u00e9gislatives en cas de dissolution<\/span><span class=\"toluna-svg-iconset svg-baseline\"><svg width=\"24\" height=\"25\" viewBox=\"0 0 24 25\" fill=\"none\" xmlns=\"http:\/\/www.w3.org\/2000\/svg\"><g clip-path=\"url(#clip0_3349_8828)\"><path d=\"M7.38048 21.9288C7.87048 22.4188 8.66048 22.4188 9.15048 21.9288L17.4605 13.6187C17.8505 13.2287 17.8505 12.5988 17.4605 12.2087L9.15048 3.89875C8.66048 3.40875 7.87048 3.40875 7.38048 3.89875C6.89048 4.38875 6.89048 5.17875 7.38048 5.66875L14.6205 12.9187L7.37048 20.1688C6.89048 20.6488 6.89048 21.4488 7.38048 21.9288Z\" fill=\"#007EE2\"\/><\/g><defs><clipPath id=\"clip0_3349_8828\"><rect width=\"24\" height=\"24\" fill=\"white\" transform=\"translate(0 0.917969)\"\/><\/clipPath><\/defs><\/svg><\/span>\t\t\t\t<\/a>\n\t\t\t<\/p>\n\t\t<\/div><!-- .entry-actions -->\n\t\t<\/footer><!-- .entry-footer -->\n\t<\/div>\n<\/article>\n<article class=\"entry content-bg loop-entry post-48310 post type-post status-publish format-standard has-post-thumbnail hentry category-france-fr-2 tag-poll-2\">\n\t    <!-- toluna-thumbnail-ratio-1-1 -->\n\t\t<a class=\"post-thumbnail\" href=\"https:\/\/tolunacorporate.com\/fr\/les-francais-et-leur-perception-des-cooperatives-deleveurs-laitiers\/\">\n\t\t\t<div class=\"post-thumbnail-inner\">\n\t\t\t\t<img decoding=\"async\" width=\"740\" height=\"740\" src=\"https:\/\/tolunacorporate.com\/wp-content\/uploads\/2025\/09\/Unknown.jpeg.jpg\" class=\"attachment-large size-large wp-post-image\" alt=\"Les Fran\u00e7ais et leur perception des coop\u00e9ratives d\u2019\u00e9leveurs laitiers\" srcset=\"https:\/\/tolunacorporate.com\/wp-content\/uploads\/2025\/09\/Unknown.jpeg.jpg 740w, https:\/\/tolunacorporate.com\/wp-content\/uploads\/2025\/09\/Unknown.jpeg-300x300.jpg 300w, https:\/\/tolunacorporate.com\/wp-content\/uploads\/2025\/09\/Unknown.jpeg-150x150.jpg 150w\" sizes=\"(max-width: 740px) 100vw, 740px\" style=\"width:100%;height:100%;max-width:740px;\" \/>\t\t\t<\/div>\n\t\t<\/a><!-- .post-thumbnail -->\n\t\t\t<div class=\"entry-content-wrap\">\n\t\t<header class=\"entry-header\">\n\t\t<div class=\"entry-taxonomies\">\n\t\t\t\t\t\t<span class=\"posted-on\">\n\t\t\t\t\t<svg width=\"20\" height=\"22\" viewBox=\"0 0 20 22\" fill=\"none\" xmlns=\"http:\/\/www.w3.org\/2000\/svg\"><path d=\"M18 2H17V1C17 0.45 16.55 0 16 0C15.45 0 15 0.45 15 1V2H5V1C5 0.45 4.55 0 4 0C3.45 0 3 0.45 3 1V2H2C0.9 2 0 2.9 0 4V20C0 21.1 0.9 22 2 22H18C19.1 22 20 21.1 20 20V4C20 2.9 19.1 2 18 2ZM17 20H3C2.45 20 2 19.55 2 19V7H18V19C18 19.55 17.55 20 17 20Z\" fill=\"#007EE2\"\/><\/svg>\n\t\t\t\t\t<time class=\"entry-date published\" datetime=\"2025-09-05T17:08:57+02:00\">5 Sep 2025<\/time><time class=\"updated\" datetime=\"2025-09-23T15:43:38+02:00\">23 Sep 2025<\/time>\t\t\t\t<\/span>\n\t\t\t\t<\/div><!-- .entry-taxonomies -->\n\t<h6 class=\"entry-title\"><a href=\"https:\/\/tolunacorporate.com\/fr\/les-francais-et-leur-perception-des-cooperatives-deleveurs-laitiers\/\" rel=\"bookmark\">Les Fran\u00e7ais et leur perception des coop\u00e9ratives d\u2019\u00e9leveurs laitiers<\/a><\/h6><\/header><!-- .entry-header -->\n<footer class=\"entry-footer\">\n\t\t\t<div class=\"entry-actions\">\n\t\t\t<p class=\"more-link-wrap\">\n\t\t\t\t<a href=\"https:\/\/tolunacorporate.com\/fr\/les-francais-et-leur-perception-des-cooperatives-deleveurs-laitiers\/\" class=\"post-more-link\">\n\t\t\t\t\tEN SAVOIR PLUS<span class=\"screen-reader-text\"> Les Fran\u00e7ais et leur perception des coop\u00e9ratives d\u2019\u00e9leveurs laitiers<\/span><span class=\"toluna-svg-iconset svg-baseline\"><svg width=\"24\" height=\"25\" viewBox=\"0 0 24 25\" fill=\"none\" xmlns=\"http:\/\/www.w3.org\/2000\/svg\"><g clip-path=\"url(#clip0_3349_8828)\"><path d=\"M7.38048 21.9288C7.87048 22.4188 8.66048 22.4188 9.15048 21.9288L17.4605 13.6187C17.8505 13.2287 17.8505 12.5988 17.4605 12.2087L9.15048 3.89875C8.66048 3.40875 7.87048 3.40875 7.38048 3.89875C6.89048 4.38875 6.89048 5.17875 7.38048 5.66875L14.6205 12.9187L7.37048 20.1688C6.89048 20.6488 6.89048 21.4488 7.38048 21.9288Z\" fill=\"#007EE2\"\/><\/g><defs><clipPath id=\"clip0_3349_8828\"><rect width=\"24\" height=\"24\" fill=\"white\" transform=\"translate(0 0.917969)\"\/><\/clipPath><\/defs><\/svg><\/span>\t\t\t\t<\/a>\n\t\t\t<\/p>\n\t\t<\/div><!-- .entry-actions -->\n\t\t<\/footer><!-- .entry-footer -->\n\t<\/div>\n<\/article>\n<article class=\"entry content-bg loop-entry post-48268 post type-post status-publish format-standard has-post-thumbnail hentry category-france-fr-2 tag-poll-2\">\n\t    <!-- toluna-thumbnail-ratio-1-1 -->\n\t\t<a class=\"post-thumbnail\" href=\"https:\/\/tolunacorporate.com\/fr\/les-francais-et-la-depression\/\">\n\t\t\t<div class=\"post-thumbnail-inner\">\n\t\t\t\t<img decoding=\"async\" width=\"1024\" height=\"1024\" src=\"https:\/\/tolunacorporate.com\/wp-content\/uploads\/2025\/09\/pexels-pixabay-236151-1024x1024.jpg\" class=\"attachment-large size-large wp-post-image\" alt=\"Les Fran\u00e7ais et la d\u00e9pression\" srcset=\"https:\/\/tolunacorporate.com\/wp-content\/uploads\/2025\/09\/pexels-pixabay-236151-1024x1024.jpg 1024w, https:\/\/tolunacorporate.com\/wp-content\/uploads\/2025\/09\/pexels-pixabay-236151-300x300.jpg 300w, https:\/\/tolunacorporate.com\/wp-content\/uploads\/2025\/09\/pexels-pixabay-236151-150x150.jpg 150w, https:\/\/tolunacorporate.com\/wp-content\/uploads\/2025\/09\/pexels-pixabay-236151-768x768.jpg 768w, https:\/\/tolunacorporate.com\/wp-content\/uploads\/2025\/09\/pexels-pixabay-236151-1536x1536.jpg 1536w, https:\/\/tolunacorporate.com\/wp-content\/uploads\/2025\/09\/pexels-pixabay-236151-2048x2048.jpg 2048w\" sizes=\"(max-width: 1024px) 100vw, 1024px\" style=\"width:100%;height:100%;max-width:2059px;\" \/>\t\t\t<\/div>\n\t\t<\/a><!-- .post-thumbnail -->\n\t\t\t<div class=\"entry-content-wrap\">\n\t\t<header class=\"entry-header\">\n\t\t<div class=\"entry-taxonomies\">\n\t\t\t\t\t\t<span class=\"posted-on\">\n\t\t\t\t\t<svg width=\"20\" height=\"22\" viewBox=\"0 0 20 22\" fill=\"none\" xmlns=\"http:\/\/www.w3.org\/2000\/svg\"><path d=\"M18 2H17V1C17 0.45 16.55 0 16 0C15.45 0 15 0.45 15 1V2H5V1C5 0.45 4.55 0 4 0C3.45 0 3 0.45 3 1V2H2C0.9 2 0 2.9 0 4V20C0 21.1 0.9 22 2 22H18C19.1 22 20 21.1 20 20V4C20 2.9 19.1 2 18 2ZM17 20H3C2.45 20 2 19.55 2 19V7H18V19C18 19.55 17.55 20 17 20Z\" fill=\"#007EE2\"\/><\/svg>\n\t\t\t\t\t<time class=\"entry-date published\" datetime=\"2025-09-05T11:00:00+02:00\">5 Sep 2025<\/time><time class=\"updated\" datetime=\"2025-09-23T15:40:44+02:00\">23 Sep 2025<\/time>\t\t\t\t<\/span>\n\t\t\t\t<\/div><!-- .entry-taxonomies -->\n\t<h6 class=\"entry-title\"><a href=\"https:\/\/tolunacorporate.com\/fr\/les-francais-et-la-depression\/\" rel=\"bookmark\">Les Fran\u00e7ais et la d\u00e9pression<\/a><\/h6><\/header><!-- .entry-header -->\n<footer class=\"entry-footer\">\n\t\t\t<div class=\"entry-actions\">\n\t\t\t<p class=\"more-link-wrap\">\n\t\t\t\t<a href=\"https:\/\/tolunacorporate.com\/fr\/les-francais-et-la-depression\/\" class=\"post-more-link\">\n\t\t\t\t\tEN SAVOIR PLUS<span class=\"screen-reader-text\"> Les Fran\u00e7ais et la d\u00e9pression<\/span><span class=\"toluna-svg-iconset svg-baseline\"><svg width=\"24\" height=\"25\" viewBox=\"0 0 24 25\" fill=\"none\" xmlns=\"http:\/\/www.w3.org\/2000\/svg\"><g clip-path=\"url(#clip0_3349_8828)\"><path d=\"M7.38048 21.9288C7.87048 22.4188 8.66048 22.4188 9.15048 21.9288L17.4605 13.6187C17.8505 13.2287 17.8505 12.5988 17.4605 12.2087L9.15048 3.89875C8.66048 3.40875 7.87048 3.40875 7.38048 3.89875C6.89048 4.38875 6.89048 5.17875 7.38048 5.66875L14.6205 12.9187L7.37048 20.1688C6.89048 20.6488 6.89048 21.4488 7.38048 21.9288Z\" fill=\"#007EE2\"\/><\/g><defs><clipPath id=\"clip0_3349_8828\"><rect width=\"24\" height=\"24\" fill=\"white\" transform=\"translate(0 0.917969)\"\/><\/clipPath><\/defs><\/svg><\/span>\t\t\t\t<\/a>\n\t\t\t<\/p>\n\t\t<\/div><!-- .entry-actions -->\n\t\t<\/footer><!-- .entry-footer -->\n\t<\/div>\n<\/article>\n<article class=\"entry content-bg loop-entry post-48233 post type-post status-publish format-standard has-post-thumbnail hentry category-france-fr-2 tag-poll-2\">\n\t    <!-- toluna-thumbnail-ratio-1-1 -->\n\t\t<a class=\"post-thumbnail\" href=\"https:\/\/tolunacorporate.com\/fr\/lopinion-des-francais-a-legard-de-la-presidentielle-3\/\">\n\t\t\t<div class=\"post-thumbnail-inner\">\n\t\t\t\t<img decoding=\"async\" width=\"293\" height=\"294\" src=\"https:\/\/tolunacorporate.com\/wp-content\/uploads\/2025\/06\/Barometre-de-confiance-politique-\u2013-Mai-2025.png\" class=\"attachment-large size-large wp-post-image\" alt=\"L\u2019Opinion des Fran\u00e7ais \u00e0 l\u2019\u00e9gard de la Pr\u00e9sidentielle\" srcset=\"https:\/\/tolunacorporate.com\/wp-content\/uploads\/2025\/06\/Barometre-de-confiance-politique-\u2013-Mai-2025.png 293w, https:\/\/tolunacorporate.com\/wp-content\/uploads\/2025\/06\/Barometre-de-confiance-politique-\u2013-Mai-2025-150x150.png 150w\" sizes=\"(max-width: 293px) 100vw, 293px\" style=\"width:100%;height:100.34%;max-width:293px;\" \/>\t\t\t<\/div>\n\t\t<\/a><!-- .post-thumbnail -->\n\t\t\t<div class=\"entry-content-wrap\">\n\t\t<header class=\"entry-header\">\n\t\t<div class=\"entry-taxonomies\">\n\t\t\t\t\t\t<span class=\"posted-on\">\n\t\t\t\t\t<svg width=\"20\" height=\"22\" viewBox=\"0 0 20 22\" fill=\"none\" xmlns=\"http:\/\/www.w3.org\/2000\/svg\"><path d=\"M18 2H17V1C17 0.45 16.55 0 16 0C15.45 0 15 0.45 15 1V2H5V1C5 0.45 4.55 0 4 0C3.45 0 3 0.45 3 1V2H2C0.9 2 0 2.9 0 4V20C0 21.1 0.9 22 2 22H18C19.1 22 20 21.1 20 20V4C20 2.9 19.1 2 18 2ZM17 20H3C2.45 20 2 19.55 2 19V7H18V19C18 19.55 17.55 20 17 20Z\" fill=\"#007EE2\"\/><\/svg>\n\t\t\t\t\t<time class=\"entry-date published\" datetime=\"2025-09-03T06:45:00+02:00\">3 Sep 2025<\/time><time class=\"updated\" datetime=\"2025-09-03T11:22:50+02:00\">3 Sep 2025<\/time>\t\t\t\t<\/span>\n\t\t\t\t<\/div><!-- .entry-taxonomies -->\n\t<h6 class=\"entry-title\"><a href=\"https:\/\/tolunacorporate.com\/fr\/lopinion-des-francais-a-legard-de-la-presidentielle-3\/\" rel=\"bookmark\">L\u2019Opinion des Fran\u00e7ais \u00e0 l\u2019\u00e9gard de la Pr\u00e9sidentielle<\/a><\/h6><\/header><!-- .entry-header -->\n<footer class=\"entry-footer\">\n\t\t\t<div class=\"entry-actions\">\n\t\t\t<p class=\"more-link-wrap\">\n\t\t\t\t<a href=\"https:\/\/tolunacorporate.com\/fr\/lopinion-des-francais-a-legard-de-la-presidentielle-3\/\" class=\"post-more-link\">\n\t\t\t\t\tEN SAVOIR PLUS<span class=\"screen-reader-text\"> L\u2019Opinion des Fran\u00e7ais \u00e0 l\u2019\u00e9gard de la Pr\u00e9sidentielle<\/span><span class=\"toluna-svg-iconset svg-baseline\"><svg width=\"24\" height=\"25\" viewBox=\"0 0 24 25\" fill=\"none\" xmlns=\"http:\/\/www.w3.org\/2000\/svg\"><g clip-path=\"url(#clip0_3349_8828)\"><path d=\"M7.38048 21.9288C7.87048 22.4188 8.66048 22.4188 9.15048 21.9288L17.4605 13.6187C17.8505 13.2287 17.8505 12.5988 17.4605 12.2087L9.15048 3.89875C8.66048 3.40875 7.87048 3.40875 7.38048 3.89875C6.89048 4.38875 6.89048 5.17875 7.38048 5.66875L14.6205 12.9187L7.37048 20.1688C6.89048 20.6488 6.89048 21.4488 7.38048 21.9288Z\" fill=\"#007EE2\"\/><\/g><defs><clipPath id=\"clip0_3349_8828\"><rect width=\"24\" height=\"24\" fill=\"white\" transform=\"translate(0 0.917969)\"\/><\/clipPath><\/defs><\/svg><\/span>\t\t\t\t<\/a>\n\t\t\t<\/p>\n\t\t<\/div><!-- .entry-actions -->\n\t\t<\/footer><!-- .entry-footer -->\n\t<\/div>\n<\/article>\n<article class=\"entry content-bg loop-entry post-48199 post type-post status-publish format-standard has-post-thumbnail hentry category-france-fr tag-poll-2\">\n\t    <!-- toluna-thumbnail-ratio-1-1 -->\n\t\t<a class=\"post-thumbnail\" href=\"https:\/\/tolunacorporate.com\/fr\/barometre-de-confiance-politique-aout-2025\/\">\n\t\t\t<div class=\"post-thumbnail-inner\">\n\t\t\t\t<img decoding=\"async\" width=\"293\" height=\"294\" src=\"https:\/\/tolunacorporate.com\/wp-content\/uploads\/2025\/09\/Barometre-de-confiance-politique-\u2013-Mai-2025.png.webp\" class=\"attachment-large size-large wp-post-image\" alt=\"Barom\u00e8tre de confiance politique &#8211; Ao\u00fbt 2025\" srcset=\"https:\/\/tolunacorporate.com\/wp-content\/uploads\/2025\/09\/Barometre-de-confiance-politique-\u2013-Mai-2025.png.webp 293w, https:\/\/tolunacorporate.com\/wp-content\/uploads\/2025\/09\/Barometre-de-confiance-politique-\u2013-Mai-2025.png-150x150.webp 150w\" sizes=\"(max-width: 293px) 100vw, 293px\" style=\"width:100%;height:100.34%;max-width:293px;\" \/>\t\t\t<\/div>\n\t\t<\/a><!-- .post-thumbnail -->\n\t\t\t<div class=\"entry-content-wrap\">\n\t\t<header class=\"entry-header\">\n\t\t<div class=\"entry-taxonomies\">\n\t\t\t\t\t\t<span class=\"posted-on\">\n\t\t\t\t\t<svg width=\"20\" height=\"22\" viewBox=\"0 0 20 22\" fill=\"none\" xmlns=\"http:\/\/www.w3.org\/2000\/svg\"><path d=\"M18 2H17V1C17 0.45 16.55 0 16 0C15.45 0 15 0.45 15 1V2H5V1C5 0.45 4.55 0 4 0C3.45 0 3 0.45 3 1V2H2C0.9 2 0 2.9 0 4V20C0 21.1 0.9 22 2 22H18C19.1 22 20 21.1 20 20V4C20 2.9 19.1 2 18 2ZM17 20H3C2.45 20 2 19.55 2 19V7H18V19C18 19.55 17.55 20 17 20Z\" fill=\"#007EE2\"\/><\/svg>\n\t\t\t\t\t<time class=\"entry-date published\" datetime=\"2025-08-29T18:01:06+02:00\">29 Ao\u00fbt 2025<\/time><time class=\"updated\" datetime=\"2025-09-23T15:19:06+02:00\">23 Sep 2025<\/time>\t\t\t\t<\/span>\n\t\t\t\t<\/div><!-- .entry-taxonomies -->\n\t<h6 class=\"entry-title\"><a href=\"https:\/\/tolunacorporate.com\/fr\/barometre-de-confiance-politique-aout-2025\/\" rel=\"bookmark\">Barom\u00e8tre de confiance politique &#8211; Ao\u00fbt 2025<\/a><\/h6><\/header><!-- .entry-header -->\n<footer class=\"entry-footer\">\n\t\t\t<div class=\"entry-actions\">\n\t\t\t<p class=\"more-link-wrap\">\n\t\t\t\t<a href=\"https:\/\/tolunacorporate.com\/fr\/barometre-de-confiance-politique-aout-2025\/\" class=\"post-more-link\">\n\t\t\t\t\tEN SAVOIR PLUS<span class=\"screen-reader-text\"> Barom\u00e8tre de confiance politique &#8211; Ao\u00fbt 2025<\/span><span class=\"toluna-svg-iconset svg-baseline\"><svg width=\"24\" height=\"25\" viewBox=\"0 0 24 25\" fill=\"none\" xmlns=\"http:\/\/www.w3.org\/2000\/svg\"><g clip-path=\"url(#clip0_3349_8828)\"><path d=\"M7.38048 21.9288C7.87048 22.4188 8.66048 22.4188 9.15048 21.9288L17.4605 13.6187C17.8505 13.2287 17.8505 12.5988 17.4605 12.2087L9.15048 3.89875C8.66048 3.40875 7.87048 3.40875 7.38048 3.89875C6.89048 4.38875 6.89048 5.17875 7.38048 5.66875L14.6205 12.9187L7.37048 20.1688C6.89048 20.6488 6.89048 21.4488 7.38048 21.9288Z\" fill=\"#007EE2\"\/><\/g><defs><clipPath id=\"clip0_3349_8828\"><rect width=\"24\" height=\"24\" fill=\"white\" transform=\"translate(0 0.917969)\"\/><\/clipPath><\/defs><\/svg><\/span>\t\t\t\t<\/a>\n\t\t\t<\/p>\n\t\t<\/div><!-- .entry-actions -->\n\t\t<\/footer><!-- .entry-footer -->\n\t<\/div>\n<\/article>\n<article class=\"entry content-bg loop-entry post-47980 post type-post status-publish format-standard has-post-thumbnail hentry category-france-fr-2 tag-poll-2\">\n\t    <!-- toluna-thumbnail-ratio-1-1 -->\n\t\t<a class=\"post-thumbnail\" href=\"https:\/\/tolunacorporate.com\/fr\/les-francais-et-le-vote-de-confiance-envers-le-gouvernement-de-francois-bayrou-le-8-septembre-2025\/\">\n\t\t\t<div class=\"post-thumbnail-inner\">\n\t\t\t\t<img decoding=\"async\" width=\"500\" height=\"500\" src=\"https:\/\/tolunacorporate.com\/wp-content\/uploads\/2025\/05\/LObservatoire-Parlement-\u2013-Vague-1.jpg\" class=\"attachment-large size-large wp-post-image\" alt=\"Les Fran\u00e7ais et le vote de confiance envers le gouvernement de Fran\u00e7ois Bayrou le 8 septembre 2025\" srcset=\"https:\/\/tolunacorporate.com\/wp-content\/uploads\/2025\/05\/LObservatoire-Parlement-\u2013-Vague-1.jpg 500w, https:\/\/tolunacorporate.com\/wp-content\/uploads\/2025\/05\/LObservatoire-Parlement-\u2013-Vague-1-300x300.jpg 300w, https:\/\/tolunacorporate.com\/wp-content\/uploads\/2025\/05\/LObservatoire-Parlement-\u2013-Vague-1-150x150.jpg 150w\" sizes=\"(max-width: 500px) 100vw, 500px\" style=\"width:100%;height:100%;max-width:500px;\" \/>\t\t\t<\/div>\n\t\t<\/a><!-- .post-thumbnail -->\n\t\t\t<div class=\"entry-content-wrap\">\n\t\t<header class=\"entry-header\">\n\t\t<div class=\"entry-taxonomies\">\n\t\t\t\t\t\t<span class=\"posted-on\">\n\t\t\t\t\t<svg width=\"20\" height=\"22\" viewBox=\"0 0 20 22\" fill=\"none\" xmlns=\"http:\/\/www.w3.org\/2000\/svg\"><path d=\"M18 2H17V1C17 0.45 16.55 0 16 0C15.45 0 15 0.45 15 1V2H5V1C5 0.45 4.55 0 4 0C3.45 0 3 0.45 3 1V2H2C0.9 2 0 2.9 0 4V20C0 21.1 0.9 22 2 22H18C19.1 22 20 21.1 20 20V4C20 2.9 19.1 2 18 2ZM17 20H3C2.45 20 2 19.55 2 19V7H18V19C18 19.55 17.55 20 17 20Z\" fill=\"#007EE2\"\/><\/svg>\n\t\t\t\t\t<time class=\"entry-date published\" datetime=\"2025-08-26T18:23:33+02:00\">26 Ao\u00fbt 2025<\/time><time class=\"updated\" datetime=\"2025-09-23T15:18:11+02:00\">23 Sep 2025<\/time>\t\t\t\t<\/span>\n\t\t\t\t<\/div><!-- .entry-taxonomies -->\n\t<h6 class=\"entry-title\"><a href=\"https:\/\/tolunacorporate.com\/fr\/les-francais-et-le-vote-de-confiance-envers-le-gouvernement-de-francois-bayrou-le-8-septembre-2025\/\" rel=\"bookmark\">Les Fran\u00e7ais et le vote de confiance envers le gouvernement de Fran\u00e7ois Bayrou le 8 septembre 2025<\/a><\/h6><\/header><!-- .entry-header -->\n<footer class=\"entry-footer\">\n\t\t\t<div class=\"entry-actions\">\n\t\t\t<p class=\"more-link-wrap\">\n\t\t\t\t<a href=\"https:\/\/tolunacorporate.com\/fr\/les-francais-et-le-vote-de-confiance-envers-le-gouvernement-de-francois-bayrou-le-8-septembre-2025\/\" class=\"post-more-link\">\n\t\t\t\t\tEN SAVOIR PLUS<span class=\"screen-reader-text\"> Les Fran\u00e7ais et le vote de confiance envers le gouvernement de Fran\u00e7ois Bayrou le 8 septembre 2025<\/span><span class=\"toluna-svg-iconset svg-baseline\"><svg width=\"24\" height=\"25\" viewBox=\"0 0 24 25\" fill=\"none\" xmlns=\"http:\/\/www.w3.org\/2000\/svg\"><g clip-path=\"url(#clip0_3349_8828)\"><path d=\"M7.38048 21.9288C7.87048 22.4188 8.66048 22.4188 9.15048 21.9288L17.4605 13.6187C17.8505 13.2287 17.8505 12.5988 17.4605 12.2087L9.15048 3.89875C8.66048 3.40875 7.87048 3.40875 7.38048 3.89875C6.89048 4.38875 6.89048 5.17875 7.38048 5.66875L14.6205 12.9187L7.37048 20.1688C6.89048 20.6488 6.89048 21.4488 7.38048 21.9288Z\" fill=\"#007EE2\"\/><\/g><defs><clipPath id=\"clip0_3349_8828\"><rect width=\"24\" height=\"24\" fill=\"white\" transform=\"translate(0 0.917969)\"\/><\/clipPath><\/defs><\/svg><\/span>\t\t\t\t<\/a>\n\t\t\t<\/p>\n\t\t<\/div><!-- .entry-actions -->\n\t\t<\/footer><!-- .entry-footer -->\n\t<\/div>\n<\/article>\n<article class=\"entry content-bg loop-entry post-47810 post type-post status-publish format-standard has-post-thumbnail hentry category-france-fr tag-poll-2\">\n\t    <!-- toluna-thumbnail-ratio-1-1 -->\n\t\t<a class=\"post-thumbnail\" href=\"https:\/\/tolunacorporate.com\/fr\/les-francais-et-le-mouvement-du-10-septembre-2025\/\">\n\t\t\t<div class=\"post-thumbnail-inner\">\n\t\t\t\t<img decoding=\"async\" width=\"500\" height=\"500\" src=\"https:\/\/tolunacorporate.com\/wp-content\/uploads\/2025\/08\/Jour-du-vote.png\" class=\"attachment-large size-large wp-post-image\" alt=\"Les Fran\u00e7ais et le mouvement du 10 septembre 2025\" srcset=\"https:\/\/tolunacorporate.com\/wp-content\/uploads\/2025\/08\/Jour-du-vote.png 500w, https:\/\/tolunacorporate.com\/wp-content\/uploads\/2025\/08\/Jour-du-vote-300x300.png 300w, https:\/\/tolunacorporate.com\/wp-content\/uploads\/2025\/08\/Jour-du-vote-150x150.png 150w\" sizes=\"(max-width: 500px) 100vw, 500px\" style=\"width:100%;height:100%;max-width:500px;\" \/>\t\t\t<\/div>\n\t\t<\/a><!-- .post-thumbnail -->\n\t\t\t<div class=\"entry-content-wrap\">\n\t\t<header class=\"entry-header\">\n\t\t<div class=\"entry-taxonomies\">\n\t\t\t\t\t\t<span class=\"posted-on\">\n\t\t\t\t\t<svg width=\"20\" height=\"22\" viewBox=\"0 0 20 22\" fill=\"none\" xmlns=\"http:\/\/www.w3.org\/2000\/svg\"><path d=\"M18 2H17V1C17 0.45 16.55 0 16 0C15.45 0 15 0.45 15 1V2H5V1C5 0.45 4.55 0 4 0C3.45 0 3 0.45 3 1V2H2C0.9 2 0 2.9 0 4V20C0 21.1 0.9 22 2 22H18C19.1 22 20 21.1 20 20V4C20 2.9 19.1 2 18 2ZM17 20H3C2.45 20 2 19.55 2 19V7H18V19C18 19.55 17.55 20 17 20Z\" fill=\"#007EE2\"\/><\/svg>\n\t\t\t\t\t<time class=\"entry-date published\" datetime=\"2025-08-22T10:44:42+02:00\">22 Ao\u00fbt 2025<\/time><time class=\"updated\" datetime=\"2025-10-22T16:19:56+02:00\">22 Oct 2025<\/time>\t\t\t\t<\/span>\n\t\t\t\t<\/div><!-- .entry-taxonomies -->\n\t<h6 class=\"entry-title\"><a href=\"https:\/\/tolunacorporate.com\/fr\/les-francais-et-le-mouvement-du-10-septembre-2025\/\" rel=\"bookmark\">Les Fran\u00e7ais et le mouvement du 10 septembre 2025<\/a><\/h6><\/header><!-- .entry-header -->\n<footer class=\"entry-footer\">\n\t\t\t<div class=\"entry-actions\">\n\t\t\t<p class=\"more-link-wrap\">\n\t\t\t\t<a href=\"https:\/\/tolunacorporate.com\/fr\/les-francais-et-le-mouvement-du-10-septembre-2025\/\" class=\"post-more-link\">\n\t\t\t\t\tEN SAVOIR PLUS<span class=\"screen-reader-text\"> Les Fran\u00e7ais et le mouvement du 10 septembre 2025<\/span><span class=\"toluna-svg-iconset svg-baseline\"><svg width=\"24\" height=\"25\" viewBox=\"0 0 24 25\" fill=\"none\" xmlns=\"http:\/\/www.w3.org\/2000\/svg\"><g clip-path=\"url(#clip0_3349_8828)\"><path d=\"M7.38048 21.9288C7.87048 22.4188 8.66048 22.4188 9.15048 21.9288L17.4605 13.6187C17.8505 13.2287 17.8505 12.5988 17.4605 12.2087L9.15048 3.89875C8.66048 3.40875 7.87048 3.40875 7.38048 3.89875C6.89048 4.38875 6.89048 5.17875 7.38048 5.66875L14.6205 12.9187L7.37048 20.1688C6.89048 20.6488 6.89048 21.4488 7.38048 21.9288Z\" fill=\"#007EE2\"\/><\/g><defs><clipPath id=\"clip0_3349_8828\"><rect width=\"24\" height=\"24\" fill=\"white\" transform=\"translate(0 0.917969)\"\/><\/clipPath><\/defs><\/svg><\/span>\t\t\t\t<\/a>\n\t\t\t<\/p>\n\t\t<\/div><!-- .entry-actions -->\n\t\t<\/footer><!-- .entry-footer -->\n\t<\/div>\n<\/article>\n<article class=\"entry content-bg loop-entry post-46963 post type-post status-publish format-standard has-post-thumbnail hentry category-france-fr-2 tag-poll-2\">\n\t    <!-- toluna-thumbnail-ratio-1-1 -->\n\t\t<a class=\"post-thumbnail\" href=\"https:\/\/tolunacorporate.com\/fr\/barometre-de-confiance-politique-juillet-2025\/\">\n\t\t\t<div class=\"post-thumbnail-inner\">\n\t\t\t\t<img decoding=\"async\" width=\"293\" height=\"294\" src=\"https:\/\/tolunacorporate.com\/wp-content\/uploads\/2025\/06\/Barometre-de-confiance-politique-\u2013-Mai-2025.png\" class=\"attachment-large size-large wp-post-image\" alt=\"Barom\u00e8tre de confiance politique \u2013 Juillet 2025\" srcset=\"https:\/\/tolunacorporate.com\/wp-content\/uploads\/2025\/06\/Barometre-de-confiance-politique-\u2013-Mai-2025.png 293w, https:\/\/tolunacorporate.com\/wp-content\/uploads\/2025\/06\/Barometre-de-confiance-politique-\u2013-Mai-2025-150x150.png 150w\" sizes=\"(max-width: 293px) 100vw, 293px\" style=\"width:100%;height:100.34%;max-width:293px;\" \/>\t\t\t<\/div>\n\t\t<\/a><!-- .post-thumbnail -->\n\t\t\t<div class=\"entry-content-wrap\">\n\t\t<header class=\"entry-header\">\n\t\t<div class=\"entry-taxonomies\">\n\t\t\t\t\t\t<span class=\"posted-on\">\n\t\t\t\t\t<svg width=\"20\" height=\"22\" viewBox=\"0 0 20 22\" fill=\"none\" xmlns=\"http:\/\/www.w3.org\/2000\/svg\"><path d=\"M18 2H17V1C17 0.45 16.55 0 16 0C15.45 0 15 0.45 15 1V2H5V1C5 0.45 4.55 0 4 0C3.45 0 3 0.45 3 1V2H2C0.9 2 0 2.9 0 4V20C0 21.1 0.9 22 2 22H18C19.1 22 20 21.1 20 20V4C20 2.9 19.1 2 18 2ZM17 20H3C2.45 20 2 19.55 2 19V7H18V19C18 19.55 17.55 20 17 20Z\" fill=\"#007EE2\"\/><\/svg>\n\t\t\t\t\t<time class=\"entry-date published\" datetime=\"2025-07-25T18:00:00+02:00\">25 Juil 2025<\/time><time class=\"updated\" datetime=\"2025-07-25T17:32:41+02:00\">25 Juil 2025<\/time>\t\t\t\t<\/span>\n\t\t\t\t<\/div><!-- .entry-taxonomies -->\n\t<h6 class=\"entry-title\"><a href=\"https:\/\/tolunacorporate.com\/fr\/barometre-de-confiance-politique-juillet-2025\/\" rel=\"bookmark\">Barom\u00e8tre de confiance politique \u2013 Juillet 2025<\/a><\/h6><\/header><!-- .entry-header -->\n<footer class=\"entry-footer\">\n\t\t\t<div class=\"entry-actions\">\n\t\t\t<p class=\"more-link-wrap\">\n\t\t\t\t<a href=\"https:\/\/tolunacorporate.com\/fr\/barometre-de-confiance-politique-juillet-2025\/\" class=\"post-more-link\">\n\t\t\t\t\tEN SAVOIR PLUS<span class=\"screen-reader-text\"> Barom\u00e8tre de confiance politique \u2013 Juillet 2025<\/span><span class=\"toluna-svg-iconset svg-baseline\"><svg width=\"24\" height=\"25\" viewBox=\"0 0 24 25\" fill=\"none\" xmlns=\"http:\/\/www.w3.org\/2000\/svg\"><g clip-path=\"url(#clip0_3349_8828)\"><path d=\"M7.38048 21.9288C7.87048 22.4188 8.66048 22.4188 9.15048 21.9288L17.4605 13.6187C17.8505 13.2287 17.8505 12.5988 17.4605 12.2087L9.15048 3.89875C8.66048 3.40875 7.87048 3.40875 7.38048 3.89875C6.89048 4.38875 6.89048 5.17875 7.38048 5.66875L14.6205 12.9187L7.37048 20.1688C6.89048 20.6488 6.89048 21.4488 7.38048 21.9288Z\" fill=\"#007EE2\"\/><\/g><defs><clipPath id=\"clip0_3349_8828\"><rect width=\"24\" height=\"24\" fill=\"white\" transform=\"translate(0 0.917969)\"\/><\/clipPath><\/defs><\/svg><\/span>\t\t\t\t<\/a>\n\t\t\t<\/p>\n\t\t<\/div><!-- .entry-actions -->\n\t\t<\/footer><!-- .entry-footer -->\n\t<\/div>\n<\/article>\n<article class=\"entry content-bg loop-entry post-45907 post type-post status-publish format-standard has-post-thumbnail hentry category-france-fr tag-poll-2\">\n\t    <!-- toluna-thumbnail-ratio-1-1 -->\n\t\t<a class=\"post-thumbnail\" href=\"https:\/\/tolunacorporate.com\/fr\/lopinion-des-francais-a-legard-de-la-presidentielle-2\/\">\n\t\t\t<div class=\"post-thumbnail-inner\">\n\t\t\t\t<img decoding=\"async\" width=\"293\" height=\"294\" src=\"https:\/\/tolunacorporate.com\/wp-content\/uploads\/2025\/06\/Barometre-de-confiance-politique-\u2013-Mai-2025.png\" class=\"attachment-large size-large wp-post-image\" alt=\"L\u2019Opinion des Fran\u00e7ais \u00e0 l\u2019\u00e9gard de la Pr\u00e9sidentielle\" srcset=\"https:\/\/tolunacorporate.com\/wp-content\/uploads\/2025\/06\/Barometre-de-confiance-politique-\u2013-Mai-2025.png 293w, https:\/\/tolunacorporate.com\/wp-content\/uploads\/2025\/06\/Barometre-de-confiance-politique-\u2013-Mai-2025-150x150.png 150w\" sizes=\"(max-width: 293px) 100vw, 293px\" style=\"width:100%;height:100.34%;max-width:293px;\" \/>\t\t\t<\/div>\n\t\t<\/a><!-- .post-thumbnail -->\n\t\t\t<div class=\"entry-content-wrap\">\n\t\t<header class=\"entry-header\">\n\t\t<div class=\"entry-taxonomies\">\n\t\t\t\t\t\t<span class=\"posted-on\">\n\t\t\t\t\t<svg width=\"20\" height=\"22\" viewBox=\"0 0 20 22\" fill=\"none\" xmlns=\"http:\/\/www.w3.org\/2000\/svg\"><path d=\"M18 2H17V1C17 0.45 16.55 0 16 0C15.45 0 15 0.45 15 1V2H5V1C5 0.45 4.55 0 4 0C3.45 0 3 0.45 3 1V2H2C0.9 2 0 2.9 0 4V20C0 21.1 0.9 22 2 22H18C19.1 22 20 21.1 20 20V4C20 2.9 19.1 2 18 2ZM17 20H3C2.45 20 2 19.55 2 19V7H18V19C18 19.55 17.55 20 17 20Z\" fill=\"#007EE2\"\/><\/svg>\n\t\t\t\t\t<time class=\"entry-date published\" datetime=\"2025-07-25T16:02:28+02:00\">25 Juil 2025<\/time><time class=\"updated\" datetime=\"2025-07-28T10:40:55+02:00\">28 Juil 2025<\/time>\t\t\t\t<\/span>\n\t\t\t\t<\/div><!-- .entry-taxonomies -->\n\t<h6 class=\"entry-title\"><a href=\"https:\/\/tolunacorporate.com\/fr\/lopinion-des-francais-a-legard-de-la-presidentielle-2\/\" rel=\"bookmark\">L\u2019Opinion des Fran\u00e7ais \u00e0 l\u2019\u00e9gard de la Pr\u00e9sidentielle<\/a><\/h6><\/header><!-- .entry-header -->\n<footer class=\"entry-footer\">\n\t\t\t<div class=\"entry-actions\">\n\t\t\t<p class=\"more-link-wrap\">\n\t\t\t\t<a href=\"https:\/\/tolunacorporate.com\/fr\/lopinion-des-francais-a-legard-de-la-presidentielle-2\/\" class=\"post-more-link\">\n\t\t\t\t\tEN SAVOIR PLUS<span class=\"screen-reader-text\"> L\u2019Opinion des Fran\u00e7ais \u00e0 l\u2019\u00e9gard de la Pr\u00e9sidentielle<\/span><span class=\"toluna-svg-iconset svg-baseline\"><svg width=\"24\" height=\"25\" viewBox=\"0 0 24 25\" fill=\"none\" xmlns=\"http:\/\/www.w3.org\/2000\/svg\"><g clip-path=\"url(#clip0_3349_8828)\"><path d=\"M7.38048 21.9288C7.87048 22.4188 8.66048 22.4188 9.15048 21.9288L17.4605 13.6187C17.8505 13.2287 17.8505 12.5988 17.4605 12.2087L9.15048 3.89875C8.66048 3.40875 7.87048 3.40875 7.38048 3.89875C6.89048 4.38875 6.89048 5.17875 7.38048 5.66875L14.6205 12.9187L7.37048 20.1688C6.89048 20.6488 6.89048 21.4488 7.38048 21.9288Z\" fill=\"#007EE2\"\/><\/g><defs><clipPath id=\"clip0_3349_8828\"><rect width=\"24\" height=\"24\" fill=\"white\" transform=\"translate(0 0.917969)\"\/><\/clipPath><\/defs><\/svg><\/span>\t\t\t\t<\/a>\n\t\t\t<\/p>\n\t\t<\/div><!-- .entry-actions -->\n\t\t<\/footer><!-- .entry-footer -->\n\t<\/div>\n<\/article>\n<article class=\"entry content-bg loop-entry post-46658 post type-post status-publish format-standard has-post-thumbnail hentry category-france-fr tag-poll-2\">\n\t    <!-- toluna-thumbnail-ratio-1-1 -->\n\t\t<a class=\"post-thumbnail\" href=\"https:\/\/tolunacorporate.com\/fr\/retour-dexperience-sur-le-bilan-de-competences\/\">\n\t\t\t<div class=\"post-thumbnail-inner\">\n\t\t\t\t<img decoding=\"async\" width=\"1024\" height=\"1024\" src=\"https:\/\/tolunacorporate.com\/wp-content\/uploads\/2025\/07\/pexels-pavel-danilyuk-8111871-1024x1024.jpg\" class=\"attachment-large size-large wp-post-image\" alt=\"Retour d\u2019exp\u00e9rience sur le bilan de comp\u00e9tences\" srcset=\"https:\/\/tolunacorporate.com\/wp-content\/uploads\/2025\/07\/pexels-pavel-danilyuk-8111871-1024x1024.jpg 1024w, https:\/\/tolunacorporate.com\/wp-content\/uploads\/2025\/07\/pexels-pavel-danilyuk-8111871-300x300.jpg 300w, https:\/\/tolunacorporate.com\/wp-content\/uploads\/2025\/07\/pexels-pavel-danilyuk-8111871-150x150.jpg 150w, https:\/\/tolunacorporate.com\/wp-content\/uploads\/2025\/07\/pexels-pavel-danilyuk-8111871-768x768.jpg 768w, https:\/\/tolunacorporate.com\/wp-content\/uploads\/2025\/07\/pexels-pavel-danilyuk-8111871-1536x1536.jpg 1536w, https:\/\/tolunacorporate.com\/wp-content\/uploads\/2025\/07\/pexels-pavel-danilyuk-8111871-2048x2048.jpg 2048w\" sizes=\"(max-width: 1024px) 100vw, 1024px\" style=\"width:100%;height:100%;max-width:2560px;\" \/>\t\t\t<\/div>\n\t\t<\/a><!-- .post-thumbnail -->\n\t\t\t<div class=\"entry-content-wrap\">\n\t\t<header class=\"entry-header\">\n\t\t<div class=\"entry-taxonomies\">\n\t\t\t\t\t\t<span class=\"posted-on\">\n\t\t\t\t\t<svg width=\"20\" height=\"22\" viewBox=\"0 0 20 22\" fill=\"none\" xmlns=\"http:\/\/www.w3.org\/2000\/svg\"><path d=\"M18 2H17V1C17 0.45 16.55 0 16 0C15.45 0 15 0.45 15 1V2H5V1C5 0.45 4.55 0 4 0C3.45 0 3 0.45 3 1V2H2C0.9 2 0 2.9 0 4V20C0 21.1 0.9 22 2 22H18C19.1 22 20 21.1 20 20V4C20 2.9 19.1 2 18 2ZM17 20H3C2.45 20 2 19.55 2 19V7H18V19C18 19.55 17.55 20 17 20Z\" fill=\"#007EE2\"\/><\/svg>\n\t\t\t\t\t<time class=\"entry-date published\" datetime=\"2025-07-16T15:22:20+02:00\">16 Juil 2025<\/time><time class=\"updated\" datetime=\"2025-09-23T15:38:05+02:00\">23 Sep 2025<\/time>\t\t\t\t<\/span>\n\t\t\t\t<\/div><!-- .entry-taxonomies -->\n\t<h6 class=\"entry-title\"><a href=\"https:\/\/tolunacorporate.com\/fr\/retour-dexperience-sur-le-bilan-de-competences\/\" rel=\"bookmark\">Retour d\u2019exp\u00e9rience sur le bilan de comp\u00e9tences<\/a><\/h6><\/header><!-- .entry-header -->\n<footer class=\"entry-footer\">\n\t\t\t<div class=\"entry-actions\">\n\t\t\t<p class=\"more-link-wrap\">\n\t\t\t\t<a href=\"https:\/\/tolunacorporate.com\/fr\/retour-dexperience-sur-le-bilan-de-competences\/\" class=\"post-more-link\">\n\t\t\t\t\tEN SAVOIR PLUS<span class=\"screen-reader-text\"> Retour d\u2019exp\u00e9rience sur le bilan de comp\u00e9tences<\/span><span class=\"toluna-svg-iconset svg-baseline\"><svg width=\"24\" height=\"25\" viewBox=\"0 0 24 25\" fill=\"none\" xmlns=\"http:\/\/www.w3.org\/2000\/svg\"><g clip-path=\"url(#clip0_3349_8828)\"><path d=\"M7.38048 21.9288C7.87048 22.4188 8.66048 22.4188 9.15048 21.9288L17.4605 13.6187C17.8505 13.2287 17.8505 12.5988 17.4605 12.2087L9.15048 3.89875C8.66048 3.40875 7.87048 3.40875 7.38048 3.89875C6.89048 4.38875 6.89048 5.17875 7.38048 5.66875L14.6205 12.9187L7.37048 20.1688C6.89048 20.6488 6.89048 21.4488 7.38048 21.9288Z\" fill=\"#007EE2\"\/><\/g><defs><clipPath id=\"clip0_3349_8828\"><rect width=\"24\" height=\"24\" fill=\"white\" transform=\"translate(0 0.917969)\"\/><\/clipPath><\/defs><\/svg><\/span>\t\t\t\t<\/a>\n\t\t\t<\/p>\n\t\t<\/div><!-- .entry-actions -->\n\t\t<\/footer><!-- .entry-footer -->\n\t<\/div>\n<\/article>\n<article class=\"entry content-bg loop-entry post-46638 post type-post status-publish format-standard has-post-thumbnail hentry category-france-fr tag-poll-2\">\n\t    <!-- toluna-thumbnail-ratio-1-1 -->\n\t\t<a class=\"post-thumbnail\" href=\"https:\/\/tolunacorporate.com\/fr\/reactions-des-francais-apres-la-conference-de-presse-de-francois-bayrou-sur-le-budget-2026-de-letat\/\">\n\t\t\t<div class=\"post-thumbnail-inner\">\n\t\t\t\t<img decoding=\"async\" width=\"293\" height=\"294\" src=\"https:\/\/tolunacorporate.com\/wp-content\/uploads\/2025\/06\/Barometre-de-confiance-politique-\u2013-Mai-2025.png\" class=\"attachment-large size-large wp-post-image\" alt=\"R\u00e9actions des Fran\u00e7ais apr\u00e8s la conf\u00e9rence de presse de Fran\u00e7ois Bayrou sur le budget 2026 de l\u2019Etat\" srcset=\"https:\/\/tolunacorporate.com\/wp-content\/uploads\/2025\/06\/Barometre-de-confiance-politique-\u2013-Mai-2025.png 293w, https:\/\/tolunacorporate.com\/wp-content\/uploads\/2025\/06\/Barometre-de-confiance-politique-\u2013-Mai-2025-150x150.png 150w\" sizes=\"(max-width: 293px) 100vw, 293px\" style=\"width:100%;height:100.34%;max-width:293px;\" \/>\t\t\t<\/div>\n\t\t<\/a><!-- .post-thumbnail -->\n\t\t\t<div class=\"entry-content-wrap\">\n\t\t<header class=\"entry-header\">\n\t\t<div class=\"entry-taxonomies\">\n\t\t\t\t\t\t<span class=\"posted-on\">\n\t\t\t\t\t<svg width=\"20\" height=\"22\" viewBox=\"0 0 20 22\" fill=\"none\" xmlns=\"http:\/\/www.w3.org\/2000\/svg\"><path d=\"M18 2H17V1C17 0.45 16.55 0 16 0C15.45 0 15 0.45 15 1V2H5V1C5 0.45 4.55 0 4 0C3.45 0 3 0.45 3 1V2H2C0.9 2 0 2.9 0 4V20C0 21.1 0.9 22 2 22H18C19.1 22 20 21.1 20 20V4C20 2.9 19.1 2 18 2ZM17 20H3C2.45 20 2 19.55 2 19V7H18V19C18 19.55 17.55 20 17 20Z\" fill=\"#007EE2\"\/><\/svg>\n\t\t\t\t\t<time class=\"entry-date published\" datetime=\"2025-07-16T09:59:20+02:00\">16 Juil 2025<\/time><time class=\"updated\" datetime=\"2025-07-28T10:41:37+02:00\">28 Juil 2025<\/time>\t\t\t\t<\/span>\n\t\t\t\t<\/div><!-- .entry-taxonomies -->\n\t<h6 class=\"entry-title\"><a href=\"https:\/\/tolunacorporate.com\/fr\/reactions-des-francais-apres-la-conference-de-presse-de-francois-bayrou-sur-le-budget-2026-de-letat\/\" rel=\"bookmark\">R\u00e9actions des Fran\u00e7ais apr\u00e8s la conf\u00e9rence de presse de Fran\u00e7ois Bayrou sur le budget 2026 de l\u2019Etat<\/a><\/h6><\/header><!-- .entry-header -->\n<footer class=\"entry-footer\">\n\t\t\t<div class=\"entry-actions\">\n\t\t\t<p class=\"more-link-wrap\">\n\t\t\t\t<a href=\"https:\/\/tolunacorporate.com\/fr\/reactions-des-francais-apres-la-conference-de-presse-de-francois-bayrou-sur-le-budget-2026-de-letat\/\" class=\"post-more-link\">\n\t\t\t\t\tEN SAVOIR PLUS<span class=\"screen-reader-text\"> R\u00e9actions des Fran\u00e7ais apr\u00e8s la conf\u00e9rence de presse de Fran\u00e7ois Bayrou sur le budget 2026 de l\u2019Etat<\/span><span class=\"toluna-svg-iconset svg-baseline\"><svg width=\"24\" height=\"25\" viewBox=\"0 0 24 25\" fill=\"none\" xmlns=\"http:\/\/www.w3.org\/2000\/svg\"><g clip-path=\"url(#clip0_3349_8828)\"><path d=\"M7.38048 21.9288C7.87048 22.4188 8.66048 22.4188 9.15048 21.9288L17.4605 13.6187C17.8505 13.2287 17.8505 12.5988 17.4605 12.2087L9.15048 3.89875C8.66048 3.40875 7.87048 3.40875 7.38048 3.89875C6.89048 4.38875 6.89048 5.17875 7.38048 5.66875L14.6205 12.9187L7.37048 20.1688C6.89048 20.6488 6.89048 21.4488 7.38048 21.9288Z\" fill=\"#007EE2\"\/><\/g><defs><clipPath id=\"clip0_3349_8828\"><rect width=\"24\" height=\"24\" fill=\"white\" transform=\"translate(0 0.917969)\"\/><\/clipPath><\/defs><\/svg><\/span>\t\t\t\t<\/a>\n\t\t\t<\/p>\n\t\t<\/div><!-- .entry-actions -->\n\t\t<\/footer><!-- .entry-footer -->\n\t<\/div>\n<\/article>\n<article class=\"entry content-bg loop-entry post-46384 post type-post status-publish format-standard has-post-thumbnail hentry category-france-fr tag-poll-2\">\n\t    <!-- toluna-thumbnail-ratio-1-1 -->\n\t\t<a class=\"post-thumbnail\" href=\"https:\/\/tolunacorporate.com\/fr\/les-francais-et-la-consommation-de-produits-aquatiques\/\">\n\t\t\t<div class=\"post-thumbnail-inner\">\n\t\t\t\t<img decoding=\"async\" width=\"1024\" height=\"1024\" src=\"https:\/\/tolunacorporate.com\/wp-content\/uploads\/2025\/07\/pexels-valeriya-kobzar-42371713-8370120-1024x1024.jpg\" class=\"attachment-large size-large wp-post-image\" alt=\"Les Fran\u00e7ais et la consommation de produits aquatiques &#8211; Vague 2\" srcset=\"https:\/\/tolunacorporate.com\/wp-content\/uploads\/2025\/07\/pexels-valeriya-kobzar-42371713-8370120-1024x1024.jpg 1024w, https:\/\/tolunacorporate.com\/wp-content\/uploads\/2025\/07\/pexels-valeriya-kobzar-42371713-8370120-300x300.jpg 300w, https:\/\/tolunacorporate.com\/wp-content\/uploads\/2025\/07\/pexels-valeriya-kobzar-42371713-8370120-150x150.jpg 150w, https:\/\/tolunacorporate.com\/wp-content\/uploads\/2025\/07\/pexels-valeriya-kobzar-42371713-8370120-768x768.jpg 768w, https:\/\/tolunacorporate.com\/wp-content\/uploads\/2025\/07\/pexels-valeriya-kobzar-42371713-8370120-1536x1536.jpg 1536w, https:\/\/tolunacorporate.com\/wp-content\/uploads\/2025\/07\/pexels-valeriya-kobzar-42371713-8370120-2048x2048.jpg 2048w\" sizes=\"(max-width: 1024px) 100vw, 1024px\" style=\"width:100%;height:100%;max-width:2560px;\" \/>\t\t\t<\/div>\n\t\t<\/a><!-- .post-thumbnail -->\n\t\t\t<div class=\"entry-content-wrap\">\n\t\t<header class=\"entry-header\">\n\t\t<div class=\"entry-taxonomies\">\n\t\t\t\t\t\t<span class=\"posted-on\">\n\t\t\t\t\t<svg width=\"20\" height=\"22\" viewBox=\"0 0 20 22\" fill=\"none\" xmlns=\"http:\/\/www.w3.org\/2000\/svg\"><path d=\"M18 2H17V1C17 0.45 16.55 0 16 0C15.45 0 15 0.45 15 1V2H5V1C5 0.45 4.55 0 4 0C3.45 0 3 0.45 3 1V2H2C0.9 2 0 2.9 0 4V20C0 21.1 0.9 22 2 22H18C19.1 22 20 21.1 20 20V4C20 2.9 19.1 2 18 2ZM17 20H3C2.45 20 2 19.55 2 19V7H18V19C18 19.55 17.55 20 17 20Z\" fill=\"#007EE2\"\/><\/svg>\n\t\t\t\t\t<time class=\"entry-date published\" datetime=\"2025-07-08T11:43:21+02:00\">8 Juil 2025<\/time><time class=\"updated\" datetime=\"2025-07-25T17:15:30+02:00\">25 Juil 2025<\/time>\t\t\t\t<\/span>\n\t\t\t\t<\/div><!-- .entry-taxonomies -->\n\t<h6 class=\"entry-title\"><a href=\"https:\/\/tolunacorporate.com\/fr\/les-francais-et-la-consommation-de-produits-aquatiques\/\" rel=\"bookmark\">Les Fran\u00e7ais et la consommation de produits aquatiques &#8211; Vague 2<\/a><\/h6><\/header><!-- .entry-header -->\n<footer class=\"entry-footer\">\n\t\t\t<div class=\"entry-actions\">\n\t\t\t<p class=\"more-link-wrap\">\n\t\t\t\t<a href=\"https:\/\/tolunacorporate.com\/fr\/les-francais-et-la-consommation-de-produits-aquatiques\/\" class=\"post-more-link\">\n\t\t\t\t\tEN SAVOIR PLUS<span class=\"screen-reader-text\"> Les Fran\u00e7ais et la consommation de produits aquatiques &#8211; Vague 2<\/span><span class=\"toluna-svg-iconset svg-baseline\"><svg width=\"24\" height=\"25\" viewBox=\"0 0 24 25\" fill=\"none\" xmlns=\"http:\/\/www.w3.org\/2000\/svg\"><g clip-path=\"url(#clip0_3349_8828)\"><path d=\"M7.38048 21.9288C7.87048 22.4188 8.66048 22.4188 9.15048 21.9288L17.4605 13.6187C17.8505 13.2287 17.8505 12.5988 17.4605 12.2087L9.15048 3.89875C8.66048 3.40875 7.87048 3.40875 7.38048 3.89875C6.89048 4.38875 6.89048 5.17875 7.38048 5.66875L14.6205 12.9187L7.37048 20.1688C6.89048 20.6488 6.89048 21.4488 7.38048 21.9288Z\" fill=\"#007EE2\"\/><\/g><defs><clipPath id=\"clip0_3349_8828\"><rect width=\"24\" height=\"24\" fill=\"white\" transform=\"translate(0 0.917969)\"\/><\/clipPath><\/defs><\/svg><\/span>\t\t\t\t<\/a>\n\t\t\t<\/p>\n\t\t<\/div><!-- .entry-actions -->\n\t\t<\/footer><!-- .entry-footer -->\n\t<\/div>\n<\/article>\n<article class=\"entry content-bg loop-entry post-46355 post type-post status-publish format-standard has-post-thumbnail hentry category-france-fr tag-poll-2\">\n\t    <!-- toluna-thumbnail-ratio-1-1 -->\n\t\t<a class=\"post-thumbnail\" href=\"https:\/\/tolunacorporate.com\/fr\/les-francais-et-la-sante-des-hommes\/\">\n\t\t\t<div class=\"post-thumbnail-inner\">\n\t\t\t\t<img decoding=\"async\" width=\"1024\" height=\"1024\" src=\"https:\/\/tolunacorporate.com\/wp-content\/uploads\/2025\/07\/pexels-olly-3771115-1024x1024.jpg\" class=\"attachment-large size-large wp-post-image\" alt=\"Les Fran\u00e7ais et la sant\u00e9 des hommes\" srcset=\"https:\/\/tolunacorporate.com\/wp-content\/uploads\/2025\/07\/pexels-olly-3771115-1024x1024.jpg 1024w, https:\/\/tolunacorporate.com\/wp-content\/uploads\/2025\/07\/pexels-olly-3771115-300x300.jpg 300w, https:\/\/tolunacorporate.com\/wp-content\/uploads\/2025\/07\/pexels-olly-3771115-150x150.jpg 150w, https:\/\/tolunacorporate.com\/wp-content\/uploads\/2025\/07\/pexels-olly-3771115-768x768.jpg 768w, https:\/\/tolunacorporate.com\/wp-content\/uploads\/2025\/07\/pexels-olly-3771115-1536x1536.jpg 1536w, https:\/\/tolunacorporate.com\/wp-content\/uploads\/2025\/07\/pexels-olly-3771115-2048x2048.jpg 2048w\" sizes=\"(max-width: 1024px) 100vw, 1024px\" style=\"width:100%;height:100%;max-width:2560px;\" \/>\t\t\t<\/div>\n\t\t<\/a><!-- .post-thumbnail -->\n\t\t\t<div class=\"entry-content-wrap\">\n\t\t<header class=\"entry-header\">\n\t\t<div class=\"entry-taxonomies\">\n\t\t\t\t\t\t<span class=\"posted-on\">\n\t\t\t\t\t<svg width=\"20\" height=\"22\" viewBox=\"0 0 20 22\" fill=\"none\" xmlns=\"http:\/\/www.w3.org\/2000\/svg\"><path d=\"M18 2H17V1C17 0.45 16.55 0 16 0C15.45 0 15 0.45 15 1V2H5V1C5 0.45 4.55 0 4 0C3.45 0 3 0.45 3 1V2H2C0.9 2 0 2.9 0 4V20C0 21.1 0.9 22 2 22H18C19.1 22 20 21.1 20 20V4C20 2.9 19.1 2 18 2ZM17 20H3C2.45 20 2 19.55 2 19V7H18V19C18 19.55 17.55 20 17 20Z\" fill=\"#007EE2\"\/><\/svg>\n\t\t\t\t\t<time class=\"entry-date published\" datetime=\"2025-07-04T10:55:26+02:00\">4 Juil 2025<\/time><time class=\"updated\" datetime=\"2025-09-23T15:31:44+02:00\">23 Sep 2025<\/time>\t\t\t\t<\/span>\n\t\t\t\t<\/div><!-- .entry-taxonomies -->\n\t<h6 class=\"entry-title\"><a href=\"https:\/\/tolunacorporate.com\/fr\/les-francais-et-la-sante-des-hommes\/\" rel=\"bookmark\">Les Fran\u00e7ais et la sant\u00e9 des hommes<\/a><\/h6><\/header><!-- .entry-header -->\n<footer class=\"entry-footer\">\n\t\t\t<div class=\"entry-actions\">\n\t\t\t<p class=\"more-link-wrap\">\n\t\t\t\t<a href=\"https:\/\/tolunacorporate.com\/fr\/les-francais-et-la-sante-des-hommes\/\" class=\"post-more-link\">\n\t\t\t\t\tEN SAVOIR PLUS<span class=\"screen-reader-text\"> Les Fran\u00e7ais et la sant\u00e9 des hommes<\/span><span class=\"toluna-svg-iconset svg-baseline\"><svg width=\"24\" height=\"25\" viewBox=\"0 0 24 25\" fill=\"none\" xmlns=\"http:\/\/www.w3.org\/2000\/svg\"><g clip-path=\"url(#clip0_3349_8828)\"><path d=\"M7.38048 21.9288C7.87048 22.4188 8.66048 22.4188 9.15048 21.9288L17.4605 13.6187C17.8505 13.2287 17.8505 12.5988 17.4605 12.2087L9.15048 3.89875C8.66048 3.40875 7.87048 3.40875 7.38048 3.89875C6.89048 4.38875 6.89048 5.17875 7.38048 5.66875L14.6205 12.9187L7.37048 20.1688C6.89048 20.6488 6.89048 21.4488 7.38048 21.9288Z\" fill=\"#007EE2\"\/><\/g><defs><clipPath id=\"clip0_3349_8828\"><rect width=\"24\" height=\"24\" fill=\"white\" transform=\"translate(0 0.917969)\"\/><\/clipPath><\/defs><\/svg><\/span>\t\t\t\t<\/a>\n\t\t\t<\/p>\n\t\t<\/div><!-- .entry-actions -->\n\t\t<\/footer><!-- .entry-footer -->\n\t<\/div>\n<\/article>\n<article class=\"entry content-bg loop-entry post-46113 post type-post status-publish format-standard has-post-thumbnail hentry category-france-fr-2 tag-poll-2\">\n\t    <!-- toluna-thumbnail-ratio-1-1 -->\n\t\t<a class=\"post-thumbnail\" href=\"https:\/\/tolunacorporate.com\/fr\/perception-du-logement-social\/\">\n\t\t\t<div class=\"post-thumbnail-inner\">\n\t\t\t\t<img decoding=\"async\" width=\"1024\" height=\"1024\" src=\"https:\/\/tolunacorporate.com\/wp-content\/uploads\/2025\/07\/pexels-danial-zainudin-3865839-3114350-1024x1024.jpg\" class=\"attachment-large size-large wp-post-image\" alt=\"Perception du logement social\u00a0\" srcset=\"https:\/\/tolunacorporate.com\/wp-content\/uploads\/2025\/07\/pexels-danial-zainudin-3865839-3114350-1024x1024.jpg 1024w, https:\/\/tolunacorporate.com\/wp-content\/uploads\/2025\/07\/pexels-danial-zainudin-3865839-3114350-300x300.jpg 300w, https:\/\/tolunacorporate.com\/wp-content\/uploads\/2025\/07\/pexels-danial-zainudin-3865839-3114350-150x150.jpg 150w, https:\/\/tolunacorporate.com\/wp-content\/uploads\/2025\/07\/pexels-danial-zainudin-3865839-3114350-768x768.jpg 768w, https:\/\/tolunacorporate.com\/wp-content\/uploads\/2025\/07\/pexels-danial-zainudin-3865839-3114350-1536x1536.jpg 1536w, https:\/\/tolunacorporate.com\/wp-content\/uploads\/2025\/07\/pexels-danial-zainudin-3865839-3114350-2048x2048.jpg 2048w\" sizes=\"(max-width: 1024px) 100vw, 1024px\" style=\"width:100%;height:100%;max-width:2560px;\" \/>\t\t\t<\/div>\n\t\t<\/a><!-- .post-thumbnail -->\n\t\t\t<div class=\"entry-content-wrap\">\n\t\t<header class=\"entry-header\">\n\t\t<div class=\"entry-taxonomies\">\n\t\t\t\t\t\t<span class=\"posted-on\">\n\t\t\t\t\t<svg width=\"20\" height=\"22\" viewBox=\"0 0 20 22\" fill=\"none\" xmlns=\"http:\/\/www.w3.org\/2000\/svg\"><path d=\"M18 2H17V1C17 0.45 16.55 0 16 0C15.45 0 15 0.45 15 1V2H5V1C5 0.45 4.55 0 4 0C3.45 0 3 0.45 3 1V2H2C0.9 2 0 2.9 0 4V20C0 21.1 0.9 22 2 22H18C19.1 22 20 21.1 20 20V4C20 2.9 19.1 2 18 2ZM17 20H3C2.45 20 2 19.55 2 19V7H18V19C18 19.55 17.55 20 17 20Z\" fill=\"#007EE2\"\/><\/svg>\n\t\t\t\t\t<time class=\"entry-date published\" datetime=\"2025-07-01T10:32:45+02:00\">1 Juil 2025<\/time><time class=\"updated\" datetime=\"2025-07-04T10:48:04+02:00\">4 Juil 2025<\/time>\t\t\t\t<\/span>\n\t\t\t\t<\/div><!-- .entry-taxonomies -->\n\t<h6 class=\"entry-title\"><a href=\"https:\/\/tolunacorporate.com\/fr\/perception-du-logement-social\/\" rel=\"bookmark\">Perception du logement social\u00a0<\/a><\/h6><\/header><!-- .entry-header -->\n<footer class=\"entry-footer\">\n\t\t\t<div class=\"entry-actions\">\n\t\t\t<p class=\"more-link-wrap\">\n\t\t\t\t<a href=\"https:\/\/tolunacorporate.com\/fr\/perception-du-logement-social\/\" class=\"post-more-link\">\n\t\t\t\t\tEN SAVOIR PLUS<span class=\"screen-reader-text\"> Perception du logement social\u00a0<\/span><span class=\"toluna-svg-iconset svg-baseline\"><svg width=\"24\" height=\"25\" viewBox=\"0 0 24 25\" fill=\"none\" xmlns=\"http:\/\/www.w3.org\/2000\/svg\"><g clip-path=\"url(#clip0_3349_8828)\"><path d=\"M7.38048 21.9288C7.87048 22.4188 8.66048 22.4188 9.15048 21.9288L17.4605 13.6187C17.8505 13.2287 17.8505 12.5988 17.4605 12.2087L9.15048 3.89875C8.66048 3.40875 7.87048 3.40875 7.38048 3.89875C6.89048 4.38875 6.89048 5.17875 7.38048 5.66875L14.6205 12.9187L7.37048 20.1688C6.89048 20.6488 6.89048 21.4488 7.38048 21.9288Z\" fill=\"#007EE2\"\/><\/g><defs><clipPath id=\"clip0_3349_8828\"><rect width=\"24\" height=\"24\" fill=\"white\" transform=\"translate(0 0.917969)\"\/><\/clipPath><\/defs><\/svg><\/span>\t\t\t\t<\/a>\n\t\t\t<\/p>\n\t\t<\/div><!-- .entry-actions -->\n\t\t<\/footer><!-- .entry-footer -->\n\t<\/div>\n<\/article>\n<article class=\"entry content-bg loop-entry post-45439 post type-post status-publish format-standard has-post-thumbnail hentry category-france-fr tag-poll-2\">\n\t    <!-- toluna-thumbnail-ratio-1-1 -->\n\t\t<a class=\"post-thumbnail\" href=\"https:\/\/tolunacorporate.com\/fr\/barometre-de-confiance-politique-mai-2025\/\">\n\t\t\t<div class=\"post-thumbnail-inner\">\n\t\t\t\t<img decoding=\"async\" width=\"293\" height=\"294\" src=\"https:\/\/tolunacorporate.com\/wp-content\/uploads\/2025\/06\/Barometre-de-confiance-politique-\u2013-Mai-2025.png\" class=\"attachment-large size-large wp-post-image\" alt=\"Barom\u00e8tre de confiance politique \u2013 Mai 2025\" srcset=\"https:\/\/tolunacorporate.com\/wp-content\/uploads\/2025\/06\/Barometre-de-confiance-politique-\u2013-Mai-2025.png 293w, https:\/\/tolunacorporate.com\/wp-content\/uploads\/2025\/06\/Barometre-de-confiance-politique-\u2013-Mai-2025-150x150.png 150w\" sizes=\"(max-width: 293px) 100vw, 293px\" style=\"width:100%;height:100.34%;max-width:293px;\" \/>\t\t\t<\/div>\n\t\t<\/a><!-- .post-thumbnail -->\n\t\t\t<div class=\"entry-content-wrap\">\n\t\t<header class=\"entry-header\">\n\t\t<div class=\"entry-taxonomies\">\n\t\t\t\t\t\t<span class=\"posted-on\">\n\t\t\t\t\t<svg width=\"20\" height=\"22\" viewBox=\"0 0 20 22\" fill=\"none\" xmlns=\"http:\/\/www.w3.org\/2000\/svg\"><path d=\"M18 2H17V1C17 0.45 16.55 0 16 0C15.45 0 15 0.45 15 1V2H5V1C5 0.45 4.55 0 4 0C3.45 0 3 0.45 3 1V2H2C0.9 2 0 2.9 0 4V20C0 21.1 0.9 22 2 22H18C19.1 22 20 21.1 20 20V4C20 2.9 19.1 2 18 2ZM17 20H3C2.45 20 2 19.55 2 19V7H18V19C18 19.55 17.55 20 17 20Z\" fill=\"#007EE2\"\/><\/svg>\n\t\t\t\t\t<time class=\"entry-date published\" datetime=\"2025-05-30T09:58:00+02:00\">30 mai 2025<\/time><time class=\"updated\" datetime=\"2025-06-09T10:02:48+02:00\">9 Juin 2025<\/time>\t\t\t\t<\/span>\n\t\t\t\t<\/div><!-- .entry-taxonomies -->\n\t<h6 class=\"entry-title\"><a href=\"https:\/\/tolunacorporate.com\/fr\/barometre-de-confiance-politique-mai-2025\/\" rel=\"bookmark\">Barom\u00e8tre de confiance politique \u2013 Mai 2025<\/a><\/h6><\/header><!-- .entry-header -->\n<footer class=\"entry-footer\">\n\t\t\t<div class=\"entry-actions\">\n\t\t\t<p class=\"more-link-wrap\">\n\t\t\t\t<a href=\"https:\/\/tolunacorporate.com\/fr\/barometre-de-confiance-politique-mai-2025\/\" class=\"post-more-link\">\n\t\t\t\t\tEN SAVOIR PLUS<span class=\"screen-reader-text\"> Barom\u00e8tre de confiance politique \u2013 Mai 2025<\/span><span class=\"toluna-svg-iconset svg-baseline\"><svg width=\"24\" height=\"25\" viewBox=\"0 0 24 25\" fill=\"none\" xmlns=\"http:\/\/www.w3.org\/2000\/svg\"><g clip-path=\"url(#clip0_3349_8828)\"><path d=\"M7.38048 21.9288C7.87048 22.4188 8.66048 22.4188 9.15048 21.9288L17.4605 13.6187C17.8505 13.2287 17.8505 12.5988 17.4605 12.2087L9.15048 3.89875C8.66048 3.40875 7.87048 3.40875 7.38048 3.89875C6.89048 4.38875 6.89048 5.17875 7.38048 5.66875L14.6205 12.9187L7.37048 20.1688C6.89048 20.6488 6.89048 21.4488 7.38048 21.9288Z\" fill=\"#007EE2\"\/><\/g><defs><clipPath id=\"clip0_3349_8828\"><rect width=\"24\" height=\"24\" fill=\"white\" transform=\"translate(0 0.917969)\"\/><\/clipPath><\/defs><\/svg><\/span>\t\t\t\t<\/a>\n\t\t\t<\/p>\n\t\t<\/div><!-- .entry-actions -->\n\t\t<\/footer><!-- .entry-footer -->\n\t<\/div>\n<\/article>\n<article class=\"entry content-bg loop-entry post-45406 post type-post status-publish format-standard has-post-thumbnail hentry category-france-fr tag-poll-2\">\n\t    <!-- toluna-thumbnail-ratio-1-1 -->\n\t\t<a class=\"post-thumbnail\" href=\"https:\/\/tolunacorporate.com\/fr\/les-europeens-et-la-renovation-energetique-de-leur-habitat\/\">\n\t\t\t<div class=\"post-thumbnail-inner\">\n\t\t\t\t<img decoding=\"async\" width=\"293\" height=\"294\" src=\"https:\/\/tolunacorporate.com\/wp-content\/uploads\/2025\/05\/Les-Europeens-et-la-renovation-energetique-de-leur-habitat.jpg\" class=\"attachment-large size-large wp-post-image\" alt=\"Les Europ\u00e9ens et la r\u00e9novation \u00e9nerg\u00e9tique de leur habitat\" srcset=\"https:\/\/tolunacorporate.com\/wp-content\/uploads\/2025\/05\/Les-Europeens-et-la-renovation-energetique-de-leur-habitat.jpg 293w, https:\/\/tolunacorporate.com\/wp-content\/uploads\/2025\/05\/Les-Europeens-et-la-renovation-energetique-de-leur-habitat-150x150.jpg 150w\" sizes=\"(max-width: 293px) 100vw, 293px\" style=\"width:100%;height:100.34%;max-width:293px;\" \/>\t\t\t<\/div>\n\t\t<\/a><!-- .post-thumbnail -->\n\t\t\t<div class=\"entry-content-wrap\">\n\t\t<header class=\"entry-header\">\n\t\t<div class=\"entry-taxonomies\">\n\t\t\t\t\t\t<span class=\"posted-on\">\n\t\t\t\t\t<svg width=\"20\" height=\"22\" viewBox=\"0 0 20 22\" fill=\"none\" xmlns=\"http:\/\/www.w3.org\/2000\/svg\"><path d=\"M18 2H17V1C17 0.45 16.55 0 16 0C15.45 0 15 0.45 15 1V2H5V1C5 0.45 4.55 0 4 0C3.45 0 3 0.45 3 1V2H2C0.9 2 0 2.9 0 4V20C0 21.1 0.9 22 2 22H18C19.1 22 20 21.1 20 20V4C20 2.9 19.1 2 18 2ZM17 20H3C2.45 20 2 19.55 2 19V7H18V19C18 19.55 17.55 20 17 20Z\" fill=\"#007EE2\"\/><\/svg>\n\t\t\t\t\t<time class=\"entry-date published\" datetime=\"2025-05-23T09:53:00+02:00\">23 mai 2025<\/time><time class=\"updated\" datetime=\"2025-06-09T09:58:04+02:00\">9 Juin 2025<\/time>\t\t\t\t<\/span>\n\t\t\t\t<\/div><!-- .entry-taxonomies -->\n\t<h6 class=\"entry-title\"><a href=\"https:\/\/tolunacorporate.com\/fr\/les-europeens-et-la-renovation-energetique-de-leur-habitat\/\" rel=\"bookmark\">Les Europ\u00e9ens et la r\u00e9novation \u00e9nerg\u00e9tique de leur habitat<\/a><\/h6><\/header><!-- .entry-header -->\n<footer class=\"entry-footer\">\n\t\t\t<div class=\"entry-actions\">\n\t\t\t<p class=\"more-link-wrap\">\n\t\t\t\t<a href=\"https:\/\/tolunacorporate.com\/fr\/les-europeens-et-la-renovation-energetique-de-leur-habitat\/\" class=\"post-more-link\">\n\t\t\t\t\tEN SAVOIR PLUS<span class=\"screen-reader-text\"> Les Europ\u00e9ens et la r\u00e9novation \u00e9nerg\u00e9tique de leur habitat<\/span><span class=\"toluna-svg-iconset svg-baseline\"><svg width=\"24\" height=\"25\" viewBox=\"0 0 24 25\" fill=\"none\" xmlns=\"http:\/\/www.w3.org\/2000\/svg\"><g clip-path=\"url(#clip0_3349_8828)\"><path d=\"M7.38048 21.9288C7.87048 22.4188 8.66048 22.4188 9.15048 21.9288L17.4605 13.6187C17.8505 13.2287 17.8505 12.5988 17.4605 12.2087L9.15048 3.89875C8.66048 3.40875 7.87048 3.40875 7.38048 3.89875C6.89048 4.38875 6.89048 5.17875 7.38048 5.66875L14.6205 12.9187L7.37048 20.1688C6.89048 20.6488 6.89048 21.4488 7.38048 21.9288Z\" fill=\"#007EE2\"\/><\/g><defs><clipPath id=\"clip0_3349_8828\"><rect width=\"24\" height=\"24\" fill=\"white\" transform=\"translate(0 0.917969)\"\/><\/clipPath><\/defs><\/svg><\/span>\t\t\t\t<\/a>\n\t\t\t<\/p>\n\t\t<\/div><!-- .entry-actions -->\n\t\t<\/footer><!-- .entry-footer -->\n\t<\/div>\n<\/article>\n<article class=\"entry content-bg loop-entry post-21972 post type-post status-publish format-standard has-post-thumbnail hentry category-france-fr tag-poll-2\">\n\t    <!-- toluna-thumbnail-ratio-1-1 -->\n\t\t<a class=\"post-thumbnail\" href=\"https:\/\/tolunacorporate.com\/fr\/les-chefs-dentreprise-face-a-des-candidats-a-lelection-presidentielle\/\">\n\t\t\t<div class=\"post-thumbnail-inner\">\n\t\t\t\t<img decoding=\"async\" width=\"293\" height=\"294\" src=\"https:\/\/tolunacorporate.com\/wp-content\/uploads\/2025\/05\/Les-chefs-dentreprise-face-a-des-candidats-a-lelection-presidentielle.png\" class=\"attachment-large size-large wp-post-image\" alt=\"Les chefs d\u2019entreprise face \u00e0 des candidats \u00e0 l\u2019\u00e9lection pr\u00e9sidentielle\" srcset=\"https:\/\/tolunacorporate.com\/wp-content\/uploads\/2025\/05\/Les-chefs-dentreprise-face-a-des-candidats-a-lelection-presidentielle.png 293w, https:\/\/tolunacorporate.com\/wp-content\/uploads\/2025\/05\/Les-chefs-dentreprise-face-a-des-candidats-a-lelection-presidentielle-150x150.png 150w\" sizes=\"(max-width: 293px) 100vw, 293px\" style=\"width:100%;height:100.34%;max-width:293px;\" \/>\t\t\t<\/div>\n\t\t<\/a><!-- .post-thumbnail -->\n\t\t\t<div class=\"entry-content-wrap\">\n\t\t<header class=\"entry-header\">\n\t\t<div class=\"entry-taxonomies\">\n\t\t\t\t\t\t<span class=\"posted-on\">\n\t\t\t\t\t<svg width=\"20\" height=\"22\" viewBox=\"0 0 20 22\" fill=\"none\" xmlns=\"http:\/\/www.w3.org\/2000\/svg\"><path d=\"M18 2H17V1C17 0.45 16.55 0 16 0C15.45 0 15 0.45 15 1V2H5V1C5 0.45 4.55 0 4 0C3.45 0 3 0.45 3 1V2H2C0.9 2 0 2.9 0 4V20C0 21.1 0.9 22 2 22H18C19.1 22 20 21.1 20 20V4C20 2.9 19.1 2 18 2ZM17 20H3C2.45 20 2 19.55 2 19V7H18V19C18 19.55 17.55 20 17 20Z\" fill=\"#007EE2\"\/><\/svg>\n\t\t\t\t\t<time class=\"entry-date published\" datetime=\"2025-05-21T17:13:39+02:00\">21 mai 2025<\/time><time class=\"updated\" datetime=\"2025-05-23T18:19:05+02:00\">23 mai 2025<\/time>\t\t\t\t<\/span>\n\t\t\t\t<\/div><!-- .entry-taxonomies -->\n\t<h6 class=\"entry-title\"><a href=\"https:\/\/tolunacorporate.com\/fr\/les-chefs-dentreprise-face-a-des-candidats-a-lelection-presidentielle\/\" rel=\"bookmark\">Les chefs d\u2019entreprise face \u00e0 des candidats \u00e0 l\u2019\u00e9lection pr\u00e9sidentielle<\/a><\/h6><\/header><!-- .entry-header -->\n<footer class=\"entry-footer\">\n\t\t\t<div class=\"entry-actions\">\n\t\t\t<p class=\"more-link-wrap\">\n\t\t\t\t<a href=\"https:\/\/tolunacorporate.com\/fr\/les-chefs-dentreprise-face-a-des-candidats-a-lelection-presidentielle\/\" class=\"post-more-link\">\n\t\t\t\t\tEN SAVOIR PLUS<span class=\"screen-reader-text\"> Les chefs d\u2019entreprise face \u00e0 des candidats \u00e0 l\u2019\u00e9lection pr\u00e9sidentielle<\/span><span class=\"toluna-svg-iconset svg-baseline\"><svg width=\"24\" height=\"25\" viewBox=\"0 0 24 25\" fill=\"none\" xmlns=\"http:\/\/www.w3.org\/2000\/svg\"><g clip-path=\"url(#clip0_3349_8828)\"><path d=\"M7.38048 21.9288C7.87048 22.4188 8.66048 22.4188 9.15048 21.9288L17.4605 13.6187C17.8505 13.2287 17.8505 12.5988 17.4605 12.2087L9.15048 3.89875C8.66048 3.40875 7.87048 3.40875 7.38048 3.89875C6.89048 4.38875 6.89048 5.17875 7.38048 5.66875L14.6205 12.9187L7.37048 20.1688C6.89048 20.6488 6.89048 21.4488 7.38048 21.9288Z\" fill=\"#007EE2\"\/><\/g><defs><clipPath id=\"clip0_3349_8828\"><rect width=\"24\" height=\"24\" fill=\"white\" transform=\"translate(0 0.917969)\"\/><\/clipPath><\/defs><\/svg><\/span>\t\t\t\t<\/a>\n\t\t\t<\/p>\n\t\t<\/div><!-- .entry-actions -->\n\t\t<\/footer><!-- .entry-footer -->\n\t<\/div>\n<\/article>\n<article class=\"entry content-bg loop-entry post-20617 post type-post status-publish format-standard has-post-thumbnail hentry category-france-fr tag-poll-2\">\n\t    <!-- toluna-thumbnail-ratio-1-1 -->\n\t\t<a class=\"post-thumbnail\" href=\"https:\/\/tolunacorporate.com\/fr\/les-francais-et-leuro-de-football-feminin-2025\/\">\n\t\t\t<div class=\"post-thumbnail-inner\">\n\t\t\t\t<img decoding=\"async\" width=\"293\" height=\"294\" src=\"https:\/\/tolunacorporate.com\/wp-content\/uploads\/2025\/05\/Les-Francais-et-lEuro-de-football-feminin-2025.jpg\" class=\"attachment-large size-large wp-post-image\" alt=\"Les Fran\u00e7ais et l\u2019Euro de football f\u00e9minin 2025\" srcset=\"https:\/\/tolunacorporate.com\/wp-content\/uploads\/2025\/05\/Les-Francais-et-lEuro-de-football-feminin-2025.jpg 293w, https:\/\/tolunacorporate.com\/wp-content\/uploads\/2025\/05\/Les-Francais-et-lEuro-de-football-feminin-2025-150x150.jpg 150w\" sizes=\"(max-width: 293px) 100vw, 293px\" style=\"width:100%;height:100.34%;max-width:293px;\" \/>\t\t\t<\/div>\n\t\t<\/a><!-- .post-thumbnail -->\n\t\t\t<div class=\"entry-content-wrap\">\n\t\t<header class=\"entry-header\">\n\t\t<div class=\"entry-taxonomies\">\n\t\t\t\t\t\t<span class=\"posted-on\">\n\t\t\t\t\t<svg width=\"20\" height=\"22\" viewBox=\"0 0 20 22\" fill=\"none\" xmlns=\"http:\/\/www.w3.org\/2000\/svg\"><path d=\"M18 2H17V1C17 0.45 16.55 0 16 0C15.45 0 15 0.45 15 1V2H5V1C5 0.45 4.55 0 4 0C3.45 0 3 0.45 3 1V2H2C0.9 2 0 2.9 0 4V20C0 21.1 0.9 22 2 22H18C19.1 22 20 21.1 20 20V4C20 2.9 19.1 2 18 2ZM17 20H3C2.45 20 2 19.55 2 19V7H18V19C18 19.55 17.55 20 17 20Z\" fill=\"#007EE2\"\/><\/svg>\n\t\t\t\t\t<time class=\"entry-date published\" datetime=\"2025-05-20T17:28:00+02:00\">20 mai 2025<\/time><time class=\"updated\" datetime=\"2025-05-20T17:35:27+02:00\">20 mai 2025<\/time>\t\t\t\t<\/span>\n\t\t\t\t<\/div><!-- .entry-taxonomies -->\n\t<h6 class=\"entry-title\"><a href=\"https:\/\/tolunacorporate.com\/fr\/les-francais-et-leuro-de-football-feminin-2025\/\" rel=\"bookmark\">Les Fran\u00e7ais et l\u2019Euro de football f\u00e9minin 2025<\/a><\/h6><\/header><!-- .entry-header -->\n<footer class=\"entry-footer\">\n\t\t\t<div class=\"entry-actions\">\n\t\t\t<p class=\"more-link-wrap\">\n\t\t\t\t<a href=\"https:\/\/tolunacorporate.com\/fr\/les-francais-et-leuro-de-football-feminin-2025\/\" class=\"post-more-link\">\n\t\t\t\t\tEN SAVOIR PLUS<span class=\"screen-reader-text\"> Les Fran\u00e7ais et l\u2019Euro de football f\u00e9minin 2025<\/span><span class=\"toluna-svg-iconset svg-baseline\"><svg width=\"24\" height=\"25\" viewBox=\"0 0 24 25\" fill=\"none\" xmlns=\"http:\/\/www.w3.org\/2000\/svg\"><g clip-path=\"url(#clip0_3349_8828)\"><path d=\"M7.38048 21.9288C7.87048 22.4188 8.66048 22.4188 9.15048 21.9288L17.4605 13.6187C17.8505 13.2287 17.8505 12.5988 17.4605 12.2087L9.15048 3.89875C8.66048 3.40875 7.87048 3.40875 7.38048 3.89875C6.89048 4.38875 6.89048 5.17875 7.38048 5.66875L14.6205 12.9187L7.37048 20.1688C6.89048 20.6488 6.89048 21.4488 7.38048 21.9288Z\" fill=\"#007EE2\"\/><\/g><defs><clipPath id=\"clip0_3349_8828\"><rect width=\"24\" height=\"24\" fill=\"white\" transform=\"translate(0 0.917969)\"\/><\/clipPath><\/defs><\/svg><\/span>\t\t\t\t<\/a>\n\t\t\t<\/p>\n\t\t<\/div><!-- .entry-actions -->\n\t\t<\/footer><!-- .entry-footer -->\n\t<\/div>\n<\/article>\n<article class=\"entry content-bg loop-entry post-20196 post type-post status-publish format-standard has-post-thumbnail hentry category-france-fr-2 tag-poll-2\">\n\t    <!-- toluna-thumbnail-ratio-1-1 -->\n\t\t<a class=\"post-thumbnail\" href=\"https:\/\/tolunacorporate.com\/fr\/intentions-de-vote-a-lelection-presidentielle-de-2027-mai-2025\/\">\n\t\t\t<div class=\"post-thumbnail-inner\">\n\t\t\t\t<img decoding=\"async\" width=\"293\" height=\"294\" src=\"https:\/\/tolunacorporate.com\/wp-content\/uploads\/2025\/05\/Intentions-de-vote-a-lelection-presidentielle-de-2027-\u2013-Mai-2025.png\" class=\"attachment-large size-large wp-post-image\" alt=\"Intentions de vote \u00e0 l\u2019\u00e9lection pr\u00e9sidentielle de 2027 \u2013 Mai 2025\" srcset=\"https:\/\/tolunacorporate.com\/wp-content\/uploads\/2025\/05\/Intentions-de-vote-a-lelection-presidentielle-de-2027-\u2013-Mai-2025.png 293w, https:\/\/tolunacorporate.com\/wp-content\/uploads\/2025\/05\/Intentions-de-vote-a-lelection-presidentielle-de-2027-\u2013-Mai-2025-150x150.png 150w\" sizes=\"(max-width: 293px) 100vw, 293px\" style=\"width:100%;height:100.34%;max-width:293px;\" \/>\t\t\t<\/div>\n\t\t<\/a><!-- .post-thumbnail -->\n\t\t\t<div class=\"entry-content-wrap\">\n\t\t<header class=\"entry-header\">\n\t\t<div class=\"entry-taxonomies\">\n\t\t\t\t\t\t<span class=\"posted-on\">\n\t\t\t\t\t<svg width=\"20\" height=\"22\" viewBox=\"0 0 20 22\" fill=\"none\" xmlns=\"http:\/\/www.w3.org\/2000\/svg\"><path d=\"M18 2H17V1C17 0.45 16.55 0 16 0C15.45 0 15 0.45 15 1V2H5V1C5 0.45 4.55 0 4 0C3.45 0 3 0.45 3 1V2H2C0.9 2 0 2.9 0 4V20C0 21.1 0.9 22 2 22H18C19.1 22 20 21.1 20 20V4C20 2.9 19.1 2 18 2ZM17 20H3C2.45 20 2 19.55 2 19V7H18V19C18 19.55 17.55 20 17 20Z\" fill=\"#007EE2\"\/><\/svg>\n\t\t\t\t\t<time class=\"entry-date published\" datetime=\"2025-05-20T10:58:16+02:00\">20 mai 2025<\/time><time class=\"updated\" datetime=\"2025-05-20T11:00:18+02:00\">20 mai 2025<\/time>\t\t\t\t<\/span>\n\t\t\t\t<\/div><!-- .entry-taxonomies -->\n\t<h6 class=\"entry-title\"><a href=\"https:\/\/tolunacorporate.com\/fr\/intentions-de-vote-a-lelection-presidentielle-de-2027-mai-2025\/\" rel=\"bookmark\">Intentions de vote \u00e0 l\u2019\u00e9lection pr\u00e9sidentielle de 2027 \u2013 Mai 2025<\/a><\/h6><\/header><!-- .entry-header -->\n<footer class=\"entry-footer\">\n\t\t\t<div class=\"entry-actions\">\n\t\t\t<p class=\"more-link-wrap\">\n\t\t\t\t<a href=\"https:\/\/tolunacorporate.com\/fr\/intentions-de-vote-a-lelection-presidentielle-de-2027-mai-2025\/\" class=\"post-more-link\">\n\t\t\t\t\tEN SAVOIR PLUS<span class=\"screen-reader-text\"> Intentions de vote \u00e0 l\u2019\u00e9lection pr\u00e9sidentielle de 2027 \u2013 Mai 2025<\/span><span class=\"toluna-svg-iconset svg-baseline\"><svg width=\"24\" height=\"25\" viewBox=\"0 0 24 25\" fill=\"none\" xmlns=\"http:\/\/www.w3.org\/2000\/svg\"><g clip-path=\"url(#clip0_3349_8828)\"><path d=\"M7.38048 21.9288C7.87048 22.4188 8.66048 22.4188 9.15048 21.9288L17.4605 13.6187C17.8505 13.2287 17.8505 12.5988 17.4605 12.2087L9.15048 3.89875C8.66048 3.40875 7.87048 3.40875 7.38048 3.89875C6.89048 4.38875 6.89048 5.17875 7.38048 5.66875L14.6205 12.9187L7.37048 20.1688C6.89048 20.6488 6.89048 21.4488 7.38048 21.9288Z\" fill=\"#007EE2\"\/><\/g><defs><clipPath id=\"clip0_3349_8828\"><rect width=\"24\" height=\"24\" fill=\"white\" transform=\"translate(0 0.917969)\"\/><\/clipPath><\/defs><\/svg><\/span>\t\t\t\t<\/a>\n\t\t\t<\/p>\n\t\t<\/div><!-- .entry-actions -->\n\t\t<\/footer><!-- .entry-footer -->\n\t<\/div>\n<\/article>\n<article class=\"entry content-bg loop-entry post-14233 post type-post status-publish format-standard has-post-thumbnail hentry category-france-fr tag-poll-2\">\n\t    <!-- toluna-thumbnail-ratio-1-1 -->\n\t\t<a class=\"post-thumbnail\" href=\"https:\/\/tolunacorporate.com\/fr\/les-francais-et-leur-perception-du-cycle-memoriel\/\">\n\t\t\t<div class=\"post-thumbnail-inner\">\n\t\t\t\t<img decoding=\"async\" width=\"293\" height=\"294\" src=\"https:\/\/tolunacorporate.com\/wp-content\/uploads\/2025\/05\/Les-Francais-et-leur-perception-du-cycle-memoriel.jpg\" class=\"attachment-large size-large wp-post-image\" alt=\"Les Fran\u00e7ais et leur perception du cycle m\u00e9moriel\" srcset=\"https:\/\/tolunacorporate.com\/wp-content\/uploads\/2025\/05\/Les-Francais-et-leur-perception-du-cycle-memoriel.jpg 293w, https:\/\/tolunacorporate.com\/wp-content\/uploads\/2025\/05\/Les-Francais-et-leur-perception-du-cycle-memoriel-150x150.jpg 150w\" sizes=\"(max-width: 293px) 100vw, 293px\" style=\"width:100%;height:100.34%;max-width:293px;\" \/>\t\t\t<\/div>\n\t\t<\/a><!-- .post-thumbnail -->\n\t\t\t<div class=\"entry-content-wrap\">\n\t\t<header class=\"entry-header\">\n\t\t<div class=\"entry-taxonomies\">\n\t\t\t\t\t\t<span class=\"posted-on\">\n\t\t\t\t\t<svg width=\"20\" height=\"22\" viewBox=\"0 0 20 22\" fill=\"none\" xmlns=\"http:\/\/www.w3.org\/2000\/svg\"><path d=\"M18 2H17V1C17 0.45 16.55 0 16 0C15.45 0 15 0.45 15 1V2H5V1C5 0.45 4.55 0 4 0C3.45 0 3 0.45 3 1V2H2C0.9 2 0 2.9 0 4V20C0 21.1 0.9 22 2 22H18C19.1 22 20 21.1 20 20V4C20 2.9 19.1 2 18 2ZM17 20H3C2.45 20 2 19.55 2 19V7H18V19C18 19.55 17.55 20 17 20Z\" fill=\"#007EE2\"\/><\/svg>\n\t\t\t\t\t<time class=\"entry-date published\" datetime=\"2025-05-08T03:06:27+02:00\">8 mai 2025<\/time><time class=\"updated\" datetime=\"2025-05-09T18:21:08+02:00\">9 mai 2025<\/time>\t\t\t\t<\/span>\n\t\t\t\t<\/div><!-- .entry-taxonomies -->\n\t<h6 class=\"entry-title\"><a href=\"https:\/\/tolunacorporate.com\/fr\/les-francais-et-leur-perception-du-cycle-memoriel\/\" rel=\"bookmark\">Les Fran\u00e7ais et leur perception du cycle m\u00e9moriel<\/a><\/h6><\/header><!-- .entry-header -->\n<footer class=\"entry-footer\">\n\t\t\t<div class=\"entry-actions\">\n\t\t\t<p class=\"more-link-wrap\">\n\t\t\t\t<a href=\"https:\/\/tolunacorporate.com\/fr\/les-francais-et-leur-perception-du-cycle-memoriel\/\" class=\"post-more-link\">\n\t\t\t\t\tEN SAVOIR PLUS<span class=\"screen-reader-text\"> Les Fran\u00e7ais et leur perception du cycle m\u00e9moriel<\/span><span class=\"toluna-svg-iconset svg-baseline\"><svg width=\"24\" height=\"25\" viewBox=\"0 0 24 25\" fill=\"none\" xmlns=\"http:\/\/www.w3.org\/2000\/svg\"><g clip-path=\"url(#clip0_3349_8828)\"><path d=\"M7.38048 21.9288C7.87048 22.4188 8.66048 22.4188 9.15048 21.9288L17.4605 13.6187C17.8505 13.2287 17.8505 12.5988 17.4605 12.2087L9.15048 3.89875C8.66048 3.40875 7.87048 3.40875 7.38048 3.89875C6.89048 4.38875 6.89048 5.17875 7.38048 5.66875L14.6205 12.9187L7.37048 20.1688C6.89048 20.6488 6.89048 21.4488 7.38048 21.9288Z\" fill=\"#007EE2\"\/><\/g><defs><clipPath id=\"clip0_3349_8828\"><rect width=\"24\" height=\"24\" fill=\"white\" transform=\"translate(0 0.917969)\"\/><\/clipPath><\/defs><\/svg><\/span>\t\t\t\t<\/a>\n\t\t\t<\/p>\n\t\t<\/div><!-- .entry-actions -->\n\t\t<\/footer><!-- .entry-footer -->\n\t<\/div>\n<\/article>\n<article class=\"entry content-bg loop-entry post-13057 post type-post status-publish format-standard has-post-thumbnail hentry category-france-fr tag-poll-2\">\n\t    <!-- toluna-thumbnail-ratio-1-1 -->\n\t\t<a class=\"post-thumbnail\" href=\"https:\/\/tolunacorporate.com\/fr\/les-francais-et-le-sommeil\/\">\n\t\t\t<div class=\"post-thumbnail-inner\">\n\t\t\t\t<img decoding=\"async\" width=\"293\" height=\"294\" src=\"https:\/\/tolunacorporate.com\/wp-content\/uploads\/2025\/05\/Les-Francais-et-le-sommeil.jpg\" class=\"attachment-large size-large wp-post-image\" alt=\"Les Fran\u00e7ais et le sommeil\" srcset=\"https:\/\/tolunacorporate.com\/wp-content\/uploads\/2025\/05\/Les-Francais-et-le-sommeil.jpg 293w, https:\/\/tolunacorporate.com\/wp-content\/uploads\/2025\/05\/Les-Francais-et-le-sommeil-150x150.jpg 150w\" sizes=\"(max-width: 293px) 100vw, 293px\" style=\"width:100%;height:100.34%;max-width:293px;\" \/>\t\t\t<\/div>\n\t\t<\/a><!-- .post-thumbnail -->\n\t\t\t<div class=\"entry-content-wrap\">\n\t\t<header class=\"entry-header\">\n\t\t<div class=\"entry-taxonomies\">\n\t\t\t\t\t\t<span class=\"posted-on\">\n\t\t\t\t\t<svg width=\"20\" height=\"22\" viewBox=\"0 0 20 22\" fill=\"none\" xmlns=\"http:\/\/www.w3.org\/2000\/svg\"><path d=\"M18 2H17V1C17 0.45 16.55 0 16 0C15.45 0 15 0.45 15 1V2H5V1C5 0.45 4.55 0 4 0C3.45 0 3 0.45 3 1V2H2C0.9 2 0 2.9 0 4V20C0 21.1 0.9 22 2 22H18C19.1 22 20 21.1 20 20V4C20 2.9 19.1 2 18 2ZM17 20H3C2.45 20 2 19.55 2 19V7H18V19C18 19.55 17.55 20 17 20Z\" fill=\"#007EE2\"\/><\/svg>\n\t\t\t\t\t<time class=\"entry-date published\" datetime=\"2025-05-05T21:00:24+02:00\">5 mai 2025<\/time><time class=\"updated\" datetime=\"2025-05-09T18:23:26+02:00\">9 mai 2025<\/time>\t\t\t\t<\/span>\n\t\t\t\t<\/div><!-- .entry-taxonomies -->\n\t<h6 class=\"entry-title\"><a href=\"https:\/\/tolunacorporate.com\/fr\/les-francais-et-le-sommeil\/\" rel=\"bookmark\">Les Fran\u00e7ais et le sommeil<\/a><\/h6><\/header><!-- .entry-header -->\n<footer class=\"entry-footer\">\n\t\t\t<div class=\"entry-actions\">\n\t\t\t<p class=\"more-link-wrap\">\n\t\t\t\t<a href=\"https:\/\/tolunacorporate.com\/fr\/les-francais-et-le-sommeil\/\" class=\"post-more-link\">\n\t\t\t\t\tEN SAVOIR PLUS<span class=\"screen-reader-text\"> Les Fran\u00e7ais et le sommeil<\/span><span class=\"toluna-svg-iconset svg-baseline\"><svg width=\"24\" height=\"25\" viewBox=\"0 0 24 25\" fill=\"none\" xmlns=\"http:\/\/www.w3.org\/2000\/svg\"><g clip-path=\"url(#clip0_3349_8828)\"><path d=\"M7.38048 21.9288C7.87048 22.4188 8.66048 22.4188 9.15048 21.9288L17.4605 13.6187C17.8505 13.2287 17.8505 12.5988 17.4605 12.2087L9.15048 3.89875C8.66048 3.40875 7.87048 3.40875 7.38048 3.89875C6.89048 4.38875 6.89048 5.17875 7.38048 5.66875L14.6205 12.9187L7.37048 20.1688C6.89048 20.6488 6.89048 21.4488 7.38048 21.9288Z\" fill=\"#007EE2\"\/><\/g><defs><clipPath id=\"clip0_3349_8828\"><rect width=\"24\" height=\"24\" fill=\"white\" transform=\"translate(0 0.917969)\"\/><\/clipPath><\/defs><\/svg><\/span>\t\t\t\t<\/a>\n\t\t\t<\/p>\n\t\t<\/div><!-- .entry-actions -->\n\t\t<\/footer><!-- .entry-footer -->\n\t<\/div>\n<\/article>\n<article class=\"entry content-bg loop-entry post-13066 post type-post status-publish format-standard has-post-thumbnail hentry category-france-fr tag-poll-2\">\n\t    <!-- toluna-thumbnail-ratio-1-1 -->\n\t\t<a class=\"post-thumbnail\" href=\"https:\/\/tolunacorporate.com\/fr\/les-preoccupations-des-francais\/\">\n\t\t\t<div class=\"post-thumbnail-inner\">\n\t\t\t\t<img decoding=\"async\" width=\"293\" height=\"294\" src=\"https:\/\/tolunacorporate.com\/wp-content\/uploads\/2025\/05\/Les-preoccupations-des-Francais.jpg\" class=\"attachment-large size-large wp-post-image\" alt=\"Les pr\u00e9occupations des Fran\u00e7ais\" srcset=\"https:\/\/tolunacorporate.com\/wp-content\/uploads\/2025\/05\/Les-preoccupations-des-Francais.jpg 293w, https:\/\/tolunacorporate.com\/wp-content\/uploads\/2025\/05\/Les-preoccupations-des-Francais-150x150.jpg 150w\" sizes=\"(max-width: 293px) 100vw, 293px\" style=\"width:100%;height:100.34%;max-width:293px;\" \/>\t\t\t<\/div>\n\t\t<\/a><!-- .post-thumbnail -->\n\t\t\t<div class=\"entry-content-wrap\">\n\t\t<header class=\"entry-header\">\n\t\t<div class=\"entry-taxonomies\">\n\t\t\t\t\t\t<span class=\"posted-on\">\n\t\t\t\t\t<svg width=\"20\" height=\"22\" viewBox=\"0 0 20 22\" fill=\"none\" xmlns=\"http:\/\/www.w3.org\/2000\/svg\"><path d=\"M18 2H17V1C17 0.45 16.55 0 16 0C15.45 0 15 0.45 15 1V2H5V1C5 0.45 4.55 0 4 0C3.45 0 3 0.45 3 1V2H2C0.9 2 0 2.9 0 4V20C0 21.1 0.9 22 2 22H18C19.1 22 20 21.1 20 20V4C20 2.9 19.1 2 18 2ZM17 20H3C2.45 20 2 19.55 2 19V7H18V19C18 19.55 17.55 20 17 20Z\" fill=\"#007EE2\"\/><\/svg>\n\t\t\t\t\t<time class=\"entry-date published\" datetime=\"2025-05-02T21:06:56+02:00\">2 mai 2025<\/time><time class=\"updated\" datetime=\"2025-05-09T18:25:23+02:00\">9 mai 2025<\/time>\t\t\t\t<\/span>\n\t\t\t\t<\/div><!-- .entry-taxonomies -->\n\t<h6 class=\"entry-title\"><a href=\"https:\/\/tolunacorporate.com\/fr\/les-preoccupations-des-francais\/\" rel=\"bookmark\">Les pr\u00e9occupations des Fran\u00e7ais<\/a><\/h6><\/header><!-- .entry-header -->\n<footer class=\"entry-footer\">\n\t\t\t<div class=\"entry-actions\">\n\t\t\t<p class=\"more-link-wrap\">\n\t\t\t\t<a href=\"https:\/\/tolunacorporate.com\/fr\/les-preoccupations-des-francais\/\" class=\"post-more-link\">\n\t\t\t\t\tEN SAVOIR PLUS<span class=\"screen-reader-text\"> Les pr\u00e9occupations des Fran\u00e7ais<\/span><span class=\"toluna-svg-iconset svg-baseline\"><svg width=\"24\" height=\"25\" viewBox=\"0 0 24 25\" fill=\"none\" xmlns=\"http:\/\/www.w3.org\/2000\/svg\"><g clip-path=\"url(#clip0_3349_8828)\"><path d=\"M7.38048 21.9288C7.87048 22.4188 8.66048 22.4188 9.15048 21.9288L17.4605 13.6187C17.8505 13.2287 17.8505 12.5988 17.4605 12.2087L9.15048 3.89875C8.66048 3.40875 7.87048 3.40875 7.38048 3.89875C6.89048 4.38875 6.89048 5.17875 7.38048 5.66875L14.6205 12.9187L7.37048 20.1688C6.89048 20.6488 6.89048 21.4488 7.38048 21.9288Z\" fill=\"#007EE2\"\/><\/g><defs><clipPath id=\"clip0_3349_8828\"><rect width=\"24\" height=\"24\" fill=\"white\" transform=\"translate(0 0.917969)\"\/><\/clipPath><\/defs><\/svg><\/span>\t\t\t\t<\/a>\n\t\t\t<\/p>\n\t\t<\/div><!-- .entry-actions -->\n\t\t<\/footer><!-- .entry-footer -->\n\t<\/div>\n<\/article>\n<article class=\"entry content-bg loop-entry post-13084 post type-post status-publish format-standard has-post-thumbnail hentry category-france-fr tag-poll-2\">\n\t    <!-- toluna-thumbnail-ratio-1-1 -->\n\t\t<a class=\"post-thumbnail\" href=\"https:\/\/tolunacorporate.com\/fr\/lelection-presidentielle-et-lhypothese-dune-candidature-commune-de-la-gauche\/\">\n\t\t\t<div class=\"post-thumbnail-inner\">\n\t\t\t\t<img decoding=\"async\" width=\"293\" height=\"294\" src=\"https:\/\/tolunacorporate.com\/wp-content\/uploads\/2025\/05\/Lelection-presidentielle-et-lhypothese-dune-candidature-commune-de-la-gauche.png\" class=\"attachment-large size-large wp-post-image\" alt=\"L\u2019\u00e9lection pr\u00e9sidentielle et l\u2019hypoth\u00e8se d\u2019une candidature commune de la gauche\" srcset=\"https:\/\/tolunacorporate.com\/wp-content\/uploads\/2025\/05\/Lelection-presidentielle-et-lhypothese-dune-candidature-commune-de-la-gauche.png 293w, https:\/\/tolunacorporate.com\/wp-content\/uploads\/2025\/05\/Lelection-presidentielle-et-lhypothese-dune-candidature-commune-de-la-gauche-150x150.png 150w\" sizes=\"(max-width: 293px) 100vw, 293px\" style=\"width:100%;height:100.34%;max-width:293px;\" \/>\t\t\t<\/div>\n\t\t<\/a><!-- .post-thumbnail -->\n\t\t\t<div class=\"entry-content-wrap\">\n\t\t<header class=\"entry-header\">\n\t\t<div class=\"entry-taxonomies\">\n\t\t\t\t\t\t<span class=\"posted-on\">\n\t\t\t\t\t<svg width=\"20\" height=\"22\" viewBox=\"0 0 20 22\" fill=\"none\" xmlns=\"http:\/\/www.w3.org\/2000\/svg\"><path d=\"M18 2H17V1C17 0.45 16.55 0 16 0C15.45 0 15 0.45 15 1V2H5V1C5 0.45 4.55 0 4 0C3.45 0 3 0.45 3 1V2H2C0.9 2 0 2.9 0 4V20C0 21.1 0.9 22 2 22H18C19.1 22 20 21.1 20 20V4C20 2.9 19.1 2 18 2ZM17 20H3C2.45 20 2 19.55 2 19V7H18V19C18 19.55 17.55 20 17 20Z\" fill=\"#007EE2\"\/><\/svg>\n\t\t\t\t\t<time class=\"entry-date published\" datetime=\"2025-04-30T21:22:24+02:00\">30 Avr 2025<\/time><time class=\"updated\" datetime=\"2025-05-09T18:27:33+02:00\">9 mai 2025<\/time>\t\t\t\t<\/span>\n\t\t\t\t<\/div><!-- .entry-taxonomies -->\n\t<h6 class=\"entry-title\"><a href=\"https:\/\/tolunacorporate.com\/fr\/lelection-presidentielle-et-lhypothese-dune-candidature-commune-de-la-gauche\/\" rel=\"bookmark\">L\u2019\u00e9lection pr\u00e9sidentielle et l\u2019hypoth\u00e8se d\u2019une candidature commune de la gauche<\/a><\/h6><\/header><!-- .entry-header -->\n<footer class=\"entry-footer\">\n\t\t\t<div class=\"entry-actions\">\n\t\t\t<p class=\"more-link-wrap\">\n\t\t\t\t<a href=\"https:\/\/tolunacorporate.com\/fr\/lelection-presidentielle-et-lhypothese-dune-candidature-commune-de-la-gauche\/\" class=\"post-more-link\">\n\t\t\t\t\tEN SAVOIR PLUS<span class=\"screen-reader-text\"> L\u2019\u00e9lection pr\u00e9sidentielle et l\u2019hypoth\u00e8se d\u2019une candidature commune de la gauche<\/span><span class=\"toluna-svg-iconset svg-baseline\"><svg width=\"24\" height=\"25\" viewBox=\"0 0 24 25\" fill=\"none\" xmlns=\"http:\/\/www.w3.org\/2000\/svg\"><g clip-path=\"url(#clip0_3349_8828)\"><path d=\"M7.38048 21.9288C7.87048 22.4188 8.66048 22.4188 9.15048 21.9288L17.4605 13.6187C17.8505 13.2287 17.8505 12.5988 17.4605 12.2087L9.15048 3.89875C8.66048 3.40875 7.87048 3.40875 7.38048 3.89875C6.89048 4.38875 6.89048 5.17875 7.38048 5.66875L14.6205 12.9187L7.37048 20.1688C6.89048 20.6488 6.89048 21.4488 7.38048 21.9288Z\" fill=\"#007EE2\"\/><\/g><defs><clipPath id=\"clip0_3349_8828\"><rect width=\"24\" height=\"24\" fill=\"white\" transform=\"translate(0 0.917969)\"\/><\/clipPath><\/defs><\/svg><\/span>\t\t\t\t<\/a>\n\t\t\t<\/p>\n\t\t<\/div><!-- .entry-actions -->\n\t\t<\/footer><!-- .entry-footer -->\n\t<\/div>\n<\/article>\n<article class=\"entry content-bg loop-entry post-13075 post type-post status-publish format-standard has-post-thumbnail hentry category-france-fr tag-poll-2\">\n\t    <!-- toluna-thumbnail-ratio-1-1 -->\n\t\t<a class=\"post-thumbnail\" href=\"https:\/\/tolunacorporate.com\/fr\/les-jeunes-et-le-travail\/\">\n\t\t\t<div class=\"post-thumbnail-inner\">\n\t\t\t\t<img decoding=\"async\" width=\"293\" height=\"294\" src=\"https:\/\/tolunacorporate.com\/wp-content\/uploads\/2025\/05\/Les-jeunes-et-le-travail.jpg\" class=\"attachment-large size-large wp-post-image\" alt=\"Les jeunes et le travail\" srcset=\"https:\/\/tolunacorporate.com\/wp-content\/uploads\/2025\/05\/Les-jeunes-et-le-travail.jpg 293w, https:\/\/tolunacorporate.com\/wp-content\/uploads\/2025\/05\/Les-jeunes-et-le-travail-150x150.jpg 150w\" sizes=\"(max-width: 293px) 100vw, 293px\" style=\"width:100%;height:100.34%;max-width:293px;\" \/>\t\t\t<\/div>\n\t\t<\/a><!-- .post-thumbnail -->\n\t\t\t<div class=\"entry-content-wrap\">\n\t\t<header class=\"entry-header\">\n\t\t<div class=\"entry-taxonomies\">\n\t\t\t\t\t\t<span class=\"posted-on\">\n\t\t\t\t\t<svg width=\"20\" height=\"22\" viewBox=\"0 0 20 22\" fill=\"none\" xmlns=\"http:\/\/www.w3.org\/2000\/svg\"><path d=\"M18 2H17V1C17 0.45 16.55 0 16 0C15.45 0 15 0.45 15 1V2H5V1C5 0.45 4.55 0 4 0C3.45 0 3 0.45 3 1V2H2C0.9 2 0 2.9 0 4V20C0 21.1 0.9 22 2 22H18C19.1 22 20 21.1 20 20V4C20 2.9 19.1 2 18 2ZM17 20H3C2.45 20 2 19.55 2 19V7H18V19C18 19.55 17.55 20 17 20Z\" fill=\"#007EE2\"\/><\/svg>\n\t\t\t\t\t<time class=\"entry-date published\" datetime=\"2025-04-30T21:17:42+02:00\">30 Avr 2025<\/time><time class=\"updated\" datetime=\"2025-05-06T23:19:08+02:00\">6 mai 2025<\/time>\t\t\t\t<\/span>\n\t\t\t\t<\/div><!-- .entry-taxonomies -->\n\t<h6 class=\"entry-title\"><a href=\"https:\/\/tolunacorporate.com\/fr\/les-jeunes-et-le-travail\/\" rel=\"bookmark\">Les jeunes et le travail<\/a><\/h6><\/header><!-- .entry-header -->\n<footer class=\"entry-footer\">\n\t\t\t<div class=\"entry-actions\">\n\t\t\t<p class=\"more-link-wrap\">\n\t\t\t\t<a href=\"https:\/\/tolunacorporate.com\/fr\/les-jeunes-et-le-travail\/\" class=\"post-more-link\">\n\t\t\t\t\tEN SAVOIR PLUS<span class=\"screen-reader-text\"> Les jeunes et le travail<\/span><span class=\"toluna-svg-iconset svg-baseline\"><svg width=\"24\" height=\"25\" viewBox=\"0 0 24 25\" fill=\"none\" xmlns=\"http:\/\/www.w3.org\/2000\/svg\"><g clip-path=\"url(#clip0_3349_8828)\"><path d=\"M7.38048 21.9288C7.87048 22.4188 8.66048 22.4188 9.15048 21.9288L17.4605 13.6187C17.8505 13.2287 17.8505 12.5988 17.4605 12.2087L9.15048 3.89875C8.66048 3.40875 7.87048 3.40875 7.38048 3.89875C6.89048 4.38875 6.89048 5.17875 7.38048 5.66875L14.6205 12.9187L7.37048 20.1688C6.89048 20.6488 6.89048 21.4488 7.38048 21.9288Z\" fill=\"#007EE2\"\/><\/g><defs><clipPath id=\"clip0_3349_8828\"><rect width=\"24\" height=\"24\" fill=\"white\" transform=\"translate(0 0.917969)\"\/><\/clipPath><\/defs><\/svg><\/span>\t\t\t\t<\/a>\n\t\t\t<\/p>\n\t\t<\/div><!-- .entry-actions -->\n\t\t<\/footer><!-- .entry-footer -->\n\t<\/div>\n<\/article>\n<article class=\"entry content-bg loop-entry post-13093 post type-post status-publish format-standard has-post-thumbnail hentry category-france-fr tag-poll-2\">\n\t    <!-- toluna-thumbnail-ratio-1-1 -->\n\t\t<a class=\"post-thumbnail\" href=\"https:\/\/tolunacorporate.com\/fr\/les-francais-et-leur-perception-du-secteur-des-transports\/\">\n\t\t\t<div class=\"post-thumbnail-inner\">\n\t\t\t\t<img decoding=\"async\" width=\"293\" height=\"294\" src=\"https:\/\/tolunacorporate.com\/wp-content\/uploads\/2025\/05\/Les-Francais-et-leur-perception-du-secteur-des-transports.jpg\" class=\"attachment-large size-large wp-post-image\" alt=\"Les Fran\u00e7ais et leur perception du secteur des transports\" srcset=\"https:\/\/tolunacorporate.com\/wp-content\/uploads\/2025\/05\/Les-Francais-et-leur-perception-du-secteur-des-transports.jpg 293w, https:\/\/tolunacorporate.com\/wp-content\/uploads\/2025\/05\/Les-Francais-et-leur-perception-du-secteur-des-transports-150x150.jpg 150w\" sizes=\"(max-width: 293px) 100vw, 293px\" style=\"width:100%;height:100.34%;max-width:293px;\" \/>\t\t\t<\/div>\n\t\t<\/a><!-- .post-thumbnail -->\n\t\t\t<div class=\"entry-content-wrap\">\n\t\t<header class=\"entry-header\">\n\t\t<div class=\"entry-taxonomies\">\n\t\t\t\t\t\t<span class=\"posted-on\">\n\t\t\t\t\t<svg width=\"20\" height=\"22\" viewBox=\"0 0 20 22\" fill=\"none\" xmlns=\"http:\/\/www.w3.org\/2000\/svg\"><path d=\"M18 2H17V1C17 0.45 16.55 0 16 0C15.45 0 15 0.45 15 1V2H5V1C5 0.45 4.55 0 4 0C3.45 0 3 0.45 3 1V2H2C0.9 2 0 2.9 0 4V20C0 21.1 0.9 22 2 22H18C19.1 22 20 21.1 20 20V4C20 2.9 19.1 2 18 2ZM17 20H3C2.45 20 2 19.55 2 19V7H18V19C18 19.55 17.55 20 17 20Z\" fill=\"#007EE2\"\/><\/svg>\n\t\t\t\t\t<time class=\"entry-date published\" datetime=\"2025-04-28T21:29:03+02:00\">28 Avr 2025<\/time><time class=\"updated\" datetime=\"2025-05-09T18:33:53+02:00\">9 mai 2025<\/time>\t\t\t\t<\/span>\n\t\t\t\t<\/div><!-- .entry-taxonomies -->\n\t<h6 class=\"entry-title\"><a href=\"https:\/\/tolunacorporate.com\/fr\/les-francais-et-leur-perception-du-secteur-des-transports\/\" rel=\"bookmark\">Les Fran\u00e7ais et leur perception du secteur des transports<\/a><\/h6><\/header><!-- .entry-header -->\n<footer class=\"entry-footer\">\n\t\t\t<div class=\"entry-actions\">\n\t\t\t<p class=\"more-link-wrap\">\n\t\t\t\t<a href=\"https:\/\/tolunacorporate.com\/fr\/les-francais-et-leur-perception-du-secteur-des-transports\/\" class=\"post-more-link\">\n\t\t\t\t\tEN SAVOIR PLUS<span class=\"screen-reader-text\"> Les Fran\u00e7ais et leur perception du secteur des transports<\/span><span class=\"toluna-svg-iconset svg-baseline\"><svg width=\"24\" height=\"25\" viewBox=\"0 0 24 25\" fill=\"none\" xmlns=\"http:\/\/www.w3.org\/2000\/svg\"><g clip-path=\"url(#clip0_3349_8828)\"><path d=\"M7.38048 21.9288C7.87048 22.4188 8.66048 22.4188 9.15048 21.9288L17.4605 13.6187C17.8505 13.2287 17.8505 12.5988 17.4605 12.2087L9.15048 3.89875C8.66048 3.40875 7.87048 3.40875 7.38048 3.89875C6.89048 4.38875 6.89048 5.17875 7.38048 5.66875L14.6205 12.9187L7.37048 20.1688C6.89048 20.6488 6.89048 21.4488 7.38048 21.9288Z\" fill=\"#007EE2\"\/><\/g><defs><clipPath id=\"clip0_3349_8828\"><rect width=\"24\" height=\"24\" fill=\"white\" transform=\"translate(0 0.917969)\"\/><\/clipPath><\/defs><\/svg><\/span>\t\t\t\t<\/a>\n\t\t\t<\/p>\n\t\t<\/div><!-- .entry-actions -->\n\t\t<\/footer><!-- .entry-footer -->\n\t<\/div>\n<\/article>\n<article class=\"entry content-bg loop-entry post-13102 post type-post status-publish format-standard has-post-thumbnail hentry category-france-fr tag-poll-2\">\n\t    <!-- toluna-thumbnail-ratio-1-1 -->\n\t\t<a class=\"post-thumbnail\" href=\"https:\/\/tolunacorporate.com\/fr\/barometre-de-confiance-politique-avril-2025\/\">\n\t\t\t<div class=\"post-thumbnail-inner\">\n\t\t\t\t<img decoding=\"async\" width=\"293\" height=\"294\" src=\"https:\/\/tolunacorporate.com\/wp-content\/uploads\/2025\/05\/Barometre-de-confiance-politique-\u2013-Avril-2025.png\" class=\"attachment-large size-large wp-post-image\" alt=\"Barom\u00e8tre de confiance politique \u2013 Avril 2025\" srcset=\"https:\/\/tolunacorporate.com\/wp-content\/uploads\/2025\/05\/Barometre-de-confiance-politique-\u2013-Avril-2025.png 293w, https:\/\/tolunacorporate.com\/wp-content\/uploads\/2025\/05\/Barometre-de-confiance-politique-\u2013-Avril-2025-150x150.png 150w\" sizes=\"(max-width: 293px) 100vw, 293px\" style=\"width:100%;height:100.34%;max-width:293px;\" \/>\t\t\t<\/div>\n\t\t<\/a><!-- .post-thumbnail -->\n\t\t\t<div class=\"entry-content-wrap\">\n\t\t<header class=\"entry-header\">\n\t\t<div class=\"entry-taxonomies\">\n\t\t\t\t\t\t<span class=\"posted-on\">\n\t\t\t\t\t<svg width=\"20\" height=\"22\" viewBox=\"0 0 20 22\" fill=\"none\" xmlns=\"http:\/\/www.w3.org\/2000\/svg\"><path d=\"M18 2H17V1C17 0.45 16.55 0 16 0C15.45 0 15 0.45 15 1V2H5V1C5 0.45 4.55 0 4 0C3.45 0 3 0.45 3 1V2H2C0.9 2 0 2.9 0 4V20C0 21.1 0.9 22 2 22H18C19.1 22 20 21.1 20 20V4C20 2.9 19.1 2 18 2ZM17 20H3C2.45 20 2 19.55 2 19V7H18V19C18 19.55 17.55 20 17 20Z\" fill=\"#007EE2\"\/><\/svg>\n\t\t\t\t\t<time class=\"entry-date published\" datetime=\"2025-04-25T21:38:21+02:00\">25 Avr 2025<\/time><time class=\"updated\" datetime=\"2025-05-09T18:37:45+02:00\">9 mai 2025<\/time>\t\t\t\t<\/span>\n\t\t\t\t<\/div><!-- .entry-taxonomies -->\n\t<h6 class=\"entry-title\"><a href=\"https:\/\/tolunacorporate.com\/fr\/barometre-de-confiance-politique-avril-2025\/\" rel=\"bookmark\">Barom\u00e8tre de confiance politique \u2013 Avril 2025<\/a><\/h6><\/header><!-- .entry-header -->\n<footer class=\"entry-footer\">\n\t\t\t<div class=\"entry-actions\">\n\t\t\t<p class=\"more-link-wrap\">\n\t\t\t\t<a href=\"https:\/\/tolunacorporate.com\/fr\/barometre-de-confiance-politique-avril-2025\/\" class=\"post-more-link\">\n\t\t\t\t\tEN SAVOIR PLUS<span class=\"screen-reader-text\"> Barom\u00e8tre de confiance politique \u2013 Avril 2025<\/span><span class=\"toluna-svg-iconset svg-baseline\"><svg width=\"24\" height=\"25\" viewBox=\"0 0 24 25\" fill=\"none\" xmlns=\"http:\/\/www.w3.org\/2000\/svg\"><g clip-path=\"url(#clip0_3349_8828)\"><path d=\"M7.38048 21.9288C7.87048 22.4188 8.66048 22.4188 9.15048 21.9288L17.4605 13.6187C17.8505 13.2287 17.8505 12.5988 17.4605 12.2087L9.15048 3.89875C8.66048 3.40875 7.87048 3.40875 7.38048 3.89875C6.89048 4.38875 6.89048 5.17875 7.38048 5.66875L14.6205 12.9187L7.37048 20.1688C6.89048 20.6488 6.89048 21.4488 7.38048 21.9288Z\" fill=\"#007EE2\"\/><\/g><defs><clipPath id=\"clip0_3349_8828\"><rect width=\"24\" height=\"24\" fill=\"white\" transform=\"translate(0 0.917969)\"\/><\/clipPath><\/defs><\/svg><\/span>\t\t\t\t<\/a>\n\t\t\t<\/p>\n\t\t<\/div><!-- .entry-actions -->\n\t\t<\/footer><!-- .entry-footer -->\n\t<\/div>\n<\/article>\n<article class=\"entry content-bg loop-entry post-13111 post type-post status-publish format-standard has-post-thumbnail hentry category-france-fr tag-poll-2\">\n\t    <!-- toluna-thumbnail-ratio-1-1 -->\n\t\t<a class=\"post-thumbnail\" href=\"https:\/\/tolunacorporate.com\/fr\/perceptions-des-alternatives-au-tabac-et-notamment-des-sachets-de-nicotine-sans-tabac-par-les-consommateurs-de-nicotine\/\">\n\t\t\t<div class=\"post-thumbnail-inner\">\n\t\t\t\t<img decoding=\"async\" width=\"293\" height=\"294\" src=\"https:\/\/tolunacorporate.com\/wp-content\/uploads\/2025\/05\/Perceptions-des-alternatives-au-tabac-et-notamment-des-sachets-de-nicotine-sans-tabac-par-les-consommateurs-de-nicotine.jpg\" class=\"attachment-large size-large wp-post-image\" alt=\"Perceptions des alternatives au tabac, et notamment des sachets de nicotine sans tabac, par les consommateurs de nicotine\" srcset=\"https:\/\/tolunacorporate.com\/wp-content\/uploads\/2025\/05\/Perceptions-des-alternatives-au-tabac-et-notamment-des-sachets-de-nicotine-sans-tabac-par-les-consommateurs-de-nicotine.jpg 293w, https:\/\/tolunacorporate.com\/wp-content\/uploads\/2025\/05\/Perceptions-des-alternatives-au-tabac-et-notamment-des-sachets-de-nicotine-sans-tabac-par-les-consommateurs-de-nicotine-150x150.jpg 150w\" sizes=\"(max-width: 293px) 100vw, 293px\" style=\"width:100%;height:100.34%;max-width:293px;\" \/>\t\t\t<\/div>\n\t\t<\/a><!-- .post-thumbnail -->\n\t\t\t<div class=\"entry-content-wrap\">\n\t\t<header class=\"entry-header\">\n\t\t<div class=\"entry-taxonomies\">\n\t\t\t\t\t\t<span class=\"posted-on\">\n\t\t\t\t\t<svg width=\"20\" height=\"22\" viewBox=\"0 0 20 22\" fill=\"none\" xmlns=\"http:\/\/www.w3.org\/2000\/svg\"><path d=\"M18 2H17V1C17 0.45 16.55 0 16 0C15.45 0 15 0.45 15 1V2H5V1C5 0.45 4.55 0 4 0C3.45 0 3 0.45 3 1V2H2C0.9 2 0 2.9 0 4V20C0 21.1 0.9 22 2 22H18C19.1 22 20 21.1 20 20V4C20 2.9 19.1 2 18 2ZM17 20H3C2.45 20 2 19.55 2 19V7H18V19C18 19.55 17.55 20 17 20Z\" fill=\"#007EE2\"\/><\/svg>\n\t\t\t\t\t<time class=\"entry-date published\" datetime=\"2025-04-24T21:42:19+02:00\">24 Avr 2025<\/time><time class=\"updated\" datetime=\"2025-05-09T18:45:48+02:00\">9 mai 2025<\/time>\t\t\t\t<\/span>\n\t\t\t\t<\/div><!-- .entry-taxonomies -->\n\t<h6 class=\"entry-title\"><a href=\"https:\/\/tolunacorporate.com\/fr\/perceptions-des-alternatives-au-tabac-et-notamment-des-sachets-de-nicotine-sans-tabac-par-les-consommateurs-de-nicotine\/\" rel=\"bookmark\">Perceptions des alternatives au tabac, et notamment des sachets de nicotine sans tabac, par les consommateurs de nicotine<\/a><\/h6><\/header><!-- .entry-header -->\n<footer class=\"entry-footer\">\n\t\t\t<div class=\"entry-actions\">\n\t\t\t<p class=\"more-link-wrap\">\n\t\t\t\t<a href=\"https:\/\/tolunacorporate.com\/fr\/perceptions-des-alternatives-au-tabac-et-notamment-des-sachets-de-nicotine-sans-tabac-par-les-consommateurs-de-nicotine\/\" class=\"post-more-link\">\n\t\t\t\t\tEN SAVOIR PLUS<span class=\"screen-reader-text\"> Perceptions des alternatives au tabac, et notamment des sachets de nicotine sans tabac, par les consommateurs de nicotine<\/span><span class=\"toluna-svg-iconset svg-baseline\"><svg width=\"24\" height=\"25\" viewBox=\"0 0 24 25\" fill=\"none\" xmlns=\"http:\/\/www.w3.org\/2000\/svg\"><g clip-path=\"url(#clip0_3349_8828)\"><path d=\"M7.38048 21.9288C7.87048 22.4188 8.66048 22.4188 9.15048 21.9288L17.4605 13.6187C17.8505 13.2287 17.8505 12.5988 17.4605 12.2087L9.15048 3.89875C8.66048 3.40875 7.87048 3.40875 7.38048 3.89875C6.89048 4.38875 6.89048 5.17875 7.38048 5.66875L14.6205 12.9187L7.37048 20.1688C6.89048 20.6488 6.89048 21.4488 7.38048 21.9288Z\" fill=\"#007EE2\"\/><\/g><defs><clipPath id=\"clip0_3349_8828\"><rect width=\"24\" height=\"24\" fill=\"white\" transform=\"translate(0 0.917969)\"\/><\/clipPath><\/defs><\/svg><\/span>\t\t\t\t<\/a>\n\t\t\t<\/p>\n\t\t<\/div><!-- .entry-actions -->\n\t\t<\/footer><!-- .entry-footer -->\n\t<\/div>\n<\/article>\n<article class=\"entry content-bg loop-entry post-13120 post type-post status-publish format-standard has-post-thumbnail hentry category-france-fr tag-poll-2\">\n\t    <!-- toluna-thumbnail-ratio-1-1 -->\n\t\t<a class=\"post-thumbnail\" href=\"https:\/\/tolunacorporate.com\/fr\/comportements-dachat-et-de-vente-de-biens-immobiliers-vague-12\/\">\n\t\t\t<div class=\"post-thumbnail-inner\">\n\t\t\t\t<img decoding=\"async\" width=\"293\" height=\"294\" src=\"https:\/\/tolunacorporate.com\/wp-content\/uploads\/2025\/05\/Comportements-dachat-et-de-vente-de-biens-immobiliers-\u2013-Vague-12.jpg\" class=\"attachment-large size-large wp-post-image\" alt=\"Comportements d\u2019achat et de vente de biens immobiliers \u2013 Vague 12\" srcset=\"https:\/\/tolunacorporate.com\/wp-content\/uploads\/2025\/05\/Comportements-dachat-et-de-vente-de-biens-immobiliers-\u2013-Vague-12.jpg 293w, https:\/\/tolunacorporate.com\/wp-content\/uploads\/2025\/05\/Comportements-dachat-et-de-vente-de-biens-immobiliers-\u2013-Vague-12-150x150.jpg 150w\" sizes=\"(max-width: 293px) 100vw, 293px\" style=\"width:100%;height:100.34%;max-width:293px;\" \/>\t\t\t<\/div>\n\t\t<\/a><!-- .post-thumbnail -->\n\t\t\t<div class=\"entry-content-wrap\">\n\t\t<header class=\"entry-header\">\n\t\t<div class=\"entry-taxonomies\">\n\t\t\t\t\t\t<span class=\"posted-on\">\n\t\t\t\t\t<svg width=\"20\" height=\"22\" viewBox=\"0 0 20 22\" fill=\"none\" xmlns=\"http:\/\/www.w3.org\/2000\/svg\"><path d=\"M18 2H17V1C17 0.45 16.55 0 16 0C15.45 0 15 0.45 15 1V2H5V1C5 0.45 4.55 0 4 0C3.45 0 3 0.45 3 1V2H2C0.9 2 0 2.9 0 4V20C0 21.1 0.9 22 2 22H18C19.1 22 20 21.1 20 20V4C20 2.9 19.1 2 18 2ZM17 20H3C2.45 20 2 19.55 2 19V7H18V19C18 19.55 17.55 20 17 20Z\" fill=\"#007EE2\"\/><\/svg>\n\t\t\t\t\t<time class=\"entry-date published\" datetime=\"2025-04-15T21:45:43+02:00\">15 Avr 2025<\/time><time class=\"updated\" datetime=\"2025-05-09T18:49:16+02:00\">9 mai 2025<\/time>\t\t\t\t<\/span>\n\t\t\t\t<\/div><!-- .entry-taxonomies -->\n\t<h6 class=\"entry-title\"><a href=\"https:\/\/tolunacorporate.com\/fr\/comportements-dachat-et-de-vente-de-biens-immobiliers-vague-12\/\" rel=\"bookmark\">Comportements d\u2019achat et de vente de biens immobiliers \u2013 Vague 12<\/a><\/h6><\/header><!-- .entry-header -->\n<footer class=\"entry-footer\">\n\t\t\t<div class=\"entry-actions\">\n\t\t\t<p class=\"more-link-wrap\">\n\t\t\t\t<a href=\"https:\/\/tolunacorporate.com\/fr\/comportements-dachat-et-de-vente-de-biens-immobiliers-vague-12\/\" class=\"post-more-link\">\n\t\t\t\t\tEN SAVOIR PLUS<span class=\"screen-reader-text\"> Comportements d\u2019achat et de vente de biens immobiliers \u2013 Vague 12<\/span><span class=\"toluna-svg-iconset svg-baseline\"><svg width=\"24\" height=\"25\" viewBox=\"0 0 24 25\" fill=\"none\" xmlns=\"http:\/\/www.w3.org\/2000\/svg\"><g clip-path=\"url(#clip0_3349_8828)\"><path d=\"M7.38048 21.9288C7.87048 22.4188 8.66048 22.4188 9.15048 21.9288L17.4605 13.6187C17.8505 13.2287 17.8505 12.5988 17.4605 12.2087L9.15048 3.89875C8.66048 3.40875 7.87048 3.40875 7.38048 3.89875C6.89048 4.38875 6.89048 5.17875 7.38048 5.66875L14.6205 12.9187L7.37048 20.1688C6.89048 20.6488 6.89048 21.4488 7.38048 21.9288Z\" fill=\"#007EE2\"\/><\/g><defs><clipPath id=\"clip0_3349_8828\"><rect width=\"24\" height=\"24\" fill=\"white\" transform=\"translate(0 0.917969)\"\/><\/clipPath><\/defs><\/svg><\/span>\t\t\t\t<\/a>\n\t\t\t<\/p>\n\t\t<\/div><!-- .entry-actions -->\n\t\t<\/footer><!-- .entry-footer -->\n\t<\/div>\n<\/article>\n<article class=\"entry content-bg loop-entry post-13129 post type-post status-publish format-standard has-post-thumbnail hentry category-france-fr tag-poll-2\">\n\t    <!-- toluna-thumbnail-ratio-1-1 -->\n\t\t<a class=\"post-thumbnail\" href=\"https:\/\/tolunacorporate.com\/fr\/lopinion-des-francais-a-legard-de-la-presidentielle\/\">\n\t\t\t<div class=\"post-thumbnail-inner\">\n\t\t\t\t<img decoding=\"async\" width=\"293\" height=\"294\" src=\"https:\/\/tolunacorporate.com\/wp-content\/uploads\/2025\/05\/LOpinion-des-Francais-a-legard-de-la-Presidentielle.png\" class=\"attachment-large size-large wp-post-image\" alt=\"L\u2019Opinion des Fran\u00e7ais \u00e0 l\u2019\u00e9gard de la Pr\u00e9sidentielle\" srcset=\"https:\/\/tolunacorporate.com\/wp-content\/uploads\/2025\/05\/LOpinion-des-Francais-a-legard-de-la-Presidentielle.png 293w, https:\/\/tolunacorporate.com\/wp-content\/uploads\/2025\/05\/LOpinion-des-Francais-a-legard-de-la-Presidentielle-150x150.png 150w\" sizes=\"(max-width: 293px) 100vw, 293px\" style=\"width:100%;height:100.34%;max-width:293px;\" \/>\t\t\t<\/div>\n\t\t<\/a><!-- .post-thumbnail -->\n\t\t\t<div class=\"entry-content-wrap\">\n\t\t<header class=\"entry-header\">\n\t\t<div class=\"entry-taxonomies\">\n\t\t\t\t\t\t<span class=\"posted-on\">\n\t\t\t\t\t<svg width=\"20\" height=\"22\" viewBox=\"0 0 20 22\" fill=\"none\" xmlns=\"http:\/\/www.w3.org\/2000\/svg\"><path d=\"M18 2H17V1C17 0.45 16.55 0 16 0C15.45 0 15 0.45 15 1V2H5V1C5 0.45 4.55 0 4 0C3.45 0 3 0.45 3 1V2H2C0.9 2 0 2.9 0 4V20C0 21.1 0.9 22 2 22H18C19.1 22 20 21.1 20 20V4C20 2.9 19.1 2 18 2ZM17 20H3C2.45 20 2 19.55 2 19V7H18V19C18 19.55 17.55 20 17 20Z\" fill=\"#007EE2\"\/><\/svg>\n\t\t\t\t\t<time class=\"entry-date published\" datetime=\"2025-04-14T21:49:34+02:00\">14 Avr 2025<\/time><time class=\"updated\" datetime=\"2025-05-09T18:53:41+02:00\">9 mai 2025<\/time>\t\t\t\t<\/span>\n\t\t\t\t<\/div><!-- .entry-taxonomies -->\n\t<h6 class=\"entry-title\"><a href=\"https:\/\/tolunacorporate.com\/fr\/lopinion-des-francais-a-legard-de-la-presidentielle\/\" rel=\"bookmark\">L\u2019Opinion des Fran\u00e7ais \u00e0 l\u2019\u00e9gard de la Pr\u00e9sidentielle<\/a><\/h6><\/header><!-- .entry-header -->\n<footer class=\"entry-footer\">\n\t\t\t<div class=\"entry-actions\">\n\t\t\t<p class=\"more-link-wrap\">\n\t\t\t\t<a href=\"https:\/\/tolunacorporate.com\/fr\/lopinion-des-francais-a-legard-de-la-presidentielle\/\" class=\"post-more-link\">\n\t\t\t\t\tEN SAVOIR PLUS<span class=\"screen-reader-text\"> L\u2019Opinion des Fran\u00e7ais \u00e0 l\u2019\u00e9gard de la Pr\u00e9sidentielle<\/span><span class=\"toluna-svg-iconset svg-baseline\"><svg width=\"24\" height=\"25\" viewBox=\"0 0 24 25\" fill=\"none\" xmlns=\"http:\/\/www.w3.org\/2000\/svg\"><g clip-path=\"url(#clip0_3349_8828)\"><path d=\"M7.38048 21.9288C7.87048 22.4188 8.66048 22.4188 9.15048 21.9288L17.4605 13.6187C17.8505 13.2287 17.8505 12.5988 17.4605 12.2087L9.15048 3.89875C8.66048 3.40875 7.87048 3.40875 7.38048 3.89875C6.89048 4.38875 6.89048 5.17875 7.38048 5.66875L14.6205 12.9187L7.37048 20.1688C6.89048 20.6488 6.89048 21.4488 7.38048 21.9288Z\" fill=\"#007EE2\"\/><\/g><defs><clipPath id=\"clip0_3349_8828\"><rect width=\"24\" height=\"24\" fill=\"white\" transform=\"translate(0 0.917969)\"\/><\/clipPath><\/defs><\/svg><\/span>\t\t\t\t<\/a>\n\t\t\t<\/p>\n\t\t<\/div><!-- .entry-actions -->\n\t\t<\/footer><!-- .entry-footer -->\n\t<\/div>\n<\/article>\n<article class=\"entry content-bg loop-entry post-13138 post type-post status-publish format-standard has-post-thumbnail hentry category-france-fr tag-poll-2\">\n\t    <!-- toluna-thumbnail-ratio-1-1 -->\n\t\t<a class=\"post-thumbnail\" href=\"https:\/\/tolunacorporate.com\/fr\/les-francais-et-lemploi-de-la-langue-francaise\/\">\n\t\t\t<div class=\"post-thumbnail-inner\">\n\t\t\t\t<img decoding=\"async\" width=\"293\" height=\"294\" src=\"https:\/\/tolunacorporate.com\/wp-content\/uploads\/2025\/05\/Les-Francais-et-lemploi-de-la-langue-francaise.jpg\" class=\"attachment-large size-large wp-post-image\" alt=\"Les Fran\u00e7ais et l\u2019emploi de la langue fran\u00e7aise\" srcset=\"https:\/\/tolunacorporate.com\/wp-content\/uploads\/2025\/05\/Les-Francais-et-lemploi-de-la-langue-francaise.jpg 293w, https:\/\/tolunacorporate.com\/wp-content\/uploads\/2025\/05\/Les-Francais-et-lemploi-de-la-langue-francaise-150x150.jpg 150w\" sizes=\"(max-width: 293px) 100vw, 293px\" style=\"width:100%;height:100.34%;max-width:293px;\" \/>\t\t\t<\/div>\n\t\t<\/a><!-- .post-thumbnail -->\n\t\t\t<div class=\"entry-content-wrap\">\n\t\t<header class=\"entry-header\">\n\t\t<div class=\"entry-taxonomies\">\n\t\t\t\t\t\t<span class=\"posted-on\">\n\t\t\t\t\t<svg width=\"20\" height=\"22\" viewBox=\"0 0 20 22\" fill=\"none\" xmlns=\"http:\/\/www.w3.org\/2000\/svg\"><path d=\"M18 2H17V1C17 0.45 16.55 0 16 0C15.45 0 15 0.45 15 1V2H5V1C5 0.45 4.55 0 4 0C3.45 0 3 0.45 3 1V2H2C0.9 2 0 2.9 0 4V20C0 21.1 0.9 22 2 22H18C19.1 22 20 21.1 20 20V4C20 2.9 19.1 2 18 2ZM17 20H3C2.45 20 2 19.55 2 19V7H18V19C18 19.55 17.55 20 17 20Z\" fill=\"#007EE2\"\/><\/svg>\n\t\t\t\t\t<time class=\"entry-date published\" datetime=\"2025-04-10T21:52:59+02:00\">10 Avr 2025<\/time><time class=\"updated\" datetime=\"2025-05-09T19:24:57+02:00\">9 mai 2025<\/time>\t\t\t\t<\/span>\n\t\t\t\t<\/div><!-- .entry-taxonomies -->\n\t<h6 class=\"entry-title\"><a href=\"https:\/\/tolunacorporate.com\/fr\/les-francais-et-lemploi-de-la-langue-francaise\/\" rel=\"bookmark\">Les Fran\u00e7ais et l\u2019emploi de la langue fran\u00e7aise<\/a><\/h6><\/header><!-- .entry-header -->\n<footer class=\"entry-footer\">\n\t\t\t<div class=\"entry-actions\">\n\t\t\t<p class=\"more-link-wrap\">\n\t\t\t\t<a href=\"https:\/\/tolunacorporate.com\/fr\/les-francais-et-lemploi-de-la-langue-francaise\/\" class=\"post-more-link\">\n\t\t\t\t\tEN SAVOIR PLUS<span class=\"screen-reader-text\"> Les Fran\u00e7ais et l\u2019emploi de la langue fran\u00e7aise<\/span><span class=\"toluna-svg-iconset svg-baseline\"><svg width=\"24\" height=\"25\" viewBox=\"0 0 24 25\" fill=\"none\" xmlns=\"http:\/\/www.w3.org\/2000\/svg\"><g clip-path=\"url(#clip0_3349_8828)\"><path d=\"M7.38048 21.9288C7.87048 22.4188 8.66048 22.4188 9.15048 21.9288L17.4605 13.6187C17.8505 13.2287 17.8505 12.5988 17.4605 12.2087L9.15048 3.89875C8.66048 3.40875 7.87048 3.40875 7.38048 3.89875C6.89048 4.38875 6.89048 5.17875 7.38048 5.66875L14.6205 12.9187L7.37048 20.1688C6.89048 20.6488 6.89048 21.4488 7.38048 21.9288Z\" fill=\"#007EE2\"\/><\/g><defs><clipPath id=\"clip0_3349_8828\"><rect width=\"24\" height=\"24\" fill=\"white\" transform=\"translate(0 0.917969)\"\/><\/clipPath><\/defs><\/svg><\/span>\t\t\t\t<\/a>\n\t\t\t<\/p>\n\t\t<\/div><!-- .entry-actions -->\n\t\t<\/footer><!-- .entry-footer -->\n\t<\/div>\n<\/article>\n<article class=\"entry content-bg loop-entry post-13156 post type-post status-publish format-standard has-post-thumbnail hentry category-france-fr tag-poll-2\">\n\t    <!-- toluna-thumbnail-ratio-1-1 -->\n\t\t<a class=\"post-thumbnail\" href=\"https:\/\/tolunacorporate.com\/fr\/les-francais-et-les-intestins\/\">\n\t\t\t<div class=\"post-thumbnail-inner\">\n\t\t\t\t<img decoding=\"async\" width=\"293\" height=\"294\" src=\"https:\/\/tolunacorporate.com\/wp-content\/uploads\/2025\/05\/Les-Francais-et-les-intestins.jpg\" class=\"attachment-large size-large wp-post-image\" alt=\"Les Fran\u00e7ais et les intestins\" srcset=\"https:\/\/tolunacorporate.com\/wp-content\/uploads\/2025\/05\/Les-Francais-et-les-intestins.jpg 293w, https:\/\/tolunacorporate.com\/wp-content\/uploads\/2025\/05\/Les-Francais-et-les-intestins-150x150.jpg 150w\" sizes=\"(max-width: 293px) 100vw, 293px\" style=\"width:100%;height:100.34%;max-width:293px;\" \/>\t\t\t<\/div>\n\t\t<\/a><!-- .post-thumbnail -->\n\t\t\t<div class=\"entry-content-wrap\">\n\t\t<header class=\"entry-header\">\n\t\t<div class=\"entry-taxonomies\">\n\t\t\t\t\t\t<span class=\"posted-on\">\n\t\t\t\t\t<svg width=\"20\" height=\"22\" viewBox=\"0 0 20 22\" fill=\"none\" xmlns=\"http:\/\/www.w3.org\/2000\/svg\"><path d=\"M18 2H17V1C17 0.45 16.55 0 16 0C15.45 0 15 0.45 15 1V2H5V1C5 0.45 4.55 0 4 0C3.45 0 3 0.45 3 1V2H2C0.9 2 0 2.9 0 4V20C0 21.1 0.9 22 2 22H18C19.1 22 20 21.1 20 20V4C20 2.9 19.1 2 18 2ZM17 20H3C2.45 20 2 19.55 2 19V7H18V19C18 19.55 17.55 20 17 20Z\" fill=\"#007EE2\"\/><\/svg>\n\t\t\t\t\t<time class=\"entry-date published\" datetime=\"2025-04-04T21:58:24+02:00\">4 Avr 2025<\/time><time class=\"updated\" datetime=\"2025-05-09T19:49:59+02:00\">9 mai 2025<\/time>\t\t\t\t<\/span>\n\t\t\t\t<\/div><!-- .entry-taxonomies -->\n\t<h6 class=\"entry-title\"><a href=\"https:\/\/tolunacorporate.com\/fr\/les-francais-et-les-intestins\/\" rel=\"bookmark\">Les Fran\u00e7ais et les intestins<\/a><\/h6><\/header><!-- .entry-header -->\n<footer class=\"entry-footer\">\n\t\t\t<div class=\"entry-actions\">\n\t\t\t<p class=\"more-link-wrap\">\n\t\t\t\t<a href=\"https:\/\/tolunacorporate.com\/fr\/les-francais-et-les-intestins\/\" class=\"post-more-link\">\n\t\t\t\t\tEN SAVOIR PLUS<span class=\"screen-reader-text\"> Les Fran\u00e7ais et les intestins<\/span><span class=\"toluna-svg-iconset svg-baseline\"><svg width=\"24\" height=\"25\" viewBox=\"0 0 24 25\" fill=\"none\" xmlns=\"http:\/\/www.w3.org\/2000\/svg\"><g clip-path=\"url(#clip0_3349_8828)\"><path d=\"M7.38048 21.9288C7.87048 22.4188 8.66048 22.4188 9.15048 21.9288L17.4605 13.6187C17.8505 13.2287 17.8505 12.5988 17.4605 12.2087L9.15048 3.89875C8.66048 3.40875 7.87048 3.40875 7.38048 3.89875C6.89048 4.38875 6.89048 5.17875 7.38048 5.66875L14.6205 12.9187L7.37048 20.1688C6.89048 20.6488 6.89048 21.4488 7.38048 21.9288Z\" fill=\"#007EE2\"\/><\/g><defs><clipPath id=\"clip0_3349_8828\"><rect width=\"24\" height=\"24\" fill=\"white\" transform=\"translate(0 0.917969)\"\/><\/clipPath><\/defs><\/svg><\/span>\t\t\t\t<\/a>\n\t\t\t<\/p>\n\t\t<\/div><!-- .entry-actions -->\n\t\t<\/footer><!-- .entry-footer -->\n\t<\/div>\n<\/article>\n<article class=\"entry content-bg loop-entry post-13147 post type-post status-publish format-standard has-post-thumbnail hentry category-france-fr tag-poll-2\">\n\t    <!-- toluna-thumbnail-ratio-1-1 -->\n\t\t<a class=\"post-thumbnail\" href=\"https:\/\/tolunacorporate.com\/fr\/enquete-sur-la-sante-des-avocats-parisiens\/\">\n\t\t\t<div class=\"post-thumbnail-inner\">\n\t\t\t\t<img decoding=\"async\" width=\"293\" height=\"294\" src=\"https:\/\/tolunacorporate.com\/wp-content\/uploads\/2025\/05\/Enquete-sur-la-sante-des-avocats-parisiens.jpg\" class=\"attachment-large size-large wp-post-image\" alt=\"Enqu\u00eate sur la sant\u00e9 des avocats parisiens\" srcset=\"https:\/\/tolunacorporate.com\/wp-content\/uploads\/2025\/05\/Enquete-sur-la-sante-des-avocats-parisiens.jpg 293w, https:\/\/tolunacorporate.com\/wp-content\/uploads\/2025\/05\/Enquete-sur-la-sante-des-avocats-parisiens-150x150.jpg 150w\" sizes=\"(max-width: 293px) 100vw, 293px\" style=\"width:100%;height:100.34%;max-width:293px;\" \/>\t\t\t<\/div>\n\t\t<\/a><!-- .post-thumbnail -->\n\t\t\t<div class=\"entry-content-wrap\">\n\t\t<header class=\"entry-header\">\n\t\t<div class=\"entry-taxonomies\">\n\t\t\t\t\t\t<span class=\"posted-on\">\n\t\t\t\t\t<svg width=\"20\" height=\"22\" viewBox=\"0 0 20 22\" fill=\"none\" xmlns=\"http:\/\/www.w3.org\/2000\/svg\"><path d=\"M18 2H17V1C17 0.45 16.55 0 16 0C15.45 0 15 0.45 15 1V2H5V1C5 0.45 4.55 0 4 0C3.45 0 3 0.45 3 1V2H2C0.9 2 0 2.9 0 4V20C0 21.1 0.9 22 2 22H18C19.1 22 20 21.1 20 20V4C20 2.9 19.1 2 18 2ZM17 20H3C2.45 20 2 19.55 2 19V7H18V19C18 19.55 17.55 20 17 20Z\" fill=\"#007EE2\"\/><\/svg>\n\t\t\t\t\t<time class=\"entry-date published\" datetime=\"2025-04-04T21:56:04+02:00\">4 Avr 2025<\/time><time class=\"updated\" datetime=\"2025-05-09T19:47:29+02:00\">9 mai 2025<\/time>\t\t\t\t<\/span>\n\t\t\t\t<\/div><!-- .entry-taxonomies -->\n\t<h6 class=\"entry-title\"><a href=\"https:\/\/tolunacorporate.com\/fr\/enquete-sur-la-sante-des-avocats-parisiens\/\" rel=\"bookmark\">Enqu\u00eate sur la sant\u00e9 des avocats parisiens<\/a><\/h6><\/header><!-- .entry-header -->\n<footer class=\"entry-footer\">\n\t\t\t<div class=\"entry-actions\">\n\t\t\t<p class=\"more-link-wrap\">\n\t\t\t\t<a href=\"https:\/\/tolunacorporate.com\/fr\/enquete-sur-la-sante-des-avocats-parisiens\/\" class=\"post-more-link\">\n\t\t\t\t\tEN SAVOIR PLUS<span class=\"screen-reader-text\"> Enqu\u00eate sur la sant\u00e9 des avocats parisiens<\/span><span class=\"toluna-svg-iconset svg-baseline\"><svg width=\"24\" height=\"25\" viewBox=\"0 0 24 25\" fill=\"none\" xmlns=\"http:\/\/www.w3.org\/2000\/svg\"><g clip-path=\"url(#clip0_3349_8828)\"><path d=\"M7.38048 21.9288C7.87048 22.4188 8.66048 22.4188 9.15048 21.9288L17.4605 13.6187C17.8505 13.2287 17.8505 12.5988 17.4605 12.2087L9.15048 3.89875C8.66048 3.40875 7.87048 3.40875 7.38048 3.89875C6.89048 4.38875 6.89048 5.17875 7.38048 5.66875L14.6205 12.9187L7.37048 20.1688C6.89048 20.6488 6.89048 21.4488 7.38048 21.9288Z\" fill=\"#007EE2\"\/><\/g><defs><clipPath id=\"clip0_3349_8828\"><rect width=\"24\" height=\"24\" fill=\"white\" transform=\"translate(0 0.917969)\"\/><\/clipPath><\/defs><\/svg><\/span>\t\t\t\t<\/a>\n\t\t\t<\/p>\n\t\t<\/div><!-- .entry-actions -->\n\t\t<\/footer><!-- .entry-footer -->\n\t<\/div>\n<\/article>\n<article class=\"entry content-bg loop-entry post-13320 post type-post status-publish format-standard has-post-thumbnail hentry category-france-fr tag-poll-2\">\n\t    <!-- toluna-thumbnail-ratio-1-1 -->\n\t\t<a class=\"post-thumbnail\" href=\"https:\/\/tolunacorporate.com\/fr\/le-regard-des-francais-sur-jordan-bardella-et-lactualite-du-rassemblement-national\/\">\n\t\t\t<div class=\"post-thumbnail-inner\">\n\t\t\t\t<img decoding=\"async\" width=\"500\" height=\"500\" src=\"https:\/\/tolunacorporate.com\/wp-content\/uploads\/2025\/05\/Intentions-de-vote-pour-les-elections-legislatives-anticipees-en-cas-de-dissolution-de-lAssemblee-nationale-en-2023.jpg\" class=\"attachment-large size-large wp-post-image\" alt=\"Le regard des Fran\u00e7ais sur Jordan Bardella et l\u2019actualit\u00e9 du Rassemblement national\" srcset=\"https:\/\/tolunacorporate.com\/wp-content\/uploads\/2025\/05\/Intentions-de-vote-pour-les-elections-legislatives-anticipees-en-cas-de-dissolution-de-lAssemblee-nationale-en-2023.jpg 500w, https:\/\/tolunacorporate.com\/wp-content\/uploads\/2025\/05\/Intentions-de-vote-pour-les-elections-legislatives-anticipees-en-cas-de-dissolution-de-lAssemblee-nationale-en-2023-300x300.jpg 300w, https:\/\/tolunacorporate.com\/wp-content\/uploads\/2025\/05\/Intentions-de-vote-pour-les-elections-legislatives-anticipees-en-cas-de-dissolution-de-lAssemblee-nationale-en-2023-150x150.jpg 150w\" sizes=\"(max-width: 500px) 100vw, 500px\" style=\"width:100%;height:100%;max-width:500px;\" \/>\t\t\t<\/div>\n\t\t<\/a><!-- .post-thumbnail -->\n\t\t\t<div class=\"entry-content-wrap\">\n\t\t<header class=\"entry-header\">\n\t\t<div class=\"entry-taxonomies\">\n\t\t\t\t\t\t<span class=\"posted-on\">\n\t\t\t\t\t<svg width=\"20\" height=\"22\" viewBox=\"0 0 20 22\" fill=\"none\" xmlns=\"http:\/\/www.w3.org\/2000\/svg\"><path d=\"M18 2H17V1C17 0.45 16.55 0 16 0C15.45 0 15 0.45 15 1V2H5V1C5 0.45 4.55 0 4 0C3.45 0 3 0.45 3 1V2H2C0.9 2 0 2.9 0 4V20C0 21.1 0.9 22 2 22H18C19.1 22 20 21.1 20 20V4C20 2.9 19.1 2 18 2ZM17 20H3C2.45 20 2 19.55 2 19V7H18V19C18 19.55 17.55 20 17 20Z\" fill=\"#007EE2\"\/><\/svg>\n\t\t\t\t\t<time class=\"entry-date published\" datetime=\"2025-04-03T00:18:32+02:00\">3 Avr 2025<\/time><time class=\"updated\" datetime=\"2025-09-23T15:21:05+02:00\">23 Sep 2025<\/time>\t\t\t\t<\/span>\n\t\t\t\t<\/div><!-- .entry-taxonomies -->\n\t<h6 class=\"entry-title\"><a href=\"https:\/\/tolunacorporate.com\/fr\/le-regard-des-francais-sur-jordan-bardella-et-lactualite-du-rassemblement-national\/\" rel=\"bookmark\">Le regard des Fran\u00e7ais sur Jordan Bardella et l\u2019actualit\u00e9 du Rassemblement national<\/a><\/h6><\/header><!-- .entry-header -->\n<footer class=\"entry-footer\">\n\t\t\t<div class=\"entry-actions\">\n\t\t\t<p class=\"more-link-wrap\">\n\t\t\t\t<a href=\"https:\/\/tolunacorporate.com\/fr\/le-regard-des-francais-sur-jordan-bardella-et-lactualite-du-rassemblement-national\/\" class=\"post-more-link\">\n\t\t\t\t\tEN SAVOIR PLUS<span class=\"screen-reader-text\"> Le regard des Fran\u00e7ais sur Jordan Bardella et l\u2019actualit\u00e9 du Rassemblement national<\/span><span class=\"toluna-svg-iconset svg-baseline\"><svg width=\"24\" height=\"25\" viewBox=\"0 0 24 25\" fill=\"none\" xmlns=\"http:\/\/www.w3.org\/2000\/svg\"><g clip-path=\"url(#clip0_3349_8828)\"><path d=\"M7.38048 21.9288C7.87048 22.4188 8.66048 22.4188 9.15048 21.9288L17.4605 13.6187C17.8505 13.2287 17.8505 12.5988 17.4605 12.2087L9.15048 3.89875C8.66048 3.40875 7.87048 3.40875 7.38048 3.89875C6.89048 4.38875 6.89048 5.17875 7.38048 5.66875L14.6205 12.9187L7.37048 20.1688C6.89048 20.6488 6.89048 21.4488 7.38048 21.9288Z\" fill=\"#007EE2\"\/><\/g><defs><clipPath id=\"clip0_3349_8828\"><rect width=\"24\" height=\"24\" fill=\"white\" transform=\"translate(0 0.917969)\"\/><\/clipPath><\/defs><\/svg><\/span>\t\t\t\t<\/a>\n\t\t\t<\/p>\n\t\t<\/div><!-- .entry-actions -->\n\t\t<\/footer><!-- .entry-footer -->\n\t<\/div>\n<\/article>\n<article class=\"entry content-bg loop-entry post-13165 post type-post status-publish format-standard has-post-thumbnail hentry category-france-fr tag-poll-2\">\n\t    <!-- toluna-thumbnail-ratio-1-1 -->\n\t\t<a class=\"post-thumbnail\" href=\"https:\/\/tolunacorporate.com\/fr\/intentions-de-vote-a-lelection-presidentielle-2027-mars-2025\/\">\n\t\t\t<div class=\"post-thumbnail-inner\">\n\t\t\t\t<img decoding=\"async\" width=\"293\" height=\"294\" src=\"https:\/\/tolunacorporate.com\/wp-content\/uploads\/2025\/05\/Intentions-de-vote-a-lelection-presidentielle-2027-\u2013-Mars-2025.png\" class=\"attachment-large size-large wp-post-image\" alt=\"Intentions de vote \u00e0 l\u2019\u00e9lection pr\u00e9sidentielle 2027 \u2013 Mars 2025\" srcset=\"https:\/\/tolunacorporate.com\/wp-content\/uploads\/2025\/05\/Intentions-de-vote-a-lelection-presidentielle-2027-\u2013-Mars-2025.png 293w, https:\/\/tolunacorporate.com\/wp-content\/uploads\/2025\/05\/Intentions-de-vote-a-lelection-presidentielle-2027-\u2013-Mars-2025-150x150.png 150w\" sizes=\"(max-width: 293px) 100vw, 293px\" style=\"width:100%;height:100.34%;max-width:293px;\" \/>\t\t\t<\/div>\n\t\t<\/a><!-- .post-thumbnail -->\n\t\t\t<div class=\"entry-content-wrap\">\n\t\t<header class=\"entry-header\">\n\t\t<div class=\"entry-taxonomies\">\n\t\t\t\t\t\t<span class=\"posted-on\">\n\t\t\t\t\t<svg width=\"20\" height=\"22\" viewBox=\"0 0 20 22\" fill=\"none\" xmlns=\"http:\/\/www.w3.org\/2000\/svg\"><path d=\"M18 2H17V1C17 0.45 16.55 0 16 0C15.45 0 15 0.45 15 1V2H5V1C5 0.45 4.55 0 4 0C3.45 0 3 0.45 3 1V2H2C0.9 2 0 2.9 0 4V20C0 21.1 0.9 22 2 22H18C19.1 22 20 21.1 20 20V4C20 2.9 19.1 2 18 2ZM17 20H3C2.45 20 2 19.55 2 19V7H18V19C18 19.55 17.55 20 17 20Z\" fill=\"#007EE2\"\/><\/svg>\n\t\t\t\t\t<time class=\"entry-date published\" datetime=\"2025-04-01T22:03:45+02:00\">1 Avr 2025<\/time><time class=\"updated\" datetime=\"2025-05-09T19:59:55+02:00\">9 mai 2025<\/time>\t\t\t\t<\/span>\n\t\t\t\t<\/div><!-- .entry-taxonomies -->\n\t<h6 class=\"entry-title\"><a href=\"https:\/\/tolunacorporate.com\/fr\/intentions-de-vote-a-lelection-presidentielle-2027-mars-2025\/\" rel=\"bookmark\">Intentions de vote \u00e0 l\u2019\u00e9lection pr\u00e9sidentielle 2027 \u2013 Mars 2025<\/a><\/h6><\/header><!-- .entry-header -->\n<footer class=\"entry-footer\">\n\t\t\t<div class=\"entry-actions\">\n\t\t\t<p class=\"more-link-wrap\">\n\t\t\t\t<a href=\"https:\/\/tolunacorporate.com\/fr\/intentions-de-vote-a-lelection-presidentielle-2027-mars-2025\/\" class=\"post-more-link\">\n\t\t\t\t\tEN SAVOIR PLUS<span class=\"screen-reader-text\"> Intentions de vote \u00e0 l\u2019\u00e9lection pr\u00e9sidentielle 2027 \u2013 Mars 2025<\/span><span class=\"toluna-svg-iconset svg-baseline\"><svg width=\"24\" height=\"25\" viewBox=\"0 0 24 25\" fill=\"none\" xmlns=\"http:\/\/www.w3.org\/2000\/svg\"><g clip-path=\"url(#clip0_3349_8828)\"><path d=\"M7.38048 21.9288C7.87048 22.4188 8.66048 22.4188 9.15048 21.9288L17.4605 13.6187C17.8505 13.2287 17.8505 12.5988 17.4605 12.2087L9.15048 3.89875C8.66048 3.40875 7.87048 3.40875 7.38048 3.89875C6.89048 4.38875 6.89048 5.17875 7.38048 5.66875L14.6205 12.9187L7.37048 20.1688C6.89048 20.6488 6.89048 21.4488 7.38048 21.9288Z\" fill=\"#007EE2\"\/><\/g><defs><clipPath id=\"clip0_3349_8828\"><rect width=\"24\" height=\"24\" fill=\"white\" transform=\"translate(0 0.917969)\"\/><\/clipPath><\/defs><\/svg><\/span>\t\t\t\t<\/a>\n\t\t\t<\/p>\n\t\t<\/div><!-- .entry-actions -->\n\t\t<\/footer><!-- .entry-footer -->\n\t<\/div>\n<\/article>\n<article class=\"entry content-bg loop-entry post-13174 post type-post status-publish format-standard has-post-thumbnail hentry category-france-fr tag-poll-2\">\n\t    <!-- toluna-thumbnail-ratio-1-1 -->\n\t\t<a class=\"post-thumbnail\" href=\"https:\/\/tolunacorporate.com\/fr\/barometre-de-confiance-politique-mars-2025\/\">\n\t\t\t<div class=\"post-thumbnail-inner\">\n\t\t\t\t<img decoding=\"async\" width=\"293\" height=\"294\" src=\"https:\/\/tolunacorporate.com\/wp-content\/uploads\/2025\/05\/Barometre-de-confiance-politique-\u2013-Mars-2025.png\" class=\"attachment-large size-large wp-post-image\" alt=\"Barom\u00e8tre de confiance politique \u2013 Mars 2025\" srcset=\"https:\/\/tolunacorporate.com\/wp-content\/uploads\/2025\/05\/Barometre-de-confiance-politique-\u2013-Mars-2025.png 293w, https:\/\/tolunacorporate.com\/wp-content\/uploads\/2025\/05\/Barometre-de-confiance-politique-\u2013-Mars-2025-150x150.png 150w\" sizes=\"(max-width: 293px) 100vw, 293px\" style=\"width:100%;height:100.34%;max-width:293px;\" \/>\t\t\t<\/div>\n\t\t<\/a><!-- .post-thumbnail -->\n\t\t\t<div class=\"entry-content-wrap\">\n\t\t<header class=\"entry-header\">\n\t\t<div class=\"entry-taxonomies\">\n\t\t\t\t\t\t<span class=\"posted-on\">\n\t\t\t\t\t<svg width=\"20\" height=\"22\" viewBox=\"0 0 20 22\" fill=\"none\" xmlns=\"http:\/\/www.w3.org\/2000\/svg\"><path d=\"M18 2H17V1C17 0.45 16.55 0 16 0C15.45 0 15 0.45 15 1V2H5V1C5 0.45 4.55 0 4 0C3.45 0 3 0.45 3 1V2H2C0.9 2 0 2.9 0 4V20C0 21.1 0.9 22 2 22H18C19.1 22 20 21.1 20 20V4C20 2.9 19.1 2 18 2ZM17 20H3C2.45 20 2 19.55 2 19V7H18V19C18 19.55 17.55 20 17 20Z\" fill=\"#007EE2\"\/><\/svg>\n\t\t\t\t\t<time class=\"entry-date published\" datetime=\"2025-03-28T22:11:27+01:00\">28 Mars 2025<\/time><time class=\"updated\" datetime=\"2025-05-09T20:05:14+02:00\">9 mai 2025<\/time>\t\t\t\t<\/span>\n\t\t\t\t<\/div><!-- .entry-taxonomies -->\n\t<h6 class=\"entry-title\"><a href=\"https:\/\/tolunacorporate.com\/fr\/barometre-de-confiance-politique-mars-2025\/\" rel=\"bookmark\">Barom\u00e8tre de confiance politique \u2013 Mars 2025<\/a><\/h6><\/header><!-- .entry-header -->\n<footer class=\"entry-footer\">\n\t\t\t<div class=\"entry-actions\">\n\t\t\t<p class=\"more-link-wrap\">\n\t\t\t\t<a href=\"https:\/\/tolunacorporate.com\/fr\/barometre-de-confiance-politique-mars-2025\/\" class=\"post-more-link\">\n\t\t\t\t\tEN SAVOIR PLUS<span class=\"screen-reader-text\"> Barom\u00e8tre de confiance politique \u2013 Mars 2025<\/span><span class=\"toluna-svg-iconset svg-baseline\"><svg width=\"24\" height=\"25\" viewBox=\"0 0 24 25\" fill=\"none\" xmlns=\"http:\/\/www.w3.org\/2000\/svg\"><g clip-path=\"url(#clip0_3349_8828)\"><path d=\"M7.38048 21.9288C7.87048 22.4188 8.66048 22.4188 9.15048 21.9288L17.4605 13.6187C17.8505 13.2287 17.8505 12.5988 17.4605 12.2087L9.15048 3.89875C8.66048 3.40875 7.87048 3.40875 7.38048 3.89875C6.89048 4.38875 6.89048 5.17875 7.38048 5.66875L14.6205 12.9187L7.37048 20.1688C6.89048 20.6488 6.89048 21.4488 7.38048 21.9288Z\" fill=\"#007EE2\"\/><\/g><defs><clipPath id=\"clip0_3349_8828\"><rect width=\"24\" height=\"24\" fill=\"white\" transform=\"translate(0 0.917969)\"\/><\/clipPath><\/defs><\/svg><\/span>\t\t\t\t<\/a>\n\t\t\t<\/p>\n\t\t<\/div><!-- .entry-actions -->\n\t\t<\/footer><!-- .entry-footer -->\n\t<\/div>\n<\/article>\n<article class=\"entry content-bg loop-entry post-13183 post type-post status-publish format-standard has-post-thumbnail hentry category-france-fr tag-poll-2\">\n\t    <!-- toluna-thumbnail-ratio-1-1 -->\n\t\t<a class=\"post-thumbnail\" href=\"https:\/\/tolunacorporate.com\/fr\/enquete-barometrique-sur-le-fait-religieux-en-entreprise-vague-3\/\">\n\t\t\t<div class=\"post-thumbnail-inner\">\n\t\t\t\t<img decoding=\"async\" width=\"293\" height=\"294\" src=\"https:\/\/tolunacorporate.com\/wp-content\/uploads\/2025\/05\/Enquete-barometrique-sur-le-fait-religieux-en-entreprise-\u2013-vague-3.jpg\" class=\"attachment-large size-large wp-post-image\" alt=\"Enqu\u00eate barom\u00e9trique sur le fait religieux en entreprise \u2013 vague 3\" srcset=\"https:\/\/tolunacorporate.com\/wp-content\/uploads\/2025\/05\/Enquete-barometrique-sur-le-fait-religieux-en-entreprise-\u2013-vague-3.jpg 293w, https:\/\/tolunacorporate.com\/wp-content\/uploads\/2025\/05\/Enquete-barometrique-sur-le-fait-religieux-en-entreprise-\u2013-vague-3-150x150.jpg 150w\" sizes=\"(max-width: 293px) 100vw, 293px\" style=\"width:100%;height:100.34%;max-width:293px;\" \/>\t\t\t<\/div>\n\t\t<\/a><!-- .post-thumbnail -->\n\t\t\t<div class=\"entry-content-wrap\">\n\t\t<header class=\"entry-header\">\n\t\t<div class=\"entry-taxonomies\">\n\t\t\t\t\t\t<span class=\"posted-on\">\n\t\t\t\t\t<svg width=\"20\" height=\"22\" viewBox=\"0 0 20 22\" fill=\"none\" xmlns=\"http:\/\/www.w3.org\/2000\/svg\"><path d=\"M18 2H17V1C17 0.45 16.55 0 16 0C15.45 0 15 0.45 15 1V2H5V1C5 0.45 4.55 0 4 0C3.45 0 3 0.45 3 1V2H2C0.9 2 0 2.9 0 4V20C0 21.1 0.9 22 2 22H18C19.1 22 20 21.1 20 20V4C20 2.9 19.1 2 18 2ZM17 20H3C2.45 20 2 19.55 2 19V7H18V19C18 19.55 17.55 20 17 20Z\" fill=\"#007EE2\"\/><\/svg>\n\t\t\t\t\t<time class=\"entry-date published\" datetime=\"2025-03-25T22:26:58+01:00\">25 Mars 2025<\/time><time class=\"updated\" datetime=\"2025-05-09T20:09:26+02:00\">9 mai 2025<\/time>\t\t\t\t<\/span>\n\t\t\t\t<\/div><!-- .entry-taxonomies -->\n\t<h6 class=\"entry-title\"><a href=\"https:\/\/tolunacorporate.com\/fr\/enquete-barometrique-sur-le-fait-religieux-en-entreprise-vague-3\/\" rel=\"bookmark\">Enqu\u00eate barom\u00e9trique sur le fait religieux en entreprise \u2013 vague 3<\/a><\/h6><\/header><!-- .entry-header -->\n<footer class=\"entry-footer\">\n\t\t\t<div class=\"entry-actions\">\n\t\t\t<p class=\"more-link-wrap\">\n\t\t\t\t<a href=\"https:\/\/tolunacorporate.com\/fr\/enquete-barometrique-sur-le-fait-religieux-en-entreprise-vague-3\/\" class=\"post-more-link\">\n\t\t\t\t\tEN SAVOIR PLUS<span class=\"screen-reader-text\"> Enqu\u00eate barom\u00e9trique sur le fait religieux en entreprise \u2013 vague 3<\/span><span class=\"toluna-svg-iconset svg-baseline\"><svg width=\"24\" height=\"25\" viewBox=\"0 0 24 25\" fill=\"none\" xmlns=\"http:\/\/www.w3.org\/2000\/svg\"><g clip-path=\"url(#clip0_3349_8828)\"><path d=\"M7.38048 21.9288C7.87048 22.4188 8.66048 22.4188 9.15048 21.9288L17.4605 13.6187C17.8505 13.2287 17.8505 12.5988 17.4605 12.2087L9.15048 3.89875C8.66048 3.40875 7.87048 3.40875 7.38048 3.89875C6.89048 4.38875 6.89048 5.17875 7.38048 5.66875L14.6205 12.9187L7.37048 20.1688C6.89048 20.6488 6.89048 21.4488 7.38048 21.9288Z\" fill=\"#007EE2\"\/><\/g><defs><clipPath id=\"clip0_3349_8828\"><rect width=\"24\" height=\"24\" fill=\"white\" transform=\"translate(0 0.917969)\"\/><\/clipPath><\/defs><\/svg><\/span>\t\t\t\t<\/a>\n\t\t\t<\/p>\n\t\t<\/div><!-- .entry-actions -->\n\t\t<\/footer><!-- .entry-footer -->\n\t<\/div>\n<\/article>\n<article class=\"entry content-bg loop-entry post-13192 post type-post status-publish format-standard has-post-thumbnail hentry category-france-fr tag-poll-2\">\n\t    <!-- toluna-thumbnail-ratio-1-1 -->\n\t\t<a class=\"post-thumbnail\" href=\"https:\/\/tolunacorporate.com\/fr\/les-francais-et-le-systeme-de-retraite\/\">\n\t\t\t<div class=\"post-thumbnail-inner\">\n\t\t\t\t<img decoding=\"async\" width=\"293\" height=\"294\" src=\"https:\/\/tolunacorporate.com\/wp-content\/uploads\/2025\/05\/Les-Francais-et-le-systeme-de-retraite.jpg\" class=\"attachment-large size-large wp-post-image\" alt=\"Les Fran\u00e7ais et le syst\u00e8me de retraite\" srcset=\"https:\/\/tolunacorporate.com\/wp-content\/uploads\/2025\/05\/Les-Francais-et-le-systeme-de-retraite.jpg 293w, https:\/\/tolunacorporate.com\/wp-content\/uploads\/2025\/05\/Les-Francais-et-le-systeme-de-retraite-150x150.jpg 150w\" sizes=\"(max-width: 293px) 100vw, 293px\" style=\"width:100%;height:100.34%;max-width:293px;\" \/>\t\t\t<\/div>\n\t\t<\/a><!-- .post-thumbnail -->\n\t\t\t<div class=\"entry-content-wrap\">\n\t\t<header class=\"entry-header\">\n\t\t<div class=\"entry-taxonomies\">\n\t\t\t\t\t\t<span class=\"posted-on\">\n\t\t\t\t\t<svg width=\"20\" height=\"22\" viewBox=\"0 0 20 22\" fill=\"none\" xmlns=\"http:\/\/www.w3.org\/2000\/svg\"><path d=\"M18 2H17V1C17 0.45 16.55 0 16 0C15.45 0 15 0.45 15 1V2H5V1C5 0.45 4.55 0 4 0C3.45 0 3 0.45 3 1V2H2C0.9 2 0 2.9 0 4V20C0 21.1 0.9 22 2 22H18C19.1 22 20 21.1 20 20V4C20 2.9 19.1 2 18 2ZM17 20H3C2.45 20 2 19.55 2 19V7H18V19C18 19.55 17.55 20 17 20Z\" fill=\"#007EE2\"\/><\/svg>\n\t\t\t\t\t<time class=\"entry-date published\" datetime=\"2025-03-24T22:29:53+01:00\">24 Mars 2025<\/time><time class=\"updated\" datetime=\"2025-05-09T20:11:22+02:00\">9 mai 2025<\/time>\t\t\t\t<\/span>\n\t\t\t\t<\/div><!-- .entry-taxonomies -->\n\t<h6 class=\"entry-title\"><a href=\"https:\/\/tolunacorporate.com\/fr\/les-francais-et-le-systeme-de-retraite\/\" rel=\"bookmark\">Les Fran\u00e7ais et le syst\u00e8me de retraite<\/a><\/h6><\/header><!-- .entry-header -->\n<footer class=\"entry-footer\">\n\t\t\t<div class=\"entry-actions\">\n\t\t\t<p class=\"more-link-wrap\">\n\t\t\t\t<a href=\"https:\/\/tolunacorporate.com\/fr\/les-francais-et-le-systeme-de-retraite\/\" class=\"post-more-link\">\n\t\t\t\t\tEN SAVOIR PLUS<span class=\"screen-reader-text\"> Les Fran\u00e7ais et le syst\u00e8me de retraite<\/span><span class=\"toluna-svg-iconset svg-baseline\"><svg width=\"24\" height=\"25\" viewBox=\"0 0 24 25\" fill=\"none\" xmlns=\"http:\/\/www.w3.org\/2000\/svg\"><g clip-path=\"url(#clip0_3349_8828)\"><path d=\"M7.38048 21.9288C7.87048 22.4188 8.66048 22.4188 9.15048 21.9288L17.4605 13.6187C17.8505 13.2287 17.8505 12.5988 17.4605 12.2087L9.15048 3.89875C8.66048 3.40875 7.87048 3.40875 7.38048 3.89875C6.89048 4.38875 6.89048 5.17875 7.38048 5.66875L14.6205 12.9187L7.37048 20.1688C6.89048 20.6488 6.89048 21.4488 7.38048 21.9288Z\" fill=\"#007EE2\"\/><\/g><defs><clipPath id=\"clip0_3349_8828\"><rect width=\"24\" height=\"24\" fill=\"white\" transform=\"translate(0 0.917969)\"\/><\/clipPath><\/defs><\/svg><\/span>\t\t\t\t<\/a>\n\t\t\t<\/p>\n\t\t<\/div><!-- .entry-actions -->\n\t\t<\/footer><!-- .entry-footer -->\n\t<\/div>\n<\/article>\n<article class=\"entry content-bg loop-entry post-13201 post type-post status-publish format-standard has-post-thumbnail hentry category-france-fr tag-poll-2\">\n\t    <!-- toluna-thumbnail-ratio-1-1 -->\n\t\t<a class=\"post-thumbnail\" href=\"https:\/\/tolunacorporate.com\/fr\/barometre-sur-la-consommation-de-viande-des-francais-quelles-nouvelles-tendances\/\">\n\t\t\t<div class=\"post-thumbnail-inner\">\n\t\t\t\t<img decoding=\"async\" width=\"293\" height=\"294\" src=\"https:\/\/tolunacorporate.com\/wp-content\/uploads\/2025\/05\/Barometre-sur-la-consommation-de-viande-des-Francais.jpg\" class=\"attachment-large size-large wp-post-image\" alt=\"Barom\u00e8tre sur la consommation de viande des Fran\u00e7ais : quelles nouvelles tendances ?\" srcset=\"https:\/\/tolunacorporate.com\/wp-content\/uploads\/2025\/05\/Barometre-sur-la-consommation-de-viande-des-Francais.jpg 293w, https:\/\/tolunacorporate.com\/wp-content\/uploads\/2025\/05\/Barometre-sur-la-consommation-de-viande-des-Francais-150x150.jpg 150w\" sizes=\"(max-width: 293px) 100vw, 293px\" style=\"width:100%;height:100.34%;max-width:293px;\" \/>\t\t\t<\/div>\n\t\t<\/a><!-- .post-thumbnail -->\n\t\t\t<div class=\"entry-content-wrap\">\n\t\t<header class=\"entry-header\">\n\t\t<div class=\"entry-taxonomies\">\n\t\t\t\t\t\t<span class=\"posted-on\">\n\t\t\t\t\t<svg width=\"20\" height=\"22\" viewBox=\"0 0 20 22\" fill=\"none\" xmlns=\"http:\/\/www.w3.org\/2000\/svg\"><path d=\"M18 2H17V1C17 0.45 16.55 0 16 0C15.45 0 15 0.45 15 1V2H5V1C5 0.45 4.55 0 4 0C3.45 0 3 0.45 3 1V2H2C0.9 2 0 2.9 0 4V20C0 21.1 0.9 22 2 22H18C19.1 22 20 21.1 20 20V4C20 2.9 19.1 2 18 2ZM17 20H3C2.45 20 2 19.55 2 19V7H18V19C18 19.55 17.55 20 17 20Z\" fill=\"#007EE2\"\/><\/svg>\n\t\t\t\t\t<time class=\"entry-date published\" datetime=\"2025-03-17T22:34:50+01:00\">17 Mars 2025<\/time><time class=\"updated\" datetime=\"2025-05-09T20:14:15+02:00\">9 mai 2025<\/time>\t\t\t\t<\/span>\n\t\t\t\t<\/div><!-- .entry-taxonomies -->\n\t<h6 class=\"entry-title\"><a href=\"https:\/\/tolunacorporate.com\/fr\/barometre-sur-la-consommation-de-viande-des-francais-quelles-nouvelles-tendances\/\" rel=\"bookmark\">Barom\u00e8tre sur la consommation de viande des Fran\u00e7ais : quelles nouvelles tendances ?<\/a><\/h6><\/header><!-- .entry-header -->\n<footer class=\"entry-footer\">\n\t\t\t<div class=\"entry-actions\">\n\t\t\t<p class=\"more-link-wrap\">\n\t\t\t\t<a href=\"https:\/\/tolunacorporate.com\/fr\/barometre-sur-la-consommation-de-viande-des-francais-quelles-nouvelles-tendances\/\" class=\"post-more-link\">\n\t\t\t\t\tEN SAVOIR PLUS<span class=\"screen-reader-text\"> Barom\u00e8tre sur la consommation de viande des Fran\u00e7ais : quelles nouvelles tendances ?<\/span><span class=\"toluna-svg-iconset svg-baseline\"><svg width=\"24\" height=\"25\" viewBox=\"0 0 24 25\" fill=\"none\" xmlns=\"http:\/\/www.w3.org\/2000\/svg\"><g clip-path=\"url(#clip0_3349_8828)\"><path d=\"M7.38048 21.9288C7.87048 22.4188 8.66048 22.4188 9.15048 21.9288L17.4605 13.6187C17.8505 13.2287 17.8505 12.5988 17.4605 12.2087L9.15048 3.89875C8.66048 3.40875 7.87048 3.40875 7.38048 3.89875C6.89048 4.38875 6.89048 5.17875 7.38048 5.66875L14.6205 12.9187L7.37048 20.1688C6.89048 20.6488 6.89048 21.4488 7.38048 21.9288Z\" fill=\"#007EE2\"\/><\/g><defs><clipPath id=\"clip0_3349_8828\"><rect width=\"24\" height=\"24\" fill=\"white\" transform=\"translate(0 0.917969)\"\/><\/clipPath><\/defs><\/svg><\/span>\t\t\t\t<\/a>\n\t\t\t<\/p>\n\t\t<\/div><!-- .entry-actions -->\n\t\t<\/footer><!-- .entry-footer -->\n\t<\/div>\n<\/article>\n<article class=\"entry content-bg loop-entry post-13210 post type-post status-publish format-standard has-post-thumbnail hentry category-france-fr tag-poll-2\">\n\t    <!-- toluna-thumbnail-ratio-1-1 -->\n\t\t<a class=\"post-thumbnail\" href=\"https:\/\/tolunacorporate.com\/fr\/les-services-publics-vus-par-les-francais-et-les-usagers\/\">\n\t\t\t<div class=\"post-thumbnail-inner\">\n\t\t\t\t<img decoding=\"async\" width=\"293\" height=\"294\" src=\"https:\/\/tolunacorporate.com\/wp-content\/uploads\/2025\/05\/Les-services-publics-vus-par-les-Francais-et-les-usagers.jpg\" class=\"attachment-large size-large wp-post-image\" alt=\"Les services publics vus par les Fran\u00e7ais et les usagers\" srcset=\"https:\/\/tolunacorporate.com\/wp-content\/uploads\/2025\/05\/Les-services-publics-vus-par-les-Francais-et-les-usagers.jpg 293w, https:\/\/tolunacorporate.com\/wp-content\/uploads\/2025\/05\/Les-services-publics-vus-par-les-Francais-et-les-usagers-150x150.jpg 150w\" sizes=\"(max-width: 293px) 100vw, 293px\" style=\"width:100%;height:100.34%;max-width:293px;\" \/>\t\t\t<\/div>\n\t\t<\/a><!-- .post-thumbnail -->\n\t\t\t<div class=\"entry-content-wrap\">\n\t\t<header class=\"entry-header\">\n\t\t<div class=\"entry-taxonomies\">\n\t\t\t\t\t\t<span class=\"posted-on\">\n\t\t\t\t\t<svg width=\"20\" height=\"22\" viewBox=\"0 0 20 22\" fill=\"none\" xmlns=\"http:\/\/www.w3.org\/2000\/svg\"><path d=\"M18 2H17V1C17 0.45 16.55 0 16 0C15.45 0 15 0.45 15 1V2H5V1C5 0.45 4.55 0 4 0C3.45 0 3 0.45 3 1V2H2C0.9 2 0 2.9 0 4V20C0 21.1 0.9 22 2 22H18C19.1 22 20 21.1 20 20V4C20 2.9 19.1 2 18 2ZM17 20H3C2.45 20 2 19.55 2 19V7H18V19C18 19.55 17.55 20 17 20Z\" fill=\"#007EE2\"\/><\/svg>\n\t\t\t\t\t<time class=\"entry-date published\" datetime=\"2025-03-10T22:38:36+01:00\">10 Mars 2025<\/time><time class=\"updated\" datetime=\"2025-05-09T20:17:30+02:00\">9 mai 2025<\/time>\t\t\t\t<\/span>\n\t\t\t\t<\/div><!-- .entry-taxonomies -->\n\t<h6 class=\"entry-title\"><a href=\"https:\/\/tolunacorporate.com\/fr\/les-services-publics-vus-par-les-francais-et-les-usagers\/\" rel=\"bookmark\">Les services publics vus par les Fran\u00e7ais et les usagers<\/a><\/h6><\/header><!-- .entry-header -->\n<footer class=\"entry-footer\">\n\t\t\t<div class=\"entry-actions\">\n\t\t\t<p class=\"more-link-wrap\">\n\t\t\t\t<a href=\"https:\/\/tolunacorporate.com\/fr\/les-services-publics-vus-par-les-francais-et-les-usagers\/\" class=\"post-more-link\">\n\t\t\t\t\tEN SAVOIR PLUS<span class=\"screen-reader-text\"> Les services publics vus par les Fran\u00e7ais et les usagers<\/span><span class=\"toluna-svg-iconset svg-baseline\"><svg width=\"24\" height=\"25\" viewBox=\"0 0 24 25\" fill=\"none\" xmlns=\"http:\/\/www.w3.org\/2000\/svg\"><g clip-path=\"url(#clip0_3349_8828)\"><path d=\"M7.38048 21.9288C7.87048 22.4188 8.66048 22.4188 9.15048 21.9288L17.4605 13.6187C17.8505 13.2287 17.8505 12.5988 17.4605 12.2087L9.15048 3.89875C8.66048 3.40875 7.87048 3.40875 7.38048 3.89875C6.89048 4.38875 6.89048 5.17875 7.38048 5.66875L14.6205 12.9187L7.37048 20.1688C6.89048 20.6488 6.89048 21.4488 7.38048 21.9288Z\" fill=\"#007EE2\"\/><\/g><defs><clipPath id=\"clip0_3349_8828\"><rect width=\"24\" height=\"24\" fill=\"white\" transform=\"translate(0 0.917969)\"\/><\/clipPath><\/defs><\/svg><\/span>\t\t\t\t<\/a>\n\t\t\t<\/p>\n\t\t<\/div><!-- .entry-actions -->\n\t\t<\/footer><!-- .entry-footer -->\n\t<\/div>\n<\/article>\n<article class=\"entry content-bg loop-entry post-13219 post type-post status-publish format-standard has-post-thumbnail hentry category-france-fr tag-poll-2\">\n\t    <!-- toluna-thumbnail-ratio-1-1 -->\n\t\t<a class=\"post-thumbnail\" href=\"https:\/\/tolunacorporate.com\/fr\/les-francais-et-la-sante-des-femmes\/\">\n\t\t\t<div class=\"post-thumbnail-inner\">\n\t\t\t\t<img decoding=\"async\" width=\"293\" height=\"294\" src=\"https:\/\/tolunacorporate.com\/wp-content\/uploads\/2025\/05\/Les-Francais-et-la-sante-des-femmes.jpg\" class=\"attachment-large size-large wp-post-image\" alt=\"Les Fran\u00e7ais et la sant\u00e9 des femmes\" srcset=\"https:\/\/tolunacorporate.com\/wp-content\/uploads\/2025\/05\/Les-Francais-et-la-sante-des-femmes.jpg 293w, https:\/\/tolunacorporate.com\/wp-content\/uploads\/2025\/05\/Les-Francais-et-la-sante-des-femmes-150x150.jpg 150w\" sizes=\"(max-width: 293px) 100vw, 293px\" style=\"width:100%;height:100.34%;max-width:293px;\" \/>\t\t\t<\/div>\n\t\t<\/a><!-- .post-thumbnail -->\n\t\t\t<div class=\"entry-content-wrap\">\n\t\t<header class=\"entry-header\">\n\t\t<div class=\"entry-taxonomies\">\n\t\t\t\t\t\t<span class=\"posted-on\">\n\t\t\t\t\t<svg width=\"20\" height=\"22\" viewBox=\"0 0 20 22\" fill=\"none\" xmlns=\"http:\/\/www.w3.org\/2000\/svg\"><path d=\"M18 2H17V1C17 0.45 16.55 0 16 0C15.45 0 15 0.45 15 1V2H5V1C5 0.45 4.55 0 4 0C3.45 0 3 0.45 3 1V2H2C0.9 2 0 2.9 0 4V20C0 21.1 0.9 22 2 22H18C19.1 22 20 21.1 20 20V4C20 2.9 19.1 2 18 2ZM17 20H3C2.45 20 2 19.55 2 19V7H18V19C18 19.55 17.55 20 17 20Z\" fill=\"#007EE2\"\/><\/svg>\n\t\t\t\t\t<time class=\"entry-date published\" datetime=\"2025-03-07T22:56:03+01:00\">7 Mars 2025<\/time><time class=\"updated\" datetime=\"2025-05-10T18:06:09+02:00\">10 mai 2025<\/time>\t\t\t\t<\/span>\n\t\t\t\t<\/div><!-- .entry-taxonomies -->\n\t<h6 class=\"entry-title\"><a href=\"https:\/\/tolunacorporate.com\/fr\/les-francais-et-la-sante-des-femmes\/\" rel=\"bookmark\">Les Fran\u00e7ais et la sant\u00e9 des femmes<\/a><\/h6><\/header><!-- .entry-header -->\n<footer class=\"entry-footer\">\n\t\t\t<div class=\"entry-actions\">\n\t\t\t<p class=\"more-link-wrap\">\n\t\t\t\t<a href=\"https:\/\/tolunacorporate.com\/fr\/les-francais-et-la-sante-des-femmes\/\" class=\"post-more-link\">\n\t\t\t\t\tEN SAVOIR PLUS<span class=\"screen-reader-text\"> Les Fran\u00e7ais et la sant\u00e9 des femmes<\/span><span class=\"toluna-svg-iconset svg-baseline\"><svg width=\"24\" height=\"25\" viewBox=\"0 0 24 25\" fill=\"none\" xmlns=\"http:\/\/www.w3.org\/2000\/svg\"><g clip-path=\"url(#clip0_3349_8828)\"><path d=\"M7.38048 21.9288C7.87048 22.4188 8.66048 22.4188 9.15048 21.9288L17.4605 13.6187C17.8505 13.2287 17.8505 12.5988 17.4605 12.2087L9.15048 3.89875C8.66048 3.40875 7.87048 3.40875 7.38048 3.89875C6.89048 4.38875 6.89048 5.17875 7.38048 5.66875L14.6205 12.9187L7.37048 20.1688C6.89048 20.6488 6.89048 21.4488 7.38048 21.9288Z\" fill=\"#007EE2\"\/><\/g><defs><clipPath id=\"clip0_3349_8828\"><rect width=\"24\" height=\"24\" fill=\"white\" transform=\"translate(0 0.917969)\"\/><\/clipPath><\/defs><\/svg><\/span>\t\t\t\t<\/a>\n\t\t\t<\/p>\n\t\t<\/div><!-- .entry-actions -->\n\t\t<\/footer><!-- .entry-footer -->\n\t<\/div>\n<\/article>\n<article class=\"entry content-bg loop-entry post-13228 post type-post status-publish format-standard has-post-thumbnail hentry category-france-fr tag-poll-2\">\n\t    <!-- toluna-thumbnail-ratio-1-1 -->\n\t\t<a class=\"post-thumbnail\" href=\"https:\/\/tolunacorporate.com\/fr\/etude-flash-suite-a-lallocution-du-president-de-la-republique-dans-le-contexte-de-la-guerre-en-ukraine\/\">\n\t\t\t<div class=\"post-thumbnail-inner\">\n\t\t\t\t<img decoding=\"async\" width=\"293\" height=\"294\" src=\"https:\/\/tolunacorporate.com\/wp-content\/uploads\/2025\/05\/Etude-flash-suite-a-lallocution-du-President-de-la-Republique-dans-le-contexte-de-la-guerre-en-Ukraine.jpg\" class=\"attachment-large size-large wp-post-image\" alt=\"Etude flash suite \u00e0 l\u2019allocution du Pr\u00e9sident de la R\u00e9publique dans le contexte de la guerre en Ukraine\" srcset=\"https:\/\/tolunacorporate.com\/wp-content\/uploads\/2025\/05\/Etude-flash-suite-a-lallocution-du-President-de-la-Republique-dans-le-contexte-de-la-guerre-en-Ukraine.jpg 293w, https:\/\/tolunacorporate.com\/wp-content\/uploads\/2025\/05\/Etude-flash-suite-a-lallocution-du-President-de-la-Republique-dans-le-contexte-de-la-guerre-en-Ukraine-150x150.jpg 150w\" sizes=\"(max-width: 293px) 100vw, 293px\" style=\"width:100%;height:100.34%;max-width:293px;\" \/>\t\t\t<\/div>\n\t\t<\/a><!-- .post-thumbnail -->\n\t\t\t<div class=\"entry-content-wrap\">\n\t\t<header class=\"entry-header\">\n\t\t<div class=\"entry-taxonomies\">\n\t\t\t\t\t\t<span class=\"posted-on\">\n\t\t\t\t\t<svg width=\"20\" height=\"22\" viewBox=\"0 0 20 22\" fill=\"none\" xmlns=\"http:\/\/www.w3.org\/2000\/svg\"><path d=\"M18 2H17V1C17 0.45 16.55 0 16 0C15.45 0 15 0.45 15 1V2H5V1C5 0.45 4.55 0 4 0C3.45 0 3 0.45 3 1V2H2C0.9 2 0 2.9 0 4V20C0 21.1 0.9 22 2 22H18C19.1 22 20 21.1 20 20V4C20 2.9 19.1 2 18 2ZM17 20H3C2.45 20 2 19.55 2 19V7H18V19C18 19.55 17.55 20 17 20Z\" fill=\"#007EE2\"\/><\/svg>\n\t\t\t\t\t<time class=\"entry-date published\" datetime=\"2025-03-06T23:01:47+01:00\">6 Mars 2025<\/time><time class=\"updated\" datetime=\"2025-05-10T18:08:20+02:00\">10 mai 2025<\/time>\t\t\t\t<\/span>\n\t\t\t\t<\/div><!-- .entry-taxonomies -->\n\t<h6 class=\"entry-title\"><a href=\"https:\/\/tolunacorporate.com\/fr\/etude-flash-suite-a-lallocution-du-president-de-la-republique-dans-le-contexte-de-la-guerre-en-ukraine\/\" rel=\"bookmark\">Etude flash suite \u00e0 l\u2019allocution du Pr\u00e9sident de la R\u00e9publique dans le contexte de la guerre en Ukraine<\/a><\/h6><\/header><!-- .entry-header -->\n<footer class=\"entry-footer\">\n\t\t\t<div class=\"entry-actions\">\n\t\t\t<p class=\"more-link-wrap\">\n\t\t\t\t<a href=\"https:\/\/tolunacorporate.com\/fr\/etude-flash-suite-a-lallocution-du-president-de-la-republique-dans-le-contexte-de-la-guerre-en-ukraine\/\" class=\"post-more-link\">\n\t\t\t\t\tEN SAVOIR PLUS<span class=\"screen-reader-text\"> Etude flash suite \u00e0 l\u2019allocution du Pr\u00e9sident de la R\u00e9publique dans le contexte de la guerre en Ukraine<\/span><span class=\"toluna-svg-iconset svg-baseline\"><svg width=\"24\" height=\"25\" viewBox=\"0 0 24 25\" fill=\"none\" xmlns=\"http:\/\/www.w3.org\/2000\/svg\"><g clip-path=\"url(#clip0_3349_8828)\"><path d=\"M7.38048 21.9288C7.87048 22.4188 8.66048 22.4188 9.15048 21.9288L17.4605 13.6187C17.8505 13.2287 17.8505 12.5988 17.4605 12.2087L9.15048 3.89875C8.66048 3.40875 7.87048 3.40875 7.38048 3.89875C6.89048 4.38875 6.89048 5.17875 7.38048 5.66875L14.6205 12.9187L7.37048 20.1688C6.89048 20.6488 6.89048 21.4488 7.38048 21.9288Z\" fill=\"#007EE2\"\/><\/g><defs><clipPath id=\"clip0_3349_8828\"><rect width=\"24\" height=\"24\" fill=\"white\" transform=\"translate(0 0.917969)\"\/><\/clipPath><\/defs><\/svg><\/span>\t\t\t\t<\/a>\n\t\t\t<\/p>\n\t\t<\/div><!-- .entry-actions -->\n\t\t<\/footer><!-- .entry-footer -->\n\t<\/div>\n<\/article>\n<article class=\"entry content-bg loop-entry post-13237 post type-post status-publish format-standard has-post-thumbnail hentry category-france-fr tag-poll-2\">\n\t    <!-- toluna-thumbnail-ratio-1-1 -->\n\t\t<a class=\"post-thumbnail\" href=\"https:\/\/tolunacorporate.com\/fr\/barometre-de-confiance-politique-fevrier-2025\/\">\n\t\t\t<div class=\"post-thumbnail-inner\">\n\t\t\t\t<img decoding=\"async\" width=\"293\" height=\"294\" src=\"https:\/\/tolunacorporate.com\/wp-content\/uploads\/2025\/05\/Barometre-de-confiance-politique-\u2013-Fevrier-2025.png\" class=\"attachment-large size-large wp-post-image\" alt=\"Barom\u00e8tre de confiance politique \u2013 F\u00e9vrier 2025\" srcset=\"https:\/\/tolunacorporate.com\/wp-content\/uploads\/2025\/05\/Barometre-de-confiance-politique-\u2013-Fevrier-2025.png 293w, https:\/\/tolunacorporate.com\/wp-content\/uploads\/2025\/05\/Barometre-de-confiance-politique-\u2013-Fevrier-2025-150x150.png 150w\" sizes=\"(max-width: 293px) 100vw, 293px\" style=\"width:100%;height:100.34%;max-width:293px;\" \/>\t\t\t<\/div>\n\t\t<\/a><!-- .post-thumbnail -->\n\t\t\t<div class=\"entry-content-wrap\">\n\t\t<header class=\"entry-header\">\n\t\t<div class=\"entry-taxonomies\">\n\t\t\t\t\t\t<span class=\"posted-on\">\n\t\t\t\t\t<svg width=\"20\" height=\"22\" viewBox=\"0 0 20 22\" fill=\"none\" xmlns=\"http:\/\/www.w3.org\/2000\/svg\"><path d=\"M18 2H17V1C17 0.45 16.55 0 16 0C15.45 0 15 0.45 15 1V2H5V1C5 0.45 4.55 0 4 0C3.45 0 3 0.45 3 1V2H2C0.9 2 0 2.9 0 4V20C0 21.1 0.9 22 2 22H18C19.1 22 20 21.1 20 20V4C20 2.9 19.1 2 18 2ZM17 20H3C2.45 20 2 19.55 2 19V7H18V19C18 19.55 17.55 20 17 20Z\" fill=\"#007EE2\"\/><\/svg>\n\t\t\t\t\t<time class=\"entry-date published\" datetime=\"2025-02-28T23:04:00+01:00\">28 F\u00e9v 2025<\/time><time class=\"updated\" datetime=\"2025-05-10T18:13:10+02:00\">10 mai 2025<\/time>\t\t\t\t<\/span>\n\t\t\t\t<\/div><!-- .entry-taxonomies -->\n\t<h6 class=\"entry-title\"><a href=\"https:\/\/tolunacorporate.com\/fr\/barometre-de-confiance-politique-fevrier-2025\/\" rel=\"bookmark\">Barom\u00e8tre de confiance politique \u2013 F\u00e9vrier 2025<\/a><\/h6><\/header><!-- .entry-header -->\n<footer class=\"entry-footer\">\n\t\t\t<div class=\"entry-actions\">\n\t\t\t<p class=\"more-link-wrap\">\n\t\t\t\t<a href=\"https:\/\/tolunacorporate.com\/fr\/barometre-de-confiance-politique-fevrier-2025\/\" class=\"post-more-link\">\n\t\t\t\t\tEN SAVOIR PLUS<span class=\"screen-reader-text\"> Barom\u00e8tre de confiance politique \u2013 F\u00e9vrier 2025<\/span><span class=\"toluna-svg-iconset svg-baseline\"><svg width=\"24\" height=\"25\" viewBox=\"0 0 24 25\" fill=\"none\" xmlns=\"http:\/\/www.w3.org\/2000\/svg\"><g clip-path=\"url(#clip0_3349_8828)\"><path d=\"M7.38048 21.9288C7.87048 22.4188 8.66048 22.4188 9.15048 21.9288L17.4605 13.6187C17.8505 13.2287 17.8505 12.5988 17.4605 12.2087L9.15048 3.89875C8.66048 3.40875 7.87048 3.40875 7.38048 3.89875C6.89048 4.38875 6.89048 5.17875 7.38048 5.66875L14.6205 12.9187L7.37048 20.1688C6.89048 20.6488 6.89048 21.4488 7.38048 21.9288Z\" fill=\"#007EE2\"\/><\/g><defs><clipPath id=\"clip0_3349_8828\"><rect width=\"24\" height=\"24\" fill=\"white\" transform=\"translate(0 0.917969)\"\/><\/clipPath><\/defs><\/svg><\/span>\t\t\t\t<\/a>\n\t\t\t<\/p>\n\t\t<\/div><!-- .entry-actions -->\n\t\t<\/footer><!-- .entry-footer -->\n\t<\/div>\n<\/article>\n<article class=\"entry content-bg loop-entry post-13248 post type-post status-publish format-standard has-post-thumbnail hentry category-france-fr tag-poll-2\">\n\t    <!-- toluna-thumbnail-ratio-1-1 -->\n\t\t<a class=\"post-thumbnail\" href=\"https:\/\/tolunacorporate.com\/fr\/consommer-en-europe-le-plaisir-fait-de-la-resistance\/\">\n\t\t\t<div class=\"post-thumbnail-inner\">\n\t\t\t\t<img decoding=\"async\" width=\"293\" height=\"294\" src=\"https:\/\/tolunacorporate.com\/wp-content\/uploads\/2025\/05\/le-plaisir-fait-de-la-resistance.jpg\" class=\"attachment-large size-large wp-post-image\" alt=\"Consommer en Europe : le plaisir fait de la r\u00e9sistance\" srcset=\"https:\/\/tolunacorporate.com\/wp-content\/uploads\/2025\/05\/le-plaisir-fait-de-la-resistance.jpg 293w, https:\/\/tolunacorporate.com\/wp-content\/uploads\/2025\/05\/le-plaisir-fait-de-la-resistance-150x150.jpg 150w\" sizes=\"(max-width: 293px) 100vw, 293px\" style=\"width:100%;height:100.34%;max-width:293px;\" \/>\t\t\t<\/div>\n\t\t<\/a><!-- .post-thumbnail -->\n\t\t\t<div class=\"entry-content-wrap\">\n\t\t<header class=\"entry-header\">\n\t\t<div class=\"entry-taxonomies\">\n\t\t\t\t\t\t<span class=\"posted-on\">\n\t\t\t\t\t<svg width=\"20\" height=\"22\" viewBox=\"0 0 20 22\" fill=\"none\" xmlns=\"http:\/\/www.w3.org\/2000\/svg\"><path d=\"M18 2H17V1C17 0.45 16.55 0 16 0C15.45 0 15 0.45 15 1V2H5V1C5 0.45 4.55 0 4 0C3.45 0 3 0.45 3 1V2H2C0.9 2 0 2.9 0 4V20C0 21.1 0.9 22 2 22H18C19.1 22 20 21.1 20 20V4C20 2.9 19.1 2 18 2ZM17 20H3C2.45 20 2 19.55 2 19V7H18V19C18 19.55 17.55 20 17 20Z\" fill=\"#007EE2\"\/><\/svg>\n\t\t\t\t\t<time class=\"entry-date published\" datetime=\"2025-02-24T23:47:44+01:00\">24 F\u00e9v 2025<\/time><time class=\"updated\" datetime=\"2025-05-06T23:53:00+02:00\">6 mai 2025<\/time>\t\t\t\t<\/span>\n\t\t\t\t<\/div><!-- .entry-taxonomies -->\n\t<h6 class=\"entry-title\"><a href=\"https:\/\/tolunacorporate.com\/fr\/consommer-en-europe-le-plaisir-fait-de-la-resistance\/\" rel=\"bookmark\">Consommer en Europe : le plaisir fait de la r\u00e9sistance<\/a><\/h6><\/header><!-- .entry-header -->\n<footer class=\"entry-footer\">\n\t\t\t<div class=\"entry-actions\">\n\t\t\t<p class=\"more-link-wrap\">\n\t\t\t\t<a href=\"https:\/\/tolunacorporate.com\/fr\/consommer-en-europe-le-plaisir-fait-de-la-resistance\/\" class=\"post-more-link\">\n\t\t\t\t\tEN SAVOIR PLUS<span class=\"screen-reader-text\"> Consommer en Europe : le plaisir fait de la r\u00e9sistance<\/span><span class=\"toluna-svg-iconset svg-baseline\"><svg width=\"24\" height=\"25\" viewBox=\"0 0 24 25\" fill=\"none\" xmlns=\"http:\/\/www.w3.org\/2000\/svg\"><g clip-path=\"url(#clip0_3349_8828)\"><path d=\"M7.38048 21.9288C7.87048 22.4188 8.66048 22.4188 9.15048 21.9288L17.4605 13.6187C17.8505 13.2287 17.8505 12.5988 17.4605 12.2087L9.15048 3.89875C8.66048 3.40875 7.87048 3.40875 7.38048 3.89875C6.89048 4.38875 6.89048 5.17875 7.38048 5.66875L14.6205 12.9187L7.37048 20.1688C6.89048 20.6488 6.89048 21.4488 7.38048 21.9288Z\" fill=\"#007EE2\"\/><\/g><defs><clipPath id=\"clip0_3349_8828\"><rect width=\"24\" height=\"24\" fill=\"white\" transform=\"translate(0 0.917969)\"\/><\/clipPath><\/defs><\/svg><\/span>\t\t\t\t<\/a>\n\t\t\t<\/p>\n\t\t<\/div><!-- .entry-actions -->\n\t\t<\/footer><!-- .entry-footer -->\n\t<\/div>\n<\/article>\n<article class=\"entry content-bg loop-entry post-13257 post type-post status-publish format-standard has-post-thumbnail hentry category-france-fr tag-poll-2\">\n\t    <!-- toluna-thumbnail-ratio-1-1 -->\n\t\t<a class=\"post-thumbnail\" href=\"https:\/\/tolunacorporate.com\/fr\/les-francais-et-la-candidature-dun-entrepreneur-lors-de-lelection-presidentielle\/\">\n\t\t\t<div class=\"post-thumbnail-inner\">\n\t\t\t\t<img decoding=\"async\" width=\"293\" height=\"294\" src=\"https:\/\/tolunacorporate.com\/wp-content\/uploads\/2025\/05\/Les-Francais-et-la-candidature-dun-entrepreneur-lors-de-lelection-presidentielle.jpg\" class=\"attachment-large size-large wp-post-image\" alt=\"Les Fran\u00e7ais et la candidature d\u2019un entrepreneur lors de l\u2019\u00e9lection pr\u00e9sidentielle\" srcset=\"https:\/\/tolunacorporate.com\/wp-content\/uploads\/2025\/05\/Les-Francais-et-la-candidature-dun-entrepreneur-lors-de-lelection-presidentielle.jpg 293w, https:\/\/tolunacorporate.com\/wp-content\/uploads\/2025\/05\/Les-Francais-et-la-candidature-dun-entrepreneur-lors-de-lelection-presidentielle-150x150.jpg 150w\" sizes=\"(max-width: 293px) 100vw, 293px\" style=\"width:100%;height:100.34%;max-width:293px;\" \/>\t\t\t<\/div>\n\t\t<\/a><!-- .post-thumbnail -->\n\t\t\t<div class=\"entry-content-wrap\">\n\t\t<header class=\"entry-header\">\n\t\t<div class=\"entry-taxonomies\">\n\t\t\t\t\t\t<span class=\"posted-on\">\n\t\t\t\t\t<svg width=\"20\" height=\"22\" viewBox=\"0 0 20 22\" fill=\"none\" xmlns=\"http:\/\/www.w3.org\/2000\/svg\"><path d=\"M18 2H17V1C17 0.45 16.55 0 16 0C15.45 0 15 0.45 15 1V2H5V1C5 0.45 4.55 0 4 0C3.45 0 3 0.45 3 1V2H2C0.9 2 0 2.9 0 4V20C0 21.1 0.9 22 2 22H18C19.1 22 20 21.1 20 20V4C20 2.9 19.1 2 18 2ZM17 20H3C2.45 20 2 19.55 2 19V7H18V19C18 19.55 17.55 20 17 20Z\" fill=\"#007EE2\"\/><\/svg>\n\t\t\t\t\t<time class=\"entry-date published\" datetime=\"2025-02-07T23:54:40+01:00\">7 F\u00e9v 2025<\/time><time class=\"updated\" datetime=\"2025-05-10T18:16:47+02:00\">10 mai 2025<\/time>\t\t\t\t<\/span>\n\t\t\t\t<\/div><!-- .entry-taxonomies -->\n\t<h6 class=\"entry-title\"><a href=\"https:\/\/tolunacorporate.com\/fr\/les-francais-et-la-candidature-dun-entrepreneur-lors-de-lelection-presidentielle\/\" rel=\"bookmark\">Les Fran\u00e7ais et la candidature d\u2019un entrepreneur lors de l\u2019\u00e9lection pr\u00e9sidentielle<\/a><\/h6><\/header><!-- .entry-header -->\n<footer class=\"entry-footer\">\n\t\t\t<div class=\"entry-actions\">\n\t\t\t<p class=\"more-link-wrap\">\n\t\t\t\t<a href=\"https:\/\/tolunacorporate.com\/fr\/les-francais-et-la-candidature-dun-entrepreneur-lors-de-lelection-presidentielle\/\" class=\"post-more-link\">\n\t\t\t\t\tEN SAVOIR PLUS<span class=\"screen-reader-text\"> Les Fran\u00e7ais et la candidature d\u2019un entrepreneur lors de l\u2019\u00e9lection pr\u00e9sidentielle<\/span><span class=\"toluna-svg-iconset svg-baseline\"><svg width=\"24\" height=\"25\" viewBox=\"0 0 24 25\" fill=\"none\" xmlns=\"http:\/\/www.w3.org\/2000\/svg\"><g clip-path=\"url(#clip0_3349_8828)\"><path d=\"M7.38048 21.9288C7.87048 22.4188 8.66048 22.4188 9.15048 21.9288L17.4605 13.6187C17.8505 13.2287 17.8505 12.5988 17.4605 12.2087L9.15048 3.89875C8.66048 3.40875 7.87048 3.40875 7.38048 3.89875C6.89048 4.38875 6.89048 5.17875 7.38048 5.66875L14.6205 12.9187L7.37048 20.1688C6.89048 20.6488 6.89048 21.4488 7.38048 21.9288Z\" fill=\"#007EE2\"\/><\/g><defs><clipPath id=\"clip0_3349_8828\"><rect width=\"24\" height=\"24\" fill=\"white\" transform=\"translate(0 0.917969)\"\/><\/clipPath><\/defs><\/svg><\/span>\t\t\t\t<\/a>\n\t\t\t<\/p>\n\t\t<\/div><!-- .entry-actions -->\n\t\t<\/footer><!-- .entry-footer -->\n\t<\/div>\n<\/article>\n<article class=\"entry content-bg loop-entry post-13266 post type-post status-publish format-standard has-post-thumbnail hentry category-france-fr tag-poll-2\">\n\t    <!-- toluna-thumbnail-ratio-1-1 -->\n\t\t<a class=\"post-thumbnail\" href=\"https:\/\/tolunacorporate.com\/fr\/les-francais-et-les-troubles-des-conduites-alimentaires\/\">\n\t\t\t<div class=\"post-thumbnail-inner\">\n\t\t\t\t<img decoding=\"async\" width=\"293\" height=\"294\" src=\"https:\/\/tolunacorporate.com\/wp-content\/uploads\/2025\/05\/Les-Francais-et-les-troubles-des-conduites-alimentaires.jpg\" class=\"attachment-large size-large wp-post-image\" alt=\"Les Fran\u00e7ais et les troubles des conduites alimentaires\" srcset=\"https:\/\/tolunacorporate.com\/wp-content\/uploads\/2025\/05\/Les-Francais-et-les-troubles-des-conduites-alimentaires.jpg 293w, https:\/\/tolunacorporate.com\/wp-content\/uploads\/2025\/05\/Les-Francais-et-les-troubles-des-conduites-alimentaires-150x150.jpg 150w\" sizes=\"(max-width: 293px) 100vw, 293px\" style=\"width:100%;height:100.34%;max-width:293px;\" \/>\t\t\t<\/div>\n\t\t<\/a><!-- .post-thumbnail -->\n\t\t\t<div class=\"entry-content-wrap\">\n\t\t<header class=\"entry-header\">\n\t\t<div class=\"entry-taxonomies\">\n\t\t\t\t\t\t<span class=\"posted-on\">\n\t\t\t\t\t<svg width=\"20\" height=\"22\" viewBox=\"0 0 20 22\" fill=\"none\" xmlns=\"http:\/\/www.w3.org\/2000\/svg\"><path d=\"M18 2H17V1C17 0.45 16.55 0 16 0C15.45 0 15 0.45 15 1V2H5V1C5 0.45 4.55 0 4 0C3.45 0 3 0.45 3 1V2H2C0.9 2 0 2.9 0 4V20C0 21.1 0.9 22 2 22H18C19.1 22 20 21.1 20 20V4C20 2.9 19.1 2 18 2ZM17 20H3C2.45 20 2 19.55 2 19V7H18V19C18 19.55 17.55 20 17 20Z\" fill=\"#007EE2\"\/><\/svg>\n\t\t\t\t\t<time class=\"entry-date published\" datetime=\"2025-02-06T23:57:54+01:00\">6 F\u00e9v 2025<\/time><time class=\"updated\" datetime=\"2025-05-10T18:19:39+02:00\">10 mai 2025<\/time>\t\t\t\t<\/span>\n\t\t\t\t<\/div><!-- .entry-taxonomies -->\n\t<h6 class=\"entry-title\"><a href=\"https:\/\/tolunacorporate.com\/fr\/les-francais-et-les-troubles-des-conduites-alimentaires\/\" rel=\"bookmark\">Les Fran\u00e7ais et les troubles des conduites alimentaires<\/a><\/h6><\/header><!-- .entry-header -->\n<footer class=\"entry-footer\">\n\t\t\t<div class=\"entry-actions\">\n\t\t\t<p class=\"more-link-wrap\">\n\t\t\t\t<a href=\"https:\/\/tolunacorporate.com\/fr\/les-francais-et-les-troubles-des-conduites-alimentaires\/\" class=\"post-more-link\">\n\t\t\t\t\tEN SAVOIR PLUS<span class=\"screen-reader-text\"> Les Fran\u00e7ais et les troubles des conduites alimentaires<\/span><span class=\"toluna-svg-iconset svg-baseline\"><svg width=\"24\" height=\"25\" viewBox=\"0 0 24 25\" fill=\"none\" xmlns=\"http:\/\/www.w3.org\/2000\/svg\"><g clip-path=\"url(#clip0_3349_8828)\"><path d=\"M7.38048 21.9288C7.87048 22.4188 8.66048 22.4188 9.15048 21.9288L17.4605 13.6187C17.8505 13.2287 17.8505 12.5988 17.4605 12.2087L9.15048 3.89875C8.66048 3.40875 7.87048 3.40875 7.38048 3.89875C6.89048 4.38875 6.89048 5.17875 7.38048 5.66875L14.6205 12.9187L7.37048 20.1688C6.89048 20.6488 6.89048 21.4488 7.38048 21.9288Z\" fill=\"#007EE2\"\/><\/g><defs><clipPath id=\"clip0_3349_8828\"><rect width=\"24\" height=\"24\" fill=\"white\" transform=\"translate(0 0.917969)\"\/><\/clipPath><\/defs><\/svg><\/span>\t\t\t\t<\/a>\n\t\t\t<\/p>\n\t\t<\/div><!-- .entry-actions -->\n\t\t<\/footer><!-- .entry-footer -->\n\t<\/div>\n<\/article>\n<article class=\"entry content-bg loop-entry post-13275 post type-post status-publish format-standard has-post-thumbnail hentry category-case-study tag-poll-2\">\n\t    <!-- toluna-thumbnail-ratio-1-1 -->\n\t\t<a class=\"post-thumbnail\" href=\"https:\/\/tolunacorporate.com\/fr\/barometre-de-confiance-politique-janvier-2025\/\">\n\t\t\t<div class=\"post-thumbnail-inner\">\n\t\t\t\t<img decoding=\"async\" width=\"293\" height=\"294\" src=\"https:\/\/tolunacorporate.com\/wp-content\/uploads\/2025\/05\/Barometre-de-confiance-politique-\u2013-Janvier-2025.png\" class=\"attachment-large size-large wp-post-image\" alt=\"Barom\u00e8tre de confiance politique \u2013 Janvier 2025\" srcset=\"https:\/\/tolunacorporate.com\/wp-content\/uploads\/2025\/05\/Barometre-de-confiance-politique-\u2013-Janvier-2025.png 293w, https:\/\/tolunacorporate.com\/wp-content\/uploads\/2025\/05\/Barometre-de-confiance-politique-\u2013-Janvier-2025-150x150.png 150w\" sizes=\"(max-width: 293px) 100vw, 293px\" style=\"width:100%;height:100.34%;max-width:293px;\" \/>\t\t\t<\/div>\n\t\t<\/a><!-- .post-thumbnail -->\n\t\t\t<div class=\"entry-content-wrap\">\n\t\t<header class=\"entry-header\">\n\t\t<div class=\"entry-taxonomies\">\n\t\t\t\t\t\t<span class=\"posted-on\">\n\t\t\t\t\t<svg width=\"20\" height=\"22\" viewBox=\"0 0 20 22\" fill=\"none\" xmlns=\"http:\/\/www.w3.org\/2000\/svg\"><path d=\"M18 2H17V1C17 0.45 16.55 0 16 0C15.45 0 15 0.45 15 1V2H5V1C5 0.45 4.55 0 4 0C3.45 0 3 0.45 3 1V2H2C0.9 2 0 2.9 0 4V20C0 21.1 0.9 22 2 22H18C19.1 22 20 21.1 20 20V4C20 2.9 19.1 2 18 2ZM17 20H3C2.45 20 2 19.55 2 19V7H18V19C18 19.55 17.55 20 17 20Z\" fill=\"#007EE2\"\/><\/svg>\n\t\t\t\t\t<time class=\"entry-date published\" datetime=\"2025-01-31T00:00:54+01:00\">31 Jan 2025<\/time><time class=\"updated\" datetime=\"2025-05-10T18:24:11+02:00\">10 mai 2025<\/time>\t\t\t\t<\/span>\n\t\t\t\t<\/div><!-- .entry-taxonomies -->\n\t<h6 class=\"entry-title\"><a href=\"https:\/\/tolunacorporate.com\/fr\/barometre-de-confiance-politique-janvier-2025\/\" rel=\"bookmark\">Barom\u00e8tre de confiance politique \u2013 Janvier 2025<\/a><\/h6><\/header><!-- .entry-header -->\n<footer class=\"entry-footer\">\n\t\t\t<div class=\"entry-actions\">\n\t\t\t<p class=\"more-link-wrap\">\n\t\t\t\t<a href=\"https:\/\/tolunacorporate.com\/fr\/barometre-de-confiance-politique-janvier-2025\/\" class=\"post-more-link\">\n\t\t\t\t\tEN SAVOIR PLUS<span class=\"screen-reader-text\"> Barom\u00e8tre de confiance politique \u2013 Janvier 2025<\/span><span class=\"toluna-svg-iconset svg-baseline\"><svg width=\"24\" height=\"25\" viewBox=\"0 0 24 25\" fill=\"none\" xmlns=\"http:\/\/www.w3.org\/2000\/svg\"><g clip-path=\"url(#clip0_3349_8828)\"><path d=\"M7.38048 21.9288C7.87048 22.4188 8.66048 22.4188 9.15048 21.9288L17.4605 13.6187C17.8505 13.2287 17.8505 12.5988 17.4605 12.2087L9.15048 3.89875C8.66048 3.40875 7.87048 3.40875 7.38048 3.89875C6.89048 4.38875 6.89048 5.17875 7.38048 5.66875L14.6205 12.9187L7.37048 20.1688C6.89048 20.6488 6.89048 21.4488 7.38048 21.9288Z\" fill=\"#007EE2\"\/><\/g><defs><clipPath id=\"clip0_3349_8828\"><rect width=\"24\" height=\"24\" fill=\"white\" transform=\"translate(0 0.917969)\"\/><\/clipPath><\/defs><\/svg><\/span>\t\t\t\t<\/a>\n\t\t\t<\/p>\n\t\t<\/div><!-- .entry-actions -->\n\t\t<\/footer><!-- .entry-footer -->\n\t<\/div>\n<\/article>\n<article class=\"entry content-bg loop-entry post-13293 post type-post status-publish format-standard has-post-thumbnail hentry category-france-fr tag-poll-2\">\n\t    <!-- toluna-thumbnail-ratio-1-1 -->\n\t\t<a class=\"post-thumbnail\" href=\"https:\/\/tolunacorporate.com\/fr\/barometre-sexisme-vague-4\/\">\n\t\t\t<div class=\"post-thumbnail-inner\">\n\t\t\t\t<img decoding=\"async\" width=\"293\" height=\"294\" src=\"https:\/\/tolunacorporate.com\/wp-content\/uploads\/2025\/05\/Barometre-sexisme-\u2013-Vague-4.jpg\" class=\"attachment-large size-large wp-post-image\" alt=\"Barom\u00e8tre sexisme \u2013 Vague 4\" srcset=\"https:\/\/tolunacorporate.com\/wp-content\/uploads\/2025\/05\/Barometre-sexisme-\u2013-Vague-4.jpg 293w, https:\/\/tolunacorporate.com\/wp-content\/uploads\/2025\/05\/Barometre-sexisme-\u2013-Vague-4-150x150.jpg 150w\" sizes=\"(max-width: 293px) 100vw, 293px\" style=\"width:100%;height:100.34%;max-width:293px;\" \/>\t\t\t<\/div>\n\t\t<\/a><!-- .post-thumbnail -->\n\t\t\t<div class=\"entry-content-wrap\">\n\t\t<header class=\"entry-header\">\n\t\t<div class=\"entry-taxonomies\">\n\t\t\t\t\t\t<span class=\"posted-on\">\n\t\t\t\t\t<svg width=\"20\" height=\"22\" viewBox=\"0 0 20 22\" fill=\"none\" xmlns=\"http:\/\/www.w3.org\/2000\/svg\"><path d=\"M18 2H17V1C17 0.45 16.55 0 16 0C15.45 0 15 0.45 15 1V2H5V1C5 0.45 4.55 0 4 0C3.45 0 3 0.45 3 1V2H2C0.9 2 0 2.9 0 4V20C0 21.1 0.9 22 2 22H18C19.1 22 20 21.1 20 20V4C20 2.9 19.1 2 18 2ZM17 20H3C2.45 20 2 19.55 2 19V7H18V19C18 19.55 17.55 20 17 20Z\" fill=\"#007EE2\"\/><\/svg>\n\t\t\t\t\t<time class=\"entry-date published\" datetime=\"2025-01-21T00:06:12+01:00\">21 Jan 2025<\/time><time class=\"updated\" datetime=\"2025-05-10T18:29:49+02:00\">10 mai 2025<\/time>\t\t\t\t<\/span>\n\t\t\t\t<\/div><!-- .entry-taxonomies -->\n\t<h6 class=\"entry-title\"><a href=\"https:\/\/tolunacorporate.com\/fr\/barometre-sexisme-vague-4\/\" rel=\"bookmark\">Barom\u00e8tre sexisme \u2013 Vague 4<\/a><\/h6><\/header><!-- .entry-header -->\n<footer class=\"entry-footer\">\n\t\t\t<div class=\"entry-actions\">\n\t\t\t<p class=\"more-link-wrap\">\n\t\t\t\t<a href=\"https:\/\/tolunacorporate.com\/fr\/barometre-sexisme-vague-4\/\" class=\"post-more-link\">\n\t\t\t\t\tEN SAVOIR PLUS<span class=\"screen-reader-text\"> Barom\u00e8tre sexisme \u2013 Vague 4<\/span><span class=\"toluna-svg-iconset svg-baseline\"><svg width=\"24\" height=\"25\" viewBox=\"0 0 24 25\" fill=\"none\" xmlns=\"http:\/\/www.w3.org\/2000\/svg\"><g clip-path=\"url(#clip0_3349_8828)\"><path d=\"M7.38048 21.9288C7.87048 22.4188 8.66048 22.4188 9.15048 21.9288L17.4605 13.6187C17.8505 13.2287 17.8505 12.5988 17.4605 12.2087L9.15048 3.89875C8.66048 3.40875 7.87048 3.40875 7.38048 3.89875C6.89048 4.38875 6.89048 5.17875 7.38048 5.66875L14.6205 12.9187L7.37048 20.1688C6.89048 20.6488 6.89048 21.4488 7.38048 21.9288Z\" fill=\"#007EE2\"\/><\/g><defs><clipPath id=\"clip0_3349_8828\"><rect width=\"24\" height=\"24\" fill=\"white\" transform=\"translate(0 0.917969)\"\/><\/clipPath><\/defs><\/svg><\/span>\t\t\t\t<\/a>\n\t\t\t<\/p>\n\t\t<\/div><!-- .entry-actions -->\n\t\t<\/footer><!-- .entry-footer -->\n\t<\/div>\n<\/article>\n<article class=\"entry content-bg loop-entry post-13284 post type-post status-publish format-standard has-post-thumbnail hentry category-france-fr tag-poll-2\">\n\t    <!-- toluna-thumbnail-ratio-1-1 -->\n\t\t<a class=\"post-thumbnail\" href=\"https:\/\/tolunacorporate.com\/fr\/les-francais-et-le-nucleaire\/\">\n\t\t\t<div class=\"post-thumbnail-inner\">\n\t\t\t\t<img decoding=\"async\" width=\"293\" height=\"294\" src=\"https:\/\/tolunacorporate.com\/wp-content\/uploads\/2025\/05\/Les-Francais-et-le-nucleaire.jpg\" class=\"attachment-large size-large wp-post-image\" alt=\"Les Fran\u00e7ais et le nucl\u00e9aire\" srcset=\"https:\/\/tolunacorporate.com\/wp-content\/uploads\/2025\/05\/Les-Francais-et-le-nucleaire.jpg 293w, https:\/\/tolunacorporate.com\/wp-content\/uploads\/2025\/05\/Les-Francais-et-le-nucleaire-150x150.jpg 150w\" sizes=\"(max-width: 293px) 100vw, 293px\" style=\"width:100%;height:100.34%;max-width:293px;\" \/>\t\t\t<\/div>\n\t\t<\/a><!-- .post-thumbnail -->\n\t\t\t<div class=\"entry-content-wrap\">\n\t\t<header class=\"entry-header\">\n\t\t<div class=\"entry-taxonomies\">\n\t\t\t\t\t\t<span class=\"posted-on\">\n\t\t\t\t\t<svg width=\"20\" height=\"22\" viewBox=\"0 0 20 22\" fill=\"none\" xmlns=\"http:\/\/www.w3.org\/2000\/svg\"><path d=\"M18 2H17V1C17 0.45 16.55 0 16 0C15.45 0 15 0.45 15 1V2H5V1C5 0.45 4.55 0 4 0C3.45 0 3 0.45 3 1V2H2C0.9 2 0 2.9 0 4V20C0 21.1 0.9 22 2 22H18C19.1 22 20 21.1 20 20V4C20 2.9 19.1 2 18 2ZM17 20H3C2.45 20 2 19.55 2 19V7H18V19C18 19.55 17.55 20 17 20Z\" fill=\"#007EE2\"\/><\/svg>\n\t\t\t\t\t<time class=\"entry-date published\" datetime=\"2025-01-21T00:03:49+01:00\">21 Jan 2025<\/time><time class=\"updated\" datetime=\"2025-05-10T18:27:15+02:00\">10 mai 2025<\/time>\t\t\t\t<\/span>\n\t\t\t\t<\/div><!-- .entry-taxonomies -->\n\t<h6 class=\"entry-title\"><a href=\"https:\/\/tolunacorporate.com\/fr\/les-francais-et-le-nucleaire\/\" rel=\"bookmark\">Les Fran\u00e7ais et le nucl\u00e9aire<\/a><\/h6><\/header><!-- .entry-header -->\n<footer class=\"entry-footer\">\n\t\t\t<div class=\"entry-actions\">\n\t\t\t<p class=\"more-link-wrap\">\n\t\t\t\t<a href=\"https:\/\/tolunacorporate.com\/fr\/les-francais-et-le-nucleaire\/\" class=\"post-more-link\">\n\t\t\t\t\tEN SAVOIR PLUS<span class=\"screen-reader-text\"> Les Fran\u00e7ais et le nucl\u00e9aire<\/span><span class=\"toluna-svg-iconset svg-baseline\"><svg width=\"24\" height=\"25\" viewBox=\"0 0 24 25\" fill=\"none\" xmlns=\"http:\/\/www.w3.org\/2000\/svg\"><g clip-path=\"url(#clip0_3349_8828)\"><path d=\"M7.38048 21.9288C7.87048 22.4188 8.66048 22.4188 9.15048 21.9288L17.4605 13.6187C17.8505 13.2287 17.8505 12.5988 17.4605 12.2087L9.15048 3.89875C8.66048 3.40875 7.87048 3.40875 7.38048 3.89875C6.89048 4.38875 6.89048 5.17875 7.38048 5.66875L14.6205 12.9187L7.37048 20.1688C6.89048 20.6488 6.89048 21.4488 7.38048 21.9288Z\" fill=\"#007EE2\"\/><\/g><defs><clipPath id=\"clip0_3349_8828\"><rect width=\"24\" height=\"24\" fill=\"white\" transform=\"translate(0 0.917969)\"\/><\/clipPath><\/defs><\/svg><\/span>\t\t\t\t<\/a>\n\t\t\t<\/p>\n\t\t<\/div><!-- .entry-actions -->\n\t\t<\/footer><!-- .entry-footer -->\n\t<\/div>\n<\/article>\n<article class=\"entry content-bg loop-entry post-13302 post type-post status-publish format-standard has-post-thumbnail hentry category-france-fr tag-poll-2\">\n\t    <!-- toluna-thumbnail-ratio-1-1 -->\n\t\t<a class=\"post-thumbnail\" href=\"https:\/\/tolunacorporate.com\/fr\/barometre-international-de-limage-delon-musk-en-europe-elonscore\/\">\n\t\t\t<div class=\"post-thumbnail-inner\">\n\t\t\t\t<img decoding=\"async\" width=\"293\" height=\"294\" src=\"https:\/\/tolunacorporate.com\/wp-content\/uploads\/2025\/05\/Barometre-International-de-limage-dElon-Musk-en-Europe-Elonscore-.jpg\" class=\"attachment-large size-large wp-post-image\" alt=\"Barom\u00e8tre International de l\u2019image d\u2019Elon Musk en Europe \u00ab Elonscore \u00bb\" srcset=\"https:\/\/tolunacorporate.com\/wp-content\/uploads\/2025\/05\/Barometre-International-de-limage-dElon-Musk-en-Europe-Elonscore-.jpg 293w, https:\/\/tolunacorporate.com\/wp-content\/uploads\/2025\/05\/Barometre-International-de-limage-dElon-Musk-en-Europe-Elonscore--150x150.jpg 150w\" sizes=\"(max-width: 293px) 100vw, 293px\" style=\"width:100%;height:100.34%;max-width:293px;\" \/>\t\t\t<\/div>\n\t\t<\/a><!-- .post-thumbnail -->\n\t\t\t<div class=\"entry-content-wrap\">\n\t\t<header class=\"entry-header\">\n\t\t<div class=\"entry-taxonomies\">\n\t\t\t\t\t\t<span class=\"posted-on\">\n\t\t\t\t\t<svg width=\"20\" height=\"22\" viewBox=\"0 0 20 22\" fill=\"none\" xmlns=\"http:\/\/www.w3.org\/2000\/svg\"><path d=\"M18 2H17V1C17 0.45 16.55 0 16 0C15.45 0 15 0.45 15 1V2H5V1C5 0.45 4.55 0 4 0C3.45 0 3 0.45 3 1V2H2C0.9 2 0 2.9 0 4V20C0 21.1 0.9 22 2 22H18C19.1 22 20 21.1 20 20V4C20 2.9 19.1 2 18 2ZM17 20H3C2.45 20 2 19.55 2 19V7H18V19C18 19.55 17.55 20 17 20Z\" fill=\"#007EE2\"\/><\/svg>\n\t\t\t\t\t<time class=\"entry-date published\" datetime=\"2025-01-20T00:09:59+01:00\">20 Jan 2025<\/time><time class=\"updated\" datetime=\"2025-05-10T18:31:30+02:00\">10 mai 2025<\/time>\t\t\t\t<\/span>\n\t\t\t\t<\/div><!-- .entry-taxonomies -->\n\t<h6 class=\"entry-title\"><a href=\"https:\/\/tolunacorporate.com\/fr\/barometre-international-de-limage-delon-musk-en-europe-elonscore\/\" rel=\"bookmark\">Barom\u00e8tre International de l\u2019image d\u2019Elon Musk en Europe \u00ab Elonscore \u00bb<\/a><\/h6><\/header><!-- .entry-header -->\n<footer class=\"entry-footer\">\n\t\t\t<div class=\"entry-actions\">\n\t\t\t<p class=\"more-link-wrap\">\n\t\t\t\t<a href=\"https:\/\/tolunacorporate.com\/fr\/barometre-international-de-limage-delon-musk-en-europe-elonscore\/\" class=\"post-more-link\">\n\t\t\t\t\tEN SAVOIR PLUS<span class=\"screen-reader-text\"> Barom\u00e8tre International de l\u2019image d\u2019Elon Musk en Europe \u00ab Elonscore \u00bb<\/span><span class=\"toluna-svg-iconset svg-baseline\"><svg width=\"24\" height=\"25\" viewBox=\"0 0 24 25\" fill=\"none\" xmlns=\"http:\/\/www.w3.org\/2000\/svg\"><g clip-path=\"url(#clip0_3349_8828)\"><path d=\"M7.38048 21.9288C7.87048 22.4188 8.66048 22.4188 9.15048 21.9288L17.4605 13.6187C17.8505 13.2287 17.8505 12.5988 17.4605 12.2087L9.15048 3.89875C8.66048 3.40875 7.87048 3.40875 7.38048 3.89875C6.89048 4.38875 6.89048 5.17875 7.38048 5.66875L14.6205 12.9187L7.37048 20.1688C6.89048 20.6488 6.89048 21.4488 7.38048 21.9288Z\" fill=\"#007EE2\"\/><\/g><defs><clipPath id=\"clip0_3349_8828\"><rect width=\"24\" height=\"24\" fill=\"white\" transform=\"translate(0 0.917969)\"\/><\/clipPath><\/defs><\/svg><\/span>\t\t\t\t<\/a>\n\t\t\t<\/p>\n\t\t<\/div><!-- .entry-actions -->\n\t\t<\/footer><!-- .entry-footer -->\n\t<\/div>\n<\/article>\n<article class=\"entry content-bg loop-entry post-13311 post type-post status-publish format-standard has-post-thumbnail hentry category-france-fr tag-poll-2\">\n\t    <!-- toluna-thumbnail-ratio-1-1 -->\n\t\t<a class=\"post-thumbnail\" href=\"https:\/\/tolunacorporate.com\/fr\/les-francais-et-la-douleur\/\">\n\t\t\t<div class=\"post-thumbnail-inner\">\n\t\t\t\t<img decoding=\"async\" width=\"293\" height=\"294\" src=\"https:\/\/tolunacorporate.com\/wp-content\/uploads\/2025\/05\/Les-Francais-et-la-douleur.jpg\" class=\"attachment-large size-large wp-post-image\" alt=\"Les Fran\u00e7ais et la douleur\" srcset=\"https:\/\/tolunacorporate.com\/wp-content\/uploads\/2025\/05\/Les-Francais-et-la-douleur.jpg 293w, https:\/\/tolunacorporate.com\/wp-content\/uploads\/2025\/05\/Les-Francais-et-la-douleur-150x150.jpg 150w\" sizes=\"(max-width: 293px) 100vw, 293px\" style=\"width:100%;height:100.34%;max-width:293px;\" \/>\t\t\t<\/div>\n\t\t<\/a><!-- .post-thumbnail -->\n\t\t\t<div class=\"entry-content-wrap\">\n\t\t<header class=\"entry-header\">\n\t\t<div class=\"entry-taxonomies\">\n\t\t\t\t\t\t<span class=\"posted-on\">\n\t\t\t\t\t<svg width=\"20\" height=\"22\" viewBox=\"0 0 20 22\" fill=\"none\" xmlns=\"http:\/\/www.w3.org\/2000\/svg\"><path d=\"M18 2H17V1C17 0.45 16.55 0 16 0C15.45 0 15 0.45 15 1V2H5V1C5 0.45 4.55 0 4 0C3.45 0 3 0.45 3 1V2H2C0.9 2 0 2.9 0 4V20C0 21.1 0.9 22 2 22H18C19.1 22 20 21.1 20 20V4C20 2.9 19.1 2 18 2ZM17 20H3C2.45 20 2 19.55 2 19V7H18V19C18 19.55 17.55 20 17 20Z\" fill=\"#007EE2\"\/><\/svg>\n\t\t\t\t\t<time class=\"entry-date published\" datetime=\"2025-01-09T00:12:23+01:00\">9 Jan 2025<\/time><time class=\"updated\" datetime=\"2025-05-10T18:35:10+02:00\">10 mai 2025<\/time>\t\t\t\t<\/span>\n\t\t\t\t<\/div><!-- .entry-taxonomies -->\n\t<h6 class=\"entry-title\"><a href=\"https:\/\/tolunacorporate.com\/fr\/les-francais-et-la-douleur\/\" rel=\"bookmark\">Les Fran\u00e7ais et la douleur<\/a><\/h6><\/header><!-- .entry-header -->\n<footer class=\"entry-footer\">\n\t\t\t<div class=\"entry-actions\">\n\t\t\t<p class=\"more-link-wrap\">\n\t\t\t\t<a href=\"https:\/\/tolunacorporate.com\/fr\/les-francais-et-la-douleur\/\" class=\"post-more-link\">\n\t\t\t\t\tEN SAVOIR PLUS<span class=\"screen-reader-text\"> Les Fran\u00e7ais et la douleur<\/span><span class=\"toluna-svg-iconset svg-baseline\"><svg width=\"24\" height=\"25\" viewBox=\"0 0 24 25\" fill=\"none\" xmlns=\"http:\/\/www.w3.org\/2000\/svg\"><g clip-path=\"url(#clip0_3349_8828)\"><path d=\"M7.38048 21.9288C7.87048 22.4188 8.66048 22.4188 9.15048 21.9288L17.4605 13.6187C17.8505 13.2287 17.8505 12.5988 17.4605 12.2087L9.15048 3.89875C8.66048 3.40875 7.87048 3.40875 7.38048 3.89875C6.89048 4.38875 6.89048 5.17875 7.38048 5.66875L14.6205 12.9187L7.37048 20.1688C6.89048 20.6488 6.89048 21.4488 7.38048 21.9288Z\" fill=\"#007EE2\"\/><\/g><defs><clipPath id=\"clip0_3349_8828\"><rect width=\"24\" height=\"24\" fill=\"white\" transform=\"translate(0 0.917969)\"\/><\/clipPath><\/defs><\/svg><\/span>\t\t\t\t<\/a>\n\t\t\t<\/p>\n\t\t<\/div><!-- .entry-actions -->\n\t\t<\/footer><!-- .entry-footer -->\n\t<\/div>\n<\/article>\n<article class=\"entry content-bg loop-entry post-13462 post type-post status-publish format-standard has-post-thumbnail hentry category-france-fr tag-poll-2\">\n\t    <!-- toluna-thumbnail-ratio-1-1 -->\n\t\t<a class=\"post-thumbnail\" href=\"https:\/\/tolunacorporate.com\/fr\/bilan-de-lannee-2024-et-perspectives-pour-lannee-2025\/\">\n\t\t\t<div class=\"post-thumbnail-inner\">\n\t\t\t\t<img decoding=\"async\" width=\"293\" height=\"294\" src=\"https:\/\/tolunacorporate.com\/wp-content\/uploads\/2025\/05\/Bilan-de-lannee-2024-et-perspectives-pour-lannee-2025.jpg\" class=\"attachment-large size-large wp-post-image\" alt=\"Bilan de l\u2019ann\u00e9e 2024 et perspectives pour l\u2019ann\u00e9e 2025\" srcset=\"https:\/\/tolunacorporate.com\/wp-content\/uploads\/2025\/05\/Bilan-de-lannee-2024-et-perspectives-pour-lannee-2025.jpg 293w, https:\/\/tolunacorporate.com\/wp-content\/uploads\/2025\/05\/Bilan-de-lannee-2024-et-perspectives-pour-lannee-2025-150x150.jpg 150w\" sizes=\"(max-width: 293px) 100vw, 293px\" style=\"width:100%;height:100.34%;max-width:293px;\" \/>\t\t\t<\/div>\n\t\t<\/a><!-- .post-thumbnail -->\n\t\t\t<div class=\"entry-content-wrap\">\n\t\t<header class=\"entry-header\">\n\t\t<div class=\"entry-taxonomies\">\n\t\t\t\t\t\t<span class=\"posted-on\">\n\t\t\t\t\t<svg width=\"20\" height=\"22\" viewBox=\"0 0 20 22\" fill=\"none\" xmlns=\"http:\/\/www.w3.org\/2000\/svg\"><path d=\"M18 2H17V1C17 0.45 16.55 0 16 0C15.45 0 15 0.45 15 1V2H5V1C5 0.45 4.55 0 4 0C3.45 0 3 0.45 3 1V2H2C0.9 2 0 2.9 0 4V20C0 21.1 0.9 22 2 22H18C19.1 22 20 21.1 20 20V4C20 2.9 19.1 2 18 2ZM17 20H3C2.45 20 2 19.55 2 19V7H18V19C18 19.55 17.55 20 17 20Z\" fill=\"#007EE2\"\/><\/svg>\n\t\t\t\t\t<time class=\"entry-date published\" datetime=\"2025-01-02T19:22:45+01:00\">2 Jan 2025<\/time><time class=\"updated\" datetime=\"2025-05-10T18:47:05+02:00\">10 mai 2025<\/time>\t\t\t\t<\/span>\n\t\t\t\t<\/div><!-- .entry-taxonomies -->\n\t<h6 class=\"entry-title\"><a href=\"https:\/\/tolunacorporate.com\/fr\/bilan-de-lannee-2024-et-perspectives-pour-lannee-2025\/\" rel=\"bookmark\">Bilan de l\u2019ann\u00e9e 2024 et perspectives pour l\u2019ann\u00e9e 2025<\/a><\/h6><\/header><!-- .entry-header -->\n<footer class=\"entry-footer\">\n\t\t\t<div class=\"entry-actions\">\n\t\t\t<p class=\"more-link-wrap\">\n\t\t\t\t<a href=\"https:\/\/tolunacorporate.com\/fr\/bilan-de-lannee-2024-et-perspectives-pour-lannee-2025\/\" class=\"post-more-link\">\n\t\t\t\t\tEN SAVOIR PLUS<span class=\"screen-reader-text\"> Bilan de l\u2019ann\u00e9e 2024 et perspectives pour l\u2019ann\u00e9e 2025<\/span><span class=\"toluna-svg-iconset svg-baseline\"><svg width=\"24\" height=\"25\" viewBox=\"0 0 24 25\" fill=\"none\" xmlns=\"http:\/\/www.w3.org\/2000\/svg\"><g clip-path=\"url(#clip0_3349_8828)\"><path d=\"M7.38048 21.9288C7.87048 22.4188 8.66048 22.4188 9.15048 21.9288L17.4605 13.6187C17.8505 13.2287 17.8505 12.5988 17.4605 12.2087L9.15048 3.89875C8.66048 3.40875 7.87048 3.40875 7.38048 3.89875C6.89048 4.38875 6.89048 5.17875 7.38048 5.66875L14.6205 12.9187L7.37048 20.1688C6.89048 20.6488 6.89048 21.4488 7.38048 21.9288Z\" fill=\"#007EE2\"\/><\/g><defs><clipPath id=\"clip0_3349_8828\"><rect width=\"24\" height=\"24\" fill=\"white\" transform=\"translate(0 0.917969)\"\/><\/clipPath><\/defs><\/svg><\/span>\t\t\t\t<\/a>\n\t\t\t<\/p>\n\t\t<\/div><!-- .entry-actions -->\n\t\t<\/footer><!-- .entry-footer -->\n\t<\/div>\n<\/article>\n<article class=\"entry content-bg loop-entry post-13453 post type-post status-publish format-standard has-post-thumbnail hentry category-france-fr tag-poll-2\">\n\t    <!-- toluna-thumbnail-ratio-1-1 -->\n\t\t<a class=\"post-thumbnail\" href=\"https:\/\/tolunacorporate.com\/fr\/perception-et-projection-de-la-situation-politique-en-france-pour-2025\/\">\n\t\t\t<div class=\"post-thumbnail-inner\">\n\t\t\t\t<img decoding=\"async\" width=\"293\" height=\"294\" src=\"https:\/\/tolunacorporate.com\/wp-content\/uploads\/2025\/05\/Perception-et-projection-de-la-situation-politique-en-France-pour-2025.jpg\" class=\"attachment-large size-large wp-post-image\" alt=\"Perception et projection de la situation politique en France pour 2025\" srcset=\"https:\/\/tolunacorporate.com\/wp-content\/uploads\/2025\/05\/Perception-et-projection-de-la-situation-politique-en-France-pour-2025.jpg 293w, https:\/\/tolunacorporate.com\/wp-content\/uploads\/2025\/05\/Perception-et-projection-de-la-situation-politique-en-France-pour-2025-150x150.jpg 150w\" sizes=\"(max-width: 293px) 100vw, 293px\" style=\"width:100%;height:100.34%;max-width:293px;\" \/>\t\t\t<\/div>\n\t\t<\/a><!-- .post-thumbnail -->\n\t\t\t<div class=\"entry-content-wrap\">\n\t\t<header class=\"entry-header\">\n\t\t<div class=\"entry-taxonomies\">\n\t\t\t\t\t\t<span class=\"posted-on\">\n\t\t\t\t\t<svg width=\"20\" height=\"22\" viewBox=\"0 0 20 22\" fill=\"none\" xmlns=\"http:\/\/www.w3.org\/2000\/svg\"><path d=\"M18 2H17V1C17 0.45 16.55 0 16 0C15.45 0 15 0.45 15 1V2H5V1C5 0.45 4.55 0 4 0C3.45 0 3 0.45 3 1V2H2C0.9 2 0 2.9 0 4V20C0 21.1 0.9 22 2 22H18C19.1 22 20 21.1 20 20V4C20 2.9 19.1 2 18 2ZM17 20H3C2.45 20 2 19.55 2 19V7H18V19C18 19.55 17.55 20 17 20Z\" fill=\"#007EE2\"\/><\/svg>\n\t\t\t\t\t<time class=\"entry-date published\" datetime=\"2025-01-02T19:17:49+01:00\">2 Jan 2025<\/time><time class=\"updated\" datetime=\"2025-05-10T18:39:07+02:00\">10 mai 2025<\/time>\t\t\t\t<\/span>\n\t\t\t\t<\/div><!-- .entry-taxonomies -->\n\t<h6 class=\"entry-title\"><a href=\"https:\/\/tolunacorporate.com\/fr\/perception-et-projection-de-la-situation-politique-en-france-pour-2025\/\" rel=\"bookmark\">Perception et projection de la situation politique en France pour 2025<\/a><\/h6><\/header><!-- .entry-header -->\n<footer class=\"entry-footer\">\n\t\t\t<div class=\"entry-actions\">\n\t\t\t<p class=\"more-link-wrap\">\n\t\t\t\t<a href=\"https:\/\/tolunacorporate.com\/fr\/perception-et-projection-de-la-situation-politique-en-france-pour-2025\/\" class=\"post-more-link\">\n\t\t\t\t\tEN SAVOIR PLUS<span class=\"screen-reader-text\"> Perception et projection de la situation politique en France pour 2025<\/span><span class=\"toluna-svg-iconset svg-baseline\"><svg width=\"24\" height=\"25\" viewBox=\"0 0 24 25\" fill=\"none\" xmlns=\"http:\/\/www.w3.org\/2000\/svg\"><g clip-path=\"url(#clip0_3349_8828)\"><path d=\"M7.38048 21.9288C7.87048 22.4188 8.66048 22.4188 9.15048 21.9288L17.4605 13.6187C17.8505 13.2287 17.8505 12.5988 17.4605 12.2087L9.15048 3.89875C8.66048 3.40875 7.87048 3.40875 7.38048 3.89875C6.89048 4.38875 6.89048 5.17875 7.38048 5.66875L14.6205 12.9187L7.37048 20.1688C6.89048 20.6488 6.89048 21.4488 7.38048 21.9288Z\" fill=\"#007EE2\"\/><\/g><defs><clipPath id=\"clip0_3349_8828\"><rect width=\"24\" height=\"24\" fill=\"white\" transform=\"translate(0 0.917969)\"\/><\/clipPath><\/defs><\/svg><\/span>\t\t\t\t<\/a>\n\t\t\t<\/p>\n\t\t<\/div><!-- .entry-actions -->\n\t\t<\/footer><!-- .entry-footer -->\n\t<\/div>\n<\/article>\n<article class=\"entry content-bg loop-entry post-13471 post type-post status-publish format-standard has-post-thumbnail hentry category-france-fr tag-poll-2\">\n\t    <!-- toluna-thumbnail-ratio-1-1 -->\n\t\t<a class=\"post-thumbnail\" href=\"https:\/\/tolunacorporate.com\/fr\/barometre-de-confiance-politique-decembre-2024\/\">\n\t\t\t<div class=\"post-thumbnail-inner\">\n\t\t\t\t<img decoding=\"async\" width=\"293\" height=\"294\" src=\"https:\/\/tolunacorporate.com\/wp-content\/uploads\/2025\/05\/Barometre-de-confiance-politique-\u2013-Decembre-2024.png\" class=\"attachment-large size-large wp-post-image\" alt=\"Barom\u00e8tre de confiance politique \u2013 D\u00e9cembre 2024\" srcset=\"https:\/\/tolunacorporate.com\/wp-content\/uploads\/2025\/05\/Barometre-de-confiance-politique-\u2013-Decembre-2024.png 293w, https:\/\/tolunacorporate.com\/wp-content\/uploads\/2025\/05\/Barometre-de-confiance-politique-\u2013-Decembre-2024-150x150.png 150w\" sizes=\"(max-width: 293px) 100vw, 293px\" style=\"width:100%;height:100.34%;max-width:293px;\" \/>\t\t\t<\/div>\n\t\t<\/a><!-- .post-thumbnail -->\n\t\t\t<div class=\"entry-content-wrap\">\n\t\t<header class=\"entry-header\">\n\t\t<div class=\"entry-taxonomies\">\n\t\t\t\t\t\t<span class=\"posted-on\">\n\t\t\t\t\t<svg width=\"20\" height=\"22\" viewBox=\"0 0 20 22\" fill=\"none\" xmlns=\"http:\/\/www.w3.org\/2000\/svg\"><path d=\"M18 2H17V1C17 0.45 16.55 0 16 0C15.45 0 15 0.45 15 1V2H5V1C5 0.45 4.55 0 4 0C3.45 0 3 0.45 3 1V2H2C0.9 2 0 2.9 0 4V20C0 21.1 0.9 22 2 22H18C19.1 22 20 21.1 20 20V4C20 2.9 19.1 2 18 2ZM17 20H3C2.45 20 2 19.55 2 19V7H18V19C18 19.55 17.55 20 17 20Z\" fill=\"#007EE2\"\/><\/svg>\n\t\t\t\t\t<time class=\"entry-date published\" datetime=\"2024-12-27T19:29:50+01:00\">27 D\u00e9c 2024<\/time><time class=\"updated\" datetime=\"2025-05-10T18:43:12+02:00\">10 mai 2025<\/time>\t\t\t\t<\/span>\n\t\t\t\t<\/div><!-- .entry-taxonomies -->\n\t<h6 class=\"entry-title\"><a href=\"https:\/\/tolunacorporate.com\/fr\/barometre-de-confiance-politique-decembre-2024\/\" rel=\"bookmark\">Barom\u00e8tre de confiance politique \u2013 D\u00e9cembre 2024<\/a><\/h6><\/header><!-- .entry-header -->\n<footer class=\"entry-footer\">\n\t\t\t<div class=\"entry-actions\">\n\t\t\t<p class=\"more-link-wrap\">\n\t\t\t\t<a href=\"https:\/\/tolunacorporate.com\/fr\/barometre-de-confiance-politique-decembre-2024\/\" class=\"post-more-link\">\n\t\t\t\t\tEN SAVOIR PLUS<span class=\"screen-reader-text\"> Barom\u00e8tre de confiance politique \u2013 D\u00e9cembre 2024<\/span><span class=\"toluna-svg-iconset svg-baseline\"><svg width=\"24\" height=\"25\" viewBox=\"0 0 24 25\" fill=\"none\" xmlns=\"http:\/\/www.w3.org\/2000\/svg\"><g clip-path=\"url(#clip0_3349_8828)\"><path d=\"M7.38048 21.9288C7.87048 22.4188 8.66048 22.4188 9.15048 21.9288L17.4605 13.6187C17.8505 13.2287 17.8505 12.5988 17.4605 12.2087L9.15048 3.89875C8.66048 3.40875 7.87048 3.40875 7.38048 3.89875C6.89048 4.38875 6.89048 5.17875 7.38048 5.66875L14.6205 12.9187L7.37048 20.1688C6.89048 20.6488 6.89048 21.4488 7.38048 21.9288Z\" fill=\"#007EE2\"\/><\/g><defs><clipPath id=\"clip0_3349_8828\"><rect width=\"24\" height=\"24\" fill=\"white\" transform=\"translate(0 0.917969)\"\/><\/clipPath><\/defs><\/svg><\/span>\t\t\t\t<\/a>\n\t\t\t<\/p>\n\t\t<\/div><!-- .entry-actions -->\n\t\t<\/footer><!-- .entry-footer -->\n\t<\/div>\n<\/article>\n<article class=\"entry content-bg loop-entry post-13480 post type-post status-publish format-standard has-post-thumbnail hentry category-france-fr tag-poll-2\">\n\t    <!-- toluna-thumbnail-ratio-1-1 -->\n\t\t<a class=\"post-thumbnail\" href=\"https:\/\/tolunacorporate.com\/fr\/les-personnalites-qui-ont-le-plus-marque-les-francais-en-2024\/\">\n\t\t\t<div class=\"post-thumbnail-inner\">\n\t\t\t\t<img decoding=\"async\" width=\"293\" height=\"294\" src=\"https:\/\/tolunacorporate.com\/wp-content\/uploads\/2025\/05\/Les-personnalites-qui-ont-le-plus-marque-les-Francais-en-2024.jpg\" class=\"attachment-large size-large wp-post-image\" alt=\"Les personnalit\u00e9s qui ont le plus marqu\u00e9 les Fran\u00e7ais en 2024\" srcset=\"https:\/\/tolunacorporate.com\/wp-content\/uploads\/2025\/05\/Les-personnalites-qui-ont-le-plus-marque-les-Francais-en-2024.jpg 293w, https:\/\/tolunacorporate.com\/wp-content\/uploads\/2025\/05\/Les-personnalites-qui-ont-le-plus-marque-les-Francais-en-2024-150x150.jpg 150w\" sizes=\"(max-width: 293px) 100vw, 293px\" style=\"width:100%;height:100.34%;max-width:293px;\" \/>\t\t\t<\/div>\n\t\t<\/a><!-- .post-thumbnail -->\n\t\t\t<div class=\"entry-content-wrap\">\n\t\t<header class=\"entry-header\">\n\t\t<div class=\"entry-taxonomies\">\n\t\t\t\t\t\t<span class=\"posted-on\">\n\t\t\t\t\t<svg width=\"20\" height=\"22\" viewBox=\"0 0 20 22\" fill=\"none\" xmlns=\"http:\/\/www.w3.org\/2000\/svg\"><path d=\"M18 2H17V1C17 0.45 16.55 0 16 0C15.45 0 15 0.45 15 1V2H5V1C5 0.45 4.55 0 4 0C3.45 0 3 0.45 3 1V2H2C0.9 2 0 2.9 0 4V20C0 21.1 0.9 22 2 22H18C19.1 22 20 21.1 20 20V4C20 2.9 19.1 2 18 2ZM17 20H3C2.45 20 2 19.55 2 19V7H18V19C18 19.55 17.55 20 17 20Z\" fill=\"#007EE2\"\/><\/svg>\n\t\t\t\t\t<time class=\"entry-date published\" datetime=\"2024-12-20T19:32:42+01:00\">20 D\u00e9c 2024<\/time><time class=\"updated\" datetime=\"2025-05-10T18:49:28+02:00\">10 mai 2025<\/time>\t\t\t\t<\/span>\n\t\t\t\t<\/div><!-- .entry-taxonomies -->\n\t<h6 class=\"entry-title\"><a href=\"https:\/\/tolunacorporate.com\/fr\/les-personnalites-qui-ont-le-plus-marque-les-francais-en-2024\/\" rel=\"bookmark\">Les personnalit\u00e9s qui ont le plus marqu\u00e9 les Fran\u00e7ais en 2024<\/a><\/h6><\/header><!-- .entry-header -->\n<footer class=\"entry-footer\">\n\t\t\t<div class=\"entry-actions\">\n\t\t\t<p class=\"more-link-wrap\">\n\t\t\t\t<a href=\"https:\/\/tolunacorporate.com\/fr\/les-personnalites-qui-ont-le-plus-marque-les-francais-en-2024\/\" class=\"post-more-link\">\n\t\t\t\t\tEN SAVOIR PLUS<span class=\"screen-reader-text\"> Les personnalit\u00e9s qui ont le plus marqu\u00e9 les Fran\u00e7ais en 2024<\/span><span class=\"toluna-svg-iconset svg-baseline\"><svg width=\"24\" height=\"25\" viewBox=\"0 0 24 25\" fill=\"none\" xmlns=\"http:\/\/www.w3.org\/2000\/svg\"><g clip-path=\"url(#clip0_3349_8828)\"><path d=\"M7.38048 21.9288C7.87048 22.4188 8.66048 22.4188 9.15048 21.9288L17.4605 13.6187C17.8505 13.2287 17.8505 12.5988 17.4605 12.2087L9.15048 3.89875C8.66048 3.40875 7.87048 3.40875 7.38048 3.89875C6.89048 4.38875 6.89048 5.17875 7.38048 5.66875L14.6205 12.9187L7.37048 20.1688C6.89048 20.6488 6.89048 21.4488 7.38048 21.9288Z\" fill=\"#007EE2\"\/><\/g><defs><clipPath id=\"clip0_3349_8828\"><rect width=\"24\" height=\"24\" fill=\"white\" transform=\"translate(0 0.917969)\"\/><\/clipPath><\/defs><\/svg><\/span>\t\t\t\t<\/a>\n\t\t\t<\/p>\n\t\t<\/div><!-- .entry-actions -->\n\t\t<\/footer><!-- .entry-footer -->\n\t<\/div>\n<\/article>\n<article class=\"entry content-bg loop-entry post-13489 post type-post status-publish format-standard has-post-thumbnail hentry category-france-fr tag-poll-2\">\n\t    <!-- toluna-thumbnail-ratio-1-1 -->\n\t\t<a class=\"post-thumbnail\" href=\"https:\/\/tolunacorporate.com\/fr\/les-francais-et-les-jeux-de-grattage-offerts-aux-enfants\/\">\n\t\t\t<div class=\"post-thumbnail-inner\">\n\t\t\t\t<img decoding=\"async\" width=\"293\" height=\"294\" src=\"https:\/\/tolunacorporate.com\/wp-content\/uploads\/2025\/05\/Les-Francais-et-les-jeux-de-grattage-offerts-aux-enfants.jpg\" class=\"attachment-large size-large wp-post-image\" alt=\"Les Fran\u00e7ais et les jeux de grattage offerts aux enfants\" srcset=\"https:\/\/tolunacorporate.com\/wp-content\/uploads\/2025\/05\/Les-Francais-et-les-jeux-de-grattage-offerts-aux-enfants.jpg 293w, https:\/\/tolunacorporate.com\/wp-content\/uploads\/2025\/05\/Les-Francais-et-les-jeux-de-grattage-offerts-aux-enfants-150x150.jpg 150w\" sizes=\"(max-width: 293px) 100vw, 293px\" style=\"width:100%;height:100.34%;max-width:293px;\" \/>\t\t\t<\/div>\n\t\t<\/a><!-- .post-thumbnail -->\n\t\t\t<div class=\"entry-content-wrap\">\n\t\t<header class=\"entry-header\">\n\t\t<div class=\"entry-taxonomies\">\n\t\t\t\t\t\t<span class=\"posted-on\">\n\t\t\t\t\t<svg width=\"20\" height=\"22\" viewBox=\"0 0 20 22\" fill=\"none\" xmlns=\"http:\/\/www.w3.org\/2000\/svg\"><path d=\"M18 2H17V1C17 0.45 16.55 0 16 0C15.45 0 15 0.45 15 1V2H5V1C5 0.45 4.55 0 4 0C3.45 0 3 0.45 3 1V2H2C0.9 2 0 2.9 0 4V20C0 21.1 0.9 22 2 22H18C19.1 22 20 21.1 20 20V4C20 2.9 19.1 2 18 2ZM17 20H3C2.45 20 2 19.55 2 19V7H18V19C18 19.55 17.55 20 17 20Z\" fill=\"#007EE2\"\/><\/svg>\n\t\t\t\t\t<time class=\"entry-date published\" datetime=\"2024-12-19T19:35:50+01:00\">19 D\u00e9c 2024<\/time><time class=\"updated\" datetime=\"2025-05-10T18:52:23+02:00\">10 mai 2025<\/time>\t\t\t\t<\/span>\n\t\t\t\t<\/div><!-- .entry-taxonomies -->\n\t<h6 class=\"entry-title\"><a href=\"https:\/\/tolunacorporate.com\/fr\/les-francais-et-les-jeux-de-grattage-offerts-aux-enfants\/\" rel=\"bookmark\">Les Fran\u00e7ais et les jeux de grattage offerts aux enfants<\/a><\/h6><\/header><!-- .entry-header -->\n<footer class=\"entry-footer\">\n\t\t\t<div class=\"entry-actions\">\n\t\t\t<p class=\"more-link-wrap\">\n\t\t\t\t<a href=\"https:\/\/tolunacorporate.com\/fr\/les-francais-et-les-jeux-de-grattage-offerts-aux-enfants\/\" class=\"post-more-link\">\n\t\t\t\t\tEN SAVOIR PLUS<span class=\"screen-reader-text\"> Les Fran\u00e7ais et les jeux de grattage offerts aux enfants<\/span><span class=\"toluna-svg-iconset svg-baseline\"><svg width=\"24\" height=\"25\" viewBox=\"0 0 24 25\" fill=\"none\" xmlns=\"http:\/\/www.w3.org\/2000\/svg\"><g clip-path=\"url(#clip0_3349_8828)\"><path d=\"M7.38048 21.9288C7.87048 22.4188 8.66048 22.4188 9.15048 21.9288L17.4605 13.6187C17.8505 13.2287 17.8505 12.5988 17.4605 12.2087L9.15048 3.89875C8.66048 3.40875 7.87048 3.40875 7.38048 3.89875C6.89048 4.38875 6.89048 5.17875 7.38048 5.66875L14.6205 12.9187L7.37048 20.1688C6.89048 20.6488 6.89048 21.4488 7.38048 21.9288Z\" fill=\"#007EE2\"\/><\/g><defs><clipPath id=\"clip0_3349_8828\"><rect width=\"24\" height=\"24\" fill=\"white\" transform=\"translate(0 0.917969)\"\/><\/clipPath><\/defs><\/svg><\/span>\t\t\t\t<\/a>\n\t\t\t<\/p>\n\t\t<\/div><!-- .entry-actions -->\n\t\t<\/footer><!-- .entry-footer -->\n\t<\/div>\n<\/article>\n<article class=\"entry content-bg loop-entry post-13498 post type-post status-publish format-standard has-post-thumbnail hentry category-france-fr tag-poll-2\">\n\t    <!-- toluna-thumbnail-ratio-1-1 -->\n\t\t<a class=\"post-thumbnail\" href=\"https:\/\/tolunacorporate.com\/fr\/transport-routier-automatise-et-vehicules-a-delegation-de-conduite-le-regard-des-francais-en-2024\/\">\n\t\t\t<div class=\"post-thumbnail-inner\">\n\t\t\t\t<img decoding=\"async\" width=\"293\" height=\"294\" src=\"https:\/\/tolunacorporate.com\/wp-content\/uploads\/2025\/05\/Transport-routier-automatise-et-vehicules-a-delegation-de-conduite.jpg\" class=\"attachment-large size-large wp-post-image\" alt=\"Transport routier automatis\u00e9 et v\u00e9hicules \u00e0 d\u00e9l\u00e9gation de conduite : le regard des Fran\u00e7ais en 2024\" srcset=\"https:\/\/tolunacorporate.com\/wp-content\/uploads\/2025\/05\/Transport-routier-automatise-et-vehicules-a-delegation-de-conduite.jpg 293w, https:\/\/tolunacorporate.com\/wp-content\/uploads\/2025\/05\/Transport-routier-automatise-et-vehicules-a-delegation-de-conduite-150x150.jpg 150w\" sizes=\"(max-width: 293px) 100vw, 293px\" style=\"width:100%;height:100.34%;max-width:293px;\" \/>\t\t\t<\/div>\n\t\t<\/a><!-- .post-thumbnail -->\n\t\t\t<div class=\"entry-content-wrap\">\n\t\t<header class=\"entry-header\">\n\t\t<div class=\"entry-taxonomies\">\n\t\t\t\t\t\t<span class=\"posted-on\">\n\t\t\t\t\t<svg width=\"20\" height=\"22\" viewBox=\"0 0 20 22\" fill=\"none\" xmlns=\"http:\/\/www.w3.org\/2000\/svg\"><path d=\"M18 2H17V1C17 0.45 16.55 0 16 0C15.45 0 15 0.45 15 1V2H5V1C5 0.45 4.55 0 4 0C3.45 0 3 0.45 3 1V2H2C0.9 2 0 2.9 0 4V20C0 21.1 0.9 22 2 22H18C19.1 22 20 21.1 20 20V4C20 2.9 19.1 2 18 2ZM17 20H3C2.45 20 2 19.55 2 19V7H18V19C18 19.55 17.55 20 17 20Z\" fill=\"#007EE2\"\/><\/svg>\n\t\t\t\t\t<time class=\"entry-date published\" datetime=\"2024-12-18T19:39:59+01:00\">18 D\u00e9c 2024<\/time><time class=\"updated\" datetime=\"2025-05-10T18:54:13+02:00\">10 mai 2025<\/time>\t\t\t\t<\/span>\n\t\t\t\t<\/div><!-- .entry-taxonomies -->\n\t<h6 class=\"entry-title\"><a href=\"https:\/\/tolunacorporate.com\/fr\/transport-routier-automatise-et-vehicules-a-delegation-de-conduite-le-regard-des-francais-en-2024\/\" rel=\"bookmark\">Transport routier automatis\u00e9 et v\u00e9hicules \u00e0 d\u00e9l\u00e9gation de conduite : le regard des Fran\u00e7ais en 2024<\/a><\/h6><\/header><!-- .entry-header -->\n<footer class=\"entry-footer\">\n\t\t\t<div class=\"entry-actions\">\n\t\t\t<p class=\"more-link-wrap\">\n\t\t\t\t<a href=\"https:\/\/tolunacorporate.com\/fr\/transport-routier-automatise-et-vehicules-a-delegation-de-conduite-le-regard-des-francais-en-2024\/\" class=\"post-more-link\">\n\t\t\t\t\tEN SAVOIR PLUS<span class=\"screen-reader-text\"> Transport routier automatis\u00e9 et v\u00e9hicules \u00e0 d\u00e9l\u00e9gation de conduite : le regard des Fran\u00e7ais en 2024<\/span><span class=\"toluna-svg-iconset svg-baseline\"><svg width=\"24\" height=\"25\" viewBox=\"0 0 24 25\" fill=\"none\" xmlns=\"http:\/\/www.w3.org\/2000\/svg\"><g clip-path=\"url(#clip0_3349_8828)\"><path d=\"M7.38048 21.9288C7.87048 22.4188 8.66048 22.4188 9.15048 21.9288L17.4605 13.6187C17.8505 13.2287 17.8505 12.5988 17.4605 12.2087L9.15048 3.89875C8.66048 3.40875 7.87048 3.40875 7.38048 3.89875C6.89048 4.38875 6.89048 5.17875 7.38048 5.66875L14.6205 12.9187L7.37048 20.1688C6.89048 20.6488 6.89048 21.4488 7.38048 21.9288Z\" fill=\"#007EE2\"\/><\/g><defs><clipPath id=\"clip0_3349_8828\"><rect width=\"24\" height=\"24\" fill=\"white\" transform=\"translate(0 0.917969)\"\/><\/clipPath><\/defs><\/svg><\/span>\t\t\t\t<\/a>\n\t\t\t<\/p>\n\t\t<\/div><!-- .entry-actions -->\n\t\t<\/footer><!-- .entry-footer -->\n\t<\/div>\n<\/article>\n<article class=\"entry content-bg loop-entry post-13507 post type-post status-publish format-standard has-post-thumbnail hentry category-france-fr tag-poll-2\">\n\t    <!-- toluna-thumbnail-ratio-1-1 -->\n\t\t<a class=\"post-thumbnail\" href=\"https:\/\/tolunacorporate.com\/fr\/etude-flash-sur-la-nomination-de-francois-bayrou-en-tant-que-premier-ministre\/\">\n\t\t\t<div class=\"post-thumbnail-inner\">\n\t\t\t\t<img decoding=\"async\" width=\"293\" height=\"294\" src=\"https:\/\/tolunacorporate.com\/wp-content\/uploads\/2025\/05\/Etude-flash-sur-la-nomination-de-Francois-Bayrou-en-tant-que-Premier-ministre.jpg\" class=\"attachment-large size-large wp-post-image\" alt=\"Etude flash sur la nomination de Fran\u00e7ois Bayrou en tant que Premier ministre\" srcset=\"https:\/\/tolunacorporate.com\/wp-content\/uploads\/2025\/05\/Etude-flash-sur-la-nomination-de-Francois-Bayrou-en-tant-que-Premier-ministre.jpg 293w, https:\/\/tolunacorporate.com\/wp-content\/uploads\/2025\/05\/Etude-flash-sur-la-nomination-de-Francois-Bayrou-en-tant-que-Premier-ministre-150x150.jpg 150w\" sizes=\"(max-width: 293px) 100vw, 293px\" style=\"width:100%;height:100.34%;max-width:293px;\" \/>\t\t\t<\/div>\n\t\t<\/a><!-- .post-thumbnail -->\n\t\t\t<div class=\"entry-content-wrap\">\n\t\t<header class=\"entry-header\">\n\t\t<div class=\"entry-taxonomies\">\n\t\t\t\t\t\t<span class=\"posted-on\">\n\t\t\t\t\t<svg width=\"20\" height=\"22\" viewBox=\"0 0 20 22\" fill=\"none\" xmlns=\"http:\/\/www.w3.org\/2000\/svg\"><path d=\"M18 2H17V1C17 0.45 16.55 0 16 0C15.45 0 15 0.45 15 1V2H5V1C5 0.45 4.55 0 4 0C3.45 0 3 0.45 3 1V2H2C0.9 2 0 2.9 0 4V20C0 21.1 0.9 22 2 22H18C19.1 22 20 21.1 20 20V4C20 2.9 19.1 2 18 2ZM17 20H3C2.45 20 2 19.55 2 19V7H18V19C18 19.55 17.55 20 17 20Z\" fill=\"#007EE2\"\/><\/svg>\n\t\t\t\t\t<time class=\"entry-date published\" datetime=\"2024-12-13T19:44:44+01:00\">13 D\u00e9c 2024<\/time><time class=\"updated\" datetime=\"2025-05-10T19:00:52+02:00\">10 mai 2025<\/time>\t\t\t\t<\/span>\n\t\t\t\t<\/div><!-- .entry-taxonomies -->\n\t<h6 class=\"entry-title\"><a href=\"https:\/\/tolunacorporate.com\/fr\/etude-flash-sur-la-nomination-de-francois-bayrou-en-tant-que-premier-ministre\/\" rel=\"bookmark\">Etude flash sur la nomination de Fran\u00e7ois Bayrou en tant que Premier ministre<\/a><\/h6><\/header><!-- .entry-header -->\n<footer class=\"entry-footer\">\n\t\t\t<div class=\"entry-actions\">\n\t\t\t<p class=\"more-link-wrap\">\n\t\t\t\t<a href=\"https:\/\/tolunacorporate.com\/fr\/etude-flash-sur-la-nomination-de-francois-bayrou-en-tant-que-premier-ministre\/\" class=\"post-more-link\">\n\t\t\t\t\tEN SAVOIR PLUS<span class=\"screen-reader-text\"> Etude flash sur la nomination de Fran\u00e7ois Bayrou en tant que Premier ministre<\/span><span class=\"toluna-svg-iconset svg-baseline\"><svg width=\"24\" height=\"25\" viewBox=\"0 0 24 25\" fill=\"none\" xmlns=\"http:\/\/www.w3.org\/2000\/svg\"><g clip-path=\"url(#clip0_3349_8828)\"><path d=\"M7.38048 21.9288C7.87048 22.4188 8.66048 22.4188 9.15048 21.9288L17.4605 13.6187C17.8505 13.2287 17.8505 12.5988 17.4605 12.2087L9.15048 3.89875C8.66048 3.40875 7.87048 3.40875 7.38048 3.89875C6.89048 4.38875 6.89048 5.17875 7.38048 5.66875L14.6205 12.9187L7.37048 20.1688C6.89048 20.6488 6.89048 21.4488 7.38048 21.9288Z\" fill=\"#007EE2\"\/><\/g><defs><clipPath id=\"clip0_3349_8828\"><rect width=\"24\" height=\"24\" fill=\"white\" transform=\"translate(0 0.917969)\"\/><\/clipPath><\/defs><\/svg><\/span>\t\t\t\t<\/a>\n\t\t\t<\/p>\n\t\t<\/div><!-- .entry-actions -->\n\t\t<\/footer><!-- .entry-footer -->\n\t<\/div>\n<\/article>\n<article class=\"entry content-bg loop-entry post-13516 post type-post status-publish format-standard has-post-thumbnail hentry category-france-fr tag-poll-2\">\n\t    <!-- toluna-thumbnail-ratio-1-1 -->\n\t\t<a class=\"post-thumbnail\" href=\"https:\/\/tolunacorporate.com\/fr\/le-regard-des-francais-et-des-professionnels-de-sante-sur-les-addiction\/\">\n\t\t\t<div class=\"post-thumbnail-inner\">\n\t\t\t\t<img decoding=\"async\" width=\"293\" height=\"294\" src=\"https:\/\/tolunacorporate.com\/wp-content\/uploads\/2025\/05\/Le-regard-des-Francais-et-des-professionnels-de-sante-sur-les-addiction.jpg\" class=\"attachment-large size-large wp-post-image\" alt=\"Le regard des Fran\u00e7ais et des professionnels de sant\u00e9 sur les addiction\" srcset=\"https:\/\/tolunacorporate.com\/wp-content\/uploads\/2025\/05\/Le-regard-des-Francais-et-des-professionnels-de-sante-sur-les-addiction.jpg 293w, https:\/\/tolunacorporate.com\/wp-content\/uploads\/2025\/05\/Le-regard-des-Francais-et-des-professionnels-de-sante-sur-les-addiction-150x150.jpg 150w\" sizes=\"(max-width: 293px) 100vw, 293px\" style=\"width:100%;height:100.34%;max-width:293px;\" \/>\t\t\t<\/div>\n\t\t<\/a><!-- .post-thumbnail -->\n\t\t\t<div class=\"entry-content-wrap\">\n\t\t<header class=\"entry-header\">\n\t\t<div class=\"entry-taxonomies\">\n\t\t\t\t\t\t<span class=\"posted-on\">\n\t\t\t\t\t<svg width=\"20\" height=\"22\" viewBox=\"0 0 20 22\" fill=\"none\" xmlns=\"http:\/\/www.w3.org\/2000\/svg\"><path d=\"M18 2H17V1C17 0.45 16.55 0 16 0C15.45 0 15 0.45 15 1V2H5V1C5 0.45 4.55 0 4 0C3.45 0 3 0.45 3 1V2H2C0.9 2 0 2.9 0 4V20C0 21.1 0.9 22 2 22H18C19.1 22 20 21.1 20 20V4C20 2.9 19.1 2 18 2ZM17 20H3C2.45 20 2 19.55 2 19V7H18V19C18 19.55 17.55 20 17 20Z\" fill=\"#007EE2\"\/><\/svg>\n\t\t\t\t\t<time class=\"entry-date published\" datetime=\"2024-12-10T19:46:53+01:00\">10 D\u00e9c 2024<\/time><time class=\"updated\" datetime=\"2025-05-10T19:03:13+02:00\">10 mai 2025<\/time>\t\t\t\t<\/span>\n\t\t\t\t<\/div><!-- .entry-taxonomies -->\n\t<h6 class=\"entry-title\"><a href=\"https:\/\/tolunacorporate.com\/fr\/le-regard-des-francais-et-des-professionnels-de-sante-sur-les-addiction\/\" rel=\"bookmark\">Le regard des Fran\u00e7ais et des professionnels de sant\u00e9 sur les addiction<\/a><\/h6><\/header><!-- .entry-header -->\n<footer class=\"entry-footer\">\n\t\t\t<div class=\"entry-actions\">\n\t\t\t<p class=\"more-link-wrap\">\n\t\t\t\t<a href=\"https:\/\/tolunacorporate.com\/fr\/le-regard-des-francais-et-des-professionnels-de-sante-sur-les-addiction\/\" class=\"post-more-link\">\n\t\t\t\t\tEN SAVOIR PLUS<span class=\"screen-reader-text\"> Le regard des Fran\u00e7ais et des professionnels de sant\u00e9 sur les addiction<\/span><span class=\"toluna-svg-iconset svg-baseline\"><svg width=\"24\" height=\"25\" viewBox=\"0 0 24 25\" fill=\"none\" xmlns=\"http:\/\/www.w3.org\/2000\/svg\"><g clip-path=\"url(#clip0_3349_8828)\"><path d=\"M7.38048 21.9288C7.87048 22.4188 8.66048 22.4188 9.15048 21.9288L17.4605 13.6187C17.8505 13.2287 17.8505 12.5988 17.4605 12.2087L9.15048 3.89875C8.66048 3.40875 7.87048 3.40875 7.38048 3.89875C6.89048 4.38875 6.89048 5.17875 7.38048 5.66875L14.6205 12.9187L7.37048 20.1688C6.89048 20.6488 6.89048 21.4488 7.38048 21.9288Z\" fill=\"#007EE2\"\/><\/g><defs><clipPath id=\"clip0_3349_8828\"><rect width=\"24\" height=\"24\" fill=\"white\" transform=\"translate(0 0.917969)\"\/><\/clipPath><\/defs><\/svg><\/span>\t\t\t\t<\/a>\n\t\t\t<\/p>\n\t\t<\/div><!-- .entry-actions -->\n\t\t<\/footer><!-- .entry-footer -->\n\t<\/div>\n<\/article>\n<article class=\"entry content-bg loop-entry post-13534 post type-post status-publish format-standard has-post-thumbnail hentry category-france-fr tag-poll-2\">\n\t    <!-- toluna-thumbnail-ratio-1-1 -->\n\t\t<a class=\"post-thumbnail\" href=\"https:\/\/tolunacorporate.com\/fr\/reaction-des-francais-sur-la-censure-du-gouvernement-de-michel-barnier\/\">\n\t\t\t<div class=\"post-thumbnail-inner\">\n\t\t\t\t<img decoding=\"async\" width=\"293\" height=\"294\" src=\"https:\/\/tolunacorporate.com\/wp-content\/uploads\/2025\/05\/Reaction-des-Francais-sur-la-censure-du-gouvernement-de-Michel-Barnier.png\" class=\"attachment-large size-large wp-post-image\" alt=\"R\u00e9action des Fran\u00e7ais sur la censure du gouvernement de Michel Barnier\" srcset=\"https:\/\/tolunacorporate.com\/wp-content\/uploads\/2025\/05\/Reaction-des-Francais-sur-la-censure-du-gouvernement-de-Michel-Barnier.png 293w, https:\/\/tolunacorporate.com\/wp-content\/uploads\/2025\/05\/Reaction-des-Francais-sur-la-censure-du-gouvernement-de-Michel-Barnier-150x150.png 150w\" sizes=\"(max-width: 293px) 100vw, 293px\" style=\"width:100%;height:100.34%;max-width:293px;\" \/>\t\t\t<\/div>\n\t\t<\/a><!-- .post-thumbnail -->\n\t\t\t<div class=\"entry-content-wrap\">\n\t\t<header class=\"entry-header\">\n\t\t<div class=\"entry-taxonomies\">\n\t\t\t\t\t\t<span class=\"posted-on\">\n\t\t\t\t\t<svg width=\"20\" height=\"22\" viewBox=\"0 0 20 22\" fill=\"none\" xmlns=\"http:\/\/www.w3.org\/2000\/svg\"><path d=\"M18 2H17V1C17 0.45 16.55 0 16 0C15.45 0 15 0.45 15 1V2H5V1C5 0.45 4.55 0 4 0C3.45 0 3 0.45 3 1V2H2C0.9 2 0 2.9 0 4V20C0 21.1 0.9 22 2 22H18C19.1 22 20 21.1 20 20V4C20 2.9 19.1 2 18 2ZM17 20H3C2.45 20 2 19.55 2 19V7H18V19C18 19.55 17.55 20 17 20Z\" fill=\"#007EE2\"\/><\/svg>\n\t\t\t\t\t<time class=\"entry-date published\" datetime=\"2024-12-05T20:01:37+01:00\">5 D\u00e9c 2024<\/time><time class=\"updated\" datetime=\"2025-05-10T19:05:08+02:00\">10 mai 2025<\/time>\t\t\t\t<\/span>\n\t\t\t\t<\/div><!-- .entry-taxonomies -->\n\t<h6 class=\"entry-title\"><a href=\"https:\/\/tolunacorporate.com\/fr\/reaction-des-francais-sur-la-censure-du-gouvernement-de-michel-barnier\/\" rel=\"bookmark\">R\u00e9action des Fran\u00e7ais sur la censure du gouvernement de Michel Barnier<\/a><\/h6><\/header><!-- .entry-header -->\n<footer class=\"entry-footer\">\n\t\t\t<div class=\"entry-actions\">\n\t\t\t<p class=\"more-link-wrap\">\n\t\t\t\t<a href=\"https:\/\/tolunacorporate.com\/fr\/reaction-des-francais-sur-la-censure-du-gouvernement-de-michel-barnier\/\" class=\"post-more-link\">\n\t\t\t\t\tEN SAVOIR PLUS<span class=\"screen-reader-text\"> R\u00e9action des Fran\u00e7ais sur la censure du gouvernement de Michel Barnier<\/span><span class=\"toluna-svg-iconset svg-baseline\"><svg width=\"24\" height=\"25\" viewBox=\"0 0 24 25\" fill=\"none\" xmlns=\"http:\/\/www.w3.org\/2000\/svg\"><g clip-path=\"url(#clip0_3349_8828)\"><path d=\"M7.38048 21.9288C7.87048 22.4188 8.66048 22.4188 9.15048 21.9288L17.4605 13.6187C17.8505 13.2287 17.8505 12.5988 17.4605 12.2087L9.15048 3.89875C8.66048 3.40875 7.87048 3.40875 7.38048 3.89875C6.89048 4.38875 6.89048 5.17875 7.38048 5.66875L14.6205 12.9187L7.37048 20.1688C6.89048 20.6488 6.89048 21.4488 7.38048 21.9288Z\" fill=\"#007EE2\"\/><\/g><defs><clipPath id=\"clip0_3349_8828\"><rect width=\"24\" height=\"24\" fill=\"white\" transform=\"translate(0 0.917969)\"\/><\/clipPath><\/defs><\/svg><\/span>\t\t\t\t<\/a>\n\t\t\t<\/p>\n\t\t<\/div><!-- .entry-actions -->\n\t\t<\/footer><!-- .entry-footer -->\n\t<\/div>\n<\/article>\n<article class=\"entry content-bg loop-entry post-13525 post type-post status-publish format-standard has-post-thumbnail hentry category-france-fr tag-poll-2\">\n\t    <!-- toluna-thumbnail-ratio-1-1 -->\n\t\t<a class=\"post-thumbnail\" href=\"https:\/\/tolunacorporate.com\/fr\/la-sante-des-enfants\/\">\n\t\t\t<div class=\"post-thumbnail-inner\">\n\t\t\t\t<img decoding=\"async\" width=\"293\" height=\"294\" src=\"https:\/\/tolunacorporate.com\/wp-content\/uploads\/2025\/05\/La-sante-des-enfants.jpg\" class=\"attachment-large size-large wp-post-image\" alt=\"La sant\u00e9 des enfants\" srcset=\"https:\/\/tolunacorporate.com\/wp-content\/uploads\/2025\/05\/La-sante-des-enfants.jpg 293w, https:\/\/tolunacorporate.com\/wp-content\/uploads\/2025\/05\/La-sante-des-enfants-150x150.jpg 150w\" sizes=\"(max-width: 293px) 100vw, 293px\" style=\"width:100%;height:100.34%;max-width:293px;\" \/>\t\t\t<\/div>\n\t\t<\/a><!-- .post-thumbnail -->\n\t\t\t<div class=\"entry-content-wrap\">\n\t\t<header class=\"entry-header\">\n\t\t<div class=\"entry-taxonomies\">\n\t\t\t\t\t\t<span class=\"posted-on\">\n\t\t\t\t\t<svg width=\"20\" height=\"22\" viewBox=\"0 0 20 22\" fill=\"none\" xmlns=\"http:\/\/www.w3.org\/2000\/svg\"><path d=\"M18 2H17V1C17 0.45 16.55 0 16 0C15.45 0 15 0.45 15 1V2H5V1C5 0.45 4.55 0 4 0C3.45 0 3 0.45 3 1V2H2C0.9 2 0 2.9 0 4V20C0 21.1 0.9 22 2 22H18C19.1 22 20 21.1 20 20V4C20 2.9 19.1 2 18 2ZM17 20H3C2.45 20 2 19.55 2 19V7H18V19C18 19.55 17.55 20 17 20Z\" fill=\"#007EE2\"\/><\/svg>\n\t\t\t\t\t<time class=\"entry-date published\" datetime=\"2024-12-05T19:58:04+01:00\">5 D\u00e9c 2024<\/time><time class=\"updated\" datetime=\"2025-05-10T19:07:18+02:00\">10 mai 2025<\/time>\t\t\t\t<\/span>\n\t\t\t\t<\/div><!-- .entry-taxonomies -->\n\t<h6 class=\"entry-title\"><a href=\"https:\/\/tolunacorporate.com\/fr\/la-sante-des-enfants\/\" rel=\"bookmark\">La sant\u00e9 des enfants<\/a><\/h6><\/header><!-- .entry-header -->\n<footer class=\"entry-footer\">\n\t\t\t<div class=\"entry-actions\">\n\t\t\t<p class=\"more-link-wrap\">\n\t\t\t\t<a href=\"https:\/\/tolunacorporate.com\/fr\/la-sante-des-enfants\/\" class=\"post-more-link\">\n\t\t\t\t\tEN SAVOIR PLUS<span class=\"screen-reader-text\"> La sant\u00e9 des enfants<\/span><span class=\"toluna-svg-iconset svg-baseline\"><svg width=\"24\" height=\"25\" viewBox=\"0 0 24 25\" fill=\"none\" xmlns=\"http:\/\/www.w3.org\/2000\/svg\"><g clip-path=\"url(#clip0_3349_8828)\"><path d=\"M7.38048 21.9288C7.87048 22.4188 8.66048 22.4188 9.15048 21.9288L17.4605 13.6187C17.8505 13.2287 17.8505 12.5988 17.4605 12.2087L9.15048 3.89875C8.66048 3.40875 7.87048 3.40875 7.38048 3.89875C6.89048 4.38875 6.89048 5.17875 7.38048 5.66875L14.6205 12.9187L7.37048 20.1688C6.89048 20.6488 6.89048 21.4488 7.38048 21.9288Z\" fill=\"#007EE2\"\/><\/g><defs><clipPath id=\"clip0_3349_8828\"><rect width=\"24\" height=\"24\" fill=\"white\" transform=\"translate(0 0.917969)\"\/><\/clipPath><\/defs><\/svg><\/span>\t\t\t\t<\/a>\n\t\t\t<\/p>\n\t\t<\/div><!-- .entry-actions -->\n\t\t<\/footer><!-- .entry-footer -->\n\t<\/div>\n<\/article>\n<article class=\"entry content-bg loop-entry post-13543 post type-post status-publish format-standard has-post-thumbnail hentry category-france-fr tag-poll-2\">\n\t    <!-- toluna-thumbnail-ratio-1-1 -->\n\t\t<a class=\"post-thumbnail\" href=\"https:\/\/tolunacorporate.com\/fr\/observatoire-parlement-vague-7\/\">\n\t\t\t<div class=\"post-thumbnail-inner\">\n\t\t\t\t<img decoding=\"async\" width=\"293\" height=\"294\" src=\"https:\/\/tolunacorporate.com\/wp-content\/uploads\/2025\/05\/Observatoire-Parlement-\u2013-Vague-7.jpg\" class=\"attachment-large size-large wp-post-image\" alt=\"Observatoire Parlement \u2013 Vague 7\" srcset=\"https:\/\/tolunacorporate.com\/wp-content\/uploads\/2025\/05\/Observatoire-Parlement-\u2013-Vague-7.jpg 293w, https:\/\/tolunacorporate.com\/wp-content\/uploads\/2025\/05\/Observatoire-Parlement-\u2013-Vague-7-150x150.jpg 150w\" sizes=\"(max-width: 293px) 100vw, 293px\" style=\"width:100%;height:100.34%;max-width:293px;\" \/>\t\t\t<\/div>\n\t\t<\/a><!-- .post-thumbnail -->\n\t\t\t<div class=\"entry-content-wrap\">\n\t\t<header class=\"entry-header\">\n\t\t<div class=\"entry-taxonomies\">\n\t\t\t\t\t\t<span class=\"posted-on\">\n\t\t\t\t\t<svg width=\"20\" height=\"22\" viewBox=\"0 0 20 22\" fill=\"none\" xmlns=\"http:\/\/www.w3.org\/2000\/svg\"><path d=\"M18 2H17V1C17 0.45 16.55 0 16 0C15.45 0 15 0.45 15 1V2H5V1C5 0.45 4.55 0 4 0C3.45 0 3 0.45 3 1V2H2C0.9 2 0 2.9 0 4V20C0 21.1 0.9 22 2 22H18C19.1 22 20 21.1 20 20V4C20 2.9 19.1 2 18 2ZM17 20H3C2.45 20 2 19.55 2 19V7H18V19C18 19.55 17.55 20 17 20Z\" fill=\"#007EE2\"\/><\/svg>\n\t\t\t\t\t<time class=\"entry-date published\" datetime=\"2024-12-02T20:04:04+01:00\">2 D\u00e9c 2024<\/time><time class=\"updated\" datetime=\"2025-05-10T19:10:26+02:00\">10 mai 2025<\/time>\t\t\t\t<\/span>\n\t\t\t\t<\/div><!-- .entry-taxonomies -->\n\t<h6 class=\"entry-title\"><a href=\"https:\/\/tolunacorporate.com\/fr\/observatoire-parlement-vague-7\/\" rel=\"bookmark\">Observatoire Parlement \u2013 Vague 7<\/a><\/h6><\/header><!-- .entry-header -->\n<footer class=\"entry-footer\">\n\t\t\t<div class=\"entry-actions\">\n\t\t\t<p class=\"more-link-wrap\">\n\t\t\t\t<a href=\"https:\/\/tolunacorporate.com\/fr\/observatoire-parlement-vague-7\/\" class=\"post-more-link\">\n\t\t\t\t\tEN SAVOIR PLUS<span class=\"screen-reader-text\"> Observatoire Parlement \u2013 Vague 7<\/span><span class=\"toluna-svg-iconset svg-baseline\"><svg width=\"24\" height=\"25\" viewBox=\"0 0 24 25\" fill=\"none\" xmlns=\"http:\/\/www.w3.org\/2000\/svg\"><g clip-path=\"url(#clip0_3349_8828)\"><path d=\"M7.38048 21.9288C7.87048 22.4188 8.66048 22.4188 9.15048 21.9288L17.4605 13.6187C17.8505 13.2287 17.8505 12.5988 17.4605 12.2087L9.15048 3.89875C8.66048 3.40875 7.87048 3.40875 7.38048 3.89875C6.89048 4.38875 6.89048 5.17875 7.38048 5.66875L14.6205 12.9187L7.37048 20.1688C6.89048 20.6488 6.89048 21.4488 7.38048 21.9288Z\" fill=\"#007EE2\"\/><\/g><defs><clipPath id=\"clip0_3349_8828\"><rect width=\"24\" height=\"24\" fill=\"white\" transform=\"translate(0 0.917969)\"\/><\/clipPath><\/defs><\/svg><\/span>\t\t\t\t<\/a>\n\t\t\t<\/p>\n\t\t<\/div><!-- .entry-actions -->\n\t\t<\/footer><!-- .entry-footer -->\n\t<\/div>\n<\/article>\n<article class=\"entry content-bg loop-entry post-13552 post type-post status-publish format-standard has-post-thumbnail hentry category-france-fr tag-poll-2\">\n\t    <!-- toluna-thumbnail-ratio-1-1 -->\n\t\t<a class=\"post-thumbnail\" href=\"https:\/\/tolunacorporate.com\/fr\/barometre-de-confiance-politique-novembre-2024\/\">\n\t\t\t<div class=\"post-thumbnail-inner\">\n\t\t\t\t<img decoding=\"async\" width=\"293\" height=\"294\" src=\"https:\/\/tolunacorporate.com\/wp-content\/uploads\/2025\/05\/Barometre-de-confiance-politique-\u2013-Novembre-2024.png\" class=\"attachment-large size-large wp-post-image\" alt=\"Barom\u00e8tre de confiance politique \u2013 Novembre 2024\" srcset=\"https:\/\/tolunacorporate.com\/wp-content\/uploads\/2025\/05\/Barometre-de-confiance-politique-\u2013-Novembre-2024.png 293w, https:\/\/tolunacorporate.com\/wp-content\/uploads\/2025\/05\/Barometre-de-confiance-politique-\u2013-Novembre-2024-150x150.png 150w\" sizes=\"(max-width: 293px) 100vw, 293px\" style=\"width:100%;height:100.34%;max-width:293px;\" \/>\t\t\t<\/div>\n\t\t<\/a><!-- .post-thumbnail -->\n\t\t\t<div class=\"entry-content-wrap\">\n\t\t<header class=\"entry-header\">\n\t\t<div class=\"entry-taxonomies\">\n\t\t\t\t\t\t<span class=\"posted-on\">\n\t\t\t\t\t<svg width=\"20\" height=\"22\" viewBox=\"0 0 20 22\" fill=\"none\" xmlns=\"http:\/\/www.w3.org\/2000\/svg\"><path d=\"M18 2H17V1C17 0.45 16.55 0 16 0C15.45 0 15 0.45 15 1V2H5V1C5 0.45 4.55 0 4 0C3.45 0 3 0.45 3 1V2H2C0.9 2 0 2.9 0 4V20C0 21.1 0.9 22 2 22H18C19.1 22 20 21.1 20 20V4C20 2.9 19.1 2 18 2ZM17 20H3C2.45 20 2 19.55 2 19V7H18V19C18 19.55 17.55 20 17 20Z\" fill=\"#007EE2\"\/><\/svg>\n\t\t\t\t\t<time class=\"entry-date published\" datetime=\"2024-11-29T20:06:33+01:00\">29 Nov 2024<\/time><time class=\"updated\" datetime=\"2025-05-10T19:15:23+02:00\">10 mai 2025<\/time>\t\t\t\t<\/span>\n\t\t\t\t<\/div><!-- .entry-taxonomies -->\n\t<h6 class=\"entry-title\"><a href=\"https:\/\/tolunacorporate.com\/fr\/barometre-de-confiance-politique-novembre-2024\/\" rel=\"bookmark\">Barom\u00e8tre de confiance politique \u2013 Novembre 2024<\/a><\/h6><\/header><!-- .entry-header -->\n<footer class=\"entry-footer\">\n\t\t\t<div class=\"entry-actions\">\n\t\t\t<p class=\"more-link-wrap\">\n\t\t\t\t<a href=\"https:\/\/tolunacorporate.com\/fr\/barometre-de-confiance-politique-novembre-2024\/\" class=\"post-more-link\">\n\t\t\t\t\tEN SAVOIR PLUS<span class=\"screen-reader-text\"> Barom\u00e8tre de confiance politique \u2013 Novembre 2024<\/span><span class=\"toluna-svg-iconset svg-baseline\"><svg width=\"24\" height=\"25\" viewBox=\"0 0 24 25\" fill=\"none\" xmlns=\"http:\/\/www.w3.org\/2000\/svg\"><g clip-path=\"url(#clip0_3349_8828)\"><path d=\"M7.38048 21.9288C7.87048 22.4188 8.66048 22.4188 9.15048 21.9288L17.4605 13.6187C17.8505 13.2287 17.8505 12.5988 17.4605 12.2087L9.15048 3.89875C8.66048 3.40875 7.87048 3.40875 7.38048 3.89875C6.89048 4.38875 6.89048 5.17875 7.38048 5.66875L14.6205 12.9187L7.37048 20.1688C6.89048 20.6488 6.89048 21.4488 7.38048 21.9288Z\" fill=\"#007EE2\"\/><\/g><defs><clipPath id=\"clip0_3349_8828\"><rect width=\"24\" height=\"24\" fill=\"white\" transform=\"translate(0 0.917969)\"\/><\/clipPath><\/defs><\/svg><\/span>\t\t\t\t<\/a>\n\t\t\t<\/p>\n\t\t<\/div><!-- .entry-actions -->\n\t\t<\/footer><!-- .entry-footer -->\n\t<\/div>\n<\/article>\n<article class=\"entry content-bg loop-entry post-13561 post type-post status-publish format-standard has-post-thumbnail hentry category-france-fr tag-poll-2\">\n\t    <!-- toluna-thumbnail-ratio-1-1 -->\n\t\t<a class=\"post-thumbnail\" href=\"https:\/\/tolunacorporate.com\/fr\/quelles-solutions-pour-renforcer-la-securite-dans-les-vtc\/\">\n\t\t\t<div class=\"post-thumbnail-inner\">\n\t\t\t\t<img decoding=\"async\" width=\"1024\" height=\"1024\" src=\"https:\/\/tolunacorporate.com\/wp-content\/uploads\/2025\/05\/Quelles-solutions-pour-renforcer-la-securite-dans-les-VTC-1024x1024.jpeg\" class=\"attachment-large size-large wp-post-image\" alt=\"Quelles solutions pour renforcer la s\u00e9curit\u00e9 dans les VTC ?\" srcset=\"https:\/\/tolunacorporate.com\/wp-content\/uploads\/2025\/05\/Quelles-solutions-pour-renforcer-la-securite-dans-les-VTC-1024x1024.jpeg 1024w, https:\/\/tolunacorporate.com\/wp-content\/uploads\/2025\/05\/Quelles-solutions-pour-renforcer-la-securite-dans-les-VTC-300x300.jpeg 300w, https:\/\/tolunacorporate.com\/wp-content\/uploads\/2025\/05\/Quelles-solutions-pour-renforcer-la-securite-dans-les-VTC-150x150.jpeg 150w, https:\/\/tolunacorporate.com\/wp-content\/uploads\/2025\/05\/Quelles-solutions-pour-renforcer-la-securite-dans-les-VTC-768x768.jpeg 768w, https:\/\/tolunacorporate.com\/wp-content\/uploads\/2025\/05\/Quelles-solutions-pour-renforcer-la-securite-dans-les-VTC-1536x1536.jpeg 1536w, https:\/\/tolunacorporate.com\/wp-content\/uploads\/2025\/05\/Quelles-solutions-pour-renforcer-la-securite-dans-les-VTC.jpeg 2048w\" sizes=\"(max-width: 1024px) 100vw, 1024px\" style=\"width:100%;height:100%;max-width:2048px;\" \/>\t\t\t<\/div>\n\t\t<\/a><!-- .post-thumbnail -->\n\t\t\t<div class=\"entry-content-wrap\">\n\t\t<header class=\"entry-header\">\n\t\t<div class=\"entry-taxonomies\">\n\t\t\t\t\t\t<span class=\"posted-on\">\n\t\t\t\t\t<svg width=\"20\" height=\"22\" viewBox=\"0 0 20 22\" fill=\"none\" xmlns=\"http:\/\/www.w3.org\/2000\/svg\"><path d=\"M18 2H17V1C17 0.45 16.55 0 16 0C15.45 0 15 0.45 15 1V2H5V1C5 0.45 4.55 0 4 0C3.45 0 3 0.45 3 1V2H2C0.9 2 0 2.9 0 4V20C0 21.1 0.9 22 2 22H18C19.1 22 20 21.1 20 20V4C20 2.9 19.1 2 18 2ZM17 20H3C2.45 20 2 19.55 2 19V7H18V19C18 19.55 17.55 20 17 20Z\" fill=\"#007EE2\"\/><\/svg>\n\t\t\t\t\t<time class=\"entry-date published\" datetime=\"2024-11-28T20:08:54+01:00\">28 Nov 2024<\/time><time class=\"updated\" datetime=\"2025-05-10T19:17:32+02:00\">10 mai 2025<\/time>\t\t\t\t<\/span>\n\t\t\t\t<\/div><!-- .entry-taxonomies -->\n\t<h6 class=\"entry-title\"><a href=\"https:\/\/tolunacorporate.com\/fr\/quelles-solutions-pour-renforcer-la-securite-dans-les-vtc\/\" rel=\"bookmark\">Quelles solutions pour renforcer la s\u00e9curit\u00e9 dans les VTC ?<\/a><\/h6><\/header><!-- .entry-header -->\n<footer class=\"entry-footer\">\n\t\t\t<div class=\"entry-actions\">\n\t\t\t<p class=\"more-link-wrap\">\n\t\t\t\t<a href=\"https:\/\/tolunacorporate.com\/fr\/quelles-solutions-pour-renforcer-la-securite-dans-les-vtc\/\" class=\"post-more-link\">\n\t\t\t\t\tEN SAVOIR PLUS<span class=\"screen-reader-text\"> Quelles solutions pour renforcer la s\u00e9curit\u00e9 dans les VTC ?<\/span><span class=\"toluna-svg-iconset svg-baseline\"><svg width=\"24\" height=\"25\" viewBox=\"0 0 24 25\" fill=\"none\" xmlns=\"http:\/\/www.w3.org\/2000\/svg\"><g clip-path=\"url(#clip0_3349_8828)\"><path d=\"M7.38048 21.9288C7.87048 22.4188 8.66048 22.4188 9.15048 21.9288L17.4605 13.6187C17.8505 13.2287 17.8505 12.5988 17.4605 12.2087L9.15048 3.89875C8.66048 3.40875 7.87048 3.40875 7.38048 3.89875C6.89048 4.38875 6.89048 5.17875 7.38048 5.66875L14.6205 12.9187L7.37048 20.1688C6.89048 20.6488 6.89048 21.4488 7.38048 21.9288Z\" fill=\"#007EE2\"\/><\/g><defs><clipPath id=\"clip0_3349_8828\"><rect width=\"24\" height=\"24\" fill=\"white\" transform=\"translate(0 0.917969)\"\/><\/clipPath><\/defs><\/svg><\/span>\t\t\t\t<\/a>\n\t\t\t<\/p>\n\t\t<\/div><!-- .entry-actions -->\n\t\t<\/footer><!-- .entry-footer -->\n\t<\/div>\n<\/article>\n<article class=\"entry content-bg loop-entry post-13570 post type-post status-publish format-standard has-post-thumbnail hentry category-france-fr tag-poll-2\">\n\t    <!-- toluna-thumbnail-ratio-1-1 -->\n\t\t<a class=\"post-thumbnail\" href=\"https:\/\/tolunacorporate.com\/fr\/les-jeunes-francais-et-lindustrie\/\">\n\t\t\t<div class=\"post-thumbnail-inner\">\n\t\t\t\t<img decoding=\"async\" width=\"1024\" height=\"1024\" src=\"https:\/\/tolunacorporate.com\/wp-content\/uploads\/2025\/05\/Les-jeunes-Francais-et-lindustrie-1024x1024.jpg\" class=\"attachment-large size-large wp-post-image\" alt=\"Les jeunes Fran\u00e7ais et l\u2019industrie\" srcset=\"https:\/\/tolunacorporate.com\/wp-content\/uploads\/2025\/05\/Les-jeunes-Francais-et-lindustrie-1024x1024.jpg 1024w, https:\/\/tolunacorporate.com\/wp-content\/uploads\/2025\/05\/Les-jeunes-Francais-et-lindustrie-300x300.jpg 300w, https:\/\/tolunacorporate.com\/wp-content\/uploads\/2025\/05\/Les-jeunes-Francais-et-lindustrie-150x150.jpg 150w, https:\/\/tolunacorporate.com\/wp-content\/uploads\/2025\/05\/Les-jeunes-Francais-et-lindustrie-768x768.jpg 768w, https:\/\/tolunacorporate.com\/wp-content\/uploads\/2025\/05\/Les-jeunes-Francais-et-lindustrie-1536x1536.jpg 1536w, https:\/\/tolunacorporate.com\/wp-content\/uploads\/2025\/05\/Les-jeunes-Francais-et-lindustrie.jpg 2048w\" sizes=\"(max-width: 1024px) 100vw, 1024px\" style=\"width:100%;height:100%;max-width:2048px;\" \/>\t\t\t<\/div>\n\t\t<\/a><!-- .post-thumbnail -->\n\t\t\t<div class=\"entry-content-wrap\">\n\t\t<header class=\"entry-header\">\n\t\t<div class=\"entry-taxonomies\">\n\t\t\t\t\t\t<span class=\"posted-on\">\n\t\t\t\t\t<svg width=\"20\" height=\"22\" viewBox=\"0 0 20 22\" fill=\"none\" xmlns=\"http:\/\/www.w3.org\/2000\/svg\"><path d=\"M18 2H17V1C17 0.45 16.55 0 16 0C15.45 0 15 0.45 15 1V2H5V1C5 0.45 4.55 0 4 0C3.45 0 3 0.45 3 1V2H2C0.9 2 0 2.9 0 4V20C0 21.1 0.9 22 2 22H18C19.1 22 20 21.1 20 20V4C20 2.9 19.1 2 18 2ZM17 20H3C2.45 20 2 19.55 2 19V7H18V19C18 19.55 17.55 20 17 20Z\" fill=\"#007EE2\"\/><\/svg>\n\t\t\t\t\t<time class=\"entry-date published\" datetime=\"2024-11-21T20:23:03+01:00\">21 Nov 2024<\/time><time class=\"updated\" datetime=\"2025-05-10T19:19:18+02:00\">10 mai 2025<\/time>\t\t\t\t<\/span>\n\t\t\t\t<\/div><!-- .entry-taxonomies -->\n\t<h6 class=\"entry-title\"><a href=\"https:\/\/tolunacorporate.com\/fr\/les-jeunes-francais-et-lindustrie\/\" rel=\"bookmark\">Les jeunes Fran\u00e7ais et l\u2019industrie<\/a><\/h6><\/header><!-- .entry-header -->\n<footer class=\"entry-footer\">\n\t\t\t<div class=\"entry-actions\">\n\t\t\t<p class=\"more-link-wrap\">\n\t\t\t\t<a href=\"https:\/\/tolunacorporate.com\/fr\/les-jeunes-francais-et-lindustrie\/\" class=\"post-more-link\">\n\t\t\t\t\tEN SAVOIR PLUS<span class=\"screen-reader-text\"> Les jeunes Fran\u00e7ais et l\u2019industrie<\/span><span class=\"toluna-svg-iconset svg-baseline\"><svg width=\"24\" height=\"25\" viewBox=\"0 0 24 25\" fill=\"none\" xmlns=\"http:\/\/www.w3.org\/2000\/svg\"><g clip-path=\"url(#clip0_3349_8828)\"><path d=\"M7.38048 21.9288C7.87048 22.4188 8.66048 22.4188 9.15048 21.9288L17.4605 13.6187C17.8505 13.2287 17.8505 12.5988 17.4605 12.2087L9.15048 3.89875C8.66048 3.40875 7.87048 3.40875 7.38048 3.89875C6.89048 4.38875 6.89048 5.17875 7.38048 5.66875L14.6205 12.9187L7.37048 20.1688C6.89048 20.6488 6.89048 21.4488 7.38048 21.9288Z\" fill=\"#007EE2\"\/><\/g><defs><clipPath id=\"clip0_3349_8828\"><rect width=\"24\" height=\"24\" fill=\"white\" transform=\"translate(0 0.917969)\"\/><\/clipPath><\/defs><\/svg><\/span>\t\t\t\t<\/a>\n\t\t\t<\/p>\n\t\t<\/div><!-- .entry-actions -->\n\t\t<\/footer><!-- .entry-footer -->\n\t<\/div>\n<\/article>\n<article class=\"entry content-bg loop-entry post-13588 post type-post status-publish format-standard has-post-thumbnail hentry category-france-fr tag-poll-2\">\n\t    <!-- toluna-thumbnail-ratio-1-1 -->\n\t\t<a class=\"post-thumbnail\" href=\"https:\/\/tolunacorporate.com\/fr\/questions-dactualite-dans-le-cadre-de-la-niche-parlementaire-2024\/\">\n\t\t\t<div class=\"post-thumbnail-inner\">\n\t\t\t\t<img decoding=\"async\" width=\"500\" height=\"500\" src=\"https:\/\/tolunacorporate.com\/wp-content\/uploads\/2025\/05\/Questions-dactualite-dans-le-cadre-de-la-niche-parlementaire-2024.jpg\" class=\"attachment-large size-large wp-post-image\" alt=\"Questions d\u2019actualit\u00e9 dans le cadre de la niche parlementaire 2024\" srcset=\"https:\/\/tolunacorporate.com\/wp-content\/uploads\/2025\/05\/Questions-dactualite-dans-le-cadre-de-la-niche-parlementaire-2024.jpg 500w, https:\/\/tolunacorporate.com\/wp-content\/uploads\/2025\/05\/Questions-dactualite-dans-le-cadre-de-la-niche-parlementaire-2024-300x300.jpg 300w, https:\/\/tolunacorporate.com\/wp-content\/uploads\/2025\/05\/Questions-dactualite-dans-le-cadre-de-la-niche-parlementaire-2024-150x150.jpg 150w\" sizes=\"(max-width: 500px) 100vw, 500px\" style=\"width:100%;height:100%;max-width:500px;\" \/>\t\t\t<\/div>\n\t\t<\/a><!-- .post-thumbnail -->\n\t\t\t<div class=\"entry-content-wrap\">\n\t\t<header class=\"entry-header\">\n\t\t<div class=\"entry-taxonomies\">\n\t\t\t\t\t\t<span class=\"posted-on\">\n\t\t\t\t\t<svg width=\"20\" height=\"22\" viewBox=\"0 0 20 22\" fill=\"none\" xmlns=\"http:\/\/www.w3.org\/2000\/svg\"><path d=\"M18 2H17V1C17 0.45 16.55 0 16 0C15.45 0 15 0.45 15 1V2H5V1C5 0.45 4.55 0 4 0C3.45 0 3 0.45 3 1V2H2C0.9 2 0 2.9 0 4V20C0 21.1 0.9 22 2 22H18C19.1 22 20 21.1 20 20V4C20 2.9 19.1 2 18 2ZM17 20H3C2.45 20 2 19.55 2 19V7H18V19C18 19.55 17.55 20 17 20Z\" fill=\"#007EE2\"\/><\/svg>\n\t\t\t\t\t<time class=\"entry-date published\" datetime=\"2024-11-20T20:29:57+01:00\">20 Nov 2024<\/time><time class=\"updated\" datetime=\"2025-05-10T19:22:14+02:00\">10 mai 2025<\/time>\t\t\t\t<\/span>\n\t\t\t\t<\/div><!-- .entry-taxonomies -->\n\t<h6 class=\"entry-title\"><a href=\"https:\/\/tolunacorporate.com\/fr\/questions-dactualite-dans-le-cadre-de-la-niche-parlementaire-2024\/\" rel=\"bookmark\">Questions d\u2019actualit\u00e9 dans le cadre de la niche parlementaire 2024<\/a><\/h6><\/header><!-- .entry-header -->\n<footer class=\"entry-footer\">\n\t\t\t<div class=\"entry-actions\">\n\t\t\t<p class=\"more-link-wrap\">\n\t\t\t\t<a href=\"https:\/\/tolunacorporate.com\/fr\/questions-dactualite-dans-le-cadre-de-la-niche-parlementaire-2024\/\" class=\"post-more-link\">\n\t\t\t\t\tEN SAVOIR PLUS<span class=\"screen-reader-text\"> Questions d\u2019actualit\u00e9 dans le cadre de la niche parlementaire 2024<\/span><span class=\"toluna-svg-iconset svg-baseline\"><svg width=\"24\" height=\"25\" viewBox=\"0 0 24 25\" fill=\"none\" xmlns=\"http:\/\/www.w3.org\/2000\/svg\"><g clip-path=\"url(#clip0_3349_8828)\"><path d=\"M7.38048 21.9288C7.87048 22.4188 8.66048 22.4188 9.15048 21.9288L17.4605 13.6187C17.8505 13.2287 17.8505 12.5988 17.4605 12.2087L9.15048 3.89875C8.66048 3.40875 7.87048 3.40875 7.38048 3.89875C6.89048 4.38875 6.89048 5.17875 7.38048 5.66875L14.6205 12.9187L7.37048 20.1688C6.89048 20.6488 6.89048 21.4488 7.38048 21.9288Z\" fill=\"#007EE2\"\/><\/g><defs><clipPath id=\"clip0_3349_8828\"><rect width=\"24\" height=\"24\" fill=\"white\" transform=\"translate(0 0.917969)\"\/><\/clipPath><\/defs><\/svg><\/span>\t\t\t\t<\/a>\n\t\t\t<\/p>\n\t\t<\/div><!-- .entry-actions -->\n\t\t<\/footer><!-- .entry-footer -->\n\t<\/div>\n<\/article>\n<article class=\"entry content-bg loop-entry post-13579 post type-post status-publish format-standard has-post-thumbnail hentry category-france-fr tag-poll-2\">\n\t    <!-- toluna-thumbnail-ratio-1-1 -->\n\t\t<a class=\"post-thumbnail\" href=\"https:\/\/tolunacorporate.com\/fr\/regard-des-francais-sur-les-enjeux-lies-au-vapotage-vague-8\/\">\n\t\t\t<div class=\"post-thumbnail-inner\">\n\t\t\t\t<img decoding=\"async\" width=\"1024\" height=\"1024\" src=\"https:\/\/tolunacorporate.com\/wp-content\/uploads\/2025\/05\/Regard-des-Francais-sur-les-enjeux-lies-au-vapotage-\u2013-Vague-8-1024x1024.jpg\" class=\"attachment-large size-large wp-post-image\" alt=\"Regard des Fran\u00e7ais sur les enjeux li\u00e9s au vapotage \u2013 Vague 8\" srcset=\"https:\/\/tolunacorporate.com\/wp-content\/uploads\/2025\/05\/Regard-des-Francais-sur-les-enjeux-lies-au-vapotage-\u2013-Vague-8-1024x1024.jpg 1024w, https:\/\/tolunacorporate.com\/wp-content\/uploads\/2025\/05\/Regard-des-Francais-sur-les-enjeux-lies-au-vapotage-\u2013-Vague-8-300x300.jpg 300w, https:\/\/tolunacorporate.com\/wp-content\/uploads\/2025\/05\/Regard-des-Francais-sur-les-enjeux-lies-au-vapotage-\u2013-Vague-8-150x150.jpg 150w, https:\/\/tolunacorporate.com\/wp-content\/uploads\/2025\/05\/Regard-des-Francais-sur-les-enjeux-lies-au-vapotage-\u2013-Vague-8-768x768.jpg 768w, https:\/\/tolunacorporate.com\/wp-content\/uploads\/2025\/05\/Regard-des-Francais-sur-les-enjeux-lies-au-vapotage-\u2013-Vague-8-1536x1536.jpg 1536w, https:\/\/tolunacorporate.com\/wp-content\/uploads\/2025\/05\/Regard-des-Francais-sur-les-enjeux-lies-au-vapotage-\u2013-Vague-8.jpg 2048w\" sizes=\"(max-width: 1024px) 100vw, 1024px\" style=\"width:100%;height:100%;max-width:2048px;\" \/>\t\t\t<\/div>\n\t\t<\/a><!-- .post-thumbnail -->\n\t\t\t<div class=\"entry-content-wrap\">\n\t\t<header class=\"entry-header\">\n\t\t<div class=\"entry-taxonomies\">\n\t\t\t\t\t\t<span class=\"posted-on\">\n\t\t\t\t\t<svg width=\"20\" height=\"22\" viewBox=\"0 0 20 22\" fill=\"none\" xmlns=\"http:\/\/www.w3.org\/2000\/svg\"><path d=\"M18 2H17V1C17 0.45 16.55 0 16 0C15.45 0 15 0.45 15 1V2H5V1C5 0.45 4.55 0 4 0C3.45 0 3 0.45 3 1V2H2C0.9 2 0 2.9 0 4V20C0 21.1 0.9 22 2 22H18C19.1 22 20 21.1 20 20V4C20 2.9 19.1 2 18 2ZM17 20H3C2.45 20 2 19.55 2 19V7H18V19C18 19.55 17.55 20 17 20Z\" fill=\"#007EE2\"\/><\/svg>\n\t\t\t\t\t<time class=\"entry-date published\" datetime=\"2024-11-20T20:28:05+01:00\">20 Nov 2024<\/time><time class=\"updated\" datetime=\"2025-05-10T19:25:29+02:00\">10 mai 2025<\/time>\t\t\t\t<\/span>\n\t\t\t\t<\/div><!-- .entry-taxonomies -->\n\t<h6 class=\"entry-title\"><a href=\"https:\/\/tolunacorporate.com\/fr\/regard-des-francais-sur-les-enjeux-lies-au-vapotage-vague-8\/\" rel=\"bookmark\">Regard des Fran\u00e7ais sur les enjeux li\u00e9s au vapotage \u2013 Vague 8<\/a><\/h6><\/header><!-- .entry-header -->\n<footer class=\"entry-footer\">\n\t\t\t<div class=\"entry-actions\">\n\t\t\t<p class=\"more-link-wrap\">\n\t\t\t\t<a href=\"https:\/\/tolunacorporate.com\/fr\/regard-des-francais-sur-les-enjeux-lies-au-vapotage-vague-8\/\" class=\"post-more-link\">\n\t\t\t\t\tEN SAVOIR PLUS<span class=\"screen-reader-text\"> Regard des Fran\u00e7ais sur les enjeux li\u00e9s au vapotage \u2013 Vague 8<\/span><span class=\"toluna-svg-iconset svg-baseline\"><svg width=\"24\" height=\"25\" viewBox=\"0 0 24 25\" fill=\"none\" xmlns=\"http:\/\/www.w3.org\/2000\/svg\"><g clip-path=\"url(#clip0_3349_8828)\"><path d=\"M7.38048 21.9288C7.87048 22.4188 8.66048 22.4188 9.15048 21.9288L17.4605 13.6187C17.8505 13.2287 17.8505 12.5988 17.4605 12.2087L9.15048 3.89875C8.66048 3.40875 7.87048 3.40875 7.38048 3.89875C6.89048 4.38875 6.89048 5.17875 7.38048 5.66875L14.6205 12.9187L7.37048 20.1688C6.89048 20.6488 6.89048 21.4488 7.38048 21.9288Z\" fill=\"#007EE2\"\/><\/g><defs><clipPath id=\"clip0_3349_8828\"><rect width=\"24\" height=\"24\" fill=\"white\" transform=\"translate(0 0.917969)\"\/><\/clipPath><\/defs><\/svg><\/span>\t\t\t\t<\/a>\n\t\t\t<\/p>\n\t\t<\/div><!-- .entry-actions -->\n\t\t<\/footer><!-- .entry-footer -->\n\t<\/div>\n<\/article>\n<article class=\"entry content-bg loop-entry post-13597 post type-post status-publish format-standard has-post-thumbnail hentry category-france-fr tag-poll-2\">\n\t    <!-- toluna-thumbnail-ratio-1-1 -->\n\t\t<a class=\"post-thumbnail\" href=\"https:\/\/tolunacorporate.com\/fr\/les-francais-et-les-nouvelles-mesures-pour-lecole\/\">\n\t\t\t<div class=\"post-thumbnail-inner\">\n\t\t\t\t<img decoding=\"async\" width=\"1024\" height=\"1024\" src=\"https:\/\/tolunacorporate.com\/wp-content\/uploads\/2025\/05\/Les-Francais-et-les-nouvelles-mesures-pour-lEcole-1024x1024.jpg\" class=\"attachment-large size-large wp-post-image\" alt=\"Les Fran\u00e7ais et les nouvelles mesures pour l\u2019Ecole\" srcset=\"https:\/\/tolunacorporate.com\/wp-content\/uploads\/2025\/05\/Les-Francais-et-les-nouvelles-mesures-pour-lEcole-1024x1024.jpg 1024w, https:\/\/tolunacorporate.com\/wp-content\/uploads\/2025\/05\/Les-Francais-et-les-nouvelles-mesures-pour-lEcole-300x300.jpg 300w, https:\/\/tolunacorporate.com\/wp-content\/uploads\/2025\/05\/Les-Francais-et-les-nouvelles-mesures-pour-lEcole-150x150.jpg 150w, https:\/\/tolunacorporate.com\/wp-content\/uploads\/2025\/05\/Les-Francais-et-les-nouvelles-mesures-pour-lEcole-768x768.jpg 768w, https:\/\/tolunacorporate.com\/wp-content\/uploads\/2025\/05\/Les-Francais-et-les-nouvelles-mesures-pour-lEcole-1536x1536.jpg 1536w, https:\/\/tolunacorporate.com\/wp-content\/uploads\/2025\/05\/Les-Francais-et-les-nouvelles-mesures-pour-lEcole.jpg 2048w\" sizes=\"(max-width: 1024px) 100vw, 1024px\" style=\"width:100%;height:100%;max-width:2048px;\" \/>\t\t\t<\/div>\n\t\t<\/a><!-- .post-thumbnail -->\n\t\t\t<div class=\"entry-content-wrap\">\n\t\t<header class=\"entry-header\">\n\t\t<div class=\"entry-taxonomies\">\n\t\t\t\t\t\t<span class=\"posted-on\">\n\t\t\t\t\t<svg width=\"20\" height=\"22\" viewBox=\"0 0 20 22\" fill=\"none\" xmlns=\"http:\/\/www.w3.org\/2000\/svg\"><path d=\"M18 2H17V1C17 0.45 16.55 0 16 0C15.45 0 15 0.45 15 1V2H5V1C5 0.45 4.55 0 4 0C3.45 0 3 0.45 3 1V2H2C0.9 2 0 2.9 0 4V20C0 21.1 0.9 22 2 22H18C19.1 22 20 21.1 20 20V4C20 2.9 19.1 2 18 2ZM17 20H3C2.45 20 2 19.55 2 19V7H18V19C18 19.55 17.55 20 17 20Z\" fill=\"#007EE2\"\/><\/svg>\n\t\t\t\t\t<time class=\"entry-date published\" datetime=\"2024-11-12T20:42:44+01:00\">12 Nov 2024<\/time><time class=\"updated\" datetime=\"2025-05-10T19:29:32+02:00\">10 mai 2025<\/time>\t\t\t\t<\/span>\n\t\t\t\t<\/div><!-- .entry-taxonomies -->\n\t<h6 class=\"entry-title\"><a href=\"https:\/\/tolunacorporate.com\/fr\/les-francais-et-les-nouvelles-mesures-pour-lecole\/\" rel=\"bookmark\">Les Fran\u00e7ais et les nouvelles mesures pour l\u2019Ecole<\/a><\/h6><\/header><!-- .entry-header -->\n<footer class=\"entry-footer\">\n\t\t\t<div class=\"entry-actions\">\n\t\t\t<p class=\"more-link-wrap\">\n\t\t\t\t<a href=\"https:\/\/tolunacorporate.com\/fr\/les-francais-et-les-nouvelles-mesures-pour-lecole\/\" class=\"post-more-link\">\n\t\t\t\t\tEN SAVOIR PLUS<span class=\"screen-reader-text\"> Les Fran\u00e7ais et les nouvelles mesures pour l\u2019Ecole<\/span><span class=\"toluna-svg-iconset svg-baseline\"><svg width=\"24\" height=\"25\" viewBox=\"0 0 24 25\" fill=\"none\" xmlns=\"http:\/\/www.w3.org\/2000\/svg\"><g clip-path=\"url(#clip0_3349_8828)\"><path d=\"M7.38048 21.9288C7.87048 22.4188 8.66048 22.4188 9.15048 21.9288L17.4605 13.6187C17.8505 13.2287 17.8505 12.5988 17.4605 12.2087L9.15048 3.89875C8.66048 3.40875 7.87048 3.40875 7.38048 3.89875C6.89048 4.38875 6.89048 5.17875 7.38048 5.66875L14.6205 12.9187L7.37048 20.1688C6.89048 20.6488 6.89048 21.4488 7.38048 21.9288Z\" fill=\"#007EE2\"\/><\/g><defs><clipPath id=\"clip0_3349_8828\"><rect width=\"24\" height=\"24\" fill=\"white\" transform=\"translate(0 0.917969)\"\/><\/clipPath><\/defs><\/svg><\/span>\t\t\t\t<\/a>\n\t\t\t<\/p>\n\t\t<\/div><!-- .entry-actions -->\n\t\t<\/footer><!-- .entry-footer -->\n\t<\/div>\n<\/article>\n<article class=\"entry content-bg loop-entry post-13615 post type-post status-publish format-standard has-post-thumbnail hentry category-france-fr tag-poll-2\">\n\t    <!-- toluna-thumbnail-ratio-1-1 -->\n\t\t<a class=\"post-thumbnail\" href=\"https:\/\/tolunacorporate.com\/fr\/barometre-de-la-communication-locale-8e-edition\/\">\n\t\t\t<div class=\"post-thumbnail-inner\">\n\t\t\t\t<img decoding=\"async\" width=\"757\" height=\"757\" src=\"https:\/\/tolunacorporate.com\/wp-content\/uploads\/2025\/05\/Barometre-de-la-communication-locale-\u2013-8e-edition.jpg\" class=\"attachment-large size-large wp-post-image\" alt=\"Barom\u00e8tre de la communication locale \u2013 8e \u00e9dition\" srcset=\"https:\/\/tolunacorporate.com\/wp-content\/uploads\/2025\/05\/Barometre-de-la-communication-locale-\u2013-8e-edition.jpg 757w, https:\/\/tolunacorporate.com\/wp-content\/uploads\/2025\/05\/Barometre-de-la-communication-locale-\u2013-8e-edition-300x300.jpg 300w, https:\/\/tolunacorporate.com\/wp-content\/uploads\/2025\/05\/Barometre-de-la-communication-locale-\u2013-8e-edition-150x150.jpg 150w\" sizes=\"(max-width: 757px) 100vw, 757px\" style=\"width:100%;height:100%;max-width:757px;\" \/>\t\t\t<\/div>\n\t\t<\/a><!-- .post-thumbnail -->\n\t\t\t<div class=\"entry-content-wrap\">\n\t\t<header class=\"entry-header\">\n\t\t<div class=\"entry-taxonomies\">\n\t\t\t\t\t\t<span class=\"posted-on\">\n\t\t\t\t\t<svg width=\"20\" height=\"22\" viewBox=\"0 0 20 22\" fill=\"none\" xmlns=\"http:\/\/www.w3.org\/2000\/svg\"><path d=\"M18 2H17V1C17 0.45 16.55 0 16 0C15.45 0 15 0.45 15 1V2H5V1C5 0.45 4.55 0 4 0C3.45 0 3 0.45 3 1V2H2C0.9 2 0 2.9 0 4V20C0 21.1 0.9 22 2 22H18C19.1 22 20 21.1 20 20V4C20 2.9 19.1 2 18 2ZM17 20H3C2.45 20 2 19.55 2 19V7H18V19C18 19.55 17.55 20 17 20Z\" fill=\"#007EE2\"\/><\/svg>\n\t\t\t\t\t<time class=\"entry-date published\" datetime=\"2024-11-07T20:47:04+01:00\">7 Nov 2024<\/time><time class=\"updated\" datetime=\"2025-05-07T20:49:28+02:00\">7 mai 2025<\/time>\t\t\t\t<\/span>\n\t\t\t\t<\/div><!-- .entry-taxonomies -->\n\t<h6 class=\"entry-title\"><a href=\"https:\/\/tolunacorporate.com\/fr\/barometre-de-la-communication-locale-8e-edition\/\" rel=\"bookmark\">Barom\u00e8tre de la communication locale \u2013 8e \u00e9dition<\/a><\/h6><\/header><!-- .entry-header -->\n<footer class=\"entry-footer\">\n\t\t\t<div class=\"entry-actions\">\n\t\t\t<p class=\"more-link-wrap\">\n\t\t\t\t<a href=\"https:\/\/tolunacorporate.com\/fr\/barometre-de-la-communication-locale-8e-edition\/\" class=\"post-more-link\">\n\t\t\t\t\tEN SAVOIR PLUS<span class=\"screen-reader-text\"> Barom\u00e8tre de la communication locale \u2013 8e \u00e9dition<\/span><span class=\"toluna-svg-iconset svg-baseline\"><svg width=\"24\" height=\"25\" viewBox=\"0 0 24 25\" fill=\"none\" xmlns=\"http:\/\/www.w3.org\/2000\/svg\"><g clip-path=\"url(#clip0_3349_8828)\"><path d=\"M7.38048 21.9288C7.87048 22.4188 8.66048 22.4188 9.15048 21.9288L17.4605 13.6187C17.8505 13.2287 17.8505 12.5988 17.4605 12.2087L9.15048 3.89875C8.66048 3.40875 7.87048 3.40875 7.38048 3.89875C6.89048 4.38875 6.89048 5.17875 7.38048 5.66875L14.6205 12.9187L7.37048 20.1688C6.89048 20.6488 6.89048 21.4488 7.38048 21.9288Z\" fill=\"#007EE2\"\/><\/g><defs><clipPath id=\"clip0_3349_8828\"><rect width=\"24\" height=\"24\" fill=\"white\" transform=\"translate(0 0.917969)\"\/><\/clipPath><\/defs><\/svg><\/span>\t\t\t\t<\/a>\n\t\t\t<\/p>\n\t\t<\/div><!-- .entry-actions -->\n\t\t<\/footer><!-- .entry-footer -->\n\t<\/div>\n<\/article>\n<article class=\"entry content-bg loop-entry post-13606 post type-post status-publish format-standard has-post-thumbnail hentry category-france-fr tag-poll-2\">\n\t    <!-- toluna-thumbnail-ratio-1-1 -->\n\t\t<a class=\"post-thumbnail\" href=\"https:\/\/tolunacorporate.com\/fr\/les-francais-et-la-memoire\/\">\n\t\t\t<div class=\"post-thumbnail-inner\">\n\t\t\t\t<img decoding=\"async\" width=\"1024\" height=\"1024\" src=\"https:\/\/tolunacorporate.com\/wp-content\/uploads\/2025\/05\/Les-Francais-et-la-memoire-1024x1024.jpg\" class=\"attachment-large size-large wp-post-image\" alt=\"Les Fran\u00e7ais et la m\u00e9moire\" srcset=\"https:\/\/tolunacorporate.com\/wp-content\/uploads\/2025\/05\/Les-Francais-et-la-memoire-1024x1024.jpg 1024w, https:\/\/tolunacorporate.com\/wp-content\/uploads\/2025\/05\/Les-Francais-et-la-memoire-300x300.jpg 300w, https:\/\/tolunacorporate.com\/wp-content\/uploads\/2025\/05\/Les-Francais-et-la-memoire-150x150.jpg 150w, https:\/\/tolunacorporate.com\/wp-content\/uploads\/2025\/05\/Les-Francais-et-la-memoire-768x768.jpg 768w, https:\/\/tolunacorporate.com\/wp-content\/uploads\/2025\/05\/Les-Francais-et-la-memoire-1536x1536.jpg 1536w, https:\/\/tolunacorporate.com\/wp-content\/uploads\/2025\/05\/Les-Francais-et-la-memoire.jpg 2048w\" sizes=\"(max-width: 1024px) 100vw, 1024px\" style=\"width:100%;height:100%;max-width:2048px;\" \/>\t\t\t<\/div>\n\t\t<\/a><!-- .post-thumbnail -->\n\t\t\t<div class=\"entry-content-wrap\">\n\t\t<header class=\"entry-header\">\n\t\t<div class=\"entry-taxonomies\">\n\t\t\t\t\t\t<span class=\"posted-on\">\n\t\t\t\t\t<svg width=\"20\" height=\"22\" viewBox=\"0 0 20 22\" fill=\"none\" xmlns=\"http:\/\/www.w3.org\/2000\/svg\"><path d=\"M18 2H17V1C17 0.45 16.55 0 16 0C15.45 0 15 0.45 15 1V2H5V1C5 0.45 4.55 0 4 0C3.45 0 3 0.45 3 1V2H2C0.9 2 0 2.9 0 4V20C0 21.1 0.9 22 2 22H18C19.1 22 20 21.1 20 20V4C20 2.9 19.1 2 18 2ZM17 20H3C2.45 20 2 19.55 2 19V7H18V19C18 19.55 17.55 20 17 20Z\" fill=\"#007EE2\"\/><\/svg>\n\t\t\t\t\t<time class=\"entry-date published\" datetime=\"2024-11-07T20:44:57+01:00\">7 Nov 2024<\/time><time class=\"updated\" datetime=\"2025-05-10T20:38:16+02:00\">10 mai 2025<\/time>\t\t\t\t<\/span>\n\t\t\t\t<\/div><!-- .entry-taxonomies -->\n\t<h6 class=\"entry-title\"><a href=\"https:\/\/tolunacorporate.com\/fr\/les-francais-et-la-memoire\/\" rel=\"bookmark\">Les Fran\u00e7ais et la m\u00e9moire<\/a><\/h6><\/header><!-- .entry-header -->\n<footer class=\"entry-footer\">\n\t\t\t<div class=\"entry-actions\">\n\t\t\t<p class=\"more-link-wrap\">\n\t\t\t\t<a href=\"https:\/\/tolunacorporate.com\/fr\/les-francais-et-la-memoire\/\" class=\"post-more-link\">\n\t\t\t\t\tEN SAVOIR PLUS<span class=\"screen-reader-text\"> Les Fran\u00e7ais et la m\u00e9moire<\/span><span class=\"toluna-svg-iconset svg-baseline\"><svg width=\"24\" height=\"25\" viewBox=\"0 0 24 25\" fill=\"none\" xmlns=\"http:\/\/www.w3.org\/2000\/svg\"><g clip-path=\"url(#clip0_3349_8828)\"><path d=\"M7.38048 21.9288C7.87048 22.4188 8.66048 22.4188 9.15048 21.9288L17.4605 13.6187C17.8505 13.2287 17.8505 12.5988 17.4605 12.2087L9.15048 3.89875C8.66048 3.40875 7.87048 3.40875 7.38048 3.89875C6.89048 4.38875 6.89048 5.17875 7.38048 5.66875L14.6205 12.9187L7.37048 20.1688C6.89048 20.6488 6.89048 21.4488 7.38048 21.9288Z\" fill=\"#007EE2\"\/><\/g><defs><clipPath id=\"clip0_3349_8828\"><rect width=\"24\" height=\"24\" fill=\"white\" transform=\"translate(0 0.917969)\"\/><\/clipPath><\/defs><\/svg><\/span>\t\t\t\t<\/a>\n\t\t\t<\/p>\n\t\t<\/div><!-- .entry-actions -->\n\t\t<\/footer><!-- .entry-footer -->\n\t<\/div>\n<\/article>\n<article class=\"entry content-bg loop-entry post-13624 post type-post status-publish format-standard has-post-thumbnail hentry category-france-fr tag-poll-2\">\n\t    <!-- toluna-thumbnail-ratio-1-1 -->\n\t\t<a class=\"post-thumbnail\" href=\"https:\/\/tolunacorporate.com\/fr\/reaction-des-francais-a-lelection-de-donald-trump\/\">\n\t\t\t<div class=\"post-thumbnail-inner\">\n\t\t\t\t<img decoding=\"async\" width=\"1024\" height=\"1024\" src=\"https:\/\/tolunacorporate.com\/wp-content\/uploads\/2025\/05\/Reaction-des-Francais-a-lelection-de-Donald-Trump-1024x1024.jpg\" class=\"attachment-large size-large wp-post-image\" alt=\"R\u00e9action des Fran\u00e7ais \u00e0 l\u2019\u00e9lection de Donald Trump\" srcset=\"https:\/\/tolunacorporate.com\/wp-content\/uploads\/2025\/05\/Reaction-des-Francais-a-lelection-de-Donald-Trump-1024x1024.jpg 1024w, https:\/\/tolunacorporate.com\/wp-content\/uploads\/2025\/05\/Reaction-des-Francais-a-lelection-de-Donald-Trump-300x300.jpg 300w, https:\/\/tolunacorporate.com\/wp-content\/uploads\/2025\/05\/Reaction-des-Francais-a-lelection-de-Donald-Trump-150x150.jpg 150w, https:\/\/tolunacorporate.com\/wp-content\/uploads\/2025\/05\/Reaction-des-Francais-a-lelection-de-Donald-Trump-768x768.jpg 768w, https:\/\/tolunacorporate.com\/wp-content\/uploads\/2025\/05\/Reaction-des-Francais-a-lelection-de-Donald-Trump-1536x1536.jpg 1536w, https:\/\/tolunacorporate.com\/wp-content\/uploads\/2025\/05\/Reaction-des-Francais-a-lelection-de-Donald-Trump.jpg 2048w\" sizes=\"(max-width: 1024px) 100vw, 1024px\" style=\"width:100%;height:100%;max-width:2048px;\" \/>\t\t\t<\/div>\n\t\t<\/a><!-- .post-thumbnail -->\n\t\t\t<div class=\"entry-content-wrap\">\n\t\t<header class=\"entry-header\">\n\t\t<div class=\"entry-taxonomies\">\n\t\t\t\t\t\t<span class=\"posted-on\">\n\t\t\t\t\t<svg width=\"20\" height=\"22\" viewBox=\"0 0 20 22\" fill=\"none\" xmlns=\"http:\/\/www.w3.org\/2000\/svg\"><path d=\"M18 2H17V1C17 0.45 16.55 0 16 0C15.45 0 15 0.45 15 1V2H5V1C5 0.45 4.55 0 4 0C3.45 0 3 0.45 3 1V2H2C0.9 2 0 2.9 0 4V20C0 21.1 0.9 22 2 22H18C19.1 22 20 21.1 20 20V4C20 2.9 19.1 2 18 2ZM17 20H3C2.45 20 2 19.55 2 19V7H18V19C18 19.55 17.55 20 17 20Z\" fill=\"#007EE2\"\/><\/svg>\n\t\t\t\t\t<time class=\"entry-date published\" datetime=\"2024-11-06T20:49:45+01:00\">6 Nov 2024<\/time><time class=\"updated\" datetime=\"2025-05-10T20:40:31+02:00\">10 mai 2025<\/time>\t\t\t\t<\/span>\n\t\t\t\t<\/div><!-- .entry-taxonomies -->\n\t<h6 class=\"entry-title\"><a href=\"https:\/\/tolunacorporate.com\/fr\/reaction-des-francais-a-lelection-de-donald-trump\/\" rel=\"bookmark\">R\u00e9action des Fran\u00e7ais \u00e0 l\u2019\u00e9lection de Donald Trump<\/a><\/h6><\/header><!-- .entry-header -->\n<footer class=\"entry-footer\">\n\t\t\t<div class=\"entry-actions\">\n\t\t\t<p class=\"more-link-wrap\">\n\t\t\t\t<a href=\"https:\/\/tolunacorporate.com\/fr\/reaction-des-francais-a-lelection-de-donald-trump\/\" class=\"post-more-link\">\n\t\t\t\t\tEN SAVOIR PLUS<span class=\"screen-reader-text\"> R\u00e9action des Fran\u00e7ais \u00e0 l\u2019\u00e9lection de Donald Trump<\/span><span class=\"toluna-svg-iconset svg-baseline\"><svg width=\"24\" height=\"25\" viewBox=\"0 0 24 25\" fill=\"none\" xmlns=\"http:\/\/www.w3.org\/2000\/svg\"><g clip-path=\"url(#clip0_3349_8828)\"><path d=\"M7.38048 21.9288C7.87048 22.4188 8.66048 22.4188 9.15048 21.9288L17.4605 13.6187C17.8505 13.2287 17.8505 12.5988 17.4605 12.2087L9.15048 3.89875C8.66048 3.40875 7.87048 3.40875 7.38048 3.89875C6.89048 4.38875 6.89048 5.17875 7.38048 5.66875L14.6205 12.9187L7.37048 20.1688C6.89048 20.6488 6.89048 21.4488 7.38048 21.9288Z\" fill=\"#007EE2\"\/><\/g><defs><clipPath id=\"clip0_3349_8828\"><rect width=\"24\" height=\"24\" fill=\"white\" transform=\"translate(0 0.917969)\"\/><\/clipPath><\/defs><\/svg><\/span>\t\t\t\t<\/a>\n\t\t\t<\/p>\n\t\t<\/div><!-- .entry-actions -->\n\t\t<\/footer><!-- .entry-footer -->\n\t<\/div>\n<\/article>\n<article class=\"entry content-bg loop-entry post-13642 post type-post status-publish format-standard has-post-thumbnail hentry category-france-fr tag-poll-2\">\n\t    <!-- toluna-thumbnail-ratio-1-1 -->\n\t\t<a class=\"post-thumbnail\" href=\"https:\/\/tolunacorporate.com\/fr\/visibilite-et-risques-nocturnes-sur-la-voie-publique-vague-3\/\">\n\t\t\t<div class=\"post-thumbnail-inner\">\n\t\t\t\t<img decoding=\"async\" width=\"500\" height=\"500\" src=\"https:\/\/tolunacorporate.com\/wp-content\/uploads\/2025\/05\/Visibilite-et-risques-nocturnes-sur-la-voie-publique-\u2013-vague-3.jpg\" class=\"attachment-large size-large wp-post-image\" alt=\"Visibilit\u00e9 et risques nocturnes sur la voie publique \u2013 vague 3\" srcset=\"https:\/\/tolunacorporate.com\/wp-content\/uploads\/2025\/05\/Visibilite-et-risques-nocturnes-sur-la-voie-publique-\u2013-vague-3.jpg 500w, https:\/\/tolunacorporate.com\/wp-content\/uploads\/2025\/05\/Visibilite-et-risques-nocturnes-sur-la-voie-publique-\u2013-vague-3-300x300.jpg 300w, https:\/\/tolunacorporate.com\/wp-content\/uploads\/2025\/05\/Visibilite-et-risques-nocturnes-sur-la-voie-publique-\u2013-vague-3-150x150.jpg 150w\" sizes=\"(max-width: 500px) 100vw, 500px\" style=\"width:100%;height:100%;max-width:500px;\" \/>\t\t\t<\/div>\n\t\t<\/a><!-- .post-thumbnail -->\n\t\t\t<div class=\"entry-content-wrap\">\n\t\t<header class=\"entry-header\">\n\t\t<div class=\"entry-taxonomies\">\n\t\t\t\t\t\t<span class=\"posted-on\">\n\t\t\t\t\t<svg width=\"20\" height=\"22\" viewBox=\"0 0 20 22\" fill=\"none\" xmlns=\"http:\/\/www.w3.org\/2000\/svg\"><path d=\"M18 2H17V1C17 0.45 16.55 0 16 0C15.45 0 15 0.45 15 1V2H5V1C5 0.45 4.55 0 4 0C3.45 0 3 0.45 3 1V2H2C0.9 2 0 2.9 0 4V20C0 21.1 0.9 22 2 22H18C19.1 22 20 21.1 20 20V4C20 2.9 19.1 2 18 2ZM17 20H3C2.45 20 2 19.55 2 19V7H18V19C18 19.55 17.55 20 17 20Z\" fill=\"#007EE2\"\/><\/svg>\n\t\t\t\t\t<time class=\"entry-date published\" datetime=\"2024-10-25T20:56:32+02:00\">25 Oct 2024<\/time><time class=\"updated\" datetime=\"2025-05-10T20:47:03+02:00\">10 mai 2025<\/time>\t\t\t\t<\/span>\n\t\t\t\t<\/div><!-- .entry-taxonomies -->\n\t<h6 class=\"entry-title\"><a href=\"https:\/\/tolunacorporate.com\/fr\/visibilite-et-risques-nocturnes-sur-la-voie-publique-vague-3\/\" rel=\"bookmark\">Visibilit\u00e9 et risques nocturnes sur la voie publique \u2013 vague 3<\/a><\/h6><\/header><!-- .entry-header -->\n<footer class=\"entry-footer\">\n\t\t\t<div class=\"entry-actions\">\n\t\t\t<p class=\"more-link-wrap\">\n\t\t\t\t<a href=\"https:\/\/tolunacorporate.com\/fr\/visibilite-et-risques-nocturnes-sur-la-voie-publique-vague-3\/\" class=\"post-more-link\">\n\t\t\t\t\tEN SAVOIR PLUS<span class=\"screen-reader-text\"> Visibilit\u00e9 et risques nocturnes sur la voie publique \u2013 vague 3<\/span><span class=\"toluna-svg-iconset svg-baseline\"><svg width=\"24\" height=\"25\" viewBox=\"0 0 24 25\" fill=\"none\" xmlns=\"http:\/\/www.w3.org\/2000\/svg\"><g clip-path=\"url(#clip0_3349_8828)\"><path d=\"M7.38048 21.9288C7.87048 22.4188 8.66048 22.4188 9.15048 21.9288L17.4605 13.6187C17.8505 13.2287 17.8505 12.5988 17.4605 12.2087L9.15048 3.89875C8.66048 3.40875 7.87048 3.40875 7.38048 3.89875C6.89048 4.38875 6.89048 5.17875 7.38048 5.66875L14.6205 12.9187L7.37048 20.1688C6.89048 20.6488 6.89048 21.4488 7.38048 21.9288Z\" fill=\"#007EE2\"\/><\/g><defs><clipPath id=\"clip0_3349_8828\"><rect width=\"24\" height=\"24\" fill=\"white\" transform=\"translate(0 0.917969)\"\/><\/clipPath><\/defs><\/svg><\/span>\t\t\t\t<\/a>\n\t\t\t<\/p>\n\t\t<\/div><!-- .entry-actions -->\n\t\t<\/footer><!-- .entry-footer -->\n\t<\/div>\n<\/article>\n<article class=\"entry content-bg loop-entry post-13633 post type-post status-publish format-standard has-post-thumbnail hentry category-france-fr tag-poll-2\">\n\t    <!-- toluna-thumbnail-ratio-1-1 -->\n\t\t<a class=\"post-thumbnail\" href=\"https:\/\/tolunacorporate.com\/fr\/barometre-de-confiance-politique-octobre-2024\/\">\n\t\t\t<div class=\"post-thumbnail-inner\">\n\t\t\t\t<img decoding=\"async\" width=\"500\" height=\"500\" src=\"https:\/\/tolunacorporate.com\/wp-content\/uploads\/2025\/05\/Barometre-de-confiance-politique-\u2013-Octobre-2024.png\" class=\"attachment-large size-large wp-post-image\" alt=\"Barom\u00e8tre de confiance politique \u2013 Octobre 2024\" srcset=\"https:\/\/tolunacorporate.com\/wp-content\/uploads\/2025\/05\/Barometre-de-confiance-politique-\u2013-Octobre-2024.png 500w, https:\/\/tolunacorporate.com\/wp-content\/uploads\/2025\/05\/Barometre-de-confiance-politique-\u2013-Octobre-2024-300x300.png 300w, https:\/\/tolunacorporate.com\/wp-content\/uploads\/2025\/05\/Barometre-de-confiance-politique-\u2013-Octobre-2024-150x150.png 150w\" sizes=\"(max-width: 500px) 100vw, 500px\" style=\"width:100%;height:100%;max-width:500px;\" \/>\t\t\t<\/div>\n\t\t<\/a><!-- .post-thumbnail -->\n\t\t\t<div class=\"entry-content-wrap\">\n\t\t<header class=\"entry-header\">\n\t\t<div class=\"entry-taxonomies\">\n\t\t\t\t\t\t<span class=\"posted-on\">\n\t\t\t\t\t<svg width=\"20\" height=\"22\" viewBox=\"0 0 20 22\" fill=\"none\" xmlns=\"http:\/\/www.w3.org\/2000\/svg\"><path d=\"M18 2H17V1C17 0.45 16.55 0 16 0C15.45 0 15 0.45 15 1V2H5V1C5 0.45 4.55 0 4 0C3.45 0 3 0.45 3 1V2H2C0.9 2 0 2.9 0 4V20C0 21.1 0.9 22 2 22H18C19.1 22 20 21.1 20 20V4C20 2.9 19.1 2 18 2ZM17 20H3C2.45 20 2 19.55 2 19V7H18V19C18 19.55 17.55 20 17 20Z\" fill=\"#007EE2\"\/><\/svg>\n\t\t\t\t\t<time class=\"entry-date published\" datetime=\"2024-10-25T20:52:34+02:00\">25 Oct 2024<\/time><time class=\"updated\" datetime=\"2025-05-10T20:50:53+02:00\">10 mai 2025<\/time>\t\t\t\t<\/span>\n\t\t\t\t<\/div><!-- .entry-taxonomies -->\n\t<h6 class=\"entry-title\"><a href=\"https:\/\/tolunacorporate.com\/fr\/barometre-de-confiance-politique-octobre-2024\/\" rel=\"bookmark\">Barom\u00e8tre de confiance politique \u2013 Octobre 2024<\/a><\/h6><\/header><!-- .entry-header -->\n<footer class=\"entry-footer\">\n\t\t\t<div class=\"entry-actions\">\n\t\t\t<p class=\"more-link-wrap\">\n\t\t\t\t<a href=\"https:\/\/tolunacorporate.com\/fr\/barometre-de-confiance-politique-octobre-2024\/\" class=\"post-more-link\">\n\t\t\t\t\tEN SAVOIR PLUS<span class=\"screen-reader-text\"> Barom\u00e8tre de confiance politique \u2013 Octobre 2024<\/span><span class=\"toluna-svg-iconset svg-baseline\"><svg width=\"24\" height=\"25\" viewBox=\"0 0 24 25\" fill=\"none\" xmlns=\"http:\/\/www.w3.org\/2000\/svg\"><g clip-path=\"url(#clip0_3349_8828)\"><path d=\"M7.38048 21.9288C7.87048 22.4188 8.66048 22.4188 9.15048 21.9288L17.4605 13.6187C17.8505 13.2287 17.8505 12.5988 17.4605 12.2087L9.15048 3.89875C8.66048 3.40875 7.87048 3.40875 7.38048 3.89875C6.89048 4.38875 6.89048 5.17875 7.38048 5.66875L14.6205 12.9187L7.37048 20.1688C6.89048 20.6488 6.89048 21.4488 7.38048 21.9288Z\" fill=\"#007EE2\"\/><\/g><defs><clipPath id=\"clip0_3349_8828\"><rect width=\"24\" height=\"24\" fill=\"white\" transform=\"translate(0 0.917969)\"\/><\/clipPath><\/defs><\/svg><\/span>\t\t\t\t<\/a>\n\t\t\t<\/p>\n\t\t<\/div><!-- .entry-actions -->\n\t\t<\/footer><!-- .entry-footer -->\n\t<\/div>\n<\/article>\n<article class=\"entry content-bg loop-entry post-13669 post type-post status-publish format-standard has-post-thumbnail hentry category-france-fr tag-poll-2\">\n\t    <!-- toluna-thumbnail-ratio-1-1 -->\n\t\t<a class=\"post-thumbnail\" href=\"https:\/\/tolunacorporate.com\/fr\/barometre-du-public-du-spectacle-vivant-vague-10\/\">\n\t\t\t<div class=\"post-thumbnail-inner\">\n\t\t\t\t<img decoding=\"async\" width=\"1024\" height=\"1024\" src=\"https:\/\/tolunacorporate.com\/wp-content\/uploads\/2025\/05\/Barometre-du-public-du-spectacle-vivant-\u2013-Vague-10-1024x1024.jpg\" class=\"attachment-large size-large wp-post-image\" alt=\"Barom\u00e8tre du public du spectacle vivant \u2013 Vague 10\" srcset=\"https:\/\/tolunacorporate.com\/wp-content\/uploads\/2025\/05\/Barometre-du-public-du-spectacle-vivant-\u2013-Vague-10-1024x1024.jpg 1024w, https:\/\/tolunacorporate.com\/wp-content\/uploads\/2025\/05\/Barometre-du-public-du-spectacle-vivant-\u2013-Vague-10-300x300.jpg 300w, https:\/\/tolunacorporate.com\/wp-content\/uploads\/2025\/05\/Barometre-du-public-du-spectacle-vivant-\u2013-Vague-10-150x150.jpg 150w, https:\/\/tolunacorporate.com\/wp-content\/uploads\/2025\/05\/Barometre-du-public-du-spectacle-vivant-\u2013-Vague-10-768x768.jpg 768w, https:\/\/tolunacorporate.com\/wp-content\/uploads\/2025\/05\/Barometre-du-public-du-spectacle-vivant-\u2013-Vague-10-1536x1536.jpg 1536w, https:\/\/tolunacorporate.com\/wp-content\/uploads\/2025\/05\/Barometre-du-public-du-spectacle-vivant-\u2013-Vague-10.jpg 2048w\" sizes=\"(max-width: 1024px) 100vw, 1024px\" style=\"width:100%;height:100%;max-width:2048px;\" \/>\t\t\t<\/div>\n\t\t<\/a><!-- .post-thumbnail -->\n\t\t\t<div class=\"entry-content-wrap\">\n\t\t<header class=\"entry-header\">\n\t\t<div class=\"entry-taxonomies\">\n\t\t\t\t\t\t<span class=\"posted-on\">\n\t\t\t\t\t<svg width=\"20\" height=\"22\" viewBox=\"0 0 20 22\" fill=\"none\" xmlns=\"http:\/\/www.w3.org\/2000\/svg\"><path d=\"M18 2H17V1C17 0.45 16.55 0 16 0C15.45 0 15 0.45 15 1V2H5V1C5 0.45 4.55 0 4 0C3.45 0 3 0.45 3 1V2H2C0.9 2 0 2.9 0 4V20C0 21.1 0.9 22 2 22H18C19.1 22 20 21.1 20 20V4C20 2.9 19.1 2 18 2ZM17 20H3C2.45 20 2 19.55 2 19V7H18V19C18 19.55 17.55 20 17 20Z\" fill=\"#007EE2\"\/><\/svg>\n\t\t\t\t\t<time class=\"entry-date published\" datetime=\"2024-10-18T21:07:09+02:00\">18 Oct 2024<\/time><time class=\"updated\" datetime=\"2025-05-10T20:54:18+02:00\">10 mai 2025<\/time>\t\t\t\t<\/span>\n\t\t\t\t<\/div><!-- .entry-taxonomies -->\n\t<h6 class=\"entry-title\"><a href=\"https:\/\/tolunacorporate.com\/fr\/barometre-du-public-du-spectacle-vivant-vague-10\/\" rel=\"bookmark\">Barom\u00e8tre du public du spectacle vivant \u2013 Vague 10<\/a><\/h6><\/header><!-- .entry-header -->\n<footer class=\"entry-footer\">\n\t\t\t<div class=\"entry-actions\">\n\t\t\t<p class=\"more-link-wrap\">\n\t\t\t\t<a href=\"https:\/\/tolunacorporate.com\/fr\/barometre-du-public-du-spectacle-vivant-vague-10\/\" class=\"post-more-link\">\n\t\t\t\t\tEN SAVOIR PLUS<span class=\"screen-reader-text\"> Barom\u00e8tre du public du spectacle vivant \u2013 Vague 10<\/span><span class=\"toluna-svg-iconset svg-baseline\"><svg width=\"24\" height=\"25\" viewBox=\"0 0 24 25\" fill=\"none\" xmlns=\"http:\/\/www.w3.org\/2000\/svg\"><g clip-path=\"url(#clip0_3349_8828)\"><path d=\"M7.38048 21.9288C7.87048 22.4188 8.66048 22.4188 9.15048 21.9288L17.4605 13.6187C17.8505 13.2287 17.8505 12.5988 17.4605 12.2087L9.15048 3.89875C8.66048 3.40875 7.87048 3.40875 7.38048 3.89875C6.89048 4.38875 6.89048 5.17875 7.38048 5.66875L14.6205 12.9187L7.37048 20.1688C6.89048 20.6488 6.89048 21.4488 7.38048 21.9288Z\" fill=\"#007EE2\"\/><\/g><defs><clipPath id=\"clip0_3349_8828\"><rect width=\"24\" height=\"24\" fill=\"white\" transform=\"translate(0 0.917969)\"\/><\/clipPath><\/defs><\/svg><\/span>\t\t\t\t<\/a>\n\t\t\t<\/p>\n\t\t<\/div><!-- .entry-actions -->\n\t\t<\/footer><!-- .entry-footer -->\n\t<\/div>\n<\/article>\n<article class=\"entry content-bg loop-entry post-13660 post type-post status-publish format-standard has-post-thumbnail hentry category-france-fr tag-poll-2\">\n\t    <!-- toluna-thumbnail-ratio-1-1 -->\n\t\t<a class=\"post-thumbnail\" href=\"https:\/\/tolunacorporate.com\/fr\/observatoire-du-numerique-en-sante-vague-2\/\">\n\t\t\t<div class=\"post-thumbnail-inner\">\n\t\t\t\t<img decoding=\"async\" width=\"1024\" height=\"1024\" src=\"https:\/\/tolunacorporate.com\/wp-content\/uploads\/2025\/05\/Observatoire-du-numerique-en-sante-\u2013-Vague-2-1024x1024.jpg\" class=\"attachment-large size-large wp-post-image\" alt=\"Observatoire du num\u00e9rique en sant\u00e9 \u2013 Vague 2\" srcset=\"https:\/\/tolunacorporate.com\/wp-content\/uploads\/2025\/05\/Observatoire-du-numerique-en-sante-\u2013-Vague-2-1024x1024.jpg 1024w, https:\/\/tolunacorporate.com\/wp-content\/uploads\/2025\/05\/Observatoire-du-numerique-en-sante-\u2013-Vague-2-300x300.jpg 300w, https:\/\/tolunacorporate.com\/wp-content\/uploads\/2025\/05\/Observatoire-du-numerique-en-sante-\u2013-Vague-2-150x150.jpg 150w, https:\/\/tolunacorporate.com\/wp-content\/uploads\/2025\/05\/Observatoire-du-numerique-en-sante-\u2013-Vague-2-768x768.jpg 768w, https:\/\/tolunacorporate.com\/wp-content\/uploads\/2025\/05\/Observatoire-du-numerique-en-sante-\u2013-Vague-2-1536x1536.jpg 1536w, https:\/\/tolunacorporate.com\/wp-content\/uploads\/2025\/05\/Observatoire-du-numerique-en-sante-\u2013-Vague-2.jpg 2048w\" sizes=\"(max-width: 1024px) 100vw, 1024px\" style=\"width:100%;height:100%;max-width:2048px;\" \/>\t\t\t<\/div>\n\t\t<\/a><!-- .post-thumbnail -->\n\t\t\t<div class=\"entry-content-wrap\">\n\t\t<header class=\"entry-header\">\n\t\t<div class=\"entry-taxonomies\">\n\t\t\t\t\t\t<span class=\"posted-on\">\n\t\t\t\t\t<svg width=\"20\" height=\"22\" viewBox=\"0 0 20 22\" fill=\"none\" xmlns=\"http:\/\/www.w3.org\/2000\/svg\"><path d=\"M18 2H17V1C17 0.45 16.55 0 16 0C15.45 0 15 0.45 15 1V2H5V1C5 0.45 4.55 0 4 0C3.45 0 3 0.45 3 1V2H2C0.9 2 0 2.9 0 4V20C0 21.1 0.9 22 2 22H18C19.1 22 20 21.1 20 20V4C20 2.9 19.1 2 18 2ZM17 20H3C2.45 20 2 19.55 2 19V7H18V19C18 19.55 17.55 20 17 20Z\" fill=\"#007EE2\"\/><\/svg>\n\t\t\t\t\t<time class=\"entry-date published\" datetime=\"2024-10-18T21:04:21+02:00\">18 Oct 2024<\/time><time class=\"updated\" datetime=\"2025-05-07T21:06:39+02:00\">7 mai 2025<\/time>\t\t\t\t<\/span>\n\t\t\t\t<\/div><!-- .entry-taxonomies -->\n\t<h6 class=\"entry-title\"><a href=\"https:\/\/tolunacorporate.com\/fr\/observatoire-du-numerique-en-sante-vague-2\/\" rel=\"bookmark\">Observatoire du num\u00e9rique en sant\u00e9 \u2013 Vague 2<\/a><\/h6><\/header><!-- .entry-header -->\n<footer class=\"entry-footer\">\n\t\t\t<div class=\"entry-actions\">\n\t\t\t<p class=\"more-link-wrap\">\n\t\t\t\t<a href=\"https:\/\/tolunacorporate.com\/fr\/observatoire-du-numerique-en-sante-vague-2\/\" class=\"post-more-link\">\n\t\t\t\t\tEN SAVOIR PLUS<span class=\"screen-reader-text\"> Observatoire du num\u00e9rique en sant\u00e9 \u2013 Vague 2<\/span><span class=\"toluna-svg-iconset svg-baseline\"><svg width=\"24\" height=\"25\" viewBox=\"0 0 24 25\" fill=\"none\" xmlns=\"http:\/\/www.w3.org\/2000\/svg\"><g clip-path=\"url(#clip0_3349_8828)\"><path d=\"M7.38048 21.9288C7.87048 22.4188 8.66048 22.4188 9.15048 21.9288L17.4605 13.6187C17.8505 13.2287 17.8505 12.5988 17.4605 12.2087L9.15048 3.89875C8.66048 3.40875 7.87048 3.40875 7.38048 3.89875C6.89048 4.38875 6.89048 5.17875 7.38048 5.66875L14.6205 12.9187L7.37048 20.1688C6.89048 20.6488 6.89048 21.4488 7.38048 21.9288Z\" fill=\"#007EE2\"\/><\/g><defs><clipPath id=\"clip0_3349_8828\"><rect width=\"24\" height=\"24\" fill=\"white\" transform=\"translate(0 0.917969)\"\/><\/clipPath><\/defs><\/svg><\/span>\t\t\t\t<\/a>\n\t\t\t<\/p>\n\t\t<\/div><!-- .entry-actions -->\n\t\t<\/footer><!-- .entry-footer -->\n\t<\/div>\n<\/article>\n<article class=\"entry content-bg loop-entry post-13651 post type-post status-publish format-standard has-post-thumbnail hentry category-france-fr tag-poll-2\">\n\t    <!-- toluna-thumbnail-ratio-1-1 -->\n\t\t<a class=\"post-thumbnail\" href=\"https:\/\/tolunacorporate.com\/fr\/lautomobile-une-eternelle-jeunesse-cetelem-observatoire-auto-2025\/\">\n\t\t\t<div class=\"post-thumbnail-inner\">\n\t\t\t\t<img decoding=\"async\" width=\"1024\" height=\"1024\" src=\"https:\/\/tolunacorporate.com\/wp-content\/uploads\/2025\/05\/Cetelem-Observatoire-Auto-2025-1024x1024.jpg\" class=\"attachment-large size-large wp-post-image\" alt=\"L\u2019automobile : une \u00e9ternelle jeunesse ? \u2013 Cetelem Observatoire Auto 2025\" srcset=\"https:\/\/tolunacorporate.com\/wp-content\/uploads\/2025\/05\/Cetelem-Observatoire-Auto-2025-1024x1024.jpg 1024w, https:\/\/tolunacorporate.com\/wp-content\/uploads\/2025\/05\/Cetelem-Observatoire-Auto-2025-300x300.jpg 300w, https:\/\/tolunacorporate.com\/wp-content\/uploads\/2025\/05\/Cetelem-Observatoire-Auto-2025-150x150.jpg 150w, https:\/\/tolunacorporate.com\/wp-content\/uploads\/2025\/05\/Cetelem-Observatoire-Auto-2025-768x768.jpg 768w, https:\/\/tolunacorporate.com\/wp-content\/uploads\/2025\/05\/Cetelem-Observatoire-Auto-2025-1536x1536.jpg 1536w, https:\/\/tolunacorporate.com\/wp-content\/uploads\/2025\/05\/Cetelem-Observatoire-Auto-2025.jpg 2048w\" sizes=\"(max-width: 1024px) 100vw, 1024px\" style=\"width:100%;height:100%;max-width:2048px;\" \/>\t\t\t<\/div>\n\t\t<\/a><!-- .post-thumbnail -->\n\t\t\t<div class=\"entry-content-wrap\">\n\t\t<header class=\"entry-header\">\n\t\t<div class=\"entry-taxonomies\">\n\t\t\t\t\t\t<span class=\"posted-on\">\n\t\t\t\t\t<svg width=\"20\" height=\"22\" viewBox=\"0 0 20 22\" fill=\"none\" xmlns=\"http:\/\/www.w3.org\/2000\/svg\"><path d=\"M18 2H17V1C17 0.45 16.55 0 16 0C15.45 0 15 0.45 15 1V2H5V1C5 0.45 4.55 0 4 0C3.45 0 3 0.45 3 1V2H2C0.9 2 0 2.9 0 4V20C0 21.1 0.9 22 2 22H18C19.1 22 20 21.1 20 20V4C20 2.9 19.1 2 18 2ZM17 20H3C2.45 20 2 19.55 2 19V7H18V19C18 19.55 17.55 20 17 20Z\" fill=\"#007EE2\"\/><\/svg>\n\t\t\t\t\t<time class=\"entry-date published\" datetime=\"2024-10-18T21:00:32+02:00\">18 Oct 2024<\/time><time class=\"updated\" datetime=\"2025-05-07T21:04:02+02:00\">7 mai 2025<\/time>\t\t\t\t<\/span>\n\t\t\t\t<\/div><!-- .entry-taxonomies -->\n\t<h6 class=\"entry-title\"><a href=\"https:\/\/tolunacorporate.com\/fr\/lautomobile-une-eternelle-jeunesse-cetelem-observatoire-auto-2025\/\" rel=\"bookmark\">L\u2019automobile : une \u00e9ternelle jeunesse ? \u2013 Cetelem Observatoire Auto 2025<\/a><\/h6><\/header><!-- .entry-header -->\n<footer class=\"entry-footer\">\n\t\t\t<div class=\"entry-actions\">\n\t\t\t<p class=\"more-link-wrap\">\n\t\t\t\t<a href=\"https:\/\/tolunacorporate.com\/fr\/lautomobile-une-eternelle-jeunesse-cetelem-observatoire-auto-2025\/\" class=\"post-more-link\">\n\t\t\t\t\tEN SAVOIR PLUS<span class=\"screen-reader-text\"> L\u2019automobile : une \u00e9ternelle jeunesse ? \u2013 Cetelem Observatoire Auto 2025<\/span><span class=\"toluna-svg-iconset svg-baseline\"><svg width=\"24\" height=\"25\" viewBox=\"0 0 24 25\" fill=\"none\" xmlns=\"http:\/\/www.w3.org\/2000\/svg\"><g clip-path=\"url(#clip0_3349_8828)\"><path d=\"M7.38048 21.9288C7.87048 22.4188 8.66048 22.4188 9.15048 21.9288L17.4605 13.6187C17.8505 13.2287 17.8505 12.5988 17.4605 12.2087L9.15048 3.89875C8.66048 3.40875 7.87048 3.40875 7.38048 3.89875C6.89048 4.38875 6.89048 5.17875 7.38048 5.66875L14.6205 12.9187L7.37048 20.1688C6.89048 20.6488 6.89048 21.4488 7.38048 21.9288Z\" fill=\"#007EE2\"\/><\/g><defs><clipPath id=\"clip0_3349_8828\"><rect width=\"24\" height=\"24\" fill=\"white\" transform=\"translate(0 0.917969)\"\/><\/clipPath><\/defs><\/svg><\/span>\t\t\t\t<\/a>\n\t\t\t<\/p>\n\t\t<\/div><!-- .entry-actions -->\n\t\t<\/footer><!-- .entry-footer -->\n\t<\/div>\n<\/article>\n<article class=\"entry content-bg loop-entry post-13678 post type-post status-publish format-standard has-post-thumbnail hentry category-france-fr tag-poll-2\">\n\t    <!-- toluna-thumbnail-ratio-1-1 -->\n\t\t<a class=\"post-thumbnail\" href=\"https:\/\/tolunacorporate.com\/fr\/les-francais-et-les-risques-naturels-vague-4\/\">\n\t\t\t<div class=\"post-thumbnail-inner\">\n\t\t\t\t<img decoding=\"async\" width=\"500\" height=\"500\" src=\"https:\/\/tolunacorporate.com\/wp-content\/uploads\/2025\/05\/Les-Francais-et-les-risques-naturels-\u2013-Vague-4.jpg\" class=\"attachment-large size-large wp-post-image\" alt=\"Les Fran\u00e7ais et les risques naturels \u2013 Vague 4\" srcset=\"https:\/\/tolunacorporate.com\/wp-content\/uploads\/2025\/05\/Les-Francais-et-les-risques-naturels-\u2013-Vague-4.jpg 500w, https:\/\/tolunacorporate.com\/wp-content\/uploads\/2025\/05\/Les-Francais-et-les-risques-naturels-\u2013-Vague-4-300x300.jpg 300w, https:\/\/tolunacorporate.com\/wp-content\/uploads\/2025\/05\/Les-Francais-et-les-risques-naturels-\u2013-Vague-4-150x150.jpg 150w\" sizes=\"(max-width: 500px) 100vw, 500px\" style=\"width:100%;height:100%;max-width:500px;\" \/>\t\t\t<\/div>\n\t\t<\/a><!-- .post-thumbnail -->\n\t\t\t<div class=\"entry-content-wrap\">\n\t\t<header class=\"entry-header\">\n\t\t<div class=\"entry-taxonomies\">\n\t\t\t\t\t\t<span class=\"posted-on\">\n\t\t\t\t\t<svg width=\"20\" height=\"22\" viewBox=\"0 0 20 22\" fill=\"none\" xmlns=\"http:\/\/www.w3.org\/2000\/svg\"><path d=\"M18 2H17V1C17 0.45 16.55 0 16 0C15.45 0 15 0.45 15 1V2H5V1C5 0.45 4.55 0 4 0C3.45 0 3 0.45 3 1V2H2C0.9 2 0 2.9 0 4V20C0 21.1 0.9 22 2 22H18C19.1 22 20 21.1 20 20V4C20 2.9 19.1 2 18 2ZM17 20H3C2.45 20 2 19.55 2 19V7H18V19C18 19.55 17.55 20 17 20Z\" fill=\"#007EE2\"\/><\/svg>\n\t\t\t\t\t<time class=\"entry-date published\" datetime=\"2024-10-09T21:10:07+02:00\">9 Oct 2024<\/time><time class=\"updated\" datetime=\"2025-05-10T20:57:19+02:00\">10 mai 2025<\/time>\t\t\t\t<\/span>\n\t\t\t\t<\/div><!-- .entry-taxonomies -->\n\t<h6 class=\"entry-title\"><a href=\"https:\/\/tolunacorporate.com\/fr\/les-francais-et-les-risques-naturels-vague-4\/\" rel=\"bookmark\">Les Fran\u00e7ais et les risques naturels \u2013 Vague 4<\/a><\/h6><\/header><!-- .entry-header -->\n<footer class=\"entry-footer\">\n\t\t\t<div class=\"entry-actions\">\n\t\t\t<p class=\"more-link-wrap\">\n\t\t\t\t<a href=\"https:\/\/tolunacorporate.com\/fr\/les-francais-et-les-risques-naturels-vague-4\/\" class=\"post-more-link\">\n\t\t\t\t\tEN SAVOIR PLUS<span class=\"screen-reader-text\"> Les Fran\u00e7ais et les risques naturels \u2013 Vague 4<\/span><span class=\"toluna-svg-iconset svg-baseline\"><svg width=\"24\" height=\"25\" viewBox=\"0 0 24 25\" fill=\"none\" xmlns=\"http:\/\/www.w3.org\/2000\/svg\"><g clip-path=\"url(#clip0_3349_8828)\"><path d=\"M7.38048 21.9288C7.87048 22.4188 8.66048 22.4188 9.15048 21.9288L17.4605 13.6187C17.8505 13.2287 17.8505 12.5988 17.4605 12.2087L9.15048 3.89875C8.66048 3.40875 7.87048 3.40875 7.38048 3.89875C6.89048 4.38875 6.89048 5.17875 7.38048 5.66875L14.6205 12.9187L7.37048 20.1688C6.89048 20.6488 6.89048 21.4488 7.38048 21.9288Z\" fill=\"#007EE2\"\/><\/g><defs><clipPath id=\"clip0_3349_8828\"><rect width=\"24\" height=\"24\" fill=\"white\" transform=\"translate(0 0.917969)\"\/><\/clipPath><\/defs><\/svg><\/span>\t\t\t\t<\/a>\n\t\t\t<\/p>\n\t\t<\/div><!-- .entry-actions -->\n\t\t<\/footer><!-- .entry-footer -->\n\t<\/div>\n<\/article>\n<article class=\"entry content-bg loop-entry post-13687 post type-post status-publish format-standard has-post-thumbnail hentry category-france-fr tag-poll-2\">\n\t    <!-- toluna-thumbnail-ratio-1-1 -->\n\t\t<a class=\"post-thumbnail\" href=\"https:\/\/tolunacorporate.com\/fr\/les-francais-et-la-sante-mentale\/\">\n\t\t\t<div class=\"post-thumbnail-inner\">\n\t\t\t\t<img decoding=\"async\" width=\"1024\" height=\"1024\" src=\"https:\/\/tolunacorporate.com\/wp-content\/uploads\/2025\/05\/Les-Francais-et-la-sante-mentale-1024x1024.jpg\" class=\"attachment-large size-large wp-post-image\" alt=\"Les Fran\u00e7ais et la sant\u00e9 mentale\" srcset=\"https:\/\/tolunacorporate.com\/wp-content\/uploads\/2025\/05\/Les-Francais-et-la-sante-mentale-1024x1024.jpg 1024w, https:\/\/tolunacorporate.com\/wp-content\/uploads\/2025\/05\/Les-Francais-et-la-sante-mentale-300x300.jpg 300w, https:\/\/tolunacorporate.com\/wp-content\/uploads\/2025\/05\/Les-Francais-et-la-sante-mentale-150x150.jpg 150w, https:\/\/tolunacorporate.com\/wp-content\/uploads\/2025\/05\/Les-Francais-et-la-sante-mentale-768x768.jpg 768w, https:\/\/tolunacorporate.com\/wp-content\/uploads\/2025\/05\/Les-Francais-et-la-sante-mentale-1536x1536.jpg 1536w, https:\/\/tolunacorporate.com\/wp-content\/uploads\/2025\/05\/Les-Francais-et-la-sante-mentale.jpg 1708w\" sizes=\"(max-width: 1024px) 100vw, 1024px\" style=\"width:100%;height:100%;max-width:1708px;\" \/>\t\t\t<\/div>\n\t\t<\/a><!-- .post-thumbnail -->\n\t\t\t<div class=\"entry-content-wrap\">\n\t\t<header class=\"entry-header\">\n\t\t<div class=\"entry-taxonomies\">\n\t\t\t\t\t\t<span class=\"posted-on\">\n\t\t\t\t\t<svg width=\"20\" height=\"22\" viewBox=\"0 0 20 22\" fill=\"none\" xmlns=\"http:\/\/www.w3.org\/2000\/svg\"><path d=\"M18 2H17V1C17 0.45 16.55 0 16 0C15.45 0 15 0.45 15 1V2H5V1C5 0.45 4.55 0 4 0C3.45 0 3 0.45 3 1V2H2C0.9 2 0 2.9 0 4V20C0 21.1 0.9 22 2 22H18C19.1 22 20 21.1 20 20V4C20 2.9 19.1 2 18 2ZM17 20H3C2.45 20 2 19.55 2 19V7H18V19C18 19.55 17.55 20 17 20Z\" fill=\"#007EE2\"\/><\/svg>\n\t\t\t\t\t<time class=\"entry-date published\" datetime=\"2024-10-04T21:12:57+02:00\">4 Oct 2024<\/time><time class=\"updated\" datetime=\"2025-05-10T20:59:01+02:00\">10 mai 2025<\/time>\t\t\t\t<\/span>\n\t\t\t\t<\/div><!-- .entry-taxonomies -->\n\t<h6 class=\"entry-title\"><a href=\"https:\/\/tolunacorporate.com\/fr\/les-francais-et-la-sante-mentale\/\" rel=\"bookmark\">Les Fran\u00e7ais et la sant\u00e9 mentale<\/a><\/h6><\/header><!-- .entry-header -->\n<footer class=\"entry-footer\">\n\t\t\t<div class=\"entry-actions\">\n\t\t\t<p class=\"more-link-wrap\">\n\t\t\t\t<a href=\"https:\/\/tolunacorporate.com\/fr\/les-francais-et-la-sante-mentale\/\" class=\"post-more-link\">\n\t\t\t\t\tEN SAVOIR PLUS<span class=\"screen-reader-text\"> Les Fran\u00e7ais et la sant\u00e9 mentale<\/span><span class=\"toluna-svg-iconset svg-baseline\"><svg width=\"24\" height=\"25\" viewBox=\"0 0 24 25\" fill=\"none\" xmlns=\"http:\/\/www.w3.org\/2000\/svg\"><g clip-path=\"url(#clip0_3349_8828)\"><path d=\"M7.38048 21.9288C7.87048 22.4188 8.66048 22.4188 9.15048 21.9288L17.4605 13.6187C17.8505 13.2287 17.8505 12.5988 17.4605 12.2087L9.15048 3.89875C8.66048 3.40875 7.87048 3.40875 7.38048 3.89875C6.89048 4.38875 6.89048 5.17875 7.38048 5.66875L14.6205 12.9187L7.37048 20.1688C6.89048 20.6488 6.89048 21.4488 7.38048 21.9288Z\" fill=\"#007EE2\"\/><\/g><defs><clipPath id=\"clip0_3349_8828\"><rect width=\"24\" height=\"24\" fill=\"white\" transform=\"translate(0 0.917969)\"\/><\/clipPath><\/defs><\/svg><\/span>\t\t\t\t<\/a>\n\t\t\t<\/p>\n\t\t<\/div><!-- .entry-actions -->\n\t\t<\/footer><!-- .entry-footer -->\n\t<\/div>\n<\/article>\n<article class=\"entry content-bg loop-entry post-13696 post type-post status-publish format-standard has-post-thumbnail hentry category-france-fr tag-poll-2\">\n\t    <!-- toluna-thumbnail-ratio-1-1 -->\n\t\t<a class=\"post-thumbnail\" href=\"https:\/\/tolunacorporate.com\/fr\/perceptions-et-comportements-des-francais-en-matiere-de-cybersecurite\/\">\n\t\t\t<div class=\"post-thumbnail-inner\">\n\t\t\t\t<img decoding=\"async\" width=\"500\" height=\"500\" src=\"https:\/\/tolunacorporate.com\/wp-content\/uploads\/2025\/05\/Perceptions-et-comportements-des-Francais-en-matiere-de-cybersecurite.jpg\" class=\"attachment-large size-large wp-post-image\" alt=\"Perceptions et comportements des Fran\u00e7ais en mati\u00e8re de cybers\u00e9curit\u00e9\" srcset=\"https:\/\/tolunacorporate.com\/wp-content\/uploads\/2025\/05\/Perceptions-et-comportements-des-Francais-en-matiere-de-cybersecurite.jpg 500w, https:\/\/tolunacorporate.com\/wp-content\/uploads\/2025\/05\/Perceptions-et-comportements-des-Francais-en-matiere-de-cybersecurite-300x300.jpg 300w, https:\/\/tolunacorporate.com\/wp-content\/uploads\/2025\/05\/Perceptions-et-comportements-des-Francais-en-matiere-de-cybersecurite-150x150.jpg 150w\" sizes=\"(max-width: 500px) 100vw, 500px\" style=\"width:100%;height:100%;max-width:500px;\" \/>\t\t\t<\/div>\n\t\t<\/a><!-- .post-thumbnail -->\n\t\t\t<div class=\"entry-content-wrap\">\n\t\t<header class=\"entry-header\">\n\t\t<div class=\"entry-taxonomies\">\n\t\t\t\t\t\t<span class=\"posted-on\">\n\t\t\t\t\t<svg width=\"20\" height=\"22\" viewBox=\"0 0 20 22\" fill=\"none\" xmlns=\"http:\/\/www.w3.org\/2000\/svg\"><path d=\"M18 2H17V1C17 0.45 16.55 0 16 0C15.45 0 15 0.45 15 1V2H5V1C5 0.45 4.55 0 4 0C3.45 0 3 0.45 3 1V2H2C0.9 2 0 2.9 0 4V20C0 21.1 0.9 22 2 22H18C19.1 22 20 21.1 20 20V4C20 2.9 19.1 2 18 2ZM17 20H3C2.45 20 2 19.55 2 19V7H18V19C18 19.55 17.55 20 17 20Z\" fill=\"#007EE2\"\/><\/svg>\n\t\t\t\t\t<time class=\"entry-date published\" datetime=\"2024-10-01T21:15:27+02:00\">1 Oct 2024<\/time><time class=\"updated\" datetime=\"2025-05-10T21:00:42+02:00\">10 mai 2025<\/time>\t\t\t\t<\/span>\n\t\t\t\t<\/div><!-- .entry-taxonomies -->\n\t<h6 class=\"entry-title\"><a href=\"https:\/\/tolunacorporate.com\/fr\/perceptions-et-comportements-des-francais-en-matiere-de-cybersecurite\/\" rel=\"bookmark\">Perceptions et comportements des Fran\u00e7ais en mati\u00e8re de cybers\u00e9curit\u00e9<\/a><\/h6><\/header><!-- .entry-header -->\n<footer class=\"entry-footer\">\n\t\t\t<div class=\"entry-actions\">\n\t\t\t<p class=\"more-link-wrap\">\n\t\t\t\t<a href=\"https:\/\/tolunacorporate.com\/fr\/perceptions-et-comportements-des-francais-en-matiere-de-cybersecurite\/\" class=\"post-more-link\">\n\t\t\t\t\tEN SAVOIR PLUS<span class=\"screen-reader-text\"> Perceptions et comportements des Fran\u00e7ais en mati\u00e8re de cybers\u00e9curit\u00e9<\/span><span class=\"toluna-svg-iconset svg-baseline\"><svg width=\"24\" height=\"25\" viewBox=\"0 0 24 25\" fill=\"none\" xmlns=\"http:\/\/www.w3.org\/2000\/svg\"><g clip-path=\"url(#clip0_3349_8828)\"><path d=\"M7.38048 21.9288C7.87048 22.4188 8.66048 22.4188 9.15048 21.9288L17.4605 13.6187C17.8505 13.2287 17.8505 12.5988 17.4605 12.2087L9.15048 3.89875C8.66048 3.40875 7.87048 3.40875 7.38048 3.89875C6.89048 4.38875 6.89048 5.17875 7.38048 5.66875L14.6205 12.9187L7.37048 20.1688C6.89048 20.6488 6.89048 21.4488 7.38048 21.9288Z\" fill=\"#007EE2\"\/><\/g><defs><clipPath id=\"clip0_3349_8828\"><rect width=\"24\" height=\"24\" fill=\"white\" transform=\"translate(0 0.917969)\"\/><\/clipPath><\/defs><\/svg><\/span>\t\t\t\t<\/a>\n\t\t\t<\/p>\n\t\t<\/div><!-- .entry-actions -->\n\t\t<\/footer><!-- .entry-footer -->\n\t<\/div>\n<\/article>\n<article class=\"entry content-bg loop-entry post-13714 post type-post status-publish format-standard has-post-thumbnail hentry category-france-fr tag-poll-2\">\n\t    <!-- toluna-thumbnail-ratio-1-1 -->\n\t\t<a class=\"post-thumbnail\" href=\"https:\/\/tolunacorporate.com\/fr\/les-francais-et-lagisme\/\">\n\t\t\t<div class=\"post-thumbnail-inner\">\n\t\t\t\t<img decoding=\"async\" width=\"1024\" height=\"1024\" src=\"https:\/\/tolunacorporate.com\/wp-content\/uploads\/2025\/05\/Les-Francais-et-lagisme-1024x1024.jpg\" class=\"attachment-large size-large wp-post-image\" alt=\"Les Fran\u00e7ais et l\u2019\u00e2gisme\" srcset=\"https:\/\/tolunacorporate.com\/wp-content\/uploads\/2025\/05\/Les-Francais-et-lagisme-1024x1024.jpg 1024w, https:\/\/tolunacorporate.com\/wp-content\/uploads\/2025\/05\/Les-Francais-et-lagisme-300x300.jpg 300w, https:\/\/tolunacorporate.com\/wp-content\/uploads\/2025\/05\/Les-Francais-et-lagisme-150x150.jpg 150w, https:\/\/tolunacorporate.com\/wp-content\/uploads\/2025\/05\/Les-Francais-et-lagisme-768x768.jpg 768w, https:\/\/tolunacorporate.com\/wp-content\/uploads\/2025\/05\/Les-Francais-et-lagisme-1536x1536.jpg 1536w, https:\/\/tolunacorporate.com\/wp-content\/uploads\/2025\/05\/Les-Francais-et-lagisme.jpg 2048w\" sizes=\"(max-width: 1024px) 100vw, 1024px\" style=\"width:100%;height:100%;max-width:2048px;\" \/>\t\t\t<\/div>\n\t\t<\/a><!-- .post-thumbnail -->\n\t\t\t<div class=\"entry-content-wrap\">\n\t\t<header class=\"entry-header\">\n\t\t<div class=\"entry-taxonomies\">\n\t\t\t\t\t\t<span class=\"posted-on\">\n\t\t\t\t\t<svg width=\"20\" height=\"22\" viewBox=\"0 0 20 22\" fill=\"none\" xmlns=\"http:\/\/www.w3.org\/2000\/svg\"><path d=\"M18 2H17V1C17 0.45 16.55 0 16 0C15.45 0 15 0.45 15 1V2H5V1C5 0.45 4.55 0 4 0C3.45 0 3 0.45 3 1V2H2C0.9 2 0 2.9 0 4V20C0 21.1 0.9 22 2 22H18C19.1 22 20 21.1 20 20V4C20 2.9 19.1 2 18 2ZM17 20H3C2.45 20 2 19.55 2 19V7H18V19C18 19.55 17.55 20 17 20Z\" fill=\"#007EE2\"\/><\/svg>\n\t\t\t\t\t<time class=\"entry-date published\" datetime=\"2024-09-27T21:22:53+02:00\">27 Sep 2024<\/time><time class=\"updated\" datetime=\"2025-05-10T21:03:02+02:00\">10 mai 2025<\/time>\t\t\t\t<\/span>\n\t\t\t\t<\/div><!-- .entry-taxonomies -->\n\t<h6 class=\"entry-title\"><a href=\"https:\/\/tolunacorporate.com\/fr\/les-francais-et-lagisme\/\" rel=\"bookmark\">Les Fran\u00e7ais et l\u2019\u00e2gisme<\/a><\/h6><\/header><!-- .entry-header -->\n<footer class=\"entry-footer\">\n\t\t\t<div class=\"entry-actions\">\n\t\t\t<p class=\"more-link-wrap\">\n\t\t\t\t<a href=\"https:\/\/tolunacorporate.com\/fr\/les-francais-et-lagisme\/\" class=\"post-more-link\">\n\t\t\t\t\tEN SAVOIR PLUS<span class=\"screen-reader-text\"> Les Fran\u00e7ais et l\u2019\u00e2gisme<\/span><span class=\"toluna-svg-iconset svg-baseline\"><svg width=\"24\" height=\"25\" viewBox=\"0 0 24 25\" fill=\"none\" xmlns=\"http:\/\/www.w3.org\/2000\/svg\"><g clip-path=\"url(#clip0_3349_8828)\"><path d=\"M7.38048 21.9288C7.87048 22.4188 8.66048 22.4188 9.15048 21.9288L17.4605 13.6187C17.8505 13.2287 17.8505 12.5988 17.4605 12.2087L9.15048 3.89875C8.66048 3.40875 7.87048 3.40875 7.38048 3.89875C6.89048 4.38875 6.89048 5.17875 7.38048 5.66875L14.6205 12.9187L7.37048 20.1688C6.89048 20.6488 6.89048 21.4488 7.38048 21.9288Z\" fill=\"#007EE2\"\/><\/g><defs><clipPath id=\"clip0_3349_8828\"><rect width=\"24\" height=\"24\" fill=\"white\" transform=\"translate(0 0.917969)\"\/><\/clipPath><\/defs><\/svg><\/span>\t\t\t\t<\/a>\n\t\t\t<\/p>\n\t\t<\/div><!-- .entry-actions -->\n\t\t<\/footer><!-- .entry-footer -->\n\t<\/div>\n<\/article>\n<article class=\"entry content-bg loop-entry post-13705 post type-post status-publish format-standard has-post-thumbnail hentry category-france-fr tag-poll-2\">\n\t    <!-- toluna-thumbnail-ratio-1-1 -->\n\t\t<a class=\"post-thumbnail\" href=\"https:\/\/tolunacorporate.com\/fr\/barometre-de-confiance-politique-septembre-2024\/\">\n\t\t\t<div class=\"post-thumbnail-inner\">\n\t\t\t\t<img decoding=\"async\" width=\"500\" height=\"500\" src=\"https:\/\/tolunacorporate.com\/wp-content\/uploads\/2025\/05\/Barometre-de-confiance-politique-\u2013-Septembre-2024.png\" class=\"attachment-large size-large wp-post-image\" alt=\"Barom\u00e8tre de confiance politique \u2013 Septembre 2024\" srcset=\"https:\/\/tolunacorporate.com\/wp-content\/uploads\/2025\/05\/Barometre-de-confiance-politique-\u2013-Septembre-2024.png 500w, https:\/\/tolunacorporate.com\/wp-content\/uploads\/2025\/05\/Barometre-de-confiance-politique-\u2013-Septembre-2024-300x300.png 300w, https:\/\/tolunacorporate.com\/wp-content\/uploads\/2025\/05\/Barometre-de-confiance-politique-\u2013-Septembre-2024-150x150.png 150w\" sizes=\"(max-width: 500px) 100vw, 500px\" style=\"width:100%;height:100%;max-width:500px;\" \/>\t\t\t<\/div>\n\t\t<\/a><!-- .post-thumbnail -->\n\t\t\t<div class=\"entry-content-wrap\">\n\t\t<header class=\"entry-header\">\n\t\t<div class=\"entry-taxonomies\">\n\t\t\t\t\t\t<span class=\"posted-on\">\n\t\t\t\t\t<svg width=\"20\" height=\"22\" viewBox=\"0 0 20 22\" fill=\"none\" xmlns=\"http:\/\/www.w3.org\/2000\/svg\"><path d=\"M18 2H17V1C17 0.45 16.55 0 16 0C15.45 0 15 0.45 15 1V2H5V1C5 0.45 4.55 0 4 0C3.45 0 3 0.45 3 1V2H2C0.9 2 0 2.9 0 4V20C0 21.1 0.9 22 2 22H18C19.1 22 20 21.1 20 20V4C20 2.9 19.1 2 18 2ZM17 20H3C2.45 20 2 19.55 2 19V7H18V19C18 19.55 17.55 20 17 20Z\" fill=\"#007EE2\"\/><\/svg>\n\t\t\t\t\t<time class=\"entry-date published\" datetime=\"2024-09-27T21:19:09+02:00\">27 Sep 2024<\/time><time class=\"updated\" datetime=\"2025-05-10T21:06:09+02:00\">10 mai 2025<\/time>\t\t\t\t<\/span>\n\t\t\t\t<\/div><!-- .entry-taxonomies -->\n\t<h6 class=\"entry-title\"><a href=\"https:\/\/tolunacorporate.com\/fr\/barometre-de-confiance-politique-septembre-2024\/\" rel=\"bookmark\">Barom\u00e8tre de confiance politique \u2013 Septembre 2024<\/a><\/h6><\/header><!-- .entry-header -->\n<footer class=\"entry-footer\">\n\t\t\t<div class=\"entry-actions\">\n\t\t\t<p class=\"more-link-wrap\">\n\t\t\t\t<a href=\"https:\/\/tolunacorporate.com\/fr\/barometre-de-confiance-politique-septembre-2024\/\" class=\"post-more-link\">\n\t\t\t\t\tEN SAVOIR PLUS<span class=\"screen-reader-text\"> Barom\u00e8tre de confiance politique \u2013 Septembre 2024<\/span><span class=\"toluna-svg-iconset svg-baseline\"><svg width=\"24\" height=\"25\" viewBox=\"0 0 24 25\" fill=\"none\" xmlns=\"http:\/\/www.w3.org\/2000\/svg\"><g clip-path=\"url(#clip0_3349_8828)\"><path d=\"M7.38048 21.9288C7.87048 22.4188 8.66048 22.4188 9.15048 21.9288L17.4605 13.6187C17.8505 13.2287 17.8505 12.5988 17.4605 12.2087L9.15048 3.89875C8.66048 3.40875 7.87048 3.40875 7.38048 3.89875C6.89048 4.38875 6.89048 5.17875 7.38048 5.66875L14.6205 12.9187L7.37048 20.1688C6.89048 20.6488 6.89048 21.4488 7.38048 21.9288Z\" fill=\"#007EE2\"\/><\/g><defs><clipPath id=\"clip0_3349_8828\"><rect width=\"24\" height=\"24\" fill=\"white\" transform=\"translate(0 0.917969)\"\/><\/clipPath><\/defs><\/svg><\/span>\t\t\t\t<\/a>\n\t\t\t<\/p>\n\t\t<\/div><!-- .entry-actions -->\n\t\t<\/footer><!-- .entry-footer -->\n\t<\/div>\n<\/article>\n<article class=\"entry content-bg loop-entry post-13723 post type-post status-publish format-standard has-post-thumbnail hentry category-france-fr tag-poll-2\">\n\t    <!-- toluna-thumbnail-ratio-1-1 -->\n\t\t<a class=\"post-thumbnail\" href=\"https:\/\/tolunacorporate.com\/fr\/lhebergement-des-non-franciliens-pendant-les-evenements-sportifs-de-lete-a-paris\/\">\n\t\t\t<div class=\"post-thumbnail-inner\">\n\t\t\t\t<img decoding=\"async\" width=\"1024\" height=\"1024\" src=\"https:\/\/tolunacorporate.com\/wp-content\/uploads\/2025\/05\/Lhebergement-des-non-Franciliens-pendant-les-evenements-sportifs-de-lete-a-Paris-1024x1024.jpg\" class=\"attachment-large size-large wp-post-image\" alt=\"L\u2019h\u00e9bergement des non-Franciliens pendant les \u00e9v\u00e8nements sportifs de l\u2019\u00e9t\u00e9 \u00e0 Paris\" srcset=\"https:\/\/tolunacorporate.com\/wp-content\/uploads\/2025\/05\/Lhebergement-des-non-Franciliens-pendant-les-evenements-sportifs-de-lete-a-Paris-1024x1024.jpg 1024w, https:\/\/tolunacorporate.com\/wp-content\/uploads\/2025\/05\/Lhebergement-des-non-Franciliens-pendant-les-evenements-sportifs-de-lete-a-Paris-300x300.jpg 300w, https:\/\/tolunacorporate.com\/wp-content\/uploads\/2025\/05\/Lhebergement-des-non-Franciliens-pendant-les-evenements-sportifs-de-lete-a-Paris-150x150.jpg 150w, https:\/\/tolunacorporate.com\/wp-content\/uploads\/2025\/05\/Lhebergement-des-non-Franciliens-pendant-les-evenements-sportifs-de-lete-a-Paris-768x768.jpg 768w, https:\/\/tolunacorporate.com\/wp-content\/uploads\/2025\/05\/Lhebergement-des-non-Franciliens-pendant-les-evenements-sportifs-de-lete-a-Paris-1536x1536.jpg 1536w, https:\/\/tolunacorporate.com\/wp-content\/uploads\/2025\/05\/Lhebergement-des-non-Franciliens-pendant-les-evenements-sportifs-de-lete-a-Paris.jpg 2048w\" sizes=\"(max-width: 1024px) 100vw, 1024px\" style=\"width:100%;height:100%;max-width:2048px;\" \/>\t\t\t<\/div>\n\t\t<\/a><!-- .post-thumbnail -->\n\t\t\t<div class=\"entry-content-wrap\">\n\t\t<header class=\"entry-header\">\n\t\t<div class=\"entry-taxonomies\">\n\t\t\t\t\t\t<span class=\"posted-on\">\n\t\t\t\t\t<svg width=\"20\" height=\"22\" viewBox=\"0 0 20 22\" fill=\"none\" xmlns=\"http:\/\/www.w3.org\/2000\/svg\"><path d=\"M18 2H17V1C17 0.45 16.55 0 16 0C15.45 0 15 0.45 15 1V2H5V1C5 0.45 4.55 0 4 0C3.45 0 3 0.45 3 1V2H2C0.9 2 0 2.9 0 4V20C0 21.1 0.9 22 2 22H18C19.1 22 20 21.1 20 20V4C20 2.9 19.1 2 18 2ZM17 20H3C2.45 20 2 19.55 2 19V7H18V19C18 19.55 17.55 20 17 20Z\" fill=\"#007EE2\"\/><\/svg>\n\t\t\t\t\t<time class=\"entry-date published\" datetime=\"2024-09-26T21:31:50+02:00\">26 Sep 2024<\/time><time class=\"updated\" datetime=\"2025-05-10T21:09:43+02:00\">10 mai 2025<\/time>\t\t\t\t<\/span>\n\t\t\t\t<\/div><!-- .entry-taxonomies -->\n\t<h6 class=\"entry-title\"><a href=\"https:\/\/tolunacorporate.com\/fr\/lhebergement-des-non-franciliens-pendant-les-evenements-sportifs-de-lete-a-paris\/\" rel=\"bookmark\">L\u2019h\u00e9bergement des non-Franciliens pendant les \u00e9v\u00e8nements sportifs de l\u2019\u00e9t\u00e9 \u00e0 Paris<\/a><\/h6><\/header><!-- .entry-header -->\n<footer class=\"entry-footer\">\n\t\t\t<div class=\"entry-actions\">\n\t\t\t<p class=\"more-link-wrap\">\n\t\t\t\t<a href=\"https:\/\/tolunacorporate.com\/fr\/lhebergement-des-non-franciliens-pendant-les-evenements-sportifs-de-lete-a-paris\/\" class=\"post-more-link\">\n\t\t\t\t\tEN SAVOIR PLUS<span class=\"screen-reader-text\"> L\u2019h\u00e9bergement des non-Franciliens pendant les \u00e9v\u00e8nements sportifs de l\u2019\u00e9t\u00e9 \u00e0 Paris<\/span><span class=\"toluna-svg-iconset svg-baseline\"><svg width=\"24\" height=\"25\" viewBox=\"0 0 24 25\" fill=\"none\" xmlns=\"http:\/\/www.w3.org\/2000\/svg\"><g clip-path=\"url(#clip0_3349_8828)\"><path d=\"M7.38048 21.9288C7.87048 22.4188 8.66048 22.4188 9.15048 21.9288L17.4605 13.6187C17.8505 13.2287 17.8505 12.5988 17.4605 12.2087L9.15048 3.89875C8.66048 3.40875 7.87048 3.40875 7.38048 3.89875C6.89048 4.38875 6.89048 5.17875 7.38048 5.66875L14.6205 12.9187L7.37048 20.1688C6.89048 20.6488 6.89048 21.4488 7.38048 21.9288Z\" fill=\"#007EE2\"\/><\/g><defs><clipPath id=\"clip0_3349_8828\"><rect width=\"24\" height=\"24\" fill=\"white\" transform=\"translate(0 0.917969)\"\/><\/clipPath><\/defs><\/svg><\/span>\t\t\t\t<\/a>\n\t\t\t<\/p>\n\t\t<\/div><!-- .entry-actions -->\n\t\t<\/footer><!-- .entry-footer -->\n\t<\/div>\n<\/article>\n<article class=\"entry content-bg loop-entry post-13732 post type-post status-publish format-standard has-post-thumbnail hentry category-france-fr tag-poll-2\">\n\t    <!-- toluna-thumbnail-ratio-1-1 -->\n\t\t<a class=\"post-thumbnail\" href=\"https:\/\/tolunacorporate.com\/fr\/regards-croises-pharmacien-consommateur-les-idees-recues-sur-les-medicaments-delivres-sans-ordonnance\/\">\n\t\t\t<div class=\"post-thumbnail-inner\">\n\t\t\t\t<img decoding=\"async\" width=\"1024\" height=\"1024\" src=\"https:\/\/tolunacorporate.com\/wp-content\/uploads\/2025\/05\/les-idees-recues-sur-les-medicaments-delivres-sans-ordonnance-1024x1024.jpg\" class=\"attachment-large size-large wp-post-image\" alt=\"Regards crois\u00e9s pharmacien \/ consommateur : les id\u00e9es re\u00e7ues sur les m\u00e9dicaments d\u00e9livr\u00e9s sans ordonnance\" srcset=\"https:\/\/tolunacorporate.com\/wp-content\/uploads\/2025\/05\/les-idees-recues-sur-les-medicaments-delivres-sans-ordonnance-1024x1024.jpg 1024w, https:\/\/tolunacorporate.com\/wp-content\/uploads\/2025\/05\/les-idees-recues-sur-les-medicaments-delivres-sans-ordonnance-300x300.jpg 300w, https:\/\/tolunacorporate.com\/wp-content\/uploads\/2025\/05\/les-idees-recues-sur-les-medicaments-delivres-sans-ordonnance-150x150.jpg 150w, https:\/\/tolunacorporate.com\/wp-content\/uploads\/2025\/05\/les-idees-recues-sur-les-medicaments-delivres-sans-ordonnance-768x768.jpg 768w, https:\/\/tolunacorporate.com\/wp-content\/uploads\/2025\/05\/les-idees-recues-sur-les-medicaments-delivres-sans-ordonnance-1536x1536.jpg 1536w, https:\/\/tolunacorporate.com\/wp-content\/uploads\/2025\/05\/les-idees-recues-sur-les-medicaments-delivres-sans-ordonnance.jpg 2000w\" sizes=\"(max-width: 1024px) 100vw, 1024px\" style=\"width:100%;height:100%;max-width:2000px;\" \/>\t\t\t<\/div>\n\t\t<\/a><!-- .post-thumbnail -->\n\t\t\t<div class=\"entry-content-wrap\">\n\t\t<header class=\"entry-header\">\n\t\t<div class=\"entry-taxonomies\">\n\t\t\t\t\t\t<span class=\"posted-on\">\n\t\t\t\t\t<svg width=\"20\" height=\"22\" viewBox=\"0 0 20 22\" fill=\"none\" xmlns=\"http:\/\/www.w3.org\/2000\/svg\"><path d=\"M18 2H17V1C17 0.45 16.55 0 16 0C15.45 0 15 0.45 15 1V2H5V1C5 0.45 4.55 0 4 0C3.45 0 3 0.45 3 1V2H2C0.9 2 0 2.9 0 4V20C0 21.1 0.9 22 2 22H18C19.1 22 20 21.1 20 20V4C20 2.9 19.1 2 18 2ZM17 20H3C2.45 20 2 19.55 2 19V7H18V19C18 19.55 17.55 20 17 20Z\" fill=\"#007EE2\"\/><\/svg>\n\t\t\t\t\t<time class=\"entry-date published\" datetime=\"2024-09-24T21:42:30+02:00\">24 Sep 2024<\/time><time class=\"updated\" datetime=\"2025-05-10T21:18:58+02:00\">10 mai 2025<\/time>\t\t\t\t<\/span>\n\t\t\t\t<\/div><!-- .entry-taxonomies -->\n\t<h6 class=\"entry-title\"><a href=\"https:\/\/tolunacorporate.com\/fr\/regards-croises-pharmacien-consommateur-les-idees-recues-sur-les-medicaments-delivres-sans-ordonnance\/\" rel=\"bookmark\">Regards crois\u00e9s pharmacien \/ consommateur : les id\u00e9es re\u00e7ues sur les m\u00e9dicaments d\u00e9livr\u00e9s sans ordonnance<\/a><\/h6><\/header><!-- .entry-header -->\n<footer class=\"entry-footer\">\n\t\t\t<div class=\"entry-actions\">\n\t\t\t<p class=\"more-link-wrap\">\n\t\t\t\t<a href=\"https:\/\/tolunacorporate.com\/fr\/regards-croises-pharmacien-consommateur-les-idees-recues-sur-les-medicaments-delivres-sans-ordonnance\/\" class=\"post-more-link\">\n\t\t\t\t\tEN SAVOIR PLUS<span class=\"screen-reader-text\"> Regards crois\u00e9s pharmacien \/ consommateur : les id\u00e9es re\u00e7ues sur les m\u00e9dicaments d\u00e9livr\u00e9s sans ordonnance<\/span><span class=\"toluna-svg-iconset svg-baseline\"><svg width=\"24\" height=\"25\" viewBox=\"0 0 24 25\" fill=\"none\" xmlns=\"http:\/\/www.w3.org\/2000\/svg\"><g clip-path=\"url(#clip0_3349_8828)\"><path d=\"M7.38048 21.9288C7.87048 22.4188 8.66048 22.4188 9.15048 21.9288L17.4605 13.6187C17.8505 13.2287 17.8505 12.5988 17.4605 12.2087L9.15048 3.89875C8.66048 3.40875 7.87048 3.40875 7.38048 3.89875C6.89048 4.38875 6.89048 5.17875 7.38048 5.66875L14.6205 12.9187L7.37048 20.1688C6.89048 20.6488 6.89048 21.4488 7.38048 21.9288Z\" fill=\"#007EE2\"\/><\/g><defs><clipPath id=\"clip0_3349_8828\"><rect width=\"24\" height=\"24\" fill=\"white\" transform=\"translate(0 0.917969)\"\/><\/clipPath><\/defs><\/svg><\/span>\t\t\t\t<\/a>\n\t\t\t<\/p>\n\t\t<\/div><!-- .entry-actions -->\n\t\t<\/footer><!-- .entry-footer -->\n\t<\/div>\n<\/article>\n<article class=\"entry content-bg loop-entry post-13741 post type-post status-publish format-standard has-post-thumbnail hentry category-france-fr tag-poll-2\">\n\t    <!-- toluna-thumbnail-ratio-1-1 -->\n\t\t<a class=\"post-thumbnail\" href=\"https:\/\/tolunacorporate.com\/fr\/etude-flash-sur-la-nomination-de-michel-barnier-en-tant-que-premier-ministre\/\">\n\t\t\t<div class=\"post-thumbnail-inner\">\n\t\t\t\t<img decoding=\"async\" width=\"500\" height=\"500\" src=\"https:\/\/tolunacorporate.com\/wp-content\/uploads\/2025\/05\/Etude-flash-sur-la-nomination-de-Michel-Barnier-en-tant-que-Premier-ministre.png\" class=\"attachment-large size-large wp-post-image\" alt=\"Etude flash sur la nomination de Michel Barnier en tant que Premier ministre\" srcset=\"https:\/\/tolunacorporate.com\/wp-content\/uploads\/2025\/05\/Etude-flash-sur-la-nomination-de-Michel-Barnier-en-tant-que-Premier-ministre.png 500w, https:\/\/tolunacorporate.com\/wp-content\/uploads\/2025\/05\/Etude-flash-sur-la-nomination-de-Michel-Barnier-en-tant-que-Premier-ministre-300x300.png 300w, https:\/\/tolunacorporate.com\/wp-content\/uploads\/2025\/05\/Etude-flash-sur-la-nomination-de-Michel-Barnier-en-tant-que-Premier-ministre-150x150.png 150w\" sizes=\"(max-width: 500px) 100vw, 500px\" style=\"width:100%;height:100%;max-width:500px;\" \/>\t\t\t<\/div>\n\t\t<\/a><!-- .post-thumbnail -->\n\t\t\t<div class=\"entry-content-wrap\">\n\t\t<header class=\"entry-header\">\n\t\t<div class=\"entry-taxonomies\">\n\t\t\t\t\t\t<span class=\"posted-on\">\n\t\t\t\t\t<svg width=\"20\" height=\"22\" viewBox=\"0 0 20 22\" fill=\"none\" xmlns=\"http:\/\/www.w3.org\/2000\/svg\"><path d=\"M18 2H17V1C17 0.45 16.55 0 16 0C15.45 0 15 0.45 15 1V2H5V1C5 0.45 4.55 0 4 0C3.45 0 3 0.45 3 1V2H2C0.9 2 0 2.9 0 4V20C0 21.1 0.9 22 2 22H18C19.1 22 20 21.1 20 20V4C20 2.9 19.1 2 18 2ZM17 20H3C2.45 20 2 19.55 2 19V7H18V19C18 19.55 17.55 20 17 20Z\" fill=\"#007EE2\"\/><\/svg>\n\t\t\t\t\t<time class=\"entry-date published\" datetime=\"2024-09-06T21:45:09+02:00\">6 Sep 2024<\/time><time class=\"updated\" datetime=\"2025-05-10T21:21:03+02:00\">10 mai 2025<\/time>\t\t\t\t<\/span>\n\t\t\t\t<\/div><!-- .entry-taxonomies -->\n\t<h6 class=\"entry-title\"><a href=\"https:\/\/tolunacorporate.com\/fr\/etude-flash-sur-la-nomination-de-michel-barnier-en-tant-que-premier-ministre\/\" rel=\"bookmark\">Etude flash sur la nomination de Michel Barnier en tant que Premier ministre<\/a><\/h6><\/header><!-- .entry-header -->\n<footer class=\"entry-footer\">\n\t\t\t<div class=\"entry-actions\">\n\t\t\t<p class=\"more-link-wrap\">\n\t\t\t\t<a href=\"https:\/\/tolunacorporate.com\/fr\/etude-flash-sur-la-nomination-de-michel-barnier-en-tant-que-premier-ministre\/\" class=\"post-more-link\">\n\t\t\t\t\tEN SAVOIR PLUS<span class=\"screen-reader-text\"> Etude flash sur la nomination de Michel Barnier en tant que Premier ministre<\/span><span class=\"toluna-svg-iconset svg-baseline\"><svg width=\"24\" height=\"25\" viewBox=\"0 0 24 25\" fill=\"none\" xmlns=\"http:\/\/www.w3.org\/2000\/svg\"><g clip-path=\"url(#clip0_3349_8828)\"><path d=\"M7.38048 21.9288C7.87048 22.4188 8.66048 22.4188 9.15048 21.9288L17.4605 13.6187C17.8505 13.2287 17.8505 12.5988 17.4605 12.2087L9.15048 3.89875C8.66048 3.40875 7.87048 3.40875 7.38048 3.89875C6.89048 4.38875 6.89048 5.17875 7.38048 5.66875L14.6205 12.9187L7.37048 20.1688C6.89048 20.6488 6.89048 21.4488 7.38048 21.9288Z\" fill=\"#007EE2\"\/><\/g><defs><clipPath id=\"clip0_3349_8828\"><rect width=\"24\" height=\"24\" fill=\"white\" transform=\"translate(0 0.917969)\"\/><\/clipPath><\/defs><\/svg><\/span>\t\t\t\t<\/a>\n\t\t\t<\/p>\n\t\t<\/div><!-- .entry-actions -->\n\t\t<\/footer><!-- .entry-footer -->\n\t<\/div>\n<\/article>\n<article class=\"entry content-bg loop-entry post-13750 post type-post status-publish format-standard has-post-thumbnail hentry category-france-fr tag-poll-2\">\n\t    <!-- toluna-thumbnail-ratio-1-1 -->\n\t\t<a class=\"post-thumbnail\" href=\"https:\/\/tolunacorporate.com\/fr\/les-francais-et-le-cannabis\/\">\n\t\t\t<div class=\"post-thumbnail-inner\">\n\t\t\t\t<img decoding=\"async\" width=\"1024\" height=\"1024\" src=\"https:\/\/tolunacorporate.com\/wp-content\/uploads\/2025\/05\/Les-Francais-et-le-cannabis-1024x1024.jpg\" class=\"attachment-large size-large wp-post-image\" alt=\"Les Fran\u00e7ais et le cannabis\" srcset=\"https:\/\/tolunacorporate.com\/wp-content\/uploads\/2025\/05\/Les-Francais-et-le-cannabis-1024x1024.jpg 1024w, https:\/\/tolunacorporate.com\/wp-content\/uploads\/2025\/05\/Les-Francais-et-le-cannabis-300x300.jpg 300w, https:\/\/tolunacorporate.com\/wp-content\/uploads\/2025\/05\/Les-Francais-et-le-cannabis-150x150.jpg 150w, https:\/\/tolunacorporate.com\/wp-content\/uploads\/2025\/05\/Les-Francais-et-le-cannabis-768x768.jpg 768w, https:\/\/tolunacorporate.com\/wp-content\/uploads\/2025\/05\/Les-Francais-et-le-cannabis-1536x1536.jpg 1536w, https:\/\/tolunacorporate.com\/wp-content\/uploads\/2025\/05\/Les-Francais-et-le-cannabis.jpg 2048w\" sizes=\"(max-width: 1024px) 100vw, 1024px\" style=\"width:100%;height:100%;max-width:2048px;\" \/>\t\t\t<\/div>\n\t\t<\/a><!-- .post-thumbnail -->\n\t\t\t<div class=\"entry-content-wrap\">\n\t\t<header class=\"entry-header\">\n\t\t<div class=\"entry-taxonomies\">\n\t\t\t\t\t\t<span class=\"posted-on\">\n\t\t\t\t\t<svg width=\"20\" height=\"22\" viewBox=\"0 0 20 22\" fill=\"none\" xmlns=\"http:\/\/www.w3.org\/2000\/svg\"><path d=\"M18 2H17V1C17 0.45 16.55 0 16 0C15.45 0 15 0.45 15 1V2H5V1C5 0.45 4.55 0 4 0C3.45 0 3 0.45 3 1V2H2C0.9 2 0 2.9 0 4V20C0 21.1 0.9 22 2 22H18C19.1 22 20 21.1 20 20V4C20 2.9 19.1 2 18 2ZM17 20H3C2.45 20 2 19.55 2 19V7H18V19C18 19.55 17.55 20 17 20Z\" fill=\"#007EE2\"\/><\/svg>\n\t\t\t\t\t<time class=\"entry-date published\" datetime=\"2024-09-04T21:47:17+02:00\">4 Sep 2024<\/time><time class=\"updated\" datetime=\"2025-05-10T21:22:34+02:00\">10 mai 2025<\/time>\t\t\t\t<\/span>\n\t\t\t\t<\/div><!-- .entry-taxonomies -->\n\t<h6 class=\"entry-title\"><a href=\"https:\/\/tolunacorporate.com\/fr\/les-francais-et-le-cannabis\/\" rel=\"bookmark\">Les Fran\u00e7ais et le cannabis<\/a><\/h6><\/header><!-- .entry-header -->\n<footer class=\"entry-footer\">\n\t\t\t<div class=\"entry-actions\">\n\t\t\t<p class=\"more-link-wrap\">\n\t\t\t\t<a href=\"https:\/\/tolunacorporate.com\/fr\/les-francais-et-le-cannabis\/\" class=\"post-more-link\">\n\t\t\t\t\tEN SAVOIR PLUS<span class=\"screen-reader-text\"> Les Fran\u00e7ais et le cannabis<\/span><span class=\"toluna-svg-iconset svg-baseline\"><svg width=\"24\" height=\"25\" viewBox=\"0 0 24 25\" fill=\"none\" xmlns=\"http:\/\/www.w3.org\/2000\/svg\"><g clip-path=\"url(#clip0_3349_8828)\"><path d=\"M7.38048 21.9288C7.87048 22.4188 8.66048 22.4188 9.15048 21.9288L17.4605 13.6187C17.8505 13.2287 17.8505 12.5988 17.4605 12.2087L9.15048 3.89875C8.66048 3.40875 7.87048 3.40875 7.38048 3.89875C6.89048 4.38875 6.89048 5.17875 7.38048 5.66875L14.6205 12.9187L7.37048 20.1688C6.89048 20.6488 6.89048 21.4488 7.38048 21.9288Z\" fill=\"#007EE2\"\/><\/g><defs><clipPath id=\"clip0_3349_8828\"><rect width=\"24\" height=\"24\" fill=\"white\" transform=\"translate(0 0.917969)\"\/><\/clipPath><\/defs><\/svg><\/span>\t\t\t\t<\/a>\n\t\t\t<\/p>\n\t\t<\/div><!-- .entry-actions -->\n\t\t<\/footer><!-- .entry-footer -->\n\t<\/div>\n<\/article>\n<article class=\"entry content-bg loop-entry post-13759 post type-post status-publish format-standard has-post-thumbnail hentry category-france-fr tag-poll-2\">\n\t    <!-- toluna-thumbnail-ratio-1-1 -->\n\t\t<a class=\"post-thumbnail\" href=\"https:\/\/tolunacorporate.com\/fr\/barometre-de-confiance-politique-aout-2024\/\">\n\t\t\t<div class=\"post-thumbnail-inner\">\n\t\t\t\t<img decoding=\"async\" width=\"500\" height=\"500\" src=\"https:\/\/tolunacorporate.com\/wp-content\/uploads\/2025\/05\/Barometre-de-confiance-politique-\u2013-Aout-2024.png\" class=\"attachment-large size-large wp-post-image\" alt=\"Barom\u00e8tre de confiance politique \u2013 Ao\u00fbt 2024\" srcset=\"https:\/\/tolunacorporate.com\/wp-content\/uploads\/2025\/05\/Barometre-de-confiance-politique-\u2013-Aout-2024.png 500w, https:\/\/tolunacorporate.com\/wp-content\/uploads\/2025\/05\/Barometre-de-confiance-politique-\u2013-Aout-2024-300x300.png 300w, https:\/\/tolunacorporate.com\/wp-content\/uploads\/2025\/05\/Barometre-de-confiance-politique-\u2013-Aout-2024-150x150.png 150w\" sizes=\"(max-width: 500px) 100vw, 500px\" style=\"width:100%;height:100%;max-width:500px;\" \/>\t\t\t<\/div>\n\t\t<\/a><!-- .post-thumbnail -->\n\t\t\t<div class=\"entry-content-wrap\">\n\t\t<header class=\"entry-header\">\n\t\t<div class=\"entry-taxonomies\">\n\t\t\t\t\t\t<span class=\"posted-on\">\n\t\t\t\t\t<svg width=\"20\" height=\"22\" viewBox=\"0 0 20 22\" fill=\"none\" xmlns=\"http:\/\/www.w3.org\/2000\/svg\"><path d=\"M18 2H17V1C17 0.45 16.55 0 16 0C15.45 0 15 0.45 15 1V2H5V1C5 0.45 4.55 0 4 0C3.45 0 3 0.45 3 1V2H2C0.9 2 0 2.9 0 4V20C0 21.1 0.9 22 2 22H18C19.1 22 20 21.1 20 20V4C20 2.9 19.1 2 18 2ZM17 20H3C2.45 20 2 19.55 2 19V7H18V19C18 19.55 17.55 20 17 20Z\" fill=\"#007EE2\"\/><\/svg>\n\t\t\t\t\t<time class=\"entry-date published\" datetime=\"2024-08-30T21:49:26+02:00\">30 Ao\u00fbt 2024<\/time><time class=\"updated\" datetime=\"2025-05-10T21:26:05+02:00\">10 mai 2025<\/time>\t\t\t\t<\/span>\n\t\t\t\t<\/div><!-- .entry-taxonomies -->\n\t<h6 class=\"entry-title\"><a href=\"https:\/\/tolunacorporate.com\/fr\/barometre-de-confiance-politique-aout-2024\/\" rel=\"bookmark\">Barom\u00e8tre de confiance politique \u2013 Ao\u00fbt 2024<\/a><\/h6><\/header><!-- .entry-header -->\n<footer class=\"entry-footer\">\n\t\t\t<div class=\"entry-actions\">\n\t\t\t<p class=\"more-link-wrap\">\n\t\t\t\t<a href=\"https:\/\/tolunacorporate.com\/fr\/barometre-de-confiance-politique-aout-2024\/\" class=\"post-more-link\">\n\t\t\t\t\tEN SAVOIR PLUS<span class=\"screen-reader-text\"> Barom\u00e8tre de confiance politique \u2013 Ao\u00fbt 2024<\/span><span class=\"toluna-svg-iconset svg-baseline\"><svg width=\"24\" height=\"25\" viewBox=\"0 0 24 25\" fill=\"none\" xmlns=\"http:\/\/www.w3.org\/2000\/svg\"><g clip-path=\"url(#clip0_3349_8828)\"><path d=\"M7.38048 21.9288C7.87048 22.4188 8.66048 22.4188 9.15048 21.9288L17.4605 13.6187C17.8505 13.2287 17.8505 12.5988 17.4605 12.2087L9.15048 3.89875C8.66048 3.40875 7.87048 3.40875 7.38048 3.89875C6.89048 4.38875 6.89048 5.17875 7.38048 5.66875L14.6205 12.9187L7.37048 20.1688C6.89048 20.6488 6.89048 21.4488 7.38048 21.9288Z\" fill=\"#007EE2\"\/><\/g><defs><clipPath id=\"clip0_3349_8828\"><rect width=\"24\" height=\"24\" fill=\"white\" transform=\"translate(0 0.917969)\"\/><\/clipPath><\/defs><\/svg><\/span>\t\t\t\t<\/a>\n\t\t\t<\/p>\n\t\t<\/div><!-- .entry-actions -->\n\t\t<\/footer><!-- .entry-footer -->\n\t<\/div>\n<\/article>\n<article class=\"entry content-bg loop-entry post-13768 post type-post status-publish format-standard has-post-thumbnail hentry category-france-fr tag-poll-2\">\n\t    <!-- toluna-thumbnail-ratio-1-1 -->\n\t\t<a class=\"post-thumbnail\" href=\"https:\/\/tolunacorporate.com\/fr\/les-francais-et-la-nomination-du-prochain-premier-ministre\/\">\n\t\t\t<div class=\"post-thumbnail-inner\">\n\t\t\t\t<img decoding=\"async\" width=\"1024\" height=\"1024\" src=\"https:\/\/tolunacorporate.com\/wp-content\/uploads\/2025\/05\/Les-Francais-et-la-nomination-du-prochain-Premier-ministre-1024x1024.png\" class=\"attachment-large size-large wp-post-image\" alt=\"Les Fran\u00e7ais et la nomination du prochain Premier ministre\" srcset=\"https:\/\/tolunacorporate.com\/wp-content\/uploads\/2025\/05\/Les-Francais-et-la-nomination-du-prochain-Premier-ministre-1024x1024.png 1024w, https:\/\/tolunacorporate.com\/wp-content\/uploads\/2025\/05\/Les-Francais-et-la-nomination-du-prochain-Premier-ministre-300x300.png 300w, https:\/\/tolunacorporate.com\/wp-content\/uploads\/2025\/05\/Les-Francais-et-la-nomination-du-prochain-Premier-ministre-150x150.png 150w, https:\/\/tolunacorporate.com\/wp-content\/uploads\/2025\/05\/Les-Francais-et-la-nomination-du-prochain-Premier-ministre-768x768.png 768w, https:\/\/tolunacorporate.com\/wp-content\/uploads\/2025\/05\/Les-Francais-et-la-nomination-du-prochain-Premier-ministre.png 1080w\" sizes=\"(max-width: 1024px) 100vw, 1024px\" style=\"width:100%;height:100%;max-width:1080px;\" \/>\t\t\t<\/div>\n\t\t<\/a><!-- .post-thumbnail -->\n\t\t\t<div class=\"entry-content-wrap\">\n\t\t<header class=\"entry-header\">\n\t\t<div class=\"entry-taxonomies\">\n\t\t\t\t\t\t<span class=\"posted-on\">\n\t\t\t\t\t<svg width=\"20\" height=\"22\" viewBox=\"0 0 20 22\" fill=\"none\" xmlns=\"http:\/\/www.w3.org\/2000\/svg\"><path d=\"M18 2H17V1C17 0.45 16.55 0 16 0C15.45 0 15 0.45 15 1V2H5V1C5 0.45 4.55 0 4 0C3.45 0 3 0.45 3 1V2H2C0.9 2 0 2.9 0 4V20C0 21.1 0.9 22 2 22H18C19.1 22 20 21.1 20 20V4C20 2.9 19.1 2 18 2ZM17 20H3C2.45 20 2 19.55 2 19V7H18V19C18 19.55 17.55 20 17 20Z\" fill=\"#007EE2\"\/><\/svg>\n\t\t\t\t\t<time class=\"entry-date published\" datetime=\"2024-08-21T21:53:09+02:00\">21 Ao\u00fbt 2024<\/time><time class=\"updated\" datetime=\"2025-05-10T21:27:51+02:00\">10 mai 2025<\/time>\t\t\t\t<\/span>\n\t\t\t\t<\/div><!-- .entry-taxonomies -->\n\t<h6 class=\"entry-title\"><a href=\"https:\/\/tolunacorporate.com\/fr\/les-francais-et-la-nomination-du-prochain-premier-ministre\/\" rel=\"bookmark\">Les Fran\u00e7ais et la nomination du prochain Premier ministre<\/a><\/h6><\/header><!-- .entry-header -->\n<footer class=\"entry-footer\">\n\t\t\t<div class=\"entry-actions\">\n\t\t\t<p class=\"more-link-wrap\">\n\t\t\t\t<a href=\"https:\/\/tolunacorporate.com\/fr\/les-francais-et-la-nomination-du-prochain-premier-ministre\/\" class=\"post-more-link\">\n\t\t\t\t\tEN SAVOIR PLUS<span class=\"screen-reader-text\"> Les Fran\u00e7ais et la nomination du prochain Premier ministre<\/span><span class=\"toluna-svg-iconset svg-baseline\"><svg width=\"24\" height=\"25\" viewBox=\"0 0 24 25\" fill=\"none\" xmlns=\"http:\/\/www.w3.org\/2000\/svg\"><g clip-path=\"url(#clip0_3349_8828)\"><path d=\"M7.38048 21.9288C7.87048 22.4188 8.66048 22.4188 9.15048 21.9288L17.4605 13.6187C17.8505 13.2287 17.8505 12.5988 17.4605 12.2087L9.15048 3.89875C8.66048 3.40875 7.87048 3.40875 7.38048 3.89875C6.89048 4.38875 6.89048 5.17875 7.38048 5.66875L14.6205 12.9187L7.37048 20.1688C6.89048 20.6488 6.89048 21.4488 7.38048 21.9288Z\" fill=\"#007EE2\"\/><\/g><defs><clipPath id=\"clip0_3349_8828\"><rect width=\"24\" height=\"24\" fill=\"white\" transform=\"translate(0 0.917969)\"\/><\/clipPath><\/defs><\/svg><\/span>\t\t\t\t<\/a>\n\t\t\t<\/p>\n\t\t<\/div><!-- .entry-actions -->\n\t\t<\/footer><!-- .entry-footer -->\n\t<\/div>\n<\/article>\n<article class=\"entry content-bg loop-entry post-13786 post type-post status-publish format-standard has-post-thumbnail hentry category-france-fr tag-poll-2\">\n\t    <!-- toluna-thumbnail-ratio-1-1 -->\n\t\t<a class=\"post-thumbnail\" href=\"https:\/\/tolunacorporate.com\/fr\/confiance-en-berne-degradation-de-letat-de-sante-et-renoncement-aux-soins-les-francais-attendent-des-reformes-simples-et-efficaces\/\">\n\t\t\t<div class=\"post-thumbnail-inner\">\n\t\t\t\t<img decoding=\"async\" width=\"1024\" height=\"1024\" src=\"https:\/\/tolunacorporate.com\/wp-content\/uploads\/2025\/05\/les-Francais-attendent-des-reformes-simples-et-efficaces-1024x1024.jpg\" class=\"attachment-large size-large wp-post-image\" alt=\"Confiance en berne, d\u00e9gradation de l\u2019\u00e9tat de sant\u00e9 et renoncement aux soins : les Fran\u00e7ais attendent des r\u00e9formes simples et efficaces\" srcset=\"https:\/\/tolunacorporate.com\/wp-content\/uploads\/2025\/05\/les-Francais-attendent-des-reformes-simples-et-efficaces-1024x1024.jpg 1024w, https:\/\/tolunacorporate.com\/wp-content\/uploads\/2025\/05\/les-Francais-attendent-des-reformes-simples-et-efficaces-300x300.jpg 300w, https:\/\/tolunacorporate.com\/wp-content\/uploads\/2025\/05\/les-Francais-attendent-des-reformes-simples-et-efficaces-150x150.jpg 150w, https:\/\/tolunacorporate.com\/wp-content\/uploads\/2025\/05\/les-Francais-attendent-des-reformes-simples-et-efficaces-768x768.jpg 768w, https:\/\/tolunacorporate.com\/wp-content\/uploads\/2025\/05\/les-Francais-attendent-des-reformes-simples-et-efficaces-1536x1536.jpg 1536w, https:\/\/tolunacorporate.com\/wp-content\/uploads\/2025\/05\/les-Francais-attendent-des-reformes-simples-et-efficaces.jpg 2000w\" sizes=\"(max-width: 1024px) 100vw, 1024px\" style=\"width:100%;height:100%;max-width:2000px;\" \/>\t\t\t<\/div>\n\t\t<\/a><!-- .post-thumbnail -->\n\t\t\t<div class=\"entry-content-wrap\">\n\t\t<header class=\"entry-header\">\n\t\t<div class=\"entry-taxonomies\">\n\t\t\t\t\t\t<span class=\"posted-on\">\n\t\t\t\t\t<svg width=\"20\" height=\"22\" viewBox=\"0 0 20 22\" fill=\"none\" xmlns=\"http:\/\/www.w3.org\/2000\/svg\"><path d=\"M18 2H17V1C17 0.45 16.55 0 16 0C15.45 0 15 0.45 15 1V2H5V1C5 0.45 4.55 0 4 0C3.45 0 3 0.45 3 1V2H2C0.9 2 0 2.9 0 4V20C0 21.1 0.9 22 2 22H18C19.1 22 20 21.1 20 20V4C20 2.9 19.1 2 18 2ZM17 20H3C2.45 20 2 19.55 2 19V7H18V19C18 19.55 17.55 20 17 20Z\" fill=\"#007EE2\"\/><\/svg>\n\t\t\t\t\t<time class=\"entry-date published\" datetime=\"2024-07-29T21:58:15+02:00\">29 Juil 2024<\/time><time class=\"updated\" datetime=\"2025-05-07T22:08:49+02:00\">7 mai 2025<\/time>\t\t\t\t<\/span>\n\t\t\t\t<\/div><!-- .entry-taxonomies -->\n\t<h6 class=\"entry-title\"><a href=\"https:\/\/tolunacorporate.com\/fr\/confiance-en-berne-degradation-de-letat-de-sante-et-renoncement-aux-soins-les-francais-attendent-des-reformes-simples-et-efficaces\/\" rel=\"bookmark\">Confiance en berne, d\u00e9gradation de l\u2019\u00e9tat de sant\u00e9 et renoncement aux soins : les Fran\u00e7ais attendent des r\u00e9formes simples et efficaces<\/a><\/h6><\/header><!-- .entry-header -->\n<footer class=\"entry-footer\">\n\t\t\t<div class=\"entry-actions\">\n\t\t\t<p class=\"more-link-wrap\">\n\t\t\t\t<a href=\"https:\/\/tolunacorporate.com\/fr\/confiance-en-berne-degradation-de-letat-de-sante-et-renoncement-aux-soins-les-francais-attendent-des-reformes-simples-et-efficaces\/\" class=\"post-more-link\">\n\t\t\t\t\tEN SAVOIR PLUS<span class=\"screen-reader-text\"> Confiance en berne, d\u00e9gradation de l\u2019\u00e9tat de sant\u00e9 et renoncement aux soins : les Fran\u00e7ais attendent des r\u00e9formes simples et efficaces<\/span><span class=\"toluna-svg-iconset svg-baseline\"><svg width=\"24\" height=\"25\" viewBox=\"0 0 24 25\" fill=\"none\" xmlns=\"http:\/\/www.w3.org\/2000\/svg\"><g clip-path=\"url(#clip0_3349_8828)\"><path d=\"M7.38048 21.9288C7.87048 22.4188 8.66048 22.4188 9.15048 21.9288L17.4605 13.6187C17.8505 13.2287 17.8505 12.5988 17.4605 12.2087L9.15048 3.89875C8.66048 3.40875 7.87048 3.40875 7.38048 3.89875C6.89048 4.38875 6.89048 5.17875 7.38048 5.66875L14.6205 12.9187L7.37048 20.1688C6.89048 20.6488 6.89048 21.4488 7.38048 21.9288Z\" fill=\"#007EE2\"\/><\/g><defs><clipPath id=\"clip0_3349_8828\"><rect width=\"24\" height=\"24\" fill=\"white\" transform=\"translate(0 0.917969)\"\/><\/clipPath><\/defs><\/svg><\/span>\t\t\t\t<\/a>\n\t\t\t<\/p>\n\t\t<\/div><!-- .entry-actions -->\n\t\t<\/footer><!-- .entry-footer -->\n\t<\/div>\n<\/article>\n<article class=\"entry content-bg loop-entry post-13777 post type-post status-publish format-standard has-post-thumbnail hentry category-france-fr tag-poll-2\">\n\t    <!-- toluna-thumbnail-ratio-1-1 -->\n\t\t<a class=\"post-thumbnail\" href=\"https:\/\/tolunacorporate.com\/fr\/reaction-des-francais-a-la-ceremonie-douverture-des-jeux-olympiques-de-paris-2024\/\">\n\t\t\t<div class=\"post-thumbnail-inner\">\n\t\t\t\t<img decoding=\"async\" width=\"1024\" height=\"1024\" src=\"https:\/\/tolunacorporate.com\/wp-content\/uploads\/2025\/05\/Reaction-des-Francais-a-la-ceremonie-douverture-des-Jeux-Olympiques-de-Paris-2024-1024x1024.jpg\" class=\"attachment-large size-large wp-post-image\" alt=\"R\u00e9action des Fran\u00e7ais \u00e0 la c\u00e9r\u00e9monie d\u2019ouverture des Jeux Olympiques de Paris 2024\" srcset=\"https:\/\/tolunacorporate.com\/wp-content\/uploads\/2025\/05\/Reaction-des-Francais-a-la-ceremonie-douverture-des-Jeux-Olympiques-de-Paris-2024-1024x1024.jpg 1024w, https:\/\/tolunacorporate.com\/wp-content\/uploads\/2025\/05\/Reaction-des-Francais-a-la-ceremonie-douverture-des-Jeux-Olympiques-de-Paris-2024-300x300.jpg 300w, https:\/\/tolunacorporate.com\/wp-content\/uploads\/2025\/05\/Reaction-des-Francais-a-la-ceremonie-douverture-des-Jeux-Olympiques-de-Paris-2024-150x150.jpg 150w, https:\/\/tolunacorporate.com\/wp-content\/uploads\/2025\/05\/Reaction-des-Francais-a-la-ceremonie-douverture-des-Jeux-Olympiques-de-Paris-2024-768x769.jpg 768w, https:\/\/tolunacorporate.com\/wp-content\/uploads\/2025\/05\/Reaction-des-Francais-a-la-ceremonie-douverture-des-Jeux-Olympiques-de-Paris-2024.jpg 1078w\" sizes=\"(max-width: 1024px) 100vw, 1024px\" style=\"width:100%;height:100.09%;max-width:1078px;\" \/>\t\t\t<\/div>\n\t\t<\/a><!-- .post-thumbnail -->\n\t\t\t<div class=\"entry-content-wrap\">\n\t\t<header class=\"entry-header\">\n\t\t<div class=\"entry-taxonomies\">\n\t\t\t\t\t\t<span class=\"posted-on\">\n\t\t\t\t\t<svg width=\"20\" height=\"22\" viewBox=\"0 0 20 22\" fill=\"none\" xmlns=\"http:\/\/www.w3.org\/2000\/svg\"><path d=\"M18 2H17V1C17 0.45 16.55 0 16 0C15.45 0 15 0.45 15 1V2H5V1C5 0.45 4.55 0 4 0C3.45 0 3 0.45 3 1V2H2C0.9 2 0 2.9 0 4V20C0 21.1 0.9 22 2 22H18C19.1 22 20 21.1 20 20V4C20 2.9 19.1 2 18 2ZM17 20H3C2.45 20 2 19.55 2 19V7H18V19C18 19.55 17.55 20 17 20Z\" fill=\"#007EE2\"\/><\/svg>\n\t\t\t\t\t<time class=\"entry-date published\" datetime=\"2024-07-29T21:55:50+02:00\">29 Juil 2024<\/time><time class=\"updated\" datetime=\"2025-05-10T21:32:19+02:00\">10 mai 2025<\/time>\t\t\t\t<\/span>\n\t\t\t\t<\/div><!-- .entry-taxonomies -->\n\t<h6 class=\"entry-title\"><a href=\"https:\/\/tolunacorporate.com\/fr\/reaction-des-francais-a-la-ceremonie-douverture-des-jeux-olympiques-de-paris-2024\/\" rel=\"bookmark\">R\u00e9action des Fran\u00e7ais \u00e0 la c\u00e9r\u00e9monie d\u2019ouverture des Jeux Olympiques de Paris 2024<\/a><\/h6><\/header><!-- .entry-header -->\n<footer class=\"entry-footer\">\n\t\t\t<div class=\"entry-actions\">\n\t\t\t<p class=\"more-link-wrap\">\n\t\t\t\t<a href=\"https:\/\/tolunacorporate.com\/fr\/reaction-des-francais-a-la-ceremonie-douverture-des-jeux-olympiques-de-paris-2024\/\" class=\"post-more-link\">\n\t\t\t\t\tEN SAVOIR PLUS<span class=\"screen-reader-text\"> R\u00e9action des Fran\u00e7ais \u00e0 la c\u00e9r\u00e9monie d\u2019ouverture des Jeux Olympiques de Paris 2024<\/span><span class=\"toluna-svg-iconset svg-baseline\"><svg width=\"24\" height=\"25\" viewBox=\"0 0 24 25\" fill=\"none\" xmlns=\"http:\/\/www.w3.org\/2000\/svg\"><g clip-path=\"url(#clip0_3349_8828)\"><path d=\"M7.38048 21.9288C7.87048 22.4188 8.66048 22.4188 9.15048 21.9288L17.4605 13.6187C17.8505 13.2287 17.8505 12.5988 17.4605 12.2087L9.15048 3.89875C8.66048 3.40875 7.87048 3.40875 7.38048 3.89875C6.89048 4.38875 6.89048 5.17875 7.38048 5.66875L14.6205 12.9187L7.37048 20.1688C6.89048 20.6488 6.89048 21.4488 7.38048 21.9288Z\" fill=\"#007EE2\"\/><\/g><defs><clipPath id=\"clip0_3349_8828\"><rect width=\"24\" height=\"24\" fill=\"white\" transform=\"translate(0 0.917969)\"\/><\/clipPath><\/defs><\/svg><\/span>\t\t\t\t<\/a>\n\t\t\t<\/p>\n\t\t<\/div><!-- .entry-actions -->\n\t\t<\/footer><!-- .entry-footer -->\n\t<\/div>\n<\/article>\n<article class=\"entry content-bg loop-entry post-13795 post type-post status-publish format-standard has-post-thumbnail hentry category-france-fr tag-poll-2\">\n\t    <!-- toluna-thumbnail-ratio-1-1 -->\n\t\t<a class=\"post-thumbnail\" href=\"https:\/\/tolunacorporate.com\/fr\/barometre-de-confiance-politique-juillet-2024\/\">\n\t\t\t<div class=\"post-thumbnail-inner\">\n\t\t\t\t<img decoding=\"async\" width=\"500\" height=\"500\" src=\"https:\/\/tolunacorporate.com\/wp-content\/uploads\/2025\/05\/Barometre-de-confiance-politique-\u2013-Juillet-2024.jpg\" class=\"attachment-large size-large wp-post-image\" alt=\"Barom\u00e8tre de confiance politique \u2013 Juillet 2024\" srcset=\"https:\/\/tolunacorporate.com\/wp-content\/uploads\/2025\/05\/Barometre-de-confiance-politique-\u2013-Juillet-2024.jpg 500w, https:\/\/tolunacorporate.com\/wp-content\/uploads\/2025\/05\/Barometre-de-confiance-politique-\u2013-Juillet-2024-300x300.jpg 300w, https:\/\/tolunacorporate.com\/wp-content\/uploads\/2025\/05\/Barometre-de-confiance-politique-\u2013-Juillet-2024-150x150.jpg 150w\" sizes=\"(max-width: 500px) 100vw, 500px\" style=\"width:100%;height:100%;max-width:500px;\" \/>\t\t\t<\/div>\n\t\t<\/a><!-- .post-thumbnail -->\n\t\t\t<div class=\"entry-content-wrap\">\n\t\t<header class=\"entry-header\">\n\t\t<div class=\"entry-taxonomies\">\n\t\t\t\t\t\t<span class=\"posted-on\">\n\t\t\t\t\t<svg width=\"20\" height=\"22\" viewBox=\"0 0 20 22\" fill=\"none\" xmlns=\"http:\/\/www.w3.org\/2000\/svg\"><path d=\"M18 2H17V1C17 0.45 16.55 0 16 0C15.45 0 15 0.45 15 1V2H5V1C5 0.45 4.55 0 4 0C3.45 0 3 0.45 3 1V2H2C0.9 2 0 2.9 0 4V20C0 21.1 0.9 22 2 22H18C19.1 22 20 21.1 20 20V4C20 2.9 19.1 2 18 2ZM17 20H3C2.45 20 2 19.55 2 19V7H18V19C18 19.55 17.55 20 17 20Z\" fill=\"#007EE2\"\/><\/svg>\n\t\t\t\t\t<time class=\"entry-date published\" datetime=\"2024-07-26T22:09:35+02:00\">26 Juil 2024<\/time><time class=\"updated\" datetime=\"2025-05-10T21:35:10+02:00\">10 mai 2025<\/time>\t\t\t\t<\/span>\n\t\t\t\t<\/div><!-- .entry-taxonomies -->\n\t<h6 class=\"entry-title\"><a href=\"https:\/\/tolunacorporate.com\/fr\/barometre-de-confiance-politique-juillet-2024\/\" rel=\"bookmark\">Barom\u00e8tre de confiance politique \u2013 Juillet 2024<\/a><\/h6><\/header><!-- .entry-header -->\n<footer class=\"entry-footer\">\n\t\t\t<div class=\"entry-actions\">\n\t\t\t<p class=\"more-link-wrap\">\n\t\t\t\t<a href=\"https:\/\/tolunacorporate.com\/fr\/barometre-de-confiance-politique-juillet-2024\/\" class=\"post-more-link\">\n\t\t\t\t\tEN SAVOIR PLUS<span class=\"screen-reader-text\"> Barom\u00e8tre de confiance politique \u2013 Juillet 2024<\/span><span class=\"toluna-svg-iconset svg-baseline\"><svg width=\"24\" height=\"25\" viewBox=\"0 0 24 25\" fill=\"none\" xmlns=\"http:\/\/www.w3.org\/2000\/svg\"><g clip-path=\"url(#clip0_3349_8828)\"><path d=\"M7.38048 21.9288C7.87048 22.4188 8.66048 22.4188 9.15048 21.9288L17.4605 13.6187C17.8505 13.2287 17.8505 12.5988 17.4605 12.2087L9.15048 3.89875C8.66048 3.40875 7.87048 3.40875 7.38048 3.89875C6.89048 4.38875 6.89048 5.17875 7.38048 5.66875L14.6205 12.9187L7.37048 20.1688C6.89048 20.6488 6.89048 21.4488 7.38048 21.9288Z\" fill=\"#007EE2\"\/><\/g><defs><clipPath id=\"clip0_3349_8828\"><rect width=\"24\" height=\"24\" fill=\"white\" transform=\"translate(0 0.917969)\"\/><\/clipPath><\/defs><\/svg><\/span>\t\t\t\t<\/a>\n\t\t\t<\/p>\n\t\t<\/div><!-- .entry-actions -->\n\t\t<\/footer><!-- .entry-footer -->\n\t<\/div>\n<\/article>\n<article class=\"entry content-bg loop-entry post-13804 post type-post status-publish format-standard has-post-thumbnail hentry category-france-fr tag-poll-2\">\n\t    <!-- toluna-thumbnail-ratio-1-1 -->\n\t\t<a class=\"post-thumbnail\" href=\"https:\/\/tolunacorporate.com\/fr\/les-francais-et-la-biodiversite-vague-2024\/\">\n\t\t\t<div class=\"post-thumbnail-inner\">\n\t\t\t\t<img decoding=\"async\" width=\"1024\" height=\"1024\" src=\"https:\/\/tolunacorporate.com\/wp-content\/uploads\/2025\/05\/Les-Francais-et-la-biodiversite-\u2013-Vague-2024-1024x1024.jpg\" class=\"attachment-large size-large wp-post-image\" alt=\"Les Fran\u00e7ais et la biodiversit\u00e9 \u2013 Vague 2024\" srcset=\"https:\/\/tolunacorporate.com\/wp-content\/uploads\/2025\/05\/Les-Francais-et-la-biodiversite-\u2013-Vague-2024-1024x1024.jpg 1024w, https:\/\/tolunacorporate.com\/wp-content\/uploads\/2025\/05\/Les-Francais-et-la-biodiversite-\u2013-Vague-2024-300x300.jpg 300w, https:\/\/tolunacorporate.com\/wp-content\/uploads\/2025\/05\/Les-Francais-et-la-biodiversite-\u2013-Vague-2024-150x150.jpg 150w, https:\/\/tolunacorporate.com\/wp-content\/uploads\/2025\/05\/Les-Francais-et-la-biodiversite-\u2013-Vague-2024-768x768.jpg 768w, https:\/\/tolunacorporate.com\/wp-content\/uploads\/2025\/05\/Les-Francais-et-la-biodiversite-\u2013-Vague-2024-1536x1536.jpg 1536w, https:\/\/tolunacorporate.com\/wp-content\/uploads\/2025\/05\/Les-Francais-et-la-biodiversite-\u2013-Vague-2024.jpg 2048w\" sizes=\"(max-width: 1024px) 100vw, 1024px\" style=\"width:100%;height:100%;max-width:2048px;\" \/>\t\t\t<\/div>\n\t\t<\/a><!-- .post-thumbnail -->\n\t\t\t<div class=\"entry-content-wrap\">\n\t\t<header class=\"entry-header\">\n\t\t<div class=\"entry-taxonomies\">\n\t\t\t\t\t\t<span class=\"posted-on\">\n\t\t\t\t\t<svg width=\"20\" height=\"22\" viewBox=\"0 0 20 22\" fill=\"none\" xmlns=\"http:\/\/www.w3.org\/2000\/svg\"><path d=\"M18 2H17V1C17 0.45 16.55 0 16 0C15.45 0 15 0.45 15 1V2H5V1C5 0.45 4.55 0 4 0C3.45 0 3 0.45 3 1V2H2C0.9 2 0 2.9 0 4V20C0 21.1 0.9 22 2 22H18C19.1 22 20 21.1 20 20V4C20 2.9 19.1 2 18 2ZM17 20H3C2.45 20 2 19.55 2 19V7H18V19C18 19.55 17.55 20 17 20Z\" fill=\"#007EE2\"\/><\/svg>\n\t\t\t\t\t<time class=\"entry-date published\" datetime=\"2024-07-22T22:11:50+02:00\">22 Juil 2024<\/time><time class=\"updated\" datetime=\"2025-05-10T21:36:41+02:00\">10 mai 2025<\/time>\t\t\t\t<\/span>\n\t\t\t\t<\/div><!-- .entry-taxonomies -->\n\t<h6 class=\"entry-title\"><a href=\"https:\/\/tolunacorporate.com\/fr\/les-francais-et-la-biodiversite-vague-2024\/\" rel=\"bookmark\">Les Fran\u00e7ais et la biodiversit\u00e9 \u2013 Vague 2024<\/a><\/h6><\/header><!-- .entry-header -->\n<footer class=\"entry-footer\">\n\t\t\t<div class=\"entry-actions\">\n\t\t\t<p class=\"more-link-wrap\">\n\t\t\t\t<a href=\"https:\/\/tolunacorporate.com\/fr\/les-francais-et-la-biodiversite-vague-2024\/\" class=\"post-more-link\">\n\t\t\t\t\tEN SAVOIR PLUS<span class=\"screen-reader-text\"> Les Fran\u00e7ais et la biodiversit\u00e9 \u2013 Vague 2024<\/span><span class=\"toluna-svg-iconset svg-baseline\"><svg width=\"24\" height=\"25\" viewBox=\"0 0 24 25\" fill=\"none\" xmlns=\"http:\/\/www.w3.org\/2000\/svg\"><g clip-path=\"url(#clip0_3349_8828)\"><path d=\"M7.38048 21.9288C7.87048 22.4188 8.66048 22.4188 9.15048 21.9288L17.4605 13.6187C17.8505 13.2287 17.8505 12.5988 17.4605 12.2087L9.15048 3.89875C8.66048 3.40875 7.87048 3.40875 7.38048 3.89875C6.89048 4.38875 6.89048 5.17875 7.38048 5.66875L14.6205 12.9187L7.37048 20.1688C6.89048 20.6488 6.89048 21.4488 7.38048 21.9288Z\" fill=\"#007EE2\"\/><\/g><defs><clipPath id=\"clip0_3349_8828\"><rect width=\"24\" height=\"24\" fill=\"white\" transform=\"translate(0 0.917969)\"\/><\/clipPath><\/defs><\/svg><\/span>\t\t\t\t<\/a>\n\t\t\t<\/p>\n\t\t<\/div><!-- .entry-actions -->\n\t\t<\/footer><!-- .entry-footer -->\n\t<\/div>\n<\/article>\n<article class=\"entry content-bg loop-entry post-13813 post type-post status-publish format-standard has-post-thumbnail hentry category-france-fr tag-poll-2\">\n\t    <!-- toluna-thumbnail-ratio-1-1 -->\n\t\t<a class=\"post-thumbnail\" href=\"https:\/\/tolunacorporate.com\/fr\/regards-des-francais-sur-les-jeux-de-paris-2024\/\">\n\t\t\t<div class=\"post-thumbnail-inner\">\n\t\t\t\t<img decoding=\"async\" width=\"1024\" height=\"1024\" src=\"https:\/\/tolunacorporate.com\/wp-content\/uploads\/2025\/05\/Regards-des-Francais-sur-les-Jeux-de-Paris-2024-1024x1024.jpg\" class=\"attachment-large size-large wp-post-image\" alt=\"Regards des Fran\u00e7ais sur les Jeux de Paris 2024\" srcset=\"https:\/\/tolunacorporate.com\/wp-content\/uploads\/2025\/05\/Regards-des-Francais-sur-les-Jeux-de-Paris-2024-1024x1024.jpg 1024w, https:\/\/tolunacorporate.com\/wp-content\/uploads\/2025\/05\/Regards-des-Francais-sur-les-Jeux-de-Paris-2024-300x300.jpg 300w, https:\/\/tolunacorporate.com\/wp-content\/uploads\/2025\/05\/Regards-des-Francais-sur-les-Jeux-de-Paris-2024-150x150.jpg 150w, https:\/\/tolunacorporate.com\/wp-content\/uploads\/2025\/05\/Regards-des-Francais-sur-les-Jeux-de-Paris-2024-768x769.jpg 768w, https:\/\/tolunacorporate.com\/wp-content\/uploads\/2025\/05\/Regards-des-Francais-sur-les-Jeux-de-Paris-2024.jpg 1078w\" sizes=\"(max-width: 1024px) 100vw, 1024px\" style=\"width:100%;height:100.09%;max-width:1078px;\" \/>\t\t\t<\/div>\n\t\t<\/a><!-- .post-thumbnail -->\n\t\t\t<div class=\"entry-content-wrap\">\n\t\t<header class=\"entry-header\">\n\t\t<div class=\"entry-taxonomies\">\n\t\t\t\t\t\t<span class=\"posted-on\">\n\t\t\t\t\t<svg width=\"20\" height=\"22\" viewBox=\"0 0 20 22\" fill=\"none\" xmlns=\"http:\/\/www.w3.org\/2000\/svg\"><path d=\"M18 2H17V1C17 0.45 16.55 0 16 0C15.45 0 15 0.45 15 1V2H5V1C5 0.45 4.55 0 4 0C3.45 0 3 0.45 3 1V2H2C0.9 2 0 2.9 0 4V20C0 21.1 0.9 22 2 22H18C19.1 22 20 21.1 20 20V4C20 2.9 19.1 2 18 2ZM17 20H3C2.45 20 2 19.55 2 19V7H18V19C18 19.55 17.55 20 17 20Z\" fill=\"#007EE2\"\/><\/svg>\n\t\t\t\t\t<time class=\"entry-date published\" datetime=\"2024-07-19T22:16:02+02:00\">19 Juil 2024<\/time><time class=\"updated\" datetime=\"2025-05-10T21:38:04+02:00\">10 mai 2025<\/time>\t\t\t\t<\/span>\n\t\t\t\t<\/div><!-- .entry-taxonomies -->\n\t<h6 class=\"entry-title\"><a href=\"https:\/\/tolunacorporate.com\/fr\/regards-des-francais-sur-les-jeux-de-paris-2024\/\" rel=\"bookmark\">Regards des Fran\u00e7ais sur les Jeux de Paris 2024<\/a><\/h6><\/header><!-- .entry-header -->\n<footer class=\"entry-footer\">\n\t\t\t<div class=\"entry-actions\">\n\t\t\t<p class=\"more-link-wrap\">\n\t\t\t\t<a href=\"https:\/\/tolunacorporate.com\/fr\/regards-des-francais-sur-les-jeux-de-paris-2024\/\" class=\"post-more-link\">\n\t\t\t\t\tEN SAVOIR PLUS<span class=\"screen-reader-text\"> Regards des Fran\u00e7ais sur les Jeux de Paris 2024<\/span><span class=\"toluna-svg-iconset svg-baseline\"><svg width=\"24\" height=\"25\" viewBox=\"0 0 24 25\" fill=\"none\" xmlns=\"http:\/\/www.w3.org\/2000\/svg\"><g clip-path=\"url(#clip0_3349_8828)\"><path d=\"M7.38048 21.9288C7.87048 22.4188 8.66048 22.4188 9.15048 21.9288L17.4605 13.6187C17.8505 13.2287 17.8505 12.5988 17.4605 12.2087L9.15048 3.89875C8.66048 3.40875 7.87048 3.40875 7.38048 3.89875C6.89048 4.38875 6.89048 5.17875 7.38048 5.66875L14.6205 12.9187L7.37048 20.1688C6.89048 20.6488 6.89048 21.4488 7.38048 21.9288Z\" fill=\"#007EE2\"\/><\/g><defs><clipPath id=\"clip0_3349_8828\"><rect width=\"24\" height=\"24\" fill=\"white\" transform=\"translate(0 0.917969)\"\/><\/clipPath><\/defs><\/svg><\/span>\t\t\t\t<\/a>\n\t\t\t<\/p>\n\t\t<\/div><!-- .entry-actions -->\n\t\t<\/footer><!-- .entry-footer -->\n\t<\/div>\n<\/article>\n<article class=\"entry content-bg loop-entry post-13822 post type-post status-publish format-standard has-post-thumbnail hentry category-france-fr tag-poll-2\">\n\t    <!-- toluna-thumbnail-ratio-1-1 -->\n\t\t<a class=\"post-thumbnail\" href=\"https:\/\/tolunacorporate.com\/fr\/lusage-de-lhomeopathie-dans-le-monde\/\">\n\t\t\t<div class=\"post-thumbnail-inner\">\n\t\t\t\t<img decoding=\"async\" width=\"1024\" height=\"1024\" src=\"https:\/\/tolunacorporate.com\/wp-content\/uploads\/2025\/05\/Lusage-de-lhomeopathie-dans-le-monde-1024x1024.jpg\" class=\"attachment-large size-large wp-post-image\" alt=\"L\u2019usage de l\u2019hom\u00e9opathie dans le monde\" srcset=\"https:\/\/tolunacorporate.com\/wp-content\/uploads\/2025\/05\/Lusage-de-lhomeopathie-dans-le-monde-1024x1024.jpg 1024w, https:\/\/tolunacorporate.com\/wp-content\/uploads\/2025\/05\/Lusage-de-lhomeopathie-dans-le-monde-300x300.jpg 300w, https:\/\/tolunacorporate.com\/wp-content\/uploads\/2025\/05\/Lusage-de-lhomeopathie-dans-le-monde-150x150.jpg 150w, https:\/\/tolunacorporate.com\/wp-content\/uploads\/2025\/05\/Lusage-de-lhomeopathie-dans-le-monde-768x768.jpg 768w, https:\/\/tolunacorporate.com\/wp-content\/uploads\/2025\/05\/Lusage-de-lhomeopathie-dans-le-monde.jpg 1280w\" sizes=\"(max-width: 1024px) 100vw, 1024px\" style=\"width:100%;height:100%;max-width:1280px;\" \/>\t\t\t<\/div>\n\t\t<\/a><!-- .post-thumbnail -->\n\t\t\t<div class=\"entry-content-wrap\">\n\t\t<header class=\"entry-header\">\n\t\t<div class=\"entry-taxonomies\">\n\t\t\t\t\t\t<span class=\"posted-on\">\n\t\t\t\t\t<svg width=\"20\" height=\"22\" viewBox=\"0 0 20 22\" fill=\"none\" xmlns=\"http:\/\/www.w3.org\/2000\/svg\"><path d=\"M18 2H17V1C17 0.45 16.55 0 16 0C15.45 0 15 0.45 15 1V2H5V1C5 0.45 4.55 0 4 0C3.45 0 3 0.45 3 1V2H2C0.9 2 0 2.9 0 4V20C0 21.1 0.9 22 2 22H18C19.1 22 20 21.1 20 20V4C20 2.9 19.1 2 18 2ZM17 20H3C2.45 20 2 19.55 2 19V7H18V19C18 19.55 17.55 20 17 20Z\" fill=\"#007EE2\"\/><\/svg>\n\t\t\t\t\t<time class=\"entry-date published\" datetime=\"2024-07-17T22:18:01+02:00\">17 Juil 2024<\/time><time class=\"updated\" datetime=\"2025-05-10T21:41:21+02:00\">10 mai 2025<\/time>\t\t\t\t<\/span>\n\t\t\t\t<\/div><!-- .entry-taxonomies -->\n\t<h6 class=\"entry-title\"><a href=\"https:\/\/tolunacorporate.com\/fr\/lusage-de-lhomeopathie-dans-le-monde\/\" rel=\"bookmark\">L\u2019usage de l\u2019hom\u00e9opathie dans le monde<\/a><\/h6><\/header><!-- .entry-header -->\n<footer class=\"entry-footer\">\n\t\t\t<div class=\"entry-actions\">\n\t\t\t<p class=\"more-link-wrap\">\n\t\t\t\t<a href=\"https:\/\/tolunacorporate.com\/fr\/lusage-de-lhomeopathie-dans-le-monde\/\" class=\"post-more-link\">\n\t\t\t\t\tEN SAVOIR PLUS<span class=\"screen-reader-text\"> L\u2019usage de l\u2019hom\u00e9opathie dans le monde<\/span><span class=\"toluna-svg-iconset svg-baseline\"><svg width=\"24\" height=\"25\" viewBox=\"0 0 24 25\" fill=\"none\" xmlns=\"http:\/\/www.w3.org\/2000\/svg\"><g clip-path=\"url(#clip0_3349_8828)\"><path d=\"M7.38048 21.9288C7.87048 22.4188 8.66048 22.4188 9.15048 21.9288L17.4605 13.6187C17.8505 13.2287 17.8505 12.5988 17.4605 12.2087L9.15048 3.89875C8.66048 3.40875 7.87048 3.40875 7.38048 3.89875C6.89048 4.38875 6.89048 5.17875 7.38048 5.66875L14.6205 12.9187L7.37048 20.1688C6.89048 20.6488 6.89048 21.4488 7.38048 21.9288Z\" fill=\"#007EE2\"\/><\/g><defs><clipPath id=\"clip0_3349_8828\"><rect width=\"24\" height=\"24\" fill=\"white\" transform=\"translate(0 0.917969)\"\/><\/clipPath><\/defs><\/svg><\/span>\t\t\t\t<\/a>\n\t\t\t<\/p>\n\t\t<\/div><!-- .entry-actions -->\n\t\t<\/footer><!-- .entry-footer -->\n\t<\/div>\n<\/article>\n<article class=\"entry content-bg loop-entry post-13840 post type-post status-publish format-standard has-post-thumbnail hentry category-france-fr tag-poll-2\">\n\t    <!-- toluna-thumbnail-ratio-1-1 -->\n\t\t<a class=\"post-thumbnail\" href=\"https:\/\/tolunacorporate.com\/fr\/regard-des-francais-sur-lissue-du-second-tour\/\">\n\t\t\t<div class=\"post-thumbnail-inner\">\n\t\t\t\t<img decoding=\"async\" width=\"293\" height=\"294\" src=\"https:\/\/tolunacorporate.com\/wp-content\/uploads\/2025\/05\/Regard-des-Francais-sur-lissue-du-second-tour.png\" class=\"attachment-large size-large wp-post-image\" alt=\"Regard des Fran\u00e7ais sur l\u2019issue du second tour\" srcset=\"https:\/\/tolunacorporate.com\/wp-content\/uploads\/2025\/05\/Regard-des-Francais-sur-lissue-du-second-tour.png 293w, https:\/\/tolunacorporate.com\/wp-content\/uploads\/2025\/05\/Regard-des-Francais-sur-lissue-du-second-tour-150x150.png 150w\" sizes=\"(max-width: 293px) 100vw, 293px\" style=\"width:100%;height:100.34%;max-width:293px;\" \/>\t\t\t<\/div>\n\t\t<\/a><!-- .post-thumbnail -->\n\t\t\t<div class=\"entry-content-wrap\">\n\t\t<header class=\"entry-header\">\n\t\t<div class=\"entry-taxonomies\">\n\t\t\t\t\t\t<span class=\"posted-on\">\n\t\t\t\t\t<svg width=\"20\" height=\"22\" viewBox=\"0 0 20 22\" fill=\"none\" xmlns=\"http:\/\/www.w3.org\/2000\/svg\"><path d=\"M18 2H17V1C17 0.45 16.55 0 16 0C15.45 0 15 0.45 15 1V2H5V1C5 0.45 4.55 0 4 0C3.45 0 3 0.45 3 1V2H2C0.9 2 0 2.9 0 4V20C0 21.1 0.9 22 2 22H18C19.1 22 20 21.1 20 20V4C20 2.9 19.1 2 18 2ZM17 20H3C2.45 20 2 19.55 2 19V7H18V19C18 19.55 17.55 20 17 20Z\" fill=\"#007EE2\"\/><\/svg>\n\t\t\t\t\t<time class=\"entry-date published\" datetime=\"2024-07-08T22:25:39+02:00\">8 Juil 2024<\/time><time class=\"updated\" datetime=\"2025-05-10T21:42:50+02:00\">10 mai 2025<\/time>\t\t\t\t<\/span>\n\t\t\t\t<\/div><!-- .entry-taxonomies -->\n\t<h6 class=\"entry-title\"><a href=\"https:\/\/tolunacorporate.com\/fr\/regard-des-francais-sur-lissue-du-second-tour\/\" rel=\"bookmark\">Regard des Fran\u00e7ais sur l\u2019issue du second tour<\/a><\/h6><\/header><!-- .entry-header -->\n<footer class=\"entry-footer\">\n\t\t\t<div class=\"entry-actions\">\n\t\t\t<p class=\"more-link-wrap\">\n\t\t\t\t<a href=\"https:\/\/tolunacorporate.com\/fr\/regard-des-francais-sur-lissue-du-second-tour\/\" class=\"post-more-link\">\n\t\t\t\t\tEN SAVOIR PLUS<span class=\"screen-reader-text\"> Regard des Fran\u00e7ais sur l\u2019issue du second tour<\/span><span class=\"toluna-svg-iconset svg-baseline\"><svg width=\"24\" height=\"25\" viewBox=\"0 0 24 25\" fill=\"none\" xmlns=\"http:\/\/www.w3.org\/2000\/svg\"><g clip-path=\"url(#clip0_3349_8828)\"><path d=\"M7.38048 21.9288C7.87048 22.4188 8.66048 22.4188 9.15048 21.9288L17.4605 13.6187C17.8505 13.2287 17.8505 12.5988 17.4605 12.2087L9.15048 3.89875C8.66048 3.40875 7.87048 3.40875 7.38048 3.89875C6.89048 4.38875 6.89048 5.17875 7.38048 5.66875L14.6205 12.9187L7.37048 20.1688C6.89048 20.6488 6.89048 21.4488 7.38048 21.9288Z\" fill=\"#007EE2\"\/><\/g><defs><clipPath id=\"clip0_3349_8828\"><rect width=\"24\" height=\"24\" fill=\"white\" transform=\"translate(0 0.917969)\"\/><\/clipPath><\/defs><\/svg><\/span>\t\t\t\t<\/a>\n\t\t\t<\/p>\n\t\t<\/div><!-- .entry-actions -->\n\t\t<\/footer><!-- .entry-footer -->\n\t<\/div>\n<\/article>\n<article class=\"entry content-bg loop-entry post-13831 post type-post status-publish format-standard has-post-thumbnail hentry category-france-fr tag-poll-2\">\n\t    <!-- toluna-thumbnail-ratio-1-1 -->\n\t\t<a class=\"post-thumbnail\" href=\"https:\/\/tolunacorporate.com\/fr\/intentions-de-vote-pour-lelection-presidentielle-de-2027\/\">\n\t\t\t<div class=\"post-thumbnail-inner\">\n\t\t\t\t<img decoding=\"async\" width=\"293\" height=\"294\" src=\"https:\/\/tolunacorporate.com\/wp-content\/uploads\/2025\/05\/Intentions-de-vote-pour-lelection-presidentielle-de-2027.png\" class=\"attachment-large size-large wp-post-image\" alt=\"Intentions de vote pour l\u2019\u00e9lection pr\u00e9sidentielle de 2027\" srcset=\"https:\/\/tolunacorporate.com\/wp-content\/uploads\/2025\/05\/Intentions-de-vote-pour-lelection-presidentielle-de-2027.png 293w, https:\/\/tolunacorporate.com\/wp-content\/uploads\/2025\/05\/Intentions-de-vote-pour-lelection-presidentielle-de-2027-150x150.png 150w\" sizes=\"(max-width: 293px) 100vw, 293px\" style=\"width:100%;height:100.34%;max-width:293px;\" \/>\t\t\t<\/div>\n\t\t<\/a><!-- .post-thumbnail -->\n\t\t\t<div class=\"entry-content-wrap\">\n\t\t<header class=\"entry-header\">\n\t\t<div class=\"entry-taxonomies\">\n\t\t\t\t\t\t<span class=\"posted-on\">\n\t\t\t\t\t<svg width=\"20\" height=\"22\" viewBox=\"0 0 20 22\" fill=\"none\" xmlns=\"http:\/\/www.w3.org\/2000\/svg\"><path d=\"M18 2H17V1C17 0.45 16.55 0 16 0C15.45 0 15 0.45 15 1V2H5V1C5 0.45 4.55 0 4 0C3.45 0 3 0.45 3 1V2H2C0.9 2 0 2.9 0 4V20C0 21.1 0.9 22 2 22H18C19.1 22 20 21.1 20 20V4C20 2.9 19.1 2 18 2ZM17 20H3C2.45 20 2 19.55 2 19V7H18V19C18 19.55 17.55 20 17 20Z\" fill=\"#007EE2\"\/><\/svg>\n\t\t\t\t\t<time class=\"entry-date published\" datetime=\"2024-07-08T22:22:57+02:00\">8 Juil 2024<\/time><time class=\"updated\" datetime=\"2025-05-10T21:45:16+02:00\">10 mai 2025<\/time>\t\t\t\t<\/span>\n\t\t\t\t<\/div><!-- .entry-taxonomies -->\n\t<h6 class=\"entry-title\"><a href=\"https:\/\/tolunacorporate.com\/fr\/intentions-de-vote-pour-lelection-presidentielle-de-2027\/\" rel=\"bookmark\">Intentions de vote pour l\u2019\u00e9lection pr\u00e9sidentielle de 2027<\/a><\/h6><\/header><!-- .entry-header -->\n<footer class=\"entry-footer\">\n\t\t\t<div class=\"entry-actions\">\n\t\t\t<p class=\"more-link-wrap\">\n\t\t\t\t<a href=\"https:\/\/tolunacorporate.com\/fr\/intentions-de-vote-pour-lelection-presidentielle-de-2027\/\" class=\"post-more-link\">\n\t\t\t\t\tEN SAVOIR PLUS<span class=\"screen-reader-text\"> Intentions de vote pour l\u2019\u00e9lection pr\u00e9sidentielle de 2027<\/span><span class=\"toluna-svg-iconset svg-baseline\"><svg width=\"24\" height=\"25\" viewBox=\"0 0 24 25\" fill=\"none\" xmlns=\"http:\/\/www.w3.org\/2000\/svg\"><g clip-path=\"url(#clip0_3349_8828)\"><path d=\"M7.38048 21.9288C7.87048 22.4188 8.66048 22.4188 9.15048 21.9288L17.4605 13.6187C17.8505 13.2287 17.8505 12.5988 17.4605 12.2087L9.15048 3.89875C8.66048 3.40875 7.87048 3.40875 7.38048 3.89875C6.89048 4.38875 6.89048 5.17875 7.38048 5.66875L14.6205 12.9187L7.37048 20.1688C6.89048 20.6488 6.89048 21.4488 7.38048 21.9288Z\" fill=\"#007EE2\"\/><\/g><defs><clipPath id=\"clip0_3349_8828\"><rect width=\"24\" height=\"24\" fill=\"white\" transform=\"translate(0 0.917969)\"\/><\/clipPath><\/defs><\/svg><\/span>\t\t\t\t<\/a>\n\t\t\t<\/p>\n\t\t<\/div><!-- .entry-actions -->\n\t\t<\/footer><!-- .entry-footer -->\n\t<\/div>\n<\/article>\n<article class=\"entry content-bg loop-entry post-13867 post type-post status-publish format-standard has-post-thumbnail hentry category-france-fr tag-poll-2\">\n\t    <!-- toluna-thumbnail-ratio-1-1 -->\n\t\t<a class=\"post-thumbnail\" href=\"https:\/\/tolunacorporate.com\/fr\/les-francais-et-le-cancer\/\">\n\t\t\t<div class=\"post-thumbnail-inner\">\n\t\t\t\t<img decoding=\"async\" width=\"293\" height=\"294\" src=\"https:\/\/tolunacorporate.com\/wp-content\/uploads\/2025\/05\/Les-Francais-et-le-cancer.jpg\" class=\"attachment-large size-large wp-post-image\" alt=\"Les Fran\u00e7ais et le cancer\" srcset=\"https:\/\/tolunacorporate.com\/wp-content\/uploads\/2025\/05\/Les-Francais-et-le-cancer.jpg 293w, https:\/\/tolunacorporate.com\/wp-content\/uploads\/2025\/05\/Les-Francais-et-le-cancer-150x150.jpg 150w\" sizes=\"(max-width: 293px) 100vw, 293px\" style=\"width:100%;height:100.34%;max-width:293px;\" \/>\t\t\t<\/div>\n\t\t<\/a><!-- .post-thumbnail -->\n\t\t\t<div class=\"entry-content-wrap\">\n\t\t<header class=\"entry-header\">\n\t\t<div class=\"entry-taxonomies\">\n\t\t\t\t\t\t<span class=\"posted-on\">\n\t\t\t\t\t<svg width=\"20\" height=\"22\" viewBox=\"0 0 20 22\" fill=\"none\" xmlns=\"http:\/\/www.w3.org\/2000\/svg\"><path d=\"M18 2H17V1C17 0.45 16.55 0 16 0C15.45 0 15 0.45 15 1V2H5V1C5 0.45 4.55 0 4 0C3.45 0 3 0.45 3 1V2H2C0.9 2 0 2.9 0 4V20C0 21.1 0.9 22 2 22H18C19.1 22 20 21.1 20 20V4C20 2.9 19.1 2 18 2ZM17 20H3C2.45 20 2 19.55 2 19V7H18V19C18 19.55 17.55 20 17 20Z\" fill=\"#007EE2\"\/><\/svg>\n\t\t\t\t\t<time class=\"entry-date published\" datetime=\"2024-07-05T22:33:59+02:00\">5 Juil 2024<\/time><time class=\"updated\" datetime=\"2025-05-10T21:46:45+02:00\">10 mai 2025<\/time>\t\t\t\t<\/span>\n\t\t\t\t<\/div><!-- .entry-taxonomies -->\n\t<h6 class=\"entry-title\"><a href=\"https:\/\/tolunacorporate.com\/fr\/les-francais-et-le-cancer\/\" rel=\"bookmark\">Les Fran\u00e7ais et le cancer<\/a><\/h6><\/header><!-- .entry-header -->\n<footer class=\"entry-footer\">\n\t\t\t<div class=\"entry-actions\">\n\t\t\t<p class=\"more-link-wrap\">\n\t\t\t\t<a href=\"https:\/\/tolunacorporate.com\/fr\/les-francais-et-le-cancer\/\" class=\"post-more-link\">\n\t\t\t\t\tEN SAVOIR PLUS<span class=\"screen-reader-text\"> Les Fran\u00e7ais et le cancer<\/span><span class=\"toluna-svg-iconset svg-baseline\"><svg width=\"24\" height=\"25\" viewBox=\"0 0 24 25\" fill=\"none\" xmlns=\"http:\/\/www.w3.org\/2000\/svg\"><g clip-path=\"url(#clip0_3349_8828)\"><path d=\"M7.38048 21.9288C7.87048 22.4188 8.66048 22.4188 9.15048 21.9288L17.4605 13.6187C17.8505 13.2287 17.8505 12.5988 17.4605 12.2087L9.15048 3.89875C8.66048 3.40875 7.87048 3.40875 7.38048 3.89875C6.89048 4.38875 6.89048 5.17875 7.38048 5.66875L14.6205 12.9187L7.37048 20.1688C6.89048 20.6488 6.89048 21.4488 7.38048 21.9288Z\" fill=\"#007EE2\"\/><\/g><defs><clipPath id=\"clip0_3349_8828\"><rect width=\"24\" height=\"24\" fill=\"white\" transform=\"translate(0 0.917969)\"\/><\/clipPath><\/defs><\/svg><\/span>\t\t\t\t<\/a>\n\t\t\t<\/p>\n\t\t<\/div><!-- .entry-actions -->\n\t\t<\/footer><!-- .entry-footer -->\n\t<\/div>\n<\/article>\n<article class=\"entry content-bg loop-entry post-13858 post type-post status-publish format-standard has-post-thumbnail hentry category-france-fr tag-poll-2\">\n\t    <!-- toluna-thumbnail-ratio-1-1 -->\n\t\t<a class=\"post-thumbnail\" href=\"https:\/\/tolunacorporate.com\/fr\/legislatives-2024-sondage-jour-du-vote-1er-tour-le-vote-selon-la-proximite-syndical\/\">\n\t\t\t<div class=\"post-thumbnail-inner\">\n\t\t\t\t<img decoding=\"async\" width=\"293\" height=\"294\" src=\"https:\/\/tolunacorporate.com\/wp-content\/uploads\/2025\/05\/Sondage-Jour-du-Vote-1er-tour-\u2013-Le-vote-selon-la-proximite-syndical.png\" class=\"attachment-large size-large wp-post-image\" alt=\"L\u00e9gislatives 2024 : Sondage Jour du Vote 1er tour \u2013 Le vote selon la proximit\u00e9 syndical\" srcset=\"https:\/\/tolunacorporate.com\/wp-content\/uploads\/2025\/05\/Sondage-Jour-du-Vote-1er-tour-\u2013-Le-vote-selon-la-proximite-syndical.png 293w, https:\/\/tolunacorporate.com\/wp-content\/uploads\/2025\/05\/Sondage-Jour-du-Vote-1er-tour-\u2013-Le-vote-selon-la-proximite-syndical-150x150.png 150w\" sizes=\"(max-width: 293px) 100vw, 293px\" style=\"width:100%;height:100.34%;max-width:293px;\" \/>\t\t\t<\/div>\n\t\t<\/a><!-- .post-thumbnail -->\n\t\t\t<div class=\"entry-content-wrap\">\n\t\t<header class=\"entry-header\">\n\t\t<div class=\"entry-taxonomies\">\n\t\t\t\t\t\t<span class=\"posted-on\">\n\t\t\t\t\t<svg width=\"20\" height=\"22\" viewBox=\"0 0 20 22\" fill=\"none\" xmlns=\"http:\/\/www.w3.org\/2000\/svg\"><path d=\"M18 2H17V1C17 0.45 16.55 0 16 0C15.45 0 15 0.45 15 1V2H5V1C5 0.45 4.55 0 4 0C3.45 0 3 0.45 3 1V2H2C0.9 2 0 2.9 0 4V20C0 21.1 0.9 22 2 22H18C19.1 22 20 21.1 20 20V4C20 2.9 19.1 2 18 2ZM17 20H3C2.45 20 2 19.55 2 19V7H18V19C18 19.55 17.55 20 17 20Z\" fill=\"#007EE2\"\/><\/svg>\n\t\t\t\t\t<time class=\"entry-date published\" datetime=\"2024-07-05T22:31:32+02:00\">5 Juil 2024<\/time><time class=\"updated\" datetime=\"2025-05-10T21:49:19+02:00\">10 mai 2025<\/time>\t\t\t\t<\/span>\n\t\t\t\t<\/div><!-- .entry-taxonomies -->\n\t<h6 class=\"entry-title\"><a href=\"https:\/\/tolunacorporate.com\/fr\/legislatives-2024-sondage-jour-du-vote-1er-tour-le-vote-selon-la-proximite-syndical\/\" rel=\"bookmark\">L\u00e9gislatives 2024 : Sondage Jour du Vote 1er tour \u2013 Le vote selon la proximit\u00e9 syndical<\/a><\/h6><\/header><!-- .entry-header -->\n<footer class=\"entry-footer\">\n\t\t\t<div class=\"entry-actions\">\n\t\t\t<p class=\"more-link-wrap\">\n\t\t\t\t<a href=\"https:\/\/tolunacorporate.com\/fr\/legislatives-2024-sondage-jour-du-vote-1er-tour-le-vote-selon-la-proximite-syndical\/\" class=\"post-more-link\">\n\t\t\t\t\tEN SAVOIR PLUS<span class=\"screen-reader-text\"> L\u00e9gislatives 2024 : Sondage Jour du Vote 1er tour \u2013 Le vote selon la proximit\u00e9 syndical<\/span><span class=\"toluna-svg-iconset svg-baseline\"><svg width=\"24\" height=\"25\" viewBox=\"0 0 24 25\" fill=\"none\" xmlns=\"http:\/\/www.w3.org\/2000\/svg\"><g clip-path=\"url(#clip0_3349_8828)\"><path d=\"M7.38048 21.9288C7.87048 22.4188 8.66048 22.4188 9.15048 21.9288L17.4605 13.6187C17.8505 13.2287 17.8505 12.5988 17.4605 12.2087L9.15048 3.89875C8.66048 3.40875 7.87048 3.40875 7.38048 3.89875C6.89048 4.38875 6.89048 5.17875 7.38048 5.66875L14.6205 12.9187L7.37048 20.1688C6.89048 20.6488 6.89048 21.4488 7.38048 21.9288Z\" fill=\"#007EE2\"\/><\/g><defs><clipPath id=\"clip0_3349_8828\"><rect width=\"24\" height=\"24\" fill=\"white\" transform=\"translate(0 0.917969)\"\/><\/clipPath><\/defs><\/svg><\/span>\t\t\t\t<\/a>\n\t\t\t<\/p>\n\t\t<\/div><!-- .entry-actions -->\n\t\t<\/footer><!-- .entry-footer -->\n\t<\/div>\n<\/article>\n<article class=\"entry content-bg loop-entry post-13849 post type-post status-publish format-standard has-post-thumbnail hentry category-france-fr tag-poll-2\">\n\t    <!-- toluna-thumbnail-ratio-1-1 -->\n\t\t<a class=\"post-thumbnail\" href=\"https:\/\/tolunacorporate.com\/fr\/projection-en-sieges-barometre-dintentions-de-vote-aux-elections-legislatives-2024-vague-7\/\">\n\t\t\t<div class=\"post-thumbnail-inner\">\n\t\t\t\t<img decoding=\"async\" width=\"293\" height=\"294\" src=\"https:\/\/tolunacorporate.com\/wp-content\/uploads\/2025\/05\/Barometre-dintentions-de-vote-aux-elections-legislatives-2024-\u2013-Vague-7.png\" class=\"attachment-large size-large wp-post-image\" alt=\"Projection en si\u00e8ges | Barom\u00e8tre d\u2019intentions de vote aux \u00e9lections l\u00e9gislatives 2024 \u2013 Vague 7\" srcset=\"https:\/\/tolunacorporate.com\/wp-content\/uploads\/2025\/05\/Barometre-dintentions-de-vote-aux-elections-legislatives-2024-\u2013-Vague-7.png 293w, https:\/\/tolunacorporate.com\/wp-content\/uploads\/2025\/05\/Barometre-dintentions-de-vote-aux-elections-legislatives-2024-\u2013-Vague-7-150x150.png 150w\" sizes=\"(max-width: 293px) 100vw, 293px\" style=\"width:100%;height:100.34%;max-width:293px;\" \/>\t\t\t<\/div>\n\t\t<\/a><!-- .post-thumbnail -->\n\t\t\t<div class=\"entry-content-wrap\">\n\t\t<header class=\"entry-header\">\n\t\t<div class=\"entry-taxonomies\">\n\t\t\t\t\t\t<span class=\"posted-on\">\n\t\t\t\t\t<svg width=\"20\" height=\"22\" viewBox=\"0 0 20 22\" fill=\"none\" xmlns=\"http:\/\/www.w3.org\/2000\/svg\"><path d=\"M18 2H17V1C17 0.45 16.55 0 16 0C15.45 0 15 0.45 15 1V2H5V1C5 0.45 4.55 0 4 0C3.45 0 3 0.45 3 1V2H2C0.9 2 0 2.9 0 4V20C0 21.1 0.9 22 2 22H18C19.1 22 20 21.1 20 20V4C20 2.9 19.1 2 18 2ZM17 20H3C2.45 20 2 19.55 2 19V7H18V19C18 19.55 17.55 20 17 20Z\" fill=\"#007EE2\"\/><\/svg>\n\t\t\t\t\t<time class=\"entry-date published\" datetime=\"2024-07-05T22:28:50+02:00\">5 Juil 2024<\/time><time class=\"updated\" datetime=\"2025-05-10T21:52:25+02:00\">10 mai 2025<\/time>\t\t\t\t<\/span>\n\t\t\t\t<\/div><!-- .entry-taxonomies -->\n\t<h6 class=\"entry-title\"><a href=\"https:\/\/tolunacorporate.com\/fr\/projection-en-sieges-barometre-dintentions-de-vote-aux-elections-legislatives-2024-vague-7\/\" rel=\"bookmark\">Projection en si\u00e8ges | Barom\u00e8tre d\u2019intentions de vote aux \u00e9lections l\u00e9gislatives 2024 \u2013 Vague 7<\/a><\/h6><\/header><!-- .entry-header -->\n<footer class=\"entry-footer\">\n\t\t\t<div class=\"entry-actions\">\n\t\t\t<p class=\"more-link-wrap\">\n\t\t\t\t<a href=\"https:\/\/tolunacorporate.com\/fr\/projection-en-sieges-barometre-dintentions-de-vote-aux-elections-legislatives-2024-vague-7\/\" class=\"post-more-link\">\n\t\t\t\t\tEN SAVOIR PLUS<span class=\"screen-reader-text\"> Projection en si\u00e8ges | Barom\u00e8tre d\u2019intentions de vote aux \u00e9lections l\u00e9gislatives 2024 \u2013 Vague 7<\/span><span class=\"toluna-svg-iconset svg-baseline\"><svg width=\"24\" height=\"25\" viewBox=\"0 0 24 25\" fill=\"none\" xmlns=\"http:\/\/www.w3.org\/2000\/svg\"><g clip-path=\"url(#clip0_3349_8828)\"><path d=\"M7.38048 21.9288C7.87048 22.4188 8.66048 22.4188 9.15048 21.9288L17.4605 13.6187C17.8505 13.2287 17.8505 12.5988 17.4605 12.2087L9.15048 3.89875C8.66048 3.40875 7.87048 3.40875 7.38048 3.89875C6.89048 4.38875 6.89048 5.17875 7.38048 5.66875L14.6205 12.9187L7.37048 20.1688C6.89048 20.6488 6.89048 21.4488 7.38048 21.9288Z\" fill=\"#007EE2\"\/><\/g><defs><clipPath id=\"clip0_3349_8828\"><rect width=\"24\" height=\"24\" fill=\"white\" transform=\"translate(0 0.917969)\"\/><\/clipPath><\/defs><\/svg><\/span>\t\t\t\t<\/a>\n\t\t\t<\/p>\n\t\t<\/div><!-- .entry-actions -->\n\t\t<\/footer><!-- .entry-footer -->\n\t<\/div>\n<\/article>\n<article class=\"entry content-bg loop-entry post-13876 post type-post status-publish format-standard has-post-thumbnail hentry category-france-fr tag-poll-2\">\n\t    <!-- toluna-thumbnail-ratio-1-1 -->\n\t\t<a class=\"post-thumbnail\" href=\"https:\/\/tolunacorporate.com\/fr\/projection-dans-differents-gouvernements-pour-la-france\/\">\n\t\t\t<div class=\"post-thumbnail-inner\">\n\t\t\t\t<img decoding=\"async\" width=\"293\" height=\"294\" src=\"https:\/\/tolunacorporate.com\/wp-content\/uploads\/2025\/05\/Projection-dans-differents-gouvernements-pour-la-France.png\" class=\"attachment-large size-large wp-post-image\" alt=\"Projection dans diff\u00e9rents gouvernements pour la France\" srcset=\"https:\/\/tolunacorporate.com\/wp-content\/uploads\/2025\/05\/Projection-dans-differents-gouvernements-pour-la-France.png 293w, https:\/\/tolunacorporate.com\/wp-content\/uploads\/2025\/05\/Projection-dans-differents-gouvernements-pour-la-France-150x150.png 150w\" sizes=\"(max-width: 293px) 100vw, 293px\" style=\"width:100%;height:100.34%;max-width:293px;\" \/>\t\t\t<\/div>\n\t\t<\/a><!-- .post-thumbnail -->\n\t\t\t<div class=\"entry-content-wrap\">\n\t\t<header class=\"entry-header\">\n\t\t<div class=\"entry-taxonomies\">\n\t\t\t\t\t\t<span class=\"posted-on\">\n\t\t\t\t\t<svg width=\"20\" height=\"22\" viewBox=\"0 0 20 22\" fill=\"none\" xmlns=\"http:\/\/www.w3.org\/2000\/svg\"><path d=\"M18 2H17V1C17 0.45 16.55 0 16 0C15.45 0 15 0.45 15 1V2H5V1C5 0.45 4.55 0 4 0C3.45 0 3 0.45 3 1V2H2C0.9 2 0 2.9 0 4V20C0 21.1 0.9 22 2 22H18C19.1 22 20 21.1 20 20V4C20 2.9 19.1 2 18 2ZM17 20H3C2.45 20 2 19.55 2 19V7H18V19C18 19.55 17.55 20 17 20Z\" fill=\"#007EE2\"\/><\/svg>\n\t\t\t\t\t<time class=\"entry-date published\" datetime=\"2024-07-04T22:36:36+02:00\">4 Juil 2024<\/time><time class=\"updated\" datetime=\"2025-05-10T21:53:57+02:00\">10 mai 2025<\/time>\t\t\t\t<\/span>\n\t\t\t\t<\/div><!-- .entry-taxonomies -->\n\t<h6 class=\"entry-title\"><a href=\"https:\/\/tolunacorporate.com\/fr\/projection-dans-differents-gouvernements-pour-la-france\/\" rel=\"bookmark\">Projection dans diff\u00e9rents gouvernements pour la France<\/a><\/h6><\/header><!-- .entry-header -->\n<footer class=\"entry-footer\">\n\t\t\t<div class=\"entry-actions\">\n\t\t\t<p class=\"more-link-wrap\">\n\t\t\t\t<a href=\"https:\/\/tolunacorporate.com\/fr\/projection-dans-differents-gouvernements-pour-la-france\/\" class=\"post-more-link\">\n\t\t\t\t\tEN SAVOIR PLUS<span class=\"screen-reader-text\"> Projection dans diff\u00e9rents gouvernements pour la France<\/span><span class=\"toluna-svg-iconset svg-baseline\"><svg width=\"24\" height=\"25\" viewBox=\"0 0 24 25\" fill=\"none\" xmlns=\"http:\/\/www.w3.org\/2000\/svg\"><g clip-path=\"url(#clip0_3349_8828)\"><path d=\"M7.38048 21.9288C7.87048 22.4188 8.66048 22.4188 9.15048 21.9288L17.4605 13.6187C17.8505 13.2287 17.8505 12.5988 17.4605 12.2087L9.15048 3.89875C8.66048 3.40875 7.87048 3.40875 7.38048 3.89875C6.89048 4.38875 6.89048 5.17875 7.38048 5.66875L14.6205 12.9187L7.37048 20.1688C6.89048 20.6488 6.89048 21.4488 7.38048 21.9288Z\" fill=\"#007EE2\"\/><\/g><defs><clipPath id=\"clip0_3349_8828\"><rect width=\"24\" height=\"24\" fill=\"white\" transform=\"translate(0 0.917969)\"\/><\/clipPath><\/defs><\/svg><\/span>\t\t\t\t<\/a>\n\t\t\t<\/p>\n\t\t<\/div><!-- .entry-actions -->\n\t\t<\/footer><!-- .entry-footer -->\n\t<\/div>\n<\/article>\n<article class=\"entry content-bg loop-entry post-13885 post type-post status-publish format-standard has-post-thumbnail hentry category-france-fr tag-poll-2\">\n\t    <!-- toluna-thumbnail-ratio-1-1 -->\n\t\t<a class=\"post-thumbnail\" href=\"https:\/\/tolunacorporate.com\/fr\/projection-en-sieges-barometre-dintentions-de-vote-aux-elections-legislatives-2024-vague-6\/\">\n\t\t\t<div class=\"post-thumbnail-inner\">\n\t\t\t\t<img decoding=\"async\" width=\"1024\" height=\"1024\" src=\"https:\/\/tolunacorporate.com\/wp-content\/uploads\/2025\/05\/Barometre-dintentions-de-vote-aux-elections-legislatives-2024-\u2013-Vague-6-1024x1024.png\" class=\"attachment-large size-large wp-post-image\" alt=\"Projection en si\u00e8ges | Barom\u00e8tre d\u2019intentions de vote aux \u00e9lections l\u00e9gislatives 2024 \u2013 Vague 6\" srcset=\"https:\/\/tolunacorporate.com\/wp-content\/uploads\/2025\/05\/Barometre-dintentions-de-vote-aux-elections-legislatives-2024-\u2013-Vague-6-1024x1024.png 1024w, https:\/\/tolunacorporate.com\/wp-content\/uploads\/2025\/05\/Barometre-dintentions-de-vote-aux-elections-legislatives-2024-\u2013-Vague-6-300x300.png 300w, https:\/\/tolunacorporate.com\/wp-content\/uploads\/2025\/05\/Barometre-dintentions-de-vote-aux-elections-legislatives-2024-\u2013-Vague-6-150x150.png 150w, https:\/\/tolunacorporate.com\/wp-content\/uploads\/2025\/05\/Barometre-dintentions-de-vote-aux-elections-legislatives-2024-\u2013-Vague-6-768x768.png 768w, https:\/\/tolunacorporate.com\/wp-content\/uploads\/2025\/05\/Barometre-dintentions-de-vote-aux-elections-legislatives-2024-\u2013-Vague-6.png 1080w\" sizes=\"(max-width: 1024px) 100vw, 1024px\" style=\"width:100%;height:100%;max-width:1080px;\" \/>\t\t\t<\/div>\n\t\t<\/a><!-- .post-thumbnail -->\n\t\t\t<div class=\"entry-content-wrap\">\n\t\t<header class=\"entry-header\">\n\t\t<div class=\"entry-taxonomies\">\n\t\t\t\t\t\t<span class=\"posted-on\">\n\t\t\t\t\t<svg width=\"20\" height=\"22\" viewBox=\"0 0 20 22\" fill=\"none\" xmlns=\"http:\/\/www.w3.org\/2000\/svg\"><path d=\"M18 2H17V1C17 0.45 16.55 0 16 0C15.45 0 15 0.45 15 1V2H5V1C5 0.45 4.55 0 4 0C3.45 0 3 0.45 3 1V2H2C0.9 2 0 2.9 0 4V20C0 21.1 0.9 22 2 22H18C19.1 22 20 21.1 20 20V4C20 2.9 19.1 2 18 2ZM17 20H3C2.45 20 2 19.55 2 19V7H18V19C18 19.55 17.55 20 17 20Z\" fill=\"#007EE2\"\/><\/svg>\n\t\t\t\t\t<time class=\"entry-date published\" datetime=\"2024-07-03T22:38:38+02:00\">3 Juil 2024<\/time><time class=\"updated\" datetime=\"2025-05-10T21:58:01+02:00\">10 mai 2025<\/time>\t\t\t\t<\/span>\n\t\t\t\t<\/div><!-- .entry-taxonomies -->\n\t<h6 class=\"entry-title\"><a href=\"https:\/\/tolunacorporate.com\/fr\/projection-en-sieges-barometre-dintentions-de-vote-aux-elections-legislatives-2024-vague-6\/\" rel=\"bookmark\">Projection en si\u00e8ges | Barom\u00e8tre d\u2019intentions de vote aux \u00e9lections l\u00e9gislatives 2024 \u2013 Vague 6<\/a><\/h6><\/header><!-- .entry-header -->\n<footer class=\"entry-footer\">\n\t\t\t<div class=\"entry-actions\">\n\t\t\t<p class=\"more-link-wrap\">\n\t\t\t\t<a href=\"https:\/\/tolunacorporate.com\/fr\/projection-en-sieges-barometre-dintentions-de-vote-aux-elections-legislatives-2024-vague-6\/\" class=\"post-more-link\">\n\t\t\t\t\tEN SAVOIR PLUS<span class=\"screen-reader-text\"> Projection en si\u00e8ges | Barom\u00e8tre d\u2019intentions de vote aux \u00e9lections l\u00e9gislatives 2024 \u2013 Vague 6<\/span><span class=\"toluna-svg-iconset svg-baseline\"><svg width=\"24\" height=\"25\" viewBox=\"0 0 24 25\" fill=\"none\" xmlns=\"http:\/\/www.w3.org\/2000\/svg\"><g clip-path=\"url(#clip0_3349_8828)\"><path d=\"M7.38048 21.9288C7.87048 22.4188 8.66048 22.4188 9.15048 21.9288L17.4605 13.6187C17.8505 13.2287 17.8505 12.5988 17.4605 12.2087L9.15048 3.89875C8.66048 3.40875 7.87048 3.40875 7.38048 3.89875C6.89048 4.38875 6.89048 5.17875 7.38048 5.66875L14.6205 12.9187L7.37048 20.1688C6.89048 20.6488 6.89048 21.4488 7.38048 21.9288Z\" fill=\"#007EE2\"\/><\/g><defs><clipPath id=\"clip0_3349_8828\"><rect width=\"24\" height=\"24\" fill=\"white\" transform=\"translate(0 0.917969)\"\/><\/clipPath><\/defs><\/svg><\/span>\t\t\t\t<\/a>\n\t\t\t<\/p>\n\t\t<\/div><!-- .entry-actions -->\n\t\t<\/footer><!-- .entry-footer -->\n\t<\/div>\n<\/article>\n<article class=\"entry content-bg loop-entry post-13903 post type-post status-publish format-standard has-post-thumbnail hentry category-france-fr tag-poll-2\">\n\t    <!-- toluna-thumbnail-ratio-1-1 -->\n\t\t<a class=\"post-thumbnail\" href=\"https:\/\/tolunacorporate.com\/fr\/legislatives-2024-sondage-jour-du-vote\/\">\n\t\t\t<div class=\"post-thumbnail-inner\">\n\t\t\t\t<img decoding=\"async\" width=\"1024\" height=\"1024\" src=\"https:\/\/tolunacorporate.com\/wp-content\/uploads\/2025\/05\/Legislatives-2024-\u2013-Sondage-Jour-du-vote-1024x1024.png\" class=\"attachment-large size-large wp-post-image\" alt=\"L\u00e9gislatives 2024 \u2013 Sondage Jour du vote\" srcset=\"https:\/\/tolunacorporate.com\/wp-content\/uploads\/2025\/05\/Legislatives-2024-\u2013-Sondage-Jour-du-vote-1024x1024.png 1024w, https:\/\/tolunacorporate.com\/wp-content\/uploads\/2025\/05\/Legislatives-2024-\u2013-Sondage-Jour-du-vote-300x300.png 300w, https:\/\/tolunacorporate.com\/wp-content\/uploads\/2025\/05\/Legislatives-2024-\u2013-Sondage-Jour-du-vote-150x150.png 150w, https:\/\/tolunacorporate.com\/wp-content\/uploads\/2025\/05\/Legislatives-2024-\u2013-Sondage-Jour-du-vote-768x768.png 768w, https:\/\/tolunacorporate.com\/wp-content\/uploads\/2025\/05\/Legislatives-2024-\u2013-Sondage-Jour-du-vote.png 1080w\" sizes=\"(max-width: 1024px) 100vw, 1024px\" style=\"width:100%;height:100%;max-width:1080px;\" \/>\t\t\t<\/div>\n\t\t<\/a><!-- .post-thumbnail -->\n\t\t\t<div class=\"entry-content-wrap\">\n\t\t<header class=\"entry-header\">\n\t\t<div class=\"entry-taxonomies\">\n\t\t\t\t\t\t<span class=\"posted-on\">\n\t\t\t\t\t<svg width=\"20\" height=\"22\" viewBox=\"0 0 20 22\" fill=\"none\" xmlns=\"http:\/\/www.w3.org\/2000\/svg\"><path d=\"M18 2H17V1C17 0.45 16.55 0 16 0C15.45 0 15 0.45 15 1V2H5V1C5 0.45 4.55 0 4 0C3.45 0 3 0.45 3 1V2H2C0.9 2 0 2.9 0 4V20C0 21.1 0.9 22 2 22H18C19.1 22 20 21.1 20 20V4C20 2.9 19.1 2 18 2ZM17 20H3C2.45 20 2 19.55 2 19V7H18V19C18 19.55 17.55 20 17 20Z\" fill=\"#007EE2\"\/><\/svg>\n\t\t\t\t\t<time class=\"entry-date published\" datetime=\"2024-06-30T22:44:44+02:00\">30 Juin 2024<\/time><time class=\"updated\" datetime=\"2025-05-10T22:17:02+02:00\">10 mai 2025<\/time>\t\t\t\t<\/span>\n\t\t\t\t<\/div><!-- .entry-taxonomies -->\n\t<h6 class=\"entry-title\"><a href=\"https:\/\/tolunacorporate.com\/fr\/legislatives-2024-sondage-jour-du-vote\/\" rel=\"bookmark\">L\u00e9gislatives 2024 \u2013 Sondage Jour du vote<\/a><\/h6><\/header><!-- .entry-header -->\n<footer class=\"entry-footer\">\n\t\t\t<div class=\"entry-actions\">\n\t\t\t<p class=\"more-link-wrap\">\n\t\t\t\t<a href=\"https:\/\/tolunacorporate.com\/fr\/legislatives-2024-sondage-jour-du-vote\/\" class=\"post-more-link\">\n\t\t\t\t\tEN SAVOIR PLUS<span class=\"screen-reader-text\"> L\u00e9gislatives 2024 \u2013 Sondage Jour du vote<\/span><span class=\"toluna-svg-iconset svg-baseline\"><svg width=\"24\" height=\"25\" viewBox=\"0 0 24 25\" fill=\"none\" xmlns=\"http:\/\/www.w3.org\/2000\/svg\"><g clip-path=\"url(#clip0_3349_8828)\"><path d=\"M7.38048 21.9288C7.87048 22.4188 8.66048 22.4188 9.15048 21.9288L17.4605 13.6187C17.8505 13.2287 17.8505 12.5988 17.4605 12.2087L9.15048 3.89875C8.66048 3.40875 7.87048 3.40875 7.38048 3.89875C6.89048 4.38875 6.89048 5.17875 7.38048 5.66875L14.6205 12.9187L7.37048 20.1688C6.89048 20.6488 6.89048 21.4488 7.38048 21.9288Z\" fill=\"#007EE2\"\/><\/g><defs><clipPath id=\"clip0_3349_8828\"><rect width=\"24\" height=\"24\" fill=\"white\" transform=\"translate(0 0.917969)\"\/><\/clipPath><\/defs><\/svg><\/span>\t\t\t\t<\/a>\n\t\t\t<\/p>\n\t\t<\/div><!-- .entry-actions -->\n\t\t<\/footer><!-- .entry-footer -->\n\t<\/div>\n<\/article>\n<article class=\"entry content-bg loop-entry post-13894 post type-post status-publish format-standard has-post-thumbnail hentry category-france-fr tag-poll-2\">\n\t    <!-- toluna-thumbnail-ratio-1-1 -->\n\t\t<a class=\"post-thumbnail\" href=\"https:\/\/tolunacorporate.com\/fr\/legislatives-2024-sondage-sociologie-du-vote\/\">\n\t\t\t<div class=\"post-thumbnail-inner\">\n\t\t\t\t<img decoding=\"async\" width=\"1024\" height=\"1024\" src=\"https:\/\/tolunacorporate.com\/wp-content\/uploads\/2025\/05\/Sondage-Sociologie-du-vote-1024x1024.png\" class=\"attachment-large size-large wp-post-image\" alt=\"L\u00e9gislatives 2024 \u2013 Sondage Sociologie du vote\" srcset=\"https:\/\/tolunacorporate.com\/wp-content\/uploads\/2025\/05\/Sondage-Sociologie-du-vote-1024x1024.png 1024w, https:\/\/tolunacorporate.com\/wp-content\/uploads\/2025\/05\/Sondage-Sociologie-du-vote-300x300.png 300w, https:\/\/tolunacorporate.com\/wp-content\/uploads\/2025\/05\/Sondage-Sociologie-du-vote-150x150.png 150w, https:\/\/tolunacorporate.com\/wp-content\/uploads\/2025\/05\/Sondage-Sociologie-du-vote-768x768.png 768w, https:\/\/tolunacorporate.com\/wp-content\/uploads\/2025\/05\/Sondage-Sociologie-du-vote.png 1080w\" sizes=\"(max-width: 1024px) 100vw, 1024px\" style=\"width:100%;height:100%;max-width:1080px;\" \/>\t\t\t<\/div>\n\t\t<\/a><!-- .post-thumbnail -->\n\t\t\t<div class=\"entry-content-wrap\">\n\t\t<header class=\"entry-header\">\n\t\t<div class=\"entry-taxonomies\">\n\t\t\t\t\t\t<span class=\"posted-on\">\n\t\t\t\t\t<svg width=\"20\" height=\"22\" viewBox=\"0 0 20 22\" fill=\"none\" xmlns=\"http:\/\/www.w3.org\/2000\/svg\"><path d=\"M18 2H17V1C17 0.45 16.55 0 16 0C15.45 0 15 0.45 15 1V2H5V1C5 0.45 4.55 0 4 0C3.45 0 3 0.45 3 1V2H2C0.9 2 0 2.9 0 4V20C0 21.1 0.9 22 2 22H18C19.1 22 20 21.1 20 20V4C20 2.9 19.1 2 18 2ZM17 20H3C2.45 20 2 19.55 2 19V7H18V19C18 19.55 17.55 20 17 20Z\" fill=\"#007EE2\"\/><\/svg>\n\t\t\t\t\t<time class=\"entry-date published\" datetime=\"2024-06-30T22:42:27+02:00\">30 Juin 2024<\/time><time class=\"updated\" datetime=\"2025-05-10T22:18:43+02:00\">10 mai 2025<\/time>\t\t\t\t<\/span>\n\t\t\t\t<\/div><!-- .entry-taxonomies -->\n\t<h6 class=\"entry-title\"><a href=\"https:\/\/tolunacorporate.com\/fr\/legislatives-2024-sondage-sociologie-du-vote\/\" rel=\"bookmark\">L\u00e9gislatives 2024 \u2013 Sondage Sociologie du vote<\/a><\/h6><\/header><!-- .entry-header -->\n<footer class=\"entry-footer\">\n\t\t\t<div class=\"entry-actions\">\n\t\t\t<p class=\"more-link-wrap\">\n\t\t\t\t<a href=\"https:\/\/tolunacorporate.com\/fr\/legislatives-2024-sondage-sociologie-du-vote\/\" class=\"post-more-link\">\n\t\t\t\t\tEN SAVOIR PLUS<span class=\"screen-reader-text\"> L\u00e9gislatives 2024 \u2013 Sondage Sociologie du vote<\/span><span class=\"toluna-svg-iconset svg-baseline\"><svg width=\"24\" height=\"25\" viewBox=\"0 0 24 25\" fill=\"none\" xmlns=\"http:\/\/www.w3.org\/2000\/svg\"><g clip-path=\"url(#clip0_3349_8828)\"><path d=\"M7.38048 21.9288C7.87048 22.4188 8.66048 22.4188 9.15048 21.9288L17.4605 13.6187C17.8505 13.2287 17.8505 12.5988 17.4605 12.2087L9.15048 3.89875C8.66048 3.40875 7.87048 3.40875 7.38048 3.89875C6.89048 4.38875 6.89048 5.17875 7.38048 5.66875L14.6205 12.9187L7.37048 20.1688C6.89048 20.6488 6.89048 21.4488 7.38048 21.9288Z\" fill=\"#007EE2\"\/><\/g><defs><clipPath id=\"clip0_3349_8828\"><rect width=\"24\" height=\"24\" fill=\"white\" transform=\"translate(0 0.917969)\"\/><\/clipPath><\/defs><\/svg><\/span>\t\t\t\t<\/a>\n\t\t\t<\/p>\n\t\t<\/div><!-- .entry-actions -->\n\t\t<\/footer><!-- .entry-footer -->\n\t<\/div>\n<\/article>\n<article class=\"entry content-bg loop-entry post-13930 post type-post status-publish format-standard has-post-thumbnail hentry category-france-fr tag-poll-2\">\n\t    <!-- toluna-thumbnail-ratio-1-1 -->\n\t\t<a class=\"post-thumbnail\" href=\"https:\/\/tolunacorporate.com\/fr\/barometre-de-confiance-politique-juin-2024\/\">\n\t\t\t<div class=\"post-thumbnail-inner\">\n\t\t\t\t<img decoding=\"async\" width=\"500\" height=\"500\" src=\"https:\/\/tolunacorporate.com\/wp-content\/uploads\/2025\/05\/Barometre-de-confiance-politique-\u2013-Juin-2024.jpg\" class=\"attachment-large size-large wp-post-image\" alt=\"Barom\u00e8tre de confiance politique \u2013 Juin 2024\" srcset=\"https:\/\/tolunacorporate.com\/wp-content\/uploads\/2025\/05\/Barometre-de-confiance-politique-\u2013-Juin-2024.jpg 500w, https:\/\/tolunacorporate.com\/wp-content\/uploads\/2025\/05\/Barometre-de-confiance-politique-\u2013-Juin-2024-300x300.jpg 300w, https:\/\/tolunacorporate.com\/wp-content\/uploads\/2025\/05\/Barometre-de-confiance-politique-\u2013-Juin-2024-150x150.jpg 150w\" sizes=\"(max-width: 500px) 100vw, 500px\" style=\"width:100%;height:100%;max-width:500px;\" \/>\t\t\t<\/div>\n\t\t<\/a><!-- .post-thumbnail -->\n\t\t\t<div class=\"entry-content-wrap\">\n\t\t<header class=\"entry-header\">\n\t\t<div class=\"entry-taxonomies\">\n\t\t\t\t\t\t<span class=\"posted-on\">\n\t\t\t\t\t<svg width=\"20\" height=\"22\" viewBox=\"0 0 20 22\" fill=\"none\" xmlns=\"http:\/\/www.w3.org\/2000\/svg\"><path d=\"M18 2H17V1C17 0.45 16.55 0 16 0C15.45 0 15 0.45 15 1V2H5V1C5 0.45 4.55 0 4 0C3.45 0 3 0.45 3 1V2H2C0.9 2 0 2.9 0 4V20C0 21.1 0.9 22 2 22H18C19.1 22 20 21.1 20 20V4C20 2.9 19.1 2 18 2ZM17 20H3C2.45 20 2 19.55 2 19V7H18V19C18 19.55 17.55 20 17 20Z\" fill=\"#007EE2\"\/><\/svg>\n\t\t\t\t\t<time class=\"entry-date published\" datetime=\"2024-06-28T22:51:33+02:00\">28 Juin 2024<\/time><time class=\"updated\" datetime=\"2025-05-10T22:24:48+02:00\">10 mai 2025<\/time>\t\t\t\t<\/span>\n\t\t\t\t<\/div><!-- .entry-taxonomies -->\n\t<h6 class=\"entry-title\"><a href=\"https:\/\/tolunacorporate.com\/fr\/barometre-de-confiance-politique-juin-2024\/\" rel=\"bookmark\">Barom\u00e8tre de confiance politique \u2013 Juin 2024<\/a><\/h6><\/header><!-- .entry-header -->\n<footer class=\"entry-footer\">\n\t\t\t<div class=\"entry-actions\">\n\t\t\t<p class=\"more-link-wrap\">\n\t\t\t\t<a href=\"https:\/\/tolunacorporate.com\/fr\/barometre-de-confiance-politique-juin-2024\/\" class=\"post-more-link\">\n\t\t\t\t\tEN SAVOIR PLUS<span class=\"screen-reader-text\"> Barom\u00e8tre de confiance politique \u2013 Juin 2024<\/span><span class=\"toluna-svg-iconset svg-baseline\"><svg width=\"24\" height=\"25\" viewBox=\"0 0 24 25\" fill=\"none\" xmlns=\"http:\/\/www.w3.org\/2000\/svg\"><g clip-path=\"url(#clip0_3349_8828)\"><path d=\"M7.38048 21.9288C7.87048 22.4188 8.66048 22.4188 9.15048 21.9288L17.4605 13.6187C17.8505 13.2287 17.8505 12.5988 17.4605 12.2087L9.15048 3.89875C8.66048 3.40875 7.87048 3.40875 7.38048 3.89875C6.89048 4.38875 6.89048 5.17875 7.38048 5.66875L14.6205 12.9187L7.37048 20.1688C6.89048 20.6488 6.89048 21.4488 7.38048 21.9288Z\" fill=\"#007EE2\"\/><\/g><defs><clipPath id=\"clip0_3349_8828\"><rect width=\"24\" height=\"24\" fill=\"white\" transform=\"translate(0 0.917969)\"\/><\/clipPath><\/defs><\/svg><\/span>\t\t\t\t<\/a>\n\t\t\t<\/p>\n\t\t<\/div><!-- .entry-actions -->\n\t\t<\/footer><!-- .entry-footer -->\n\t<\/div>\n<\/article>\n<article class=\"entry content-bg loop-entry post-13921 post type-post status-publish format-standard has-post-thumbnail hentry category-france-fr tag-poll-2\">\n\t    <!-- toluna-thumbnail-ratio-1-1 -->\n\t\t<a class=\"post-thumbnail\" href=\"https:\/\/tolunacorporate.com\/fr\/le-rapport-des-francais-a-leau\/\">\n\t\t\t<div class=\"post-thumbnail-inner\">\n\t\t\t\t<img decoding=\"async\" width=\"844\" height=\"844\" src=\"https:\/\/tolunacorporate.com\/wp-content\/uploads\/2024\/06\/Le-rapport-des-Francais-a-leau.jpg\" class=\"attachment-large size-large wp-post-image\" alt=\"Le rapport des Fran\u00e7ais \u00e0 l\u2019eau\" srcset=\"https:\/\/tolunacorporate.com\/wp-content\/uploads\/2024\/06\/Le-rapport-des-Francais-a-leau.jpg 844w, https:\/\/tolunacorporate.com\/wp-content\/uploads\/2024\/06\/Le-rapport-des-Francais-a-leau-300x300.jpg 300w, https:\/\/tolunacorporate.com\/wp-content\/uploads\/2024\/06\/Le-rapport-des-Francais-a-leau-150x150.jpg 150w, https:\/\/tolunacorporate.com\/wp-content\/uploads\/2024\/06\/Le-rapport-des-Francais-a-leau-768x768.jpg 768w\" sizes=\"(max-width: 844px) 100vw, 844px\" style=\"width:100%;height:100%;max-width:844px;\" \/>\t\t\t<\/div>\n\t\t<\/a><!-- .post-thumbnail -->\n\t\t\t<div class=\"entry-content-wrap\">\n\t\t<header class=\"entry-header\">\n\t\t<div class=\"entry-taxonomies\">\n\t\t\t\t\t\t<span class=\"posted-on\">\n\t\t\t\t\t<svg width=\"20\" height=\"22\" viewBox=\"0 0 20 22\" fill=\"none\" xmlns=\"http:\/\/www.w3.org\/2000\/svg\"><path d=\"M18 2H17V1C17 0.45 16.55 0 16 0C15.45 0 15 0.45 15 1V2H5V1C5 0.45 4.55 0 4 0C3.45 0 3 0.45 3 1V2H2C0.9 2 0 2.9 0 4V20C0 21.1 0.9 22 2 22H18C19.1 22 20 21.1 20 20V4C20 2.9 19.1 2 18 2ZM17 20H3C2.45 20 2 19.55 2 19V7H18V19C18 19.55 17.55 20 17 20Z\" fill=\"#007EE2\"\/><\/svg>\n\t\t\t\t\t<time class=\"entry-date published\" datetime=\"2024-06-28T22:49:28+02:00\">28 Juin 2024<\/time><time class=\"updated\" datetime=\"2025-05-10T22:27:29+02:00\">10 mai 2025<\/time>\t\t\t\t<\/span>\n\t\t\t\t<\/div><!-- .entry-taxonomies -->\n\t<h6 class=\"entry-title\"><a href=\"https:\/\/tolunacorporate.com\/fr\/le-rapport-des-francais-a-leau\/\" rel=\"bookmark\">Le rapport des Fran\u00e7ais \u00e0 l\u2019eau<\/a><\/h6><\/header><!-- .entry-header -->\n<footer class=\"entry-footer\">\n\t\t\t<div class=\"entry-actions\">\n\t\t\t<p class=\"more-link-wrap\">\n\t\t\t\t<a href=\"https:\/\/tolunacorporate.com\/fr\/le-rapport-des-francais-a-leau\/\" class=\"post-more-link\">\n\t\t\t\t\tEN SAVOIR PLUS<span class=\"screen-reader-text\"> Le rapport des Fran\u00e7ais \u00e0 l\u2019eau<\/span><span class=\"toluna-svg-iconset svg-baseline\"><svg width=\"24\" height=\"25\" viewBox=\"0 0 24 25\" fill=\"none\" xmlns=\"http:\/\/www.w3.org\/2000\/svg\"><g clip-path=\"url(#clip0_3349_8828)\"><path d=\"M7.38048 21.9288C7.87048 22.4188 8.66048 22.4188 9.15048 21.9288L17.4605 13.6187C17.8505 13.2287 17.8505 12.5988 17.4605 12.2087L9.15048 3.89875C8.66048 3.40875 7.87048 3.40875 7.38048 3.89875C6.89048 4.38875 6.89048 5.17875 7.38048 5.66875L14.6205 12.9187L7.37048 20.1688C6.89048 20.6488 6.89048 21.4488 7.38048 21.9288Z\" fill=\"#007EE2\"\/><\/g><defs><clipPath id=\"clip0_3349_8828\"><rect width=\"24\" height=\"24\" fill=\"white\" transform=\"translate(0 0.917969)\"\/><\/clipPath><\/defs><\/svg><\/span>\t\t\t\t<\/a>\n\t\t\t<\/p>\n\t\t<\/div><!-- .entry-actions -->\n\t\t<\/footer><!-- .entry-footer -->\n\t<\/div>\n<\/article>\n<article class=\"entry content-bg loop-entry post-13912 post type-post status-publish format-standard has-post-thumbnail hentry category-france-fr tag-poll-2\">\n\t    <!-- toluna-thumbnail-ratio-1-1 -->\n\t\t<a class=\"post-thumbnail\" href=\"https:\/\/tolunacorporate.com\/fr\/intentions-de-vote-aux-elections-legislatives-vague-5\/\">\n\t\t\t<div class=\"post-thumbnail-inner\">\n\t\t\t\t<img decoding=\"async\" width=\"1024\" height=\"1024\" src=\"https:\/\/tolunacorporate.com\/wp-content\/uploads\/2025\/05\/Intentions-de-vote-aux-elections-legislatives-\u2013-Vague-5-1024x1024.png\" class=\"attachment-large size-large wp-post-image\" alt=\"Intentions de vote aux \u00e9lections l\u00e9gislatives \u2013 Vague 5\" srcset=\"https:\/\/tolunacorporate.com\/wp-content\/uploads\/2025\/05\/Intentions-de-vote-aux-elections-legislatives-\u2013-Vague-5-1024x1024.png 1024w, https:\/\/tolunacorporate.com\/wp-content\/uploads\/2025\/05\/Intentions-de-vote-aux-elections-legislatives-\u2013-Vague-5-300x300.png 300w, https:\/\/tolunacorporate.com\/wp-content\/uploads\/2025\/05\/Intentions-de-vote-aux-elections-legislatives-\u2013-Vague-5-150x150.png 150w, https:\/\/tolunacorporate.com\/wp-content\/uploads\/2025\/05\/Intentions-de-vote-aux-elections-legislatives-\u2013-Vague-5-768x768.png 768w, https:\/\/tolunacorporate.com\/wp-content\/uploads\/2025\/05\/Intentions-de-vote-aux-elections-legislatives-\u2013-Vague-5.png 1080w\" sizes=\"(max-width: 1024px) 100vw, 1024px\" style=\"width:100%;height:100%;max-width:1080px;\" \/>\t\t\t<\/div>\n\t\t<\/a><!-- .post-thumbnail -->\n\t\t\t<div class=\"entry-content-wrap\">\n\t\t<header class=\"entry-header\">\n\t\t<div class=\"entry-taxonomies\">\n\t\t\t\t\t\t<span class=\"posted-on\">\n\t\t\t\t\t<svg width=\"20\" height=\"22\" viewBox=\"0 0 20 22\" fill=\"none\" xmlns=\"http:\/\/www.w3.org\/2000\/svg\"><path d=\"M18 2H17V1C17 0.45 16.55 0 16 0C15.45 0 15 0.45 15 1V2H5V1C5 0.45 4.55 0 4 0C3.45 0 3 0.45 3 1V2H2C0.9 2 0 2.9 0 4V20C0 21.1 0.9 22 2 22H18C19.1 22 20 21.1 20 20V4C20 2.9 19.1 2 18 2ZM17 20H3C2.45 20 2 19.55 2 19V7H18V19C18 19.55 17.55 20 17 20Z\" fill=\"#007EE2\"\/><\/svg>\n\t\t\t\t\t<time class=\"entry-date published\" datetime=\"2024-06-28T22:46:34+02:00\">28 Juin 2024<\/time><time class=\"updated\" datetime=\"2025-05-10T22:29:08+02:00\">10 mai 2025<\/time>\t\t\t\t<\/span>\n\t\t\t\t<\/div><!-- .entry-taxonomies -->\n\t<h6 class=\"entry-title\"><a href=\"https:\/\/tolunacorporate.com\/fr\/intentions-de-vote-aux-elections-legislatives-vague-5\/\" rel=\"bookmark\">Intentions de vote aux \u00e9lections l\u00e9gislatives \u2013 Vague 5<\/a><\/h6><\/header><!-- .entry-header -->\n<footer class=\"entry-footer\">\n\t\t\t<div class=\"entry-actions\">\n\t\t\t<p class=\"more-link-wrap\">\n\t\t\t\t<a href=\"https:\/\/tolunacorporate.com\/fr\/intentions-de-vote-aux-elections-legislatives-vague-5\/\" class=\"post-more-link\">\n\t\t\t\t\tEN SAVOIR PLUS<span class=\"screen-reader-text\"> Intentions de vote aux \u00e9lections l\u00e9gislatives \u2013 Vague 5<\/span><span class=\"toluna-svg-iconset svg-baseline\"><svg width=\"24\" height=\"25\" viewBox=\"0 0 24 25\" fill=\"none\" xmlns=\"http:\/\/www.w3.org\/2000\/svg\"><g clip-path=\"url(#clip0_3349_8828)\"><path d=\"M7.38048 21.9288C7.87048 22.4188 8.66048 22.4188 9.15048 21.9288L17.4605 13.6187C17.8505 13.2287 17.8505 12.5988 17.4605 12.2087L9.15048 3.89875C8.66048 3.40875 7.87048 3.40875 7.38048 3.89875C6.89048 4.38875 6.89048 5.17875 7.38048 5.66875L14.6205 12.9187L7.37048 20.1688C6.89048 20.6488 6.89048 21.4488 7.38048 21.9288Z\" fill=\"#007EE2\"\/><\/g><defs><clipPath id=\"clip0_3349_8828\"><rect width=\"24\" height=\"24\" fill=\"white\" transform=\"translate(0 0.917969)\"\/><\/clipPath><\/defs><\/svg><\/span>\t\t\t\t<\/a>\n\t\t\t<\/p>\n\t\t<\/div><!-- .entry-actions -->\n\t\t<\/footer><!-- .entry-footer -->\n\t<\/div>\n<\/article>\n<article class=\"entry content-bg loop-entry post-13948 post type-post status-publish format-standard has-post-thumbnail hentry category-france-fr tag-poll-2\">\n\t    <!-- toluna-thumbnail-ratio-1-1 -->\n\t\t<a class=\"post-thumbnail\" href=\"https:\/\/tolunacorporate.com\/fr\/intentions-de-vote-aux-elections-legislatives-vague-3\/\">\n\t\t\t<div class=\"post-thumbnail-inner\">\n\t\t\t\t<img decoding=\"async\" width=\"1024\" height=\"1024\" src=\"https:\/\/tolunacorporate.com\/wp-content\/uploads\/2025\/05\/elections-legislatives-\u2013-Vague-3-1024x1024.png\" class=\"attachment-large size-large wp-post-image\" alt=\"Intentions de vote aux \u00e9lections l\u00e9gislatives \u2013 Vague 3\" srcset=\"https:\/\/tolunacorporate.com\/wp-content\/uploads\/2025\/05\/elections-legislatives-\u2013-Vague-3-1024x1024.png 1024w, https:\/\/tolunacorporate.com\/wp-content\/uploads\/2025\/05\/elections-legislatives-\u2013-Vague-3-300x300.png 300w, https:\/\/tolunacorporate.com\/wp-content\/uploads\/2025\/05\/elections-legislatives-\u2013-Vague-3-150x150.png 150w, https:\/\/tolunacorporate.com\/wp-content\/uploads\/2025\/05\/elections-legislatives-\u2013-Vague-3-768x768.png 768w, https:\/\/tolunacorporate.com\/wp-content\/uploads\/2025\/05\/elections-legislatives-\u2013-Vague-3.png 1080w\" sizes=\"(max-width: 1024px) 100vw, 1024px\" style=\"width:100%;height:100%;max-width:1080px;\" \/>\t\t\t<\/div>\n\t\t<\/a><!-- .post-thumbnail -->\n\t\t\t<div class=\"entry-content-wrap\">\n\t\t<header class=\"entry-header\">\n\t\t<div class=\"entry-taxonomies\">\n\t\t\t\t\t\t<span class=\"posted-on\">\n\t\t\t\t\t<svg width=\"20\" height=\"22\" viewBox=\"0 0 20 22\" fill=\"none\" xmlns=\"http:\/\/www.w3.org\/2000\/svg\"><path d=\"M18 2H17V1C17 0.45 16.55 0 16 0C15.45 0 15 0.45 15 1V2H5V1C5 0.45 4.55 0 4 0C3.45 0 3 0.45 3 1V2H2C0.9 2 0 2.9 0 4V20C0 21.1 0.9 22 2 22H18C19.1 22 20 21.1 20 20V4C20 2.9 19.1 2 18 2ZM17 20H3C2.45 20 2 19.55 2 19V7H18V19C18 19.55 17.55 20 17 20Z\" fill=\"#007EE2\"\/><\/svg>\n\t\t\t\t\t<time class=\"entry-date published\" datetime=\"2024-06-26T22:59:05+02:00\">26 Juin 2024<\/time><time class=\"updated\" datetime=\"2025-05-10T22:32:07+02:00\">10 mai 2025<\/time>\t\t\t\t<\/span>\n\t\t\t\t<\/div><!-- .entry-taxonomies -->\n\t<h6 class=\"entry-title\"><a href=\"https:\/\/tolunacorporate.com\/fr\/intentions-de-vote-aux-elections-legislatives-vague-3\/\" rel=\"bookmark\">Intentions de vote aux \u00e9lections l\u00e9gislatives \u2013 Vague 3<\/a><\/h6><\/header><!-- .entry-header -->\n<footer class=\"entry-footer\">\n\t\t\t<div class=\"entry-actions\">\n\t\t\t<p class=\"more-link-wrap\">\n\t\t\t\t<a href=\"https:\/\/tolunacorporate.com\/fr\/intentions-de-vote-aux-elections-legislatives-vague-3\/\" class=\"post-more-link\">\n\t\t\t\t\tEN SAVOIR PLUS<span class=\"screen-reader-text\"> Intentions de vote aux \u00e9lections l\u00e9gislatives \u2013 Vague 3<\/span><span class=\"toluna-svg-iconset svg-baseline\"><svg width=\"24\" height=\"25\" viewBox=\"0 0 24 25\" fill=\"none\" xmlns=\"http:\/\/www.w3.org\/2000\/svg\"><g clip-path=\"url(#clip0_3349_8828)\"><path d=\"M7.38048 21.9288C7.87048 22.4188 8.66048 22.4188 9.15048 21.9288L17.4605 13.6187C17.8505 13.2287 17.8505 12.5988 17.4605 12.2087L9.15048 3.89875C8.66048 3.40875 7.87048 3.40875 7.38048 3.89875C6.89048 4.38875 6.89048 5.17875 7.38048 5.66875L14.6205 12.9187L7.37048 20.1688C6.89048 20.6488 6.89048 21.4488 7.38048 21.9288Z\" fill=\"#007EE2\"\/><\/g><defs><clipPath id=\"clip0_3349_8828\"><rect width=\"24\" height=\"24\" fill=\"white\" transform=\"translate(0 0.917969)\"\/><\/clipPath><\/defs><\/svg><\/span>\t\t\t\t<\/a>\n\t\t\t<\/p>\n\t\t<\/div><!-- .entry-actions -->\n\t\t<\/footer><!-- .entry-footer -->\n\t<\/div>\n<\/article>\n<article class=\"entry content-bg loop-entry post-13939 post type-post status-publish format-standard has-post-thumbnail hentry category-france-fr tag-poll-2\">\n\t    <!-- toluna-thumbnail-ratio-1-1 -->\n\t\t<a class=\"post-thumbnail\" href=\"https:\/\/tolunacorporate.com\/fr\/intentions-de-vote-aux-elections-legislatives-vague-4\/\">\n\t\t\t<div class=\"post-thumbnail-inner\">\n\t\t\t\t<img decoding=\"async\" width=\"1024\" height=\"1024\" src=\"https:\/\/tolunacorporate.com\/wp-content\/uploads\/2025\/05\/Intentions-de-vote-aux-elections-legislatives-1024x1024.png\" class=\"attachment-large size-large wp-post-image\" alt=\"Intentions de vote aux \u00e9lections l\u00e9gislatives \u2013 Vague 4\" srcset=\"https:\/\/tolunacorporate.com\/wp-content\/uploads\/2025\/05\/Intentions-de-vote-aux-elections-legislatives-1024x1024.png 1024w, https:\/\/tolunacorporate.com\/wp-content\/uploads\/2025\/05\/Intentions-de-vote-aux-elections-legislatives-300x300.png 300w, https:\/\/tolunacorporate.com\/wp-content\/uploads\/2025\/05\/Intentions-de-vote-aux-elections-legislatives-150x150.png 150w, https:\/\/tolunacorporate.com\/wp-content\/uploads\/2025\/05\/Intentions-de-vote-aux-elections-legislatives-768x768.png 768w, https:\/\/tolunacorporate.com\/wp-content\/uploads\/2025\/05\/Intentions-de-vote-aux-elections-legislatives.png 1080w\" sizes=\"(max-width: 1024px) 100vw, 1024px\" style=\"width:100%;height:100%;max-width:1080px;\" \/>\t\t\t<\/div>\n\t\t<\/a><!-- .post-thumbnail -->\n\t\t\t<div class=\"entry-content-wrap\">\n\t\t<header class=\"entry-header\">\n\t\t<div class=\"entry-taxonomies\">\n\t\t\t\t\t\t<span class=\"posted-on\">\n\t\t\t\t\t<svg width=\"20\" height=\"22\" viewBox=\"0 0 20 22\" fill=\"none\" xmlns=\"http:\/\/www.w3.org\/2000\/svg\"><path d=\"M18 2H17V1C17 0.45 16.55 0 16 0C15.45 0 15 0.45 15 1V2H5V1C5 0.45 4.55 0 4 0C3.45 0 3 0.45 3 1V2H2C0.9 2 0 2.9 0 4V20C0 21.1 0.9 22 2 22H18C19.1 22 20 21.1 20 20V4C20 2.9 19.1 2 18 2ZM17 20H3C2.45 20 2 19.55 2 19V7H18V19C18 19.55 17.55 20 17 20Z\" fill=\"#007EE2\"\/><\/svg>\n\t\t\t\t\t<time class=\"entry-date published\" datetime=\"2024-06-26T22:56:03+02:00\">26 Juin 2024<\/time><time class=\"updated\" datetime=\"2025-05-10T22:36:27+02:00\">10 mai 2025<\/time>\t\t\t\t<\/span>\n\t\t\t\t<\/div><!-- .entry-taxonomies -->\n\t<h6 class=\"entry-title\"><a href=\"https:\/\/tolunacorporate.com\/fr\/intentions-de-vote-aux-elections-legislatives-vague-4\/\" rel=\"bookmark\">Intentions de vote aux \u00e9lections l\u00e9gislatives \u2013 Vague 4<\/a><\/h6><\/header><!-- .entry-header -->\n<footer class=\"entry-footer\">\n\t\t\t<div class=\"entry-actions\">\n\t\t\t<p class=\"more-link-wrap\">\n\t\t\t\t<a href=\"https:\/\/tolunacorporate.com\/fr\/intentions-de-vote-aux-elections-legislatives-vague-4\/\" class=\"post-more-link\">\n\t\t\t\t\tEN SAVOIR PLUS<span class=\"screen-reader-text\"> Intentions de vote aux \u00e9lections l\u00e9gislatives \u2013 Vague 4<\/span><span class=\"toluna-svg-iconset svg-baseline\"><svg width=\"24\" height=\"25\" viewBox=\"0 0 24 25\" fill=\"none\" xmlns=\"http:\/\/www.w3.org\/2000\/svg\"><g clip-path=\"url(#clip0_3349_8828)\"><path d=\"M7.38048 21.9288C7.87048 22.4188 8.66048 22.4188 9.15048 21.9288L17.4605 13.6187C17.8505 13.2287 17.8505 12.5988 17.4605 12.2087L9.15048 3.89875C8.66048 3.40875 7.87048 3.40875 7.38048 3.89875C6.89048 4.38875 6.89048 5.17875 7.38048 5.66875L14.6205 12.9187L7.37048 20.1688C6.89048 20.6488 6.89048 21.4488 7.38048 21.9288Z\" fill=\"#007EE2\"\/><\/g><defs><clipPath id=\"clip0_3349_8828\"><rect width=\"24\" height=\"24\" fill=\"white\" transform=\"translate(0 0.917969)\"\/><\/clipPath><\/defs><\/svg><\/span>\t\t\t\t<\/a>\n\t\t\t<\/p>\n\t\t<\/div><!-- .entry-actions -->\n\t\t<\/footer><!-- .entry-footer -->\n\t<\/div>\n<\/article>\n<article class=\"entry content-bg loop-entry post-13957 post type-post status-publish format-standard has-post-thumbnail hentry category-france-fr tag-poll-2\">\n\t    <!-- toluna-thumbnail-ratio-1-1 -->\n\t\t<a class=\"post-thumbnail\" href=\"https:\/\/tolunacorporate.com\/fr\/les-francais-et-lautomobile\/\">\n\t\t\t<div class=\"post-thumbnail-inner\">\n\t\t\t\t<img decoding=\"async\" width=\"1024\" height=\"1024\" src=\"https:\/\/tolunacorporate.com\/wp-content\/uploads\/2025\/05\/Les-Francais-et-lautomobile-1024x1024.jpg\" class=\"attachment-large size-large wp-post-image\" alt=\"Les Fran\u00e7ais et l\u2019automobile\" srcset=\"https:\/\/tolunacorporate.com\/wp-content\/uploads\/2025\/05\/Les-Francais-et-lautomobile-1024x1024.jpg 1024w, https:\/\/tolunacorporate.com\/wp-content\/uploads\/2025\/05\/Les-Francais-et-lautomobile-300x300.jpg 300w, https:\/\/tolunacorporate.com\/wp-content\/uploads\/2025\/05\/Les-Francais-et-lautomobile-150x150.jpg 150w, https:\/\/tolunacorporate.com\/wp-content\/uploads\/2025\/05\/Les-Francais-et-lautomobile-768x768.jpg 768w, https:\/\/tolunacorporate.com\/wp-content\/uploads\/2025\/05\/Les-Francais-et-lautomobile.jpg 1280w\" sizes=\"(max-width: 1024px) 100vw, 1024px\" style=\"width:100%;height:100%;max-width:1280px;\" \/>\t\t\t<\/div>\n\t\t<\/a><!-- .post-thumbnail -->\n\t\t\t<div class=\"entry-content-wrap\">\n\t\t<header class=\"entry-header\">\n\t\t<div class=\"entry-taxonomies\">\n\t\t\t\t\t\t<span class=\"posted-on\">\n\t\t\t\t\t<svg width=\"20\" height=\"22\" viewBox=\"0 0 20 22\" fill=\"none\" xmlns=\"http:\/\/www.w3.org\/2000\/svg\"><path d=\"M18 2H17V1C17 0.45 16.55 0 16 0C15.45 0 15 0.45 15 1V2H5V1C5 0.45 4.55 0 4 0C3.45 0 3 0.45 3 1V2H2C0.9 2 0 2.9 0 4V20C0 21.1 0.9 22 2 22H18C19.1 22 20 21.1 20 20V4C20 2.9 19.1 2 18 2ZM17 20H3C2.45 20 2 19.55 2 19V7H18V19C18 19.55 17.55 20 17 20Z\" fill=\"#007EE2\"\/><\/svg>\n\t\t\t\t\t<time class=\"entry-date published\" datetime=\"2024-06-24T23:01:18+02:00\">24 Juin 2024<\/time><time class=\"updated\" datetime=\"2025-05-10T22:38:14+02:00\">10 mai 2025<\/time>\t\t\t\t<\/span>\n\t\t\t\t<\/div><!-- .entry-taxonomies -->\n\t<h6 class=\"entry-title\"><a href=\"https:\/\/tolunacorporate.com\/fr\/les-francais-et-lautomobile\/\" rel=\"bookmark\">Les Fran\u00e7ais et l\u2019automobile<\/a><\/h6><\/header><!-- .entry-header -->\n<footer class=\"entry-footer\">\n\t\t\t<div class=\"entry-actions\">\n\t\t\t<p class=\"more-link-wrap\">\n\t\t\t\t<a href=\"https:\/\/tolunacorporate.com\/fr\/les-francais-et-lautomobile\/\" class=\"post-more-link\">\n\t\t\t\t\tEN SAVOIR PLUS<span class=\"screen-reader-text\"> Les Fran\u00e7ais et l\u2019automobile<\/span><span class=\"toluna-svg-iconset svg-baseline\"><svg width=\"24\" height=\"25\" viewBox=\"0 0 24 25\" fill=\"none\" xmlns=\"http:\/\/www.w3.org\/2000\/svg\"><g clip-path=\"url(#clip0_3349_8828)\"><path d=\"M7.38048 21.9288C7.87048 22.4188 8.66048 22.4188 9.15048 21.9288L17.4605 13.6187C17.8505 13.2287 17.8505 12.5988 17.4605 12.2087L9.15048 3.89875C8.66048 3.40875 7.87048 3.40875 7.38048 3.89875C6.89048 4.38875 6.89048 5.17875 7.38048 5.66875L14.6205 12.9187L7.37048 20.1688C6.89048 20.6488 6.89048 21.4488 7.38048 21.9288Z\" fill=\"#007EE2\"\/><\/g><defs><clipPath id=\"clip0_3349_8828\"><rect width=\"24\" height=\"24\" fill=\"white\" transform=\"translate(0 0.917969)\"\/><\/clipPath><\/defs><\/svg><\/span>\t\t\t\t<\/a>\n\t\t\t<\/p>\n\t\t<\/div><!-- .entry-actions -->\n\t\t<\/footer><!-- .entry-footer -->\n\t<\/div>\n<\/article>\n<article class=\"entry content-bg loop-entry post-13966 post type-post status-publish format-standard has-post-thumbnail hentry category-france-fr tag-poll-2\">\n\t    <!-- toluna-thumbnail-ratio-1-1 -->\n\t\t<a class=\"post-thumbnail\" href=\"https:\/\/tolunacorporate.com\/fr\/intentions-de-vote-aux-elections-legislatives-vague-2\/\">\n\t\t\t<div class=\"post-thumbnail-inner\">\n\t\t\t\t<img decoding=\"async\" width=\"1024\" height=\"1024\" src=\"https:\/\/tolunacorporate.com\/wp-content\/uploads\/2025\/05\/de-vote-aux-elections-legislatives-\u2013-Vague-2-1024x1024.png\" class=\"attachment-large size-large wp-post-image\" alt=\"Intentions de vote aux \u00e9lections l\u00e9gislatives \u2013 Vague 2\" srcset=\"https:\/\/tolunacorporate.com\/wp-content\/uploads\/2025\/05\/de-vote-aux-elections-legislatives-\u2013-Vague-2-1024x1024.png 1024w, https:\/\/tolunacorporate.com\/wp-content\/uploads\/2025\/05\/de-vote-aux-elections-legislatives-\u2013-Vague-2-300x300.png 300w, https:\/\/tolunacorporate.com\/wp-content\/uploads\/2025\/05\/de-vote-aux-elections-legislatives-\u2013-Vague-2-150x150.png 150w, https:\/\/tolunacorporate.com\/wp-content\/uploads\/2025\/05\/de-vote-aux-elections-legislatives-\u2013-Vague-2-768x768.png 768w, https:\/\/tolunacorporate.com\/wp-content\/uploads\/2025\/05\/de-vote-aux-elections-legislatives-\u2013-Vague-2.png 1080w\" sizes=\"(max-width: 1024px) 100vw, 1024px\" style=\"width:100%;height:100%;max-width:1080px;\" \/>\t\t\t<\/div>\n\t\t<\/a><!-- .post-thumbnail -->\n\t\t\t<div class=\"entry-content-wrap\">\n\t\t<header class=\"entry-header\">\n\t\t<div class=\"entry-taxonomies\">\n\t\t\t\t\t\t<span class=\"posted-on\">\n\t\t\t\t\t<svg width=\"20\" height=\"22\" viewBox=\"0 0 20 22\" fill=\"none\" xmlns=\"http:\/\/www.w3.org\/2000\/svg\"><path d=\"M18 2H17V1C17 0.45 16.55 0 16 0C15.45 0 15 0.45 15 1V2H5V1C5 0.45 4.55 0 4 0C3.45 0 3 0.45 3 1V2H2C0.9 2 0 2.9 0 4V20C0 21.1 0.9 22 2 22H18C19.1 22 20 21.1 20 20V4C20 2.9 19.1 2 18 2ZM17 20H3C2.45 20 2 19.55 2 19V7H18V19C18 19.55 17.55 20 17 20Z\" fill=\"#007EE2\"\/><\/svg>\n\t\t\t\t\t<time class=\"entry-date published\" datetime=\"2024-06-20T23:03:26+02:00\">20 Juin 2024<\/time><time class=\"updated\" datetime=\"2025-05-10T22:42:04+02:00\">10 mai 2025<\/time>\t\t\t\t<\/span>\n\t\t\t\t<\/div><!-- .entry-taxonomies -->\n\t<h6 class=\"entry-title\"><a href=\"https:\/\/tolunacorporate.com\/fr\/intentions-de-vote-aux-elections-legislatives-vague-2\/\" rel=\"bookmark\">Intentions de vote aux \u00e9lections l\u00e9gislatives \u2013 Vague 2<\/a><\/h6><\/header><!-- .entry-header -->\n<footer class=\"entry-footer\">\n\t\t\t<div class=\"entry-actions\">\n\t\t\t<p class=\"more-link-wrap\">\n\t\t\t\t<a href=\"https:\/\/tolunacorporate.com\/fr\/intentions-de-vote-aux-elections-legislatives-vague-2\/\" class=\"post-more-link\">\n\t\t\t\t\tEN SAVOIR PLUS<span class=\"screen-reader-text\"> Intentions de vote aux \u00e9lections l\u00e9gislatives \u2013 Vague 2<\/span><span class=\"toluna-svg-iconset svg-baseline\"><svg width=\"24\" height=\"25\" viewBox=\"0 0 24 25\" fill=\"none\" xmlns=\"http:\/\/www.w3.org\/2000\/svg\"><g clip-path=\"url(#clip0_3349_8828)\"><path d=\"M7.38048 21.9288C7.87048 22.4188 8.66048 22.4188 9.15048 21.9288L17.4605 13.6187C17.8505 13.2287 17.8505 12.5988 17.4605 12.2087L9.15048 3.89875C8.66048 3.40875 7.87048 3.40875 7.38048 3.89875C6.89048 4.38875 6.89048 5.17875 7.38048 5.66875L14.6205 12.9187L7.37048 20.1688C6.89048 20.6488 6.89048 21.4488 7.38048 21.9288Z\" fill=\"#007EE2\"\/><\/g><defs><clipPath id=\"clip0_3349_8828\"><rect width=\"24\" height=\"24\" fill=\"white\" transform=\"translate(0 0.917969)\"\/><\/clipPath><\/defs><\/svg><\/span>\t\t\t\t<\/a>\n\t\t\t<\/p>\n\t\t<\/div><!-- .entry-actions -->\n\t\t<\/footer><!-- .entry-footer -->\n\t<\/div>\n<\/article>\n<article class=\"entry content-bg loop-entry post-13975 post type-post status-publish format-standard has-post-thumbnail hentry category-france-fr tag-poll-2\">\n\t    <!-- toluna-thumbnail-ratio-1-1 -->\n\t\t<a class=\"post-thumbnail\" href=\"https:\/\/tolunacorporate.com\/fr\/les-francais-et-la-prevention-contre-le-vih\/\">\n\t\t\t<div class=\"post-thumbnail-inner\">\n\t\t\t\t<img decoding=\"async\" width=\"1024\" height=\"1024\" src=\"https:\/\/tolunacorporate.com\/wp-content\/uploads\/2025\/05\/Les-Francais-et-la-prevention-contre-le-VIH-1024x1024.jpg\" class=\"attachment-large size-large wp-post-image\" alt=\"Les Fran\u00e7ais et la pr\u00e9vention contre le VIH\" srcset=\"https:\/\/tolunacorporate.com\/wp-content\/uploads\/2025\/05\/Les-Francais-et-la-prevention-contre-le-VIH-1024x1024.jpg 1024w, https:\/\/tolunacorporate.com\/wp-content\/uploads\/2025\/05\/Les-Francais-et-la-prevention-contre-le-VIH-300x300.jpg 300w, https:\/\/tolunacorporate.com\/wp-content\/uploads\/2025\/05\/Les-Francais-et-la-prevention-contre-le-VIH-150x150.jpg 150w, https:\/\/tolunacorporate.com\/wp-content\/uploads\/2025\/05\/Les-Francais-et-la-prevention-contre-le-VIH-768x768.jpg 768w, https:\/\/tolunacorporate.com\/wp-content\/uploads\/2025\/05\/Les-Francais-et-la-prevention-contre-le-VIH-1536x1536.jpg 1536w, https:\/\/tolunacorporate.com\/wp-content\/uploads\/2025\/05\/Les-Francais-et-la-prevention-contre-le-VIH.jpg 2048w\" sizes=\"(max-width: 1024px) 100vw, 1024px\" style=\"width:100%;height:100%;max-width:2048px;\" \/>\t\t\t<\/div>\n\t\t<\/a><!-- .post-thumbnail -->\n\t\t\t<div class=\"entry-content-wrap\">\n\t\t<header class=\"entry-header\">\n\t\t<div class=\"entry-taxonomies\">\n\t\t\t\t\t\t<span class=\"posted-on\">\n\t\t\t\t\t<svg width=\"20\" height=\"22\" viewBox=\"0 0 20 22\" fill=\"none\" xmlns=\"http:\/\/www.w3.org\/2000\/svg\"><path d=\"M18 2H17V1C17 0.45 16.55 0 16 0C15.45 0 15 0.45 15 1V2H5V1C5 0.45 4.55 0 4 0C3.45 0 3 0.45 3 1V2H2C0.9 2 0 2.9 0 4V20C0 21.1 0.9 22 2 22H18C19.1 22 20 21.1 20 20V4C20 2.9 19.1 2 18 2ZM17 20H3C2.45 20 2 19.55 2 19V7H18V19C18 19.55 17.55 20 17 20Z\" fill=\"#007EE2\"\/><\/svg>\n\t\t\t\t\t<time class=\"entry-date published\" datetime=\"2024-06-18T23:06:10+02:00\">18 Juin 2024<\/time><time class=\"updated\" datetime=\"2025-05-10T22:43:43+02:00\">10 mai 2025<\/time>\t\t\t\t<\/span>\n\t\t\t\t<\/div><!-- .entry-taxonomies -->\n\t<h6 class=\"entry-title\"><a href=\"https:\/\/tolunacorporate.com\/fr\/les-francais-et-la-prevention-contre-le-vih\/\" rel=\"bookmark\">Les Fran\u00e7ais et la pr\u00e9vention contre le VIH<\/a><\/h6><\/header><!-- .entry-header -->\n<footer class=\"entry-footer\">\n\t\t\t<div class=\"entry-actions\">\n\t\t\t<p class=\"more-link-wrap\">\n\t\t\t\t<a href=\"https:\/\/tolunacorporate.com\/fr\/les-francais-et-la-prevention-contre-le-vih\/\" class=\"post-more-link\">\n\t\t\t\t\tEN SAVOIR PLUS<span class=\"screen-reader-text\"> Les Fran\u00e7ais et la pr\u00e9vention contre le VIH<\/span><span class=\"toluna-svg-iconset svg-baseline\"><svg width=\"24\" height=\"25\" viewBox=\"0 0 24 25\" fill=\"none\" xmlns=\"http:\/\/www.w3.org\/2000\/svg\"><g clip-path=\"url(#clip0_3349_8828)\"><path d=\"M7.38048 21.9288C7.87048 22.4188 8.66048 22.4188 9.15048 21.9288L17.4605 13.6187C17.8505 13.2287 17.8505 12.5988 17.4605 12.2087L9.15048 3.89875C8.66048 3.40875 7.87048 3.40875 7.38048 3.89875C6.89048 4.38875 6.89048 5.17875 7.38048 5.66875L14.6205 12.9187L7.37048 20.1688C6.89048 20.6488 6.89048 21.4488 7.38048 21.9288Z\" fill=\"#007EE2\"\/><\/g><defs><clipPath id=\"clip0_3349_8828\"><rect width=\"24\" height=\"24\" fill=\"white\" transform=\"translate(0 0.917969)\"\/><\/clipPath><\/defs><\/svg><\/span>\t\t\t\t<\/a>\n\t\t\t<\/p>\n\t\t<\/div><!-- .entry-actions -->\n\t\t<\/footer><!-- .entry-footer -->\n\t<\/div>\n<\/article>\n<article class=\"entry content-bg loop-entry post-13984 post type-post status-publish format-standard has-post-thumbnail hentry category-france-fr tag-poll-2\">\n\t    <!-- toluna-thumbnail-ratio-1-1 -->\n\t\t<a class=\"post-thumbnail\" href=\"https:\/\/tolunacorporate.com\/fr\/les-francais-et-les-consequences-politiques-suite-a-la-dissolution-de-lassemblee-nationale\/\">\n\t\t\t<div class=\"post-thumbnail-inner\">\n\t\t\t\t<img decoding=\"async\" width=\"500\" height=\"500\" src=\"https:\/\/tolunacorporate.com\/wp-content\/uploads\/2025\/05\/Les-Francais-et-les-consequences-politiques-suite-a-la-dissolution-de-lAssemblee-nationale.jpg\" class=\"attachment-large size-large wp-post-image\" alt=\"Les Fran\u00e7ais et les cons\u00e9quences politiques suite \u00e0 la dissolution de l\u2019Assembl\u00e9e nationale\" srcset=\"https:\/\/tolunacorporate.com\/wp-content\/uploads\/2025\/05\/Les-Francais-et-les-consequences-politiques-suite-a-la-dissolution-de-lAssemblee-nationale.jpg 500w, https:\/\/tolunacorporate.com\/wp-content\/uploads\/2025\/05\/Les-Francais-et-les-consequences-politiques-suite-a-la-dissolution-de-lAssemblee-nationale-300x300.jpg 300w, https:\/\/tolunacorporate.com\/wp-content\/uploads\/2025\/05\/Les-Francais-et-les-consequences-politiques-suite-a-la-dissolution-de-lAssemblee-nationale-150x150.jpg 150w\" sizes=\"(max-width: 500px) 100vw, 500px\" style=\"width:100%;height:100%;max-width:500px;\" \/>\t\t\t<\/div>\n\t\t<\/a><!-- .post-thumbnail -->\n\t\t\t<div class=\"entry-content-wrap\">\n\t\t<header class=\"entry-header\">\n\t\t<div class=\"entry-taxonomies\">\n\t\t\t\t\t\t<span class=\"posted-on\">\n\t\t\t\t\t<svg width=\"20\" height=\"22\" viewBox=\"0 0 20 22\" fill=\"none\" xmlns=\"http:\/\/www.w3.org\/2000\/svg\"><path d=\"M18 2H17V1C17 0.45 16.55 0 16 0C15.45 0 15 0.45 15 1V2H5V1C5 0.45 4.55 0 4 0C3.45 0 3 0.45 3 1V2H2C0.9 2 0 2.9 0 4V20C0 21.1 0.9 22 2 22H18C19.1 22 20 21.1 20 20V4C20 2.9 19.1 2 18 2ZM17 20H3C2.45 20 2 19.55 2 19V7H18V19C18 19.55 17.55 20 17 20Z\" fill=\"#007EE2\"\/><\/svg>\n\t\t\t\t\t<time class=\"entry-date published\" datetime=\"2024-06-14T23:08:32+02:00\">14 Juin 2024<\/time><time class=\"updated\" datetime=\"2025-05-10T22:47:23+02:00\">10 mai 2025<\/time>\t\t\t\t<\/span>\n\t\t\t\t<\/div><!-- .entry-taxonomies -->\n\t<h6 class=\"entry-title\"><a href=\"https:\/\/tolunacorporate.com\/fr\/les-francais-et-les-consequences-politiques-suite-a-la-dissolution-de-lassemblee-nationale\/\" rel=\"bookmark\">Les Fran\u00e7ais et les cons\u00e9quences politiques suite \u00e0 la dissolution de l\u2019Assembl\u00e9e nationale<\/a><\/h6><\/header><!-- .entry-header -->\n<footer class=\"entry-footer\">\n\t\t\t<div class=\"entry-actions\">\n\t\t\t<p class=\"more-link-wrap\">\n\t\t\t\t<a href=\"https:\/\/tolunacorporate.com\/fr\/les-francais-et-les-consequences-politiques-suite-a-la-dissolution-de-lassemblee-nationale\/\" class=\"post-more-link\">\n\t\t\t\t\tEN SAVOIR PLUS<span class=\"screen-reader-text\"> Les Fran\u00e7ais et les cons\u00e9quences politiques suite \u00e0 la dissolution de l\u2019Assembl\u00e9e nationale<\/span><span class=\"toluna-svg-iconset svg-baseline\"><svg width=\"24\" height=\"25\" viewBox=\"0 0 24 25\" fill=\"none\" xmlns=\"http:\/\/www.w3.org\/2000\/svg\"><g clip-path=\"url(#clip0_3349_8828)\"><path d=\"M7.38048 21.9288C7.87048 22.4188 8.66048 22.4188 9.15048 21.9288L17.4605 13.6187C17.8505 13.2287 17.8505 12.5988 17.4605 12.2087L9.15048 3.89875C8.66048 3.40875 7.87048 3.40875 7.38048 3.89875C6.89048 4.38875 6.89048 5.17875 7.38048 5.66875L14.6205 12.9187L7.37048 20.1688C6.89048 20.6488 6.89048 21.4488 7.38048 21.9288Z\" fill=\"#007EE2\"\/><\/g><defs><clipPath id=\"clip0_3349_8828\"><rect width=\"24\" height=\"24\" fill=\"white\" transform=\"translate(0 0.917969)\"\/><\/clipPath><\/defs><\/svg><\/span>\t\t\t\t<\/a>\n\t\t\t<\/p>\n\t\t<\/div><!-- .entry-actions -->\n\t\t<\/footer><!-- .entry-footer -->\n\t<\/div>\n<\/article>\n<article class=\"entry content-bg loop-entry post-13993 post type-post status-publish format-standard has-post-thumbnail hentry category-france-fr tag-poll-2\">\n\t    <!-- toluna-thumbnail-ratio-1-1 -->\n\t\t<a class=\"post-thumbnail\" href=\"https:\/\/tolunacorporate.com\/fr\/reaction-des-francais-a-la-dissolution-de-lassemblee-nationale\/\">\n\t\t\t<div class=\"post-thumbnail-inner\">\n\t\t\t\t<img decoding=\"async\" width=\"500\" height=\"500\" src=\"https:\/\/tolunacorporate.com\/wp-content\/uploads\/2025\/05\/Reaction-des-Francais-a-la-dissolution-de-lAssemblee-nationale.jpg\" class=\"attachment-large size-large wp-post-image\" alt=\"R\u00e9action des Fran\u00e7ais \u00e0 la dissolution de l\u2019Assembl\u00e9e nationale\" srcset=\"https:\/\/tolunacorporate.com\/wp-content\/uploads\/2025\/05\/Reaction-des-Francais-a-la-dissolution-de-lAssemblee-nationale.jpg 500w, https:\/\/tolunacorporate.com\/wp-content\/uploads\/2025\/05\/Reaction-des-Francais-a-la-dissolution-de-lAssemblee-nationale-300x300.jpg 300w, https:\/\/tolunacorporate.com\/wp-content\/uploads\/2025\/05\/Reaction-des-Francais-a-la-dissolution-de-lAssemblee-nationale-150x150.jpg 150w\" sizes=\"(max-width: 500px) 100vw, 500px\" style=\"width:100%;height:100%;max-width:500px;\" \/>\t\t\t<\/div>\n\t\t<\/a><!-- .post-thumbnail -->\n\t\t\t<div class=\"entry-content-wrap\">\n\t\t<header class=\"entry-header\">\n\t\t<div class=\"entry-taxonomies\">\n\t\t\t\t\t\t<span class=\"posted-on\">\n\t\t\t\t\t<svg width=\"20\" height=\"22\" viewBox=\"0 0 20 22\" fill=\"none\" xmlns=\"http:\/\/www.w3.org\/2000\/svg\"><path d=\"M18 2H17V1C17 0.45 16.55 0 16 0C15.45 0 15 0.45 15 1V2H5V1C5 0.45 4.55 0 4 0C3.45 0 3 0.45 3 1V2H2C0.9 2 0 2.9 0 4V20C0 21.1 0.9 22 2 22H18C19.1 22 20 21.1 20 20V4C20 2.9 19.1 2 18 2ZM17 20H3C2.45 20 2 19.55 2 19V7H18V19C18 19.55 17.55 20 17 20Z\" fill=\"#007EE2\"\/><\/svg>\n\t\t\t\t\t<time class=\"entry-date published\" datetime=\"2024-06-11T23:11:22+02:00\">11 Juin 2024<\/time><time class=\"updated\" datetime=\"2025-05-10T22:51:27+02:00\">10 mai 2025<\/time>\t\t\t\t<\/span>\n\t\t\t\t<\/div><!-- .entry-taxonomies -->\n\t<h6 class=\"entry-title\"><a href=\"https:\/\/tolunacorporate.com\/fr\/reaction-des-francais-a-la-dissolution-de-lassemblee-nationale\/\" rel=\"bookmark\">R\u00e9action des Fran\u00e7ais \u00e0 la dissolution de l\u2019Assembl\u00e9e nationale<\/a><\/h6><\/header><!-- .entry-header -->\n<footer class=\"entry-footer\">\n\t\t\t<div class=\"entry-actions\">\n\t\t\t<p class=\"more-link-wrap\">\n\t\t\t\t<a href=\"https:\/\/tolunacorporate.com\/fr\/reaction-des-francais-a-la-dissolution-de-lassemblee-nationale\/\" class=\"post-more-link\">\n\t\t\t\t\tEN SAVOIR PLUS<span class=\"screen-reader-text\"> R\u00e9action des Fran\u00e7ais \u00e0 la dissolution de l\u2019Assembl\u00e9e nationale<\/span><span class=\"toluna-svg-iconset svg-baseline\"><svg width=\"24\" height=\"25\" viewBox=\"0 0 24 25\" fill=\"none\" xmlns=\"http:\/\/www.w3.org\/2000\/svg\"><g clip-path=\"url(#clip0_3349_8828)\"><path d=\"M7.38048 21.9288C7.87048 22.4188 8.66048 22.4188 9.15048 21.9288L17.4605 13.6187C17.8505 13.2287 17.8505 12.5988 17.4605 12.2087L9.15048 3.89875C8.66048 3.40875 7.87048 3.40875 7.38048 3.89875C6.89048 4.38875 6.89048 5.17875 7.38048 5.66875L14.6205 12.9187L7.37048 20.1688C6.89048 20.6488 6.89048 21.4488 7.38048 21.9288Z\" fill=\"#007EE2\"\/><\/g><defs><clipPath id=\"clip0_3349_8828\"><rect width=\"24\" height=\"24\" fill=\"white\" transform=\"translate(0 0.917969)\"\/><\/clipPath><\/defs><\/svg><\/span>\t\t\t\t<\/a>\n\t\t\t<\/p>\n\t\t<\/div><!-- .entry-actions -->\n\t\t<\/footer><!-- .entry-footer -->\n\t<\/div>\n<\/article>\n<article class=\"entry content-bg loop-entry post-14002 post type-post status-publish format-standard has-post-thumbnail hentry category-france-fr tag-poll-2\">\n\t    <!-- toluna-thumbnail-ratio-1-1 -->\n\t\t<a class=\"post-thumbnail\" href=\"https:\/\/tolunacorporate.com\/fr\/intentions-de-vote-pour-les-elections-legislatives-2024\/\">\n\t\t\t<div class=\"post-thumbnail-inner\">\n\t\t\t\t<img decoding=\"async\" width=\"500\" height=\"500\" src=\"https:\/\/tolunacorporate.com\/wp-content\/uploads\/2025\/05\/Intentions-de-vote-pour-les-elections-legislatives-2024.jpg\" class=\"attachment-large size-large wp-post-image\" alt=\"Intentions de vote pour les \u00e9lections l\u00e9gislatives 2024\" srcset=\"https:\/\/tolunacorporate.com\/wp-content\/uploads\/2025\/05\/Intentions-de-vote-pour-les-elections-legislatives-2024.jpg 500w, https:\/\/tolunacorporate.com\/wp-content\/uploads\/2025\/05\/Intentions-de-vote-pour-les-elections-legislatives-2024-300x300.jpg 300w, https:\/\/tolunacorporate.com\/wp-content\/uploads\/2025\/05\/Intentions-de-vote-pour-les-elections-legislatives-2024-150x150.jpg 150w\" sizes=\"(max-width: 500px) 100vw, 500px\" style=\"width:100%;height:100%;max-width:500px;\" \/>\t\t\t<\/div>\n\t\t<\/a><!-- .post-thumbnail -->\n\t\t\t<div class=\"entry-content-wrap\">\n\t\t<header class=\"entry-header\">\n\t\t<div class=\"entry-taxonomies\">\n\t\t\t\t\t\t<span class=\"posted-on\">\n\t\t\t\t\t<svg width=\"20\" height=\"22\" viewBox=\"0 0 20 22\" fill=\"none\" xmlns=\"http:\/\/www.w3.org\/2000\/svg\"><path d=\"M18 2H17V1C17 0.45 16.55 0 16 0C15.45 0 15 0.45 15 1V2H5V1C5 0.45 4.55 0 4 0C3.45 0 3 0.45 3 1V2H2C0.9 2 0 2.9 0 4V20C0 21.1 0.9 22 2 22H18C19.1 22 20 21.1 20 20V4C20 2.9 19.1 2 18 2ZM17 20H3C2.45 20 2 19.55 2 19V7H18V19C18 19.55 17.55 20 17 20Z\" fill=\"#007EE2\"\/><\/svg>\n\t\t\t\t\t<time class=\"entry-date published\" datetime=\"2024-06-10T23:13:59+02:00\">10 Juin 2024<\/time><time class=\"updated\" datetime=\"2025-05-10T22:54:11+02:00\">10 mai 2025<\/time>\t\t\t\t<\/span>\n\t\t\t\t<\/div><!-- .entry-taxonomies -->\n\t<h6 class=\"entry-title\"><a href=\"https:\/\/tolunacorporate.com\/fr\/intentions-de-vote-pour-les-elections-legislatives-2024\/\" rel=\"bookmark\">Intentions de vote pour les \u00e9lections l\u00e9gislatives 2024<\/a><\/h6><\/header><!-- .entry-header -->\n<footer class=\"entry-footer\">\n\t\t\t<div class=\"entry-actions\">\n\t\t\t<p class=\"more-link-wrap\">\n\t\t\t\t<a href=\"https:\/\/tolunacorporate.com\/fr\/intentions-de-vote-pour-les-elections-legislatives-2024\/\" class=\"post-more-link\">\n\t\t\t\t\tEN SAVOIR PLUS<span class=\"screen-reader-text\"> Intentions de vote pour les \u00e9lections l\u00e9gislatives 2024<\/span><span class=\"toluna-svg-iconset svg-baseline\"><svg width=\"24\" height=\"25\" viewBox=\"0 0 24 25\" fill=\"none\" xmlns=\"http:\/\/www.w3.org\/2000\/svg\"><g clip-path=\"url(#clip0_3349_8828)\"><path d=\"M7.38048 21.9288C7.87048 22.4188 8.66048 22.4188 9.15048 21.9288L17.4605 13.6187C17.8505 13.2287 17.8505 12.5988 17.4605 12.2087L9.15048 3.89875C8.66048 3.40875 7.87048 3.40875 7.38048 3.89875C6.89048 4.38875 6.89048 5.17875 7.38048 5.66875L14.6205 12.9187L7.37048 20.1688C6.89048 20.6488 6.89048 21.4488 7.38048 21.9288Z\" fill=\"#007EE2\"\/><\/g><defs><clipPath id=\"clip0_3349_8828\"><rect width=\"24\" height=\"24\" fill=\"white\" transform=\"translate(0 0.917969)\"\/><\/clipPath><\/defs><\/svg><\/span>\t\t\t\t<\/a>\n\t\t\t<\/p>\n\t\t<\/div><!-- .entry-actions -->\n\t\t<\/footer><!-- .entry-footer -->\n\t<\/div>\n<\/article>\n<article class=\"entry content-bg loop-entry post-14020 post type-post status-publish format-standard has-post-thumbnail hentry category-france-fr tag-poll-2\">\n\t    <!-- toluna-thumbnail-ratio-1-1 -->\n\t\t<a class=\"post-thumbnail\" href=\"https:\/\/tolunacorporate.com\/fr\/europeennes-2024-sondage-jour-du-vote\/\">\n\t\t\t<div class=\"post-thumbnail-inner\">\n\t\t\t\t<img decoding=\"async\" width=\"293\" height=\"294\" src=\"https:\/\/tolunacorporate.com\/wp-content\/uploads\/2025\/05\/Europeennes-2024-\u2013-Sondage-Jour-du-vote.png\" class=\"attachment-large size-large wp-post-image\" alt=\"Europ\u00e9ennes 2024 \u2013 Sondage Jour du vote\" srcset=\"https:\/\/tolunacorporate.com\/wp-content\/uploads\/2025\/05\/Europeennes-2024-\u2013-Sondage-Jour-du-vote.png 293w, https:\/\/tolunacorporate.com\/wp-content\/uploads\/2025\/05\/Europeennes-2024-\u2013-Sondage-Jour-du-vote-150x150.png 150w\" sizes=\"(max-width: 293px) 100vw, 293px\" style=\"width:100%;height:100.34%;max-width:293px;\" \/>\t\t\t<\/div>\n\t\t<\/a><!-- .post-thumbnail -->\n\t\t\t<div class=\"entry-content-wrap\">\n\t\t<header class=\"entry-header\">\n\t\t<div class=\"entry-taxonomies\">\n\t\t\t\t\t\t<span class=\"posted-on\">\n\t\t\t\t\t<svg width=\"20\" height=\"22\" viewBox=\"0 0 20 22\" fill=\"none\" xmlns=\"http:\/\/www.w3.org\/2000\/svg\"><path d=\"M18 2H17V1C17 0.45 16.55 0 16 0C15.45 0 15 0.45 15 1V2H5V1C5 0.45 4.55 0 4 0C3.45 0 3 0.45 3 1V2H2C0.9 2 0 2.9 0 4V20C0 21.1 0.9 22 2 22H18C19.1 22 20 21.1 20 20V4C20 2.9 19.1 2 18 2ZM17 20H3C2.45 20 2 19.55 2 19V7H18V19C18 19.55 17.55 20 17 20Z\" fill=\"#007EE2\"\/><\/svg>\n\t\t\t\t\t<time class=\"entry-date published\" datetime=\"2024-06-09T23:18:22+02:00\">9 Juin 2024<\/time><time class=\"updated\" datetime=\"2025-05-10T22:56:17+02:00\">10 mai 2025<\/time>\t\t\t\t<\/span>\n\t\t\t\t<\/div><!-- .entry-taxonomies -->\n\t<h6 class=\"entry-title\"><a href=\"https:\/\/tolunacorporate.com\/fr\/europeennes-2024-sondage-jour-du-vote\/\" rel=\"bookmark\">Europ\u00e9ennes 2024 \u2013 Sondage Jour du vote<\/a><\/h6><\/header><!-- .entry-header -->\n<footer class=\"entry-footer\">\n\t\t\t<div class=\"entry-actions\">\n\t\t\t<p class=\"more-link-wrap\">\n\t\t\t\t<a href=\"https:\/\/tolunacorporate.com\/fr\/europeennes-2024-sondage-jour-du-vote\/\" class=\"post-more-link\">\n\t\t\t\t\tEN SAVOIR PLUS<span class=\"screen-reader-text\"> Europ\u00e9ennes 2024 \u2013 Sondage Jour du vote<\/span><span class=\"toluna-svg-iconset svg-baseline\"><svg width=\"24\" height=\"25\" viewBox=\"0 0 24 25\" fill=\"none\" xmlns=\"http:\/\/www.w3.org\/2000\/svg\"><g clip-path=\"url(#clip0_3349_8828)\"><path d=\"M7.38048 21.9288C7.87048 22.4188 8.66048 22.4188 9.15048 21.9288L17.4605 13.6187C17.8505 13.2287 17.8505 12.5988 17.4605 12.2087L9.15048 3.89875C8.66048 3.40875 7.87048 3.40875 7.38048 3.89875C6.89048 4.38875 6.89048 5.17875 7.38048 5.66875L14.6205 12.9187L7.37048 20.1688C6.89048 20.6488 6.89048 21.4488 7.38048 21.9288Z\" fill=\"#007EE2\"\/><\/g><defs><clipPath id=\"clip0_3349_8828\"><rect width=\"24\" height=\"24\" fill=\"white\" transform=\"translate(0 0.917969)\"\/><\/clipPath><\/defs><\/svg><\/span>\t\t\t\t<\/a>\n\t\t\t<\/p>\n\t\t<\/div><!-- .entry-actions -->\n\t\t<\/footer><!-- .entry-footer -->\n\t<\/div>\n<\/article>\n<article class=\"entry content-bg loop-entry post-14011 post type-post status-publish format-standard has-post-thumbnail hentry category-france-fr tag-poll-2\">\n\t    <!-- toluna-thumbnail-ratio-1-1 -->\n\t\t<a class=\"post-thumbnail\" href=\"https:\/\/tolunacorporate.com\/fr\/europeennes-2024-sondage-sociologie-du-vote\/\">\n\t\t\t<div class=\"post-thumbnail-inner\">\n\t\t\t\t<img decoding=\"async\" width=\"293\" height=\"294\" src=\"https:\/\/tolunacorporate.com\/wp-content\/uploads\/2025\/05\/Europeennes-2024-\u2013-Sondage-Sociologie-du-vote.png\" class=\"attachment-large size-large wp-post-image\" alt=\"Europ\u00e9ennes 2024 \u2013 Sondage Sociologie du vote\" srcset=\"https:\/\/tolunacorporate.com\/wp-content\/uploads\/2025\/05\/Europeennes-2024-\u2013-Sondage-Sociologie-du-vote.png 293w, https:\/\/tolunacorporate.com\/wp-content\/uploads\/2025\/05\/Europeennes-2024-\u2013-Sondage-Sociologie-du-vote-150x150.png 150w\" sizes=\"(max-width: 293px) 100vw, 293px\" style=\"width:100%;height:100.34%;max-width:293px;\" \/>\t\t\t<\/div>\n\t\t<\/a><!-- .post-thumbnail -->\n\t\t\t<div class=\"entry-content-wrap\">\n\t\t<header class=\"entry-header\">\n\t\t<div class=\"entry-taxonomies\">\n\t\t\t\t\t\t<span class=\"posted-on\">\n\t\t\t\t\t<svg width=\"20\" height=\"22\" viewBox=\"0 0 20 22\" fill=\"none\" xmlns=\"http:\/\/www.w3.org\/2000\/svg\"><path d=\"M18 2H17V1C17 0.45 16.55 0 16 0C15.45 0 15 0.45 15 1V2H5V1C5 0.45 4.55 0 4 0C3.45 0 3 0.45 3 1V2H2C0.9 2 0 2.9 0 4V20C0 21.1 0.9 22 2 22H18C19.1 22 20 21.1 20 20V4C20 2.9 19.1 2 18 2ZM17 20H3C2.45 20 2 19.55 2 19V7H18V19C18 19.55 17.55 20 17 20Z\" fill=\"#007EE2\"\/><\/svg>\n\t\t\t\t\t<time class=\"entry-date published\" datetime=\"2024-06-09T23:16:48+02:00\">9 Juin 2024<\/time><time class=\"updated\" datetime=\"2025-05-07T23:18:05+02:00\">7 mai 2025<\/time>\t\t\t\t<\/span>\n\t\t\t\t<\/div><!-- .entry-taxonomies -->\n\t<h6 class=\"entry-title\"><a href=\"https:\/\/tolunacorporate.com\/fr\/europeennes-2024-sondage-sociologie-du-vote\/\" rel=\"bookmark\">Europ\u00e9ennes 2024 \u2013 Sondage Sociologie du vote<\/a><\/h6><\/header><!-- .entry-header -->\n<footer class=\"entry-footer\">\n\t\t\t<div class=\"entry-actions\">\n\t\t\t<p class=\"more-link-wrap\">\n\t\t\t\t<a href=\"https:\/\/tolunacorporate.com\/fr\/europeennes-2024-sondage-sociologie-du-vote\/\" class=\"post-more-link\">\n\t\t\t\t\tEN SAVOIR PLUS<span class=\"screen-reader-text\"> Europ\u00e9ennes 2024 \u2013 Sondage Sociologie du vote<\/span><span class=\"toluna-svg-iconset svg-baseline\"><svg width=\"24\" height=\"25\" viewBox=\"0 0 24 25\" fill=\"none\" xmlns=\"http:\/\/www.w3.org\/2000\/svg\"><g clip-path=\"url(#clip0_3349_8828)\"><path d=\"M7.38048 21.9288C7.87048 22.4188 8.66048 22.4188 9.15048 21.9288L17.4605 13.6187C17.8505 13.2287 17.8505 12.5988 17.4605 12.2087L9.15048 3.89875C8.66048 3.40875 7.87048 3.40875 7.38048 3.89875C6.89048 4.38875 6.89048 5.17875 7.38048 5.66875L14.6205 12.9187L7.37048 20.1688C6.89048 20.6488 6.89048 21.4488 7.38048 21.9288Z\" fill=\"#007EE2\"\/><\/g><defs><clipPath id=\"clip0_3349_8828\"><rect width=\"24\" height=\"24\" fill=\"white\" transform=\"translate(0 0.917969)\"\/><\/clipPath><\/defs><\/svg><\/span>\t\t\t\t<\/a>\n\t\t\t<\/p>\n\t\t<\/div><!-- .entry-actions -->\n\t\t<\/footer><!-- .entry-footer -->\n\t<\/div>\n<\/article>\n<article class=\"entry content-bg loop-entry post-14038 post type-post status-publish format-standard has-post-thumbnail hentry category-france-fr tag-poll-2\">\n\t    <!-- toluna-thumbnail-ratio-1-1 -->\n\t\t<a class=\"post-thumbnail\" href=\"https:\/\/tolunacorporate.com\/fr\/les-francais-et-le-bien-vieillir\/\">\n\t\t\t<div class=\"post-thumbnail-inner\">\n\t\t\t\t<img decoding=\"async\" width=\"293\" height=\"294\" src=\"https:\/\/tolunacorporate.com\/wp-content\/uploads\/2025\/05\/Les-Francais-et-le-bien-vieillir.jpg\" class=\"attachment-large size-large wp-post-image\" alt=\"Les Fran\u00e7ais et le bien vieillir\" srcset=\"https:\/\/tolunacorporate.com\/wp-content\/uploads\/2025\/05\/Les-Francais-et-le-bien-vieillir.jpg 293w, https:\/\/tolunacorporate.com\/wp-content\/uploads\/2025\/05\/Les-Francais-et-le-bien-vieillir-150x150.jpg 150w\" sizes=\"(max-width: 293px) 100vw, 293px\" style=\"width:100%;height:100.34%;max-width:293px;\" \/>\t\t\t<\/div>\n\t\t<\/a><!-- .post-thumbnail -->\n\t\t\t<div class=\"entry-content-wrap\">\n\t\t<header class=\"entry-header\">\n\t\t<div class=\"entry-taxonomies\">\n\t\t\t\t\t\t<span class=\"posted-on\">\n\t\t\t\t\t<svg width=\"20\" height=\"22\" viewBox=\"0 0 20 22\" fill=\"none\" xmlns=\"http:\/\/www.w3.org\/2000\/svg\"><path d=\"M18 2H17V1C17 0.45 16.55 0 16 0C15.45 0 15 0.45 15 1V2H5V1C5 0.45 4.55 0 4 0C3.45 0 3 0.45 3 1V2H2C0.9 2 0 2.9 0 4V20C0 21.1 0.9 22 2 22H18C19.1 22 20 21.1 20 20V4C20 2.9 19.1 2 18 2ZM17 20H3C2.45 20 2 19.55 2 19V7H18V19C18 19.55 17.55 20 17 20Z\" fill=\"#007EE2\"\/><\/svg>\n\t\t\t\t\t<time class=\"entry-date published\" datetime=\"2024-06-07T23:22:23+02:00\">7 Juin 2024<\/time><time class=\"updated\" datetime=\"2025-05-10T22:58:33+02:00\">10 mai 2025<\/time>\t\t\t\t<\/span>\n\t\t\t\t<\/div><!-- .entry-taxonomies -->\n\t<h6 class=\"entry-title\"><a href=\"https:\/\/tolunacorporate.com\/fr\/les-francais-et-le-bien-vieillir\/\" rel=\"bookmark\">Les Fran\u00e7ais et le bien vieillir<\/a><\/h6><\/header><!-- .entry-header -->\n<footer class=\"entry-footer\">\n\t\t\t<div class=\"entry-actions\">\n\t\t\t<p class=\"more-link-wrap\">\n\t\t\t\t<a href=\"https:\/\/tolunacorporate.com\/fr\/les-francais-et-le-bien-vieillir\/\" class=\"post-more-link\">\n\t\t\t\t\tEN SAVOIR PLUS<span class=\"screen-reader-text\"> Les Fran\u00e7ais et le bien vieillir<\/span><span class=\"toluna-svg-iconset svg-baseline\"><svg width=\"24\" height=\"25\" viewBox=\"0 0 24 25\" fill=\"none\" xmlns=\"http:\/\/www.w3.org\/2000\/svg\"><g clip-path=\"url(#clip0_3349_8828)\"><path d=\"M7.38048 21.9288C7.87048 22.4188 8.66048 22.4188 9.15048 21.9288L17.4605 13.6187C17.8505 13.2287 17.8505 12.5988 17.4605 12.2087L9.15048 3.89875C8.66048 3.40875 7.87048 3.40875 7.38048 3.89875C6.89048 4.38875 6.89048 5.17875 7.38048 5.66875L14.6205 12.9187L7.37048 20.1688C6.89048 20.6488 6.89048 21.4488 7.38048 21.9288Z\" fill=\"#007EE2\"\/><\/g><defs><clipPath id=\"clip0_3349_8828\"><rect width=\"24\" height=\"24\" fill=\"white\" transform=\"translate(0 0.917969)\"\/><\/clipPath><\/defs><\/svg><\/span>\t\t\t\t<\/a>\n\t\t\t<\/p>\n\t\t<\/div><!-- .entry-actions -->\n\t\t<\/footer><!-- .entry-footer -->\n\t<\/div>\n<\/article>\n<article class=\"entry content-bg loop-entry post-14029 post type-post status-publish format-standard has-post-thumbnail hentry category-france-fr tag-poll-2\">\n\t    <!-- toluna-thumbnail-ratio-1-1 -->\n\t\t<a class=\"post-thumbnail\" href=\"https:\/\/tolunacorporate.com\/fr\/barometre-dintentions-de-vote-aux-elections-europeennes-2024-vague-21\/\">\n\t\t\t<div class=\"post-thumbnail-inner\">\n\t\t\t\t<img decoding=\"async\" width=\"293\" height=\"294\" src=\"https:\/\/tolunacorporate.com\/wp-content\/uploads\/2025\/05\/elections-europeennes-2024-\u2013-Vague-21.png\" class=\"attachment-large size-large wp-post-image\" alt=\"Barom\u00e8tre d\u2019intentions de vote aux \u00e9lections europ\u00e9ennes 2024 \u2013 Vague 21\" srcset=\"https:\/\/tolunacorporate.com\/wp-content\/uploads\/2025\/05\/elections-europeennes-2024-\u2013-Vague-21.png 293w, https:\/\/tolunacorporate.com\/wp-content\/uploads\/2025\/05\/elections-europeennes-2024-\u2013-Vague-21-150x150.png 150w\" sizes=\"(max-width: 293px) 100vw, 293px\" style=\"width:100%;height:100.34%;max-width:293px;\" \/>\t\t\t<\/div>\n\t\t<\/a><!-- .post-thumbnail -->\n\t\t\t<div class=\"entry-content-wrap\">\n\t\t<header class=\"entry-header\">\n\t\t<div class=\"entry-taxonomies\">\n\t\t\t\t\t\t<span class=\"posted-on\">\n\t\t\t\t\t<svg width=\"20\" height=\"22\" viewBox=\"0 0 20 22\" fill=\"none\" xmlns=\"http:\/\/www.w3.org\/2000\/svg\"><path d=\"M18 2H17V1C17 0.45 16.55 0 16 0C15.45 0 15 0.45 15 1V2H5V1C5 0.45 4.55 0 4 0C3.45 0 3 0.45 3 1V2H2C0.9 2 0 2.9 0 4V20C0 21.1 0.9 22 2 22H18C19.1 22 20 21.1 20 20V4C20 2.9 19.1 2 18 2ZM17 20H3C2.45 20 2 19.55 2 19V7H18V19C18 19.55 17.55 20 17 20Z\" fill=\"#007EE2\"\/><\/svg>\n\t\t\t\t\t<time class=\"entry-date published\" datetime=\"2024-06-07T23:20:00+02:00\">7 Juin 2024<\/time><time class=\"updated\" datetime=\"2025-05-10T23:01:30+02:00\">10 mai 2025<\/time>\t\t\t\t<\/span>\n\t\t\t\t<\/div><!-- .entry-taxonomies -->\n\t<h6 class=\"entry-title\"><a href=\"https:\/\/tolunacorporate.com\/fr\/barometre-dintentions-de-vote-aux-elections-europeennes-2024-vague-21\/\" rel=\"bookmark\">Barom\u00e8tre d\u2019intentions de vote aux \u00e9lections europ\u00e9ennes 2024 \u2013 Vague 21<\/a><\/h6><\/header><!-- .entry-header -->\n<footer class=\"entry-footer\">\n\t\t\t<div class=\"entry-actions\">\n\t\t\t<p class=\"more-link-wrap\">\n\t\t\t\t<a href=\"https:\/\/tolunacorporate.com\/fr\/barometre-dintentions-de-vote-aux-elections-europeennes-2024-vague-21\/\" class=\"post-more-link\">\n\t\t\t\t\tEN SAVOIR PLUS<span class=\"screen-reader-text\"> Barom\u00e8tre d\u2019intentions de vote aux \u00e9lections europ\u00e9ennes 2024 \u2013 Vague 21<\/span><span class=\"toluna-svg-iconset svg-baseline\"><svg width=\"24\" height=\"25\" viewBox=\"0 0 24 25\" fill=\"none\" xmlns=\"http:\/\/www.w3.org\/2000\/svg\"><g clip-path=\"url(#clip0_3349_8828)\"><path d=\"M7.38048 21.9288C7.87048 22.4188 8.66048 22.4188 9.15048 21.9288L17.4605 13.6187C17.8505 13.2287 17.8505 12.5988 17.4605 12.2087L9.15048 3.89875C8.66048 3.40875 7.87048 3.40875 7.38048 3.89875C6.89048 4.38875 6.89048 5.17875 7.38048 5.66875L14.6205 12.9187L7.37048 20.1688C6.89048 20.6488 6.89048 21.4488 7.38048 21.9288Z\" fill=\"#007EE2\"\/><\/g><defs><clipPath id=\"clip0_3349_8828\"><rect width=\"24\" height=\"24\" fill=\"white\" transform=\"translate(0 0.917969)\"\/><\/clipPath><\/defs><\/svg><\/span>\t\t\t\t<\/a>\n\t\t\t<\/p>\n\t\t<\/div><!-- .entry-actions -->\n\t\t<\/footer><!-- .entry-footer -->\n\t<\/div>\n<\/article>\n<article class=\"entry content-bg loop-entry post-14047 post type-post status-publish format-standard has-post-thumbnail hentry category-france-fr tag-poll-2\">\n\t    <!-- toluna-thumbnail-ratio-1-1 -->\n\t\t<a class=\"post-thumbnail\" href=\"https:\/\/tolunacorporate.com\/fr\/barometre-dintentions-de-vote-aux-elections-europeennes-2024-vague-20\/\">\n\t\t\t<div class=\"post-thumbnail-inner\">\n\t\t\t\t<img decoding=\"async\" width=\"1024\" height=\"1024\" src=\"https:\/\/tolunacorporate.com\/wp-content\/uploads\/2025\/05\/Barometre-dintentions-de-vote-aux-elections-europeennes-2024-\u2013-Vague-20-1024x1024.png\" class=\"attachment-large size-large wp-post-image\" alt=\"Barom\u00e8tre d\u2019intentions de vote aux \u00e9lections europ\u00e9ennes 2024 \u2013 Vague 20\" srcset=\"https:\/\/tolunacorporate.com\/wp-content\/uploads\/2025\/05\/Barometre-dintentions-de-vote-aux-elections-europeennes-2024-\u2013-Vague-20-1024x1024.png 1024w, https:\/\/tolunacorporate.com\/wp-content\/uploads\/2025\/05\/Barometre-dintentions-de-vote-aux-elections-europeennes-2024-\u2013-Vague-20-300x300.png 300w, https:\/\/tolunacorporate.com\/wp-content\/uploads\/2025\/05\/Barometre-dintentions-de-vote-aux-elections-europeennes-2024-\u2013-Vague-20-150x150.png 150w, https:\/\/tolunacorporate.com\/wp-content\/uploads\/2025\/05\/Barometre-dintentions-de-vote-aux-elections-europeennes-2024-\u2013-Vague-20-768x768.png 768w, https:\/\/tolunacorporate.com\/wp-content\/uploads\/2025\/05\/Barometre-dintentions-de-vote-aux-elections-europeennes-2024-\u2013-Vague-20.png 1080w\" sizes=\"(max-width: 1024px) 100vw, 1024px\" style=\"width:100%;height:100%;max-width:1080px;\" \/>\t\t\t<\/div>\n\t\t<\/a><!-- .post-thumbnail -->\n\t\t\t<div class=\"entry-content-wrap\">\n\t\t<header class=\"entry-header\">\n\t\t<div class=\"entry-taxonomies\">\n\t\t\t\t\t\t<span class=\"posted-on\">\n\t\t\t\t\t<svg width=\"20\" height=\"22\" viewBox=\"0 0 20 22\" fill=\"none\" xmlns=\"http:\/\/www.w3.org\/2000\/svg\"><path d=\"M18 2H17V1C17 0.45 16.55 0 16 0C15.45 0 15 0.45 15 1V2H5V1C5 0.45 4.55 0 4 0C3.45 0 3 0.45 3 1V2H2C0.9 2 0 2.9 0 4V20C0 21.1 0.9 22 2 22H18C19.1 22 20 21.1 20 20V4C20 2.9 19.1 2 18 2ZM17 20H3C2.45 20 2 19.55 2 19V7H18V19C18 19.55 17.55 20 17 20Z\" fill=\"#007EE2\"\/><\/svg>\n\t\t\t\t\t<time class=\"entry-date published\" datetime=\"2024-06-06T23:24:09+02:00\">6 Juin 2024<\/time><time class=\"updated\" datetime=\"2025-05-10T23:04:55+02:00\">10 mai 2025<\/time>\t\t\t\t<\/span>\n\t\t\t\t<\/div><!-- .entry-taxonomies -->\n\t<h6 class=\"entry-title\"><a href=\"https:\/\/tolunacorporate.com\/fr\/barometre-dintentions-de-vote-aux-elections-europeennes-2024-vague-20\/\" rel=\"bookmark\">Barom\u00e8tre d\u2019intentions de vote aux \u00e9lections europ\u00e9ennes 2024 \u2013 Vague 20<\/a><\/h6><\/header><!-- .entry-header -->\n<footer class=\"entry-footer\">\n\t\t\t<div class=\"entry-actions\">\n\t\t\t<p class=\"more-link-wrap\">\n\t\t\t\t<a href=\"https:\/\/tolunacorporate.com\/fr\/barometre-dintentions-de-vote-aux-elections-europeennes-2024-vague-20\/\" class=\"post-more-link\">\n\t\t\t\t\tEN SAVOIR PLUS<span class=\"screen-reader-text\"> Barom\u00e8tre d\u2019intentions de vote aux \u00e9lections europ\u00e9ennes 2024 \u2013 Vague 20<\/span><span class=\"toluna-svg-iconset svg-baseline\"><svg width=\"24\" height=\"25\" viewBox=\"0 0 24 25\" fill=\"none\" xmlns=\"http:\/\/www.w3.org\/2000\/svg\"><g clip-path=\"url(#clip0_3349_8828)\"><path d=\"M7.38048 21.9288C7.87048 22.4188 8.66048 22.4188 9.15048 21.9288L17.4605 13.6187C17.8505 13.2287 17.8505 12.5988 17.4605 12.2087L9.15048 3.89875C8.66048 3.40875 7.87048 3.40875 7.38048 3.89875C6.89048 4.38875 6.89048 5.17875 7.38048 5.66875L14.6205 12.9187L7.37048 20.1688C6.89048 20.6488 6.89048 21.4488 7.38048 21.9288Z\" fill=\"#007EE2\"\/><\/g><defs><clipPath id=\"clip0_3349_8828\"><rect width=\"24\" height=\"24\" fill=\"white\" transform=\"translate(0 0.917969)\"\/><\/clipPath><\/defs><\/svg><\/span>\t\t\t\t<\/a>\n\t\t\t<\/p>\n\t\t<\/div><!-- .entry-actions -->\n\t\t<\/footer><!-- .entry-footer -->\n\t<\/div>\n<\/article>\n<article class=\"entry content-bg loop-entry post-14065 post type-post status-publish format-standard has-post-thumbnail hentry category-france-fr tag-poll-2\">\n\t    <!-- toluna-thumbnail-ratio-1-1 -->\n\t\t<a class=\"post-thumbnail\" href=\"https:\/\/tolunacorporate.com\/fr\/les-francais-et-les-paris-sportifs-dans-la-perspective-de-leuro-2024\/\">\n\t\t\t<div class=\"post-thumbnail-inner\">\n\t\t\t\t<img decoding=\"async\" width=\"1024\" height=\"1024\" src=\"https:\/\/tolunacorporate.com\/wp-content\/uploads\/2025\/05\/Les-Francais-et-les-paris-sportifs-dans-la-perspective-de-lEuro-2024-1024x1024.jpg\" class=\"attachment-large size-large wp-post-image\" alt=\"Les Fran\u00e7ais et les paris sportifs dans la perspective de l\u2019Euro 2024\" srcset=\"https:\/\/tolunacorporate.com\/wp-content\/uploads\/2025\/05\/Les-Francais-et-les-paris-sportifs-dans-la-perspective-de-lEuro-2024-1024x1024.jpg 1024w, https:\/\/tolunacorporate.com\/wp-content\/uploads\/2025\/05\/Les-Francais-et-les-paris-sportifs-dans-la-perspective-de-lEuro-2024-300x300.jpg 300w, https:\/\/tolunacorporate.com\/wp-content\/uploads\/2025\/05\/Les-Francais-et-les-paris-sportifs-dans-la-perspective-de-lEuro-2024-150x150.jpg 150w, https:\/\/tolunacorporate.com\/wp-content\/uploads\/2025\/05\/Les-Francais-et-les-paris-sportifs-dans-la-perspective-de-lEuro-2024-768x768.jpg 768w, https:\/\/tolunacorporate.com\/wp-content\/uploads\/2025\/05\/Les-Francais-et-les-paris-sportifs-dans-la-perspective-de-lEuro-2024-1536x1536.jpg 1536w, https:\/\/tolunacorporate.com\/wp-content\/uploads\/2025\/05\/Les-Francais-et-les-paris-sportifs-dans-la-perspective-de-lEuro-2024.jpg 1706w\" sizes=\"(max-width: 1024px) 100vw, 1024px\" style=\"width:100%;height:100%;max-width:1706px;\" \/>\t\t\t<\/div>\n\t\t<\/a><!-- .post-thumbnail -->\n\t\t\t<div class=\"entry-content-wrap\">\n\t\t<header class=\"entry-header\">\n\t\t<div class=\"entry-taxonomies\">\n\t\t\t\t\t\t<span class=\"posted-on\">\n\t\t\t\t\t<svg width=\"20\" height=\"22\" viewBox=\"0 0 20 22\" fill=\"none\" xmlns=\"http:\/\/www.w3.org\/2000\/svg\"><path d=\"M18 2H17V1C17 0.45 16.55 0 16 0C15.45 0 15 0.45 15 1V2H5V1C5 0.45 4.55 0 4 0C3.45 0 3 0.45 3 1V2H2C0.9 2 0 2.9 0 4V20C0 21.1 0.9 22 2 22H18C19.1 22 20 21.1 20 20V4C20 2.9 19.1 2 18 2ZM17 20H3C2.45 20 2 19.55 2 19V7H18V19C18 19.55 17.55 20 17 20Z\" fill=\"#007EE2\"\/><\/svg>\n\t\t\t\t\t<time class=\"entry-date published\" datetime=\"2024-06-05T23:28:08+02:00\">5 Juin 2024<\/time><time class=\"updated\" datetime=\"2025-05-10T23:07:02+02:00\">10 mai 2025<\/time>\t\t\t\t<\/span>\n\t\t\t\t<\/div><!-- .entry-taxonomies -->\n\t<h6 class=\"entry-title\"><a href=\"https:\/\/tolunacorporate.com\/fr\/les-francais-et-les-paris-sportifs-dans-la-perspective-de-leuro-2024\/\" rel=\"bookmark\">Les Fran\u00e7ais et les paris sportifs dans la perspective de l\u2019Euro 2024<\/a><\/h6><\/header><!-- .entry-header -->\n<footer class=\"entry-footer\">\n\t\t\t<div class=\"entry-actions\">\n\t\t\t<p class=\"more-link-wrap\">\n\t\t\t\t<a href=\"https:\/\/tolunacorporate.com\/fr\/les-francais-et-les-paris-sportifs-dans-la-perspective-de-leuro-2024\/\" class=\"post-more-link\">\n\t\t\t\t\tEN SAVOIR PLUS<span class=\"screen-reader-text\"> Les Fran\u00e7ais et les paris sportifs dans la perspective de l\u2019Euro 2024<\/span><span class=\"toluna-svg-iconset svg-baseline\"><svg width=\"24\" height=\"25\" viewBox=\"0 0 24 25\" fill=\"none\" xmlns=\"http:\/\/www.w3.org\/2000\/svg\"><g clip-path=\"url(#clip0_3349_8828)\"><path d=\"M7.38048 21.9288C7.87048 22.4188 8.66048 22.4188 9.15048 21.9288L17.4605 13.6187C17.8505 13.2287 17.8505 12.5988 17.4605 12.2087L9.15048 3.89875C8.66048 3.40875 7.87048 3.40875 7.38048 3.89875C6.89048 4.38875 6.89048 5.17875 7.38048 5.66875L14.6205 12.9187L7.37048 20.1688C6.89048 20.6488 6.89048 21.4488 7.38048 21.9288Z\" fill=\"#007EE2\"\/><\/g><defs><clipPath id=\"clip0_3349_8828\"><rect width=\"24\" height=\"24\" fill=\"white\" transform=\"translate(0 0.917969)\"\/><\/clipPath><\/defs><\/svg><\/span>\t\t\t\t<\/a>\n\t\t\t<\/p>\n\t\t<\/div><!-- .entry-actions -->\n\t\t<\/footer><!-- .entry-footer -->\n\t<\/div>\n<\/article>\n<article class=\"entry content-bg loop-entry post-14056 post type-post status-publish format-standard has-post-thumbnail hentry category-france-fr tag-poll-2\">\n\t    <!-- toluna-thumbnail-ratio-1-1 -->\n\t\t<a class=\"post-thumbnail\" href=\"https:\/\/tolunacorporate.com\/fr\/barometre-dintentions-de-vote-aux-elections-europeennes-2024-vague-19\/\">\n\t\t\t<div class=\"post-thumbnail-inner\">\n\t\t\t\t<img decoding=\"async\" width=\"1024\" height=\"1024\" src=\"https:\/\/tolunacorporate.com\/wp-content\/uploads\/2025\/05\/elections-europeennes-2024-\u2013-Vague-19-1024x1024.png\" class=\"attachment-large size-large wp-post-image\" alt=\"Barom\u00e8tre d\u2019intentions de vote aux \u00e9lections europ\u00e9ennes 2024 \u2013 Vague 19\" srcset=\"https:\/\/tolunacorporate.com\/wp-content\/uploads\/2025\/05\/elections-europeennes-2024-\u2013-Vague-19-1024x1024.png 1024w, https:\/\/tolunacorporate.com\/wp-content\/uploads\/2025\/05\/elections-europeennes-2024-\u2013-Vague-19-300x300.png 300w, https:\/\/tolunacorporate.com\/wp-content\/uploads\/2025\/05\/elections-europeennes-2024-\u2013-Vague-19-150x150.png 150w, https:\/\/tolunacorporate.com\/wp-content\/uploads\/2025\/05\/elections-europeennes-2024-\u2013-Vague-19-768x768.png 768w, https:\/\/tolunacorporate.com\/wp-content\/uploads\/2025\/05\/elections-europeennes-2024-\u2013-Vague-19.png 1080w\" sizes=\"(max-width: 1024px) 100vw, 1024px\" style=\"width:100%;height:100%;max-width:1080px;\" \/>\t\t\t<\/div>\n\t\t<\/a><!-- .post-thumbnail -->\n\t\t\t<div class=\"entry-content-wrap\">\n\t\t<header class=\"entry-header\">\n\t\t<div class=\"entry-taxonomies\">\n\t\t\t\t\t\t<span class=\"posted-on\">\n\t\t\t\t\t<svg width=\"20\" height=\"22\" viewBox=\"0 0 20 22\" fill=\"none\" xmlns=\"http:\/\/www.w3.org\/2000\/svg\"><path d=\"M18 2H17V1C17 0.45 16.55 0 16 0C15.45 0 15 0.45 15 1V2H5V1C5 0.45 4.55 0 4 0C3.45 0 3 0.45 3 1V2H2C0.9 2 0 2.9 0 4V20C0 21.1 0.9 22 2 22H18C19.1 22 20 21.1 20 20V4C20 2.9 19.1 2 18 2ZM17 20H3C2.45 20 2 19.55 2 19V7H18V19C18 19.55 17.55 20 17 20Z\" fill=\"#007EE2\"\/><\/svg>\n\t\t\t\t\t<time class=\"entry-date published\" datetime=\"2024-06-05T23:25:57+02:00\">5 Juin 2024<\/time><time class=\"updated\" datetime=\"2025-05-10T23:08:55+02:00\">10 mai 2025<\/time>\t\t\t\t<\/span>\n\t\t\t\t<\/div><!-- .entry-taxonomies -->\n\t<h6 class=\"entry-title\"><a href=\"https:\/\/tolunacorporate.com\/fr\/barometre-dintentions-de-vote-aux-elections-europeennes-2024-vague-19\/\" rel=\"bookmark\">Barom\u00e8tre d\u2019intentions de vote aux \u00e9lections europ\u00e9ennes 2024 \u2013 Vague 19<\/a><\/h6><\/header><!-- .entry-header -->\n<footer class=\"entry-footer\">\n\t\t\t<div class=\"entry-actions\">\n\t\t\t<p class=\"more-link-wrap\">\n\t\t\t\t<a href=\"https:\/\/tolunacorporate.com\/fr\/barometre-dintentions-de-vote-aux-elections-europeennes-2024-vague-19\/\" class=\"post-more-link\">\n\t\t\t\t\tEN SAVOIR PLUS<span class=\"screen-reader-text\"> Barom\u00e8tre d\u2019intentions de vote aux \u00e9lections europ\u00e9ennes 2024 \u2013 Vague 19<\/span><span class=\"toluna-svg-iconset svg-baseline\"><svg width=\"24\" height=\"25\" viewBox=\"0 0 24 25\" fill=\"none\" xmlns=\"http:\/\/www.w3.org\/2000\/svg\"><g clip-path=\"url(#clip0_3349_8828)\"><path d=\"M7.38048 21.9288C7.87048 22.4188 8.66048 22.4188 9.15048 21.9288L17.4605 13.6187C17.8505 13.2287 17.8505 12.5988 17.4605 12.2087L9.15048 3.89875C8.66048 3.40875 7.87048 3.40875 7.38048 3.89875C6.89048 4.38875 6.89048 5.17875 7.38048 5.66875L14.6205 12.9187L7.37048 20.1688C6.89048 20.6488 6.89048 21.4488 7.38048 21.9288Z\" fill=\"#007EE2\"\/><\/g><defs><clipPath id=\"clip0_3349_8828\"><rect width=\"24\" height=\"24\" fill=\"white\" transform=\"translate(0 0.917969)\"\/><\/clipPath><\/defs><\/svg><\/span>\t\t\t\t<\/a>\n\t\t\t<\/p>\n\t\t<\/div><!-- .entry-actions -->\n\t\t<\/footer><!-- .entry-footer -->\n\t<\/div>\n<\/article>\n<article class=\"entry content-bg loop-entry post-14074 post type-post status-publish format-standard has-post-thumbnail hentry category-france-fr tag-poll-2\">\n\t    <!-- toluna-thumbnail-ratio-1-1 -->\n\t\t<a class=\"post-thumbnail\" href=\"https:\/\/tolunacorporate.com\/fr\/barometre-dintentions-de-vote-aux-elections-europeennes-2024-vague-18\/\">\n\t\t\t<div class=\"post-thumbnail-inner\">\n\t\t\t\t<img decoding=\"async\" width=\"1024\" height=\"1024\" src=\"https:\/\/tolunacorporate.com\/wp-content\/uploads\/2025\/05\/elections-europeennes-2024-\u2013-Vague-18-1024x1024.png\" class=\"attachment-large size-large wp-post-image\" alt=\"Barom\u00e8tre d\u2019intentions de vote aux \u00e9lections europ\u00e9ennes 2024 \u2013 Vague 18\" srcset=\"https:\/\/tolunacorporate.com\/wp-content\/uploads\/2025\/05\/elections-europeennes-2024-\u2013-Vague-18-1024x1024.png 1024w, https:\/\/tolunacorporate.com\/wp-content\/uploads\/2025\/05\/elections-europeennes-2024-\u2013-Vague-18-300x300.png 300w, https:\/\/tolunacorporate.com\/wp-content\/uploads\/2025\/05\/elections-europeennes-2024-\u2013-Vague-18-150x150.png 150w, https:\/\/tolunacorporate.com\/wp-content\/uploads\/2025\/05\/elections-europeennes-2024-\u2013-Vague-18-768x768.png 768w, https:\/\/tolunacorporate.com\/wp-content\/uploads\/2025\/05\/elections-europeennes-2024-\u2013-Vague-18.png 1080w\" sizes=\"(max-width: 1024px) 100vw, 1024px\" style=\"width:100%;height:100%;max-width:1080px;\" \/>\t\t\t<\/div>\n\t\t<\/a><!-- .post-thumbnail -->\n\t\t\t<div class=\"entry-content-wrap\">\n\t\t<header class=\"entry-header\">\n\t\t<div class=\"entry-taxonomies\">\n\t\t\t\t\t\t<span class=\"posted-on\">\n\t\t\t\t\t<svg width=\"20\" height=\"22\" viewBox=\"0 0 20 22\" fill=\"none\" xmlns=\"http:\/\/www.w3.org\/2000\/svg\"><path d=\"M18 2H17V1C17 0.45 16.55 0 16 0C15.45 0 15 0.45 15 1V2H5V1C5 0.45 4.55 0 4 0C3.45 0 3 0.45 3 1V2H2C0.9 2 0 2.9 0 4V20C0 21.1 0.9 22 2 22H18C19.1 22 20 21.1 20 20V4C20 2.9 19.1 2 18 2ZM17 20H3C2.45 20 2 19.55 2 19V7H18V19C18 19.55 17.55 20 17 20Z\" fill=\"#007EE2\"\/><\/svg>\n\t\t\t\t\t<time class=\"entry-date published\" datetime=\"2024-06-04T23:30:05+02:00\">4 Juin 2024<\/time><time class=\"updated\" datetime=\"2025-05-10T23:11:04+02:00\">10 mai 2025<\/time>\t\t\t\t<\/span>\n\t\t\t\t<\/div><!-- .entry-taxonomies -->\n\t<h6 class=\"entry-title\"><a href=\"https:\/\/tolunacorporate.com\/fr\/barometre-dintentions-de-vote-aux-elections-europeennes-2024-vague-18\/\" rel=\"bookmark\">Barom\u00e8tre d\u2019intentions de vote aux \u00e9lections europ\u00e9ennes 2024 \u2013 Vague 18<\/a><\/h6><\/header><!-- .entry-header -->\n<footer class=\"entry-footer\">\n\t\t\t<div class=\"entry-actions\">\n\t\t\t<p class=\"more-link-wrap\">\n\t\t\t\t<a href=\"https:\/\/tolunacorporate.com\/fr\/barometre-dintentions-de-vote-aux-elections-europeennes-2024-vague-18\/\" class=\"post-more-link\">\n\t\t\t\t\tEN SAVOIR PLUS<span class=\"screen-reader-text\"> Barom\u00e8tre d\u2019intentions de vote aux \u00e9lections europ\u00e9ennes 2024 \u2013 Vague 18<\/span><span class=\"toluna-svg-iconset svg-baseline\"><svg width=\"24\" height=\"25\" viewBox=\"0 0 24 25\" fill=\"none\" xmlns=\"http:\/\/www.w3.org\/2000\/svg\"><g clip-path=\"url(#clip0_3349_8828)\"><path d=\"M7.38048 21.9288C7.87048 22.4188 8.66048 22.4188 9.15048 21.9288L17.4605 13.6187C17.8505 13.2287 17.8505 12.5988 17.4605 12.2087L9.15048 3.89875C8.66048 3.40875 7.87048 3.40875 7.38048 3.89875C6.89048 4.38875 6.89048 5.17875 7.38048 5.66875L14.6205 12.9187L7.37048 20.1688C6.89048 20.6488 6.89048 21.4488 7.38048 21.9288Z\" fill=\"#007EE2\"\/><\/g><defs><clipPath id=\"clip0_3349_8828\"><rect width=\"24\" height=\"24\" fill=\"white\" transform=\"translate(0 0.917969)\"\/><\/clipPath><\/defs><\/svg><\/span>\t\t\t\t<\/a>\n\t\t\t<\/p>\n\t\t<\/div><!-- .entry-actions -->\n\t\t<\/footer><!-- .entry-footer -->\n\t<\/div>\n<\/article>\n<article class=\"entry content-bg loop-entry post-14092 post type-post status-publish format-standard has-post-thumbnail hentry category-france-fr tag-poll-2\">\n\t    <!-- toluna-thumbnail-ratio-1-1 -->\n\t\t<a class=\"post-thumbnail\" href=\"https:\/\/tolunacorporate.com\/fr\/les-francais-et-lhebergement-pendant-les-competitions-sportives-estivales\/\">\n\t\t\t<div class=\"post-thumbnail-inner\">\n\t\t\t\t<img decoding=\"async\" width=\"1024\" height=\"1024\" src=\"https:\/\/tolunacorporate.com\/wp-content\/uploads\/2025\/05\/Les-Francais-et-lhebergement-pendant-les-competitions-sportives-estivales-1024x1024.jpg\" class=\"attachment-large size-large wp-post-image\" alt=\"Les Fran\u00e7ais et l\u2019h\u00e9bergement pendant les comp\u00e9titions sportives estivales\" srcset=\"https:\/\/tolunacorporate.com\/wp-content\/uploads\/2025\/05\/Les-Francais-et-lhebergement-pendant-les-competitions-sportives-estivales-1024x1024.jpg 1024w, https:\/\/tolunacorporate.com\/wp-content\/uploads\/2025\/05\/Les-Francais-et-lhebergement-pendant-les-competitions-sportives-estivales-300x300.jpg 300w, https:\/\/tolunacorporate.com\/wp-content\/uploads\/2025\/05\/Les-Francais-et-lhebergement-pendant-les-competitions-sportives-estivales-150x150.jpg 150w, https:\/\/tolunacorporate.com\/wp-content\/uploads\/2025\/05\/Les-Francais-et-lhebergement-pendant-les-competitions-sportives-estivales-768x768.jpg 768w, https:\/\/tolunacorporate.com\/wp-content\/uploads\/2025\/05\/Les-Francais-et-lhebergement-pendant-les-competitions-sportives-estivales-1536x1536.jpg 1536w, https:\/\/tolunacorporate.com\/wp-content\/uploads\/2025\/05\/Les-Francais-et-lhebergement-pendant-les-competitions-sportives-estivales.jpg 2048w\" sizes=\"(max-width: 1024px) 100vw, 1024px\" style=\"width:100%;height:100%;max-width:2048px;\" \/>\t\t\t<\/div>\n\t\t<\/a><!-- .post-thumbnail -->\n\t\t\t<div class=\"entry-content-wrap\">\n\t\t<header class=\"entry-header\">\n\t\t<div class=\"entry-taxonomies\">\n\t\t\t\t\t\t<span class=\"posted-on\">\n\t\t\t\t\t<svg width=\"20\" height=\"22\" viewBox=\"0 0 20 22\" fill=\"none\" xmlns=\"http:\/\/www.w3.org\/2000\/svg\"><path d=\"M18 2H17V1C17 0.45 16.55 0 16 0C15.45 0 15 0.45 15 1V2H5V1C5 0.45 4.55 0 4 0C3.45 0 3 0.45 3 1V2H2C0.9 2 0 2.9 0 4V20C0 21.1 0.9 22 2 22H18C19.1 22 20 21.1 20 20V4C20 2.9 19.1 2 18 2ZM17 20H3C2.45 20 2 19.55 2 19V7H18V19C18 19.55 17.55 20 17 20Z\" fill=\"#007EE2\"\/><\/svg>\n\t\t\t\t\t<time class=\"entry-date published\" datetime=\"2024-06-03T23:33:53+02:00\">3 Juin 2024<\/time><time class=\"updated\" datetime=\"2025-05-07T23:35:37+02:00\">7 mai 2025<\/time>\t\t\t\t<\/span>\n\t\t\t\t<\/div><!-- .entry-taxonomies -->\n\t<h6 class=\"entry-title\"><a href=\"https:\/\/tolunacorporate.com\/fr\/les-francais-et-lhebergement-pendant-les-competitions-sportives-estivales\/\" rel=\"bookmark\">Les Fran\u00e7ais et l\u2019h\u00e9bergement pendant les comp\u00e9titions sportives estivales<\/a><\/h6><\/header><!-- .entry-header -->\n<footer class=\"entry-footer\">\n\t\t\t<div class=\"entry-actions\">\n\t\t\t<p class=\"more-link-wrap\">\n\t\t\t\t<a href=\"https:\/\/tolunacorporate.com\/fr\/les-francais-et-lhebergement-pendant-les-competitions-sportives-estivales\/\" class=\"post-more-link\">\n\t\t\t\t\tEN SAVOIR PLUS<span class=\"screen-reader-text\"> Les Fran\u00e7ais et l\u2019h\u00e9bergement pendant les comp\u00e9titions sportives estivales<\/span><span class=\"toluna-svg-iconset svg-baseline\"><svg width=\"24\" height=\"25\" viewBox=\"0 0 24 25\" fill=\"none\" xmlns=\"http:\/\/www.w3.org\/2000\/svg\"><g clip-path=\"url(#clip0_3349_8828)\"><path d=\"M7.38048 21.9288C7.87048 22.4188 8.66048 22.4188 9.15048 21.9288L17.4605 13.6187C17.8505 13.2287 17.8505 12.5988 17.4605 12.2087L9.15048 3.89875C8.66048 3.40875 7.87048 3.40875 7.38048 3.89875C6.89048 4.38875 6.89048 5.17875 7.38048 5.66875L14.6205 12.9187L7.37048 20.1688C6.89048 20.6488 6.89048 21.4488 7.38048 21.9288Z\" fill=\"#007EE2\"\/><\/g><defs><clipPath id=\"clip0_3349_8828\"><rect width=\"24\" height=\"24\" fill=\"white\" transform=\"translate(0 0.917969)\"\/><\/clipPath><\/defs><\/svg><\/span>\t\t\t\t<\/a>\n\t\t\t<\/p>\n\t\t<\/div><!-- .entry-actions -->\n\t\t<\/footer><!-- .entry-footer -->\n\t<\/div>\n<\/article>\n<article class=\"entry content-bg loop-entry post-14083 post type-post status-publish format-standard has-post-thumbnail hentry category-france-fr tag-poll-2\">\n\t    <!-- toluna-thumbnail-ratio-1-1 -->\n\t\t<a class=\"post-thumbnail\" href=\"https:\/\/tolunacorporate.com\/fr\/barometre-dintentions-de-vote-aux-elections-europeennes-2024-vague-17\/\">\n\t\t\t<div class=\"post-thumbnail-inner\">\n\t\t\t\t<img decoding=\"async\" width=\"1024\" height=\"1024\" src=\"https:\/\/tolunacorporate.com\/wp-content\/uploads\/2025\/05\/elections-europeennes-2024-\u2013-Vague-17-1024x1024.png\" class=\"attachment-large size-large wp-post-image\" alt=\"Barom\u00e8tre d\u2019intentions de vote aux \u00e9lections europ\u00e9ennes 2024 \u2013 Vague 17\" srcset=\"https:\/\/tolunacorporate.com\/wp-content\/uploads\/2025\/05\/elections-europeennes-2024-\u2013-Vague-17-1024x1024.png 1024w, https:\/\/tolunacorporate.com\/wp-content\/uploads\/2025\/05\/elections-europeennes-2024-\u2013-Vague-17-300x300.png 300w, https:\/\/tolunacorporate.com\/wp-content\/uploads\/2025\/05\/elections-europeennes-2024-\u2013-Vague-17-150x150.png 150w, https:\/\/tolunacorporate.com\/wp-content\/uploads\/2025\/05\/elections-europeennes-2024-\u2013-Vague-17-768x768.png 768w, https:\/\/tolunacorporate.com\/wp-content\/uploads\/2025\/05\/elections-europeennes-2024-\u2013-Vague-17.png 1080w\" sizes=\"(max-width: 1024px) 100vw, 1024px\" style=\"width:100%;height:100%;max-width:1080px;\" \/>\t\t\t<\/div>\n\t\t<\/a><!-- .post-thumbnail -->\n\t\t\t<div class=\"entry-content-wrap\">\n\t\t<header class=\"entry-header\">\n\t\t<div class=\"entry-taxonomies\">\n\t\t\t\t\t\t<span class=\"posted-on\">\n\t\t\t\t\t<svg width=\"20\" height=\"22\" viewBox=\"0 0 20 22\" fill=\"none\" xmlns=\"http:\/\/www.w3.org\/2000\/svg\"><path d=\"M18 2H17V1C17 0.45 16.55 0 16 0C15.45 0 15 0.45 15 1V2H5V1C5 0.45 4.55 0 4 0C3.45 0 3 0.45 3 1V2H2C0.9 2 0 2.9 0 4V20C0 21.1 0.9 22 2 22H18C19.1 22 20 21.1 20 20V4C20 2.9 19.1 2 18 2ZM17 20H3C2.45 20 2 19.55 2 19V7H18V19C18 19.55 17.55 20 17 20Z\" fill=\"#007EE2\"\/><\/svg>\n\t\t\t\t\t<time class=\"entry-date published\" datetime=\"2024-06-03T23:32:00+02:00\">3 Juin 2024<\/time><time class=\"updated\" datetime=\"2025-05-10T23:13:59+02:00\">10 mai 2025<\/time>\t\t\t\t<\/span>\n\t\t\t\t<\/div><!-- .entry-taxonomies -->\n\t<h6 class=\"entry-title\"><a href=\"https:\/\/tolunacorporate.com\/fr\/barometre-dintentions-de-vote-aux-elections-europeennes-2024-vague-17\/\" rel=\"bookmark\">Barom\u00e8tre d\u2019intentions de vote aux \u00e9lections europ\u00e9ennes 2024 \u2013 Vague 17<\/a><\/h6><\/header><!-- .entry-header -->\n<footer class=\"entry-footer\">\n\t\t\t<div class=\"entry-actions\">\n\t\t\t<p class=\"more-link-wrap\">\n\t\t\t\t<a href=\"https:\/\/tolunacorporate.com\/fr\/barometre-dintentions-de-vote-aux-elections-europeennes-2024-vague-17\/\" class=\"post-more-link\">\n\t\t\t\t\tEN SAVOIR PLUS<span class=\"screen-reader-text\"> Barom\u00e8tre d\u2019intentions de vote aux \u00e9lections europ\u00e9ennes 2024 \u2013 Vague 17<\/span><span class=\"toluna-svg-iconset svg-baseline\"><svg width=\"24\" height=\"25\" viewBox=\"0 0 24 25\" fill=\"none\" xmlns=\"http:\/\/www.w3.org\/2000\/svg\"><g clip-path=\"url(#clip0_3349_8828)\"><path d=\"M7.38048 21.9288C7.87048 22.4188 8.66048 22.4188 9.15048 21.9288L17.4605 13.6187C17.8505 13.2287 17.8505 12.5988 17.4605 12.2087L9.15048 3.89875C8.66048 3.40875 7.87048 3.40875 7.38048 3.89875C6.89048 4.38875 6.89048 5.17875 7.38048 5.66875L14.6205 12.9187L7.37048 20.1688C6.89048 20.6488 6.89048 21.4488 7.38048 21.9288Z\" fill=\"#007EE2\"\/><\/g><defs><clipPath id=\"clip0_3349_8828\"><rect width=\"24\" height=\"24\" fill=\"white\" transform=\"translate(0 0.917969)\"\/><\/clipPath><\/defs><\/svg><\/span>\t\t\t\t<\/a>\n\t\t\t<\/p>\n\t\t<\/div><!-- .entry-actions -->\n\t\t<\/footer><!-- .entry-footer -->\n\t<\/div>\n<\/article>\n<article class=\"entry content-bg loop-entry post-14197 post type-post status-publish format-standard has-post-thumbnail hentry category-france-fr tag-poll-2\">\n\t    <!-- toluna-thumbnail-ratio-1-1 -->\n\t\t<a class=\"post-thumbnail\" href=\"https:\/\/tolunacorporate.com\/fr\/barometre-dintentions-de-vote-aux-elections-europeennes-2024-vague-16\/\">\n\t\t\t<div class=\"post-thumbnail-inner\">\n\t\t\t\t<img decoding=\"async\" width=\"293\" height=\"294\" src=\"https:\/\/tolunacorporate.com\/wp-content\/uploads\/2025\/05\/Barometre-dintentions-de-vote-aux-elections-europeennes-2024-\u2013-Vague-16.png\" class=\"attachment-large size-large wp-post-image\" alt=\"Barom\u00e8tre d\u2019intentions de vote aux \u00e9lections europ\u00e9ennes 2024 \u2013 Vague 16\" srcset=\"https:\/\/tolunacorporate.com\/wp-content\/uploads\/2025\/05\/Barometre-dintentions-de-vote-aux-elections-europeennes-2024-\u2013-Vague-16.png 293w, https:\/\/tolunacorporate.com\/wp-content\/uploads\/2025\/05\/Barometre-dintentions-de-vote-aux-elections-europeennes-2024-\u2013-Vague-16-150x150.png 150w\" sizes=\"(max-width: 293px) 100vw, 293px\" style=\"width:100%;height:100.34%;max-width:293px;\" \/>\t\t\t<\/div>\n\t\t<\/a><!-- .post-thumbnail -->\n\t\t\t<div class=\"entry-content-wrap\">\n\t\t<header class=\"entry-header\">\n\t\t<div class=\"entry-taxonomies\">\n\t\t\t\t\t\t<span class=\"posted-on\">\n\t\t\t\t\t<svg width=\"20\" height=\"22\" viewBox=\"0 0 20 22\" fill=\"none\" xmlns=\"http:\/\/www.w3.org\/2000\/svg\"><path d=\"M18 2H17V1C17 0.45 16.55 0 16 0C15.45 0 15 0.45 15 1V2H5V1C5 0.45 4.55 0 4 0C3.45 0 3 0.45 3 1V2H2C0.9 2 0 2.9 0 4V20C0 21.1 0.9 22 2 22H18C19.1 22 20 21.1 20 20V4C20 2.9 19.1 2 18 2ZM17 20H3C2.45 20 2 19.55 2 19V7H18V19C18 19.55 17.55 20 17 20Z\" fill=\"#007EE2\"\/><\/svg>\n\t\t\t\t\t<time class=\"entry-date published\" datetime=\"2024-05-31T02:48:15+02:00\">31 mai 2024<\/time><time class=\"updated\" datetime=\"2025-05-10T23:16:11+02:00\">10 mai 2025<\/time>\t\t\t\t<\/span>\n\t\t\t\t<\/div><!-- .entry-taxonomies -->\n\t<h6 class=\"entry-title\"><a href=\"https:\/\/tolunacorporate.com\/fr\/barometre-dintentions-de-vote-aux-elections-europeennes-2024-vague-16\/\" rel=\"bookmark\">Barom\u00e8tre d\u2019intentions de vote aux \u00e9lections europ\u00e9ennes 2024 \u2013 Vague 16<\/a><\/h6><\/header><!-- .entry-header -->\n<footer class=\"entry-footer\">\n\t\t\t<div class=\"entry-actions\">\n\t\t\t<p class=\"more-link-wrap\">\n\t\t\t\t<a href=\"https:\/\/tolunacorporate.com\/fr\/barometre-dintentions-de-vote-aux-elections-europeennes-2024-vague-16\/\" class=\"post-more-link\">\n\t\t\t\t\tEN SAVOIR PLUS<span class=\"screen-reader-text\"> Barom\u00e8tre d\u2019intentions de vote aux \u00e9lections europ\u00e9ennes 2024 \u2013 Vague 16<\/span><span class=\"toluna-svg-iconset svg-baseline\"><svg width=\"24\" height=\"25\" viewBox=\"0 0 24 25\" fill=\"none\" xmlns=\"http:\/\/www.w3.org\/2000\/svg\"><g clip-path=\"url(#clip0_3349_8828)\"><path d=\"M7.38048 21.9288C7.87048 22.4188 8.66048 22.4188 9.15048 21.9288L17.4605 13.6187C17.8505 13.2287 17.8505 12.5988 17.4605 12.2087L9.15048 3.89875C8.66048 3.40875 7.87048 3.40875 7.38048 3.89875C6.89048 4.38875 6.89048 5.17875 7.38048 5.66875L14.6205 12.9187L7.37048 20.1688C6.89048 20.6488 6.89048 21.4488 7.38048 21.9288Z\" fill=\"#007EE2\"\/><\/g><defs><clipPath id=\"clip0_3349_8828\"><rect width=\"24\" height=\"24\" fill=\"white\" transform=\"translate(0 0.917969)\"\/><\/clipPath><\/defs><\/svg><\/span>\t\t\t\t<\/a>\n\t\t\t<\/p>\n\t\t<\/div><!-- .entry-actions -->\n\t\t<\/footer><!-- .entry-footer -->\n\t<\/div>\n<\/article>\n<article class=\"entry content-bg loop-entry post-14188 post type-post status-publish format-standard has-post-thumbnail hentry category-france-fr tag-poll-2\">\n\t    <!-- toluna-thumbnail-ratio-1-1 -->\n\t\t<a class=\"post-thumbnail\" href=\"https:\/\/tolunacorporate.com\/fr\/barometre-de-confiance-politique-mai-2024\/\">\n\t\t\t<div class=\"post-thumbnail-inner\">\n\t\t\t\t<img decoding=\"async\" width=\"293\" height=\"294\" src=\"https:\/\/tolunacorporate.com\/wp-content\/uploads\/2025\/05\/Barometre-de-confiance-politique-\u2013-Mai-2024.png\" class=\"attachment-large size-large wp-post-image\" alt=\"Barom\u00e8tre de confiance politique \u2013 Mai 2024\" srcset=\"https:\/\/tolunacorporate.com\/wp-content\/uploads\/2025\/05\/Barometre-de-confiance-politique-\u2013-Mai-2024.png 293w, https:\/\/tolunacorporate.com\/wp-content\/uploads\/2025\/05\/Barometre-de-confiance-politique-\u2013-Mai-2024-150x150.png 150w\" sizes=\"(max-width: 293px) 100vw, 293px\" style=\"width:100%;height:100.34%;max-width:293px;\" \/>\t\t\t<\/div>\n\t\t<\/a><!-- .post-thumbnail -->\n\t\t\t<div class=\"entry-content-wrap\">\n\t\t<header class=\"entry-header\">\n\t\t<div class=\"entry-taxonomies\">\n\t\t\t\t\t\t<span class=\"posted-on\">\n\t\t\t\t\t<svg width=\"20\" height=\"22\" viewBox=\"0 0 20 22\" fill=\"none\" xmlns=\"http:\/\/www.w3.org\/2000\/svg\"><path d=\"M18 2H17V1C17 0.45 16.55 0 16 0C15.45 0 15 0.45 15 1V2H5V1C5 0.45 4.55 0 4 0C3.45 0 3 0.45 3 1V2H2C0.9 2 0 2.9 0 4V20C0 21.1 0.9 22 2 22H18C19.1 22 20 21.1 20 20V4C20 2.9 19.1 2 18 2ZM17 20H3C2.45 20 2 19.55 2 19V7H18V19C18 19.55 17.55 20 17 20Z\" fill=\"#007EE2\"\/><\/svg>\n\t\t\t\t\t<time class=\"entry-date published\" datetime=\"2024-05-31T02:43:20+02:00\">31 mai 2024<\/time><time class=\"updated\" datetime=\"2025-05-10T23:20:04+02:00\">10 mai 2025<\/time>\t\t\t\t<\/span>\n\t\t\t\t<\/div><!-- .entry-taxonomies -->\n\t<h6 class=\"entry-title\"><a href=\"https:\/\/tolunacorporate.com\/fr\/barometre-de-confiance-politique-mai-2024\/\" rel=\"bookmark\">Barom\u00e8tre de confiance politique \u2013 Mai 2024<\/a><\/h6><\/header><!-- .entry-header -->\n<footer class=\"entry-footer\">\n\t\t\t<div class=\"entry-actions\">\n\t\t\t<p class=\"more-link-wrap\">\n\t\t\t\t<a href=\"https:\/\/tolunacorporate.com\/fr\/barometre-de-confiance-politique-mai-2024\/\" class=\"post-more-link\">\n\t\t\t\t\tEN SAVOIR PLUS<span class=\"screen-reader-text\"> Barom\u00e8tre de confiance politique \u2013 Mai 2024<\/span><span class=\"toluna-svg-iconset svg-baseline\"><svg width=\"24\" height=\"25\" viewBox=\"0 0 24 25\" fill=\"none\" xmlns=\"http:\/\/www.w3.org\/2000\/svg\"><g clip-path=\"url(#clip0_3349_8828)\"><path d=\"M7.38048 21.9288C7.87048 22.4188 8.66048 22.4188 9.15048 21.9288L17.4605 13.6187C17.8505 13.2287 17.8505 12.5988 17.4605 12.2087L9.15048 3.89875C8.66048 3.40875 7.87048 3.40875 7.38048 3.89875C6.89048 4.38875 6.89048 5.17875 7.38048 5.66875L14.6205 12.9187L7.37048 20.1688C6.89048 20.6488 6.89048 21.4488 7.38048 21.9288Z\" fill=\"#007EE2\"\/><\/g><defs><clipPath id=\"clip0_3349_8828\"><rect width=\"24\" height=\"24\" fill=\"white\" transform=\"translate(0 0.917969)\"\/><\/clipPath><\/defs><\/svg><\/span>\t\t\t\t<\/a>\n\t\t\t<\/p>\n\t\t<\/div><!-- .entry-actions -->\n\t\t<\/footer><!-- .entry-footer -->\n\t<\/div>\n<\/article>\n<article class=\"entry content-bg loop-entry post-14206 post type-post status-publish format-standard has-post-thumbnail hentry category-france-fr tag-poll-2\">\n\t    <!-- toluna-thumbnail-ratio-1-1 -->\n\t\t<a class=\"post-thumbnail\" href=\"https:\/\/tolunacorporate.com\/fr\/barometre-dintentions-de-vote-aux-elections-europeennes-2024-vague-15\/\">\n\t\t\t<div class=\"post-thumbnail-inner\">\n\t\t\t\t<img decoding=\"async\" width=\"293\" height=\"294\" src=\"https:\/\/tolunacorporate.com\/wp-content\/uploads\/2025\/05\/Barometre-dintentions-de-vote-aux-elections-europeennes-2024-\u2013-Vague-15.png\" class=\"attachment-large size-large wp-post-image\" alt=\"Barom\u00e8tre d\u2019intentions de vote aux \u00e9lections europ\u00e9ennes 2024 \u2013 Vague 15\" srcset=\"https:\/\/tolunacorporate.com\/wp-content\/uploads\/2025\/05\/Barometre-dintentions-de-vote-aux-elections-europeennes-2024-\u2013-Vague-15.png 293w, https:\/\/tolunacorporate.com\/wp-content\/uploads\/2025\/05\/Barometre-dintentions-de-vote-aux-elections-europeennes-2024-\u2013-Vague-15-150x150.png 150w\" sizes=\"(max-width: 293px) 100vw, 293px\" style=\"width:100%;height:100.34%;max-width:293px;\" \/>\t\t\t<\/div>\n\t\t<\/a><!-- .post-thumbnail -->\n\t\t\t<div class=\"entry-content-wrap\">\n\t\t<header class=\"entry-header\">\n\t\t<div class=\"entry-taxonomies\">\n\t\t\t\t\t\t<span class=\"posted-on\">\n\t\t\t\t\t<svg width=\"20\" height=\"22\" viewBox=\"0 0 20 22\" fill=\"none\" xmlns=\"http:\/\/www.w3.org\/2000\/svg\"><path d=\"M18 2H17V1C17 0.45 16.55 0 16 0C15.45 0 15 0.45 15 1V2H5V1C5 0.45 4.55 0 4 0C3.45 0 3 0.45 3 1V2H2C0.9 2 0 2.9 0 4V20C0 21.1 0.9 22 2 22H18C19.1 22 20 21.1 20 20V4C20 2.9 19.1 2 18 2ZM17 20H3C2.45 20 2 19.55 2 19V7H18V19C18 19.55 17.55 20 17 20Z\" fill=\"#007EE2\"\/><\/svg>\n\t\t\t\t\t<time class=\"entry-date published\" datetime=\"2024-05-30T02:56:40+02:00\">30 mai 2024<\/time><time class=\"updated\" datetime=\"2025-05-10T23:22:51+02:00\">10 mai 2025<\/time>\t\t\t\t<\/span>\n\t\t\t\t<\/div><!-- .entry-taxonomies -->\n\t<h6 class=\"entry-title\"><a href=\"https:\/\/tolunacorporate.com\/fr\/barometre-dintentions-de-vote-aux-elections-europeennes-2024-vague-15\/\" rel=\"bookmark\">Barom\u00e8tre d\u2019intentions de vote aux \u00e9lections europ\u00e9ennes 2024 \u2013 Vague 15<\/a><\/h6><\/header><!-- .entry-header -->\n<footer class=\"entry-footer\">\n\t\t\t<div class=\"entry-actions\">\n\t\t\t<p class=\"more-link-wrap\">\n\t\t\t\t<a href=\"https:\/\/tolunacorporate.com\/fr\/barometre-dintentions-de-vote-aux-elections-europeennes-2024-vague-15\/\" class=\"post-more-link\">\n\t\t\t\t\tEN SAVOIR PLUS<span class=\"screen-reader-text\"> Barom\u00e8tre d\u2019intentions de vote aux \u00e9lections europ\u00e9ennes 2024 \u2013 Vague 15<\/span><span class=\"toluna-svg-iconset svg-baseline\"><svg width=\"24\" height=\"25\" viewBox=\"0 0 24 25\" fill=\"none\" xmlns=\"http:\/\/www.w3.org\/2000\/svg\"><g clip-path=\"url(#clip0_3349_8828)\"><path d=\"M7.38048 21.9288C7.87048 22.4188 8.66048 22.4188 9.15048 21.9288L17.4605 13.6187C17.8505 13.2287 17.8505 12.5988 17.4605 12.2087L9.15048 3.89875C8.66048 3.40875 7.87048 3.40875 7.38048 3.89875C6.89048 4.38875 6.89048 5.17875 7.38048 5.66875L14.6205 12.9187L7.37048 20.1688C6.89048 20.6488 6.89048 21.4488 7.38048 21.9288Z\" fill=\"#007EE2\"\/><\/g><defs><clipPath id=\"clip0_3349_8828\"><rect width=\"24\" height=\"24\" fill=\"white\" transform=\"translate(0 0.917969)\"\/><\/clipPath><\/defs><\/svg><\/span>\t\t\t\t<\/a>\n\t\t\t<\/p>\n\t\t<\/div><!-- .entry-actions -->\n\t\t<\/footer><!-- .entry-footer -->\n\t<\/div>\n<\/article>\n<article class=\"entry content-bg loop-entry post-14224 post type-post status-publish format-standard has-post-thumbnail hentry category-france-fr tag-poll-2\">\n\t    <!-- toluna-thumbnail-ratio-1-1 -->\n\t\t<a class=\"post-thumbnail\" href=\"https:\/\/tolunacorporate.com\/fr\/barometre-dintentions-de-vote-aux-elections-europeennes-2024-vague-14\/\">\n\t\t\t<div class=\"post-thumbnail-inner\">\n\t\t\t\t<img decoding=\"async\" width=\"293\" height=\"294\" src=\"https:\/\/tolunacorporate.com\/wp-content\/uploads\/2025\/05\/Barometre-dintentions-de-vote-aux-elections-europeennes-2024-\u2013-Vague-14.png\" class=\"attachment-large size-large wp-post-image\" alt=\"Barom\u00e8tre d\u2019intentions de vote aux \u00e9lections europ\u00e9ennes 2024 \u2013 Vague 14\" srcset=\"https:\/\/tolunacorporate.com\/wp-content\/uploads\/2025\/05\/Barometre-dintentions-de-vote-aux-elections-europeennes-2024-\u2013-Vague-14.png 293w, https:\/\/tolunacorporate.com\/wp-content\/uploads\/2025\/05\/Barometre-dintentions-de-vote-aux-elections-europeennes-2024-\u2013-Vague-14-150x150.png 150w\" sizes=\"(max-width: 293px) 100vw, 293px\" style=\"width:100%;height:100.34%;max-width:293px;\" \/>\t\t\t<\/div>\n\t\t<\/a><!-- .post-thumbnail -->\n\t\t\t<div class=\"entry-content-wrap\">\n\t\t<header class=\"entry-header\">\n\t\t<div class=\"entry-taxonomies\">\n\t\t\t\t\t\t<span class=\"posted-on\">\n\t\t\t\t\t<svg width=\"20\" height=\"22\" viewBox=\"0 0 20 22\" fill=\"none\" xmlns=\"http:\/\/www.w3.org\/2000\/svg\"><path d=\"M18 2H17V1C17 0.45 16.55 0 16 0C15.45 0 15 0.45 15 1V2H5V1C5 0.45 4.55 0 4 0C3.45 0 3 0.45 3 1V2H2C0.9 2 0 2.9 0 4V20C0 21.1 0.9 22 2 22H18C19.1 22 20 21.1 20 20V4C20 2.9 19.1 2 18 2ZM17 20H3C2.45 20 2 19.55 2 19V7H18V19C18 19.55 17.55 20 17 20Z\" fill=\"#007EE2\"\/><\/svg>\n\t\t\t\t\t<time class=\"entry-date published\" datetime=\"2024-05-29T03:03:11+02:00\">29 mai 2024<\/time><time class=\"updated\" datetime=\"2025-05-10T23:24:12+02:00\">10 mai 2025<\/time>\t\t\t\t<\/span>\n\t\t\t\t<\/div><!-- .entry-taxonomies -->\n\t<h6 class=\"entry-title\"><a href=\"https:\/\/tolunacorporate.com\/fr\/barometre-dintentions-de-vote-aux-elections-europeennes-2024-vague-14\/\" rel=\"bookmark\">Barom\u00e8tre d\u2019intentions de vote aux \u00e9lections europ\u00e9ennes 2024 \u2013 Vague 14<\/a><\/h6><\/header><!-- .entry-header -->\n<footer class=\"entry-footer\">\n\t\t\t<div class=\"entry-actions\">\n\t\t\t<p class=\"more-link-wrap\">\n\t\t\t\t<a href=\"https:\/\/tolunacorporate.com\/fr\/barometre-dintentions-de-vote-aux-elections-europeennes-2024-vague-14\/\" class=\"post-more-link\">\n\t\t\t\t\tEN SAVOIR PLUS<span class=\"screen-reader-text\"> Barom\u00e8tre d\u2019intentions de vote aux \u00e9lections europ\u00e9ennes 2024 \u2013 Vague 14<\/span><span class=\"toluna-svg-iconset svg-baseline\"><svg width=\"24\" height=\"25\" viewBox=\"0 0 24 25\" fill=\"none\" xmlns=\"http:\/\/www.w3.org\/2000\/svg\"><g clip-path=\"url(#clip0_3349_8828)\"><path d=\"M7.38048 21.9288C7.87048 22.4188 8.66048 22.4188 9.15048 21.9288L17.4605 13.6187C17.8505 13.2287 17.8505 12.5988 17.4605 12.2087L9.15048 3.89875C8.66048 3.40875 7.87048 3.40875 7.38048 3.89875C6.89048 4.38875 6.89048 5.17875 7.38048 5.66875L14.6205 12.9187L7.37048 20.1688C6.89048 20.6488 6.89048 21.4488 7.38048 21.9288Z\" fill=\"#007EE2\"\/><\/g><defs><clipPath id=\"clip0_3349_8828\"><rect width=\"24\" height=\"24\" fill=\"white\" transform=\"translate(0 0.917969)\"\/><\/clipPath><\/defs><\/svg><\/span>\t\t\t\t<\/a>\n\t\t\t<\/p>\n\t\t<\/div><!-- .entry-actions -->\n\t\t<\/footer><!-- .entry-footer -->\n\t<\/div>\n<\/article>\n<article class=\"entry content-bg loop-entry post-14215 post type-post status-publish format-standard has-post-thumbnail hentry category-france-fr tag-poll-2\">\n\t    <!-- toluna-thumbnail-ratio-1-1 -->\n\t\t<a class=\"post-thumbnail\" href=\"https:\/\/tolunacorporate.com\/fr\/credibilite-en-matiere-de-politique-economique-et-positionnement-sur-la-construction-europeenne-des-principales-listes\/\">\n\t\t\t<div class=\"post-thumbnail-inner\">\n\t\t\t\t<img decoding=\"async\" width=\"293\" height=\"294\" src=\"https:\/\/tolunacorporate.com\/wp-content\/uploads\/2025\/05\/Credibilite-en-matiere-de-politique-economique-et-positionnement-sur-la-construction-europeenne-des-principales-listes.png\" class=\"attachment-large size-large wp-post-image\" alt=\"Cr\u00e9dibilit\u00e9 en mati\u00e8re de politique \u00e9conomique et positionnement sur la construction europ\u00e9enne des principales listes\" srcset=\"https:\/\/tolunacorporate.com\/wp-content\/uploads\/2025\/05\/Credibilite-en-matiere-de-politique-economique-et-positionnement-sur-la-construction-europeenne-des-principales-listes.png 293w, https:\/\/tolunacorporate.com\/wp-content\/uploads\/2025\/05\/Credibilite-en-matiere-de-politique-economique-et-positionnement-sur-la-construction-europeenne-des-principales-listes-150x150.png 150w\" sizes=\"(max-width: 293px) 100vw, 293px\" style=\"width:100%;height:100.34%;max-width:293px;\" \/>\t\t\t<\/div>\n\t\t<\/a><!-- .post-thumbnail -->\n\t\t\t<div class=\"entry-content-wrap\">\n\t\t<header class=\"entry-header\">\n\t\t<div class=\"entry-taxonomies\">\n\t\t\t\t\t\t<span class=\"posted-on\">\n\t\t\t\t\t<svg width=\"20\" height=\"22\" viewBox=\"0 0 20 22\" fill=\"none\" xmlns=\"http:\/\/www.w3.org\/2000\/svg\"><path d=\"M18 2H17V1C17 0.45 16.55 0 16 0C15.45 0 15 0.45 15 1V2H5V1C5 0.45 4.55 0 4 0C3.45 0 3 0.45 3 1V2H2C0.9 2 0 2.9 0 4V20C0 21.1 0.9 22 2 22H18C19.1 22 20 21.1 20 20V4C20 2.9 19.1 2 18 2ZM17 20H3C2.45 20 2 19.55 2 19V7H18V19C18 19.55 17.55 20 17 20Z\" fill=\"#007EE2\"\/><\/svg>\n\t\t\t\t\t<time class=\"entry-date published\" datetime=\"2024-05-29T02:59:59+02:00\">29 mai 2024<\/time><time class=\"updated\" datetime=\"2025-05-10T23:26:29+02:00\">10 mai 2025<\/time>\t\t\t\t<\/span>\n\t\t\t\t<\/div><!-- .entry-taxonomies -->\n\t<h6 class=\"entry-title\"><a href=\"https:\/\/tolunacorporate.com\/fr\/credibilite-en-matiere-de-politique-economique-et-positionnement-sur-la-construction-europeenne-des-principales-listes\/\" rel=\"bookmark\">Cr\u00e9dibilit\u00e9 en mati\u00e8re de politique \u00e9conomique et positionnement sur la construction europ\u00e9enne des principales listes<\/a><\/h6><\/header><!-- .entry-header -->\n<footer class=\"entry-footer\">\n\t\t\t<div class=\"entry-actions\">\n\t\t\t<p class=\"more-link-wrap\">\n\t\t\t\t<a href=\"https:\/\/tolunacorporate.com\/fr\/credibilite-en-matiere-de-politique-economique-et-positionnement-sur-la-construction-europeenne-des-principales-listes\/\" class=\"post-more-link\">\n\t\t\t\t\tEN SAVOIR PLUS<span class=\"screen-reader-text\"> Cr\u00e9dibilit\u00e9 en mati\u00e8re de politique \u00e9conomique et positionnement sur la construction europ\u00e9enne des principales listes<\/span><span class=\"toluna-svg-iconset svg-baseline\"><svg width=\"24\" height=\"25\" viewBox=\"0 0 24 25\" fill=\"none\" xmlns=\"http:\/\/www.w3.org\/2000\/svg\"><g clip-path=\"url(#clip0_3349_8828)\"><path d=\"M7.38048 21.9288C7.87048 22.4188 8.66048 22.4188 9.15048 21.9288L17.4605 13.6187C17.8505 13.2287 17.8505 12.5988 17.4605 12.2087L9.15048 3.89875C8.66048 3.40875 7.87048 3.40875 7.38048 3.89875C6.89048 4.38875 6.89048 5.17875 7.38048 5.66875L14.6205 12.9187L7.37048 20.1688C6.89048 20.6488 6.89048 21.4488 7.38048 21.9288Z\" fill=\"#007EE2\"\/><\/g><defs><clipPath id=\"clip0_3349_8828\"><rect width=\"24\" height=\"24\" fill=\"white\" transform=\"translate(0 0.917969)\"\/><\/clipPath><\/defs><\/svg><\/span>\t\t\t\t<\/a>\n\t\t\t<\/p>\n\t\t<\/div><!-- .entry-actions -->\n\t\t<\/footer><!-- .entry-footer -->\n\t<\/div>\n<\/article>\n<article class=\"entry content-bg loop-entry post-14242 post type-post status-publish format-standard has-post-thumbnail hentry category-france-fr tag-poll-2\">\n\t    <!-- toluna-thumbnail-ratio-1-1 -->\n\t\t<a class=\"post-thumbnail\" href=\"https:\/\/tolunacorporate.com\/fr\/barometre-dintentions-de-vote-aux-elections-europeennes-2024-vague-13\/\">\n\t\t\t<div class=\"post-thumbnail-inner\">\n\t\t\t\t<img decoding=\"async\" width=\"293\" height=\"294\" src=\"https:\/\/tolunacorporate.com\/wp-content\/uploads\/2025\/05\/Barometre-dintentions-de-vote-aux-elections-europeennes-2024-\u2013-Vague-13.png\" class=\"attachment-large size-large wp-post-image\" alt=\"Barom\u00e8tre d\u2019intentions de vote aux \u00e9lections europ\u00e9ennes 2024 \u2013 Vague 13\" srcset=\"https:\/\/tolunacorporate.com\/wp-content\/uploads\/2025\/05\/Barometre-dintentions-de-vote-aux-elections-europeennes-2024-\u2013-Vague-13.png 293w, https:\/\/tolunacorporate.com\/wp-content\/uploads\/2025\/05\/Barometre-dintentions-de-vote-aux-elections-europeennes-2024-\u2013-Vague-13-150x150.png 150w\" sizes=\"(max-width: 293px) 100vw, 293px\" style=\"width:100%;height:100.34%;max-width:293px;\" \/>\t\t\t<\/div>\n\t\t<\/a><!-- .post-thumbnail -->\n\t\t\t<div class=\"entry-content-wrap\">\n\t\t<header class=\"entry-header\">\n\t\t<div class=\"entry-taxonomies\">\n\t\t\t\t\t\t<span class=\"posted-on\">\n\t\t\t\t\t<svg width=\"20\" height=\"22\" viewBox=\"0 0 20 22\" fill=\"none\" xmlns=\"http:\/\/www.w3.org\/2000\/svg\"><path d=\"M18 2H17V1C17 0.45 16.55 0 16 0C15.45 0 15 0.45 15 1V2H5V1C5 0.45 4.55 0 4 0C3.45 0 3 0.45 3 1V2H2C0.9 2 0 2.9 0 4V20C0 21.1 0.9 22 2 22H18C19.1 22 20 21.1 20 20V4C20 2.9 19.1 2 18 2ZM17 20H3C2.45 20 2 19.55 2 19V7H18V19C18 19.55 17.55 20 17 20Z\" fill=\"#007EE2\"\/><\/svg>\n\t\t\t\t\t<time class=\"entry-date published\" datetime=\"2024-05-28T03:11:53+02:00\">28 mai 2024<\/time><time class=\"updated\" datetime=\"2025-05-10T23:27:55+02:00\">10 mai 2025<\/time>\t\t\t\t<\/span>\n\t\t\t\t<\/div><!-- .entry-taxonomies -->\n\t<h6 class=\"entry-title\"><a href=\"https:\/\/tolunacorporate.com\/fr\/barometre-dintentions-de-vote-aux-elections-europeennes-2024-vague-13\/\" rel=\"bookmark\">Barom\u00e8tre d\u2019intentions de vote aux \u00e9lections europ\u00e9ennes 2024 \u2013 Vague 13<\/a><\/h6><\/header><!-- .entry-header -->\n<footer class=\"entry-footer\">\n\t\t\t<div class=\"entry-actions\">\n\t\t\t<p class=\"more-link-wrap\">\n\t\t\t\t<a href=\"https:\/\/tolunacorporate.com\/fr\/barometre-dintentions-de-vote-aux-elections-europeennes-2024-vague-13\/\" class=\"post-more-link\">\n\t\t\t\t\tEN SAVOIR PLUS<span class=\"screen-reader-text\"> Barom\u00e8tre d\u2019intentions de vote aux \u00e9lections europ\u00e9ennes 2024 \u2013 Vague 13<\/span><span class=\"toluna-svg-iconset svg-baseline\"><svg width=\"24\" height=\"25\" viewBox=\"0 0 24 25\" fill=\"none\" xmlns=\"http:\/\/www.w3.org\/2000\/svg\"><g clip-path=\"url(#clip0_3349_8828)\"><path d=\"M7.38048 21.9288C7.87048 22.4188 8.66048 22.4188 9.15048 21.9288L17.4605 13.6187C17.8505 13.2287 17.8505 12.5988 17.4605 12.2087L9.15048 3.89875C8.66048 3.40875 7.87048 3.40875 7.38048 3.89875C6.89048 4.38875 6.89048 5.17875 7.38048 5.66875L14.6205 12.9187L7.37048 20.1688C6.89048 20.6488 6.89048 21.4488 7.38048 21.9288Z\" fill=\"#007EE2\"\/><\/g><defs><clipPath id=\"clip0_3349_8828\"><rect width=\"24\" height=\"24\" fill=\"white\" transform=\"translate(0 0.917969)\"\/><\/clipPath><\/defs><\/svg><\/span>\t\t\t\t<\/a>\n\t\t\t<\/p>\n\t\t<\/div><!-- .entry-actions -->\n\t\t<\/footer><!-- .entry-footer -->\n\t<\/div>\n<\/article>\n<article class=\"entry content-bg loop-entry post-14251 post type-post status-publish format-standard has-post-thumbnail hentry category-france-fr tag-poll-2\">\n\t    <!-- toluna-thumbnail-ratio-1-1 -->\n\t\t<a class=\"post-thumbnail\" href=\"https:\/\/tolunacorporate.com\/fr\/barometre-dintentions-de-vote-aux-elections-europeennes-2024-vague-12\/\">\n\t\t\t<div class=\"post-thumbnail-inner\">\n\t\t\t\t<img decoding=\"async\" width=\"293\" height=\"294\" src=\"https:\/\/tolunacorporate.com\/wp-content\/uploads\/2025\/05\/Barometre-dintentions-de-vote-aux-elections-europeennes-2024-\u2013-Vague-12.png\" class=\"attachment-large size-large wp-post-image\" alt=\"Barom\u00e8tre d\u2019intentions de vote aux \u00e9lections europ\u00e9ennes 2024 \u2013 Vague 12\" srcset=\"https:\/\/tolunacorporate.com\/wp-content\/uploads\/2025\/05\/Barometre-dintentions-de-vote-aux-elections-europeennes-2024-\u2013-Vague-12.png 293w, https:\/\/tolunacorporate.com\/wp-content\/uploads\/2025\/05\/Barometre-dintentions-de-vote-aux-elections-europeennes-2024-\u2013-Vague-12-150x150.png 150w\" sizes=\"(max-width: 293px) 100vw, 293px\" style=\"width:100%;height:100.34%;max-width:293px;\" \/>\t\t\t<\/div>\n\t\t<\/a><!-- .post-thumbnail -->\n\t\t\t<div class=\"entry-content-wrap\">\n\t\t<header class=\"entry-header\">\n\t\t<div class=\"entry-taxonomies\">\n\t\t\t\t\t\t<span class=\"posted-on\">\n\t\t\t\t\t<svg width=\"20\" height=\"22\" viewBox=\"0 0 20 22\" fill=\"none\" xmlns=\"http:\/\/www.w3.org\/2000\/svg\"><path d=\"M18 2H17V1C17 0.45 16.55 0 16 0C15.45 0 15 0.45 15 1V2H5V1C5 0.45 4.55 0 4 0C3.45 0 3 0.45 3 1V2H2C0.9 2 0 2.9 0 4V20C0 21.1 0.9 22 2 22H18C19.1 22 20 21.1 20 20V4C20 2.9 19.1 2 18 2ZM17 20H3C2.45 20 2 19.55 2 19V7H18V19C18 19.55 17.55 20 17 20Z\" fill=\"#007EE2\"\/><\/svg>\n\t\t\t\t\t<time class=\"entry-date published\" datetime=\"2024-05-27T03:16:34+02:00\">27 mai 2024<\/time><time class=\"updated\" datetime=\"2025-05-10T23:29:04+02:00\">10 mai 2025<\/time>\t\t\t\t<\/span>\n\t\t\t\t<\/div><!-- .entry-taxonomies -->\n\t<h6 class=\"entry-title\"><a href=\"https:\/\/tolunacorporate.com\/fr\/barometre-dintentions-de-vote-aux-elections-europeennes-2024-vague-12\/\" rel=\"bookmark\">Barom\u00e8tre d\u2019intentions de vote aux \u00e9lections europ\u00e9ennes 2024 \u2013 Vague 12<\/a><\/h6><\/header><!-- .entry-header -->\n<footer class=\"entry-footer\">\n\t\t\t<div class=\"entry-actions\">\n\t\t\t<p class=\"more-link-wrap\">\n\t\t\t\t<a href=\"https:\/\/tolunacorporate.com\/fr\/barometre-dintentions-de-vote-aux-elections-europeennes-2024-vague-12\/\" class=\"post-more-link\">\n\t\t\t\t\tEN SAVOIR PLUS<span class=\"screen-reader-text\"> Barom\u00e8tre d\u2019intentions de vote aux \u00e9lections europ\u00e9ennes 2024 \u2013 Vague 12<\/span><span class=\"toluna-svg-iconset svg-baseline\"><svg width=\"24\" height=\"25\" viewBox=\"0 0 24 25\" fill=\"none\" xmlns=\"http:\/\/www.w3.org\/2000\/svg\"><g clip-path=\"url(#clip0_3349_8828)\"><path d=\"M7.38048 21.9288C7.87048 22.4188 8.66048 22.4188 9.15048 21.9288L17.4605 13.6187C17.8505 13.2287 17.8505 12.5988 17.4605 12.2087L9.15048 3.89875C8.66048 3.40875 7.87048 3.40875 7.38048 3.89875C6.89048 4.38875 6.89048 5.17875 7.38048 5.66875L14.6205 12.9187L7.37048 20.1688C6.89048 20.6488 6.89048 21.4488 7.38048 21.9288Z\" fill=\"#007EE2\"\/><\/g><defs><clipPath id=\"clip0_3349_8828\"><rect width=\"24\" height=\"24\" fill=\"white\" transform=\"translate(0 0.917969)\"\/><\/clipPath><\/defs><\/svg><\/span>\t\t\t\t<\/a>\n\t\t\t<\/p>\n\t\t<\/div><!-- .entry-actions -->\n\t\t<\/footer><!-- .entry-footer -->\n\t<\/div>\n<\/article>\n<article class=\"entry content-bg loop-entry post-14260 post type-post status-publish format-standard has-post-thumbnail hentry category-france-fr tag-poll-2\">\n\t    <!-- toluna-thumbnail-ratio-1-1 -->\n\t\t<a class=\"post-thumbnail\" href=\"https:\/\/tolunacorporate.com\/fr\/barometre-dintentions-de-vote-aux-elections-europeennes-2024-vague-11\/\">\n\t\t\t<div class=\"post-thumbnail-inner\">\n\t\t\t\t<img decoding=\"async\" width=\"293\" height=\"294\" src=\"https:\/\/tolunacorporate.com\/wp-content\/uploads\/2025\/05\/Barometre-dintentions-de-vote-aux-elections-europeennes-2024-\u2013-Vague-11.png\" class=\"attachment-large size-large wp-post-image\" alt=\"Barom\u00e8tre d\u2019intentions de vote aux \u00e9lections europ\u00e9ennes 2024 \u2013 Vague 11\" srcset=\"https:\/\/tolunacorporate.com\/wp-content\/uploads\/2025\/05\/Barometre-dintentions-de-vote-aux-elections-europeennes-2024-\u2013-Vague-11.png 293w, https:\/\/tolunacorporate.com\/wp-content\/uploads\/2025\/05\/Barometre-dintentions-de-vote-aux-elections-europeennes-2024-\u2013-Vague-11-150x150.png 150w\" sizes=\"(max-width: 293px) 100vw, 293px\" style=\"width:100%;height:100.34%;max-width:293px;\" \/>\t\t\t<\/div>\n\t\t<\/a><!-- .post-thumbnail -->\n\t\t\t<div class=\"entry-content-wrap\">\n\t\t<header class=\"entry-header\">\n\t\t<div class=\"entry-taxonomies\">\n\t\t\t\t\t\t<span class=\"posted-on\">\n\t\t\t\t\t<svg width=\"20\" height=\"22\" viewBox=\"0 0 20 22\" fill=\"none\" xmlns=\"http:\/\/www.w3.org\/2000\/svg\"><path d=\"M18 2H17V1C17 0.45 16.55 0 16 0C15.45 0 15 0.45 15 1V2H5V1C5 0.45 4.55 0 4 0C3.45 0 3 0.45 3 1V2H2C0.9 2 0 2.9 0 4V20C0 21.1 0.9 22 2 22H18C19.1 22 20 21.1 20 20V4C20 2.9 19.1 2 18 2ZM17 20H3C2.45 20 2 19.55 2 19V7H18V19C18 19.55 17.55 20 17 20Z\" fill=\"#007EE2\"\/><\/svg>\n\t\t\t\t\t<time class=\"entry-date published\" datetime=\"2024-05-22T03:19:05+02:00\">22 mai 2024<\/time><time class=\"updated\" datetime=\"2025-05-10T23:32:41+02:00\">10 mai 2025<\/time>\t\t\t\t<\/span>\n\t\t\t\t<\/div><!-- .entry-taxonomies -->\n\t<h6 class=\"entry-title\"><a href=\"https:\/\/tolunacorporate.com\/fr\/barometre-dintentions-de-vote-aux-elections-europeennes-2024-vague-11\/\" rel=\"bookmark\">Barom\u00e8tre d\u2019intentions de vote aux \u00e9lections europ\u00e9ennes 2024 \u2013 Vague 11<\/a><\/h6><\/header><!-- .entry-header -->\n<footer class=\"entry-footer\">\n\t\t\t<div class=\"entry-actions\">\n\t\t\t<p class=\"more-link-wrap\">\n\t\t\t\t<a href=\"https:\/\/tolunacorporate.com\/fr\/barometre-dintentions-de-vote-aux-elections-europeennes-2024-vague-11\/\" class=\"post-more-link\">\n\t\t\t\t\tEN SAVOIR PLUS<span class=\"screen-reader-text\"> Barom\u00e8tre d\u2019intentions de vote aux \u00e9lections europ\u00e9ennes 2024 \u2013 Vague 11<\/span><span class=\"toluna-svg-iconset svg-baseline\"><svg width=\"24\" height=\"25\" viewBox=\"0 0 24 25\" fill=\"none\" xmlns=\"http:\/\/www.w3.org\/2000\/svg\"><g clip-path=\"url(#clip0_3349_8828)\"><path d=\"M7.38048 21.9288C7.87048 22.4188 8.66048 22.4188 9.15048 21.9288L17.4605 13.6187C17.8505 13.2287 17.8505 12.5988 17.4605 12.2087L9.15048 3.89875C8.66048 3.40875 7.87048 3.40875 7.38048 3.89875C6.89048 4.38875 6.89048 5.17875 7.38048 5.66875L14.6205 12.9187L7.37048 20.1688C6.89048 20.6488 6.89048 21.4488 7.38048 21.9288Z\" fill=\"#007EE2\"\/><\/g><defs><clipPath id=\"clip0_3349_8828\"><rect width=\"24\" height=\"24\" fill=\"white\" transform=\"translate(0 0.917969)\"\/><\/clipPath><\/defs><\/svg><\/span>\t\t\t\t<\/a>\n\t\t\t<\/p>\n\t\t<\/div><!-- .entry-actions -->\n\t\t<\/footer><!-- .entry-footer -->\n\t<\/div>\n<\/article>\n<article class=\"entry content-bg loop-entry post-14269 post type-post status-publish format-standard has-post-thumbnail hentry category-france-fr tag-poll-2\">\n\t    <!-- toluna-thumbnail-ratio-1-1 -->\n\t\t<a class=\"post-thumbnail\" href=\"https:\/\/tolunacorporate.com\/fr\/comportements-dachat-et-de-vente-de-biens-immobiliers\/\">\n\t\t\t<div class=\"post-thumbnail-inner\">\n\t\t\t\t<img decoding=\"async\" width=\"293\" height=\"294\" src=\"https:\/\/tolunacorporate.com\/wp-content\/uploads\/2025\/05\/Comportements-dachat-et-de-vente-de-biens-immobiliers.jpg\" class=\"attachment-large size-large wp-post-image\" alt=\"Comportements d\u2019achat et de vente de biens immobiliers\" srcset=\"https:\/\/tolunacorporate.com\/wp-content\/uploads\/2025\/05\/Comportements-dachat-et-de-vente-de-biens-immobiliers.jpg 293w, https:\/\/tolunacorporate.com\/wp-content\/uploads\/2025\/05\/Comportements-dachat-et-de-vente-de-biens-immobiliers-150x150.jpg 150w\" sizes=\"(max-width: 293px) 100vw, 293px\" style=\"width:100%;height:100.34%;max-width:293px;\" \/>\t\t\t<\/div>\n\t\t<\/a><!-- .post-thumbnail -->\n\t\t\t<div class=\"entry-content-wrap\">\n\t\t<header class=\"entry-header\">\n\t\t<div class=\"entry-taxonomies\">\n\t\t\t\t\t\t<span class=\"posted-on\">\n\t\t\t\t\t<svg width=\"20\" height=\"22\" viewBox=\"0 0 20 22\" fill=\"none\" xmlns=\"http:\/\/www.w3.org\/2000\/svg\"><path d=\"M18 2H17V1C17 0.45 16.55 0 16 0C15.45 0 15 0.45 15 1V2H5V1C5 0.45 4.55 0 4 0C3.45 0 3 0.45 3 1V2H2C0.9 2 0 2.9 0 4V20C0 21.1 0.9 22 2 22H18C19.1 22 20 21.1 20 20V4C20 2.9 19.1 2 18 2ZM17 20H3C2.45 20 2 19.55 2 19V7H18V19C18 19.55 17.55 20 17 20Z\" fill=\"#007EE2\"\/><\/svg>\n\t\t\t\t\t<time class=\"entry-date published\" datetime=\"2024-05-21T03:21:16+02:00\">21 mai 2024<\/time><time class=\"updated\" datetime=\"2025-05-10T23:35:12+02:00\">10 mai 2025<\/time>\t\t\t\t<\/span>\n\t\t\t\t<\/div><!-- .entry-taxonomies -->\n\t<h6 class=\"entry-title\"><a href=\"https:\/\/tolunacorporate.com\/fr\/comportements-dachat-et-de-vente-de-biens-immobiliers\/\" rel=\"bookmark\">Comportements d\u2019achat et de vente de biens immobiliers<\/a><\/h6><\/header><!-- .entry-header -->\n<footer class=\"entry-footer\">\n\t\t\t<div class=\"entry-actions\">\n\t\t\t<p class=\"more-link-wrap\">\n\t\t\t\t<a href=\"https:\/\/tolunacorporate.com\/fr\/comportements-dachat-et-de-vente-de-biens-immobiliers\/\" class=\"post-more-link\">\n\t\t\t\t\tEN SAVOIR PLUS<span class=\"screen-reader-text\"> Comportements d\u2019achat et de vente de biens immobiliers<\/span><span class=\"toluna-svg-iconset svg-baseline\"><svg width=\"24\" height=\"25\" viewBox=\"0 0 24 25\" fill=\"none\" xmlns=\"http:\/\/www.w3.org\/2000\/svg\"><g clip-path=\"url(#clip0_3349_8828)\"><path d=\"M7.38048 21.9288C7.87048 22.4188 8.66048 22.4188 9.15048 21.9288L17.4605 13.6187C17.8505 13.2287 17.8505 12.5988 17.4605 12.2087L9.15048 3.89875C8.66048 3.40875 7.87048 3.40875 7.38048 3.89875C6.89048 4.38875 6.89048 5.17875 7.38048 5.66875L14.6205 12.9187L7.37048 20.1688C6.89048 20.6488 6.89048 21.4488 7.38048 21.9288Z\" fill=\"#007EE2\"\/><\/g><defs><clipPath id=\"clip0_3349_8828\"><rect width=\"24\" height=\"24\" fill=\"white\" transform=\"translate(0 0.917969)\"\/><\/clipPath><\/defs><\/svg><\/span>\t\t\t\t<\/a>\n\t\t\t<\/p>\n\t\t<\/div><!-- .entry-actions -->\n\t\t<\/footer><!-- .entry-footer -->\n\t<\/div>\n<\/article>\n<article class=\"entry content-bg loop-entry post-14278 post type-post status-publish format-standard has-post-thumbnail hentry category-france-fr tag-poll-2\">\n\t    <!-- toluna-thumbnail-ratio-1-1 -->\n\t\t<a class=\"post-thumbnail\" href=\"https:\/\/tolunacorporate.com\/fr\/barometre-dintentions-de-vote-aux-elections-europeennes-2024-vague-10\/\">\n\t\t\t<div class=\"post-thumbnail-inner\">\n\t\t\t\t<img decoding=\"async\" width=\"293\" height=\"294\" src=\"https:\/\/tolunacorporate.com\/wp-content\/uploads\/2025\/05\/Barometre-dintentions-de-vote-aux-elections-europeennes-2024-\u2013-Vague-10.png\" class=\"attachment-large size-large wp-post-image\" alt=\"Barom\u00e8tre d\u2019intentions de vote aux \u00e9lections europ\u00e9ennes 2024 \u2013 Vague 10\" srcset=\"https:\/\/tolunacorporate.com\/wp-content\/uploads\/2025\/05\/Barometre-dintentions-de-vote-aux-elections-europeennes-2024-\u2013-Vague-10.png 293w, https:\/\/tolunacorporate.com\/wp-content\/uploads\/2025\/05\/Barometre-dintentions-de-vote-aux-elections-europeennes-2024-\u2013-Vague-10-150x150.png 150w\" sizes=\"(max-width: 293px) 100vw, 293px\" style=\"width:100%;height:100.34%;max-width:293px;\" \/>\t\t\t<\/div>\n\t\t<\/a><!-- .post-thumbnail -->\n\t\t\t<div class=\"entry-content-wrap\">\n\t\t<header class=\"entry-header\">\n\t\t<div class=\"entry-taxonomies\">\n\t\t\t\t\t\t<span class=\"posted-on\">\n\t\t\t\t\t<svg width=\"20\" height=\"22\" viewBox=\"0 0 20 22\" fill=\"none\" xmlns=\"http:\/\/www.w3.org\/2000\/svg\"><path d=\"M18 2H17V1C17 0.45 16.55 0 16 0C15.45 0 15 0.45 15 1V2H5V1C5 0.45 4.55 0 4 0C3.45 0 3 0.45 3 1V2H2C0.9 2 0 2.9 0 4V20C0 21.1 0.9 22 2 22H18C19.1 22 20 21.1 20 20V4C20 2.9 19.1 2 18 2ZM17 20H3C2.45 20 2 19.55 2 19V7H18V19C18 19.55 17.55 20 17 20Z\" fill=\"#007EE2\"\/><\/svg>\n\t\t\t\t\t<time class=\"entry-date published\" datetime=\"2024-05-15T03:23:40+02:00\">15 mai 2024<\/time><time class=\"updated\" datetime=\"2025-05-10T23:36:58+02:00\">10 mai 2025<\/time>\t\t\t\t<\/span>\n\t\t\t\t<\/div><!-- .entry-taxonomies -->\n\t<h6 class=\"entry-title\"><a href=\"https:\/\/tolunacorporate.com\/fr\/barometre-dintentions-de-vote-aux-elections-europeennes-2024-vague-10\/\" rel=\"bookmark\">Barom\u00e8tre d\u2019intentions de vote aux \u00e9lections europ\u00e9ennes 2024 \u2013 Vague 10<\/a><\/h6><\/header><!-- .entry-header -->\n<footer class=\"entry-footer\">\n\t\t\t<div class=\"entry-actions\">\n\t\t\t<p class=\"more-link-wrap\">\n\t\t\t\t<a href=\"https:\/\/tolunacorporate.com\/fr\/barometre-dintentions-de-vote-aux-elections-europeennes-2024-vague-10\/\" class=\"post-more-link\">\n\t\t\t\t\tEN SAVOIR PLUS<span class=\"screen-reader-text\"> Barom\u00e8tre d\u2019intentions de vote aux \u00e9lections europ\u00e9ennes 2024 \u2013 Vague 10<\/span><span class=\"toluna-svg-iconset svg-baseline\"><svg width=\"24\" height=\"25\" viewBox=\"0 0 24 25\" fill=\"none\" xmlns=\"http:\/\/www.w3.org\/2000\/svg\"><g clip-path=\"url(#clip0_3349_8828)\"><path d=\"M7.38048 21.9288C7.87048 22.4188 8.66048 22.4188 9.15048 21.9288L17.4605 13.6187C17.8505 13.2287 17.8505 12.5988 17.4605 12.2087L9.15048 3.89875C8.66048 3.40875 7.87048 3.40875 7.38048 3.89875C6.89048 4.38875 6.89048 5.17875 7.38048 5.66875L14.6205 12.9187L7.37048 20.1688C6.89048 20.6488 6.89048 21.4488 7.38048 21.9288Z\" fill=\"#007EE2\"\/><\/g><defs><clipPath id=\"clip0_3349_8828\"><rect width=\"24\" height=\"24\" fill=\"white\" transform=\"translate(0 0.917969)\"\/><\/clipPath><\/defs><\/svg><\/span>\t\t\t\t<\/a>\n\t\t\t<\/p>\n\t\t<\/div><!-- .entry-actions -->\n\t\t<\/footer><!-- .entry-footer -->\n\t<\/div>\n<\/article>\n<article class=\"entry content-bg loop-entry post-14287 post type-post status-publish format-standard has-post-thumbnail hentry category-france-fr tag-poll-2\">\n\t    <!-- toluna-thumbnail-ratio-1-1 -->\n\t\t<a class=\"post-thumbnail\" href=\"https:\/\/tolunacorporate.com\/fr\/le-regard-des-europeens-sur-les-investissements-solidaires-et-durables\/\">\n\t\t\t<div class=\"post-thumbnail-inner\">\n\t\t\t\t<img decoding=\"async\" width=\"293\" height=\"294\" src=\"https:\/\/tolunacorporate.com\/wp-content\/uploads\/2025\/05\/Le-regard-des-Europeens-sur-les-investissements-solidaires-et-durables.jpg\" class=\"attachment-large size-large wp-post-image\" alt=\"Le regard des Europ\u00e9ens sur les investissements solidaires et durables\" srcset=\"https:\/\/tolunacorporate.com\/wp-content\/uploads\/2025\/05\/Le-regard-des-Europeens-sur-les-investissements-solidaires-et-durables.jpg 293w, https:\/\/tolunacorporate.com\/wp-content\/uploads\/2025\/05\/Le-regard-des-Europeens-sur-les-investissements-solidaires-et-durables-150x150.jpg 150w\" sizes=\"(max-width: 293px) 100vw, 293px\" style=\"width:100%;height:100.34%;max-width:293px;\" \/>\t\t\t<\/div>\n\t\t<\/a><!-- .post-thumbnail -->\n\t\t\t<div class=\"entry-content-wrap\">\n\t\t<header class=\"entry-header\">\n\t\t<div class=\"entry-taxonomies\">\n\t\t\t\t\t\t<span class=\"posted-on\">\n\t\t\t\t\t<svg width=\"20\" height=\"22\" viewBox=\"0 0 20 22\" fill=\"none\" xmlns=\"http:\/\/www.w3.org\/2000\/svg\"><path d=\"M18 2H17V1C17 0.45 16.55 0 16 0C15.45 0 15 0.45 15 1V2H5V1C5 0.45 4.55 0 4 0C3.45 0 3 0.45 3 1V2H2C0.9 2 0 2.9 0 4V20C0 21.1 0.9 22 2 22H18C19.1 22 20 21.1 20 20V4C20 2.9 19.1 2 18 2ZM17 20H3C2.45 20 2 19.55 2 19V7H18V19C18 19.55 17.55 20 17 20Z\" fill=\"#007EE2\"\/><\/svg>\n\t\t\t\t\t<time class=\"entry-date published\" datetime=\"2024-05-14T03:26:38+02:00\">14 mai 2024<\/time><time class=\"updated\" datetime=\"2025-05-10T23:39:25+02:00\">10 mai 2025<\/time>\t\t\t\t<\/span>\n\t\t\t\t<\/div><!-- .entry-taxonomies -->\n\t<h6 class=\"entry-title\"><a href=\"https:\/\/tolunacorporate.com\/fr\/le-regard-des-europeens-sur-les-investissements-solidaires-et-durables\/\" rel=\"bookmark\">Le regard des Europ\u00e9ens sur les investissements solidaires et durables<\/a><\/h6><\/header><!-- .entry-header -->\n<footer class=\"entry-footer\">\n\t\t\t<div class=\"entry-actions\">\n\t\t\t<p class=\"more-link-wrap\">\n\t\t\t\t<a href=\"https:\/\/tolunacorporate.com\/fr\/le-regard-des-europeens-sur-les-investissements-solidaires-et-durables\/\" class=\"post-more-link\">\n\t\t\t\t\tEN SAVOIR PLUS<span class=\"screen-reader-text\"> Le regard des Europ\u00e9ens sur les investissements solidaires et durables<\/span><span class=\"toluna-svg-iconset svg-baseline\"><svg width=\"24\" height=\"25\" viewBox=\"0 0 24 25\" fill=\"none\" xmlns=\"http:\/\/www.w3.org\/2000\/svg\"><g clip-path=\"url(#clip0_3349_8828)\"><path d=\"M7.38048 21.9288C7.87048 22.4188 8.66048 22.4188 9.15048 21.9288L17.4605 13.6187C17.8505 13.2287 17.8505 12.5988 17.4605 12.2087L9.15048 3.89875C8.66048 3.40875 7.87048 3.40875 7.38048 3.89875C6.89048 4.38875 6.89048 5.17875 7.38048 5.66875L14.6205 12.9187L7.37048 20.1688C6.89048 20.6488 6.89048 21.4488 7.38048 21.9288Z\" fill=\"#007EE2\"\/><\/g><defs><clipPath id=\"clip0_3349_8828\"><rect width=\"24\" height=\"24\" fill=\"white\" transform=\"translate(0 0.917969)\"\/><\/clipPath><\/defs><\/svg><\/span>\t\t\t\t<\/a>\n\t\t\t<\/p>\n\t\t<\/div><!-- .entry-actions -->\n\t\t<\/footer><!-- .entry-footer -->\n\t<\/div>\n<\/article>\n<article class=\"entry content-bg loop-entry post-14296 post type-post status-publish format-standard has-post-thumbnail hentry category-france-fr tag-poll-2\">\n\t    <!-- toluna-thumbnail-ratio-1-1 -->\n\t\t<a class=\"post-thumbnail\" href=\"https:\/\/tolunacorporate.com\/fr\/barometre-dintentions-de-vote-aux-elections-europeennes-2024-vague-9\/\">\n\t\t\t<div class=\"post-thumbnail-inner\">\n\t\t\t\t<img decoding=\"async\" width=\"293\" height=\"294\" src=\"https:\/\/tolunacorporate.com\/wp-content\/uploads\/2025\/05\/Barometre-dintentions-de-vote-aux-elections-europeennes-2024-\u2013-Vague-9.png\" class=\"attachment-large size-large wp-post-image\" alt=\"Barom\u00e8tre d\u2019intentions de vote aux \u00e9lections europ\u00e9ennes 2024 \u2013 Vague 9\" srcset=\"https:\/\/tolunacorporate.com\/wp-content\/uploads\/2025\/05\/Barometre-dintentions-de-vote-aux-elections-europeennes-2024-\u2013-Vague-9.png 293w, https:\/\/tolunacorporate.com\/wp-content\/uploads\/2025\/05\/Barometre-dintentions-de-vote-aux-elections-europeennes-2024-\u2013-Vague-9-150x150.png 150w\" sizes=\"(max-width: 293px) 100vw, 293px\" style=\"width:100%;height:100.34%;max-width:293px;\" \/>\t\t\t<\/div>\n\t\t<\/a><!-- .post-thumbnail -->\n\t\t\t<div class=\"entry-content-wrap\">\n\t\t<header class=\"entry-header\">\n\t\t<div class=\"entry-taxonomies\">\n\t\t\t\t\t\t<span class=\"posted-on\">\n\t\t\t\t\t<svg width=\"20\" height=\"22\" viewBox=\"0 0 20 22\" fill=\"none\" xmlns=\"http:\/\/www.w3.org\/2000\/svg\"><path d=\"M18 2H17V1C17 0.45 16.55 0 16 0C15.45 0 15 0.45 15 1V2H5V1C5 0.45 4.55 0 4 0C3.45 0 3 0.45 3 1V2H2C0.9 2 0 2.9 0 4V20C0 21.1 0.9 22 2 22H18C19.1 22 20 21.1 20 20V4C20 2.9 19.1 2 18 2ZM17 20H3C2.45 20 2 19.55 2 19V7H18V19C18 19.55 17.55 20 17 20Z\" fill=\"#007EE2\"\/><\/svg>\n\t\t\t\t\t<time class=\"entry-date published\" datetime=\"2024-05-07T03:29:06+02:00\">7 mai 2024<\/time><time class=\"updated\" datetime=\"2025-05-10T23:41:12+02:00\">10 mai 2025<\/time>\t\t\t\t<\/span>\n\t\t\t\t<\/div><!-- .entry-taxonomies -->\n\t<h6 class=\"entry-title\"><a href=\"https:\/\/tolunacorporate.com\/fr\/barometre-dintentions-de-vote-aux-elections-europeennes-2024-vague-9\/\" rel=\"bookmark\">Barom\u00e8tre d\u2019intentions de vote aux \u00e9lections europ\u00e9ennes 2024 \u2013 Vague 9<\/a><\/h6><\/header><!-- .entry-header -->\n<footer class=\"entry-footer\">\n\t\t\t<div class=\"entry-actions\">\n\t\t\t<p class=\"more-link-wrap\">\n\t\t\t\t<a href=\"https:\/\/tolunacorporate.com\/fr\/barometre-dintentions-de-vote-aux-elections-europeennes-2024-vague-9\/\" class=\"post-more-link\">\n\t\t\t\t\tEN SAVOIR PLUS<span class=\"screen-reader-text\"> Barom\u00e8tre d\u2019intentions de vote aux \u00e9lections europ\u00e9ennes 2024 \u2013 Vague 9<\/span><span class=\"toluna-svg-iconset svg-baseline\"><svg width=\"24\" height=\"25\" viewBox=\"0 0 24 25\" fill=\"none\" xmlns=\"http:\/\/www.w3.org\/2000\/svg\"><g clip-path=\"url(#clip0_3349_8828)\"><path d=\"M7.38048 21.9288C7.87048 22.4188 8.66048 22.4188 9.15048 21.9288L17.4605 13.6187C17.8505 13.2287 17.8505 12.5988 17.4605 12.2087L9.15048 3.89875C8.66048 3.40875 7.87048 3.40875 7.38048 3.89875C6.89048 4.38875 6.89048 5.17875 7.38048 5.66875L14.6205 12.9187L7.37048 20.1688C6.89048 20.6488 6.89048 21.4488 7.38048 21.9288Z\" fill=\"#007EE2\"\/><\/g><defs><clipPath id=\"clip0_3349_8828\"><rect width=\"24\" height=\"24\" fill=\"white\" transform=\"translate(0 0.917969)\"\/><\/clipPath><\/defs><\/svg><\/span>\t\t\t\t<\/a>\n\t\t\t<\/p>\n\t\t<\/div><!-- .entry-actions -->\n\t\t<\/footer><!-- .entry-footer -->\n\t<\/div>\n<\/article>\n<article class=\"entry content-bg loop-entry post-14305 post type-post status-publish format-standard has-post-thumbnail hentry category-france-fr tag-poll-2\">\n\t    <!-- toluna-thumbnail-ratio-1-1 -->\n\t\t<a class=\"post-thumbnail\" href=\"https:\/\/tolunacorporate.com\/fr\/les-francais-et-les-maladies-chroniques\/\">\n\t\t\t<div class=\"post-thumbnail-inner\">\n\t\t\t\t<img decoding=\"async\" width=\"293\" height=\"294\" src=\"https:\/\/tolunacorporate.com\/wp-content\/uploads\/2025\/05\/Les-Francais-et-les-maladies-chroniques.jpg\" class=\"attachment-large size-large wp-post-image\" alt=\"Les Fran\u00e7ais et les maladies chroniques\" srcset=\"https:\/\/tolunacorporate.com\/wp-content\/uploads\/2025\/05\/Les-Francais-et-les-maladies-chroniques.jpg 293w, https:\/\/tolunacorporate.com\/wp-content\/uploads\/2025\/05\/Les-Francais-et-les-maladies-chroniques-150x150.jpg 150w\" sizes=\"(max-width: 293px) 100vw, 293px\" style=\"width:100%;height:100.34%;max-width:293px;\" \/>\t\t\t<\/div>\n\t\t<\/a><!-- .post-thumbnail -->\n\t\t\t<div class=\"entry-content-wrap\">\n\t\t<header class=\"entry-header\">\n\t\t<div class=\"entry-taxonomies\">\n\t\t\t\t\t\t<span class=\"posted-on\">\n\t\t\t\t\t<svg width=\"20\" height=\"22\" viewBox=\"0 0 20 22\" fill=\"none\" xmlns=\"http:\/\/www.w3.org\/2000\/svg\"><path d=\"M18 2H17V1C17 0.45 16.55 0 16 0C15.45 0 15 0.45 15 1V2H5V1C5 0.45 4.55 0 4 0C3.45 0 3 0.45 3 1V2H2C0.9 2 0 2.9 0 4V20C0 21.1 0.9 22 2 22H18C19.1 22 20 21.1 20 20V4C20 2.9 19.1 2 18 2ZM17 20H3C2.45 20 2 19.55 2 19V7H18V19C18 19.55 17.55 20 17 20Z\" fill=\"#007EE2\"\/><\/svg>\n\t\t\t\t\t<time class=\"entry-date published\" datetime=\"2024-05-03T03:31:35+02:00\">3 mai 2024<\/time><time class=\"updated\" datetime=\"2025-05-10T23:42:59+02:00\">10 mai 2025<\/time>\t\t\t\t<\/span>\n\t\t\t\t<\/div><!-- .entry-taxonomies -->\n\t<h6 class=\"entry-title\"><a href=\"https:\/\/tolunacorporate.com\/fr\/les-francais-et-les-maladies-chroniques\/\" rel=\"bookmark\">Les Fran\u00e7ais et les maladies chroniques<\/a><\/h6><\/header><!-- .entry-header -->\n<footer class=\"entry-footer\">\n\t\t\t<div class=\"entry-actions\">\n\t\t\t<p class=\"more-link-wrap\">\n\t\t\t\t<a href=\"https:\/\/tolunacorporate.com\/fr\/les-francais-et-les-maladies-chroniques\/\" class=\"post-more-link\">\n\t\t\t\t\tEN SAVOIR PLUS<span class=\"screen-reader-text\"> Les Fran\u00e7ais et les maladies chroniques<\/span><span class=\"toluna-svg-iconset svg-baseline\"><svg width=\"24\" height=\"25\" viewBox=\"0 0 24 25\" fill=\"none\" xmlns=\"http:\/\/www.w3.org\/2000\/svg\"><g clip-path=\"url(#clip0_3349_8828)\"><path d=\"M7.38048 21.9288C7.87048 22.4188 8.66048 22.4188 9.15048 21.9288L17.4605 13.6187C17.8505 13.2287 17.8505 12.5988 17.4605 12.2087L9.15048 3.89875C8.66048 3.40875 7.87048 3.40875 7.38048 3.89875C6.89048 4.38875 6.89048 5.17875 7.38048 5.66875L14.6205 12.9187L7.37048 20.1688C6.89048 20.6488 6.89048 21.4488 7.38048 21.9288Z\" fill=\"#007EE2\"\/><\/g><defs><clipPath id=\"clip0_3349_8828\"><rect width=\"24\" height=\"24\" fill=\"white\" transform=\"translate(0 0.917969)\"\/><\/clipPath><\/defs><\/svg><\/span>\t\t\t\t<\/a>\n\t\t\t<\/p>\n\t\t<\/div><!-- .entry-actions -->\n\t\t<\/footer><!-- .entry-footer -->\n\t<\/div>\n<\/article>\n<article class=\"entry content-bg loop-entry post-14314 post type-post status-publish format-standard has-post-thumbnail hentry category-france-fr tag-poll-2\">\n\t    <!-- toluna-thumbnail-ratio-1-1 -->\n\t\t<a class=\"post-thumbnail\" href=\"https:\/\/tolunacorporate.com\/fr\/barometre-dintentions-de-vote-aux-elections-europeennes-2024-vague-8\/\">\n\t\t\t<div class=\"post-thumbnail-inner\">\n\t\t\t\t<img decoding=\"async\" width=\"293\" height=\"294\" src=\"https:\/\/tolunacorporate.com\/wp-content\/uploads\/2025\/05\/elections-europeennes-2024-\u2013-Vague-8.png\" class=\"attachment-large size-large wp-post-image\" alt=\"Barom\u00e8tre d\u2019intentions de vote aux \u00e9lections europ\u00e9ennes 2024 \u2013 Vague 8\" srcset=\"https:\/\/tolunacorporate.com\/wp-content\/uploads\/2025\/05\/elections-europeennes-2024-\u2013-Vague-8.png 293w, https:\/\/tolunacorporate.com\/wp-content\/uploads\/2025\/05\/elections-europeennes-2024-\u2013-Vague-8-150x150.png 150w\" sizes=\"(max-width: 293px) 100vw, 293px\" style=\"width:100%;height:100.34%;max-width:293px;\" \/>\t\t\t<\/div>\n\t\t<\/a><!-- .post-thumbnail -->\n\t\t\t<div class=\"entry-content-wrap\">\n\t\t<header class=\"entry-header\">\n\t\t<div class=\"entry-taxonomies\">\n\t\t\t\t\t\t<span class=\"posted-on\">\n\t\t\t\t\t<svg width=\"20\" height=\"22\" viewBox=\"0 0 20 22\" fill=\"none\" xmlns=\"http:\/\/www.w3.org\/2000\/svg\"><path d=\"M18 2H17V1C17 0.45 16.55 0 16 0C15.45 0 15 0.45 15 1V2H5V1C5 0.45 4.55 0 4 0C3.45 0 3 0.45 3 1V2H2C0.9 2 0 2.9 0 4V20C0 21.1 0.9 22 2 22H18C19.1 22 20 21.1 20 20V4C20 2.9 19.1 2 18 2ZM17 20H3C2.45 20 2 19.55 2 19V7H18V19C18 19.55 17.55 20 17 20Z\" fill=\"#007EE2\"\/><\/svg>\n\t\t\t\t\t<time class=\"entry-date published\" datetime=\"2024-04-30T03:35:16+02:00\">30 Avr 2024<\/time><time class=\"updated\" datetime=\"2025-05-10T23:44:34+02:00\">10 mai 2025<\/time>\t\t\t\t<\/span>\n\t\t\t\t<\/div><!-- .entry-taxonomies -->\n\t<h6 class=\"entry-title\"><a href=\"https:\/\/tolunacorporate.com\/fr\/barometre-dintentions-de-vote-aux-elections-europeennes-2024-vague-8\/\" rel=\"bookmark\">Barom\u00e8tre d\u2019intentions de vote aux \u00e9lections europ\u00e9ennes 2024 \u2013 Vague 8<\/a><\/h6><\/header><!-- .entry-header -->\n<footer class=\"entry-footer\">\n\t\t\t<div class=\"entry-actions\">\n\t\t\t<p class=\"more-link-wrap\">\n\t\t\t\t<a href=\"https:\/\/tolunacorporate.com\/fr\/barometre-dintentions-de-vote-aux-elections-europeennes-2024-vague-8\/\" class=\"post-more-link\">\n\t\t\t\t\tEN SAVOIR PLUS<span class=\"screen-reader-text\"> Barom\u00e8tre d\u2019intentions de vote aux \u00e9lections europ\u00e9ennes 2024 \u2013 Vague 8<\/span><span class=\"toluna-svg-iconset svg-baseline\"><svg width=\"24\" height=\"25\" viewBox=\"0 0 24 25\" fill=\"none\" xmlns=\"http:\/\/www.w3.org\/2000\/svg\"><g clip-path=\"url(#clip0_3349_8828)\"><path d=\"M7.38048 21.9288C7.87048 22.4188 8.66048 22.4188 9.15048 21.9288L17.4605 13.6187C17.8505 13.2287 17.8505 12.5988 17.4605 12.2087L9.15048 3.89875C8.66048 3.40875 7.87048 3.40875 7.38048 3.89875C6.89048 4.38875 6.89048 5.17875 7.38048 5.66875L14.6205 12.9187L7.37048 20.1688C6.89048 20.6488 6.89048 21.4488 7.38048 21.9288Z\" fill=\"#007EE2\"\/><\/g><defs><clipPath id=\"clip0_3349_8828\"><rect width=\"24\" height=\"24\" fill=\"white\" transform=\"translate(0 0.917969)\"\/><\/clipPath><\/defs><\/svg><\/span>\t\t\t\t<\/a>\n\t\t\t<\/p>\n\t\t<\/div><!-- .entry-actions -->\n\t\t<\/footer><!-- .entry-footer -->\n\t<\/div>\n<\/article>\n<article class=\"entry content-bg loop-entry post-14323 post type-post status-publish format-standard has-post-thumbnail hentry category-france-fr tag-poll-2\">\n\t    <!-- toluna-thumbnail-ratio-1-1 -->\n\t\t<a class=\"post-thumbnail\" href=\"https:\/\/tolunacorporate.com\/fr\/barometre-de-confiance-politique-avril-2024\/\">\n\t\t\t<div class=\"post-thumbnail-inner\">\n\t\t\t\t<img decoding=\"async\" width=\"293\" height=\"294\" src=\"https:\/\/tolunacorporate.com\/wp-content\/uploads\/2025\/05\/Barometre-de-confiance-politique-\u2013-Avril-2024.jpg\" class=\"attachment-large size-large wp-post-image\" alt=\"Barom\u00e8tre de confiance politique \u2013 Avril 2024\" srcset=\"https:\/\/tolunacorporate.com\/wp-content\/uploads\/2025\/05\/Barometre-de-confiance-politique-\u2013-Avril-2024.jpg 293w, https:\/\/tolunacorporate.com\/wp-content\/uploads\/2025\/05\/Barometre-de-confiance-politique-\u2013-Avril-2024-150x150.jpg 150w\" sizes=\"(max-width: 293px) 100vw, 293px\" style=\"width:100%;height:100.34%;max-width:293px;\" \/>\t\t\t<\/div>\n\t\t<\/a><!-- .post-thumbnail -->\n\t\t\t<div class=\"entry-content-wrap\">\n\t\t<header class=\"entry-header\">\n\t\t<div class=\"entry-taxonomies\">\n\t\t\t\t\t\t<span class=\"posted-on\">\n\t\t\t\t\t<svg width=\"20\" height=\"22\" viewBox=\"0 0 20 22\" fill=\"none\" xmlns=\"http:\/\/www.w3.org\/2000\/svg\"><path d=\"M18 2H17V1C17 0.45 16.55 0 16 0C15.45 0 15 0.45 15 1V2H5V1C5 0.45 4.55 0 4 0C3.45 0 3 0.45 3 1V2H2C0.9 2 0 2.9 0 4V20C0 21.1 0.9 22 2 22H18C19.1 22 20 21.1 20 20V4C20 2.9 19.1 2 18 2ZM17 20H3C2.45 20 2 19.55 2 19V7H18V19C18 19.55 17.55 20 17 20Z\" fill=\"#007EE2\"\/><\/svg>\n\t\t\t\t\t<time class=\"entry-date published\" datetime=\"2024-04-26T03:39:29+02:00\">26 Avr 2024<\/time><time class=\"updated\" datetime=\"2025-05-10T23:47:49+02:00\">10 mai 2025<\/time>\t\t\t\t<\/span>\n\t\t\t\t<\/div><!-- .entry-taxonomies -->\n\t<h6 class=\"entry-title\"><a href=\"https:\/\/tolunacorporate.com\/fr\/barometre-de-confiance-politique-avril-2024\/\" rel=\"bookmark\">Barom\u00e8tre de confiance politique \u2013 Avril 2024<\/a><\/h6><\/header><!-- .entry-header -->\n<footer class=\"entry-footer\">\n\t\t\t<div class=\"entry-actions\">\n\t\t\t<p class=\"more-link-wrap\">\n\t\t\t\t<a href=\"https:\/\/tolunacorporate.com\/fr\/barometre-de-confiance-politique-avril-2024\/\" class=\"post-more-link\">\n\t\t\t\t\tEN SAVOIR PLUS<span class=\"screen-reader-text\"> Barom\u00e8tre de confiance politique \u2013 Avril 2024<\/span><span class=\"toluna-svg-iconset svg-baseline\"><svg width=\"24\" height=\"25\" viewBox=\"0 0 24 25\" fill=\"none\" xmlns=\"http:\/\/www.w3.org\/2000\/svg\"><g clip-path=\"url(#clip0_3349_8828)\"><path d=\"M7.38048 21.9288C7.87048 22.4188 8.66048 22.4188 9.15048 21.9288L17.4605 13.6187C17.8505 13.2287 17.8505 12.5988 17.4605 12.2087L9.15048 3.89875C8.66048 3.40875 7.87048 3.40875 7.38048 3.89875C6.89048 4.38875 6.89048 5.17875 7.38048 5.66875L14.6205 12.9187L7.37048 20.1688C6.89048 20.6488 6.89048 21.4488 7.38048 21.9288Z\" fill=\"#007EE2\"\/><\/g><defs><clipPath id=\"clip0_3349_8828\"><rect width=\"24\" height=\"24\" fill=\"white\" transform=\"translate(0 0.917969)\"\/><\/clipPath><\/defs><\/svg><\/span>\t\t\t\t<\/a>\n\t\t\t<\/p>\n\t\t<\/div><!-- .entry-actions -->\n\t\t<\/footer><!-- .entry-footer -->\n\t<\/div>\n<\/article>\n<article class=\"entry content-bg loop-entry post-14332 post type-post status-publish format-standard has-post-thumbnail hentry category-france-fr tag-poll-2\">\n\t    <!-- toluna-thumbnail-ratio-1-1 -->\n\t\t<a class=\"post-thumbnail\" href=\"https:\/\/tolunacorporate.com\/fr\/barometre-dintentions-de-vote-aux-elections-europeennes-2024-vague-7\/\">\n\t\t\t<div class=\"post-thumbnail-inner\">\n\t\t\t\t<img decoding=\"async\" width=\"293\" height=\"294\" src=\"https:\/\/tolunacorporate.com\/wp-content\/uploads\/2025\/05\/Barometre-dintentions-de-vote-aux-elections-europeennes-2024-\u2013-Vague-7.png\" class=\"attachment-large size-large wp-post-image\" alt=\"Barom\u00e8tre d\u2019intentions de vote aux \u00e9lections europ\u00e9ennes 2024 \u2013 Vague 7\" srcset=\"https:\/\/tolunacorporate.com\/wp-content\/uploads\/2025\/05\/Barometre-dintentions-de-vote-aux-elections-europeennes-2024-\u2013-Vague-7.png 293w, https:\/\/tolunacorporate.com\/wp-content\/uploads\/2025\/05\/Barometre-dintentions-de-vote-aux-elections-europeennes-2024-\u2013-Vague-7-150x150.png 150w\" sizes=\"(max-width: 293px) 100vw, 293px\" style=\"width:100%;height:100.34%;max-width:293px;\" \/>\t\t\t<\/div>\n\t\t<\/a><!-- .post-thumbnail -->\n\t\t\t<div class=\"entry-content-wrap\">\n\t\t<header class=\"entry-header\">\n\t\t<div class=\"entry-taxonomies\">\n\t\t\t\t\t\t<span class=\"posted-on\">\n\t\t\t\t\t<svg width=\"20\" height=\"22\" viewBox=\"0 0 20 22\" fill=\"none\" xmlns=\"http:\/\/www.w3.org\/2000\/svg\"><path d=\"M18 2H17V1C17 0.45 16.55 0 16 0C15.45 0 15 0.45 15 1V2H5V1C5 0.45 4.55 0 4 0C3.45 0 3 0.45 3 1V2H2C0.9 2 0 2.9 0 4V20C0 21.1 0.9 22 2 22H18C19.1 22 20 21.1 20 20V4C20 2.9 19.1 2 18 2ZM17 20H3C2.45 20 2 19.55 2 19V7H18V19C18 19.55 17.55 20 17 20Z\" fill=\"#007EE2\"\/><\/svg>\n\t\t\t\t\t<time class=\"entry-date published\" datetime=\"2024-04-24T03:42:20+02:00\">24 Avr 2024<\/time><time class=\"updated\" datetime=\"2025-05-10T23:49:39+02:00\">10 mai 2025<\/time>\t\t\t\t<\/span>\n\t\t\t\t<\/div><!-- .entry-taxonomies -->\n\t<h6 class=\"entry-title\"><a href=\"https:\/\/tolunacorporate.com\/fr\/barometre-dintentions-de-vote-aux-elections-europeennes-2024-vague-7\/\" rel=\"bookmark\">Barom\u00e8tre d\u2019intentions de vote aux \u00e9lections europ\u00e9ennes 2024 \u2013 Vague 7<\/a><\/h6><\/header><!-- .entry-header -->\n<footer class=\"entry-footer\">\n\t\t\t<div class=\"entry-actions\">\n\t\t\t<p class=\"more-link-wrap\">\n\t\t\t\t<a href=\"https:\/\/tolunacorporate.com\/fr\/barometre-dintentions-de-vote-aux-elections-europeennes-2024-vague-7\/\" class=\"post-more-link\">\n\t\t\t\t\tEN SAVOIR PLUS<span class=\"screen-reader-text\"> Barom\u00e8tre d\u2019intentions de vote aux \u00e9lections europ\u00e9ennes 2024 \u2013 Vague 7<\/span><span class=\"toluna-svg-iconset svg-baseline\"><svg width=\"24\" height=\"25\" viewBox=\"0 0 24 25\" fill=\"none\" xmlns=\"http:\/\/www.w3.org\/2000\/svg\"><g clip-path=\"url(#clip0_3349_8828)\"><path d=\"M7.38048 21.9288C7.87048 22.4188 8.66048 22.4188 9.15048 21.9288L17.4605 13.6187C17.8505 13.2287 17.8505 12.5988 17.4605 12.2087L9.15048 3.89875C8.66048 3.40875 7.87048 3.40875 7.38048 3.89875C6.89048 4.38875 6.89048 5.17875 7.38048 5.66875L14.6205 12.9187L7.37048 20.1688C6.89048 20.6488 6.89048 21.4488 7.38048 21.9288Z\" fill=\"#007EE2\"\/><\/g><defs><clipPath id=\"clip0_3349_8828\"><rect width=\"24\" height=\"24\" fill=\"white\" transform=\"translate(0 0.917969)\"\/><\/clipPath><\/defs><\/svg><\/span>\t\t\t\t<\/a>\n\t\t\t<\/p>\n\t\t<\/div><!-- .entry-actions -->\n\t\t<\/footer><!-- .entry-footer -->\n\t<\/div>\n<\/article>\n<article class=\"entry content-bg loop-entry post-14341 post type-post status-publish format-standard has-post-thumbnail hentry category-france-fr tag-poll-2\">\n\t    <!-- toluna-thumbnail-ratio-1-1 -->\n\t\t<a class=\"post-thumbnail\" href=\"https:\/\/tolunacorporate.com\/fr\/barometre-dintentions-de-vote-aux-elections-europeennes-2024-vague-6\/\">\n\t\t\t<div class=\"post-thumbnail-inner\">\n\t\t\t\t<img decoding=\"async\" width=\"293\" height=\"294\" src=\"https:\/\/tolunacorporate.com\/wp-content\/uploads\/2025\/05\/Barometre-dintentions-de-vote-aux-elections-europeennes-2024-\u2013-Vague-6.png\" class=\"attachment-large size-large wp-post-image\" alt=\"Barom\u00e8tre d\u2019intentions de vote aux \u00e9lections europ\u00e9ennes 2024 \u2013 Vague 6\" srcset=\"https:\/\/tolunacorporate.com\/wp-content\/uploads\/2025\/05\/Barometre-dintentions-de-vote-aux-elections-europeennes-2024-\u2013-Vague-6.png 293w, https:\/\/tolunacorporate.com\/wp-content\/uploads\/2025\/05\/Barometre-dintentions-de-vote-aux-elections-europeennes-2024-\u2013-Vague-6-150x150.png 150w\" sizes=\"(max-width: 293px) 100vw, 293px\" style=\"width:100%;height:100.34%;max-width:293px;\" \/>\t\t\t<\/div>\n\t\t<\/a><!-- .post-thumbnail -->\n\t\t\t<div class=\"entry-content-wrap\">\n\t\t<header class=\"entry-header\">\n\t\t<div class=\"entry-taxonomies\">\n\t\t\t\t\t\t<span class=\"posted-on\">\n\t\t\t\t\t<svg width=\"20\" height=\"22\" viewBox=\"0 0 20 22\" fill=\"none\" xmlns=\"http:\/\/www.w3.org\/2000\/svg\"><path d=\"M18 2H17V1C17 0.45 16.55 0 16 0C15.45 0 15 0.45 15 1V2H5V1C5 0.45 4.55 0 4 0C3.45 0 3 0.45 3 1V2H2C0.9 2 0 2.9 0 4V20C0 21.1 0.9 22 2 22H18C19.1 22 20 21.1 20 20V4C20 2.9 19.1 2 18 2ZM17 20H3C2.45 20 2 19.55 2 19V7H18V19C18 19.55 17.55 20 17 20Z\" fill=\"#007EE2\"\/><\/svg>\n\t\t\t\t\t<time class=\"entry-date published\" datetime=\"2024-04-17T03:45:09+02:00\">17 Avr 2024<\/time><time class=\"updated\" datetime=\"2025-05-10T23:51:32+02:00\">10 mai 2025<\/time>\t\t\t\t<\/span>\n\t\t\t\t<\/div><!-- .entry-taxonomies -->\n\t<h6 class=\"entry-title\"><a href=\"https:\/\/tolunacorporate.com\/fr\/barometre-dintentions-de-vote-aux-elections-europeennes-2024-vague-6\/\" rel=\"bookmark\">Barom\u00e8tre d\u2019intentions de vote aux \u00e9lections europ\u00e9ennes 2024 \u2013 Vague 6<\/a><\/h6><\/header><!-- .entry-header -->\n<footer class=\"entry-footer\">\n\t\t\t<div class=\"entry-actions\">\n\t\t\t<p class=\"more-link-wrap\">\n\t\t\t\t<a href=\"https:\/\/tolunacorporate.com\/fr\/barometre-dintentions-de-vote-aux-elections-europeennes-2024-vague-6\/\" class=\"post-more-link\">\n\t\t\t\t\tEN SAVOIR PLUS<span class=\"screen-reader-text\"> Barom\u00e8tre d\u2019intentions de vote aux \u00e9lections europ\u00e9ennes 2024 \u2013 Vague 6<\/span><span class=\"toluna-svg-iconset svg-baseline\"><svg width=\"24\" height=\"25\" viewBox=\"0 0 24 25\" fill=\"none\" xmlns=\"http:\/\/www.w3.org\/2000\/svg\"><g clip-path=\"url(#clip0_3349_8828)\"><path d=\"M7.38048 21.9288C7.87048 22.4188 8.66048 22.4188 9.15048 21.9288L17.4605 13.6187C17.8505 13.2287 17.8505 12.5988 17.4605 12.2087L9.15048 3.89875C8.66048 3.40875 7.87048 3.40875 7.38048 3.89875C6.89048 4.38875 6.89048 5.17875 7.38048 5.66875L14.6205 12.9187L7.37048 20.1688C6.89048 20.6488 6.89048 21.4488 7.38048 21.9288Z\" fill=\"#007EE2\"\/><\/g><defs><clipPath id=\"clip0_3349_8828\"><rect width=\"24\" height=\"24\" fill=\"white\" transform=\"translate(0 0.917969)\"\/><\/clipPath><\/defs><\/svg><\/span>\t\t\t\t<\/a>\n\t\t\t<\/p>\n\t\t<\/div><!-- .entry-actions -->\n\t\t<\/footer><!-- .entry-footer -->\n\t<\/div>\n<\/article>\n<article class=\"entry content-bg loop-entry post-14350 post type-post status-publish format-standard has-post-thumbnail hentry category-france-fr tag-poll-2\">\n\t    <!-- toluna-thumbnail-ratio-1-1 -->\n\t\t<a class=\"post-thumbnail\" href=\"https:\/\/tolunacorporate.com\/fr\/barometre-assurances-deux-roues-vague-4\/\">\n\t\t\t<div class=\"post-thumbnail-inner\">\n\t\t\t\t<img decoding=\"async\" width=\"1024\" height=\"1024\" src=\"https:\/\/tolunacorporate.com\/wp-content\/uploads\/2025\/05\/Barometre-Assurances-deux-roues-\u2013-Vague-4-1024x1024.jpg\" class=\"attachment-large size-large wp-post-image\" alt=\"Barom\u00e8tre Assurances deux-roues \u2013 Vague 4\" srcset=\"https:\/\/tolunacorporate.com\/wp-content\/uploads\/2025\/05\/Barometre-Assurances-deux-roues-\u2013-Vague-4-1024x1024.jpg 1024w, https:\/\/tolunacorporate.com\/wp-content\/uploads\/2025\/05\/Barometre-Assurances-deux-roues-\u2013-Vague-4-300x300.jpg 300w, https:\/\/tolunacorporate.com\/wp-content\/uploads\/2025\/05\/Barometre-Assurances-deux-roues-\u2013-Vague-4-150x150.jpg 150w, https:\/\/tolunacorporate.com\/wp-content\/uploads\/2025\/05\/Barometre-Assurances-deux-roues-\u2013-Vague-4-768x768.jpg 768w, https:\/\/tolunacorporate.com\/wp-content\/uploads\/2025\/05\/Barometre-Assurances-deux-roues-\u2013-Vague-4.jpg 1536w\" sizes=\"(max-width: 1024px) 100vw, 1024px\" style=\"width:100%;height:100%;max-width:1536px;\" \/>\t\t\t<\/div>\n\t\t<\/a><!-- .post-thumbnail -->\n\t\t\t<div class=\"entry-content-wrap\">\n\t\t<header class=\"entry-header\">\n\t\t<div class=\"entry-taxonomies\">\n\t\t\t\t\t\t<span class=\"posted-on\">\n\t\t\t\t\t<svg width=\"20\" height=\"22\" viewBox=\"0 0 20 22\" fill=\"none\" xmlns=\"http:\/\/www.w3.org\/2000\/svg\"><path d=\"M18 2H17V1C17 0.45 16.55 0 16 0C15.45 0 15 0.45 15 1V2H5V1C5 0.45 4.55 0 4 0C3.45 0 3 0.45 3 1V2H2C0.9 2 0 2.9 0 4V20C0 21.1 0.9 22 2 22H18C19.1 22 20 21.1 20 20V4C20 2.9 19.1 2 18 2ZM17 20H3C2.45 20 2 19.55 2 19V7H18V19C18 19.55 17.55 20 17 20Z\" fill=\"#007EE2\"\/><\/svg>\n\t\t\t\t\t<time class=\"entry-date published\" datetime=\"2024-04-16T03:47:34+02:00\">16 Avr 2024<\/time><time class=\"updated\" datetime=\"2025-05-10T23:57:00+02:00\">10 mai 2025<\/time>\t\t\t\t<\/span>\n\t\t\t\t<\/div><!-- .entry-taxonomies -->\n\t<h6 class=\"entry-title\"><a href=\"https:\/\/tolunacorporate.com\/fr\/barometre-assurances-deux-roues-vague-4\/\" rel=\"bookmark\">Barom\u00e8tre Assurances deux-roues \u2013 Vague 4<\/a><\/h6><\/header><!-- .entry-header -->\n<footer class=\"entry-footer\">\n\t\t\t<div class=\"entry-actions\">\n\t\t\t<p class=\"more-link-wrap\">\n\t\t\t\t<a href=\"https:\/\/tolunacorporate.com\/fr\/barometre-assurances-deux-roues-vague-4\/\" class=\"post-more-link\">\n\t\t\t\t\tEN SAVOIR PLUS<span class=\"screen-reader-text\"> Barom\u00e8tre Assurances deux-roues \u2013 Vague 4<\/span><span class=\"toluna-svg-iconset svg-baseline\"><svg width=\"24\" height=\"25\" viewBox=\"0 0 24 25\" fill=\"none\" xmlns=\"http:\/\/www.w3.org\/2000\/svg\"><g clip-path=\"url(#clip0_3349_8828)\"><path d=\"M7.38048 21.9288C7.87048 22.4188 8.66048 22.4188 9.15048 21.9288L17.4605 13.6187C17.8505 13.2287 17.8505 12.5988 17.4605 12.2087L9.15048 3.89875C8.66048 3.40875 7.87048 3.40875 7.38048 3.89875C6.89048 4.38875 6.89048 5.17875 7.38048 5.66875L14.6205 12.9187L7.37048 20.1688C6.89048 20.6488 6.89048 21.4488 7.38048 21.9288Z\" fill=\"#007EE2\"\/><\/g><defs><clipPath id=\"clip0_3349_8828\"><rect width=\"24\" height=\"24\" fill=\"white\" transform=\"translate(0 0.917969)\"\/><\/clipPath><\/defs><\/svg><\/span>\t\t\t\t<\/a>\n\t\t\t<\/p>\n\t\t<\/div><!-- .entry-actions -->\n\t\t<\/footer><!-- .entry-footer -->\n\t<\/div>\n<\/article>\n<article class=\"entry content-bg loop-entry post-14359 post type-post status-publish format-standard has-post-thumbnail hentry category-france-fr tag-poll-2\">\n\t    <!-- toluna-thumbnail-ratio-1-1 -->\n\t\t<a class=\"post-thumbnail\" href=\"https:\/\/tolunacorporate.com\/fr\/les-francais-et-la-transition-climatique-vague-2\/\">\n\t\t\t<div class=\"post-thumbnail-inner\">\n\t\t\t\t<img decoding=\"async\" width=\"500\" height=\"500\" src=\"https:\/\/tolunacorporate.com\/wp-content\/uploads\/2025\/05\/Les-Francais-et-la-transition-climatique-\u2013-Vague-2.jpg\" class=\"attachment-large size-large wp-post-image\" alt=\"Les Fran\u00e7ais et la transition climatique \u2013 Vague 2\" srcset=\"https:\/\/tolunacorporate.com\/wp-content\/uploads\/2025\/05\/Les-Francais-et-la-transition-climatique-\u2013-Vague-2.jpg 500w, https:\/\/tolunacorporate.com\/wp-content\/uploads\/2025\/05\/Les-Francais-et-la-transition-climatique-\u2013-Vague-2-300x300.jpg 300w, https:\/\/tolunacorporate.com\/wp-content\/uploads\/2025\/05\/Les-Francais-et-la-transition-climatique-\u2013-Vague-2-150x150.jpg 150w\" sizes=\"(max-width: 500px) 100vw, 500px\" style=\"width:100%;height:100%;max-width:500px;\" \/>\t\t\t<\/div>\n\t\t<\/a><!-- .post-thumbnail -->\n\t\t\t<div class=\"entry-content-wrap\">\n\t\t<header class=\"entry-header\">\n\t\t<div class=\"entry-taxonomies\">\n\t\t\t\t\t\t<span class=\"posted-on\">\n\t\t\t\t\t<svg width=\"20\" height=\"22\" viewBox=\"0 0 20 22\" fill=\"none\" xmlns=\"http:\/\/www.w3.org\/2000\/svg\"><path d=\"M18 2H17V1C17 0.45 16.55 0 16 0C15.45 0 15 0.45 15 1V2H5V1C5 0.45 4.55 0 4 0C3.45 0 3 0.45 3 1V2H2C0.9 2 0 2.9 0 4V20C0 21.1 0.9 22 2 22H18C19.1 22 20 21.1 20 20V4C20 2.9 19.1 2 18 2ZM17 20H3C2.45 20 2 19.55 2 19V7H18V19C18 19.55 17.55 20 17 20Z\" fill=\"#007EE2\"\/><\/svg>\n\t\t\t\t\t<time class=\"entry-date published\" datetime=\"2024-04-12T03:50:34+02:00\">12 Avr 2024<\/time><time class=\"updated\" datetime=\"2025-05-09T03:56:00+02:00\">9 mai 2025<\/time>\t\t\t\t<\/span>\n\t\t\t\t<\/div><!-- .entry-taxonomies -->\n\t<h6 class=\"entry-title\"><a href=\"https:\/\/tolunacorporate.com\/fr\/les-francais-et-la-transition-climatique-vague-2\/\" rel=\"bookmark\">Les Fran\u00e7ais et la transition climatique \u2013 Vague 2<\/a><\/h6><\/header><!-- .entry-header -->\n<footer class=\"entry-footer\">\n\t\t\t<div class=\"entry-actions\">\n\t\t\t<p class=\"more-link-wrap\">\n\t\t\t\t<a href=\"https:\/\/tolunacorporate.com\/fr\/les-francais-et-la-transition-climatique-vague-2\/\" class=\"post-more-link\">\n\t\t\t\t\tEN SAVOIR PLUS<span class=\"screen-reader-text\"> Les Fran\u00e7ais et la transition climatique \u2013 Vague 2<\/span><span class=\"toluna-svg-iconset svg-baseline\"><svg width=\"24\" height=\"25\" viewBox=\"0 0 24 25\" fill=\"none\" xmlns=\"http:\/\/www.w3.org\/2000\/svg\"><g clip-path=\"url(#clip0_3349_8828)\"><path d=\"M7.38048 21.9288C7.87048 22.4188 8.66048 22.4188 9.15048 21.9288L17.4605 13.6187C17.8505 13.2287 17.8505 12.5988 17.4605 12.2087L9.15048 3.89875C8.66048 3.40875 7.87048 3.40875 7.38048 3.89875C6.89048 4.38875 6.89048 5.17875 7.38048 5.66875L14.6205 12.9187L7.37048 20.1688C6.89048 20.6488 6.89048 21.4488 7.38048 21.9288Z\" fill=\"#007EE2\"\/><\/g><defs><clipPath id=\"clip0_3349_8828\"><rect width=\"24\" height=\"24\" fill=\"white\" transform=\"translate(0 0.917969)\"\/><\/clipPath><\/defs><\/svg><\/span>\t\t\t\t<\/a>\n\t\t\t<\/p>\n\t\t<\/div><!-- .entry-actions -->\n\t\t<\/footer><!-- .entry-footer -->\n\t<\/div>\n<\/article>\n<article class=\"entry content-bg loop-entry post-14368 post type-post status-publish format-standard has-post-thumbnail hentry category-france-fr tag-poll-2\">\n\t    <!-- toluna-thumbnail-ratio-1-1 -->\n\t\t<a class=\"post-thumbnail\" href=\"https:\/\/tolunacorporate.com\/fr\/barometre-dintentions-de-vote-aux-elections-europeennes-2024-vague-5\/\">\n\t\t\t<div class=\"post-thumbnail-inner\">\n\t\t\t\t<img decoding=\"async\" width=\"1024\" height=\"1024\" src=\"https:\/\/tolunacorporate.com\/wp-content\/uploads\/2025\/05\/Barometre-dintentions-de-vote-aux-elections-europeennes-2024-\u2013-Vague-5-1024x1024.png\" class=\"attachment-large size-large wp-post-image\" alt=\"Barom\u00e8tre d\u2019intentions de vote aux \u00e9lections europ\u00e9ennes 2024 \u2013 Vague 5\" srcset=\"https:\/\/tolunacorporate.com\/wp-content\/uploads\/2025\/05\/Barometre-dintentions-de-vote-aux-elections-europeennes-2024-\u2013-Vague-5-1024x1024.png 1024w, https:\/\/tolunacorporate.com\/wp-content\/uploads\/2025\/05\/Barometre-dintentions-de-vote-aux-elections-europeennes-2024-\u2013-Vague-5-300x300.png 300w, https:\/\/tolunacorporate.com\/wp-content\/uploads\/2025\/05\/Barometre-dintentions-de-vote-aux-elections-europeennes-2024-\u2013-Vague-5-150x150.png 150w, https:\/\/tolunacorporate.com\/wp-content\/uploads\/2025\/05\/Barometre-dintentions-de-vote-aux-elections-europeennes-2024-\u2013-Vague-5-768x768.png 768w, https:\/\/tolunacorporate.com\/wp-content\/uploads\/2025\/05\/Barometre-dintentions-de-vote-aux-elections-europeennes-2024-\u2013-Vague-5.png 1080w\" sizes=\"(max-width: 1024px) 100vw, 1024px\" style=\"width:100%;height:100%;max-width:1080px;\" \/>\t\t\t<\/div>\n\t\t<\/a><!-- .post-thumbnail -->\n\t\t\t<div class=\"entry-content-wrap\">\n\t\t<header class=\"entry-header\">\n\t\t<div class=\"entry-taxonomies\">\n\t\t\t\t\t\t<span class=\"posted-on\">\n\t\t\t\t\t<svg width=\"20\" height=\"22\" viewBox=\"0 0 20 22\" fill=\"none\" xmlns=\"http:\/\/www.w3.org\/2000\/svg\"><path d=\"M18 2H17V1C17 0.45 16.55 0 16 0C15.45 0 15 0.45 15 1V2H5V1C5 0.45 4.55 0 4 0C3.45 0 3 0.45 3 1V2H2C0.9 2 0 2.9 0 4V20C0 21.1 0.9 22 2 22H18C19.1 22 20 21.1 20 20V4C20 2.9 19.1 2 18 2ZM17 20H3C2.45 20 2 19.55 2 19V7H18V19C18 19.55 17.55 20 17 20Z\" fill=\"#007EE2\"\/><\/svg>\n\t\t\t\t\t<time class=\"entry-date published\" datetime=\"2024-04-10T03:57:22+02:00\">10 Avr 2024<\/time><time class=\"updated\" datetime=\"2025-05-10T23:59:53+02:00\">10 mai 2025<\/time>\t\t\t\t<\/span>\n\t\t\t\t<\/div><!-- .entry-taxonomies -->\n\t<h6 class=\"entry-title\"><a href=\"https:\/\/tolunacorporate.com\/fr\/barometre-dintentions-de-vote-aux-elections-europeennes-2024-vague-5\/\" rel=\"bookmark\">Barom\u00e8tre d\u2019intentions de vote aux \u00e9lections europ\u00e9ennes 2024 \u2013 Vague 5<\/a><\/h6><\/header><!-- .entry-header -->\n<footer class=\"entry-footer\">\n\t\t\t<div class=\"entry-actions\">\n\t\t\t<p class=\"more-link-wrap\">\n\t\t\t\t<a href=\"https:\/\/tolunacorporate.com\/fr\/barometre-dintentions-de-vote-aux-elections-europeennes-2024-vague-5\/\" class=\"post-more-link\">\n\t\t\t\t\tEN SAVOIR PLUS<span class=\"screen-reader-text\"> Barom\u00e8tre d\u2019intentions de vote aux \u00e9lections europ\u00e9ennes 2024 \u2013 Vague 5<\/span><span class=\"toluna-svg-iconset svg-baseline\"><svg width=\"24\" height=\"25\" viewBox=\"0 0 24 25\" fill=\"none\" xmlns=\"http:\/\/www.w3.org\/2000\/svg\"><g clip-path=\"url(#clip0_3349_8828)\"><path d=\"M7.38048 21.9288C7.87048 22.4188 8.66048 22.4188 9.15048 21.9288L17.4605 13.6187C17.8505 13.2287 17.8505 12.5988 17.4605 12.2087L9.15048 3.89875C8.66048 3.40875 7.87048 3.40875 7.38048 3.89875C6.89048 4.38875 6.89048 5.17875 7.38048 5.66875L14.6205 12.9187L7.37048 20.1688C6.89048 20.6488 6.89048 21.4488 7.38048 21.9288Z\" fill=\"#007EE2\"\/><\/g><defs><clipPath id=\"clip0_3349_8828\"><rect width=\"24\" height=\"24\" fill=\"white\" transform=\"translate(0 0.917969)\"\/><\/clipPath><\/defs><\/svg><\/span>\t\t\t\t<\/a>\n\t\t\t<\/p>\n\t\t<\/div><!-- .entry-actions -->\n\t\t<\/footer><!-- .entry-footer -->\n\t<\/div>\n<\/article>\n<article class=\"entry content-bg loop-entry post-14377 post type-post status-publish format-standard has-post-thumbnail hentry category-france-fr tag-poll-2\">\n\t    <!-- toluna-thumbnail-ratio-1-1 -->\n\t\t<a class=\"post-thumbnail\" href=\"https:\/\/tolunacorporate.com\/fr\/les-francais-lobesite-et-la-denutrition\/\">\n\t\t\t<div class=\"post-thumbnail-inner\">\n\t\t\t\t<img decoding=\"async\" width=\"1024\" height=\"1024\" src=\"https:\/\/tolunacorporate.com\/wp-content\/uploads\/2025\/05\/Les-Francais-lobesite-et-la-denutrition-1024x1024.jpg\" class=\"attachment-large size-large wp-post-image\" alt=\"Les Fran\u00e7ais, l\u2019ob\u00e9sit\u00e9 et la d\u00e9nutrition\" srcset=\"https:\/\/tolunacorporate.com\/wp-content\/uploads\/2025\/05\/Les-Francais-lobesite-et-la-denutrition-1024x1024.jpg 1024w, https:\/\/tolunacorporate.com\/wp-content\/uploads\/2025\/05\/Les-Francais-lobesite-et-la-denutrition-300x300.jpg 300w, https:\/\/tolunacorporate.com\/wp-content\/uploads\/2025\/05\/Les-Francais-lobesite-et-la-denutrition-150x150.jpg 150w, https:\/\/tolunacorporate.com\/wp-content\/uploads\/2025\/05\/Les-Francais-lobesite-et-la-denutrition-768x768.jpg 768w, https:\/\/tolunacorporate.com\/wp-content\/uploads\/2025\/05\/Les-Francais-lobesite-et-la-denutrition.jpg 1536w\" sizes=\"(max-width: 1024px) 100vw, 1024px\" style=\"width:100%;height:100%;max-width:1536px;\" \/>\t\t\t<\/div>\n\t\t<\/a><!-- .post-thumbnail -->\n\t\t\t<div class=\"entry-content-wrap\">\n\t\t<header class=\"entry-header\">\n\t\t<div class=\"entry-taxonomies\">\n\t\t\t\t\t\t<span class=\"posted-on\">\n\t\t\t\t\t<svg width=\"20\" height=\"22\" viewBox=\"0 0 20 22\" fill=\"none\" xmlns=\"http:\/\/www.w3.org\/2000\/svg\"><path d=\"M18 2H17V1C17 0.45 16.55 0 16 0C15.45 0 15 0.45 15 1V2H5V1C5 0.45 4.55 0 4 0C3.45 0 3 0.45 3 1V2H2C0.9 2 0 2.9 0 4V20C0 21.1 0.9 22 2 22H18C19.1 22 20 21.1 20 20V4C20 2.9 19.1 2 18 2ZM17 20H3C2.45 20 2 19.55 2 19V7H18V19C18 19.55 17.55 20 17 20Z\" fill=\"#007EE2\"\/><\/svg>\n\t\t\t\t\t<time class=\"entry-date published\" datetime=\"2024-04-05T03:59:35+02:00\">5 Avr 2024<\/time><time class=\"updated\" datetime=\"2025-05-11T00:01:11+02:00\">11 mai 2025<\/time>\t\t\t\t<\/span>\n\t\t\t\t<\/div><!-- .entry-taxonomies -->\n\t<h6 class=\"entry-title\"><a href=\"https:\/\/tolunacorporate.com\/fr\/les-francais-lobesite-et-la-denutrition\/\" rel=\"bookmark\">Les Fran\u00e7ais, l\u2019ob\u00e9sit\u00e9 et la d\u00e9nutrition<\/a><\/h6><\/header><!-- .entry-header -->\n<footer class=\"entry-footer\">\n\t\t\t<div class=\"entry-actions\">\n\t\t\t<p class=\"more-link-wrap\">\n\t\t\t\t<a href=\"https:\/\/tolunacorporate.com\/fr\/les-francais-lobesite-et-la-denutrition\/\" class=\"post-more-link\">\n\t\t\t\t\tEN SAVOIR PLUS<span class=\"screen-reader-text\"> Les Fran\u00e7ais, l\u2019ob\u00e9sit\u00e9 et la d\u00e9nutrition<\/span><span class=\"toluna-svg-iconset svg-baseline\"><svg width=\"24\" height=\"25\" viewBox=\"0 0 24 25\" fill=\"none\" xmlns=\"http:\/\/www.w3.org\/2000\/svg\"><g clip-path=\"url(#clip0_3349_8828)\"><path d=\"M7.38048 21.9288C7.87048 22.4188 8.66048 22.4188 9.15048 21.9288L17.4605 13.6187C17.8505 13.2287 17.8505 12.5988 17.4605 12.2087L9.15048 3.89875C8.66048 3.40875 7.87048 3.40875 7.38048 3.89875C6.89048 4.38875 6.89048 5.17875 7.38048 5.66875L14.6205 12.9187L7.37048 20.1688C6.89048 20.6488 6.89048 21.4488 7.38048 21.9288Z\" fill=\"#007EE2\"\/><\/g><defs><clipPath id=\"clip0_3349_8828\"><rect width=\"24\" height=\"24\" fill=\"white\" transform=\"translate(0 0.917969)\"\/><\/clipPath><\/defs><\/svg><\/span>\t\t\t\t<\/a>\n\t\t\t<\/p>\n\t\t<\/div><!-- .entry-actions -->\n\t\t<\/footer><!-- .entry-footer -->\n\t<\/div>\n<\/article>\n<article class=\"entry content-bg loop-entry post-14395 post type-post status-publish format-standard has-post-thumbnail hentry category-france-fr tag-poll-2\">\n\t    <!-- toluna-thumbnail-ratio-1-1 -->\n\t\t<a class=\"post-thumbnail\" href=\"https:\/\/tolunacorporate.com\/fr\/observatoire-parlement-vague-6\/\">\n\t\t\t<div class=\"post-thumbnail-inner\">\n\t\t\t\t<img decoding=\"async\" width=\"500\" height=\"500\" src=\"https:\/\/tolunacorporate.com\/wp-content\/uploads\/2025\/05\/Observatoire-Parlement-\u2013-Vague-6.jpg\" class=\"attachment-large size-large wp-post-image\" alt=\"Observatoire Parlement \u2013 Vague 6\" srcset=\"https:\/\/tolunacorporate.com\/wp-content\/uploads\/2025\/05\/Observatoire-Parlement-\u2013-Vague-6.jpg 500w, https:\/\/tolunacorporate.com\/wp-content\/uploads\/2025\/05\/Observatoire-Parlement-\u2013-Vague-6-300x300.jpg 300w, https:\/\/tolunacorporate.com\/wp-content\/uploads\/2025\/05\/Observatoire-Parlement-\u2013-Vague-6-150x150.jpg 150w\" sizes=\"(max-width: 500px) 100vw, 500px\" style=\"width:100%;height:100%;max-width:500px;\" \/>\t\t\t<\/div>\n\t\t<\/a><!-- .post-thumbnail -->\n\t\t\t<div class=\"entry-content-wrap\">\n\t\t<header class=\"entry-header\">\n\t\t<div class=\"entry-taxonomies\">\n\t\t\t\t\t\t<span class=\"posted-on\">\n\t\t\t\t\t<svg width=\"20\" height=\"22\" viewBox=\"0 0 20 22\" fill=\"none\" xmlns=\"http:\/\/www.w3.org\/2000\/svg\"><path d=\"M18 2H17V1C17 0.45 16.55 0 16 0C15.45 0 15 0.45 15 1V2H5V1C5 0.45 4.55 0 4 0C3.45 0 3 0.45 3 1V2H2C0.9 2 0 2.9 0 4V20C0 21.1 0.9 22 2 22H18C19.1 22 20 21.1 20 20V4C20 2.9 19.1 2 18 2ZM17 20H3C2.45 20 2 19.55 2 19V7H18V19C18 19.55 17.55 20 17 20Z\" fill=\"#007EE2\"\/><\/svg>\n\t\t\t\t\t<time class=\"entry-date published\" datetime=\"2024-04-03T04:03:43+02:00\">3 Avr 2024<\/time><time class=\"updated\" datetime=\"2025-05-11T00:03:10+02:00\">11 mai 2025<\/time>\t\t\t\t<\/span>\n\t\t\t\t<\/div><!-- .entry-taxonomies -->\n\t<h6 class=\"entry-title\"><a href=\"https:\/\/tolunacorporate.com\/fr\/observatoire-parlement-vague-6\/\" rel=\"bookmark\">Observatoire Parlement \u2013 Vague 6<\/a><\/h6><\/header><!-- .entry-header -->\n<footer class=\"entry-footer\">\n\t\t\t<div class=\"entry-actions\">\n\t\t\t<p class=\"more-link-wrap\">\n\t\t\t\t<a href=\"https:\/\/tolunacorporate.com\/fr\/observatoire-parlement-vague-6\/\" class=\"post-more-link\">\n\t\t\t\t\tEN SAVOIR PLUS<span class=\"screen-reader-text\"> Observatoire Parlement \u2013 Vague 6<\/span><span class=\"toluna-svg-iconset svg-baseline\"><svg width=\"24\" height=\"25\" viewBox=\"0 0 24 25\" fill=\"none\" xmlns=\"http:\/\/www.w3.org\/2000\/svg\"><g clip-path=\"url(#clip0_3349_8828)\"><path d=\"M7.38048 21.9288C7.87048 22.4188 8.66048 22.4188 9.15048 21.9288L17.4605 13.6187C17.8505 13.2287 17.8505 12.5988 17.4605 12.2087L9.15048 3.89875C8.66048 3.40875 7.87048 3.40875 7.38048 3.89875C6.89048 4.38875 6.89048 5.17875 7.38048 5.66875L14.6205 12.9187L7.37048 20.1688C6.89048 20.6488 6.89048 21.4488 7.38048 21.9288Z\" fill=\"#007EE2\"\/><\/g><defs><clipPath id=\"clip0_3349_8828\"><rect width=\"24\" height=\"24\" fill=\"white\" transform=\"translate(0 0.917969)\"\/><\/clipPath><\/defs><\/svg><\/span>\t\t\t\t<\/a>\n\t\t\t<\/p>\n\t\t<\/div><!-- .entry-actions -->\n\t\t<\/footer><!-- .entry-footer -->\n\t<\/div>\n<\/article>\n<article class=\"entry content-bg loop-entry post-14386 post type-post status-publish format-standard has-post-thumbnail hentry category-france-fr tag-poll-2\">\n\t    <!-- toluna-thumbnail-ratio-1-1 -->\n\t\t<a class=\"post-thumbnail\" href=\"https:\/\/tolunacorporate.com\/fr\/barometre-dintentions-de-vote-aux-elections-europeennes-2024-vague-4\/\">\n\t\t\t<div class=\"post-thumbnail-inner\">\n\t\t\t\t<img decoding=\"async\" width=\"1024\" height=\"1024\" src=\"https:\/\/tolunacorporate.com\/wp-content\/uploads\/2025\/05\/Barometre-dintentions-de-vote-aux-elections-europeennes-2024-\u2013-Vague-4-1024x1024.png\" class=\"attachment-large size-large wp-post-image\" alt=\"Barom\u00e8tre d\u2019intentions de vote aux \u00e9lections europ\u00e9ennes 2024 \u2013 Vague 4\" srcset=\"https:\/\/tolunacorporate.com\/wp-content\/uploads\/2025\/05\/Barometre-dintentions-de-vote-aux-elections-europeennes-2024-\u2013-Vague-4-1024x1024.png 1024w, https:\/\/tolunacorporate.com\/wp-content\/uploads\/2025\/05\/Barometre-dintentions-de-vote-aux-elections-europeennes-2024-\u2013-Vague-4-300x300.png 300w, https:\/\/tolunacorporate.com\/wp-content\/uploads\/2025\/05\/Barometre-dintentions-de-vote-aux-elections-europeennes-2024-\u2013-Vague-4-150x150.png 150w, https:\/\/tolunacorporate.com\/wp-content\/uploads\/2025\/05\/Barometre-dintentions-de-vote-aux-elections-europeennes-2024-\u2013-Vague-4-768x768.png 768w, https:\/\/tolunacorporate.com\/wp-content\/uploads\/2025\/05\/Barometre-dintentions-de-vote-aux-elections-europeennes-2024-\u2013-Vague-4.png 1080w\" sizes=\"(max-width: 1024px) 100vw, 1024px\" style=\"width:100%;height:100%;max-width:1080px;\" \/>\t\t\t<\/div>\n\t\t<\/a><!-- .post-thumbnail -->\n\t\t\t<div class=\"entry-content-wrap\">\n\t\t<header class=\"entry-header\">\n\t\t<div class=\"entry-taxonomies\">\n\t\t\t\t\t\t<span class=\"posted-on\">\n\t\t\t\t\t<svg width=\"20\" height=\"22\" viewBox=\"0 0 20 22\" fill=\"none\" xmlns=\"http:\/\/www.w3.org\/2000\/svg\"><path d=\"M18 2H17V1C17 0.45 16.55 0 16 0C15.45 0 15 0.45 15 1V2H5V1C5 0.45 4.55 0 4 0C3.45 0 3 0.45 3 1V2H2C0.9 2 0 2.9 0 4V20C0 21.1 0.9 22 2 22H18C19.1 22 20 21.1 20 20V4C20 2.9 19.1 2 18 2ZM17 20H3C2.45 20 2 19.55 2 19V7H18V19C18 19.55 17.55 20 17 20Z\" fill=\"#007EE2\"\/><\/svg>\n\t\t\t\t\t<time class=\"entry-date published\" datetime=\"2024-04-03T04:01:19+02:00\">3 Avr 2024<\/time><time class=\"updated\" datetime=\"2025-05-11T00:05:55+02:00\">11 mai 2025<\/time>\t\t\t\t<\/span>\n\t\t\t\t<\/div><!-- .entry-taxonomies -->\n\t<h6 class=\"entry-title\"><a href=\"https:\/\/tolunacorporate.com\/fr\/barometre-dintentions-de-vote-aux-elections-europeennes-2024-vague-4\/\" rel=\"bookmark\">Barom\u00e8tre d\u2019intentions de vote aux \u00e9lections europ\u00e9ennes 2024 \u2013 Vague 4<\/a><\/h6><\/header><!-- .entry-header -->\n<footer class=\"entry-footer\">\n\t\t\t<div class=\"entry-actions\">\n\t\t\t<p class=\"more-link-wrap\">\n\t\t\t\t<a href=\"https:\/\/tolunacorporate.com\/fr\/barometre-dintentions-de-vote-aux-elections-europeennes-2024-vague-4\/\" class=\"post-more-link\">\n\t\t\t\t\tEN SAVOIR PLUS<span class=\"screen-reader-text\"> Barom\u00e8tre d\u2019intentions de vote aux \u00e9lections europ\u00e9ennes 2024 \u2013 Vague 4<\/span><span class=\"toluna-svg-iconset svg-baseline\"><svg width=\"24\" height=\"25\" viewBox=\"0 0 24 25\" fill=\"none\" xmlns=\"http:\/\/www.w3.org\/2000\/svg\"><g clip-path=\"url(#clip0_3349_8828)\"><path d=\"M7.38048 21.9288C7.87048 22.4188 8.66048 22.4188 9.15048 21.9288L17.4605 13.6187C17.8505 13.2287 17.8505 12.5988 17.4605 12.2087L9.15048 3.89875C8.66048 3.40875 7.87048 3.40875 7.38048 3.89875C6.89048 4.38875 6.89048 5.17875 7.38048 5.66875L14.6205 12.9187L7.37048 20.1688C6.89048 20.6488 6.89048 21.4488 7.38048 21.9288Z\" fill=\"#007EE2\"\/><\/g><defs><clipPath id=\"clip0_3349_8828\"><rect width=\"24\" height=\"24\" fill=\"white\" transform=\"translate(0 0.917969)\"\/><\/clipPath><\/defs><\/svg><\/span>\t\t\t\t<\/a>\n\t\t\t<\/p>\n\t\t<\/div><!-- .entry-actions -->\n\t\t<\/footer><!-- .entry-footer -->\n\t<\/div>\n<\/article>\n<article class=\"entry content-bg loop-entry post-14413 post type-post status-publish format-standard has-post-thumbnail hentry category-france-fr tag-poll-2\">\n\t    <!-- toluna-thumbnail-ratio-1-1 -->\n\t\t<a class=\"post-thumbnail\" href=\"https:\/\/tolunacorporate.com\/fr\/les-urbains-et-leur-rapport-a-la-mobilite\/\">\n\t\t\t<div class=\"post-thumbnail-inner\">\n\t\t\t\t<img decoding=\"async\" width=\"1024\" height=\"1024\" src=\"https:\/\/tolunacorporate.com\/wp-content\/uploads\/2025\/05\/Les-urbains-et-leur-rapport-a-la-mobilite-1024x1024.jpg\" class=\"attachment-large size-large wp-post-image\" alt=\"Les urbains et leur rapport \u00e0 la mobilit\u00e9\" srcset=\"https:\/\/tolunacorporate.com\/wp-content\/uploads\/2025\/05\/Les-urbains-et-leur-rapport-a-la-mobilite-1024x1024.jpg 1024w, https:\/\/tolunacorporate.com\/wp-content\/uploads\/2025\/05\/Les-urbains-et-leur-rapport-a-la-mobilite-300x300.jpg 300w, https:\/\/tolunacorporate.com\/wp-content\/uploads\/2025\/05\/Les-urbains-et-leur-rapport-a-la-mobilite-150x150.jpg 150w, https:\/\/tolunacorporate.com\/wp-content\/uploads\/2025\/05\/Les-urbains-et-leur-rapport-a-la-mobilite-768x768.jpg 768w, https:\/\/tolunacorporate.com\/wp-content\/uploads\/2025\/05\/Les-urbains-et-leur-rapport-a-la-mobilite.jpg 1536w\" sizes=\"(max-width: 1024px) 100vw, 1024px\" style=\"width:100%;height:100%;max-width:1536px;\" \/>\t\t\t<\/div>\n\t\t<\/a><!-- .post-thumbnail -->\n\t\t\t<div class=\"entry-content-wrap\">\n\t\t<header class=\"entry-header\">\n\t\t<div class=\"entry-taxonomies\">\n\t\t\t\t\t\t<span class=\"posted-on\">\n\t\t\t\t\t<svg width=\"20\" height=\"22\" viewBox=\"0 0 20 22\" fill=\"none\" xmlns=\"http:\/\/www.w3.org\/2000\/svg\"><path d=\"M18 2H17V1C17 0.45 16.55 0 16 0C15.45 0 15 0.45 15 1V2H5V1C5 0.45 4.55 0 4 0C3.45 0 3 0.45 3 1V2H2C0.9 2 0 2.9 0 4V20C0 21.1 0.9 22 2 22H18C19.1 22 20 21.1 20 20V4C20 2.9 19.1 2 18 2ZM17 20H3C2.45 20 2 19.55 2 19V7H18V19C18 19.55 17.55 20 17 20Z\" fill=\"#007EE2\"\/><\/svg>\n\t\t\t\t\t<time class=\"entry-date published\" datetime=\"2024-03-29T04:39:22+01:00\">29 Mars 2024<\/time><time class=\"updated\" datetime=\"2025-05-11T00:08:24+02:00\">11 mai 2025<\/time>\t\t\t\t<\/span>\n\t\t\t\t<\/div><!-- .entry-taxonomies -->\n\t<h6 class=\"entry-title\"><a href=\"https:\/\/tolunacorporate.com\/fr\/les-urbains-et-leur-rapport-a-la-mobilite\/\" rel=\"bookmark\">Les urbains et leur rapport \u00e0 la mobilit\u00e9<\/a><\/h6><\/header><!-- .entry-header -->\n<footer class=\"entry-footer\">\n\t\t\t<div class=\"entry-actions\">\n\t\t\t<p class=\"more-link-wrap\">\n\t\t\t\t<a href=\"https:\/\/tolunacorporate.com\/fr\/les-urbains-et-leur-rapport-a-la-mobilite\/\" class=\"post-more-link\">\n\t\t\t\t\tEN SAVOIR PLUS<span class=\"screen-reader-text\"> Les urbains et leur rapport \u00e0 la mobilit\u00e9<\/span><span class=\"toluna-svg-iconset svg-baseline\"><svg width=\"24\" height=\"25\" viewBox=\"0 0 24 25\" fill=\"none\" xmlns=\"http:\/\/www.w3.org\/2000\/svg\"><g clip-path=\"url(#clip0_3349_8828)\"><path d=\"M7.38048 21.9288C7.87048 22.4188 8.66048 22.4188 9.15048 21.9288L17.4605 13.6187C17.8505 13.2287 17.8505 12.5988 17.4605 12.2087L9.15048 3.89875C8.66048 3.40875 7.87048 3.40875 7.38048 3.89875C6.89048 4.38875 6.89048 5.17875 7.38048 5.66875L14.6205 12.9187L7.37048 20.1688C6.89048 20.6488 6.89048 21.4488 7.38048 21.9288Z\" fill=\"#007EE2\"\/><\/g><defs><clipPath id=\"clip0_3349_8828\"><rect width=\"24\" height=\"24\" fill=\"white\" transform=\"translate(0 0.917969)\"\/><\/clipPath><\/defs><\/svg><\/span>\t\t\t\t<\/a>\n\t\t\t<\/p>\n\t\t<\/div><!-- .entry-actions -->\n\t\t<\/footer><!-- .entry-footer -->\n\t<\/div>\n<\/article>\n<article class=\"entry content-bg loop-entry post-14404 post type-post status-publish format-standard has-post-thumbnail hentry category-france-fr tag-poll-2\">\n\t    <!-- toluna-thumbnail-ratio-1-1 -->\n\t\t<a class=\"post-thumbnail\" href=\"https:\/\/tolunacorporate.com\/fr\/barometre-de-confiance-politique-mars-2024\/\">\n\t\t\t<div class=\"post-thumbnail-inner\">\n\t\t\t\t<img decoding=\"async\" width=\"500\" height=\"500\" src=\"https:\/\/tolunacorporate.com\/wp-content\/uploads\/2025\/05\/Barometre-de-confiance-politique-\u2013-Mars-2024.jpg\" class=\"attachment-large size-large wp-post-image\" alt=\"Barom\u00e8tre de confiance politique \u2013 Mars 2024\" srcset=\"https:\/\/tolunacorporate.com\/wp-content\/uploads\/2025\/05\/Barometre-de-confiance-politique-\u2013-Mars-2024.jpg 500w, https:\/\/tolunacorporate.com\/wp-content\/uploads\/2025\/05\/Barometre-de-confiance-politique-\u2013-Mars-2024-300x300.jpg 300w, https:\/\/tolunacorporate.com\/wp-content\/uploads\/2025\/05\/Barometre-de-confiance-politique-\u2013-Mars-2024-150x150.jpg 150w\" sizes=\"(max-width: 500px) 100vw, 500px\" style=\"width:100%;height:100%;max-width:500px;\" \/>\t\t\t<\/div>\n\t\t<\/a><!-- .post-thumbnail -->\n\t\t\t<div class=\"entry-content-wrap\">\n\t\t<header class=\"entry-header\">\n\t\t<div class=\"entry-taxonomies\">\n\t\t\t\t\t\t<span class=\"posted-on\">\n\t\t\t\t\t<svg width=\"20\" height=\"22\" viewBox=\"0 0 20 22\" fill=\"none\" xmlns=\"http:\/\/www.w3.org\/2000\/svg\"><path d=\"M18 2H17V1C17 0.45 16.55 0 16 0C15.45 0 15 0.45 15 1V2H5V1C5 0.45 4.55 0 4 0C3.45 0 3 0.45 3 1V2H2C0.9 2 0 2.9 0 4V20C0 21.1 0.9 22 2 22H18C19.1 22 20 21.1 20 20V4C20 2.9 19.1 2 18 2ZM17 20H3C2.45 20 2 19.55 2 19V7H18V19C18 19.55 17.55 20 17 20Z\" fill=\"#007EE2\"\/><\/svg>\n\t\t\t\t\t<time class=\"entry-date published\" datetime=\"2024-03-29T04:05:50+01:00\">29 Mars 2024<\/time><time class=\"updated\" datetime=\"2025-05-11T00:12:44+02:00\">11 mai 2025<\/time>\t\t\t\t<\/span>\n\t\t\t\t<\/div><!-- .entry-taxonomies -->\n\t<h6 class=\"entry-title\"><a href=\"https:\/\/tolunacorporate.com\/fr\/barometre-de-confiance-politique-mars-2024\/\" rel=\"bookmark\">Barom\u00e8tre de confiance politique \u2013 Mars 2024<\/a><\/h6><\/header><!-- .entry-header -->\n<footer class=\"entry-footer\">\n\t\t\t<div class=\"entry-actions\">\n\t\t\t<p class=\"more-link-wrap\">\n\t\t\t\t<a href=\"https:\/\/tolunacorporate.com\/fr\/barometre-de-confiance-politique-mars-2024\/\" class=\"post-more-link\">\n\t\t\t\t\tEN SAVOIR PLUS<span class=\"screen-reader-text\"> Barom\u00e8tre de confiance politique \u2013 Mars 2024<\/span><span class=\"toluna-svg-iconset svg-baseline\"><svg width=\"24\" height=\"25\" viewBox=\"0 0 24 25\" fill=\"none\" xmlns=\"http:\/\/www.w3.org\/2000\/svg\"><g clip-path=\"url(#clip0_3349_8828)\"><path d=\"M7.38048 21.9288C7.87048 22.4188 8.66048 22.4188 9.15048 21.9288L17.4605 13.6187C17.8505 13.2287 17.8505 12.5988 17.4605 12.2087L9.15048 3.89875C8.66048 3.40875 7.87048 3.40875 7.38048 3.89875C6.89048 4.38875 6.89048 5.17875 7.38048 5.66875L14.6205 12.9187L7.37048 20.1688C6.89048 20.6488 6.89048 21.4488 7.38048 21.9288Z\" fill=\"#007EE2\"\/><\/g><defs><clipPath id=\"clip0_3349_8828\"><rect width=\"24\" height=\"24\" fill=\"white\" transform=\"translate(0 0.917969)\"\/><\/clipPath><\/defs><\/svg><\/span>\t\t\t\t<\/a>\n\t\t\t<\/p>\n\t\t<\/div><!-- .entry-actions -->\n\t\t<\/footer><!-- .entry-footer -->\n\t<\/div>\n<\/article>\n<article class=\"entry content-bg loop-entry post-14422 post type-post status-publish format-standard has-post-thumbnail hentry category-france-fr tag-poll-2\">\n\t    <!-- toluna-thumbnail-ratio-1-1 -->\n\t\t<a class=\"post-thumbnail\" href=\"https:\/\/tolunacorporate.com\/fr\/barometre-dintentions-de-vote-aux-elections-europeennes-2024-vague-3\/\">\n\t\t\t<div class=\"post-thumbnail-inner\">\n\t\t\t\t<img decoding=\"async\" width=\"1024\" height=\"1024\" src=\"https:\/\/tolunacorporate.com\/wp-content\/uploads\/2025\/05\/Barometre-dintentions-de-vote-aux-elections-europeennes-2024-\u2013-Vague-3-1024x1024.png\" class=\"attachment-large size-large wp-post-image\" alt=\"Barom\u00e8tre d\u2019intentions de vote aux \u00e9lections europ\u00e9ennes 2024 \u2013 Vague 3\" srcset=\"https:\/\/tolunacorporate.com\/wp-content\/uploads\/2025\/05\/Barometre-dintentions-de-vote-aux-elections-europeennes-2024-\u2013-Vague-3-1024x1024.png 1024w, https:\/\/tolunacorporate.com\/wp-content\/uploads\/2025\/05\/Barometre-dintentions-de-vote-aux-elections-europeennes-2024-\u2013-Vague-3-300x300.png 300w, https:\/\/tolunacorporate.com\/wp-content\/uploads\/2025\/05\/Barometre-dintentions-de-vote-aux-elections-europeennes-2024-\u2013-Vague-3-150x150.png 150w, https:\/\/tolunacorporate.com\/wp-content\/uploads\/2025\/05\/Barometre-dintentions-de-vote-aux-elections-europeennes-2024-\u2013-Vague-3-768x768.png 768w, https:\/\/tolunacorporate.com\/wp-content\/uploads\/2025\/05\/Barometre-dintentions-de-vote-aux-elections-europeennes-2024-\u2013-Vague-3.png 1080w\" sizes=\"(max-width: 1024px) 100vw, 1024px\" style=\"width:100%;height:100%;max-width:1080px;\" \/>\t\t\t<\/div>\n\t\t<\/a><!-- .post-thumbnail -->\n\t\t\t<div class=\"entry-content-wrap\">\n\t\t<header class=\"entry-header\">\n\t\t<div class=\"entry-taxonomies\">\n\t\t\t\t\t\t<span class=\"posted-on\">\n\t\t\t\t\t<svg width=\"20\" height=\"22\" viewBox=\"0 0 20 22\" fill=\"none\" xmlns=\"http:\/\/www.w3.org\/2000\/svg\"><path d=\"M18 2H17V1C17 0.45 16.55 0 16 0C15.45 0 15 0.45 15 1V2H5V1C5 0.45 4.55 0 4 0C3.45 0 3 0.45 3 1V2H2C0.9 2 0 2.9 0 4V20C0 21.1 0.9 22 2 22H18C19.1 22 20 21.1 20 20V4C20 2.9 19.1 2 18 2ZM17 20H3C2.45 20 2 19.55 2 19V7H18V19C18 19.55 17.55 20 17 20Z\" fill=\"#007EE2\"\/><\/svg>\n\t\t\t\t\t<time class=\"entry-date published\" datetime=\"2024-03-27T04:42:38+01:00\">27 Mars 2024<\/time><time class=\"updated\" datetime=\"2025-05-11T00:15:14+02:00\">11 mai 2025<\/time>\t\t\t\t<\/span>\n\t\t\t\t<\/div><!-- .entry-taxonomies -->\n\t<h6 class=\"entry-title\"><a href=\"https:\/\/tolunacorporate.com\/fr\/barometre-dintentions-de-vote-aux-elections-europeennes-2024-vague-3\/\" rel=\"bookmark\">Barom\u00e8tre d\u2019intentions de vote aux \u00e9lections europ\u00e9ennes 2024 \u2013 Vague 3<\/a><\/h6><\/header><!-- .entry-header -->\n<footer class=\"entry-footer\">\n\t\t\t<div class=\"entry-actions\">\n\t\t\t<p class=\"more-link-wrap\">\n\t\t\t\t<a href=\"https:\/\/tolunacorporate.com\/fr\/barometre-dintentions-de-vote-aux-elections-europeennes-2024-vague-3\/\" class=\"post-more-link\">\n\t\t\t\t\tEN SAVOIR PLUS<span class=\"screen-reader-text\"> Barom\u00e8tre d\u2019intentions de vote aux \u00e9lections europ\u00e9ennes 2024 \u2013 Vague 3<\/span><span class=\"toluna-svg-iconset svg-baseline\"><svg width=\"24\" height=\"25\" viewBox=\"0 0 24 25\" fill=\"none\" xmlns=\"http:\/\/www.w3.org\/2000\/svg\"><g clip-path=\"url(#clip0_3349_8828)\"><path d=\"M7.38048 21.9288C7.87048 22.4188 8.66048 22.4188 9.15048 21.9288L17.4605 13.6187C17.8505 13.2287 17.8505 12.5988 17.4605 12.2087L9.15048 3.89875C8.66048 3.40875 7.87048 3.40875 7.38048 3.89875C6.89048 4.38875 6.89048 5.17875 7.38048 5.66875L14.6205 12.9187L7.37048 20.1688C6.89048 20.6488 6.89048 21.4488 7.38048 21.9288Z\" fill=\"#007EE2\"\/><\/g><defs><clipPath id=\"clip0_3349_8828\"><rect width=\"24\" height=\"24\" fill=\"white\" transform=\"translate(0 0.917969)\"\/><\/clipPath><\/defs><\/svg><\/span>\t\t\t\t<\/a>\n\t\t\t<\/p>\n\t\t<\/div><!-- .entry-actions -->\n\t\t<\/footer><!-- .entry-footer -->\n\t<\/div>\n<\/article>\n<article class=\"entry content-bg loop-entry post-14431 post type-post status-publish format-standard has-post-thumbnail hentry category-france-fr tag-poll-2\">\n\t    <!-- toluna-thumbnail-ratio-1-1 -->\n\t\t<a class=\"post-thumbnail\" href=\"https:\/\/tolunacorporate.com\/fr\/lutte-contre-le-cancer-de-limportance-de-lespoir-a-chaque-etape-de-la-maladie\/\">\n\t\t\t<div class=\"post-thumbnail-inner\">\n\t\t\t\t<img decoding=\"async\" width=\"1024\" height=\"1024\" src=\"https:\/\/tolunacorporate.com\/wp-content\/uploads\/2025\/05\/Lutte-contre-le-cancer-1024x1024.jpg\" class=\"attachment-large size-large wp-post-image\" alt=\"Lutte contre le cancer : de l\u2019importance de l\u2019espoir \u00e0 chaque \u00e9tape de la maladie\" srcset=\"https:\/\/tolunacorporate.com\/wp-content\/uploads\/2025\/05\/Lutte-contre-le-cancer-1024x1024.jpg 1024w, https:\/\/tolunacorporate.com\/wp-content\/uploads\/2025\/05\/Lutte-contre-le-cancer-300x300.jpg 300w, https:\/\/tolunacorporate.com\/wp-content\/uploads\/2025\/05\/Lutte-contre-le-cancer-150x150.jpg 150w, https:\/\/tolunacorporate.com\/wp-content\/uploads\/2025\/05\/Lutte-contre-le-cancer-768x768.jpg 768w, https:\/\/tolunacorporate.com\/wp-content\/uploads\/2025\/05\/Lutte-contre-le-cancer.jpg 1536w\" sizes=\"(max-width: 1024px) 100vw, 1024px\" style=\"width:100%;height:100%;max-width:1536px;\" \/>\t\t\t<\/div>\n\t\t<\/a><!-- .post-thumbnail -->\n\t\t\t<div class=\"entry-content-wrap\">\n\t\t<header class=\"entry-header\">\n\t\t<div class=\"entry-taxonomies\">\n\t\t\t\t\t\t<span class=\"posted-on\">\n\t\t\t\t\t<svg width=\"20\" height=\"22\" viewBox=\"0 0 20 22\" fill=\"none\" xmlns=\"http:\/\/www.w3.org\/2000\/svg\"><path d=\"M18 2H17V1C17 0.45 16.55 0 16 0C15.45 0 15 0.45 15 1V2H5V1C5 0.45 4.55 0 4 0C3.45 0 3 0.45 3 1V2H2C0.9 2 0 2.9 0 4V20C0 21.1 0.9 22 2 22H18C19.1 22 20 21.1 20 20V4C20 2.9 19.1 2 18 2ZM17 20H3C2.45 20 2 19.55 2 19V7H18V19C18 19.55 17.55 20 17 20Z\" fill=\"#007EE2\"\/><\/svg>\n\t\t\t\t\t<time class=\"entry-date published\" datetime=\"2024-03-22T04:44:56+01:00\">22 Mars 2024<\/time><time class=\"updated\" datetime=\"2025-05-09T04:49:07+02:00\">9 mai 2025<\/time>\t\t\t\t<\/span>\n\t\t\t\t<\/div><!-- .entry-taxonomies -->\n\t<h6 class=\"entry-title\"><a href=\"https:\/\/tolunacorporate.com\/fr\/lutte-contre-le-cancer-de-limportance-de-lespoir-a-chaque-etape-de-la-maladie\/\" rel=\"bookmark\">Lutte contre le cancer : de l\u2019importance de l\u2019espoir \u00e0 chaque \u00e9tape de la maladie<\/a><\/h6><\/header><!-- .entry-header -->\n<footer class=\"entry-footer\">\n\t\t\t<div class=\"entry-actions\">\n\t\t\t<p class=\"more-link-wrap\">\n\t\t\t\t<a href=\"https:\/\/tolunacorporate.com\/fr\/lutte-contre-le-cancer-de-limportance-de-lespoir-a-chaque-etape-de-la-maladie\/\" class=\"post-more-link\">\n\t\t\t\t\tEN SAVOIR PLUS<span class=\"screen-reader-text\"> Lutte contre le cancer : de l\u2019importance de l\u2019espoir \u00e0 chaque \u00e9tape de la maladie<\/span><span class=\"toluna-svg-iconset svg-baseline\"><svg width=\"24\" height=\"25\" viewBox=\"0 0 24 25\" fill=\"none\" xmlns=\"http:\/\/www.w3.org\/2000\/svg\"><g clip-path=\"url(#clip0_3349_8828)\"><path d=\"M7.38048 21.9288C7.87048 22.4188 8.66048 22.4188 9.15048 21.9288L17.4605 13.6187C17.8505 13.2287 17.8505 12.5988 17.4605 12.2087L9.15048 3.89875C8.66048 3.40875 7.87048 3.40875 7.38048 3.89875C6.89048 4.38875 6.89048 5.17875 7.38048 5.66875L14.6205 12.9187L7.37048 20.1688C6.89048 20.6488 6.89048 21.4488 7.38048 21.9288Z\" fill=\"#007EE2\"\/><\/g><defs><clipPath id=\"clip0_3349_8828\"><rect width=\"24\" height=\"24\" fill=\"white\" transform=\"translate(0 0.917969)\"\/><\/clipPath><\/defs><\/svg><\/span>\t\t\t\t<\/a>\n\t\t\t<\/p>\n\t\t<\/div><!-- .entry-actions -->\n\t\t<\/footer><!-- .entry-footer -->\n\t<\/div>\n<\/article>\n<article class=\"entry content-bg loop-entry post-14440 post type-post status-publish format-standard has-post-thumbnail hentry category-france-fr tag-poll-2\">\n\t    <!-- toluna-thumbnail-ratio-1-1 -->\n\t\t<a class=\"post-thumbnail\" href=\"https:\/\/tolunacorporate.com\/fr\/barometre-dintentions-de-vote-aux-elections-europeennes-2024-vague-2\/\">\n\t\t\t<div class=\"post-thumbnail-inner\">\n\t\t\t\t<img decoding=\"async\" width=\"1024\" height=\"1024\" src=\"https:\/\/tolunacorporate.com\/wp-content\/uploads\/2025\/05\/Barometre-dintentions-de-vote-aux-elections-europeennes-2024-\u2013-Vague-2-1024x1024.png\" class=\"attachment-large size-large wp-post-image\" alt=\"Barom\u00e8tre d\u2019intentions de vote aux \u00e9lections europ\u00e9ennes 2024 \u2013 Vague 2\" srcset=\"https:\/\/tolunacorporate.com\/wp-content\/uploads\/2025\/05\/Barometre-dintentions-de-vote-aux-elections-europeennes-2024-\u2013-Vague-2-1024x1024.png 1024w, https:\/\/tolunacorporate.com\/wp-content\/uploads\/2025\/05\/Barometre-dintentions-de-vote-aux-elections-europeennes-2024-\u2013-Vague-2-300x300.png 300w, https:\/\/tolunacorporate.com\/wp-content\/uploads\/2025\/05\/Barometre-dintentions-de-vote-aux-elections-europeennes-2024-\u2013-Vague-2-150x150.png 150w, https:\/\/tolunacorporate.com\/wp-content\/uploads\/2025\/05\/Barometre-dintentions-de-vote-aux-elections-europeennes-2024-\u2013-Vague-2-768x768.png 768w, https:\/\/tolunacorporate.com\/wp-content\/uploads\/2025\/05\/Barometre-dintentions-de-vote-aux-elections-europeennes-2024-\u2013-Vague-2.png 1080w\" sizes=\"(max-width: 1024px) 100vw, 1024px\" style=\"width:100%;height:100%;max-width:1080px;\" \/>\t\t\t<\/div>\n\t\t<\/a><!-- .post-thumbnail -->\n\t\t\t<div class=\"entry-content-wrap\">\n\t\t<header class=\"entry-header\">\n\t\t<div class=\"entry-taxonomies\">\n\t\t\t\t\t\t<span class=\"posted-on\">\n\t\t\t\t\t<svg width=\"20\" height=\"22\" viewBox=\"0 0 20 22\" fill=\"none\" xmlns=\"http:\/\/www.w3.org\/2000\/svg\"><path d=\"M18 2H17V1C17 0.45 16.55 0 16 0C15.45 0 15 0.45 15 1V2H5V1C5 0.45 4.55 0 4 0C3.45 0 3 0.45 3 1V2H2C0.9 2 0 2.9 0 4V20C0 21.1 0.9 22 2 22H18C19.1 22 20 21.1 20 20V4C20 2.9 19.1 2 18 2ZM17 20H3C2.45 20 2 19.55 2 19V7H18V19C18 19.55 17.55 20 17 20Z\" fill=\"#007EE2\"\/><\/svg>\n\t\t\t\t\t<time class=\"entry-date published\" datetime=\"2024-03-20T04:49:46+01:00\">20 Mars 2024<\/time><time class=\"updated\" datetime=\"2025-05-11T00:17:29+02:00\">11 mai 2025<\/time>\t\t\t\t<\/span>\n\t\t\t\t<\/div><!-- .entry-taxonomies -->\n\t<h6 class=\"entry-title\"><a href=\"https:\/\/tolunacorporate.com\/fr\/barometre-dintentions-de-vote-aux-elections-europeennes-2024-vague-2\/\" rel=\"bookmark\">Barom\u00e8tre d\u2019intentions de vote aux \u00e9lections europ\u00e9ennes 2024 \u2013 Vague 2<\/a><\/h6><\/header><!-- .entry-header -->\n<footer class=\"entry-footer\">\n\t\t\t<div class=\"entry-actions\">\n\t\t\t<p class=\"more-link-wrap\">\n\t\t\t\t<a href=\"https:\/\/tolunacorporate.com\/fr\/barometre-dintentions-de-vote-aux-elections-europeennes-2024-vague-2\/\" class=\"post-more-link\">\n\t\t\t\t\tEN SAVOIR PLUS<span class=\"screen-reader-text\"> Barom\u00e8tre d\u2019intentions de vote aux \u00e9lections europ\u00e9ennes 2024 \u2013 Vague 2<\/span><span class=\"toluna-svg-iconset svg-baseline\"><svg width=\"24\" height=\"25\" viewBox=\"0 0 24 25\" fill=\"none\" xmlns=\"http:\/\/www.w3.org\/2000\/svg\"><g clip-path=\"url(#clip0_3349_8828)\"><path d=\"M7.38048 21.9288C7.87048 22.4188 8.66048 22.4188 9.15048 21.9288L17.4605 13.6187C17.8505 13.2287 17.8505 12.5988 17.4605 12.2087L9.15048 3.89875C8.66048 3.40875 7.87048 3.40875 7.38048 3.89875C6.89048 4.38875 6.89048 5.17875 7.38048 5.66875L14.6205 12.9187L7.37048 20.1688C6.89048 20.6488 6.89048 21.4488 7.38048 21.9288Z\" fill=\"#007EE2\"\/><\/g><defs><clipPath id=\"clip0_3349_8828\"><rect width=\"24\" height=\"24\" fill=\"white\" transform=\"translate(0 0.917969)\"\/><\/clipPath><\/defs><\/svg><\/span>\t\t\t\t<\/a>\n\t\t\t<\/p>\n\t\t<\/div><!-- .entry-actions -->\n\t\t<\/footer><!-- .entry-footer -->\n\t<\/div>\n<\/article>\n<article class=\"entry content-bg loop-entry post-14449 post type-post status-publish format-standard has-post-thumbnail hentry category-france-fr tag-poll-2\">\n\t    <!-- toluna-thumbnail-ratio-1-1 -->\n\t\t<a class=\"post-thumbnail\" href=\"https:\/\/tolunacorporate.com\/fr\/les-enfants-et-leducation-financiere-vague-6\/\">\n\t\t\t<div class=\"post-thumbnail-inner\">\n\t\t\t\t<img decoding=\"async\" width=\"1006\" height=\"1024\" src=\"https:\/\/tolunacorporate.com\/wp-content\/uploads\/2025\/05\/Les-enfants-et-leducation-financiere-\u2013-Vague-6-1006x1024.jpg\" class=\"attachment-large size-large wp-post-image\" alt=\"Les enfants et l\u2019\u00e9ducation financi\u00e8re \u2013 Vague 6\" srcset=\"https:\/\/tolunacorporate.com\/wp-content\/uploads\/2025\/05\/Les-enfants-et-leducation-financiere-\u2013-Vague-6-1006x1024.jpg 1006w, https:\/\/tolunacorporate.com\/wp-content\/uploads\/2025\/05\/Les-enfants-et-leducation-financiere-\u2013-Vague-6-295x300.jpg 295w, https:\/\/tolunacorporate.com\/wp-content\/uploads\/2025\/05\/Les-enfants-et-leducation-financiere-\u2013-Vague-6-768x782.jpg 768w, https:\/\/tolunacorporate.com\/wp-content\/uploads\/2025\/05\/Les-enfants-et-leducation-financiere-\u2013-Vague-6.jpg 1509w\" sizes=\"(max-width: 1006px) 100vw, 1006px\" style=\"width:100%;height:101.79%;max-width:1509px;\" \/>\t\t\t<\/div>\n\t\t<\/a><!-- .post-thumbnail -->\n\t\t\t<div class=\"entry-content-wrap\">\n\t\t<header class=\"entry-header\">\n\t\t<div class=\"entry-taxonomies\">\n\t\t\t\t\t\t<span class=\"posted-on\">\n\t\t\t\t\t<svg width=\"20\" height=\"22\" viewBox=\"0 0 20 22\" fill=\"none\" xmlns=\"http:\/\/www.w3.org\/2000\/svg\"><path d=\"M18 2H17V1C17 0.45 16.55 0 16 0C15.45 0 15 0.45 15 1V2H5V1C5 0.45 4.55 0 4 0C3.45 0 3 0.45 3 1V2H2C0.9 2 0 2.9 0 4V20C0 21.1 0.9 22 2 22H18C19.1 22 20 21.1 20 20V4C20 2.9 19.1 2 18 2ZM17 20H3C2.45 20 2 19.55 2 19V7H18V19C18 19.55 17.55 20 17 20Z\" fill=\"#007EE2\"\/><\/svg>\n\t\t\t\t\t<time class=\"entry-date published\" datetime=\"2024-03-18T04:53:14+01:00\">18 Mars 2024<\/time><time class=\"updated\" datetime=\"2025-05-11T00:19:41+02:00\">11 mai 2025<\/time>\t\t\t\t<\/span>\n\t\t\t\t<\/div><!-- .entry-taxonomies -->\n\t<h6 class=\"entry-title\"><a href=\"https:\/\/tolunacorporate.com\/fr\/les-enfants-et-leducation-financiere-vague-6\/\" rel=\"bookmark\">Les enfants et l\u2019\u00e9ducation financi\u00e8re \u2013 Vague 6<\/a><\/h6><\/header><!-- .entry-header -->\n<footer class=\"entry-footer\">\n\t\t\t<div class=\"entry-actions\">\n\t\t\t<p class=\"more-link-wrap\">\n\t\t\t\t<a href=\"https:\/\/tolunacorporate.com\/fr\/les-enfants-et-leducation-financiere-vague-6\/\" class=\"post-more-link\">\n\t\t\t\t\tEN SAVOIR PLUS<span class=\"screen-reader-text\"> Les enfants et l\u2019\u00e9ducation financi\u00e8re \u2013 Vague 6<\/span><span class=\"toluna-svg-iconset svg-baseline\"><svg width=\"24\" height=\"25\" viewBox=\"0 0 24 25\" fill=\"none\" xmlns=\"http:\/\/www.w3.org\/2000\/svg\"><g clip-path=\"url(#clip0_3349_8828)\"><path d=\"M7.38048 21.9288C7.87048 22.4188 8.66048 22.4188 9.15048 21.9288L17.4605 13.6187C17.8505 13.2287 17.8505 12.5988 17.4605 12.2087L9.15048 3.89875C8.66048 3.40875 7.87048 3.40875 7.38048 3.89875C6.89048 4.38875 6.89048 5.17875 7.38048 5.66875L14.6205 12.9187L7.37048 20.1688C6.89048 20.6488 6.89048 21.4488 7.38048 21.9288Z\" fill=\"#007EE2\"\/><\/g><defs><clipPath id=\"clip0_3349_8828\"><rect width=\"24\" height=\"24\" fill=\"white\" transform=\"translate(0 0.917969)\"\/><\/clipPath><\/defs><\/svg><\/span>\t\t\t\t<\/a>\n\t\t\t<\/p>\n\t\t<\/div><!-- .entry-actions -->\n\t\t<\/footer><!-- .entry-footer -->\n\t<\/div>\n<\/article>\n<article class=\"entry content-bg loop-entry post-16320 post type-post status-publish format-standard has-post-thumbnail hentry category-france-fr tag-poll-2\">\n\t    <!-- toluna-thumbnail-ratio-1-1 -->\n\t\t<a class=\"post-thumbnail\" href=\"https:\/\/tolunacorporate.com\/fr\/questions-de-communication-hebdocom-vague-16\/\">\n\t\t\t<div class=\"post-thumbnail-inner\">\n\t\t\t\t<img decoding=\"async\" width=\"500\" height=\"500\" src=\"https:\/\/tolunacorporate.com\/wp-content\/uploads\/2025\/05\/Questions-de-communication-\u2013-Hebdocom-\u2013-Vague-16.png\" class=\"attachment-large size-large wp-post-image\" alt=\"Questions de communication \u2013 Hebdocom \u2013 Vague 16\" srcset=\"https:\/\/tolunacorporate.com\/wp-content\/uploads\/2025\/05\/Questions-de-communication-\u2013-Hebdocom-\u2013-Vague-16.png 500w, https:\/\/tolunacorporate.com\/wp-content\/uploads\/2025\/05\/Questions-de-communication-\u2013-Hebdocom-\u2013-Vague-16-300x300.png 300w, https:\/\/tolunacorporate.com\/wp-content\/uploads\/2025\/05\/Questions-de-communication-\u2013-Hebdocom-\u2013-Vague-16-150x150.png 150w\" sizes=\"(max-width: 500px) 100vw, 500px\" style=\"width:100%;height:100%;max-width:500px;\" \/>\t\t\t<\/div>\n\t\t<\/a><!-- .post-thumbnail -->\n\t\t\t<div class=\"entry-content-wrap\">\n\t\t<header class=\"entry-header\">\n\t\t<div class=\"entry-taxonomies\">\n\t\t\t\t\t\t<span class=\"posted-on\">\n\t\t\t\t\t<svg width=\"20\" height=\"22\" viewBox=\"0 0 20 22\" fill=\"none\" xmlns=\"http:\/\/www.w3.org\/2000\/svg\"><path d=\"M18 2H17V1C17 0.45 16.55 0 16 0C15.45 0 15 0.45 15 1V2H5V1C5 0.45 4.55 0 4 0C3.45 0 3 0.45 3 1V2H2C0.9 2 0 2.9 0 4V20C0 21.1 0.9 22 2 22H18C19.1 22 20 21.1 20 20V4C20 2.9 19.1 2 18 2ZM17 20H3C2.45 20 2 19.55 2 19V7H18V19C18 19.55 17.55 20 17 20Z\" fill=\"#007EE2\"\/><\/svg>\n\t\t\t\t\t<time class=\"entry-date published\" datetime=\"2024-03-16T23:08:56+01:00\">16 Mars 2024<\/time><time class=\"updated\" datetime=\"2025-05-09T23:12:12+02:00\">9 mai 2025<\/time>\t\t\t\t<\/span>\n\t\t\t\t<\/div><!-- .entry-taxonomies -->\n\t<h6 class=\"entry-title\"><a href=\"https:\/\/tolunacorporate.com\/fr\/questions-de-communication-hebdocom-vague-16\/\" rel=\"bookmark\">Questions de communication \u2013 Hebdocom \u2013 Vague 16<\/a><\/h6><\/header><!-- .entry-header -->\n<footer class=\"entry-footer\">\n\t\t\t<div class=\"entry-actions\">\n\t\t\t<p class=\"more-link-wrap\">\n\t\t\t\t<a href=\"https:\/\/tolunacorporate.com\/fr\/questions-de-communication-hebdocom-vague-16\/\" class=\"post-more-link\">\n\t\t\t\t\tEN SAVOIR PLUS<span class=\"screen-reader-text\"> Questions de communication \u2013 Hebdocom \u2013 Vague 16<\/span><span class=\"toluna-svg-iconset svg-baseline\"><svg width=\"24\" height=\"25\" viewBox=\"0 0 24 25\" fill=\"none\" xmlns=\"http:\/\/www.w3.org\/2000\/svg\"><g clip-path=\"url(#clip0_3349_8828)\"><path d=\"M7.38048 21.9288C7.87048 22.4188 8.66048 22.4188 9.15048 21.9288L17.4605 13.6187C17.8505 13.2287 17.8505 12.5988 17.4605 12.2087L9.15048 3.89875C8.66048 3.40875 7.87048 3.40875 7.38048 3.89875C6.89048 4.38875 6.89048 5.17875 7.38048 5.66875L14.6205 12.9187L7.37048 20.1688C6.89048 20.6488 6.89048 21.4488 7.38048 21.9288Z\" fill=\"#007EE2\"\/><\/g><defs><clipPath id=\"clip0_3349_8828\"><rect width=\"24\" height=\"24\" fill=\"white\" transform=\"translate(0 0.917969)\"\/><\/clipPath><\/defs><\/svg><\/span>\t\t\t\t<\/a>\n\t\t\t<\/p>\n\t\t<\/div><!-- .entry-actions -->\n\t\t<\/footer><!-- .entry-footer -->\n\t<\/div>\n<\/article>\n<article class=\"entry content-bg loop-entry post-14458 post type-post status-publish format-standard has-post-thumbnail hentry category-france-fr tag-poll-2\">\n\t    <!-- toluna-thumbnail-ratio-1-1 -->\n\t\t<a class=\"post-thumbnail\" href=\"https:\/\/tolunacorporate.com\/fr\/les-francais-et-lindustrie-textile\/\">\n\t\t\t<div class=\"post-thumbnail-inner\">\n\t\t\t\t<img decoding=\"async\" width=\"1024\" height=\"1024\" src=\"https:\/\/tolunacorporate.com\/wp-content\/uploads\/2025\/05\/Les-Francais-et-lindustrie-textile-1024x1024.jpg\" class=\"attachment-large size-large wp-post-image\" alt=\"Les Fran\u00e7ais et l\u2019industrie textile\" srcset=\"https:\/\/tolunacorporate.com\/wp-content\/uploads\/2025\/05\/Les-Francais-et-lindustrie-textile-1024x1024.jpg 1024w, https:\/\/tolunacorporate.com\/wp-content\/uploads\/2025\/05\/Les-Francais-et-lindustrie-textile-300x300.jpg 300w, https:\/\/tolunacorporate.com\/wp-content\/uploads\/2025\/05\/Les-Francais-et-lindustrie-textile-150x150.jpg 150w, https:\/\/tolunacorporate.com\/wp-content\/uploads\/2025\/05\/Les-Francais-et-lindustrie-textile-768x768.jpg 768w, https:\/\/tolunacorporate.com\/wp-content\/uploads\/2025\/05\/Les-Francais-et-lindustrie-textile.jpg 1536w\" sizes=\"(max-width: 1024px) 100vw, 1024px\" style=\"width:100%;height:100%;max-width:1536px;\" \/>\t\t\t<\/div>\n\t\t<\/a><!-- .post-thumbnail -->\n\t\t\t<div class=\"entry-content-wrap\">\n\t\t<header class=\"entry-header\">\n\t\t<div class=\"entry-taxonomies\">\n\t\t\t\t\t\t<span class=\"posted-on\">\n\t\t\t\t\t<svg width=\"20\" height=\"22\" viewBox=\"0 0 20 22\" fill=\"none\" xmlns=\"http:\/\/www.w3.org\/2000\/svg\"><path d=\"M18 2H17V1C17 0.45 16.55 0 16 0C15.45 0 15 0.45 15 1V2H5V1C5 0.45 4.55 0 4 0C3.45 0 3 0.45 3 1V2H2C0.9 2 0 2.9 0 4V20C0 21.1 0.9 22 2 22H18C19.1 22 20 21.1 20 20V4C20 2.9 19.1 2 18 2ZM17 20H3C2.45 20 2 19.55 2 19V7H18V19C18 19.55 17.55 20 17 20Z\" fill=\"#007EE2\"\/><\/svg>\n\t\t\t\t\t<time class=\"entry-date published\" datetime=\"2024-03-08T04:55:43+01:00\">8 Mars 2024<\/time><time class=\"updated\" datetime=\"2025-05-11T00:24:15+02:00\">11 mai 2025<\/time>\t\t\t\t<\/span>\n\t\t\t\t<\/div><!-- .entry-taxonomies -->\n\t<h6 class=\"entry-title\"><a href=\"https:\/\/tolunacorporate.com\/fr\/les-francais-et-lindustrie-textile\/\" rel=\"bookmark\">Les Fran\u00e7ais et l\u2019industrie textile<\/a><\/h6><\/header><!-- .entry-header -->\n<footer class=\"entry-footer\">\n\t\t\t<div class=\"entry-actions\">\n\t\t\t<p class=\"more-link-wrap\">\n\t\t\t\t<a href=\"https:\/\/tolunacorporate.com\/fr\/les-francais-et-lindustrie-textile\/\" class=\"post-more-link\">\n\t\t\t\t\tEN SAVOIR PLUS<span class=\"screen-reader-text\"> Les Fran\u00e7ais et l\u2019industrie textile<\/span><span class=\"toluna-svg-iconset svg-baseline\"><svg width=\"24\" height=\"25\" viewBox=\"0 0 24 25\" fill=\"none\" xmlns=\"http:\/\/www.w3.org\/2000\/svg\"><g clip-path=\"url(#clip0_3349_8828)\"><path d=\"M7.38048 21.9288C7.87048 22.4188 8.66048 22.4188 9.15048 21.9288L17.4605 13.6187C17.8505 13.2287 17.8505 12.5988 17.4605 12.2087L9.15048 3.89875C8.66048 3.40875 7.87048 3.40875 7.38048 3.89875C6.89048 4.38875 6.89048 5.17875 7.38048 5.66875L14.6205 12.9187L7.37048 20.1688C6.89048 20.6488 6.89048 21.4488 7.38048 21.9288Z\" fill=\"#007EE2\"\/><\/g><defs><clipPath id=\"clip0_3349_8828\"><rect width=\"24\" height=\"24\" fill=\"white\" transform=\"translate(0 0.917969)\"\/><\/clipPath><\/defs><\/svg><\/span>\t\t\t\t<\/a>\n\t\t\t<\/p>\n\t\t<\/div><!-- .entry-actions -->\n\t\t<\/footer><!-- .entry-footer -->\n\t<\/div>\n<\/article>\n<article class=\"entry content-bg loop-entry post-14467 post type-post status-publish format-standard has-post-thumbnail hentry category-france-fr tag-poll-2\">\n\t    <!-- toluna-thumbnail-ratio-1-1 -->\n\t\t<a class=\"post-thumbnail\" href=\"https:\/\/tolunacorporate.com\/fr\/les-francais-et-lalimentation-quotidienne\/\">\n\t\t\t<div class=\"post-thumbnail-inner\">\n\t\t\t\t<img decoding=\"async\" width=\"1024\" height=\"1024\" src=\"https:\/\/tolunacorporate.com\/wp-content\/uploads\/2025\/05\/Les-Francais-et-lalimentation-quotidienne-1024x1024.jpg\" class=\"attachment-large size-large wp-post-image\" alt=\"Les Fran\u00e7ais et l\u2019alimentation quotidienne\" srcset=\"https:\/\/tolunacorporate.com\/wp-content\/uploads\/2025\/05\/Les-Francais-et-lalimentation-quotidienne-1024x1024.jpg 1024w, https:\/\/tolunacorporate.com\/wp-content\/uploads\/2025\/05\/Les-Francais-et-lalimentation-quotidienne-300x300.jpg 300w, https:\/\/tolunacorporate.com\/wp-content\/uploads\/2025\/05\/Les-Francais-et-lalimentation-quotidienne-150x150.jpg 150w, https:\/\/tolunacorporate.com\/wp-content\/uploads\/2025\/05\/Les-Francais-et-lalimentation-quotidienne-768x768.jpg 768w, https:\/\/tolunacorporate.com\/wp-content\/uploads\/2025\/05\/Les-Francais-et-lalimentation-quotidienne.jpg 1536w\" sizes=\"(max-width: 1024px) 100vw, 1024px\" style=\"width:100%;height:100%;max-width:1536px;\" \/>\t\t\t<\/div>\n\t\t<\/a><!-- .post-thumbnail -->\n\t\t\t<div class=\"entry-content-wrap\">\n\t\t<header class=\"entry-header\">\n\t\t<div class=\"entry-taxonomies\">\n\t\t\t\t\t\t<span class=\"posted-on\">\n\t\t\t\t\t<svg width=\"20\" height=\"22\" viewBox=\"0 0 20 22\" fill=\"none\" xmlns=\"http:\/\/www.w3.org\/2000\/svg\"><path d=\"M18 2H17V1C17 0.45 16.55 0 16 0C15.45 0 15 0.45 15 1V2H5V1C5 0.45 4.55 0 4 0C3.45 0 3 0.45 3 1V2H2C0.9 2 0 2.9 0 4V20C0 21.1 0.9 22 2 22H18C19.1 22 20 21.1 20 20V4C20 2.9 19.1 2 18 2ZM17 20H3C2.45 20 2 19.55 2 19V7H18V19C18 19.55 17.55 20 17 20Z\" fill=\"#007EE2\"\/><\/svg>\n\t\t\t\t\t<time class=\"entry-date published\" datetime=\"2024-03-06T05:03:37+01:00\">6 Mars 2024<\/time><time class=\"updated\" datetime=\"2025-05-11T00:25:40+02:00\">11 mai 2025<\/time>\t\t\t\t<\/span>\n\t\t\t\t<\/div><!-- .entry-taxonomies -->\n\t<h6 class=\"entry-title\"><a href=\"https:\/\/tolunacorporate.com\/fr\/les-francais-et-lalimentation-quotidienne\/\" rel=\"bookmark\">Les Fran\u00e7ais et l\u2019alimentation quotidienne<\/a><\/h6><\/header><!-- .entry-header -->\n<footer class=\"entry-footer\">\n\t\t\t<div class=\"entry-actions\">\n\t\t\t<p class=\"more-link-wrap\">\n\t\t\t\t<a href=\"https:\/\/tolunacorporate.com\/fr\/les-francais-et-lalimentation-quotidienne\/\" class=\"post-more-link\">\n\t\t\t\t\tEN SAVOIR PLUS<span class=\"screen-reader-text\"> Les Fran\u00e7ais et l\u2019alimentation quotidienne<\/span><span class=\"toluna-svg-iconset svg-baseline\"><svg width=\"24\" height=\"25\" viewBox=\"0 0 24 25\" fill=\"none\" xmlns=\"http:\/\/www.w3.org\/2000\/svg\"><g clip-path=\"url(#clip0_3349_8828)\"><path d=\"M7.38048 21.9288C7.87048 22.4188 8.66048 22.4188 9.15048 21.9288L17.4605 13.6187C17.8505 13.2287 17.8505 12.5988 17.4605 12.2087L9.15048 3.89875C8.66048 3.40875 7.87048 3.40875 7.38048 3.89875C6.89048 4.38875 6.89048 5.17875 7.38048 5.66875L14.6205 12.9187L7.37048 20.1688C6.89048 20.6488 6.89048 21.4488 7.38048 21.9288Z\" fill=\"#007EE2\"\/><\/g><defs><clipPath id=\"clip0_3349_8828\"><rect width=\"24\" height=\"24\" fill=\"white\" transform=\"translate(0 0.917969)\"\/><\/clipPath><\/defs><\/svg><\/span>\t\t\t\t<\/a>\n\t\t\t<\/p>\n\t\t<\/div><!-- .entry-actions -->\n\t\t<\/footer><!-- .entry-footer -->\n\t<\/div>\n<\/article>\n<article class=\"entry content-bg loop-entry post-14476 post type-post status-publish format-standard has-post-thumbnail hentry category-france-fr tag-poll-2\">\n\t    <!-- toluna-thumbnail-ratio-1-1 -->\n\t\t<a class=\"post-thumbnail\" href=\"https:\/\/tolunacorporate.com\/fr\/les-francais-et-les-allergies\/\">\n\t\t\t<div class=\"post-thumbnail-inner\">\n\t\t\t\t<img decoding=\"async\" width=\"1024\" height=\"1024\" src=\"https:\/\/tolunacorporate.com\/wp-content\/uploads\/2025\/05\/Les-Francais-et-les-allergies-1024x1024.jpg\" class=\"attachment-large size-large wp-post-image\" alt=\"Les Fran\u00e7ais et les allergies\" srcset=\"https:\/\/tolunacorporate.com\/wp-content\/uploads\/2025\/05\/Les-Francais-et-les-allergies-1024x1024.jpg 1024w, https:\/\/tolunacorporate.com\/wp-content\/uploads\/2025\/05\/Les-Francais-et-les-allergies-300x300.jpg 300w, https:\/\/tolunacorporate.com\/wp-content\/uploads\/2025\/05\/Les-Francais-et-les-allergies-150x150.jpg 150w, https:\/\/tolunacorporate.com\/wp-content\/uploads\/2025\/05\/Les-Francais-et-les-allergies-768x768.jpg 768w, https:\/\/tolunacorporate.com\/wp-content\/uploads\/2025\/05\/Les-Francais-et-les-allergies.jpg 1536w\" sizes=\"(max-width: 1024px) 100vw, 1024px\" style=\"width:100%;height:100%;max-width:1536px;\" \/>\t\t\t<\/div>\n\t\t<\/a><!-- .post-thumbnail -->\n\t\t\t<div class=\"entry-content-wrap\">\n\t\t<header class=\"entry-header\">\n\t\t<div class=\"entry-taxonomies\">\n\t\t\t\t\t\t<span class=\"posted-on\">\n\t\t\t\t\t<svg width=\"20\" height=\"22\" viewBox=\"0 0 20 22\" fill=\"none\" xmlns=\"http:\/\/www.w3.org\/2000\/svg\"><path d=\"M18 2H17V1C17 0.45 16.55 0 16 0C15.45 0 15 0.45 15 1V2H5V1C5 0.45 4.55 0 4 0C3.45 0 3 0.45 3 1V2H2C0.9 2 0 2.9 0 4V20C0 21.1 0.9 22 2 22H18C19.1 22 20 21.1 20 20V4C20 2.9 19.1 2 18 2ZM17 20H3C2.45 20 2 19.55 2 19V7H18V19C18 19.55 17.55 20 17 20Z\" fill=\"#007EE2\"\/><\/svg>\n\t\t\t\t\t<time class=\"entry-date published\" datetime=\"2024-03-01T05:08:01+01:00\">1 Mars 2024<\/time><time class=\"updated\" datetime=\"2025-05-11T00:26:48+02:00\">11 mai 2025<\/time>\t\t\t\t<\/span>\n\t\t\t\t<\/div><!-- .entry-taxonomies -->\n\t<h6 class=\"entry-title\"><a href=\"https:\/\/tolunacorporate.com\/fr\/les-francais-et-les-allergies\/\" rel=\"bookmark\">Les Fran\u00e7ais et les allergies<\/a><\/h6><\/header><!-- .entry-header -->\n<footer class=\"entry-footer\">\n\t\t\t<div class=\"entry-actions\">\n\t\t\t<p class=\"more-link-wrap\">\n\t\t\t\t<a href=\"https:\/\/tolunacorporate.com\/fr\/les-francais-et-les-allergies\/\" class=\"post-more-link\">\n\t\t\t\t\tEN SAVOIR PLUS<span class=\"screen-reader-text\"> Les Fran\u00e7ais et les allergies<\/span><span class=\"toluna-svg-iconset svg-baseline\"><svg width=\"24\" height=\"25\" viewBox=\"0 0 24 25\" fill=\"none\" xmlns=\"http:\/\/www.w3.org\/2000\/svg\"><g clip-path=\"url(#clip0_3349_8828)\"><path d=\"M7.38048 21.9288C7.87048 22.4188 8.66048 22.4188 9.15048 21.9288L17.4605 13.6187C17.8505 13.2287 17.8505 12.5988 17.4605 12.2087L9.15048 3.89875C8.66048 3.40875 7.87048 3.40875 7.38048 3.89875C6.89048 4.38875 6.89048 5.17875 7.38048 5.66875L14.6205 12.9187L7.37048 20.1688C6.89048 20.6488 6.89048 21.4488 7.38048 21.9288Z\" fill=\"#007EE2\"\/><\/g><defs><clipPath id=\"clip0_3349_8828\"><rect width=\"24\" height=\"24\" fill=\"white\" transform=\"translate(0 0.917969)\"\/><\/clipPath><\/defs><\/svg><\/span>\t\t\t\t<\/a>\n\t\t\t<\/p>\n\t\t<\/div><!-- .entry-actions -->\n\t\t<\/footer><!-- .entry-footer -->\n\t<\/div>\n<\/article>\n<article class=\"entry content-bg loop-entry post-14485 post type-post status-publish format-standard has-post-thumbnail hentry category-france-fr tag-poll-2\">\n\t    <!-- toluna-thumbnail-ratio-1-1 -->\n\t\t<a class=\"post-thumbnail\" href=\"https:\/\/tolunacorporate.com\/fr\/les-presentatrices-les-plus-inspirantes-aux-yeux-des-francais\/\">\n\t\t\t<div class=\"post-thumbnail-inner\">\n\t\t\t\t<img decoding=\"async\" width=\"1024\" height=\"1024\" src=\"https:\/\/tolunacorporate.com\/wp-content\/uploads\/2025\/05\/Les-presentatrices-les-plus-inspirantes-aux-yeux-des-Francais-1024x1024.jpg\" class=\"attachment-large size-large wp-post-image\" alt=\"Les pr\u00e9sentatrices les plus inspirantes aux yeux des Fran\u00e7ais\" srcset=\"https:\/\/tolunacorporate.com\/wp-content\/uploads\/2025\/05\/Les-presentatrices-les-plus-inspirantes-aux-yeux-des-Francais-1024x1024.jpg 1024w, https:\/\/tolunacorporate.com\/wp-content\/uploads\/2025\/05\/Les-presentatrices-les-plus-inspirantes-aux-yeux-des-Francais-300x300.jpg 300w, https:\/\/tolunacorporate.com\/wp-content\/uploads\/2025\/05\/Les-presentatrices-les-plus-inspirantes-aux-yeux-des-Francais-150x150.jpg 150w, https:\/\/tolunacorporate.com\/wp-content\/uploads\/2025\/05\/Les-presentatrices-les-plus-inspirantes-aux-yeux-des-Francais-768x768.jpg 768w, https:\/\/tolunacorporate.com\/wp-content\/uploads\/2025\/05\/Les-presentatrices-les-plus-inspirantes-aux-yeux-des-Francais.jpg 1536w\" sizes=\"(max-width: 1024px) 100vw, 1024px\" style=\"width:100%;height:100%;max-width:1536px;\" \/>\t\t\t<\/div>\n\t\t<\/a><!-- .post-thumbnail -->\n\t\t\t<div class=\"entry-content-wrap\">\n\t\t<header class=\"entry-header\">\n\t\t<div class=\"entry-taxonomies\">\n\t\t\t\t\t\t<span class=\"posted-on\">\n\t\t\t\t\t<svg width=\"20\" height=\"22\" viewBox=\"0 0 20 22\" fill=\"none\" xmlns=\"http:\/\/www.w3.org\/2000\/svg\"><path d=\"M18 2H17V1C17 0.45 16.55 0 16 0C15.45 0 15 0.45 15 1V2H5V1C5 0.45 4.55 0 4 0C3.45 0 3 0.45 3 1V2H2C0.9 2 0 2.9 0 4V20C0 21.1 0.9 22 2 22H18C19.1 22 20 21.1 20 20V4C20 2.9 19.1 2 18 2ZM17 20H3C2.45 20 2 19.55 2 19V7H18V19C18 19.55 17.55 20 17 20Z\" fill=\"#007EE2\"\/><\/svg>\n\t\t\t\t\t<time class=\"entry-date published\" datetime=\"2024-02-28T05:11:24+01:00\">28 F\u00e9v 2024<\/time><time class=\"updated\" datetime=\"2025-05-11T00:28:56+02:00\">11 mai 2025<\/time>\t\t\t\t<\/span>\n\t\t\t\t<\/div><!-- .entry-taxonomies -->\n\t<h6 class=\"entry-title\"><a href=\"https:\/\/tolunacorporate.com\/fr\/les-presentatrices-les-plus-inspirantes-aux-yeux-des-francais\/\" rel=\"bookmark\">Les pr\u00e9sentatrices les plus inspirantes aux yeux des Fran\u00e7ais<\/a><\/h6><\/header><!-- .entry-header -->\n<footer class=\"entry-footer\">\n\t\t\t<div class=\"entry-actions\">\n\t\t\t<p class=\"more-link-wrap\">\n\t\t\t\t<a href=\"https:\/\/tolunacorporate.com\/fr\/les-presentatrices-les-plus-inspirantes-aux-yeux-des-francais\/\" class=\"post-more-link\">\n\t\t\t\t\tEN SAVOIR PLUS<span class=\"screen-reader-text\"> Les pr\u00e9sentatrices les plus inspirantes aux yeux des Fran\u00e7ais<\/span><span class=\"toluna-svg-iconset svg-baseline\"><svg width=\"24\" height=\"25\" viewBox=\"0 0 24 25\" fill=\"none\" xmlns=\"http:\/\/www.w3.org\/2000\/svg\"><g clip-path=\"url(#clip0_3349_8828)\"><path d=\"M7.38048 21.9288C7.87048 22.4188 8.66048 22.4188 9.15048 21.9288L17.4605 13.6187C17.8505 13.2287 17.8505 12.5988 17.4605 12.2087L9.15048 3.89875C8.66048 3.40875 7.87048 3.40875 7.38048 3.89875C6.89048 4.38875 6.89048 5.17875 7.38048 5.66875L14.6205 12.9187L7.37048 20.1688C6.89048 20.6488 6.89048 21.4488 7.38048 21.9288Z\" fill=\"#007EE2\"\/><\/g><defs><clipPath id=\"clip0_3349_8828\"><rect width=\"24\" height=\"24\" fill=\"white\" transform=\"translate(0 0.917969)\"\/><\/clipPath><\/defs><\/svg><\/span>\t\t\t\t<\/a>\n\t\t\t<\/p>\n\t\t<\/div><!-- .entry-actions -->\n\t\t<\/footer><!-- .entry-footer -->\n\t<\/div>\n<\/article>\n<article class=\"entry content-bg loop-entry post-14494 post type-post status-publish format-standard has-post-thumbnail hentry category-france-fr tag-poll-2\">\n\t    <!-- toluna-thumbnail-ratio-1-1 -->\n\t\t<a class=\"post-thumbnail\" href=\"https:\/\/tolunacorporate.com\/fr\/barometre-de-confiance-politique-fevrier-2024\/\">\n\t\t\t<div class=\"post-thumbnail-inner\">\n\t\t\t\t<img decoding=\"async\" width=\"500\" height=\"500\" src=\"https:\/\/tolunacorporate.com\/wp-content\/uploads\/2025\/05\/Barometre-de-confiance-politique-\u2013-Fevrier-2024.jpg\" class=\"attachment-large size-large wp-post-image\" alt=\"Barom\u00e8tre de confiance politique \u2013 F\u00e9vrier 2024\" srcset=\"https:\/\/tolunacorporate.com\/wp-content\/uploads\/2025\/05\/Barometre-de-confiance-politique-\u2013-Fevrier-2024.jpg 500w, https:\/\/tolunacorporate.com\/wp-content\/uploads\/2025\/05\/Barometre-de-confiance-politique-\u2013-Fevrier-2024-300x300.jpg 300w, https:\/\/tolunacorporate.com\/wp-content\/uploads\/2025\/05\/Barometre-de-confiance-politique-\u2013-Fevrier-2024-150x150.jpg 150w\" sizes=\"(max-width: 500px) 100vw, 500px\" style=\"width:100%;height:100%;max-width:500px;\" \/>\t\t\t<\/div>\n\t\t<\/a><!-- .post-thumbnail -->\n\t\t\t<div class=\"entry-content-wrap\">\n\t\t<header class=\"entry-header\">\n\t\t<div class=\"entry-taxonomies\">\n\t\t\t\t\t\t<span class=\"posted-on\">\n\t\t\t\t\t<svg width=\"20\" height=\"22\" viewBox=\"0 0 20 22\" fill=\"none\" xmlns=\"http:\/\/www.w3.org\/2000\/svg\"><path d=\"M18 2H17V1C17 0.45 16.55 0 16 0C15.45 0 15 0.45 15 1V2H5V1C5 0.45 4.55 0 4 0C3.45 0 3 0.45 3 1V2H2C0.9 2 0 2.9 0 4V20C0 21.1 0.9 22 2 22H18C19.1 22 20 21.1 20 20V4C20 2.9 19.1 2 18 2ZM17 20H3C2.45 20 2 19.55 2 19V7H18V19C18 19.55 17.55 20 17 20Z\" fill=\"#007EE2\"\/><\/svg>\n\t\t\t\t\t<time class=\"entry-date published\" datetime=\"2024-02-23T05:14:00+01:00\">23 F\u00e9v 2024<\/time><time class=\"updated\" datetime=\"2025-05-11T00:33:37+02:00\">11 mai 2025<\/time>\t\t\t\t<\/span>\n\t\t\t\t<\/div><!-- .entry-taxonomies -->\n\t<h6 class=\"entry-title\"><a href=\"https:\/\/tolunacorporate.com\/fr\/barometre-de-confiance-politique-fevrier-2024\/\" rel=\"bookmark\">Barom\u00e8tre de confiance politique \u2013 F\u00e9vrier 2024<\/a><\/h6><\/header><!-- .entry-header -->\n<footer class=\"entry-footer\">\n\t\t\t<div class=\"entry-actions\">\n\t\t\t<p class=\"more-link-wrap\">\n\t\t\t\t<a href=\"https:\/\/tolunacorporate.com\/fr\/barometre-de-confiance-politique-fevrier-2024\/\" class=\"post-more-link\">\n\t\t\t\t\tEN SAVOIR PLUS<span class=\"screen-reader-text\"> Barom\u00e8tre de confiance politique \u2013 F\u00e9vrier 2024<\/span><span class=\"toluna-svg-iconset svg-baseline\"><svg width=\"24\" height=\"25\" viewBox=\"0 0 24 25\" fill=\"none\" xmlns=\"http:\/\/www.w3.org\/2000\/svg\"><g clip-path=\"url(#clip0_3349_8828)\"><path d=\"M7.38048 21.9288C7.87048 22.4188 8.66048 22.4188 9.15048 21.9288L17.4605 13.6187C17.8505 13.2287 17.8505 12.5988 17.4605 12.2087L9.15048 3.89875C8.66048 3.40875 7.87048 3.40875 7.38048 3.89875C6.89048 4.38875 6.89048 5.17875 7.38048 5.66875L14.6205 12.9187L7.37048 20.1688C6.89048 20.6488 6.89048 21.4488 7.38048 21.9288Z\" fill=\"#007EE2\"\/><\/g><defs><clipPath id=\"clip0_3349_8828\"><rect width=\"24\" height=\"24\" fill=\"white\" transform=\"translate(0 0.917969)\"\/><\/clipPath><\/defs><\/svg><\/span>\t\t\t\t<\/a>\n\t\t\t<\/p>\n\t\t<\/div><!-- .entry-actions -->\n\t\t<\/footer><!-- .entry-footer -->\n\t<\/div>\n<\/article>\n<article class=\"entry content-bg loop-entry post-14503 post type-post status-publish format-standard has-post-thumbnail hentry category-france-fr tag-poll-2\">\n\t    <!-- toluna-thumbnail-ratio-1-1 -->\n\t\t<a class=\"post-thumbnail\" href=\"https:\/\/tolunacorporate.com\/fr\/la-formation-en-alternance-vue-par-les-etudiants\/\">\n\t\t\t<div class=\"post-thumbnail-inner\">\n\t\t\t\t<img decoding=\"async\" width=\"1024\" height=\"1024\" src=\"https:\/\/tolunacorporate.com\/wp-content\/uploads\/2025\/05\/La-formation-en-alternance-vue-par-les-etudiants-1024x1024.jpg\" class=\"attachment-large size-large wp-post-image\" alt=\"La formation en alternance vue par les \u00e9tudiants\" srcset=\"https:\/\/tolunacorporate.com\/wp-content\/uploads\/2025\/05\/La-formation-en-alternance-vue-par-les-etudiants-1024x1024.jpg 1024w, https:\/\/tolunacorporate.com\/wp-content\/uploads\/2025\/05\/La-formation-en-alternance-vue-par-les-etudiants-300x300.jpg 300w, https:\/\/tolunacorporate.com\/wp-content\/uploads\/2025\/05\/La-formation-en-alternance-vue-par-les-etudiants-150x150.jpg 150w, https:\/\/tolunacorporate.com\/wp-content\/uploads\/2025\/05\/La-formation-en-alternance-vue-par-les-etudiants-768x768.jpg 768w, https:\/\/tolunacorporate.com\/wp-content\/uploads\/2025\/05\/La-formation-en-alternance-vue-par-les-etudiants.jpg 1536w\" sizes=\"(max-width: 1024px) 100vw, 1024px\" style=\"width:100%;height:100%;max-width:1536px;\" \/>\t\t\t<\/div>\n\t\t<\/a><!-- .post-thumbnail -->\n\t\t\t<div class=\"entry-content-wrap\">\n\t\t<header class=\"entry-header\">\n\t\t<div class=\"entry-taxonomies\">\n\t\t\t\t\t\t<span class=\"posted-on\">\n\t\t\t\t\t<svg width=\"20\" height=\"22\" viewBox=\"0 0 20 22\" fill=\"none\" xmlns=\"http:\/\/www.w3.org\/2000\/svg\"><path d=\"M18 2H17V1C17 0.45 16.55 0 16 0C15.45 0 15 0.45 15 1V2H5V1C5 0.45 4.55 0 4 0C3.45 0 3 0.45 3 1V2H2C0.9 2 0 2.9 0 4V20C0 21.1 0.9 22 2 22H18C19.1 22 20 21.1 20 20V4C20 2.9 19.1 2 18 2ZM17 20H3C2.45 20 2 19.55 2 19V7H18V19C18 19.55 17.55 20 17 20Z\" fill=\"#007EE2\"\/><\/svg>\n\t\t\t\t\t<time class=\"entry-date published\" datetime=\"2024-02-13T05:16:57+01:00\">13 F\u00e9v 2024<\/time><time class=\"updated\" datetime=\"2025-05-11T00:35:05+02:00\">11 mai 2025<\/time>\t\t\t\t<\/span>\n\t\t\t\t<\/div><!-- .entry-taxonomies -->\n\t<h6 class=\"entry-title\"><a href=\"https:\/\/tolunacorporate.com\/fr\/la-formation-en-alternance-vue-par-les-etudiants\/\" rel=\"bookmark\">La formation en alternance vue par les \u00e9tudiants<\/a><\/h6><\/header><!-- .entry-header -->\n<footer class=\"entry-footer\">\n\t\t\t<div class=\"entry-actions\">\n\t\t\t<p class=\"more-link-wrap\">\n\t\t\t\t<a href=\"https:\/\/tolunacorporate.com\/fr\/la-formation-en-alternance-vue-par-les-etudiants\/\" class=\"post-more-link\">\n\t\t\t\t\tEN SAVOIR PLUS<span class=\"screen-reader-text\"> La formation en alternance vue par les \u00e9tudiants<\/span><span class=\"toluna-svg-iconset svg-baseline\"><svg width=\"24\" height=\"25\" viewBox=\"0 0 24 25\" fill=\"none\" xmlns=\"http:\/\/www.w3.org\/2000\/svg\"><g clip-path=\"url(#clip0_3349_8828)\"><path d=\"M7.38048 21.9288C7.87048 22.4188 8.66048 22.4188 9.15048 21.9288L17.4605 13.6187C17.8505 13.2287 17.8505 12.5988 17.4605 12.2087L9.15048 3.89875C8.66048 3.40875 7.87048 3.40875 7.38048 3.89875C6.89048 4.38875 6.89048 5.17875 7.38048 5.66875L14.6205 12.9187L7.37048 20.1688C6.89048 20.6488 6.89048 21.4488 7.38048 21.9288Z\" fill=\"#007EE2\"\/><\/g><defs><clipPath id=\"clip0_3349_8828\"><rect width=\"24\" height=\"24\" fill=\"white\" transform=\"translate(0 0.917969)\"\/><\/clipPath><\/defs><\/svg><\/span>\t\t\t\t<\/a>\n\t\t\t<\/p>\n\t\t<\/div><!-- .entry-actions -->\n\t\t<\/footer><!-- .entry-footer -->\n\t<\/div>\n<\/article>\n<article class=\"entry content-bg loop-entry post-14521 post type-post status-publish format-standard has-post-thumbnail hentry category-france-fr tag-poll-2\">\n\t    <!-- toluna-thumbnail-ratio-1-1 -->\n\t\t<a class=\"post-thumbnail\" href=\"https:\/\/tolunacorporate.com\/fr\/les-francais-et-les-enjeux-de-sante-lies-a-leur-environnement-de-vie\/\">\n\t\t\t<div class=\"post-thumbnail-inner\">\n\t\t\t\t<img decoding=\"async\" width=\"293\" height=\"294\" src=\"https:\/\/tolunacorporate.com\/wp-content\/uploads\/2025\/05\/Les-Francais-et-les-enjeux-de-sante-lies-a-leur-environnement-de-vie.jpg\" class=\"attachment-large size-large wp-post-image\" alt=\"Les Fran\u00e7ais et les enjeux de sant\u00e9 li\u00e9s \u00e0 leur environnement de vie\" srcset=\"https:\/\/tolunacorporate.com\/wp-content\/uploads\/2025\/05\/Les-Francais-et-les-enjeux-de-sante-lies-a-leur-environnement-de-vie.jpg 293w, https:\/\/tolunacorporate.com\/wp-content\/uploads\/2025\/05\/Les-Francais-et-les-enjeux-de-sante-lies-a-leur-environnement-de-vie-150x150.jpg 150w\" sizes=\"(max-width: 293px) 100vw, 293px\" style=\"width:100%;height:100.34%;max-width:293px;\" \/>\t\t\t<\/div>\n\t\t<\/a><!-- .post-thumbnail -->\n\t\t\t<div class=\"entry-content-wrap\">\n\t\t<header class=\"entry-header\">\n\t\t<div class=\"entry-taxonomies\">\n\t\t\t\t\t\t<span class=\"posted-on\">\n\t\t\t\t\t<svg width=\"20\" height=\"22\" viewBox=\"0 0 20 22\" fill=\"none\" xmlns=\"http:\/\/www.w3.org\/2000\/svg\"><path d=\"M18 2H17V1C17 0.45 16.55 0 16 0C15.45 0 15 0.45 15 1V2H5V1C5 0.45 4.55 0 4 0C3.45 0 3 0.45 3 1V2H2C0.9 2 0 2.9 0 4V20C0 21.1 0.9 22 2 22H18C19.1 22 20 21.1 20 20V4C20 2.9 19.1 2 18 2ZM17 20H3C2.45 20 2 19.55 2 19V7H18V19C18 19.55 17.55 20 17 20Z\" fill=\"#007EE2\"\/><\/svg>\n\t\t\t\t\t<time class=\"entry-date published\" datetime=\"2024-02-12T05:22:08+01:00\">12 F\u00e9v 2024<\/time><time class=\"updated\" datetime=\"2025-05-11T00:37:45+02:00\">11 mai 2025<\/time>\t\t\t\t<\/span>\n\t\t\t\t<\/div><!-- .entry-taxonomies -->\n\t<h6 class=\"entry-title\"><a href=\"https:\/\/tolunacorporate.com\/fr\/les-francais-et-les-enjeux-de-sante-lies-a-leur-environnement-de-vie\/\" rel=\"bookmark\">Les Fran\u00e7ais et les enjeux de sant\u00e9 li\u00e9s \u00e0 leur environnement de vie<\/a><\/h6><\/header><!-- .entry-header -->\n<footer class=\"entry-footer\">\n\t\t\t<div class=\"entry-actions\">\n\t\t\t<p class=\"more-link-wrap\">\n\t\t\t\t<a href=\"https:\/\/tolunacorporate.com\/fr\/les-francais-et-les-enjeux-de-sante-lies-a-leur-environnement-de-vie\/\" class=\"post-more-link\">\n\t\t\t\t\tEN SAVOIR PLUS<span class=\"screen-reader-text\"> Les Fran\u00e7ais et les enjeux de sant\u00e9 li\u00e9s \u00e0 leur environnement de vie<\/span><span class=\"toluna-svg-iconset svg-baseline\"><svg width=\"24\" height=\"25\" viewBox=\"0 0 24 25\" fill=\"none\" xmlns=\"http:\/\/www.w3.org\/2000\/svg\"><g clip-path=\"url(#clip0_3349_8828)\"><path d=\"M7.38048 21.9288C7.87048 22.4188 8.66048 22.4188 9.15048 21.9288L17.4605 13.6187C17.8505 13.2287 17.8505 12.5988 17.4605 12.2087L9.15048 3.89875C8.66048 3.40875 7.87048 3.40875 7.38048 3.89875C6.89048 4.38875 6.89048 5.17875 7.38048 5.66875L14.6205 12.9187L7.37048 20.1688C6.89048 20.6488 6.89048 21.4488 7.38048 21.9288Z\" fill=\"#007EE2\"\/><\/g><defs><clipPath id=\"clip0_3349_8828\"><rect width=\"24\" height=\"24\" fill=\"white\" transform=\"translate(0 0.917969)\"\/><\/clipPath><\/defs><\/svg><\/span>\t\t\t\t<\/a>\n\t\t\t<\/p>\n\t\t<\/div><!-- .entry-actions -->\n\t\t<\/footer><!-- .entry-footer -->\n\t<\/div>\n<\/article>\n<article class=\"entry content-bg loop-entry post-14512 post type-post status-publish format-standard has-post-thumbnail hentry category-france-fr tag-poll-2\">\n\t    <!-- toluna-thumbnail-ratio-1-1 -->\n\t\t<a class=\"post-thumbnail\" href=\"https:\/\/tolunacorporate.com\/fr\/barometre-des-prelevements-obligatoires-vague-2\/\">\n\t\t\t<div class=\"post-thumbnail-inner\">\n\t\t\t\t<img decoding=\"async\" width=\"300\" height=\"286\" src=\"https:\/\/tolunacorporate.com\/wp-content\/uploads\/2025\/05\/Barometre-des-prelevements-obligatoires-\u2013-vague-2.jpg\" class=\"attachment-large size-large wp-post-image\" alt=\"Barom\u00e8tre des pr\u00e9l\u00e8vements obligatoires \u2013 vague 2\" style=\"width:100%;height:95.33%;max-width:300px;\" \/>\t\t\t<\/div>\n\t\t<\/a><!-- .post-thumbnail -->\n\t\t\t<div class=\"entry-content-wrap\">\n\t\t<header class=\"entry-header\">\n\t\t<div class=\"entry-taxonomies\">\n\t\t\t\t\t\t<span class=\"posted-on\">\n\t\t\t\t\t<svg width=\"20\" height=\"22\" viewBox=\"0 0 20 22\" fill=\"none\" xmlns=\"http:\/\/www.w3.org\/2000\/svg\"><path d=\"M18 2H17V1C17 0.45 16.55 0 16 0C15.45 0 15 0.45 15 1V2H5V1C5 0.45 4.55 0 4 0C3.45 0 3 0.45 3 1V2H2C0.9 2 0 2.9 0 4V20C0 21.1 0.9 22 2 22H18C19.1 22 20 21.1 20 20V4C20 2.9 19.1 2 18 2ZM17 20H3C2.45 20 2 19.55 2 19V7H18V19C18 19.55 17.55 20 17 20Z\" fill=\"#007EE2\"\/><\/svg>\n\t\t\t\t\t<time class=\"entry-date published\" datetime=\"2024-02-12T05:19:25+01:00\">12 F\u00e9v 2024<\/time><time class=\"updated\" datetime=\"2025-05-11T00:39:19+02:00\">11 mai 2025<\/time>\t\t\t\t<\/span>\n\t\t\t\t<\/div><!-- .entry-taxonomies -->\n\t<h6 class=\"entry-title\"><a href=\"https:\/\/tolunacorporate.com\/fr\/barometre-des-prelevements-obligatoires-vague-2\/\" rel=\"bookmark\">Barom\u00e8tre des pr\u00e9l\u00e8vements obligatoires \u2013 vague 2<\/a><\/h6><\/header><!-- .entry-header -->\n<footer class=\"entry-footer\">\n\t\t\t<div class=\"entry-actions\">\n\t\t\t<p class=\"more-link-wrap\">\n\t\t\t\t<a href=\"https:\/\/tolunacorporate.com\/fr\/barometre-des-prelevements-obligatoires-vague-2\/\" class=\"post-more-link\">\n\t\t\t\t\tEN SAVOIR PLUS<span class=\"screen-reader-text\"> Barom\u00e8tre des pr\u00e9l\u00e8vements obligatoires \u2013 vague 2<\/span><span class=\"toluna-svg-iconset svg-baseline\"><svg width=\"24\" height=\"25\" viewBox=\"0 0 24 25\" fill=\"none\" xmlns=\"http:\/\/www.w3.org\/2000\/svg\"><g clip-path=\"url(#clip0_3349_8828)\"><path d=\"M7.38048 21.9288C7.87048 22.4188 8.66048 22.4188 9.15048 21.9288L17.4605 13.6187C17.8505 13.2287 17.8505 12.5988 17.4605 12.2087L9.15048 3.89875C8.66048 3.40875 7.87048 3.40875 7.38048 3.89875C6.89048 4.38875 6.89048 5.17875 7.38048 5.66875L14.6205 12.9187L7.37048 20.1688C6.89048 20.6488 6.89048 21.4488 7.38048 21.9288Z\" fill=\"#007EE2\"\/><\/g><defs><clipPath id=\"clip0_3349_8828\"><rect width=\"24\" height=\"24\" fill=\"white\" transform=\"translate(0 0.917969)\"\/><\/clipPath><\/defs><\/svg><\/span>\t\t\t\t<\/a>\n\t\t\t<\/p>\n\t\t<\/div><!-- .entry-actions -->\n\t\t<\/footer><!-- .entry-footer -->\n\t<\/div>\n<\/article>\n<article class=\"entry content-bg loop-entry post-14539 post type-post status-publish format-standard has-post-thumbnail hentry category-france-fr tag-poll-2\">\n\t    <!-- toluna-thumbnail-ratio-1-1 -->\n\t\t<a class=\"post-thumbnail\" href=\"https:\/\/tolunacorporate.com\/fr\/les-francais-et-ladaptation-au-changement-climatique\/\">\n\t\t\t<div class=\"post-thumbnail-inner\">\n\t\t\t\t<img decoding=\"async\" width=\"293\" height=\"294\" src=\"https:\/\/tolunacorporate.com\/wp-content\/uploads\/2025\/05\/Les-Francais-et-ladaptation-au-changement-climatique.jpg\" class=\"attachment-large size-large wp-post-image\" alt=\"Les Fran\u00e7ais et l\u2019adaptation au changement climatique\" srcset=\"https:\/\/tolunacorporate.com\/wp-content\/uploads\/2025\/05\/Les-Francais-et-ladaptation-au-changement-climatique.jpg 293w, https:\/\/tolunacorporate.com\/wp-content\/uploads\/2025\/05\/Les-Francais-et-ladaptation-au-changement-climatique-150x150.jpg 150w\" sizes=\"(max-width: 293px) 100vw, 293px\" style=\"width:100%;height:100.34%;max-width:293px;\" \/>\t\t\t<\/div>\n\t\t<\/a><!-- .post-thumbnail -->\n\t\t\t<div class=\"entry-content-wrap\">\n\t\t<header class=\"entry-header\">\n\t\t<div class=\"entry-taxonomies\">\n\t\t\t\t\t\t<span class=\"posted-on\">\n\t\t\t\t\t<svg width=\"20\" height=\"22\" viewBox=\"0 0 20 22\" fill=\"none\" xmlns=\"http:\/\/www.w3.org\/2000\/svg\"><path d=\"M18 2H17V1C17 0.45 16.55 0 16 0C15.45 0 15 0.45 15 1V2H5V1C5 0.45 4.55 0 4 0C3.45 0 3 0.45 3 1V2H2C0.9 2 0 2.9 0 4V20C0 21.1 0.9 22 2 22H18C19.1 22 20 21.1 20 20V4C20 2.9 19.1 2 18 2ZM17 20H3C2.45 20 2 19.55 2 19V7H18V19C18 19.55 17.55 20 17 20Z\" fill=\"#007EE2\"\/><\/svg>\n\t\t\t\t\t<time class=\"entry-date published\" datetime=\"2024-02-09T05:31:20+01:00\">9 F\u00e9v 2024<\/time><time class=\"updated\" datetime=\"2025-05-11T00:40:50+02:00\">11 mai 2025<\/time>\t\t\t\t<\/span>\n\t\t\t\t<\/div><!-- .entry-taxonomies -->\n\t<h6 class=\"entry-title\"><a href=\"https:\/\/tolunacorporate.com\/fr\/les-francais-et-ladaptation-au-changement-climatique\/\" rel=\"bookmark\">Les Fran\u00e7ais et l\u2019adaptation au changement climatique<\/a><\/h6><\/header><!-- .entry-header -->\n<footer class=\"entry-footer\">\n\t\t\t<div class=\"entry-actions\">\n\t\t\t<p class=\"more-link-wrap\">\n\t\t\t\t<a href=\"https:\/\/tolunacorporate.com\/fr\/les-francais-et-ladaptation-au-changement-climatique\/\" class=\"post-more-link\">\n\t\t\t\t\tEN SAVOIR PLUS<span class=\"screen-reader-text\"> Les Fran\u00e7ais et l\u2019adaptation au changement climatique<\/span><span class=\"toluna-svg-iconset svg-baseline\"><svg width=\"24\" height=\"25\" viewBox=\"0 0 24 25\" fill=\"none\" xmlns=\"http:\/\/www.w3.org\/2000\/svg\"><g clip-path=\"url(#clip0_3349_8828)\"><path d=\"M7.38048 21.9288C7.87048 22.4188 8.66048 22.4188 9.15048 21.9288L17.4605 13.6187C17.8505 13.2287 17.8505 12.5988 17.4605 12.2087L9.15048 3.89875C8.66048 3.40875 7.87048 3.40875 7.38048 3.89875C6.89048 4.38875 6.89048 5.17875 7.38048 5.66875L14.6205 12.9187L7.37048 20.1688C6.89048 20.6488 6.89048 21.4488 7.38048 21.9288Z\" fill=\"#007EE2\"\/><\/g><defs><clipPath id=\"clip0_3349_8828\"><rect width=\"24\" height=\"24\" fill=\"white\" transform=\"translate(0 0.917969)\"\/><\/clipPath><\/defs><\/svg><\/span>\t\t\t\t<\/a>\n\t\t\t<\/p>\n\t\t<\/div><!-- .entry-actions -->\n\t\t<\/footer><!-- .entry-footer -->\n\t<\/div>\n<\/article>\n<article class=\"entry content-bg loop-entry post-14530 post type-post status-publish format-standard has-post-thumbnail hentry category-france-fr tag-poll-2\">\n\t    <!-- toluna-thumbnail-ratio-1-1 -->\n\t\t<a class=\"post-thumbnail\" href=\"https:\/\/tolunacorporate.com\/fr\/les-francais-et-le-numerique-en-sante\/\">\n\t\t\t<div class=\"post-thumbnail-inner\">\n\t\t\t\t<img decoding=\"async\" width=\"293\" height=\"294\" src=\"https:\/\/tolunacorporate.com\/wp-content\/uploads\/2025\/05\/Les-Francais-et-le-numerique-en-sante.jpg\" class=\"attachment-large size-large wp-post-image\" alt=\"Les Fran\u00e7ais et le num\u00e9rique en sant\u00e9\" srcset=\"https:\/\/tolunacorporate.com\/wp-content\/uploads\/2025\/05\/Les-Francais-et-le-numerique-en-sante.jpg 293w, https:\/\/tolunacorporate.com\/wp-content\/uploads\/2025\/05\/Les-Francais-et-le-numerique-en-sante-150x150.jpg 150w\" sizes=\"(max-width: 293px) 100vw, 293px\" style=\"width:100%;height:100.34%;max-width:293px;\" \/>\t\t\t<\/div>\n\t\t<\/a><!-- .post-thumbnail -->\n\t\t\t<div class=\"entry-content-wrap\">\n\t\t<header class=\"entry-header\">\n\t\t<div class=\"entry-taxonomies\">\n\t\t\t\t\t\t<span class=\"posted-on\">\n\t\t\t\t\t<svg width=\"20\" height=\"22\" viewBox=\"0 0 20 22\" fill=\"none\" xmlns=\"http:\/\/www.w3.org\/2000\/svg\"><path d=\"M18 2H17V1C17 0.45 16.55 0 16 0C15.45 0 15 0.45 15 1V2H5V1C5 0.45 4.55 0 4 0C3.45 0 3 0.45 3 1V2H2C0.9 2 0 2.9 0 4V20C0 21.1 0.9 22 2 22H18C19.1 22 20 21.1 20 20V4C20 2.9 19.1 2 18 2ZM17 20H3C2.45 20 2 19.55 2 19V7H18V19C18 19.55 17.55 20 17 20Z\" fill=\"#007EE2\"\/><\/svg>\n\t\t\t\t\t<time class=\"entry-date published\" datetime=\"2024-02-09T05:28:22+01:00\">9 F\u00e9v 2024<\/time><time class=\"updated\" datetime=\"2025-05-11T00:42:30+02:00\">11 mai 2025<\/time>\t\t\t\t<\/span>\n\t\t\t\t<\/div><!-- .entry-taxonomies -->\n\t<h6 class=\"entry-title\"><a href=\"https:\/\/tolunacorporate.com\/fr\/les-francais-et-le-numerique-en-sante\/\" rel=\"bookmark\">Les Fran\u00e7ais et le num\u00e9rique en sant\u00e9<\/a><\/h6><\/header><!-- .entry-header -->\n<footer class=\"entry-footer\">\n\t\t\t<div class=\"entry-actions\">\n\t\t\t<p class=\"more-link-wrap\">\n\t\t\t\t<a href=\"https:\/\/tolunacorporate.com\/fr\/les-francais-et-le-numerique-en-sante\/\" class=\"post-more-link\">\n\t\t\t\t\tEN SAVOIR PLUS<span class=\"screen-reader-text\"> Les Fran\u00e7ais et le num\u00e9rique en sant\u00e9<\/span><span class=\"toluna-svg-iconset svg-baseline\"><svg width=\"24\" height=\"25\" viewBox=\"0 0 24 25\" fill=\"none\" xmlns=\"http:\/\/www.w3.org\/2000\/svg\"><g clip-path=\"url(#clip0_3349_8828)\"><path d=\"M7.38048 21.9288C7.87048 22.4188 8.66048 22.4188 9.15048 21.9288L17.4605 13.6187C17.8505 13.2287 17.8505 12.5988 17.4605 12.2087L9.15048 3.89875C8.66048 3.40875 7.87048 3.40875 7.38048 3.89875C6.89048 4.38875 6.89048 5.17875 7.38048 5.66875L14.6205 12.9187L7.37048 20.1688C6.89048 20.6488 6.89048 21.4488 7.38048 21.9288Z\" fill=\"#007EE2\"\/><\/g><defs><clipPath id=\"clip0_3349_8828\"><rect width=\"24\" height=\"24\" fill=\"white\" transform=\"translate(0 0.917969)\"\/><\/clipPath><\/defs><\/svg><\/span>\t\t\t\t<\/a>\n\t\t\t<\/p>\n\t\t<\/div><!-- .entry-actions -->\n\t\t<\/footer><!-- .entry-footer -->\n\t<\/div>\n<\/article>\n<article class=\"entry content-bg loop-entry post-14548 post type-post status-publish format-standard has-post-thumbnail hentry category-france-fr tag-poll-2\">\n\t    <!-- toluna-thumbnail-ratio-1-1 -->\n\t\t<a class=\"post-thumbnail\" href=\"https:\/\/tolunacorporate.com\/fr\/les-francais-dans-leur-quartier-vague-3\/\">\n\t\t\t<div class=\"post-thumbnail-inner\">\n\t\t\t\t<img decoding=\"async\" width=\"293\" height=\"294\" src=\"https:\/\/tolunacorporate.com\/wp-content\/uploads\/2025\/05\/Les-Francais-dans-leur-quartier-\u2013-Vague-3.jpg\" class=\"attachment-large size-large wp-post-image\" alt=\"Les Fran\u00e7ais dans leur quartier \u2013 Vague 3\" srcset=\"https:\/\/tolunacorporate.com\/wp-content\/uploads\/2025\/05\/Les-Francais-dans-leur-quartier-\u2013-Vague-3.jpg 293w, https:\/\/tolunacorporate.com\/wp-content\/uploads\/2025\/05\/Les-Francais-dans-leur-quartier-\u2013-Vague-3-150x150.jpg 150w\" sizes=\"(max-width: 293px) 100vw, 293px\" style=\"width:100%;height:100.34%;max-width:293px;\" \/>\t\t\t<\/div>\n\t\t<\/a><!-- .post-thumbnail -->\n\t\t\t<div class=\"entry-content-wrap\">\n\t\t<header class=\"entry-header\">\n\t\t<div class=\"entry-taxonomies\">\n\t\t\t\t\t\t<span class=\"posted-on\">\n\t\t\t\t\t<svg width=\"20\" height=\"22\" viewBox=\"0 0 20 22\" fill=\"none\" xmlns=\"http:\/\/www.w3.org\/2000\/svg\"><path d=\"M18 2H17V1C17 0.45 16.55 0 16 0C15.45 0 15 0.45 15 1V2H5V1C5 0.45 4.55 0 4 0C3.45 0 3 0.45 3 1V2H2C0.9 2 0 2.9 0 4V20C0 21.1 0.9 22 2 22H18C19.1 22 20 21.1 20 20V4C20 2.9 19.1 2 18 2ZM17 20H3C2.45 20 2 19.55 2 19V7H18V19C18 19.55 17.55 20 17 20Z\" fill=\"#007EE2\"\/><\/svg>\n\t\t\t\t\t<time class=\"entry-date published\" datetime=\"2024-02-07T05:33:02+01:00\">7 F\u00e9v 2024<\/time><time class=\"updated\" datetime=\"2025-05-11T00:45:21+02:00\">11 mai 2025<\/time>\t\t\t\t<\/span>\n\t\t\t\t<\/div><!-- .entry-taxonomies -->\n\t<h6 class=\"entry-title\"><a href=\"https:\/\/tolunacorporate.com\/fr\/les-francais-dans-leur-quartier-vague-3\/\" rel=\"bookmark\">Les Fran\u00e7ais dans leur quartier \u2013 Vague 3<\/a><\/h6><\/header><!-- .entry-header -->\n<footer class=\"entry-footer\">\n\t\t\t<div class=\"entry-actions\">\n\t\t\t<p class=\"more-link-wrap\">\n\t\t\t\t<a href=\"https:\/\/tolunacorporate.com\/fr\/les-francais-dans-leur-quartier-vague-3\/\" class=\"post-more-link\">\n\t\t\t\t\tEN SAVOIR PLUS<span class=\"screen-reader-text\"> Les Fran\u00e7ais dans leur quartier \u2013 Vague 3<\/span><span class=\"toluna-svg-iconset svg-baseline\"><svg width=\"24\" height=\"25\" viewBox=\"0 0 24 25\" fill=\"none\" xmlns=\"http:\/\/www.w3.org\/2000\/svg\"><g clip-path=\"url(#clip0_3349_8828)\"><path d=\"M7.38048 21.9288C7.87048 22.4188 8.66048 22.4188 9.15048 21.9288L17.4605 13.6187C17.8505 13.2287 17.8505 12.5988 17.4605 12.2087L9.15048 3.89875C8.66048 3.40875 7.87048 3.40875 7.38048 3.89875C6.89048 4.38875 6.89048 5.17875 7.38048 5.66875L14.6205 12.9187L7.37048 20.1688C6.89048 20.6488 6.89048 21.4488 7.38048 21.9288Z\" fill=\"#007EE2\"\/><\/g><defs><clipPath id=\"clip0_3349_8828\"><rect width=\"24\" height=\"24\" fill=\"white\" transform=\"translate(0 0.917969)\"\/><\/clipPath><\/defs><\/svg><\/span>\t\t\t\t<\/a>\n\t\t\t<\/p>\n\t\t<\/div><!-- .entry-actions -->\n\t\t<\/footer><!-- .entry-footer -->\n\t<\/div>\n<\/article>\n<article class=\"entry content-bg loop-entry post-14557 post type-post status-publish format-standard has-post-thumbnail hentry category-france-fr tag-poll-2\">\n\t    <!-- toluna-thumbnail-ratio-1-1 -->\n\t\t<a class=\"post-thumbnail\" href=\"https:\/\/tolunacorporate.com\/fr\/perception-de-lhommage-aux-victimes-francaises-de-lattentat-du-hamas-contre-israel-le-7-octobre-2023\/\">\n\t\t\t<div class=\"post-thumbnail-inner\">\n\t\t\t\t<img decoding=\"async\" width=\"293\" height=\"294\" src=\"https:\/\/tolunacorporate.com\/wp-content\/uploads\/2025\/05\/Perception-de-lhommage-aux-victimes-francaises-de-lattentat-du-Hamas-contre-Israel-le-7-octobre-2023.jpg\" class=\"attachment-large size-large wp-post-image\" alt=\"Perception de l\u2019hommage aux victimes fran\u00e7aises de l\u2019attentat du Hamas contre Isra\u00ebl le 7 octobre 2023\" srcset=\"https:\/\/tolunacorporate.com\/wp-content\/uploads\/2025\/05\/Perception-de-lhommage-aux-victimes-francaises-de-lattentat-du-Hamas-contre-Israel-le-7-octobre-2023.jpg 293w, https:\/\/tolunacorporate.com\/wp-content\/uploads\/2025\/05\/Perception-de-lhommage-aux-victimes-francaises-de-lattentat-du-Hamas-contre-Israel-le-7-octobre-2023-150x150.jpg 150w\" sizes=\"(max-width: 293px) 100vw, 293px\" style=\"width:100%;height:100.34%;max-width:293px;\" \/>\t\t\t<\/div>\n\t\t<\/a><!-- .post-thumbnail -->\n\t\t\t<div class=\"entry-content-wrap\">\n\t\t<header class=\"entry-header\">\n\t\t<div class=\"entry-taxonomies\">\n\t\t\t\t\t\t<span class=\"posted-on\">\n\t\t\t\t\t<svg width=\"20\" height=\"22\" viewBox=\"0 0 20 22\" fill=\"none\" xmlns=\"http:\/\/www.w3.org\/2000\/svg\"><path d=\"M18 2H17V1C17 0.45 16.55 0 16 0C15.45 0 15 0.45 15 1V2H5V1C5 0.45 4.55 0 4 0C3.45 0 3 0.45 3 1V2H2C0.9 2 0 2.9 0 4V20C0 21.1 0.9 22 2 22H18C19.1 22 20 21.1 20 20V4C20 2.9 19.1 2 18 2ZM17 20H3C2.45 20 2 19.55 2 19V7H18V19C18 19.55 17.55 20 17 20Z\" fill=\"#007EE2\"\/><\/svg>\n\t\t\t\t\t<time class=\"entry-date published\" datetime=\"2024-02-06T05:35:12+01:00\">6 F\u00e9v 2024<\/time><time class=\"updated\" datetime=\"2025-05-11T00:47:18+02:00\">11 mai 2025<\/time>\t\t\t\t<\/span>\n\t\t\t\t<\/div><!-- .entry-taxonomies -->\n\t<h6 class=\"entry-title\"><a href=\"https:\/\/tolunacorporate.com\/fr\/perception-de-lhommage-aux-victimes-francaises-de-lattentat-du-hamas-contre-israel-le-7-octobre-2023\/\" rel=\"bookmark\">Perception de l\u2019hommage aux victimes fran\u00e7aises de l\u2019attentat du Hamas contre Isra\u00ebl le 7 octobre 2023<\/a><\/h6><\/header><!-- .entry-header -->\n<footer class=\"entry-footer\">\n\t\t\t<div class=\"entry-actions\">\n\t\t\t<p class=\"more-link-wrap\">\n\t\t\t\t<a href=\"https:\/\/tolunacorporate.com\/fr\/perception-de-lhommage-aux-victimes-francaises-de-lattentat-du-hamas-contre-israel-le-7-octobre-2023\/\" class=\"post-more-link\">\n\t\t\t\t\tEN SAVOIR PLUS<span class=\"screen-reader-text\"> Perception de l\u2019hommage aux victimes fran\u00e7aises de l\u2019attentat du Hamas contre Isra\u00ebl le 7 octobre 2023<\/span><span class=\"toluna-svg-iconset svg-baseline\"><svg width=\"24\" height=\"25\" viewBox=\"0 0 24 25\" fill=\"none\" xmlns=\"http:\/\/www.w3.org\/2000\/svg\"><g clip-path=\"url(#clip0_3349_8828)\"><path d=\"M7.38048 21.9288C7.87048 22.4188 8.66048 22.4188 9.15048 21.9288L17.4605 13.6187C17.8505 13.2287 17.8505 12.5988 17.4605 12.2087L9.15048 3.89875C8.66048 3.40875 7.87048 3.40875 7.38048 3.89875C6.89048 4.38875 6.89048 5.17875 7.38048 5.66875L14.6205 12.9187L7.37048 20.1688C6.89048 20.6488 6.89048 21.4488 7.38048 21.9288Z\" fill=\"#007EE2\"\/><\/g><defs><clipPath id=\"clip0_3349_8828\"><rect width=\"24\" height=\"24\" fill=\"white\" transform=\"translate(0 0.917969)\"\/><\/clipPath><\/defs><\/svg><\/span>\t\t\t\t<\/a>\n\t\t\t<\/p>\n\t\t<\/div><!-- .entry-actions -->\n\t\t<\/footer><!-- .entry-footer -->\n\t<\/div>\n<\/article>\n<article class=\"entry content-bg loop-entry post-14575 post type-post status-publish format-standard has-post-thumbnail hentry category-france-fr tag-poll-2\">\n\t    <!-- toluna-thumbnail-ratio-1-1 -->\n\t\t<a class=\"post-thumbnail\" href=\"https:\/\/tolunacorporate.com\/fr\/les-francais-et-la-nutrition\/\">\n\t\t\t<div class=\"post-thumbnail-inner\">\n\t\t\t\t<img decoding=\"async\" width=\"1024\" height=\"1024\" src=\"https:\/\/tolunacorporate.com\/wp-content\/uploads\/2025\/05\/Les-Francais-et-la-nutrition-1024x1024.jpg\" class=\"attachment-large size-large wp-post-image\" alt=\"Les Fran\u00e7ais et la nutrition\" srcset=\"https:\/\/tolunacorporate.com\/wp-content\/uploads\/2025\/05\/Les-Francais-et-la-nutrition-1024x1024.jpg 1024w, https:\/\/tolunacorporate.com\/wp-content\/uploads\/2025\/05\/Les-Francais-et-la-nutrition-300x300.jpg 300w, https:\/\/tolunacorporate.com\/wp-content\/uploads\/2025\/05\/Les-Francais-et-la-nutrition-150x150.jpg 150w, https:\/\/tolunacorporate.com\/wp-content\/uploads\/2025\/05\/Les-Francais-et-la-nutrition-768x768.jpg 768w, https:\/\/tolunacorporate.com\/wp-content\/uploads\/2025\/05\/Les-Francais-et-la-nutrition.jpg 1536w\" sizes=\"(max-width: 1024px) 100vw, 1024px\" style=\"width:100%;height:100%;max-width:1536px;\" \/>\t\t\t<\/div>\n\t\t<\/a><!-- .post-thumbnail -->\n\t\t\t<div class=\"entry-content-wrap\">\n\t\t<header class=\"entry-header\">\n\t\t<div class=\"entry-taxonomies\">\n\t\t\t\t\t\t<span class=\"posted-on\">\n\t\t\t\t\t<svg width=\"20\" height=\"22\" viewBox=\"0 0 20 22\" fill=\"none\" xmlns=\"http:\/\/www.w3.org\/2000\/svg\"><path d=\"M18 2H17V1C17 0.45 16.55 0 16 0C15.45 0 15 0.45 15 1V2H5V1C5 0.45 4.55 0 4 0C3.45 0 3 0.45 3 1V2H2C0.9 2 0 2.9 0 4V20C0 21.1 0.9 22 2 22H18C19.1 22 20 21.1 20 20V4C20 2.9 19.1 2 18 2ZM17 20H3C2.45 20 2 19.55 2 19V7H18V19C18 19.55 17.55 20 17 20Z\" fill=\"#007EE2\"\/><\/svg>\n\t\t\t\t\t<time class=\"entry-date published\" datetime=\"2024-02-05T05:38:40+01:00\">5 F\u00e9v 2024<\/time><time class=\"updated\" datetime=\"2025-05-11T00:49:35+02:00\">11 mai 2025<\/time>\t\t\t\t<\/span>\n\t\t\t\t<\/div><!-- .entry-taxonomies -->\n\t<h6 class=\"entry-title\"><a href=\"https:\/\/tolunacorporate.com\/fr\/les-francais-et-la-nutrition\/\" rel=\"bookmark\">Les Fran\u00e7ais et la nutrition<\/a><\/h6><\/header><!-- .entry-header -->\n<footer class=\"entry-footer\">\n\t\t\t<div class=\"entry-actions\">\n\t\t\t<p class=\"more-link-wrap\">\n\t\t\t\t<a href=\"https:\/\/tolunacorporate.com\/fr\/les-francais-et-la-nutrition\/\" class=\"post-more-link\">\n\t\t\t\t\tEN SAVOIR PLUS<span class=\"screen-reader-text\"> Les Fran\u00e7ais et la nutrition<\/span><span class=\"toluna-svg-iconset svg-baseline\"><svg width=\"24\" height=\"25\" viewBox=\"0 0 24 25\" fill=\"none\" xmlns=\"http:\/\/www.w3.org\/2000\/svg\"><g clip-path=\"url(#clip0_3349_8828)\"><path d=\"M7.38048 21.9288C7.87048 22.4188 8.66048 22.4188 9.15048 21.9288L17.4605 13.6187C17.8505 13.2287 17.8505 12.5988 17.4605 12.2087L9.15048 3.89875C8.66048 3.40875 7.87048 3.40875 7.38048 3.89875C6.89048 4.38875 6.89048 5.17875 7.38048 5.66875L14.6205 12.9187L7.37048 20.1688C6.89048 20.6488 6.89048 21.4488 7.38048 21.9288Z\" fill=\"#007EE2\"\/><\/g><defs><clipPath id=\"clip0_3349_8828\"><rect width=\"24\" height=\"24\" fill=\"white\" transform=\"translate(0 0.917969)\"\/><\/clipPath><\/defs><\/svg><\/span>\t\t\t\t<\/a>\n\t\t\t<\/p>\n\t\t<\/div><!-- .entry-actions -->\n\t\t<\/footer><!-- .entry-footer -->\n\t<\/div>\n<\/article>\n<article class=\"entry content-bg loop-entry post-14566 post type-post status-publish format-standard has-post-thumbnail hentry category-france-fr tag-poll-2\">\n\t    <!-- toluna-thumbnail-ratio-1-1 -->\n\t\t<a class=\"post-thumbnail\" href=\"https:\/\/tolunacorporate.com\/fr\/le-rapport-des-jeunes-actifs-au-travail\/\">\n\t\t\t<div class=\"post-thumbnail-inner\">\n\t\t\t\t<img decoding=\"async\" width=\"1024\" height=\"1024\" src=\"https:\/\/tolunacorporate.com\/wp-content\/uploads\/2025\/05\/Le-rapport-des-jeunes-actifs-au-travail-1024x1024.jpg\" class=\"attachment-large size-large wp-post-image\" alt=\"Le rapport des jeunes actifs au travail\" srcset=\"https:\/\/tolunacorporate.com\/wp-content\/uploads\/2025\/05\/Le-rapport-des-jeunes-actifs-au-travail-1024x1024.jpg 1024w, https:\/\/tolunacorporate.com\/wp-content\/uploads\/2025\/05\/Le-rapport-des-jeunes-actifs-au-travail-300x300.jpg 300w, https:\/\/tolunacorporate.com\/wp-content\/uploads\/2025\/05\/Le-rapport-des-jeunes-actifs-au-travail-150x150.jpg 150w, https:\/\/tolunacorporate.com\/wp-content\/uploads\/2025\/05\/Le-rapport-des-jeunes-actifs-au-travail-768x768.jpg 768w, https:\/\/tolunacorporate.com\/wp-content\/uploads\/2025\/05\/Le-rapport-des-jeunes-actifs-au-travail.jpg 1536w\" sizes=\"(max-width: 1024px) 100vw, 1024px\" style=\"width:100%;height:100%;max-width:1536px;\" \/>\t\t\t<\/div>\n\t\t<\/a><!-- .post-thumbnail -->\n\t\t\t<div class=\"entry-content-wrap\">\n\t\t<header class=\"entry-header\">\n\t\t<div class=\"entry-taxonomies\">\n\t\t\t\t\t\t<span class=\"posted-on\">\n\t\t\t\t\t<svg width=\"20\" height=\"22\" viewBox=\"0 0 20 22\" fill=\"none\" xmlns=\"http:\/\/www.w3.org\/2000\/svg\"><path d=\"M18 2H17V1C17 0.45 16.55 0 16 0C15.45 0 15 0.45 15 1V2H5V1C5 0.45 4.55 0 4 0C3.45 0 3 0.45 3 1V2H2C0.9 2 0 2.9 0 4V20C0 21.1 0.9 22 2 22H18C19.1 22 20 21.1 20 20V4C20 2.9 19.1 2 18 2ZM17 20H3C2.45 20 2 19.55 2 19V7H18V19C18 19.55 17.55 20 17 20Z\" fill=\"#007EE2\"\/><\/svg>\n\t\t\t\t\t<time class=\"entry-date published\" datetime=\"2024-02-05T05:36:56+01:00\">5 F\u00e9v 2024<\/time><time class=\"updated\" datetime=\"2025-05-09T05:38:26+02:00\">9 mai 2025<\/time>\t\t\t\t<\/span>\n\t\t\t\t<\/div><!-- .entry-taxonomies -->\n\t<h6 class=\"entry-title\"><a href=\"https:\/\/tolunacorporate.com\/fr\/le-rapport-des-jeunes-actifs-au-travail\/\" rel=\"bookmark\">Le rapport des jeunes actifs au travail<\/a><\/h6><\/header><!-- .entry-header -->\n<footer class=\"entry-footer\">\n\t\t\t<div class=\"entry-actions\">\n\t\t\t<p class=\"more-link-wrap\">\n\t\t\t\t<a href=\"https:\/\/tolunacorporate.com\/fr\/le-rapport-des-jeunes-actifs-au-travail\/\" class=\"post-more-link\">\n\t\t\t\t\tEN SAVOIR PLUS<span class=\"screen-reader-text\"> Le rapport des jeunes actifs au travail<\/span><span class=\"toluna-svg-iconset svg-baseline\"><svg width=\"24\" height=\"25\" viewBox=\"0 0 24 25\" fill=\"none\" xmlns=\"http:\/\/www.w3.org\/2000\/svg\"><g clip-path=\"url(#clip0_3349_8828)\"><path d=\"M7.38048 21.9288C7.87048 22.4188 8.66048 22.4188 9.15048 21.9288L17.4605 13.6187C17.8505 13.2287 17.8505 12.5988 17.4605 12.2087L9.15048 3.89875C8.66048 3.40875 7.87048 3.40875 7.38048 3.89875C6.89048 4.38875 6.89048 5.17875 7.38048 5.66875L14.6205 12.9187L7.37048 20.1688C6.89048 20.6488 6.89048 21.4488 7.38048 21.9288Z\" fill=\"#007EE2\"\/><\/g><defs><clipPath id=\"clip0_3349_8828\"><rect width=\"24\" height=\"24\" fill=\"white\" transform=\"translate(0 0.917969)\"\/><\/clipPath><\/defs><\/svg><\/span>\t\t\t\t<\/a>\n\t\t\t<\/p>\n\t\t<\/div><!-- .entry-actions -->\n\t\t<\/footer><!-- .entry-footer -->\n\t<\/div>\n<\/article>\n<article class=\"entry content-bg loop-entry post-14584 post type-post status-publish format-standard has-post-thumbnail hentry category-france-fr tag-poll-2\">\n\t    <!-- toluna-thumbnail-ratio-1-1 -->\n\t\t<a class=\"post-thumbnail\" href=\"https:\/\/tolunacorporate.com\/fr\/barometre-de-confiance-politique-janvier-2024\/\">\n\t\t\t<div class=\"post-thumbnail-inner\">\n\t\t\t\t<img decoding=\"async\" width=\"500\" height=\"500\" src=\"https:\/\/tolunacorporate.com\/wp-content\/uploads\/2025\/05\/Barometre-de-confiance-politique-\u2013-Janvier-2024.jpg\" class=\"attachment-large size-large wp-post-image\" alt=\"Barom\u00e8tre de confiance politique \u2013 Janvier 2024\" srcset=\"https:\/\/tolunacorporate.com\/wp-content\/uploads\/2025\/05\/Barometre-de-confiance-politique-\u2013-Janvier-2024.jpg 500w, https:\/\/tolunacorporate.com\/wp-content\/uploads\/2025\/05\/Barometre-de-confiance-politique-\u2013-Janvier-2024-300x300.jpg 300w, https:\/\/tolunacorporate.com\/wp-content\/uploads\/2025\/05\/Barometre-de-confiance-politique-\u2013-Janvier-2024-150x150.jpg 150w\" sizes=\"(max-width: 500px) 100vw, 500px\" style=\"width:100%;height:100%;max-width:500px;\" \/>\t\t\t<\/div>\n\t\t<\/a><!-- .post-thumbnail -->\n\t\t\t<div class=\"entry-content-wrap\">\n\t\t<header class=\"entry-header\">\n\t\t<div class=\"entry-taxonomies\">\n\t\t\t\t\t\t<span class=\"posted-on\">\n\t\t\t\t\t<svg width=\"20\" height=\"22\" viewBox=\"0 0 20 22\" fill=\"none\" xmlns=\"http:\/\/www.w3.org\/2000\/svg\"><path d=\"M18 2H17V1C17 0.45 16.55 0 16 0C15.45 0 15 0.45 15 1V2H5V1C5 0.45 4.55 0 4 0C3.45 0 3 0.45 3 1V2H2C0.9 2 0 2.9 0 4V20C0 21.1 0.9 22 2 22H18C19.1 22 20 21.1 20 20V4C20 2.9 19.1 2 18 2ZM17 20H3C2.45 20 2 19.55 2 19V7H18V19C18 19.55 17.55 20 17 20Z\" fill=\"#007EE2\"\/><\/svg>\n\t\t\t\t\t<time class=\"entry-date published\" datetime=\"2024-01-26T05:40:18+01:00\">26 Jan 2024<\/time><time class=\"updated\" datetime=\"2025-05-11T00:54:07+02:00\">11 mai 2025<\/time>\t\t\t\t<\/span>\n\t\t\t\t<\/div><!-- .entry-taxonomies -->\n\t<h6 class=\"entry-title\"><a href=\"https:\/\/tolunacorporate.com\/fr\/barometre-de-confiance-politique-janvier-2024\/\" rel=\"bookmark\">Barom\u00e8tre de confiance politique \u2013 Janvier 2024<\/a><\/h6><\/header><!-- .entry-header -->\n<footer class=\"entry-footer\">\n\t\t\t<div class=\"entry-actions\">\n\t\t\t<p class=\"more-link-wrap\">\n\t\t\t\t<a href=\"https:\/\/tolunacorporate.com\/fr\/barometre-de-confiance-politique-janvier-2024\/\" class=\"post-more-link\">\n\t\t\t\t\tEN SAVOIR PLUS<span class=\"screen-reader-text\"> Barom\u00e8tre de confiance politique \u2013 Janvier 2024<\/span><span class=\"toluna-svg-iconset svg-baseline\"><svg width=\"24\" height=\"25\" viewBox=\"0 0 24 25\" fill=\"none\" xmlns=\"http:\/\/www.w3.org\/2000\/svg\"><g clip-path=\"url(#clip0_3349_8828)\"><path d=\"M7.38048 21.9288C7.87048 22.4188 8.66048 22.4188 9.15048 21.9288L17.4605 13.6187C17.8505 13.2287 17.8505 12.5988 17.4605 12.2087L9.15048 3.89875C8.66048 3.40875 7.87048 3.40875 7.38048 3.89875C6.89048 4.38875 6.89048 5.17875 7.38048 5.66875L14.6205 12.9187L7.37048 20.1688C6.89048 20.6488 6.89048 21.4488 7.38048 21.9288Z\" fill=\"#007EE2\"\/><\/g><defs><clipPath id=\"clip0_3349_8828\"><rect width=\"24\" height=\"24\" fill=\"white\" transform=\"translate(0 0.917969)\"\/><\/clipPath><\/defs><\/svg><\/span>\t\t\t\t<\/a>\n\t\t\t<\/p>\n\t\t<\/div><!-- .entry-actions -->\n\t\t<\/footer><!-- .entry-footer -->\n\t<\/div>\n<\/article>\n<article class=\"entry content-bg loop-entry post-14593 post type-post status-publish format-standard has-post-thumbnail hentry category-france-fr tag-poll-2\">\n\t    <!-- toluna-thumbnail-ratio-1-1 -->\n\t\t<a class=\"post-thumbnail\" href=\"https:\/\/tolunacorporate.com\/fr\/observatoire-de-la-mobilisation-des-agriculteurs-vague-1\/\">\n\t\t\t<div class=\"post-thumbnail-inner\">\n\t\t\t\t<img decoding=\"async\" width=\"1024\" height=\"1024\" src=\"https:\/\/tolunacorporate.com\/wp-content\/uploads\/2025\/05\/Observatoire-de-la-mobilisation-des-agriculteurs-\u2013-Vague-1-1024x1024.jpg\" class=\"attachment-large size-large wp-post-image\" alt=\"Observatoire de la mobilisation des agriculteurs \u2013 Vague 1\" srcset=\"https:\/\/tolunacorporate.com\/wp-content\/uploads\/2025\/05\/Observatoire-de-la-mobilisation-des-agriculteurs-\u2013-Vague-1-1024x1024.jpg 1024w, https:\/\/tolunacorporate.com\/wp-content\/uploads\/2025\/05\/Observatoire-de-la-mobilisation-des-agriculteurs-\u2013-Vague-1-300x300.jpg 300w, https:\/\/tolunacorporate.com\/wp-content\/uploads\/2025\/05\/Observatoire-de-la-mobilisation-des-agriculteurs-\u2013-Vague-1-150x150.jpg 150w, https:\/\/tolunacorporate.com\/wp-content\/uploads\/2025\/05\/Observatoire-de-la-mobilisation-des-agriculteurs-\u2013-Vague-1-768x768.jpg 768w, https:\/\/tolunacorporate.com\/wp-content\/uploads\/2025\/05\/Observatoire-de-la-mobilisation-des-agriculteurs-\u2013-Vague-1.jpg 1536w\" sizes=\"(max-width: 1024px) 100vw, 1024px\" style=\"width:100%;height:100%;max-width:1536px;\" \/>\t\t\t<\/div>\n\t\t<\/a><!-- .post-thumbnail -->\n\t\t\t<div class=\"entry-content-wrap\">\n\t\t<header class=\"entry-header\">\n\t\t<div class=\"entry-taxonomies\">\n\t\t\t\t\t\t<span class=\"posted-on\">\n\t\t\t\t\t<svg width=\"20\" height=\"22\" viewBox=\"0 0 20 22\" fill=\"none\" xmlns=\"http:\/\/www.w3.org\/2000\/svg\"><path d=\"M18 2H17V1C17 0.45 16.55 0 16 0C15.45 0 15 0.45 15 1V2H5V1C5 0.45 4.55 0 4 0C3.45 0 3 0.45 3 1V2H2C0.9 2 0 2.9 0 4V20C0 21.1 0.9 22 2 22H18C19.1 22 20 21.1 20 20V4C20 2.9 19.1 2 18 2ZM17 20H3C2.45 20 2 19.55 2 19V7H18V19C18 19.55 17.55 20 17 20Z\" fill=\"#007EE2\"\/><\/svg>\n\t\t\t\t\t<time class=\"entry-date published\" datetime=\"2024-01-23T05:42:33+01:00\">23 Jan 2024<\/time><time class=\"updated\" datetime=\"2025-05-11T00:59:39+02:00\">11 mai 2025<\/time>\t\t\t\t<\/span>\n\t\t\t\t<\/div><!-- .entry-taxonomies -->\n\t<h6 class=\"entry-title\"><a href=\"https:\/\/tolunacorporate.com\/fr\/observatoire-de-la-mobilisation-des-agriculteurs-vague-1\/\" rel=\"bookmark\">Observatoire de la mobilisation des agriculteurs \u2013 Vague 1<\/a><\/h6><\/header><!-- .entry-header -->\n<footer class=\"entry-footer\">\n\t\t\t<div class=\"entry-actions\">\n\t\t\t<p class=\"more-link-wrap\">\n\t\t\t\t<a href=\"https:\/\/tolunacorporate.com\/fr\/observatoire-de-la-mobilisation-des-agriculteurs-vague-1\/\" class=\"post-more-link\">\n\t\t\t\t\tEN SAVOIR PLUS<span class=\"screen-reader-text\"> Observatoire de la mobilisation des agriculteurs \u2013 Vague 1<\/span><span class=\"toluna-svg-iconset svg-baseline\"><svg width=\"24\" height=\"25\" viewBox=\"0 0 24 25\" fill=\"none\" xmlns=\"http:\/\/www.w3.org\/2000\/svg\"><g clip-path=\"url(#clip0_3349_8828)\"><path d=\"M7.38048 21.9288C7.87048 22.4188 8.66048 22.4188 9.15048 21.9288L17.4605 13.6187C17.8505 13.2287 17.8505 12.5988 17.4605 12.2087L9.15048 3.89875C8.66048 3.40875 7.87048 3.40875 7.38048 3.89875C6.89048 4.38875 6.89048 5.17875 7.38048 5.66875L14.6205 12.9187L7.37048 20.1688C6.89048 20.6488 6.89048 21.4488 7.38048 21.9288Z\" fill=\"#007EE2\"\/><\/g><defs><clipPath id=\"clip0_3349_8828\"><rect width=\"24\" height=\"24\" fill=\"white\" transform=\"translate(0 0.917969)\"\/><\/clipPath><\/defs><\/svg><\/span>\t\t\t\t<\/a>\n\t\t\t<\/p>\n\t\t<\/div><!-- .entry-actions -->\n\t\t<\/footer><!-- .entry-footer -->\n\t<\/div>\n<\/article>\n<article class=\"entry content-bg loop-entry post-14611 post type-post status-publish format-standard has-post-thumbnail hentry category-france-fr tag-poll-2\">\n\t    <!-- toluna-thumbnail-ratio-1-1 -->\n\t\t<a class=\"post-thumbnail\" href=\"https:\/\/tolunacorporate.com\/fr\/reactions-des-francais-a-la-conference-de-presse-demmanuel-macron-du-16-janvier-2024\/\">\n\t\t\t<div class=\"post-thumbnail-inner\">\n\t\t\t\t<img decoding=\"async\" width=\"500\" height=\"500\" src=\"https:\/\/tolunacorporate.com\/wp-content\/uploads\/2025\/05\/Reactions-des-Francais-a-la-conference-de-presse-dEmmanuel-Macron-du-16-janvier-2024.png\" class=\"attachment-large size-large wp-post-image\" alt=\"R\u00e9actions des Fran\u00e7ais \u00e0 la conf\u00e9rence de presse d\u2019Emmanuel Macron du 16 janvier 2024\" srcset=\"https:\/\/tolunacorporate.com\/wp-content\/uploads\/2025\/05\/Reactions-des-Francais-a-la-conference-de-presse-dEmmanuel-Macron-du-16-janvier-2024.png 500w, https:\/\/tolunacorporate.com\/wp-content\/uploads\/2025\/05\/Reactions-des-Francais-a-la-conference-de-presse-dEmmanuel-Macron-du-16-janvier-2024-300x300.png 300w, https:\/\/tolunacorporate.com\/wp-content\/uploads\/2025\/05\/Reactions-des-Francais-a-la-conference-de-presse-dEmmanuel-Macron-du-16-janvier-2024-150x150.png 150w\" sizes=\"(max-width: 500px) 100vw, 500px\" style=\"width:100%;height:100%;max-width:500px;\" \/>\t\t\t<\/div>\n\t\t<\/a><!-- .post-thumbnail -->\n\t\t\t<div class=\"entry-content-wrap\">\n\t\t<header class=\"entry-header\">\n\t\t<div class=\"entry-taxonomies\">\n\t\t\t\t\t\t<span class=\"posted-on\">\n\t\t\t\t\t<svg width=\"20\" height=\"22\" viewBox=\"0 0 20 22\" fill=\"none\" xmlns=\"http:\/\/www.w3.org\/2000\/svg\"><path d=\"M18 2H17V1C17 0.45 16.55 0 16 0C15.45 0 15 0.45 15 1V2H5V1C5 0.45 4.55 0 4 0C3.45 0 3 0.45 3 1V2H2C0.9 2 0 2.9 0 4V20C0 21.1 0.9 22 2 22H18C19.1 22 20 21.1 20 20V4C20 2.9 19.1 2 18 2ZM17 20H3C2.45 20 2 19.55 2 19V7H18V19C18 19.55 17.55 20 17 20Z\" fill=\"#007EE2\"\/><\/svg>\n\t\t\t\t\t<time class=\"entry-date published\" datetime=\"2024-01-17T05:46:52+01:00\">17 Jan 2024<\/time><time class=\"updated\" datetime=\"2025-05-11T01:09:14+02:00\">11 mai 2025<\/time>\t\t\t\t<\/span>\n\t\t\t\t<\/div><!-- .entry-taxonomies -->\n\t<h6 class=\"entry-title\"><a href=\"https:\/\/tolunacorporate.com\/fr\/reactions-des-francais-a-la-conference-de-presse-demmanuel-macron-du-16-janvier-2024\/\" rel=\"bookmark\">R\u00e9actions des Fran\u00e7ais \u00e0 la conf\u00e9rence de presse d\u2019Emmanuel Macron du 16 janvier 2024<\/a><\/h6><\/header><!-- .entry-header -->\n<footer class=\"entry-footer\">\n\t\t\t<div class=\"entry-actions\">\n\t\t\t<p class=\"more-link-wrap\">\n\t\t\t\t<a href=\"https:\/\/tolunacorporate.com\/fr\/reactions-des-francais-a-la-conference-de-presse-demmanuel-macron-du-16-janvier-2024\/\" class=\"post-more-link\">\n\t\t\t\t\tEN SAVOIR PLUS<span class=\"screen-reader-text\"> R\u00e9actions des Fran\u00e7ais \u00e0 la conf\u00e9rence de presse d\u2019Emmanuel Macron du 16 janvier 2024<\/span><span class=\"toluna-svg-iconset svg-baseline\"><svg width=\"24\" height=\"25\" viewBox=\"0 0 24 25\" fill=\"none\" xmlns=\"http:\/\/www.w3.org\/2000\/svg\"><g clip-path=\"url(#clip0_3349_8828)\"><path d=\"M7.38048 21.9288C7.87048 22.4188 8.66048 22.4188 9.15048 21.9288L17.4605 13.6187C17.8505 13.2287 17.8505 12.5988 17.4605 12.2087L9.15048 3.89875C8.66048 3.40875 7.87048 3.40875 7.38048 3.89875C6.89048 4.38875 6.89048 5.17875 7.38048 5.66875L14.6205 12.9187L7.37048 20.1688C6.89048 20.6488 6.89048 21.4488 7.38048 21.9288Z\" fill=\"#007EE2\"\/><\/g><defs><clipPath id=\"clip0_3349_8828\"><rect width=\"24\" height=\"24\" fill=\"white\" transform=\"translate(0 0.917969)\"\/><\/clipPath><\/defs><\/svg><\/span>\t\t\t\t<\/a>\n\t\t\t<\/p>\n\t\t<\/div><!-- .entry-actions -->\n\t\t<\/footer><!-- .entry-footer -->\n\t<\/div>\n<\/article>\n<article class=\"entry content-bg loop-entry post-14602 post type-post status-publish format-standard has-post-thumbnail hentry category-france-fr tag-poll-2\">\n\t    <!-- toluna-thumbnail-ratio-1-1 -->\n\t\t<a class=\"post-thumbnail\" href=\"https:\/\/tolunacorporate.com\/fr\/barometre-du-spectacle-vivant-vague-9\/\">\n\t\t\t<div class=\"post-thumbnail-inner\">\n\t\t\t\t<img decoding=\"async\" width=\"500\" height=\"500\" src=\"https:\/\/tolunacorporate.com\/wp-content\/uploads\/2025\/05\/Barometre-du-spectacle-vivant-\u2013-Vague-9.jpg\" class=\"attachment-large size-large wp-post-image\" alt=\"Barom\u00e8tre du spectacle vivant \u2013 Vague 9\" srcset=\"https:\/\/tolunacorporate.com\/wp-content\/uploads\/2025\/05\/Barometre-du-spectacle-vivant-\u2013-Vague-9.jpg 500w, https:\/\/tolunacorporate.com\/wp-content\/uploads\/2025\/05\/Barometre-du-spectacle-vivant-\u2013-Vague-9-300x300.jpg 300w, https:\/\/tolunacorporate.com\/wp-content\/uploads\/2025\/05\/Barometre-du-spectacle-vivant-\u2013-Vague-9-150x150.jpg 150w\" sizes=\"(max-width: 500px) 100vw, 500px\" style=\"width:100%;height:100%;max-width:500px;\" \/>\t\t\t<\/div>\n\t\t<\/a><!-- .post-thumbnail -->\n\t\t\t<div class=\"entry-content-wrap\">\n\t\t<header class=\"entry-header\">\n\t\t<div class=\"entry-taxonomies\">\n\t\t\t\t\t\t<span class=\"posted-on\">\n\t\t\t\t\t<svg width=\"20\" height=\"22\" viewBox=\"0 0 20 22\" fill=\"none\" xmlns=\"http:\/\/www.w3.org\/2000\/svg\"><path d=\"M18 2H17V1C17 0.45 16.55 0 16 0C15.45 0 15 0.45 15 1V2H5V1C5 0.45 4.55 0 4 0C3.45 0 3 0.45 3 1V2H2C0.9 2 0 2.9 0 4V20C0 21.1 0.9 22 2 22H18C19.1 22 20 21.1 20 20V4C20 2.9 19.1 2 18 2ZM17 20H3C2.45 20 2 19.55 2 19V7H18V19C18 19.55 17.55 20 17 20Z\" fill=\"#007EE2\"\/><\/svg>\n\t\t\t\t\t<time class=\"entry-date published\" datetime=\"2024-01-17T05:44:42+01:00\">17 Jan 2024<\/time><time class=\"updated\" datetime=\"2025-05-09T05:46:33+02:00\">9 mai 2025<\/time>\t\t\t\t<\/span>\n\t\t\t\t<\/div><!-- .entry-taxonomies -->\n\t<h6 class=\"entry-title\"><a href=\"https:\/\/tolunacorporate.com\/fr\/barometre-du-spectacle-vivant-vague-9\/\" rel=\"bookmark\">Barom\u00e8tre du spectacle vivant \u2013 Vague 9<\/a><\/h6><\/header><!-- .entry-header -->\n<footer class=\"entry-footer\">\n\t\t\t<div class=\"entry-actions\">\n\t\t\t<p class=\"more-link-wrap\">\n\t\t\t\t<a href=\"https:\/\/tolunacorporate.com\/fr\/barometre-du-spectacle-vivant-vague-9\/\" class=\"post-more-link\">\n\t\t\t\t\tEN SAVOIR PLUS<span class=\"screen-reader-text\"> Barom\u00e8tre du spectacle vivant \u2013 Vague 9<\/span><span class=\"toluna-svg-iconset svg-baseline\"><svg width=\"24\" height=\"25\" viewBox=\"0 0 24 25\" fill=\"none\" xmlns=\"http:\/\/www.w3.org\/2000\/svg\"><g clip-path=\"url(#clip0_3349_8828)\"><path d=\"M7.38048 21.9288C7.87048 22.4188 8.66048 22.4188 9.15048 21.9288L17.4605 13.6187C17.8505 13.2287 17.8505 12.5988 17.4605 12.2087L9.15048 3.89875C8.66048 3.40875 7.87048 3.40875 7.38048 3.89875C6.89048 4.38875 6.89048 5.17875 7.38048 5.66875L14.6205 12.9187L7.37048 20.1688C6.89048 20.6488 6.89048 21.4488 7.38048 21.9288Z\" fill=\"#007EE2\"\/><\/g><defs><clipPath id=\"clip0_3349_8828\"><rect width=\"24\" height=\"24\" fill=\"white\" transform=\"translate(0 0.917969)\"\/><\/clipPath><\/defs><\/svg><\/span>\t\t\t\t<\/a>\n\t\t\t<\/p>\n\t\t<\/div><!-- .entry-actions -->\n\t\t<\/footer><!-- .entry-footer -->\n\t<\/div>\n<\/article>\n<article class=\"entry content-bg loop-entry post-14620 post type-post status-publish format-standard has-post-thumbnail hentry category-france-fr tag-poll-2\">\n\t    <!-- toluna-thumbnail-ratio-1-1 -->\n\t\t<a class=\"post-thumbnail\" href=\"https:\/\/tolunacorporate.com\/fr\/barometre-dintentions-de-vote-aux-elections-europeennes-2024-vague-1\/\">\n\t\t\t<div class=\"post-thumbnail-inner\">\n\t\t\t\t<img decoding=\"async\" width=\"293\" height=\"294\" src=\"https:\/\/tolunacorporate.com\/wp-content\/uploads\/2025\/05\/Barometre-dintentions-de-vote-aux-elections-europeennes-2024-\u2013-Vague-1.png\" class=\"attachment-large size-large wp-post-image\" alt=\"Barom\u00e8tre d\u2019intentions de vote aux \u00e9lections europ\u00e9ennes 2024 \u2013 Vague 1\" srcset=\"https:\/\/tolunacorporate.com\/wp-content\/uploads\/2025\/05\/Barometre-dintentions-de-vote-aux-elections-europeennes-2024-\u2013-Vague-1.png 293w, https:\/\/tolunacorporate.com\/wp-content\/uploads\/2025\/05\/Barometre-dintentions-de-vote-aux-elections-europeennes-2024-\u2013-Vague-1-150x150.png 150w\" sizes=\"(max-width: 293px) 100vw, 293px\" style=\"width:100%;height:100.34%;max-width:293px;\" \/>\t\t\t<\/div>\n\t\t<\/a><!-- .post-thumbnail -->\n\t\t\t<div class=\"entry-content-wrap\">\n\t\t<header class=\"entry-header\">\n\t\t<div class=\"entry-taxonomies\">\n\t\t\t\t\t\t<span class=\"posted-on\">\n\t\t\t\t\t<svg width=\"20\" height=\"22\" viewBox=\"0 0 20 22\" fill=\"none\" xmlns=\"http:\/\/www.w3.org\/2000\/svg\"><path d=\"M18 2H17V1C17 0.45 16.55 0 16 0C15.45 0 15 0.45 15 1V2H5V1C5 0.45 4.55 0 4 0C3.45 0 3 0.45 3 1V2H2C0.9 2 0 2.9 0 4V20C0 21.1 0.9 22 2 22H18C19.1 22 20 21.1 20 20V4C20 2.9 19.1 2 18 2ZM17 20H3C2.45 20 2 19.55 2 19V7H18V19C18 19.55 17.55 20 17 20Z\" fill=\"#007EE2\"\/><\/svg>\n\t\t\t\t\t<time class=\"entry-date published\" datetime=\"2024-01-16T05:49:29+01:00\">16 Jan 2024<\/time><time class=\"updated\" datetime=\"2025-05-11T01:06:56+02:00\">11 mai 2025<\/time>\t\t\t\t<\/span>\n\t\t\t\t<\/div><!-- .entry-taxonomies -->\n\t<h6 class=\"entry-title\"><a href=\"https:\/\/tolunacorporate.com\/fr\/barometre-dintentions-de-vote-aux-elections-europeennes-2024-vague-1\/\" rel=\"bookmark\">Barom\u00e8tre d\u2019intentions de vote aux \u00e9lections europ\u00e9ennes 2024 \u2013 Vague 1<\/a><\/h6><\/header><!-- .entry-header -->\n<footer class=\"entry-footer\">\n\t\t\t<div class=\"entry-actions\">\n\t\t\t<p class=\"more-link-wrap\">\n\t\t\t\t<a href=\"https:\/\/tolunacorporate.com\/fr\/barometre-dintentions-de-vote-aux-elections-europeennes-2024-vague-1\/\" class=\"post-more-link\">\n\t\t\t\t\tEN SAVOIR PLUS<span class=\"screen-reader-text\"> Barom\u00e8tre d\u2019intentions de vote aux \u00e9lections europ\u00e9ennes 2024 \u2013 Vague 1<\/span><span class=\"toluna-svg-iconset svg-baseline\"><svg width=\"24\" height=\"25\" viewBox=\"0 0 24 25\" fill=\"none\" xmlns=\"http:\/\/www.w3.org\/2000\/svg\"><g clip-path=\"url(#clip0_3349_8828)\"><path d=\"M7.38048 21.9288C7.87048 22.4188 8.66048 22.4188 9.15048 21.9288L17.4605 13.6187C17.8505 13.2287 17.8505 12.5988 17.4605 12.2087L9.15048 3.89875C8.66048 3.40875 7.87048 3.40875 7.38048 3.89875C6.89048 4.38875 6.89048 5.17875 7.38048 5.66875L14.6205 12.9187L7.37048 20.1688C6.89048 20.6488 6.89048 21.4488 7.38048 21.9288Z\" fill=\"#007EE2\"\/><\/g><defs><clipPath id=\"clip0_3349_8828\"><rect width=\"24\" height=\"24\" fill=\"white\" transform=\"translate(0 0.917969)\"\/><\/clipPath><\/defs><\/svg><\/span>\t\t\t\t<\/a>\n\t\t\t<\/p>\n\t\t<\/div><!-- .entry-actions -->\n\t\t<\/footer><!-- .entry-footer -->\n\t<\/div>\n<\/article>\n<article class=\"entry content-bg loop-entry post-14629 post type-post status-publish format-standard has-post-thumbnail hentry category-france-fr tag-poll-2\">\n\t    <!-- toluna-thumbnail-ratio-1-1 -->\n\t\t<a class=\"post-thumbnail\" href=\"https:\/\/tolunacorporate.com\/fr\/les-francais-et-leau\/\">\n\t\t\t<div class=\"post-thumbnail-inner\">\n\t\t\t\t<img decoding=\"async\" width=\"293\" height=\"294\" src=\"https:\/\/tolunacorporate.com\/wp-content\/uploads\/2025\/05\/Les-Francais-et-leau.jpg\" class=\"attachment-large size-large wp-post-image\" alt=\"Les Fran\u00e7ais et l\u2019eau\" srcset=\"https:\/\/tolunacorporate.com\/wp-content\/uploads\/2025\/05\/Les-Francais-et-leau.jpg 293w, https:\/\/tolunacorporate.com\/wp-content\/uploads\/2025\/05\/Les-Francais-et-leau-150x150.jpg 150w\" sizes=\"(max-width: 293px) 100vw, 293px\" style=\"width:100%;height:100.34%;max-width:293px;\" \/>\t\t\t<\/div>\n\t\t<\/a><!-- .post-thumbnail -->\n\t\t\t<div class=\"entry-content-wrap\">\n\t\t<header class=\"entry-header\">\n\t\t<div class=\"entry-taxonomies\">\n\t\t\t\t\t\t<span class=\"posted-on\">\n\t\t\t\t\t<svg width=\"20\" height=\"22\" viewBox=\"0 0 20 22\" fill=\"none\" xmlns=\"http:\/\/www.w3.org\/2000\/svg\"><path d=\"M18 2H17V1C17 0.45 16.55 0 16 0C15.45 0 15 0.45 15 1V2H5V1C5 0.45 4.55 0 4 0C3.45 0 3 0.45 3 1V2H2C0.9 2 0 2.9 0 4V20C0 21.1 0.9 22 2 22H18C19.1 22 20 21.1 20 20V4C20 2.9 19.1 2 18 2ZM17 20H3C2.45 20 2 19.55 2 19V7H18V19C18 19.55 17.55 20 17 20Z\" fill=\"#007EE2\"\/><\/svg>\n\t\t\t\t\t<time class=\"entry-date published\" datetime=\"2024-01-12T05:57:33+01:00\">12 Jan 2024<\/time><time class=\"updated\" datetime=\"2025-05-11T01:11:37+02:00\">11 mai 2025<\/time>\t\t\t\t<\/span>\n\t\t\t\t<\/div><!-- .entry-taxonomies -->\n\t<h6 class=\"entry-title\"><a href=\"https:\/\/tolunacorporate.com\/fr\/les-francais-et-leau\/\" rel=\"bookmark\">Les Fran\u00e7ais et l\u2019eau<\/a><\/h6><\/header><!-- .entry-header -->\n<footer class=\"entry-footer\">\n\t\t\t<div class=\"entry-actions\">\n\t\t\t<p class=\"more-link-wrap\">\n\t\t\t\t<a href=\"https:\/\/tolunacorporate.com\/fr\/les-francais-et-leau\/\" class=\"post-more-link\">\n\t\t\t\t\tEN SAVOIR PLUS<span class=\"screen-reader-text\"> Les Fran\u00e7ais et l\u2019eau<\/span><span class=\"toluna-svg-iconset svg-baseline\"><svg width=\"24\" height=\"25\" viewBox=\"0 0 24 25\" fill=\"none\" xmlns=\"http:\/\/www.w3.org\/2000\/svg\"><g clip-path=\"url(#clip0_3349_8828)\"><path d=\"M7.38048 21.9288C7.87048 22.4188 8.66048 22.4188 9.15048 21.9288L17.4605 13.6187C17.8505 13.2287 17.8505 12.5988 17.4605 12.2087L9.15048 3.89875C8.66048 3.40875 7.87048 3.40875 7.38048 3.89875C6.89048 4.38875 6.89048 5.17875 7.38048 5.66875L14.6205 12.9187L7.37048 20.1688C6.89048 20.6488 6.89048 21.4488 7.38048 21.9288Z\" fill=\"#007EE2\"\/><\/g><defs><clipPath id=\"clip0_3349_8828\"><rect width=\"24\" height=\"24\" fill=\"white\" transform=\"translate(0 0.917969)\"\/><\/clipPath><\/defs><\/svg><\/span>\t\t\t\t<\/a>\n\t\t\t<\/p>\n\t\t<\/div><!-- .entry-actions -->\n\t\t<\/footer><!-- .entry-footer -->\n\t<\/div>\n<\/article>\n<article class=\"entry content-bg loop-entry post-14638 post type-post status-publish format-standard has-post-thumbnail hentry category-france-fr tag-poll-2\">\n\t    <!-- toluna-thumbnail-ratio-1-1 -->\n\t\t<a class=\"post-thumbnail\" href=\"https:\/\/tolunacorporate.com\/fr\/etude-flash-sur-la-nomination-de-gabriel-attal-en-tant-que-premier-ministre\/\">\n\t\t\t<div class=\"post-thumbnail-inner\">\n\t\t\t\t<img decoding=\"async\" width=\"500\" height=\"500\" src=\"https:\/\/tolunacorporate.com\/wp-content\/uploads\/2025\/05\/Etude-flash-sur-la-nomination-de-Gabriel-Attal-en-tant-que-Premier-ministre.jpg\" class=\"attachment-large size-large wp-post-image\" alt=\"Etude flash sur la nomination de Gabriel Attal en tant que Premier ministre\" srcset=\"https:\/\/tolunacorporate.com\/wp-content\/uploads\/2025\/05\/Etude-flash-sur-la-nomination-de-Gabriel-Attal-en-tant-que-Premier-ministre.jpg 500w, https:\/\/tolunacorporate.com\/wp-content\/uploads\/2025\/05\/Etude-flash-sur-la-nomination-de-Gabriel-Attal-en-tant-que-Premier-ministre-300x300.jpg 300w, https:\/\/tolunacorporate.com\/wp-content\/uploads\/2025\/05\/Etude-flash-sur-la-nomination-de-Gabriel-Attal-en-tant-que-Premier-ministre-150x150.jpg 150w\" sizes=\"(max-width: 500px) 100vw, 500px\" style=\"width:100%;height:100%;max-width:500px;\" \/>\t\t\t<\/div>\n\t\t<\/a><!-- .post-thumbnail -->\n\t\t\t<div class=\"entry-content-wrap\">\n\t\t<header class=\"entry-header\">\n\t\t<div class=\"entry-taxonomies\">\n\t\t\t\t\t\t<span class=\"posted-on\">\n\t\t\t\t\t<svg width=\"20\" height=\"22\" viewBox=\"0 0 20 22\" fill=\"none\" xmlns=\"http:\/\/www.w3.org\/2000\/svg\"><path d=\"M18 2H17V1C17 0.45 16.55 0 16 0C15.45 0 15 0.45 15 1V2H5V1C5 0.45 4.55 0 4 0C3.45 0 3 0.45 3 1V2H2C0.9 2 0 2.9 0 4V20C0 21.1 0.9 22 2 22H18C19.1 22 20 21.1 20 20V4C20 2.9 19.1 2 18 2ZM17 20H3C2.45 20 2 19.55 2 19V7H18V19C18 19.55 17.55 20 17 20Z\" fill=\"#007EE2\"\/><\/svg>\n\t\t\t\t\t<time class=\"entry-date published\" datetime=\"2024-01-09T05:59:52+01:00\">9 Jan 2024<\/time><time class=\"updated\" datetime=\"2025-05-11T01:13:41+02:00\">11 mai 2025<\/time>\t\t\t\t<\/span>\n\t\t\t\t<\/div><!-- .entry-taxonomies -->\n\t<h6 class=\"entry-title\"><a href=\"https:\/\/tolunacorporate.com\/fr\/etude-flash-sur-la-nomination-de-gabriel-attal-en-tant-que-premier-ministre\/\" rel=\"bookmark\">Etude flash sur la nomination de Gabriel Attal en tant que Premier ministre<\/a><\/h6><\/header><!-- .entry-header -->\n<footer class=\"entry-footer\">\n\t\t\t<div class=\"entry-actions\">\n\t\t\t<p class=\"more-link-wrap\">\n\t\t\t\t<a href=\"https:\/\/tolunacorporate.com\/fr\/etude-flash-sur-la-nomination-de-gabriel-attal-en-tant-que-premier-ministre\/\" class=\"post-more-link\">\n\t\t\t\t\tEN SAVOIR PLUS<span class=\"screen-reader-text\"> Etude flash sur la nomination de Gabriel Attal en tant que Premier ministre<\/span><span class=\"toluna-svg-iconset svg-baseline\"><svg width=\"24\" height=\"25\" viewBox=\"0 0 24 25\" fill=\"none\" xmlns=\"http:\/\/www.w3.org\/2000\/svg\"><g clip-path=\"url(#clip0_3349_8828)\"><path d=\"M7.38048 21.9288C7.87048 22.4188 8.66048 22.4188 9.15048 21.9288L17.4605 13.6187C17.8505 13.2287 17.8505 12.5988 17.4605 12.2087L9.15048 3.89875C8.66048 3.40875 7.87048 3.40875 7.38048 3.89875C6.89048 4.38875 6.89048 5.17875 7.38048 5.66875L14.6205 12.9187L7.37048 20.1688C6.89048 20.6488 6.89048 21.4488 7.38048 21.9288Z\" fill=\"#007EE2\"\/><\/g><defs><clipPath id=\"clip0_3349_8828\"><rect width=\"24\" height=\"24\" fill=\"white\" transform=\"translate(0 0.917969)\"\/><\/clipPath><\/defs><\/svg><\/span>\t\t\t\t<\/a>\n\t\t\t<\/p>\n\t\t<\/div><!-- .entry-actions -->\n\t\t<\/footer><!-- .entry-footer -->\n\t<\/div>\n<\/article>\n<article class=\"entry content-bg loop-entry post-14647 post type-post status-publish format-standard has-post-thumbnail hentry category-france-fr tag-poll-2\">\n\t    <!-- toluna-thumbnail-ratio-1-1 -->\n\t\t<a class=\"post-thumbnail\" href=\"https:\/\/tolunacorporate.com\/fr\/bilan-de-lannee-2023-et-perspectives-pour-2024\/\">\n\t\t\t<div class=\"post-thumbnail-inner\">\n\t\t\t\t<img decoding=\"async\" width=\"293\" height=\"294\" src=\"https:\/\/tolunacorporate.com\/wp-content\/uploads\/2025\/05\/Bilan-de-lannee-2023-et-perspectives-pour-2024.jpg\" class=\"attachment-large size-large wp-post-image\" alt=\"Bilan de l\u2019ann\u00e9e 2023 et perspectives pour 2024\" srcset=\"https:\/\/tolunacorporate.com\/wp-content\/uploads\/2025\/05\/Bilan-de-lannee-2023-et-perspectives-pour-2024.jpg 293w, https:\/\/tolunacorporate.com\/wp-content\/uploads\/2025\/05\/Bilan-de-lannee-2023-et-perspectives-pour-2024-150x150.jpg 150w\" sizes=\"(max-width: 293px) 100vw, 293px\" style=\"width:100%;height:100.34%;max-width:293px;\" \/>\t\t\t<\/div>\n\t\t<\/a><!-- .post-thumbnail -->\n\t\t\t<div class=\"entry-content-wrap\">\n\t\t<header class=\"entry-header\">\n\t\t<div class=\"entry-taxonomies\">\n\t\t\t\t\t\t<span class=\"posted-on\">\n\t\t\t\t\t<svg width=\"20\" height=\"22\" viewBox=\"0 0 20 22\" fill=\"none\" xmlns=\"http:\/\/www.w3.org\/2000\/svg\"><path d=\"M18 2H17V1C17 0.45 16.55 0 16 0C15.45 0 15 0.45 15 1V2H5V1C5 0.45 4.55 0 4 0C3.45 0 3 0.45 3 1V2H2C0.9 2 0 2.9 0 4V20C0 21.1 0.9 22 2 22H18C19.1 22 20 21.1 20 20V4C20 2.9 19.1 2 18 2ZM17 20H3C2.45 20 2 19.55 2 19V7H18V19C18 19.55 17.55 20 17 20Z\" fill=\"#007EE2\"\/><\/svg>\n\t\t\t\t\t<time class=\"entry-date published\" datetime=\"2024-01-02T06:01:57+01:00\">2 Jan 2024<\/time><time class=\"updated\" datetime=\"2025-05-11T01:16:07+02:00\">11 mai 2025<\/time>\t\t\t\t<\/span>\n\t\t\t\t<\/div><!-- .entry-taxonomies -->\n\t<h6 class=\"entry-title\"><a href=\"https:\/\/tolunacorporate.com\/fr\/bilan-de-lannee-2023-et-perspectives-pour-2024\/\" rel=\"bookmark\">Bilan de l\u2019ann\u00e9e 2023 et perspectives pour 2024<\/a><\/h6><\/header><!-- .entry-header -->\n<footer class=\"entry-footer\">\n\t\t\t<div class=\"entry-actions\">\n\t\t\t<p class=\"more-link-wrap\">\n\t\t\t\t<a href=\"https:\/\/tolunacorporate.com\/fr\/bilan-de-lannee-2023-et-perspectives-pour-2024\/\" class=\"post-more-link\">\n\t\t\t\t\tEN SAVOIR PLUS<span class=\"screen-reader-text\"> Bilan de l\u2019ann\u00e9e 2023 et perspectives pour 2024<\/span><span class=\"toluna-svg-iconset svg-baseline\"><svg width=\"24\" height=\"25\" viewBox=\"0 0 24 25\" fill=\"none\" xmlns=\"http:\/\/www.w3.org\/2000\/svg\"><g clip-path=\"url(#clip0_3349_8828)\"><path d=\"M7.38048 21.9288C7.87048 22.4188 8.66048 22.4188 9.15048 21.9288L17.4605 13.6187C17.8505 13.2287 17.8505 12.5988 17.4605 12.2087L9.15048 3.89875C8.66048 3.40875 7.87048 3.40875 7.38048 3.89875C6.89048 4.38875 6.89048 5.17875 7.38048 5.66875L14.6205 12.9187L7.37048 20.1688C6.89048 20.6488 6.89048 21.4488 7.38048 21.9288Z\" fill=\"#007EE2\"\/><\/g><defs><clipPath id=\"clip0_3349_8828\"><rect width=\"24\" height=\"24\" fill=\"white\" transform=\"translate(0 0.917969)\"\/><\/clipPath><\/defs><\/svg><\/span>\t\t\t\t<\/a>\n\t\t\t<\/p>\n\t\t<\/div><!-- .entry-actions -->\n\t\t<\/footer><!-- .entry-footer -->\n\t<\/div>\n<\/article>\n<article class=\"entry content-bg loop-entry post-14656 post type-post status-publish format-standard has-post-thumbnail hentry category-france-fr tag-poll-2\">\n\t    <!-- toluna-thumbnail-ratio-1-1 -->\n\t\t<a class=\"post-thumbnail\" href=\"https:\/\/tolunacorporate.com\/fr\/barometre-de-confiance-politique-decembre-2023\/\">\n\t\t\t<div class=\"post-thumbnail-inner\">\n\t\t\t\t<img decoding=\"async\" width=\"500\" height=\"500\" src=\"https:\/\/tolunacorporate.com\/wp-content\/uploads\/2025\/05\/Barometre-de-confiance-politique-\u2013-Decembre-2023.jpg\" class=\"attachment-large size-large wp-post-image\" alt=\"Barom\u00e8tre de confiance politique \u2013 D\u00e9cembre 2023\" srcset=\"https:\/\/tolunacorporate.com\/wp-content\/uploads\/2025\/05\/Barometre-de-confiance-politique-\u2013-Decembre-2023.jpg 500w, https:\/\/tolunacorporate.com\/wp-content\/uploads\/2025\/05\/Barometre-de-confiance-politique-\u2013-Decembre-2023-300x300.jpg 300w, https:\/\/tolunacorporate.com\/wp-content\/uploads\/2025\/05\/Barometre-de-confiance-politique-\u2013-Decembre-2023-150x150.jpg 150w\" sizes=\"(max-width: 500px) 100vw, 500px\" style=\"width:100%;height:100%;max-width:500px;\" \/>\t\t\t<\/div>\n\t\t<\/a><!-- .post-thumbnail -->\n\t\t\t<div class=\"entry-content-wrap\">\n\t\t<header class=\"entry-header\">\n\t\t<div class=\"entry-taxonomies\">\n\t\t\t\t\t\t<span class=\"posted-on\">\n\t\t\t\t\t<svg width=\"20\" height=\"22\" viewBox=\"0 0 20 22\" fill=\"none\" xmlns=\"http:\/\/www.w3.org\/2000\/svg\"><path d=\"M18 2H17V1C17 0.45 16.55 0 16 0C15.45 0 15 0.45 15 1V2H5V1C5 0.45 4.55 0 4 0C3.45 0 3 0.45 3 1V2H2C0.9 2 0 2.9 0 4V20C0 21.1 0.9 22 2 22H18C19.1 22 20 21.1 20 20V4C20 2.9 19.1 2 18 2ZM17 20H3C2.45 20 2 19.55 2 19V7H18V19C18 19.55 17.55 20 17 20Z\" fill=\"#007EE2\"\/><\/svg>\n\t\t\t\t\t<time class=\"entry-date published\" datetime=\"2023-12-22T06:05:03+01:00\">22 D\u00e9c 2023<\/time><time class=\"updated\" datetime=\"2025-05-11T01:19:27+02:00\">11 mai 2025<\/time>\t\t\t\t<\/span>\n\t\t\t\t<\/div><!-- .entry-taxonomies -->\n\t<h6 class=\"entry-title\"><a href=\"https:\/\/tolunacorporate.com\/fr\/barometre-de-confiance-politique-decembre-2023\/\" rel=\"bookmark\">Barom\u00e8tre de confiance politique \u2013 D\u00e9cembre 2023<\/a><\/h6><\/header><!-- .entry-header -->\n<footer class=\"entry-footer\">\n\t\t\t<div class=\"entry-actions\">\n\t\t\t<p class=\"more-link-wrap\">\n\t\t\t\t<a href=\"https:\/\/tolunacorporate.com\/fr\/barometre-de-confiance-politique-decembre-2023\/\" class=\"post-more-link\">\n\t\t\t\t\tEN SAVOIR PLUS<span class=\"screen-reader-text\"> Barom\u00e8tre de confiance politique \u2013 D\u00e9cembre 2023<\/span><span class=\"toluna-svg-iconset svg-baseline\"><svg width=\"24\" height=\"25\" viewBox=\"0 0 24 25\" fill=\"none\" xmlns=\"http:\/\/www.w3.org\/2000\/svg\"><g clip-path=\"url(#clip0_3349_8828)\"><path d=\"M7.38048 21.9288C7.87048 22.4188 8.66048 22.4188 9.15048 21.9288L17.4605 13.6187C17.8505 13.2287 17.8505 12.5988 17.4605 12.2087L9.15048 3.89875C8.66048 3.40875 7.87048 3.40875 7.38048 3.89875C6.89048 4.38875 6.89048 5.17875 7.38048 5.66875L14.6205 12.9187L7.37048 20.1688C6.89048 20.6488 6.89048 21.4488 7.38048 21.9288Z\" fill=\"#007EE2\"\/><\/g><defs><clipPath id=\"clip0_3349_8828\"><rect width=\"24\" height=\"24\" fill=\"white\" transform=\"translate(0 0.917969)\"\/><\/clipPath><\/defs><\/svg><\/span>\t\t\t\t<\/a>\n\t\t\t<\/p>\n\t\t<\/div><!-- .entry-actions -->\n\t\t<\/footer><!-- .entry-footer -->\n\t<\/div>\n<\/article>\n<article class=\"entry content-bg loop-entry post-14665 post type-post status-publish format-standard has-post-thumbnail hentry category-france-fr tag-poll-2\">\n\t    <!-- toluna-thumbnail-ratio-1-1 -->\n\t\t<a class=\"post-thumbnail\" href=\"https:\/\/tolunacorporate.com\/fr\/les-zooms-de-lobservatoire-cetelem-24-heures-dans-la-vie-des-francais-les-francais-a-20-heures\/\">\n\t\t\t<div class=\"post-thumbnail-inner\">\n\t\t\t\t<img decoding=\"async\" width=\"293\" height=\"294\" src=\"https:\/\/tolunacorporate.com\/wp-content\/uploads\/2025\/05\/Cetelem-Observatory-Zooms.jpg\" class=\"attachment-large size-large wp-post-image\" alt=\"Les zOOms de l\u2019Observatoire Cetelem | 24 heures dans la vie des Fran\u00e7ais \u2013 Les Fran\u00e7ais \u00e0 20 heures\" srcset=\"https:\/\/tolunacorporate.com\/wp-content\/uploads\/2025\/05\/Cetelem-Observatory-Zooms.jpg 293w, https:\/\/tolunacorporate.com\/wp-content\/uploads\/2025\/05\/Cetelem-Observatory-Zooms-150x150.jpg 150w\" sizes=\"(max-width: 293px) 100vw, 293px\" style=\"width:100%;height:100.34%;max-width:293px;\" \/>\t\t\t<\/div>\n\t\t<\/a><!-- .post-thumbnail -->\n\t\t\t<div class=\"entry-content-wrap\">\n\t\t<header class=\"entry-header\">\n\t\t<div class=\"entry-taxonomies\">\n\t\t\t\t\t\t<span class=\"posted-on\">\n\t\t\t\t\t<svg width=\"20\" height=\"22\" viewBox=\"0 0 20 22\" fill=\"none\" xmlns=\"http:\/\/www.w3.org\/2000\/svg\"><path d=\"M18 2H17V1C17 0.45 16.55 0 16 0C15.45 0 15 0.45 15 1V2H5V1C5 0.45 4.55 0 4 0C3.45 0 3 0.45 3 1V2H2C0.9 2 0 2.9 0 4V20C0 21.1 0.9 22 2 22H18C19.1 22 20 21.1 20 20V4C20 2.9 19.1 2 18 2ZM17 20H3C2.45 20 2 19.55 2 19V7H18V19C18 19.55 17.55 20 17 20Z\" fill=\"#007EE2\"\/><\/svg>\n\t\t\t\t\t<time class=\"entry-date published\" datetime=\"2023-12-21T06:07:00+01:00\">21 D\u00e9c 2023<\/time><time class=\"updated\" datetime=\"2025-05-11T01:21:52+02:00\">11 mai 2025<\/time>\t\t\t\t<\/span>\n\t\t\t\t<\/div><!-- .entry-taxonomies -->\n\t<h6 class=\"entry-title\"><a href=\"https:\/\/tolunacorporate.com\/fr\/les-zooms-de-lobservatoire-cetelem-24-heures-dans-la-vie-des-francais-les-francais-a-20-heures\/\" rel=\"bookmark\">Les zOOms de l\u2019Observatoire Cetelem | 24 heures dans la vie des Fran\u00e7ais \u2013 Les Fran\u00e7ais \u00e0 20 heures<\/a><\/h6><\/header><!-- .entry-header -->\n<footer class=\"entry-footer\">\n\t\t\t<div class=\"entry-actions\">\n\t\t\t<p class=\"more-link-wrap\">\n\t\t\t\t<a href=\"https:\/\/tolunacorporate.com\/fr\/les-zooms-de-lobservatoire-cetelem-24-heures-dans-la-vie-des-francais-les-francais-a-20-heures\/\" class=\"post-more-link\">\n\t\t\t\t\tEN SAVOIR PLUS<span class=\"screen-reader-text\"> Les zOOms de l\u2019Observatoire Cetelem | 24 heures dans la vie des Fran\u00e7ais \u2013 Les Fran\u00e7ais \u00e0 20 heures<\/span><span class=\"toluna-svg-iconset svg-baseline\"><svg width=\"24\" height=\"25\" viewBox=\"0 0 24 25\" fill=\"none\" xmlns=\"http:\/\/www.w3.org\/2000\/svg\"><g clip-path=\"url(#clip0_3349_8828)\"><path d=\"M7.38048 21.9288C7.87048 22.4188 8.66048 22.4188 9.15048 21.9288L17.4605 13.6187C17.8505 13.2287 17.8505 12.5988 17.4605 12.2087L9.15048 3.89875C8.66048 3.40875 7.87048 3.40875 7.38048 3.89875C6.89048 4.38875 6.89048 5.17875 7.38048 5.66875L14.6205 12.9187L7.37048 20.1688C6.89048 20.6488 6.89048 21.4488 7.38048 21.9288Z\" fill=\"#007EE2\"\/><\/g><defs><clipPath id=\"clip0_3349_8828\"><rect width=\"24\" height=\"24\" fill=\"white\" transform=\"translate(0 0.917969)\"\/><\/clipPath><\/defs><\/svg><\/span>\t\t\t\t<\/a>\n\t\t\t<\/p>\n\t\t<\/div><!-- .entry-actions -->\n\t\t<\/footer><!-- .entry-footer -->\n\t<\/div>\n<\/article>\n<article class=\"entry content-bg loop-entry post-14674 post type-post status-publish format-standard has-post-thumbnail hentry category-france-fr tag-poll-2\">\n\t    <!-- toluna-thumbnail-ratio-1-1 -->\n\t\t<a class=\"post-thumbnail\" href=\"https:\/\/tolunacorporate.com\/fr\/les-dirigeants-dentreprise-et-les-grands-enjeux-de-demain\/\">\n\t\t\t<div class=\"post-thumbnail-inner\">\n\t\t\t\t<img decoding=\"async\" width=\"1024\" height=\"1024\" src=\"https:\/\/tolunacorporate.com\/wp-content\/uploads\/2025\/05\/Les-dirigeants-dentreprise-et-les-grands-enjeux-de-demain-1024x1024.jpg\" class=\"attachment-large size-large wp-post-image\" alt=\"Les dirigeants d\u2019entreprise et les grands enjeux de demain\" srcset=\"https:\/\/tolunacorporate.com\/wp-content\/uploads\/2025\/05\/Les-dirigeants-dentreprise-et-les-grands-enjeux-de-demain-1024x1024.jpg 1024w, https:\/\/tolunacorporate.com\/wp-content\/uploads\/2025\/05\/Les-dirigeants-dentreprise-et-les-grands-enjeux-de-demain-300x300.jpg 300w, https:\/\/tolunacorporate.com\/wp-content\/uploads\/2025\/05\/Les-dirigeants-dentreprise-et-les-grands-enjeux-de-demain-150x150.jpg 150w, https:\/\/tolunacorporate.com\/wp-content\/uploads\/2025\/05\/Les-dirigeants-dentreprise-et-les-grands-enjeux-de-demain-768x768.jpg 768w, https:\/\/tolunacorporate.com\/wp-content\/uploads\/2025\/05\/Les-dirigeants-dentreprise-et-les-grands-enjeux-de-demain.jpg 1536w\" sizes=\"(max-width: 1024px) 100vw, 1024px\" style=\"width:100%;height:100%;max-width:1536px;\" \/>\t\t\t<\/div>\n\t\t<\/a><!-- .post-thumbnail -->\n\t\t\t<div class=\"entry-content-wrap\">\n\t\t<header class=\"entry-header\">\n\t\t<div class=\"entry-taxonomies\">\n\t\t\t\t\t\t<span class=\"posted-on\">\n\t\t\t\t\t<svg width=\"20\" height=\"22\" viewBox=\"0 0 20 22\" fill=\"none\" xmlns=\"http:\/\/www.w3.org\/2000\/svg\"><path d=\"M18 2H17V1C17 0.45 16.55 0 16 0C15.45 0 15 0.45 15 1V2H5V1C5 0.45 4.55 0 4 0C3.45 0 3 0.45 3 1V2H2C0.9 2 0 2.9 0 4V20C0 21.1 0.9 22 2 22H18C19.1 22 20 21.1 20 20V4C20 2.9 19.1 2 18 2ZM17 20H3C2.45 20 2 19.55 2 19V7H18V19C18 19.55 17.55 20 17 20Z\" fill=\"#007EE2\"\/><\/svg>\n\t\t\t\t\t<time class=\"entry-date published\" datetime=\"2023-12-14T06:10:29+01:00\">14 D\u00e9c 2023<\/time><time class=\"updated\" datetime=\"2025-05-11T01:22:59+02:00\">11 mai 2025<\/time>\t\t\t\t<\/span>\n\t\t\t\t<\/div><!-- .entry-taxonomies -->\n\t<h6 class=\"entry-title\"><a href=\"https:\/\/tolunacorporate.com\/fr\/les-dirigeants-dentreprise-et-les-grands-enjeux-de-demain\/\" rel=\"bookmark\">Les dirigeants d\u2019entreprise et les grands enjeux de demain<\/a><\/h6><\/header><!-- .entry-header -->\n<footer class=\"entry-footer\">\n\t\t\t<div class=\"entry-actions\">\n\t\t\t<p class=\"more-link-wrap\">\n\t\t\t\t<a href=\"https:\/\/tolunacorporate.com\/fr\/les-dirigeants-dentreprise-et-les-grands-enjeux-de-demain\/\" class=\"post-more-link\">\n\t\t\t\t\tEN SAVOIR PLUS<span class=\"screen-reader-text\"> Les dirigeants d\u2019entreprise et les grands enjeux de demain<\/span><span class=\"toluna-svg-iconset svg-baseline\"><svg width=\"24\" height=\"25\" viewBox=\"0 0 24 25\" fill=\"none\" xmlns=\"http:\/\/www.w3.org\/2000\/svg\"><g clip-path=\"url(#clip0_3349_8828)\"><path d=\"M7.38048 21.9288C7.87048 22.4188 8.66048 22.4188 9.15048 21.9288L17.4605 13.6187C17.8505 13.2287 17.8505 12.5988 17.4605 12.2087L9.15048 3.89875C8.66048 3.40875 7.87048 3.40875 7.38048 3.89875C6.89048 4.38875 6.89048 5.17875 7.38048 5.66875L14.6205 12.9187L7.37048 20.1688C6.89048 20.6488 6.89048 21.4488 7.38048 21.9288Z\" fill=\"#007EE2\"\/><\/g><defs><clipPath id=\"clip0_3349_8828\"><rect width=\"24\" height=\"24\" fill=\"white\" transform=\"translate(0 0.917969)\"\/><\/clipPath><\/defs><\/svg><\/span>\t\t\t\t<\/a>\n\t\t\t<\/p>\n\t\t<\/div><!-- .entry-actions -->\n\t\t<\/footer><!-- .entry-footer -->\n\t<\/div>\n<\/article>\n<article class=\"entry content-bg loop-entry post-14683 post type-post status-publish format-standard has-post-thumbnail hentry category-france-fr tag-poll-2\">\n\t    <!-- toluna-thumbnail-ratio-1-1 -->\n\t\t<a class=\"post-thumbnail\" href=\"https:\/\/tolunacorporate.com\/fr\/les-francais-et-limmobilier-parcours-et-representations-vague-3\/\">\n\t\t\t<div class=\"post-thumbnail-inner\">\n\t\t\t\t<img decoding=\"async\" width=\"1024\" height=\"1024\" src=\"https:\/\/tolunacorporate.com\/wp-content\/uploads\/2025\/05\/LES-FRANCAIS-ET-LIMMOBILIER-1024x1024.jpg\" class=\"attachment-large size-large wp-post-image\" alt=\"LES FRAN\u00c7AIS ET L\u2019IMMOBILIER : PARCOURS ET REPR\u00c9SENTATIONS \u2013 VAGUE 3\" srcset=\"https:\/\/tolunacorporate.com\/wp-content\/uploads\/2025\/05\/LES-FRANCAIS-ET-LIMMOBILIER-1024x1024.jpg 1024w, https:\/\/tolunacorporate.com\/wp-content\/uploads\/2025\/05\/LES-FRANCAIS-ET-LIMMOBILIER-300x300.jpg 300w, https:\/\/tolunacorporate.com\/wp-content\/uploads\/2025\/05\/LES-FRANCAIS-ET-LIMMOBILIER-150x150.jpg 150w, https:\/\/tolunacorporate.com\/wp-content\/uploads\/2025\/05\/LES-FRANCAIS-ET-LIMMOBILIER-768x768.jpg 768w, https:\/\/tolunacorporate.com\/wp-content\/uploads\/2025\/05\/LES-FRANCAIS-ET-LIMMOBILIER.jpg 1536w\" sizes=\"(max-width: 1024px) 100vw, 1024px\" style=\"width:100%;height:100%;max-width:1536px;\" \/>\t\t\t<\/div>\n\t\t<\/a><!-- .post-thumbnail -->\n\t\t\t<div class=\"entry-content-wrap\">\n\t\t<header class=\"entry-header\">\n\t\t<div class=\"entry-taxonomies\">\n\t\t\t\t\t\t<span class=\"posted-on\">\n\t\t\t\t\t<svg width=\"20\" height=\"22\" viewBox=\"0 0 20 22\" fill=\"none\" xmlns=\"http:\/\/www.w3.org\/2000\/svg\"><path d=\"M18 2H17V1C17 0.45 16.55 0 16 0C15.45 0 15 0.45 15 1V2H5V1C5 0.45 4.55 0 4 0C3.45 0 3 0.45 3 1V2H2C0.9 2 0 2.9 0 4V20C0 21.1 0.9 22 2 22H18C19.1 22 20 21.1 20 20V4C20 2.9 19.1 2 18 2ZM17 20H3C2.45 20 2 19.55 2 19V7H18V19C18 19.55 17.55 20 17 20Z\" fill=\"#007EE2\"\/><\/svg>\n\t\t\t\t\t<time class=\"entry-date published\" datetime=\"2023-12-12T06:13:07+01:00\">12 D\u00e9c 2023<\/time><time class=\"updated\" datetime=\"2025-05-11T01:24:07+02:00\">11 mai 2025<\/time>\t\t\t\t<\/span>\n\t\t\t\t<\/div><!-- .entry-taxonomies -->\n\t<h6 class=\"entry-title\"><a href=\"https:\/\/tolunacorporate.com\/fr\/les-francais-et-limmobilier-parcours-et-representations-vague-3\/\" rel=\"bookmark\">LES FRAN\u00c7AIS ET L\u2019IMMOBILIER : PARCOURS ET REPR\u00c9SENTATIONS \u2013 VAGUE 3<\/a><\/h6><\/header><!-- .entry-header -->\n<footer class=\"entry-footer\">\n\t\t\t<div class=\"entry-actions\">\n\t\t\t<p class=\"more-link-wrap\">\n\t\t\t\t<a href=\"https:\/\/tolunacorporate.com\/fr\/les-francais-et-limmobilier-parcours-et-representations-vague-3\/\" class=\"post-more-link\">\n\t\t\t\t\tEN SAVOIR PLUS<span class=\"screen-reader-text\"> LES FRAN\u00c7AIS ET L\u2019IMMOBILIER : PARCOURS ET REPR\u00c9SENTATIONS \u2013 VAGUE 3<\/span><span class=\"toluna-svg-iconset svg-baseline\"><svg width=\"24\" height=\"25\" viewBox=\"0 0 24 25\" fill=\"none\" xmlns=\"http:\/\/www.w3.org\/2000\/svg\"><g clip-path=\"url(#clip0_3349_8828)\"><path d=\"M7.38048 21.9288C7.87048 22.4188 8.66048 22.4188 9.15048 21.9288L17.4605 13.6187C17.8505 13.2287 17.8505 12.5988 17.4605 12.2087L9.15048 3.89875C8.66048 3.40875 7.87048 3.40875 7.38048 3.89875C6.89048 4.38875 6.89048 5.17875 7.38048 5.66875L14.6205 12.9187L7.37048 20.1688C6.89048 20.6488 6.89048 21.4488 7.38048 21.9288Z\" fill=\"#007EE2\"\/><\/g><defs><clipPath id=\"clip0_3349_8828\"><rect width=\"24\" height=\"24\" fill=\"white\" transform=\"translate(0 0.917969)\"\/><\/clipPath><\/defs><\/svg><\/span>\t\t\t\t<\/a>\n\t\t\t<\/p>\n\t\t<\/div><!-- .entry-actions -->\n\t\t<\/footer><!-- .entry-footer -->\n\t<\/div>\n<\/article>\n<article class=\"entry content-bg loop-entry post-14692 post type-post status-publish format-standard has-post-thumbnail hentry category-france-fr tag-poll-2\">\n\t    <!-- toluna-thumbnail-ratio-1-1 -->\n\t\t<a class=\"post-thumbnail\" href=\"https:\/\/tolunacorporate.com\/fr\/enquete-sur-lattitude-des-francais-vis-a-vis-de-la-corruption\/\">\n\t\t\t<div class=\"post-thumbnail-inner\">\n\t\t\t\t<img decoding=\"async\" width=\"1024\" height=\"1024\" src=\"https:\/\/tolunacorporate.com\/wp-content\/uploads\/2025\/05\/Enquete-sur-lattitude-des-Francais-vis-a-vis-de-la-corruption-1024x1024.jpg\" class=\"attachment-large size-large wp-post-image\" alt=\"Enqu\u00eate sur l\u2019attitude des Fran\u00e7ais vis-\u00e0-vis de la corruption\" srcset=\"https:\/\/tolunacorporate.com\/wp-content\/uploads\/2025\/05\/Enquete-sur-lattitude-des-Francais-vis-a-vis-de-la-corruption-1024x1024.jpg 1024w, https:\/\/tolunacorporate.com\/wp-content\/uploads\/2025\/05\/Enquete-sur-lattitude-des-Francais-vis-a-vis-de-la-corruption-300x300.jpg 300w, https:\/\/tolunacorporate.com\/wp-content\/uploads\/2025\/05\/Enquete-sur-lattitude-des-Francais-vis-a-vis-de-la-corruption-150x150.jpg 150w, https:\/\/tolunacorporate.com\/wp-content\/uploads\/2025\/05\/Enquete-sur-lattitude-des-Francais-vis-a-vis-de-la-corruption-768x768.jpg 768w, https:\/\/tolunacorporate.com\/wp-content\/uploads\/2025\/05\/Enquete-sur-lattitude-des-Francais-vis-a-vis-de-la-corruption.jpg 1536w\" sizes=\"(max-width: 1024px) 100vw, 1024px\" style=\"width:100%;height:100%;max-width:1536px;\" \/>\t\t\t<\/div>\n\t\t<\/a><!-- .post-thumbnail -->\n\t\t\t<div class=\"entry-content-wrap\">\n\t\t<header class=\"entry-header\">\n\t\t<div class=\"entry-taxonomies\">\n\t\t\t\t\t\t<span class=\"posted-on\">\n\t\t\t\t\t<svg width=\"20\" height=\"22\" viewBox=\"0 0 20 22\" fill=\"none\" xmlns=\"http:\/\/www.w3.org\/2000\/svg\"><path d=\"M18 2H17V1C17 0.45 16.55 0 16 0C15.45 0 15 0.45 15 1V2H5V1C5 0.45 4.55 0 4 0C3.45 0 3 0.45 3 1V2H2C0.9 2 0 2.9 0 4V20C0 21.1 0.9 22 2 22H18C19.1 22 20 21.1 20 20V4C20 2.9 19.1 2 18 2ZM17 20H3C2.45 20 2 19.55 2 19V7H18V19C18 19.55 17.55 20 17 20Z\" fill=\"#007EE2\"\/><\/svg>\n\t\t\t\t\t<time class=\"entry-date published\" datetime=\"2023-12-09T06:16:10+01:00\">9 D\u00e9c 2023<\/time><time class=\"updated\" datetime=\"2025-05-11T01:26:32+02:00\">11 mai 2025<\/time>\t\t\t\t<\/span>\n\t\t\t\t<\/div><!-- .entry-taxonomies -->\n\t<h6 class=\"entry-title\"><a href=\"https:\/\/tolunacorporate.com\/fr\/enquete-sur-lattitude-des-francais-vis-a-vis-de-la-corruption\/\" rel=\"bookmark\">Enqu\u00eate sur l\u2019attitude des Fran\u00e7ais vis-\u00e0-vis de la corruption<\/a><\/h6><\/header><!-- .entry-header -->\n<footer class=\"entry-footer\">\n\t\t\t<div class=\"entry-actions\">\n\t\t\t<p class=\"more-link-wrap\">\n\t\t\t\t<a href=\"https:\/\/tolunacorporate.com\/fr\/enquete-sur-lattitude-des-francais-vis-a-vis-de-la-corruption\/\" class=\"post-more-link\">\n\t\t\t\t\tEN SAVOIR PLUS<span class=\"screen-reader-text\"> Enqu\u00eate sur l\u2019attitude des Fran\u00e7ais vis-\u00e0-vis de la corruption<\/span><span class=\"toluna-svg-iconset svg-baseline\"><svg width=\"24\" height=\"25\" viewBox=\"0 0 24 25\" fill=\"none\" xmlns=\"http:\/\/www.w3.org\/2000\/svg\"><g clip-path=\"url(#clip0_3349_8828)\"><path d=\"M7.38048 21.9288C7.87048 22.4188 8.66048 22.4188 9.15048 21.9288L17.4605 13.6187C17.8505 13.2287 17.8505 12.5988 17.4605 12.2087L9.15048 3.89875C8.66048 3.40875 7.87048 3.40875 7.38048 3.89875C6.89048 4.38875 6.89048 5.17875 7.38048 5.66875L14.6205 12.9187L7.37048 20.1688C6.89048 20.6488 6.89048 21.4488 7.38048 21.9288Z\" fill=\"#007EE2\"\/><\/g><defs><clipPath id=\"clip0_3349_8828\"><rect width=\"24\" height=\"24\" fill=\"white\" transform=\"translate(0 0.917969)\"\/><\/clipPath><\/defs><\/svg><\/span>\t\t\t\t<\/a>\n\t\t\t<\/p>\n\t\t<\/div><!-- .entry-actions -->\n\t\t<\/footer><!-- .entry-footer -->\n\t<\/div>\n<\/article>\n<article class=\"entry content-bg loop-entry post-14701 post type-post status-publish format-standard has-post-thumbnail hentry category-france-fr tag-poll-2\">\n\t    <!-- toluna-thumbnail-ratio-1-1 -->\n\t\t<a class=\"post-thumbnail\" href=\"https:\/\/tolunacorporate.com\/fr\/les-francais-et-les-maux-de-tete-et-migraines\/\">\n\t\t\t<div class=\"post-thumbnail-inner\">\n\t\t\t\t<img decoding=\"async\" width=\"1024\" height=\"1024\" src=\"https:\/\/tolunacorporate.com\/wp-content\/uploads\/2025\/05\/Les-Francais-et-les-maux-de-tete-et-migraines-1024x1024.jpg\" class=\"attachment-large size-large wp-post-image\" alt=\"Les Fran\u00e7ais et les maux de t\u00eate et migraines\" srcset=\"https:\/\/tolunacorporate.com\/wp-content\/uploads\/2025\/05\/Les-Francais-et-les-maux-de-tete-et-migraines-1024x1024.jpg 1024w, https:\/\/tolunacorporate.com\/wp-content\/uploads\/2025\/05\/Les-Francais-et-les-maux-de-tete-et-migraines-300x300.jpg 300w, https:\/\/tolunacorporate.com\/wp-content\/uploads\/2025\/05\/Les-Francais-et-les-maux-de-tete-et-migraines-150x150.jpg 150w, https:\/\/tolunacorporate.com\/wp-content\/uploads\/2025\/05\/Les-Francais-et-les-maux-de-tete-et-migraines-768x768.jpg 768w, https:\/\/tolunacorporate.com\/wp-content\/uploads\/2025\/05\/Les-Francais-et-les-maux-de-tete-et-migraines.jpg 1536w\" sizes=\"(max-width: 1024px) 100vw, 1024px\" style=\"width:100%;height:100%;max-width:1536px;\" \/>\t\t\t<\/div>\n\t\t<\/a><!-- .post-thumbnail -->\n\t\t\t<div class=\"entry-content-wrap\">\n\t\t<header class=\"entry-header\">\n\t\t<div class=\"entry-taxonomies\">\n\t\t\t\t\t\t<span class=\"posted-on\">\n\t\t\t\t\t<svg width=\"20\" height=\"22\" viewBox=\"0 0 20 22\" fill=\"none\" xmlns=\"http:\/\/www.w3.org\/2000\/svg\"><path d=\"M18 2H17V1C17 0.45 16.55 0 16 0C15.45 0 15 0.45 15 1V2H5V1C5 0.45 4.55 0 4 0C3.45 0 3 0.45 3 1V2H2C0.9 2 0 2.9 0 4V20C0 21.1 0.9 22 2 22H18C19.1 22 20 21.1 20 20V4C20 2.9 19.1 2 18 2ZM17 20H3C2.45 20 2 19.55 2 19V7H18V19C18 19.55 17.55 20 17 20Z\" fill=\"#007EE2\"\/><\/svg>\n\t\t\t\t\t<time class=\"entry-date published\" datetime=\"2023-12-01T06:17:59+01:00\">1 D\u00e9c 2023<\/time><time class=\"updated\" datetime=\"2025-05-11T01:28:52+02:00\">11 mai 2025<\/time>\t\t\t\t<\/span>\n\t\t\t\t<\/div><!-- .entry-taxonomies -->\n\t<h6 class=\"entry-title\"><a href=\"https:\/\/tolunacorporate.com\/fr\/les-francais-et-les-maux-de-tete-et-migraines\/\" rel=\"bookmark\">Les Fran\u00e7ais et les maux de t\u00eate et migraines<\/a><\/h6><\/header><!-- .entry-header -->\n<footer class=\"entry-footer\">\n\t\t\t<div class=\"entry-actions\">\n\t\t\t<p class=\"more-link-wrap\">\n\t\t\t\t<a href=\"https:\/\/tolunacorporate.com\/fr\/les-francais-et-les-maux-de-tete-et-migraines\/\" class=\"post-more-link\">\n\t\t\t\t\tEN SAVOIR PLUS<span class=\"screen-reader-text\"> Les Fran\u00e7ais et les maux de t\u00eate et migraines<\/span><span class=\"toluna-svg-iconset svg-baseline\"><svg width=\"24\" height=\"25\" viewBox=\"0 0 24 25\" fill=\"none\" xmlns=\"http:\/\/www.w3.org\/2000\/svg\"><g clip-path=\"url(#clip0_3349_8828)\"><path d=\"M7.38048 21.9288C7.87048 22.4188 8.66048 22.4188 9.15048 21.9288L17.4605 13.6187C17.8505 13.2287 17.8505 12.5988 17.4605 12.2087L9.15048 3.89875C8.66048 3.40875 7.87048 3.40875 7.38048 3.89875C6.89048 4.38875 6.89048 5.17875 7.38048 5.66875L14.6205 12.9187L7.37048 20.1688C6.89048 20.6488 6.89048 21.4488 7.38048 21.9288Z\" fill=\"#007EE2\"\/><\/g><defs><clipPath id=\"clip0_3349_8828\"><rect width=\"24\" height=\"24\" fill=\"white\" transform=\"translate(0 0.917969)\"\/><\/clipPath><\/defs><\/svg><\/span>\t\t\t\t<\/a>\n\t\t\t<\/p>\n\t\t<\/div><!-- .entry-actions -->\n\t\t<\/footer><!-- .entry-footer -->\n\t<\/div>\n<\/article>\n<article class=\"entry content-bg loop-entry post-14710 post type-post status-publish format-standard has-post-thumbnail hentry category-france-fr tag-poll-2\">\n\t    <!-- toluna-thumbnail-ratio-1-1 -->\n\t\t<a class=\"post-thumbnail\" href=\"https:\/\/tolunacorporate.com\/fr\/questions-dactualite-dans-le-cadre-de-la-niche-parlementaire-2023\/\">\n\t\t\t<div class=\"post-thumbnail-inner\">\n\t\t\t\t<img decoding=\"async\" width=\"449\" height=\"449\" src=\"https:\/\/tolunacorporate.com\/wp-content\/uploads\/2025\/05\/Questions-dactualite-dans-le-cadre-de-la-niche-parlementaire-2023.jpg\" class=\"attachment-large size-large wp-post-image\" alt=\"Questions d\u2019actualit\u00e9 dans le cadre de la niche parlementaire 2023\" srcset=\"https:\/\/tolunacorporate.com\/wp-content\/uploads\/2025\/05\/Questions-dactualite-dans-le-cadre-de-la-niche-parlementaire-2023.jpg 449w, https:\/\/tolunacorporate.com\/wp-content\/uploads\/2025\/05\/Questions-dactualite-dans-le-cadre-de-la-niche-parlementaire-2023-300x300.jpg 300w, https:\/\/tolunacorporate.com\/wp-content\/uploads\/2025\/05\/Questions-dactualite-dans-le-cadre-de-la-niche-parlementaire-2023-150x150.jpg 150w\" sizes=\"(max-width: 449px) 100vw, 449px\" style=\"width:100%;height:100%;max-width:449px;\" \/>\t\t\t<\/div>\n\t\t<\/a><!-- .post-thumbnail -->\n\t\t\t<div class=\"entry-content-wrap\">\n\t\t<header class=\"entry-header\">\n\t\t<div class=\"entry-taxonomies\">\n\t\t\t\t\t\t<span class=\"posted-on\">\n\t\t\t\t\t<svg width=\"20\" height=\"22\" viewBox=\"0 0 20 22\" fill=\"none\" xmlns=\"http:\/\/www.w3.org\/2000\/svg\"><path d=\"M18 2H17V1C17 0.45 16.55 0 16 0C15.45 0 15 0.45 15 1V2H5V1C5 0.45 4.55 0 4 0C3.45 0 3 0.45 3 1V2H2C0.9 2 0 2.9 0 4V20C0 21.1 0.9 22 2 22H18C19.1 22 20 21.1 20 20V4C20 2.9 19.1 2 18 2ZM17 20H3C2.45 20 2 19.55 2 19V7H18V19C18 19.55 17.55 20 17 20Z\" fill=\"#007EE2\"\/><\/svg>\n\t\t\t\t\t<time class=\"entry-date published\" datetime=\"2023-11-29T06:26:04+01:00\">29 Nov 2023<\/time><time class=\"updated\" datetime=\"2025-05-11T01:31:04+02:00\">11 mai 2025<\/time>\t\t\t\t<\/span>\n\t\t\t\t<\/div><!-- .entry-taxonomies -->\n\t<h6 class=\"entry-title\"><a href=\"https:\/\/tolunacorporate.com\/fr\/questions-dactualite-dans-le-cadre-de-la-niche-parlementaire-2023\/\" rel=\"bookmark\">Questions d\u2019actualit\u00e9 dans le cadre de la niche parlementaire 2023<\/a><\/h6><\/header><!-- .entry-header -->\n<footer class=\"entry-footer\">\n\t\t\t<div class=\"entry-actions\">\n\t\t\t<p class=\"more-link-wrap\">\n\t\t\t\t<a href=\"https:\/\/tolunacorporate.com\/fr\/questions-dactualite-dans-le-cadre-de-la-niche-parlementaire-2023\/\" class=\"post-more-link\">\n\t\t\t\t\tEN SAVOIR PLUS<span class=\"screen-reader-text\"> Questions d\u2019actualit\u00e9 dans le cadre de la niche parlementaire 2023<\/span><span class=\"toluna-svg-iconset svg-baseline\"><svg width=\"24\" height=\"25\" viewBox=\"0 0 24 25\" fill=\"none\" xmlns=\"http:\/\/www.w3.org\/2000\/svg\"><g clip-path=\"url(#clip0_3349_8828)\"><path d=\"M7.38048 21.9288C7.87048 22.4188 8.66048 22.4188 9.15048 21.9288L17.4605 13.6187C17.8505 13.2287 17.8505 12.5988 17.4605 12.2087L9.15048 3.89875C8.66048 3.40875 7.87048 3.40875 7.38048 3.89875C6.89048 4.38875 6.89048 5.17875 7.38048 5.66875L14.6205 12.9187L7.37048 20.1688C6.89048 20.6488 6.89048 21.4488 7.38048 21.9288Z\" fill=\"#007EE2\"\/><\/g><defs><clipPath id=\"clip0_3349_8828\"><rect width=\"24\" height=\"24\" fill=\"white\" transform=\"translate(0 0.917969)\"\/><\/clipPath><\/defs><\/svg><\/span>\t\t\t\t<\/a>\n\t\t\t<\/p>\n\t\t<\/div><!-- .entry-actions -->\n\t\t<\/footer><!-- .entry-footer -->\n\t<\/div>\n<\/article>\n<article class=\"entry content-bg loop-entry post-14719 post type-post status-publish format-standard has-post-thumbnail hentry category-france-fr tag-poll-2\">\n\t    <!-- toluna-thumbnail-ratio-1-1 -->\n\t\t<a class=\"post-thumbnail\" href=\"https:\/\/tolunacorporate.com\/fr\/les-zooms-de-lobservatoire-cetelem-24-heures-dans-la-vie-des-francais-les-francais-au-coeur-de-la-journee\/\">\n\t\t\t<div class=\"post-thumbnail-inner\">\n\t\t\t\t<img decoding=\"async\" width=\"589\" height=\"590\" src=\"https:\/\/tolunacorporate.com\/wp-content\/uploads\/2025\/05\/Les-zOOms-de-lObservatoire-Cetelem.jpg\" class=\"attachment-large size-large wp-post-image\" alt=\"Les zOOms de l\u2019Observatoire Cetelem | 24 heures dans la vie des Fran\u00e7ais \u2013 Les Fran\u00e7ais au c\u0153ur de la journ\u00e9e\" srcset=\"https:\/\/tolunacorporate.com\/wp-content\/uploads\/2025\/05\/Les-zOOms-de-lObservatoire-Cetelem.jpg 589w, https:\/\/tolunacorporate.com\/wp-content\/uploads\/2025\/05\/Les-zOOms-de-lObservatoire-Cetelem-300x300.jpg 300w, https:\/\/tolunacorporate.com\/wp-content\/uploads\/2025\/05\/Les-zOOms-de-lObservatoire-Cetelem-150x150.jpg 150w\" sizes=\"(max-width: 589px) 100vw, 589px\" style=\"width:100%;height:100.17%;max-width:589px;\" \/>\t\t\t<\/div>\n\t\t<\/a><!-- .post-thumbnail -->\n\t\t\t<div class=\"entry-content-wrap\">\n\t\t<header class=\"entry-header\">\n\t\t<div class=\"entry-taxonomies\">\n\t\t\t\t\t\t<span class=\"posted-on\">\n\t\t\t\t\t<svg width=\"20\" height=\"22\" viewBox=\"0 0 20 22\" fill=\"none\" xmlns=\"http:\/\/www.w3.org\/2000\/svg\"><path d=\"M18 2H17V1C17 0.45 16.55 0 16 0C15.45 0 15 0.45 15 1V2H5V1C5 0.45 4.55 0 4 0C3.45 0 3 0.45 3 1V2H2C0.9 2 0 2.9 0 4V20C0 21.1 0.9 22 2 22H18C19.1 22 20 21.1 20 20V4C20 2.9 19.1 2 18 2ZM17 20H3C2.45 20 2 19.55 2 19V7H18V19C18 19.55 17.55 20 17 20Z\" fill=\"#007EE2\"\/><\/svg>\n\t\t\t\t\t<time class=\"entry-date published\" datetime=\"2023-11-28T06:28:11+01:00\">28 Nov 2023<\/time><time class=\"updated\" datetime=\"2025-05-11T01:32:36+02:00\">11 mai 2025<\/time>\t\t\t\t<\/span>\n\t\t\t\t<\/div><!-- .entry-taxonomies -->\n\t<h6 class=\"entry-title\"><a href=\"https:\/\/tolunacorporate.com\/fr\/les-zooms-de-lobservatoire-cetelem-24-heures-dans-la-vie-des-francais-les-francais-au-coeur-de-la-journee\/\" rel=\"bookmark\">Les zOOms de l\u2019Observatoire Cetelem | 24 heures dans la vie des Fran\u00e7ais \u2013 Les Fran\u00e7ais au c\u0153ur de la journ\u00e9e<\/a><\/h6><\/header><!-- .entry-header -->\n<footer class=\"entry-footer\">\n\t\t\t<div class=\"entry-actions\">\n\t\t\t<p class=\"more-link-wrap\">\n\t\t\t\t<a href=\"https:\/\/tolunacorporate.com\/fr\/les-zooms-de-lobservatoire-cetelem-24-heures-dans-la-vie-des-francais-les-francais-au-coeur-de-la-journee\/\" class=\"post-more-link\">\n\t\t\t\t\tEN SAVOIR PLUS<span class=\"screen-reader-text\"> Les zOOms de l\u2019Observatoire Cetelem | 24 heures dans la vie des Fran\u00e7ais \u2013 Les Fran\u00e7ais au c\u0153ur de la journ\u00e9e<\/span><span class=\"toluna-svg-iconset svg-baseline\"><svg width=\"24\" height=\"25\" viewBox=\"0 0 24 25\" fill=\"none\" xmlns=\"http:\/\/www.w3.org\/2000\/svg\"><g clip-path=\"url(#clip0_3349_8828)\"><path d=\"M7.38048 21.9288C7.87048 22.4188 8.66048 22.4188 9.15048 21.9288L17.4605 13.6187C17.8505 13.2287 17.8505 12.5988 17.4605 12.2087L9.15048 3.89875C8.66048 3.40875 7.87048 3.40875 7.38048 3.89875C6.89048 4.38875 6.89048 5.17875 7.38048 5.66875L14.6205 12.9187L7.37048 20.1688C6.89048 20.6488 6.89048 21.4488 7.38048 21.9288Z\" fill=\"#007EE2\"\/><\/g><defs><clipPath id=\"clip0_3349_8828\"><rect width=\"24\" height=\"24\" fill=\"white\" transform=\"translate(0 0.917969)\"\/><\/clipPath><\/defs><\/svg><\/span>\t\t\t\t<\/a>\n\t\t\t<\/p>\n\t\t<\/div><!-- .entry-actions -->\n\t\t<\/footer><!-- .entry-footer -->\n\t<\/div>\n<\/article>\n<article class=\"entry content-bg loop-entry post-14728 post type-post status-publish format-standard has-post-thumbnail hentry category-france-fr tag-poll-2\">\n\t    <!-- toluna-thumbnail-ratio-1-1 -->\n\t\t<a class=\"post-thumbnail\" href=\"https:\/\/tolunacorporate.com\/fr\/les-francais-et-la-lutte-contre-le-vih-vague-2\/\">\n\t\t\t<div class=\"post-thumbnail-inner\">\n\t\t\t\t<img decoding=\"async\" width=\"1024\" height=\"1024\" src=\"https:\/\/tolunacorporate.com\/wp-content\/uploads\/2025\/05\/Les-Francais-et-la-lutte-contre-le-VIH-\u2013-Vague-2-1024x1024.jpg\" class=\"attachment-large size-large wp-post-image\" alt=\"Les Fran\u00e7ais et la lutte contre le VIH \u2013 Vague 2\" srcset=\"https:\/\/tolunacorporate.com\/wp-content\/uploads\/2025\/05\/Les-Francais-et-la-lutte-contre-le-VIH-\u2013-Vague-2-1024x1024.jpg 1024w, https:\/\/tolunacorporate.com\/wp-content\/uploads\/2025\/05\/Les-Francais-et-la-lutte-contre-le-VIH-\u2013-Vague-2-300x300.jpg 300w, https:\/\/tolunacorporate.com\/wp-content\/uploads\/2025\/05\/Les-Francais-et-la-lutte-contre-le-VIH-\u2013-Vague-2-150x150.jpg 150w, https:\/\/tolunacorporate.com\/wp-content\/uploads\/2025\/05\/Les-Francais-et-la-lutte-contre-le-VIH-\u2013-Vague-2-768x768.jpg 768w, https:\/\/tolunacorporate.com\/wp-content\/uploads\/2025\/05\/Les-Francais-et-la-lutte-contre-le-VIH-\u2013-Vague-2.jpg 1536w\" sizes=\"(max-width: 1024px) 100vw, 1024px\" style=\"width:100%;height:100%;max-width:1536px;\" \/>\t\t\t<\/div>\n\t\t<\/a><!-- .post-thumbnail -->\n\t\t\t<div class=\"entry-content-wrap\">\n\t\t<header class=\"entry-header\">\n\t\t<div class=\"entry-taxonomies\">\n\t\t\t\t\t\t<span class=\"posted-on\">\n\t\t\t\t\t<svg width=\"20\" height=\"22\" viewBox=\"0 0 20 22\" fill=\"none\" xmlns=\"http:\/\/www.w3.org\/2000\/svg\"><path d=\"M18 2H17V1C17 0.45 16.55 0 16 0C15.45 0 15 0.45 15 1V2H5V1C5 0.45 4.55 0 4 0C3.45 0 3 0.45 3 1V2H2C0.9 2 0 2.9 0 4V20C0 21.1 0.9 22 2 22H18C19.1 22 20 21.1 20 20V4C20 2.9 19.1 2 18 2ZM17 20H3C2.45 20 2 19.55 2 19V7H18V19C18 19.55 17.55 20 17 20Z\" fill=\"#007EE2\"\/><\/svg>\n\t\t\t\t\t<time class=\"entry-date published\" datetime=\"2023-11-27T06:38:50+01:00\">27 Nov 2023<\/time><time class=\"updated\" datetime=\"2025-05-11T01:33:53+02:00\">11 mai 2025<\/time>\t\t\t\t<\/span>\n\t\t\t\t<\/div><!-- .entry-taxonomies -->\n\t<h6 class=\"entry-title\"><a href=\"https:\/\/tolunacorporate.com\/fr\/les-francais-et-la-lutte-contre-le-vih-vague-2\/\" rel=\"bookmark\">Les Fran\u00e7ais et la lutte contre le VIH \u2013 Vague 2<\/a><\/h6><\/header><!-- .entry-header -->\n<footer class=\"entry-footer\">\n\t\t\t<div class=\"entry-actions\">\n\t\t\t<p class=\"more-link-wrap\">\n\t\t\t\t<a href=\"https:\/\/tolunacorporate.com\/fr\/les-francais-et-la-lutte-contre-le-vih-vague-2\/\" class=\"post-more-link\">\n\t\t\t\t\tEN SAVOIR PLUS<span class=\"screen-reader-text\"> Les Fran\u00e7ais et la lutte contre le VIH \u2013 Vague 2<\/span><span class=\"toluna-svg-iconset svg-baseline\"><svg width=\"24\" height=\"25\" viewBox=\"0 0 24 25\" fill=\"none\" xmlns=\"http:\/\/www.w3.org\/2000\/svg\"><g clip-path=\"url(#clip0_3349_8828)\"><path d=\"M7.38048 21.9288C7.87048 22.4188 8.66048 22.4188 9.15048 21.9288L17.4605 13.6187C17.8505 13.2287 17.8505 12.5988 17.4605 12.2087L9.15048 3.89875C8.66048 3.40875 7.87048 3.40875 7.38048 3.89875C6.89048 4.38875 6.89048 5.17875 7.38048 5.66875L14.6205 12.9187L7.37048 20.1688C6.89048 20.6488 6.89048 21.4488 7.38048 21.9288Z\" fill=\"#007EE2\"\/><\/g><defs><clipPath id=\"clip0_3349_8828\"><rect width=\"24\" height=\"24\" fill=\"white\" transform=\"translate(0 0.917969)\"\/><\/clipPath><\/defs><\/svg><\/span>\t\t\t\t<\/a>\n\t\t\t<\/p>\n\t\t<\/div><!-- .entry-actions -->\n\t\t<\/footer><!-- .entry-footer -->\n\t<\/div>\n<\/article>\n<article class=\"entry content-bg loop-entry post-14737 post type-post status-publish format-standard has-post-thumbnail hentry category-france-fr tag-poll-2\">\n\t    <!-- toluna-thumbnail-ratio-1-1 -->\n\t\t<a class=\"post-thumbnail\" href=\"https:\/\/tolunacorporate.com\/fr\/barometre-de-confiance-politique-novembre-2023\/\">\n\t\t\t<div class=\"post-thumbnail-inner\">\n\t\t\t\t<img decoding=\"async\" width=\"500\" height=\"500\" src=\"https:\/\/tolunacorporate.com\/wp-content\/uploads\/2025\/05\/Barometre-de-confiance-politique-\u2013-Novembre-2023.jpg\" class=\"attachment-large size-large wp-post-image\" alt=\"Barom\u00e8tre de confiance politique \u2013 Novembre 2023\" srcset=\"https:\/\/tolunacorporate.com\/wp-content\/uploads\/2025\/05\/Barometre-de-confiance-politique-\u2013-Novembre-2023.jpg 500w, https:\/\/tolunacorporate.com\/wp-content\/uploads\/2025\/05\/Barometre-de-confiance-politique-\u2013-Novembre-2023-300x300.jpg 300w, https:\/\/tolunacorporate.com\/wp-content\/uploads\/2025\/05\/Barometre-de-confiance-politique-\u2013-Novembre-2023-150x150.jpg 150w\" sizes=\"(max-width: 500px) 100vw, 500px\" style=\"width:100%;height:100%;max-width:500px;\" \/>\t\t\t<\/div>\n\t\t<\/a><!-- .post-thumbnail -->\n\t\t\t<div class=\"entry-content-wrap\">\n\t\t<header class=\"entry-header\">\n\t\t<div class=\"entry-taxonomies\">\n\t\t\t\t\t\t<span class=\"posted-on\">\n\t\t\t\t\t<svg width=\"20\" height=\"22\" viewBox=\"0 0 20 22\" fill=\"none\" xmlns=\"http:\/\/www.w3.org\/2000\/svg\"><path d=\"M18 2H17V1C17 0.45 16.55 0 16 0C15.45 0 15 0.45 15 1V2H5V1C5 0.45 4.55 0 4 0C3.45 0 3 0.45 3 1V2H2C0.9 2 0 2.9 0 4V20C0 21.1 0.9 22 2 22H18C19.1 22 20 21.1 20 20V4C20 2.9 19.1 2 18 2ZM17 20H3C2.45 20 2 19.55 2 19V7H18V19C18 19.55 17.55 20 17 20Z\" fill=\"#007EE2\"\/><\/svg>\n\t\t\t\t\t<time class=\"entry-date published\" datetime=\"2023-11-24T06:41:28+01:00\">24 Nov 2023<\/time><time class=\"updated\" datetime=\"2025-05-11T01:36:34+02:00\">11 mai 2025<\/time>\t\t\t\t<\/span>\n\t\t\t\t<\/div><!-- .entry-taxonomies -->\n\t<h6 class=\"entry-title\"><a href=\"https:\/\/tolunacorporate.com\/fr\/barometre-de-confiance-politique-novembre-2023\/\" rel=\"bookmark\">Barom\u00e8tre de confiance politique \u2013 Novembre 2023<\/a><\/h6><\/header><!-- .entry-header -->\n<footer class=\"entry-footer\">\n\t\t\t<div class=\"entry-actions\">\n\t\t\t<p class=\"more-link-wrap\">\n\t\t\t\t<a href=\"https:\/\/tolunacorporate.com\/fr\/barometre-de-confiance-politique-novembre-2023\/\" class=\"post-more-link\">\n\t\t\t\t\tEN SAVOIR PLUS<span class=\"screen-reader-text\"> Barom\u00e8tre de confiance politique \u2013 Novembre 2023<\/span><span class=\"toluna-svg-iconset svg-baseline\"><svg width=\"24\" height=\"25\" viewBox=\"0 0 24 25\" fill=\"none\" xmlns=\"http:\/\/www.w3.org\/2000\/svg\"><g clip-path=\"url(#clip0_3349_8828)\"><path d=\"M7.38048 21.9288C7.87048 22.4188 8.66048 22.4188 9.15048 21.9288L17.4605 13.6187C17.8505 13.2287 17.8505 12.5988 17.4605 12.2087L9.15048 3.89875C8.66048 3.40875 7.87048 3.40875 7.38048 3.89875C6.89048 4.38875 6.89048 5.17875 7.38048 5.66875L14.6205 12.9187L7.37048 20.1688C6.89048 20.6488 6.89048 21.4488 7.38048 21.9288Z\" fill=\"#007EE2\"\/><\/g><defs><clipPath id=\"clip0_3349_8828\"><rect width=\"24\" height=\"24\" fill=\"white\" transform=\"translate(0 0.917969)\"\/><\/clipPath><\/defs><\/svg><\/span>\t\t\t\t<\/a>\n\t\t\t<\/p>\n\t\t<\/div><!-- .entry-actions -->\n\t\t<\/footer><!-- .entry-footer -->\n\t<\/div>\n<\/article>\n<article class=\"entry content-bg loop-entry post-14746 post type-post status-publish format-standard has-post-thumbnail hentry category-france-fr tag-poll-2\">\n\t    <!-- toluna-thumbnail-ratio-1-1 -->\n\t\t<a class=\"post-thumbnail\" href=\"https:\/\/tolunacorporate.com\/fr\/observatoire-parlement-vague-5\/\">\n\t\t\t<div class=\"post-thumbnail-inner\">\n\t\t\t\t<img decoding=\"async\" width=\"500\" height=\"500\" src=\"https:\/\/tolunacorporate.com\/wp-content\/uploads\/2025\/05\/Observatoire-Parlement-\u2013-Vague-5.jpg\" class=\"attachment-large size-large wp-post-image\" alt=\"Observatoire Parlement \u2013 Vague 5\" srcset=\"https:\/\/tolunacorporate.com\/wp-content\/uploads\/2025\/05\/Observatoire-Parlement-\u2013-Vague-5.jpg 500w, https:\/\/tolunacorporate.com\/wp-content\/uploads\/2025\/05\/Observatoire-Parlement-\u2013-Vague-5-300x300.jpg 300w, https:\/\/tolunacorporate.com\/wp-content\/uploads\/2025\/05\/Observatoire-Parlement-\u2013-Vague-5-150x150.jpg 150w\" sizes=\"(max-width: 500px) 100vw, 500px\" style=\"width:100%;height:100%;max-width:500px;\" \/>\t\t\t<\/div>\n\t\t<\/a><!-- .post-thumbnail -->\n\t\t\t<div class=\"entry-content-wrap\">\n\t\t<header class=\"entry-header\">\n\t\t<div class=\"entry-taxonomies\">\n\t\t\t\t\t\t<span class=\"posted-on\">\n\t\t\t\t\t<svg width=\"20\" height=\"22\" viewBox=\"0 0 20 22\" fill=\"none\" xmlns=\"http:\/\/www.w3.org\/2000\/svg\"><path d=\"M18 2H17V1C17 0.45 16.55 0 16 0C15.45 0 15 0.45 15 1V2H5V1C5 0.45 4.55 0 4 0C3.45 0 3 0.45 3 1V2H2C0.9 2 0 2.9 0 4V20C0 21.1 0.9 22 2 22H18C19.1 22 20 21.1 20 20V4C20 2.9 19.1 2 18 2ZM17 20H3C2.45 20 2 19.55 2 19V7H18V19C18 19.55 17.55 20 17 20Z\" fill=\"#007EE2\"\/><\/svg>\n\t\t\t\t\t<time class=\"entry-date published\" datetime=\"2023-11-21T06:43:23+01:00\">21 Nov 2023<\/time><time class=\"updated\" datetime=\"2025-05-11T01:38:36+02:00\">11 mai 2025<\/time>\t\t\t\t<\/span>\n\t\t\t\t<\/div><!-- .entry-taxonomies -->\n\t<h6 class=\"entry-title\"><a href=\"https:\/\/tolunacorporate.com\/fr\/observatoire-parlement-vague-5\/\" rel=\"bookmark\">Observatoire Parlement \u2013 Vague 5<\/a><\/h6><\/header><!-- .entry-header -->\n<footer class=\"entry-footer\">\n\t\t\t<div class=\"entry-actions\">\n\t\t\t<p class=\"more-link-wrap\">\n\t\t\t\t<a href=\"https:\/\/tolunacorporate.com\/fr\/observatoire-parlement-vague-5\/\" class=\"post-more-link\">\n\t\t\t\t\tEN SAVOIR PLUS<span class=\"screen-reader-text\"> Observatoire Parlement \u2013 Vague 5<\/span><span class=\"toluna-svg-iconset svg-baseline\"><svg width=\"24\" height=\"25\" viewBox=\"0 0 24 25\" fill=\"none\" xmlns=\"http:\/\/www.w3.org\/2000\/svg\"><g clip-path=\"url(#clip0_3349_8828)\"><path d=\"M7.38048 21.9288C7.87048 22.4188 8.66048 22.4188 9.15048 21.9288L17.4605 13.6187C17.8505 13.2287 17.8505 12.5988 17.4605 12.2087L9.15048 3.89875C8.66048 3.40875 7.87048 3.40875 7.38048 3.89875C6.89048 4.38875 6.89048 5.17875 7.38048 5.66875L14.6205 12.9187L7.37048 20.1688C6.89048 20.6488 6.89048 21.4488 7.38048 21.9288Z\" fill=\"#007EE2\"\/><\/g><defs><clipPath id=\"clip0_3349_8828\"><rect width=\"24\" height=\"24\" fill=\"white\" transform=\"translate(0 0.917969)\"\/><\/clipPath><\/defs><\/svg><\/span>\t\t\t\t<\/a>\n\t\t\t<\/p>\n\t\t<\/div><!-- .entry-actions -->\n\t\t<\/footer><!-- .entry-footer -->\n\t<\/div>\n<\/article>\n<article class=\"entry content-bg loop-entry post-14755 post type-post status-publish format-standard has-post-thumbnail hentry category-france-fr tag-poll-2\">\n\t    <!-- toluna-thumbnail-ratio-1-1 -->\n\t\t<a class=\"post-thumbnail\" href=\"https:\/\/tolunacorporate.com\/fr\/regard-des-francais-sur-les-enjeux-lies-au-vapotage-vague-2023\/\">\n\t\t\t<div class=\"post-thumbnail-inner\">\n\t\t\t\t<img decoding=\"async\" width=\"500\" height=\"500\" src=\"https:\/\/tolunacorporate.com\/wp-content\/uploads\/2025\/05\/Regard-des-Francais-sur-les-enjeux-lies-au-vapotage-\u2013-vague-2023.jpg\" class=\"attachment-large size-large wp-post-image\" alt=\"Regard des Fran\u00e7ais sur les enjeux li\u00e9s au vapotage \u2013 vague 2023\" srcset=\"https:\/\/tolunacorporate.com\/wp-content\/uploads\/2025\/05\/Regard-des-Francais-sur-les-enjeux-lies-au-vapotage-\u2013-vague-2023.jpg 500w, https:\/\/tolunacorporate.com\/wp-content\/uploads\/2025\/05\/Regard-des-Francais-sur-les-enjeux-lies-au-vapotage-\u2013-vague-2023-300x300.jpg 300w, https:\/\/tolunacorporate.com\/wp-content\/uploads\/2025\/05\/Regard-des-Francais-sur-les-enjeux-lies-au-vapotage-\u2013-vague-2023-150x150.jpg 150w\" sizes=\"(max-width: 500px) 100vw, 500px\" style=\"width:100%;height:100%;max-width:500px;\" \/>\t\t\t<\/div>\n\t\t<\/a><!-- .post-thumbnail -->\n\t\t\t<div class=\"entry-content-wrap\">\n\t\t<header class=\"entry-header\">\n\t\t<div class=\"entry-taxonomies\">\n\t\t\t\t\t\t<span class=\"posted-on\">\n\t\t\t\t\t<svg width=\"20\" height=\"22\" viewBox=\"0 0 20 22\" fill=\"none\" xmlns=\"http:\/\/www.w3.org\/2000\/svg\"><path d=\"M18 2H17V1C17 0.45 16.55 0 16 0C15.45 0 15 0.45 15 1V2H5V1C5 0.45 4.55 0 4 0C3.45 0 3 0.45 3 1V2H2C0.9 2 0 2.9 0 4V20C0 21.1 0.9 22 2 22H18C19.1 22 20 21.1 20 20V4C20 2.9 19.1 2 18 2ZM17 20H3C2.45 20 2 19.55 2 19V7H18V19C18 19.55 17.55 20 17 20Z\" fill=\"#007EE2\"\/><\/svg>\n\t\t\t\t\t<time class=\"entry-date published\" datetime=\"2023-11-16T06:48:22+01:00\">16 Nov 2023<\/time><time class=\"updated\" datetime=\"2025-05-11T01:40:51+02:00\">11 mai 2025<\/time>\t\t\t\t<\/span>\n\t\t\t\t<\/div><!-- .entry-taxonomies -->\n\t<h6 class=\"entry-title\"><a href=\"https:\/\/tolunacorporate.com\/fr\/regard-des-francais-sur-les-enjeux-lies-au-vapotage-vague-2023\/\" rel=\"bookmark\">Regard des Fran\u00e7ais sur les enjeux li\u00e9s au vapotage \u2013 vague 2023<\/a><\/h6><\/header><!-- .entry-header -->\n<footer class=\"entry-footer\">\n\t\t\t<div class=\"entry-actions\">\n\t\t\t<p class=\"more-link-wrap\">\n\t\t\t\t<a href=\"https:\/\/tolunacorporate.com\/fr\/regard-des-francais-sur-les-enjeux-lies-au-vapotage-vague-2023\/\" class=\"post-more-link\">\n\t\t\t\t\tEN SAVOIR PLUS<span class=\"screen-reader-text\"> Regard des Fran\u00e7ais sur les enjeux li\u00e9s au vapotage \u2013 vague 2023<\/span><span class=\"toluna-svg-iconset svg-baseline\"><svg width=\"24\" height=\"25\" viewBox=\"0 0 24 25\" fill=\"none\" xmlns=\"http:\/\/www.w3.org\/2000\/svg\"><g clip-path=\"url(#clip0_3349_8828)\"><path d=\"M7.38048 21.9288C7.87048 22.4188 8.66048 22.4188 9.15048 21.9288L17.4605 13.6187C17.8505 13.2287 17.8505 12.5988 17.4605 12.2087L9.15048 3.89875C8.66048 3.40875 7.87048 3.40875 7.38048 3.89875C6.89048 4.38875 6.89048 5.17875 7.38048 5.66875L14.6205 12.9187L7.37048 20.1688C6.89048 20.6488 6.89048 21.4488 7.38048 21.9288Z\" fill=\"#007EE2\"\/><\/g><defs><clipPath id=\"clip0_3349_8828\"><rect width=\"24\" height=\"24\" fill=\"white\" transform=\"translate(0 0.917969)\"\/><\/clipPath><\/defs><\/svg><\/span>\t\t\t\t<\/a>\n\t\t\t<\/p>\n\t\t<\/div><!-- .entry-actions -->\n\t\t<\/footer><!-- .entry-footer -->\n\t<\/div>\n<\/article>\n<article class=\"entry content-bg loop-entry post-14764 post type-post status-publish format-standard has-post-thumbnail hentry category-france-fr tag-poll-2\">\n\t    <!-- toluna-thumbnail-ratio-1-1 -->\n\t\t<a class=\"post-thumbnail\" href=\"https:\/\/tolunacorporate.com\/fr\/cours-plans-deau-et-leur-biodiversite-perception-et-niveau-de-connaissance-des-francais-et-des-pecheurs\/\">\n\t\t\t<div class=\"post-thumbnail-inner\">\n\t\t\t\t<img decoding=\"async\" width=\"1024\" height=\"1024\" src=\"https:\/\/tolunacorporate.com\/wp-content\/uploads\/2025\/05\/perception-et-niveau-de-connaissance-des-Francais-et-des-pecheurs-1024x1024.jpg\" class=\"attachment-large size-large wp-post-image\" alt=\"Cours\/plans d\u2019eau et leur biodiversit\u00e9 : perception et niveau de connaissance des Fran\u00e7ais et des p\u00eacheurs\" srcset=\"https:\/\/tolunacorporate.com\/wp-content\/uploads\/2025\/05\/perception-et-niveau-de-connaissance-des-Francais-et-des-pecheurs-1024x1024.jpg 1024w, https:\/\/tolunacorporate.com\/wp-content\/uploads\/2025\/05\/perception-et-niveau-de-connaissance-des-Francais-et-des-pecheurs-300x300.jpg 300w, https:\/\/tolunacorporate.com\/wp-content\/uploads\/2025\/05\/perception-et-niveau-de-connaissance-des-Francais-et-des-pecheurs-150x150.jpg 150w, https:\/\/tolunacorporate.com\/wp-content\/uploads\/2025\/05\/perception-et-niveau-de-connaissance-des-Francais-et-des-pecheurs-768x768.jpg 768w, https:\/\/tolunacorporate.com\/wp-content\/uploads\/2025\/05\/perception-et-niveau-de-connaissance-des-Francais-et-des-pecheurs.jpg 1536w\" sizes=\"(max-width: 1024px) 100vw, 1024px\" style=\"width:100%;height:100%;max-width:1536px;\" \/>\t\t\t<\/div>\n\t\t<\/a><!-- .post-thumbnail -->\n\t\t\t<div class=\"entry-content-wrap\">\n\t\t<header class=\"entry-header\">\n\t\t<div class=\"entry-taxonomies\">\n\t\t\t\t\t\t<span class=\"posted-on\">\n\t\t\t\t\t<svg width=\"20\" height=\"22\" viewBox=\"0 0 20 22\" fill=\"none\" xmlns=\"http:\/\/www.w3.org\/2000\/svg\"><path d=\"M18 2H17V1C17 0.45 16.55 0 16 0C15.45 0 15 0.45 15 1V2H5V1C5 0.45 4.55 0 4 0C3.45 0 3 0.45 3 1V2H2C0.9 2 0 2.9 0 4V20C0 21.1 0.9 22 2 22H18C19.1 22 20 21.1 20 20V4C20 2.9 19.1 2 18 2ZM17 20H3C2.45 20 2 19.55 2 19V7H18V19C18 19.55 17.55 20 17 20Z\" fill=\"#007EE2\"\/><\/svg>\n\t\t\t\t\t<time class=\"entry-date published\" datetime=\"2023-11-14T06:53:53+01:00\">14 Nov 2023<\/time><time class=\"updated\" datetime=\"2025-05-11T01:42:58+02:00\">11 mai 2025<\/time>\t\t\t\t<\/span>\n\t\t\t\t<\/div><!-- .entry-taxonomies -->\n\t<h6 class=\"entry-title\"><a href=\"https:\/\/tolunacorporate.com\/fr\/cours-plans-deau-et-leur-biodiversite-perception-et-niveau-de-connaissance-des-francais-et-des-pecheurs\/\" rel=\"bookmark\">Cours\/plans d\u2019eau et leur biodiversit\u00e9 : perception et niveau de connaissance des Fran\u00e7ais et des p\u00eacheurs<\/a><\/h6><\/header><!-- .entry-header -->\n<footer class=\"entry-footer\">\n\t\t\t<div class=\"entry-actions\">\n\t\t\t<p class=\"more-link-wrap\">\n\t\t\t\t<a href=\"https:\/\/tolunacorporate.com\/fr\/cours-plans-deau-et-leur-biodiversite-perception-et-niveau-de-connaissance-des-francais-et-des-pecheurs\/\" class=\"post-more-link\">\n\t\t\t\t\tEN SAVOIR PLUS<span class=\"screen-reader-text\"> Cours\/plans d\u2019eau et leur biodiversit\u00e9 : perception et niveau de connaissance des Fran\u00e7ais et des p\u00eacheurs<\/span><span class=\"toluna-svg-iconset svg-baseline\"><svg width=\"24\" height=\"25\" viewBox=\"0 0 24 25\" fill=\"none\" xmlns=\"http:\/\/www.w3.org\/2000\/svg\"><g clip-path=\"url(#clip0_3349_8828)\"><path d=\"M7.38048 21.9288C7.87048 22.4188 8.66048 22.4188 9.15048 21.9288L17.4605 13.6187C17.8505 13.2287 17.8505 12.5988 17.4605 12.2087L9.15048 3.89875C8.66048 3.40875 7.87048 3.40875 7.38048 3.89875C6.89048 4.38875 6.89048 5.17875 7.38048 5.66875L14.6205 12.9187L7.37048 20.1688C6.89048 20.6488 6.89048 21.4488 7.38048 21.9288Z\" fill=\"#007EE2\"\/><\/g><defs><clipPath id=\"clip0_3349_8828\"><rect width=\"24\" height=\"24\" fill=\"white\" transform=\"translate(0 0.917969)\"\/><\/clipPath><\/defs><\/svg><\/span>\t\t\t\t<\/a>\n\t\t\t<\/p>\n\t\t<\/div><!-- .entry-actions -->\n\t\t<\/footer><!-- .entry-footer -->\n\t<\/div>\n<\/article>\n<article class=\"entry content-bg loop-entry post-14773 post type-post status-publish format-standard has-post-thumbnail hentry category-france-fr tag-poll-2\">\n\t    <!-- toluna-thumbnail-ratio-1-1 -->\n\t\t<a class=\"post-thumbnail\" href=\"https:\/\/tolunacorporate.com\/fr\/barometre-habitat-edition-2023\/\">\n\t\t\t<div class=\"post-thumbnail-inner\">\n\t\t\t\t<img decoding=\"async\" width=\"500\" height=\"500\" src=\"https:\/\/tolunacorporate.com\/wp-content\/uploads\/2025\/05\/Barometre-Habitat-\u2013-Edition-2023.jpg\" class=\"attachment-large size-large wp-post-image\" alt=\"Barom\u00e8tre Habitat \u2013 Edition 2023\" srcset=\"https:\/\/tolunacorporate.com\/wp-content\/uploads\/2025\/05\/Barometre-Habitat-\u2013-Edition-2023.jpg 500w, https:\/\/tolunacorporate.com\/wp-content\/uploads\/2025\/05\/Barometre-Habitat-\u2013-Edition-2023-300x300.jpg 300w, https:\/\/tolunacorporate.com\/wp-content\/uploads\/2025\/05\/Barometre-Habitat-\u2013-Edition-2023-150x150.jpg 150w\" sizes=\"(max-width: 500px) 100vw, 500px\" style=\"width:100%;height:100%;max-width:500px;\" \/>\t\t\t<\/div>\n\t\t<\/a><!-- .post-thumbnail -->\n\t\t\t<div class=\"entry-content-wrap\">\n\t\t<header class=\"entry-header\">\n\t\t<div class=\"entry-taxonomies\">\n\t\t\t\t\t\t<span class=\"posted-on\">\n\t\t\t\t\t<svg width=\"20\" height=\"22\" viewBox=\"0 0 20 22\" fill=\"none\" xmlns=\"http:\/\/www.w3.org\/2000\/svg\"><path d=\"M18 2H17V1C17 0.45 16.55 0 16 0C15.45 0 15 0.45 15 1V2H5V1C5 0.45 4.55 0 4 0C3.45 0 3 0.45 3 1V2H2C0.9 2 0 2.9 0 4V20C0 21.1 0.9 22 2 22H18C19.1 22 20 21.1 20 20V4C20 2.9 19.1 2 18 2ZM17 20H3C2.45 20 2 19.55 2 19V7H18V19C18 19.55 17.55 20 17 20Z\" fill=\"#007EE2\"\/><\/svg>\n\t\t\t\t\t<time class=\"entry-date published\" datetime=\"2023-11-08T06:56:34+01:00\">8 Nov 2023<\/time><time class=\"updated\" datetime=\"2025-05-11T01:44:25+02:00\">11 mai 2025<\/time>\t\t\t\t<\/span>\n\t\t\t\t<\/div><!-- .entry-taxonomies -->\n\t<h6 class=\"entry-title\"><a href=\"https:\/\/tolunacorporate.com\/fr\/barometre-habitat-edition-2023\/\" rel=\"bookmark\">Barom\u00e8tre Habitat \u2013 Edition 2023<\/a><\/h6><\/header><!-- .entry-header -->\n<footer class=\"entry-footer\">\n\t\t\t<div class=\"entry-actions\">\n\t\t\t<p class=\"more-link-wrap\">\n\t\t\t\t<a href=\"https:\/\/tolunacorporate.com\/fr\/barometre-habitat-edition-2023\/\" class=\"post-more-link\">\n\t\t\t\t\tEN SAVOIR PLUS<span class=\"screen-reader-text\"> Barom\u00e8tre Habitat \u2013 Edition 2023<\/span><span class=\"toluna-svg-iconset svg-baseline\"><svg width=\"24\" height=\"25\" viewBox=\"0 0 24 25\" fill=\"none\" xmlns=\"http:\/\/www.w3.org\/2000\/svg\"><g clip-path=\"url(#clip0_3349_8828)\"><path d=\"M7.38048 21.9288C7.87048 22.4188 8.66048 22.4188 9.15048 21.9288L17.4605 13.6187C17.8505 13.2287 17.8505 12.5988 17.4605 12.2087L9.15048 3.89875C8.66048 3.40875 7.87048 3.40875 7.38048 3.89875C6.89048 4.38875 6.89048 5.17875 7.38048 5.66875L14.6205 12.9187L7.37048 20.1688C6.89048 20.6488 6.89048 21.4488 7.38048 21.9288Z\" fill=\"#007EE2\"\/><\/g><defs><clipPath id=\"clip0_3349_8828\"><rect width=\"24\" height=\"24\" fill=\"white\" transform=\"translate(0 0.917969)\"\/><\/clipPath><\/defs><\/svg><\/span>\t\t\t\t<\/a>\n\t\t\t<\/p>\n\t\t<\/div><!-- .entry-actions -->\n\t\t<\/footer><!-- .entry-footer -->\n\t<\/div>\n<\/article>\n<article class=\"entry content-bg loop-entry post-14782 post type-post status-publish format-standard has-post-thumbnail hentry category-france-fr tag-poll-2\">\n\t    <!-- toluna-thumbnail-ratio-1-1 -->\n\t\t<a class=\"post-thumbnail\" href=\"https:\/\/tolunacorporate.com\/fr\/barometre-de-confiance-politique-octobre-2023\/\">\n\t\t\t<div class=\"post-thumbnail-inner\">\n\t\t\t\t<img decoding=\"async\" width=\"500\" height=\"500\" src=\"https:\/\/tolunacorporate.com\/wp-content\/uploads\/2025\/05\/Barometre-de-confiance-politique-\u2013-Octobre-2023.jpg\" class=\"attachment-large size-large wp-post-image\" alt=\"Barom\u00e8tre de confiance politique \u2013 Octobre 2023\" srcset=\"https:\/\/tolunacorporate.com\/wp-content\/uploads\/2025\/05\/Barometre-de-confiance-politique-\u2013-Octobre-2023.jpg 500w, https:\/\/tolunacorporate.com\/wp-content\/uploads\/2025\/05\/Barometre-de-confiance-politique-\u2013-Octobre-2023-300x300.jpg 300w, https:\/\/tolunacorporate.com\/wp-content\/uploads\/2025\/05\/Barometre-de-confiance-politique-\u2013-Octobre-2023-150x150.jpg 150w\" sizes=\"(max-width: 500px) 100vw, 500px\" style=\"width:100%;height:100%;max-width:500px;\" \/>\t\t\t<\/div>\n\t\t<\/a><!-- .post-thumbnail -->\n\t\t\t<div class=\"entry-content-wrap\">\n\t\t<header class=\"entry-header\">\n\t\t<div class=\"entry-taxonomies\">\n\t\t\t\t\t\t<span class=\"posted-on\">\n\t\t\t\t\t<svg width=\"20\" height=\"22\" viewBox=\"0 0 20 22\" fill=\"none\" xmlns=\"http:\/\/www.w3.org\/2000\/svg\"><path d=\"M18 2H17V1C17 0.45 16.55 0 16 0C15.45 0 15 0.45 15 1V2H5V1C5 0.45 4.55 0 4 0C3.45 0 3 0.45 3 1V2H2C0.9 2 0 2.9 0 4V20C0 21.1 0.9 22 2 22H18C19.1 22 20 21.1 20 20V4C20 2.9 19.1 2 18 2ZM17 20H3C2.45 20 2 19.55 2 19V7H18V19C18 19.55 17.55 20 17 20Z\" fill=\"#007EE2\"\/><\/svg>\n\t\t\t\t\t<time class=\"entry-date published\" datetime=\"2023-10-27T06:58:57+02:00\">27 Oct 2023<\/time><time class=\"updated\" datetime=\"2025-05-09T07:00:41+02:00\">9 mai 2025<\/time>\t\t\t\t<\/span>\n\t\t\t\t<\/div><!-- .entry-taxonomies -->\n\t<h6 class=\"entry-title\"><a href=\"https:\/\/tolunacorporate.com\/fr\/barometre-de-confiance-politique-octobre-2023\/\" rel=\"bookmark\">Barom\u00e8tre de confiance politique \u2013 Octobre 2023<\/a><\/h6><\/header><!-- .entry-header -->\n<footer class=\"entry-footer\">\n\t\t\t<div class=\"entry-actions\">\n\t\t\t<p class=\"more-link-wrap\">\n\t\t\t\t<a href=\"https:\/\/tolunacorporate.com\/fr\/barometre-de-confiance-politique-octobre-2023\/\" class=\"post-more-link\">\n\t\t\t\t\tEN SAVOIR PLUS<span class=\"screen-reader-text\"> Barom\u00e8tre de confiance politique \u2013 Octobre 2023<\/span><span class=\"toluna-svg-iconset svg-baseline\"><svg width=\"24\" height=\"25\" viewBox=\"0 0 24 25\" fill=\"none\" xmlns=\"http:\/\/www.w3.org\/2000\/svg\"><g clip-path=\"url(#clip0_3349_8828)\"><path d=\"M7.38048 21.9288C7.87048 22.4188 8.66048 22.4188 9.15048 21.9288L17.4605 13.6187C17.8505 13.2287 17.8505 12.5988 17.4605 12.2087L9.15048 3.89875C8.66048 3.40875 7.87048 3.40875 7.38048 3.89875C6.89048 4.38875 6.89048 5.17875 7.38048 5.66875L14.6205 12.9187L7.37048 20.1688C6.89048 20.6488 6.89048 21.4488 7.38048 21.9288Z\" fill=\"#007EE2\"\/><\/g><defs><clipPath id=\"clip0_3349_8828\"><rect width=\"24\" height=\"24\" fill=\"white\" transform=\"translate(0 0.917969)\"\/><\/clipPath><\/defs><\/svg><\/span>\t\t\t\t<\/a>\n\t\t\t<\/p>\n\t\t<\/div><!-- .entry-actions -->\n\t\t<\/footer><!-- .entry-footer -->\n\t<\/div>\n<\/article>\n<article class=\"entry content-bg loop-entry post-14791 post type-post status-publish format-standard has-post-thumbnail hentry category-france-fr tag-poll-2\">\n\t    <!-- toluna-thumbnail-ratio-1-1 -->\n\t\t<a class=\"post-thumbnail\" href=\"https:\/\/tolunacorporate.com\/fr\/visibilite-et-risques-nocturnes-sur-la-voie-publique-vague-2\/\">\n\t\t\t<div class=\"post-thumbnail-inner\">\n\t\t\t\t<img decoding=\"async\" width=\"293\" height=\"294\" src=\"https:\/\/tolunacorporate.com\/wp-content\/uploads\/2025\/05\/Visibilite-et-risques-nocturnes-sur-la-voie-publique-\u2013-Vague-2.jpg\" class=\"attachment-large size-large wp-post-image\" alt=\"Visibilit\u00e9 et risques nocturnes sur la voie publique \u2013 Vague 2\" srcset=\"https:\/\/tolunacorporate.com\/wp-content\/uploads\/2025\/05\/Visibilite-et-risques-nocturnes-sur-la-voie-publique-\u2013-Vague-2.jpg 293w, https:\/\/tolunacorporate.com\/wp-content\/uploads\/2025\/05\/Visibilite-et-risques-nocturnes-sur-la-voie-publique-\u2013-Vague-2-150x150.jpg 150w\" sizes=\"(max-width: 293px) 100vw, 293px\" style=\"width:100%;height:100.34%;max-width:293px;\" \/>\t\t\t<\/div>\n\t\t<\/a><!-- .post-thumbnail -->\n\t\t\t<div class=\"entry-content-wrap\">\n\t\t<header class=\"entry-header\">\n\t\t<div class=\"entry-taxonomies\">\n\t\t\t\t\t\t<span class=\"posted-on\">\n\t\t\t\t\t<svg width=\"20\" height=\"22\" viewBox=\"0 0 20 22\" fill=\"none\" xmlns=\"http:\/\/www.w3.org\/2000\/svg\"><path d=\"M18 2H17V1C17 0.45 16.55 0 16 0C15.45 0 15 0.45 15 1V2H5V1C5 0.45 4.55 0 4 0C3.45 0 3 0.45 3 1V2H2C0.9 2 0 2.9 0 4V20C0 21.1 0.9 22 2 22H18C19.1 22 20 21.1 20 20V4C20 2.9 19.1 2 18 2ZM17 20H3C2.45 20 2 19.55 2 19V7H18V19C18 19.55 17.55 20 17 20Z\" fill=\"#007EE2\"\/><\/svg>\n\t\t\t\t\t<time class=\"entry-date published\" datetime=\"2023-10-26T07:00:56+02:00\">26 Oct 2023<\/time><time class=\"updated\" datetime=\"2025-05-11T01:46:35+02:00\">11 mai 2025<\/time>\t\t\t\t<\/span>\n\t\t\t\t<\/div><!-- .entry-taxonomies -->\n\t<h6 class=\"entry-title\"><a href=\"https:\/\/tolunacorporate.com\/fr\/visibilite-et-risques-nocturnes-sur-la-voie-publique-vague-2\/\" rel=\"bookmark\">Visibilit\u00e9 et risques nocturnes sur la voie publique \u2013 Vague 2<\/a><\/h6><\/header><!-- .entry-header -->\n<footer class=\"entry-footer\">\n\t\t\t<div class=\"entry-actions\">\n\t\t\t<p class=\"more-link-wrap\">\n\t\t\t\t<a href=\"https:\/\/tolunacorporate.com\/fr\/visibilite-et-risques-nocturnes-sur-la-voie-publique-vague-2\/\" class=\"post-more-link\">\n\t\t\t\t\tEN SAVOIR PLUS<span class=\"screen-reader-text\"> Visibilit\u00e9 et risques nocturnes sur la voie publique \u2013 Vague 2<\/span><span class=\"toluna-svg-iconset svg-baseline\"><svg width=\"24\" height=\"25\" viewBox=\"0 0 24 25\" fill=\"none\" xmlns=\"http:\/\/www.w3.org\/2000\/svg\"><g clip-path=\"url(#clip0_3349_8828)\"><path d=\"M7.38048 21.9288C7.87048 22.4188 8.66048 22.4188 9.15048 21.9288L17.4605 13.6187C17.8505 13.2287 17.8505 12.5988 17.4605 12.2087L9.15048 3.89875C8.66048 3.40875 7.87048 3.40875 7.38048 3.89875C6.89048 4.38875 6.89048 5.17875 7.38048 5.66875L14.6205 12.9187L7.37048 20.1688C6.89048 20.6488 6.89048 21.4488 7.38048 21.9288Z\" fill=\"#007EE2\"\/><\/g><defs><clipPath id=\"clip0_3349_8828\"><rect width=\"24\" height=\"24\" fill=\"white\" transform=\"translate(0 0.917969)\"\/><\/clipPath><\/defs><\/svg><\/span>\t\t\t\t<\/a>\n\t\t\t<\/p>\n\t\t<\/div><!-- .entry-actions -->\n\t\t<\/footer><!-- .entry-footer -->\n\t<\/div>\n<\/article>\n<article class=\"entry content-bg loop-entry post-14800 post type-post status-publish format-standard has-post-thumbnail hentry category-france-fr tag-poll-2\">\n\t    <!-- toluna-thumbnail-ratio-1-1 -->\n\t\t<a class=\"post-thumbnail\" href=\"https:\/\/tolunacorporate.com\/fr\/les-zooms-de-lobservatoire-cetelem-24-heures-dans-la-vie-des-francais\/\">\n\t\t\t<div class=\"post-thumbnail-inner\">\n\t\t\t\t<img decoding=\"async\" width=\"293\" height=\"294\" src=\"https:\/\/tolunacorporate.com\/wp-content\/uploads\/2025\/05\/24-heures-dans-la-vie-des-Francais.jpg\" class=\"attachment-large size-large wp-post-image\" alt=\"Les zOOms de l\u2019Observatoire Cetelem | 24 heures dans la vie des Fran\u00e7ais\" srcset=\"https:\/\/tolunacorporate.com\/wp-content\/uploads\/2025\/05\/24-heures-dans-la-vie-des-Francais.jpg 293w, https:\/\/tolunacorporate.com\/wp-content\/uploads\/2025\/05\/24-heures-dans-la-vie-des-Francais-150x150.jpg 150w\" sizes=\"(max-width: 293px) 100vw, 293px\" style=\"width:100%;height:100.34%;max-width:293px;\" \/>\t\t\t<\/div>\n\t\t<\/a><!-- .post-thumbnail -->\n\t\t\t<div class=\"entry-content-wrap\">\n\t\t<header class=\"entry-header\">\n\t\t<div class=\"entry-taxonomies\">\n\t\t\t\t\t\t<span class=\"posted-on\">\n\t\t\t\t\t<svg width=\"20\" height=\"22\" viewBox=\"0 0 20 22\" fill=\"none\" xmlns=\"http:\/\/www.w3.org\/2000\/svg\"><path d=\"M18 2H17V1C17 0.45 16.55 0 16 0C15.45 0 15 0.45 15 1V2H5V1C5 0.45 4.55 0 4 0C3.45 0 3 0.45 3 1V2H2C0.9 2 0 2.9 0 4V20C0 21.1 0.9 22 2 22H18C19.1 22 20 21.1 20 20V4C20 2.9 19.1 2 18 2ZM17 20H3C2.45 20 2 19.55 2 19V7H18V19C18 19.55 17.55 20 17 20Z\" fill=\"#007EE2\"\/><\/svg>\n\t\t\t\t\t<time class=\"entry-date published\" datetime=\"2023-10-19T07:02:44+02:00\">19 Oct 2023<\/time><time class=\"updated\" datetime=\"2025-05-11T01:48:50+02:00\">11 mai 2025<\/time>\t\t\t\t<\/span>\n\t\t\t\t<\/div><!-- .entry-taxonomies -->\n\t<h6 class=\"entry-title\"><a href=\"https:\/\/tolunacorporate.com\/fr\/les-zooms-de-lobservatoire-cetelem-24-heures-dans-la-vie-des-francais\/\" rel=\"bookmark\">Les zOOms de l\u2019Observatoire Cetelem | 24 heures dans la vie des Fran\u00e7ais<\/a><\/h6><\/header><!-- .entry-header -->\n<footer class=\"entry-footer\">\n\t\t\t<div class=\"entry-actions\">\n\t\t\t<p class=\"more-link-wrap\">\n\t\t\t\t<a href=\"https:\/\/tolunacorporate.com\/fr\/les-zooms-de-lobservatoire-cetelem-24-heures-dans-la-vie-des-francais\/\" class=\"post-more-link\">\n\t\t\t\t\tEN SAVOIR PLUS<span class=\"screen-reader-text\"> Les zOOms de l\u2019Observatoire Cetelem | 24 heures dans la vie des Fran\u00e7ais<\/span><span class=\"toluna-svg-iconset svg-baseline\"><svg width=\"24\" height=\"25\" viewBox=\"0 0 24 25\" fill=\"none\" xmlns=\"http:\/\/www.w3.org\/2000\/svg\"><g clip-path=\"url(#clip0_3349_8828)\"><path d=\"M7.38048 21.9288C7.87048 22.4188 8.66048 22.4188 9.15048 21.9288L17.4605 13.6187C17.8505 13.2287 17.8505 12.5988 17.4605 12.2087L9.15048 3.89875C8.66048 3.40875 7.87048 3.40875 7.38048 3.89875C6.89048 4.38875 6.89048 5.17875 7.38048 5.66875L14.6205 12.9187L7.37048 20.1688C6.89048 20.6488 6.89048 21.4488 7.38048 21.9288Z\" fill=\"#007EE2\"\/><\/g><defs><clipPath id=\"clip0_3349_8828\"><rect width=\"24\" height=\"24\" fill=\"white\" transform=\"translate(0 0.917969)\"\/><\/clipPath><\/defs><\/svg><\/span>\t\t\t\t<\/a>\n\t\t\t<\/p>\n\t\t<\/div><!-- .entry-actions -->\n\t\t<\/footer><!-- .entry-footer -->\n\t<\/div>\n<\/article>\n<article class=\"entry content-bg loop-entry post-14809 post type-post status-publish format-standard has-post-thumbnail hentry category-france-fr tag-poll-2\">\n\t    <!-- toluna-thumbnail-ratio-1-1 -->\n\t\t<a class=\"post-thumbnail\" href=\"https:\/\/tolunacorporate.com\/fr\/les-francais-et-les-risques-naturels-vague-3\/\">\n\t\t\t<div class=\"post-thumbnail-inner\">\n\t\t\t\t<img decoding=\"async\" width=\"293\" height=\"294\" src=\"https:\/\/tolunacorporate.com\/wp-content\/uploads\/2025\/05\/Les-Francais-et-les-risques-naturels-\u2013-Vague-3.jpg\" class=\"attachment-large size-large wp-post-image\" alt=\"Les Fran\u00e7ais et les risques naturels \u2013 Vague 3\" srcset=\"https:\/\/tolunacorporate.com\/wp-content\/uploads\/2025\/05\/Les-Francais-et-les-risques-naturels-\u2013-Vague-3.jpg 293w, https:\/\/tolunacorporate.com\/wp-content\/uploads\/2025\/05\/Les-Francais-et-les-risques-naturels-\u2013-Vague-3-150x150.jpg 150w\" sizes=\"(max-width: 293px) 100vw, 293px\" style=\"width:100%;height:100.34%;max-width:293px;\" \/>\t\t\t<\/div>\n\t\t<\/a><!-- .post-thumbnail -->\n\t\t\t<div class=\"entry-content-wrap\">\n\t\t<header class=\"entry-header\">\n\t\t<div class=\"entry-taxonomies\">\n\t\t\t\t\t\t<span class=\"posted-on\">\n\t\t\t\t\t<svg width=\"20\" height=\"22\" viewBox=\"0 0 20 22\" fill=\"none\" xmlns=\"http:\/\/www.w3.org\/2000\/svg\"><path d=\"M18 2H17V1C17 0.45 16.55 0 16 0C15.45 0 15 0.45 15 1V2H5V1C5 0.45 4.55 0 4 0C3.45 0 3 0.45 3 1V2H2C0.9 2 0 2.9 0 4V20C0 21.1 0.9 22 2 22H18C19.1 22 20 21.1 20 20V4C20 2.9 19.1 2 18 2ZM17 20H3C2.45 20 2 19.55 2 19V7H18V19C18 19.55 17.55 20 17 20Z\" fill=\"#007EE2\"\/><\/svg>\n\t\t\t\t\t<time class=\"entry-date published\" datetime=\"2023-10-13T07:05:47+02:00\">13 Oct 2023<\/time><time class=\"updated\" datetime=\"2025-05-11T01:51:15+02:00\">11 mai 2025<\/time>\t\t\t\t<\/span>\n\t\t\t\t<\/div><!-- .entry-taxonomies -->\n\t<h6 class=\"entry-title\"><a href=\"https:\/\/tolunacorporate.com\/fr\/les-francais-et-les-risques-naturels-vague-3\/\" rel=\"bookmark\">Les Fran\u00e7ais et les risques naturels \u2013 Vague 3<\/a><\/h6><\/header><!-- .entry-header -->\n<footer class=\"entry-footer\">\n\t\t\t<div class=\"entry-actions\">\n\t\t\t<p class=\"more-link-wrap\">\n\t\t\t\t<a href=\"https:\/\/tolunacorporate.com\/fr\/les-francais-et-les-risques-naturels-vague-3\/\" class=\"post-more-link\">\n\t\t\t\t\tEN SAVOIR PLUS<span class=\"screen-reader-text\"> Les Fran\u00e7ais et les risques naturels \u2013 Vague 3<\/span><span class=\"toluna-svg-iconset svg-baseline\"><svg width=\"24\" height=\"25\" viewBox=\"0 0 24 25\" fill=\"none\" xmlns=\"http:\/\/www.w3.org\/2000\/svg\"><g clip-path=\"url(#clip0_3349_8828)\"><path d=\"M7.38048 21.9288C7.87048 22.4188 8.66048 22.4188 9.15048 21.9288L17.4605 13.6187C17.8505 13.2287 17.8505 12.5988 17.4605 12.2087L9.15048 3.89875C8.66048 3.40875 7.87048 3.40875 7.38048 3.89875C6.89048 4.38875 6.89048 5.17875 7.38048 5.66875L14.6205 12.9187L7.37048 20.1688C6.89048 20.6488 6.89048 21.4488 7.38048 21.9288Z\" fill=\"#007EE2\"\/><\/g><defs><clipPath id=\"clip0_3349_8828\"><rect width=\"24\" height=\"24\" fill=\"white\" transform=\"translate(0 0.917969)\"\/><\/clipPath><\/defs><\/svg><\/span>\t\t\t\t<\/a>\n\t\t\t<\/p>\n\t\t<\/div><!-- .entry-actions -->\n\t\t<\/footer><!-- .entry-footer -->\n\t<\/div>\n<\/article>\n<article class=\"entry content-bg loop-entry post-14818 post type-post status-publish format-standard has-post-thumbnail hentry category-france-fr tag-poll-2\">\n\t    <!-- toluna-thumbnail-ratio-1-1 -->\n\t\t<a class=\"post-thumbnail\" href=\"https:\/\/tolunacorporate.com\/fr\/les-francais-et-linvestissement-locatif\/\">\n\t\t\t<div class=\"post-thumbnail-inner\">\n\t\t\t\t<img decoding=\"async\" width=\"293\" height=\"294\" src=\"https:\/\/tolunacorporate.com\/wp-content\/uploads\/2025\/05\/Les-Francais-et-linvestissement-locatif.jpg\" class=\"attachment-large size-large wp-post-image\" alt=\"Les Fran\u00e7ais et l\u2019investissement locatif\" srcset=\"https:\/\/tolunacorporate.com\/wp-content\/uploads\/2025\/05\/Les-Francais-et-linvestissement-locatif.jpg 293w, https:\/\/tolunacorporate.com\/wp-content\/uploads\/2025\/05\/Les-Francais-et-linvestissement-locatif-150x150.jpg 150w\" sizes=\"(max-width: 293px) 100vw, 293px\" style=\"width:100%;height:100.34%;max-width:293px;\" \/>\t\t\t<\/div>\n\t\t<\/a><!-- .post-thumbnail -->\n\t\t\t<div class=\"entry-content-wrap\">\n\t\t<header class=\"entry-header\">\n\t\t<div class=\"entry-taxonomies\">\n\t\t\t\t\t\t<span class=\"posted-on\">\n\t\t\t\t\t<svg width=\"20\" height=\"22\" viewBox=\"0 0 20 22\" fill=\"none\" xmlns=\"http:\/\/www.w3.org\/2000\/svg\"><path d=\"M18 2H17V1C17 0.45 16.55 0 16 0C15.45 0 15 0.45 15 1V2H5V1C5 0.45 4.55 0 4 0C3.45 0 3 0.45 3 1V2H2C0.9 2 0 2.9 0 4V20C0 21.1 0.9 22 2 22H18C19.1 22 20 21.1 20 20V4C20 2.9 19.1 2 18 2ZM17 20H3C2.45 20 2 19.55 2 19V7H18V19C18 19.55 17.55 20 17 20Z\" fill=\"#007EE2\"\/><\/svg>\n\t\t\t\t\t<time class=\"entry-date published\" datetime=\"2023-10-10T07:08:02+02:00\">10 Oct 2023<\/time><time class=\"updated\" datetime=\"2025-05-11T01:52:37+02:00\">11 mai 2025<\/time>\t\t\t\t<\/span>\n\t\t\t\t<\/div><!-- .entry-taxonomies -->\n\t<h6 class=\"entry-title\"><a href=\"https:\/\/tolunacorporate.com\/fr\/les-francais-et-linvestissement-locatif\/\" rel=\"bookmark\">Les Fran\u00e7ais et l\u2019investissement locatif<\/a><\/h6><\/header><!-- .entry-header -->\n<footer class=\"entry-footer\">\n\t\t\t<div class=\"entry-actions\">\n\t\t\t<p class=\"more-link-wrap\">\n\t\t\t\t<a href=\"https:\/\/tolunacorporate.com\/fr\/les-francais-et-linvestissement-locatif\/\" class=\"post-more-link\">\n\t\t\t\t\tEN SAVOIR PLUS<span class=\"screen-reader-text\"> Les Fran\u00e7ais et l\u2019investissement locatif<\/span><span class=\"toluna-svg-iconset svg-baseline\"><svg width=\"24\" height=\"25\" viewBox=\"0 0 24 25\" fill=\"none\" xmlns=\"http:\/\/www.w3.org\/2000\/svg\"><g clip-path=\"url(#clip0_3349_8828)\"><path d=\"M7.38048 21.9288C7.87048 22.4188 8.66048 22.4188 9.15048 21.9288L17.4605 13.6187C17.8505 13.2287 17.8505 12.5988 17.4605 12.2087L9.15048 3.89875C8.66048 3.40875 7.87048 3.40875 7.38048 3.89875C6.89048 4.38875 6.89048 5.17875 7.38048 5.66875L14.6205 12.9187L7.37048 20.1688C6.89048 20.6488 6.89048 21.4488 7.38048 21.9288Z\" fill=\"#007EE2\"\/><\/g><defs><clipPath id=\"clip0_3349_8828\"><rect width=\"24\" height=\"24\" fill=\"white\" transform=\"translate(0 0.917969)\"\/><\/clipPath><\/defs><\/svg><\/span>\t\t\t\t<\/a>\n\t\t\t<\/p>\n\t\t<\/div><!-- .entry-actions -->\n\t\t<\/footer><!-- .entry-footer -->\n\t<\/div>\n<\/article>\n<article class=\"entry content-bg loop-entry post-14827 post type-post status-publish format-standard has-post-thumbnail hentry category-france-fr tag-poll-2\">\n\t    <!-- toluna-thumbnail-ratio-1-1 -->\n\t\t<a class=\"post-thumbnail\" href=\"https:\/\/tolunacorporate.com\/fr\/du-citoyen-a-la-pme-la-cybermenace-et-nous\/\">\n\t\t\t<div class=\"post-thumbnail-inner\">\n\t\t\t\t<img decoding=\"async\" width=\"293\" height=\"294\" src=\"https:\/\/tolunacorporate.com\/wp-content\/uploads\/2025\/05\/Du-citoyen-a-la-PME-la-cybermenace-et-nous.jpg\" class=\"attachment-large size-large wp-post-image\" alt=\"Du citoyen \u00e0 la PME, la cybermenace et nous ?\" srcset=\"https:\/\/tolunacorporate.com\/wp-content\/uploads\/2025\/05\/Du-citoyen-a-la-PME-la-cybermenace-et-nous.jpg 293w, https:\/\/tolunacorporate.com\/wp-content\/uploads\/2025\/05\/Du-citoyen-a-la-PME-la-cybermenace-et-nous-150x150.jpg 150w\" sizes=\"(max-width: 293px) 100vw, 293px\" style=\"width:100%;height:100.34%;max-width:293px;\" \/>\t\t\t<\/div>\n\t\t<\/a><!-- .post-thumbnail -->\n\t\t\t<div class=\"entry-content-wrap\">\n\t\t<header class=\"entry-header\">\n\t\t<div class=\"entry-taxonomies\">\n\t\t\t\t\t\t<span class=\"posted-on\">\n\t\t\t\t\t<svg width=\"20\" height=\"22\" viewBox=\"0 0 20 22\" fill=\"none\" xmlns=\"http:\/\/www.w3.org\/2000\/svg\"><path d=\"M18 2H17V1C17 0.45 16.55 0 16 0C15.45 0 15 0.45 15 1V2H5V1C5 0.45 4.55 0 4 0C3.45 0 3 0.45 3 1V2H2C0.9 2 0 2.9 0 4V20C0 21.1 0.9 22 2 22H18C19.1 22 20 21.1 20 20V4C20 2.9 19.1 2 18 2ZM17 20H3C2.45 20 2 19.55 2 19V7H18V19C18 19.55 17.55 20 17 20Z\" fill=\"#007EE2\"\/><\/svg>\n\t\t\t\t\t<time class=\"entry-date published\" datetime=\"2023-10-09T07:09:58+02:00\">9 Oct 2023<\/time><time class=\"updated\" datetime=\"2025-05-11T01:55:47+02:00\">11 mai 2025<\/time>\t\t\t\t<\/span>\n\t\t\t\t<\/div><!-- .entry-taxonomies -->\n\t<h6 class=\"entry-title\"><a href=\"https:\/\/tolunacorporate.com\/fr\/du-citoyen-a-la-pme-la-cybermenace-et-nous\/\" rel=\"bookmark\">Du citoyen \u00e0 la PME, la cybermenace et nous ?<\/a><\/h6><\/header><!-- .entry-header -->\n<footer class=\"entry-footer\">\n\t\t\t<div class=\"entry-actions\">\n\t\t\t<p class=\"more-link-wrap\">\n\t\t\t\t<a href=\"https:\/\/tolunacorporate.com\/fr\/du-citoyen-a-la-pme-la-cybermenace-et-nous\/\" class=\"post-more-link\">\n\t\t\t\t\tEN SAVOIR PLUS<span class=\"screen-reader-text\"> Du citoyen \u00e0 la PME, la cybermenace et nous ?<\/span><span class=\"toluna-svg-iconset svg-baseline\"><svg width=\"24\" height=\"25\" viewBox=\"0 0 24 25\" fill=\"none\" xmlns=\"http:\/\/www.w3.org\/2000\/svg\"><g clip-path=\"url(#clip0_3349_8828)\"><path d=\"M7.38048 21.9288C7.87048 22.4188 8.66048 22.4188 9.15048 21.9288L17.4605 13.6187C17.8505 13.2287 17.8505 12.5988 17.4605 12.2087L9.15048 3.89875C8.66048 3.40875 7.87048 3.40875 7.38048 3.89875C6.89048 4.38875 6.89048 5.17875 7.38048 5.66875L14.6205 12.9187L7.37048 20.1688C6.89048 20.6488 6.89048 21.4488 7.38048 21.9288Z\" fill=\"#007EE2\"\/><\/g><defs><clipPath id=\"clip0_3349_8828\"><rect width=\"24\" height=\"24\" fill=\"white\" transform=\"translate(0 0.917969)\"\/><\/clipPath><\/defs><\/svg><\/span>\t\t\t\t<\/a>\n\t\t\t<\/p>\n\t\t<\/div><!-- .entry-actions -->\n\t\t<\/footer><!-- .entry-footer -->\n\t<\/div>\n<\/article>\n<article class=\"entry content-bg loop-entry post-14863 post type-post status-publish format-standard has-post-thumbnail hentry category-france-fr tag-poll-2\">\n\t    <!-- toluna-thumbnail-ratio-1-1 -->\n\t\t<a class=\"post-thumbnail\" href=\"https:\/\/tolunacorporate.com\/fr\/les-jeunes-et-la-prise-en-compte-des-enjeux-ecologiques-dans-les-etudes-et-le-monde-du-travail\/\">\n\t\t\t<div class=\"post-thumbnail-inner\">\n\t\t\t\t<img decoding=\"async\" width=\"293\" height=\"294\" src=\"https:\/\/tolunacorporate.com\/wp-content\/uploads\/2025\/05\/Les-jeunes-et-la-prise-en-compte-des-enjeux-ecologiques-dans-les-etudes-et-le-monde-du-travail.jpg\" class=\"attachment-large size-large wp-post-image\" alt=\"Les jeunes et la prise en compte des enjeux \u00e9cologiques dans les \u00e9tudes et le monde du travail\" srcset=\"https:\/\/tolunacorporate.com\/wp-content\/uploads\/2025\/05\/Les-jeunes-et-la-prise-en-compte-des-enjeux-ecologiques-dans-les-etudes-et-le-monde-du-travail.jpg 293w, https:\/\/tolunacorporate.com\/wp-content\/uploads\/2025\/05\/Les-jeunes-et-la-prise-en-compte-des-enjeux-ecologiques-dans-les-etudes-et-le-monde-du-travail-150x150.jpg 150w\" sizes=\"(max-width: 293px) 100vw, 293px\" style=\"width:100%;height:100.34%;max-width:293px;\" \/>\t\t\t<\/div>\n\t\t<\/a><!-- .post-thumbnail -->\n\t\t\t<div class=\"entry-content-wrap\">\n\t\t<header class=\"entry-header\">\n\t\t<div class=\"entry-taxonomies\">\n\t\t\t\t\t\t<span class=\"posted-on\">\n\t\t\t\t\t<svg width=\"20\" height=\"22\" viewBox=\"0 0 20 22\" fill=\"none\" xmlns=\"http:\/\/www.w3.org\/2000\/svg\"><path d=\"M18 2H17V1C17 0.45 16.55 0 16 0C15.45 0 15 0.45 15 1V2H5V1C5 0.45 4.55 0 4 0C3.45 0 3 0.45 3 1V2H2C0.9 2 0 2.9 0 4V20C0 21.1 0.9 22 2 22H18C19.1 22 20 21.1 20 20V4C20 2.9 19.1 2 18 2ZM17 20H3C2.45 20 2 19.55 2 19V7H18V19C18 19.55 17.55 20 17 20Z\" fill=\"#007EE2\"\/><\/svg>\n\t\t\t\t\t<time class=\"entry-date published\" datetime=\"2023-10-03T07:29:03+02:00\">3 Oct 2023<\/time><time class=\"updated\" datetime=\"2025-05-11T01:58:10+02:00\">11 mai 2025<\/time>\t\t\t\t<\/span>\n\t\t\t\t<\/div><!-- .entry-taxonomies -->\n\t<h6 class=\"entry-title\"><a href=\"https:\/\/tolunacorporate.com\/fr\/les-jeunes-et-la-prise-en-compte-des-enjeux-ecologiques-dans-les-etudes-et-le-monde-du-travail\/\" rel=\"bookmark\">Les jeunes et la prise en compte des enjeux \u00e9cologiques dans les \u00e9tudes et le monde du travail<\/a><\/h6><\/header><!-- .entry-header -->\n<footer class=\"entry-footer\">\n\t\t\t<div class=\"entry-actions\">\n\t\t\t<p class=\"more-link-wrap\">\n\t\t\t\t<a href=\"https:\/\/tolunacorporate.com\/fr\/les-jeunes-et-la-prise-en-compte-des-enjeux-ecologiques-dans-les-etudes-et-le-monde-du-travail\/\" class=\"post-more-link\">\n\t\t\t\t\tEN SAVOIR PLUS<span class=\"screen-reader-text\"> Les jeunes et la prise en compte des enjeux \u00e9cologiques dans les \u00e9tudes et le monde du travail<\/span><span class=\"toluna-svg-iconset svg-baseline\"><svg width=\"24\" height=\"25\" viewBox=\"0 0 24 25\" fill=\"none\" xmlns=\"http:\/\/www.w3.org\/2000\/svg\"><g clip-path=\"url(#clip0_3349_8828)\"><path d=\"M7.38048 21.9288C7.87048 22.4188 8.66048 22.4188 9.15048 21.9288L17.4605 13.6187C17.8505 13.2287 17.8505 12.5988 17.4605 12.2087L9.15048 3.89875C8.66048 3.40875 7.87048 3.40875 7.38048 3.89875C6.89048 4.38875 6.89048 5.17875 7.38048 5.66875L14.6205 12.9187L7.37048 20.1688C6.89048 20.6488 6.89048 21.4488 7.38048 21.9288Z\" fill=\"#007EE2\"\/><\/g><defs><clipPath id=\"clip0_3349_8828\"><rect width=\"24\" height=\"24\" fill=\"white\" transform=\"translate(0 0.917969)\"\/><\/clipPath><\/defs><\/svg><\/span>\t\t\t\t<\/a>\n\t\t\t<\/p>\n\t\t<\/div><!-- .entry-actions -->\n\t\t<\/footer><!-- .entry-footer -->\n\t<\/div>\n<\/article>\n<article class=\"entry content-bg loop-entry post-14854 post type-post status-publish format-standard has-post-thumbnail hentry category-france-fr tag-poll-2\">\n\t    <!-- toluna-thumbnail-ratio-1-1 -->\n\t\t<a class=\"post-thumbnail\" href=\"https:\/\/tolunacorporate.com\/fr\/regard-des-francais-sur-les-soins-dentaires-et-la-mobilite-medicale\/\">\n\t\t\t<div class=\"post-thumbnail-inner\">\n\t\t\t\t<img decoding=\"async\" width=\"293\" height=\"294\" src=\"https:\/\/tolunacorporate.com\/wp-content\/uploads\/2025\/05\/Regard-des-Francais-sur-les-soins-dentaires-et-la-mobilite-medicale.jpg\" class=\"attachment-large size-large wp-post-image\" alt=\"Regard des Fran\u00e7ais sur les soins dentaires et la mobilit\u00e9 m\u00e9dicale\" srcset=\"https:\/\/tolunacorporate.com\/wp-content\/uploads\/2025\/05\/Regard-des-Francais-sur-les-soins-dentaires-et-la-mobilite-medicale.jpg 293w, https:\/\/tolunacorporate.com\/wp-content\/uploads\/2025\/05\/Regard-des-Francais-sur-les-soins-dentaires-et-la-mobilite-medicale-150x150.jpg 150w\" sizes=\"(max-width: 293px) 100vw, 293px\" style=\"width:100%;height:100.34%;max-width:293px;\" \/>\t\t\t<\/div>\n\t\t<\/a><!-- .post-thumbnail -->\n\t\t\t<div class=\"entry-content-wrap\">\n\t\t<header class=\"entry-header\">\n\t\t<div class=\"entry-taxonomies\">\n\t\t\t\t\t\t<span class=\"posted-on\">\n\t\t\t\t\t<svg width=\"20\" height=\"22\" viewBox=\"0 0 20 22\" fill=\"none\" xmlns=\"http:\/\/www.w3.org\/2000\/svg\"><path d=\"M18 2H17V1C17 0.45 16.55 0 16 0C15.45 0 15 0.45 15 1V2H5V1C5 0.45 4.55 0 4 0C3.45 0 3 0.45 3 1V2H2C0.9 2 0 2.9 0 4V20C0 21.1 0.9 22 2 22H18C19.1 22 20 21.1 20 20V4C20 2.9 19.1 2 18 2ZM17 20H3C2.45 20 2 19.55 2 19V7H18V19C18 19.55 17.55 20 17 20Z\" fill=\"#007EE2\"\/><\/svg>\n\t\t\t\t\t<time class=\"entry-date published\" datetime=\"2023-10-03T07:27:08+02:00\">3 Oct 2023<\/time><time class=\"updated\" datetime=\"2025-05-09T07:28:44+02:00\">9 mai 2025<\/time>\t\t\t\t<\/span>\n\t\t\t\t<\/div><!-- .entry-taxonomies -->\n\t<h6 class=\"entry-title\"><a href=\"https:\/\/tolunacorporate.com\/fr\/regard-des-francais-sur-les-soins-dentaires-et-la-mobilite-medicale\/\" rel=\"bookmark\">Regard des Fran\u00e7ais sur les soins dentaires et la mobilit\u00e9 m\u00e9dicale<\/a><\/h6><\/header><!-- .entry-header -->\n<footer class=\"entry-footer\">\n\t\t\t<div class=\"entry-actions\">\n\t\t\t<p class=\"more-link-wrap\">\n\t\t\t\t<a href=\"https:\/\/tolunacorporate.com\/fr\/regard-des-francais-sur-les-soins-dentaires-et-la-mobilite-medicale\/\" class=\"post-more-link\">\n\t\t\t\t\tEN SAVOIR PLUS<span class=\"screen-reader-text\"> Regard des Fran\u00e7ais sur les soins dentaires et la mobilit\u00e9 m\u00e9dicale<\/span><span class=\"toluna-svg-iconset svg-baseline\"><svg width=\"24\" height=\"25\" viewBox=\"0 0 24 25\" fill=\"none\" xmlns=\"http:\/\/www.w3.org\/2000\/svg\"><g clip-path=\"url(#clip0_3349_8828)\"><path d=\"M7.38048 21.9288C7.87048 22.4188 8.66048 22.4188 9.15048 21.9288L17.4605 13.6187C17.8505 13.2287 17.8505 12.5988 17.4605 12.2087L9.15048 3.89875C8.66048 3.40875 7.87048 3.40875 7.38048 3.89875C6.89048 4.38875 6.89048 5.17875 7.38048 5.66875L14.6205 12.9187L7.37048 20.1688C6.89048 20.6488 6.89048 21.4488 7.38048 21.9288Z\" fill=\"#007EE2\"\/><\/g><defs><clipPath id=\"clip0_3349_8828\"><rect width=\"24\" height=\"24\" fill=\"white\" transform=\"translate(0 0.917969)\"\/><\/clipPath><\/defs><\/svg><\/span>\t\t\t\t<\/a>\n\t\t\t<\/p>\n\t\t<\/div><!-- .entry-actions -->\n\t\t<\/footer><!-- .entry-footer -->\n\t<\/div>\n<\/article>\n<article class=\"entry content-bg loop-entry post-14845 post type-post status-publish format-standard has-post-thumbnail hentry category-france-fr tag-poll-2\">\n\t    <!-- toluna-thumbnail-ratio-1-1 -->\n\t\t<a class=\"post-thumbnail\" href=\"https:\/\/tolunacorporate.com\/fr\/lobservatoire-parlement-vague-4\/\">\n\t\t\t<div class=\"post-thumbnail-inner\">\n\t\t\t\t<img decoding=\"async\" width=\"293\" height=\"294\" src=\"https:\/\/tolunacorporate.com\/wp-content\/uploads\/2025\/05\/LObservatoire-Parlement-\u2013-Vague-4.jpg\" class=\"attachment-large size-large wp-post-image\" alt=\"L\u2019Observatoire Parlement \u2013 Vague 4\" srcset=\"https:\/\/tolunacorporate.com\/wp-content\/uploads\/2025\/05\/LObservatoire-Parlement-\u2013-Vague-4.jpg 293w, https:\/\/tolunacorporate.com\/wp-content\/uploads\/2025\/05\/LObservatoire-Parlement-\u2013-Vague-4-150x150.jpg 150w\" sizes=\"(max-width: 293px) 100vw, 293px\" style=\"width:100%;height:100.34%;max-width:293px;\" \/>\t\t\t<\/div>\n\t\t<\/a><!-- .post-thumbnail -->\n\t\t\t<div class=\"entry-content-wrap\">\n\t\t<header class=\"entry-header\">\n\t\t<div class=\"entry-taxonomies\">\n\t\t\t\t\t\t<span class=\"posted-on\">\n\t\t\t\t\t<svg width=\"20\" height=\"22\" viewBox=\"0 0 20 22\" fill=\"none\" xmlns=\"http:\/\/www.w3.org\/2000\/svg\"><path d=\"M18 2H17V1C17 0.45 16.55 0 16 0C15.45 0 15 0.45 15 1V2H5V1C5 0.45 4.55 0 4 0C3.45 0 3 0.45 3 1V2H2C0.9 2 0 2.9 0 4V20C0 21.1 0.9 22 2 22H18C19.1 22 20 21.1 20 20V4C20 2.9 19.1 2 18 2ZM17 20H3C2.45 20 2 19.55 2 19V7H18V19C18 19.55 17.55 20 17 20Z\" fill=\"#007EE2\"\/><\/svg>\n\t\t\t\t\t<time class=\"entry-date published\" datetime=\"2023-10-03T07:25:00+02:00\">3 Oct 2023<\/time><time class=\"updated\" datetime=\"2025-05-11T02:00:48+02:00\">11 mai 2025<\/time>\t\t\t\t<\/span>\n\t\t\t\t<\/div><!-- .entry-taxonomies -->\n\t<h6 class=\"entry-title\"><a href=\"https:\/\/tolunacorporate.com\/fr\/lobservatoire-parlement-vague-4\/\" rel=\"bookmark\">L\u2019Observatoire Parlement \u2013 Vague 4<\/a><\/h6><\/header><!-- .entry-header -->\n<footer class=\"entry-footer\">\n\t\t\t<div class=\"entry-actions\">\n\t\t\t<p class=\"more-link-wrap\">\n\t\t\t\t<a href=\"https:\/\/tolunacorporate.com\/fr\/lobservatoire-parlement-vague-4\/\" class=\"post-more-link\">\n\t\t\t\t\tEN SAVOIR PLUS<span class=\"screen-reader-text\"> L\u2019Observatoire Parlement \u2013 Vague 4<\/span><span class=\"toluna-svg-iconset svg-baseline\"><svg width=\"24\" height=\"25\" viewBox=\"0 0 24 25\" fill=\"none\" xmlns=\"http:\/\/www.w3.org\/2000\/svg\"><g clip-path=\"url(#clip0_3349_8828)\"><path d=\"M7.38048 21.9288C7.87048 22.4188 8.66048 22.4188 9.15048 21.9288L17.4605 13.6187C17.8505 13.2287 17.8505 12.5988 17.4605 12.2087L9.15048 3.89875C8.66048 3.40875 7.87048 3.40875 7.38048 3.89875C6.89048 4.38875 6.89048 5.17875 7.38048 5.66875L14.6205 12.9187L7.37048 20.1688C6.89048 20.6488 6.89048 21.4488 7.38048 21.9288Z\" fill=\"#007EE2\"\/><\/g><defs><clipPath id=\"clip0_3349_8828\"><rect width=\"24\" height=\"24\" fill=\"white\" transform=\"translate(0 0.917969)\"\/><\/clipPath><\/defs><\/svg><\/span>\t\t\t\t<\/a>\n\t\t\t<\/p>\n\t\t<\/div><!-- .entry-actions -->\n\t\t<\/footer><!-- .entry-footer -->\n\t<\/div>\n<\/article>\n<article class=\"entry content-bg loop-entry post-14836 post type-post status-publish format-standard has-post-thumbnail hentry category-france-fr tag-poll-2\">\n\t    <!-- toluna-thumbnail-ratio-1-1 -->\n\t\t<a class=\"post-thumbnail\" href=\"https:\/\/tolunacorporate.com\/fr\/le-regard-des-francais-sur-linformation\/\">\n\t\t\t<div class=\"post-thumbnail-inner\">\n\t\t\t\t<img decoding=\"async\" width=\"293\" height=\"294\" src=\"https:\/\/tolunacorporate.com\/wp-content\/uploads\/2025\/05\/Le-regard-des-Francais-sur-linformation.jpg\" class=\"attachment-large size-large wp-post-image\" alt=\"Le regard des Fran\u00e7ais sur l\u2019information\" srcset=\"https:\/\/tolunacorporate.com\/wp-content\/uploads\/2025\/05\/Le-regard-des-Francais-sur-linformation.jpg 293w, https:\/\/tolunacorporate.com\/wp-content\/uploads\/2025\/05\/Le-regard-des-Francais-sur-linformation-150x150.jpg 150w\" sizes=\"(max-width: 293px) 100vw, 293px\" style=\"width:100%;height:100.34%;max-width:293px;\" \/>\t\t\t<\/div>\n\t\t<\/a><!-- .post-thumbnail -->\n\t\t\t<div class=\"entry-content-wrap\">\n\t\t<header class=\"entry-header\">\n\t\t<div class=\"entry-taxonomies\">\n\t\t\t\t\t\t<span class=\"posted-on\">\n\t\t\t\t\t<svg width=\"20\" height=\"22\" viewBox=\"0 0 20 22\" fill=\"none\" xmlns=\"http:\/\/www.w3.org\/2000\/svg\"><path d=\"M18 2H17V1C17 0.45 16.55 0 16 0C15.45 0 15 0.45 15 1V2H5V1C5 0.45 4.55 0 4 0C3.45 0 3 0.45 3 1V2H2C0.9 2 0 2.9 0 4V20C0 21.1 0.9 22 2 22H18C19.1 22 20 21.1 20 20V4C20 2.9 19.1 2 18 2ZM17 20H3C2.45 20 2 19.55 2 19V7H18V19C18 19.55 17.55 20 17 20Z\" fill=\"#007EE2\"\/><\/svg>\n\t\t\t\t\t<time class=\"entry-date published\" datetime=\"2023-10-03T07:13:09+02:00\">3 Oct 2023<\/time><time class=\"updated\" datetime=\"2025-05-11T02:02:48+02:00\">11 mai 2025<\/time>\t\t\t\t<\/span>\n\t\t\t\t<\/div><!-- .entry-taxonomies -->\n\t<h6 class=\"entry-title\"><a href=\"https:\/\/tolunacorporate.com\/fr\/le-regard-des-francais-sur-linformation\/\" rel=\"bookmark\">Le regard des Fran\u00e7ais sur l\u2019information<\/a><\/h6><\/header><!-- .entry-header -->\n<footer class=\"entry-footer\">\n\t\t\t<div class=\"entry-actions\">\n\t\t\t<p class=\"more-link-wrap\">\n\t\t\t\t<a href=\"https:\/\/tolunacorporate.com\/fr\/le-regard-des-francais-sur-linformation\/\" class=\"post-more-link\">\n\t\t\t\t\tEN SAVOIR PLUS<span class=\"screen-reader-text\"> Le regard des Fran\u00e7ais sur l\u2019information<\/span><span class=\"toluna-svg-iconset svg-baseline\"><svg width=\"24\" height=\"25\" viewBox=\"0 0 24 25\" fill=\"none\" xmlns=\"http:\/\/www.w3.org\/2000\/svg\"><g clip-path=\"url(#clip0_3349_8828)\"><path d=\"M7.38048 21.9288C7.87048 22.4188 8.66048 22.4188 9.15048 21.9288L17.4605 13.6187C17.8505 13.2287 17.8505 12.5988 17.4605 12.2087L9.15048 3.89875C8.66048 3.40875 7.87048 3.40875 7.38048 3.89875C6.89048 4.38875 6.89048 5.17875 7.38048 5.66875L14.6205 12.9187L7.37048 20.1688C6.89048 20.6488 6.89048 21.4488 7.38048 21.9288Z\" fill=\"#007EE2\"\/><\/g><defs><clipPath id=\"clip0_3349_8828\"><rect width=\"24\" height=\"24\" fill=\"white\" transform=\"translate(0 0.917969)\"\/><\/clipPath><\/defs><\/svg><\/span>\t\t\t\t<\/a>\n\t\t\t<\/p>\n\t\t<\/div><!-- .entry-actions -->\n\t\t<\/footer><!-- .entry-footer -->\n\t<\/div>\n<\/article>\n<article class=\"entry content-bg loop-entry post-14881 post type-post status-publish format-standard has-post-thumbnail hentry category-france-fr tag-poll-2\">\n\t    <!-- toluna-thumbnail-ratio-1-1 -->\n\t\t<a class=\"post-thumbnail\" href=\"https:\/\/tolunacorporate.com\/fr\/la-mobilite-en-ile-de-france-pendant-les-jeux-olympiques-et-paralympiques-de-paris-2024-enquete-aupres-des-franciliens\/\">\n\t\t\t<div class=\"post-thumbnail-inner\">\n\t\t\t\t<img decoding=\"async\" width=\"293\" height=\"294\" src=\"https:\/\/tolunacorporate.com\/wp-content\/uploads\/2025\/05\/La-mobilite-en-Ile-de-France-pendant-les-Jeux-Olympiques-et-Paralympiques-de-Paris-2024-\u2013-Enquete-aupres-des-Franciliens.jpg\" class=\"attachment-large size-large wp-post-image\" alt=\"La mobilit\u00e9 en \u00cele-de-France pendant les Jeux Olympiques et Paralympiques de Paris 2024 \u2013 Enqu\u00eate aupr\u00e8s des Franciliens\" srcset=\"https:\/\/tolunacorporate.com\/wp-content\/uploads\/2025\/05\/La-mobilite-en-Ile-de-France-pendant-les-Jeux-Olympiques-et-Paralympiques-de-Paris-2024-\u2013-Enquete-aupres-des-Franciliens.jpg 293w, https:\/\/tolunacorporate.com\/wp-content\/uploads\/2025\/05\/La-mobilite-en-Ile-de-France-pendant-les-Jeux-Olympiques-et-Paralympiques-de-Paris-2024-\u2013-Enquete-aupres-des-Franciliens-150x150.jpg 150w\" sizes=\"(max-width: 293px) 100vw, 293px\" style=\"width:100%;height:100.34%;max-width:293px;\" \/>\t\t\t<\/div>\n\t\t<\/a><!-- .post-thumbnail -->\n\t\t\t<div class=\"entry-content-wrap\">\n\t\t<header class=\"entry-header\">\n\t\t<div class=\"entry-taxonomies\">\n\t\t\t\t\t\t<span class=\"posted-on\">\n\t\t\t\t\t<svg width=\"20\" height=\"22\" viewBox=\"0 0 20 22\" fill=\"none\" xmlns=\"http:\/\/www.w3.org\/2000\/svg\"><path d=\"M18 2H17V1C17 0.45 16.55 0 16 0C15.45 0 15 0.45 15 1V2H5V1C5 0.45 4.55 0 4 0C3.45 0 3 0.45 3 1V2H2C0.9 2 0 2.9 0 4V20C0 21.1 0.9 22 2 22H18C19.1 22 20 21.1 20 20V4C20 2.9 19.1 2 18 2ZM17 20H3C2.45 20 2 19.55 2 19V7H18V19C18 19.55 17.55 20 17 20Z\" fill=\"#007EE2\"\/><\/svg>\n\t\t\t\t\t<time class=\"entry-date published\" datetime=\"2023-10-02T07:33:20+02:00\">2 Oct 2023<\/time><time class=\"updated\" datetime=\"2025-05-11T02:05:15+02:00\">11 mai 2025<\/time>\t\t\t\t<\/span>\n\t\t\t\t<\/div><!-- .entry-taxonomies -->\n\t<h6 class=\"entry-title\"><a href=\"https:\/\/tolunacorporate.com\/fr\/la-mobilite-en-ile-de-france-pendant-les-jeux-olympiques-et-paralympiques-de-paris-2024-enquete-aupres-des-franciliens\/\" rel=\"bookmark\">La mobilit\u00e9 en \u00cele-de-France pendant les Jeux Olympiques et Paralympiques de Paris 2024 \u2013 Enqu\u00eate aupr\u00e8s des Franciliens<\/a><\/h6><\/header><!-- .entry-header -->\n<footer class=\"entry-footer\">\n\t\t\t<div class=\"entry-actions\">\n\t\t\t<p class=\"more-link-wrap\">\n\t\t\t\t<a href=\"https:\/\/tolunacorporate.com\/fr\/la-mobilite-en-ile-de-france-pendant-les-jeux-olympiques-et-paralympiques-de-paris-2024-enquete-aupres-des-franciliens\/\" class=\"post-more-link\">\n\t\t\t\t\tEN SAVOIR PLUS<span class=\"screen-reader-text\"> La mobilit\u00e9 en \u00cele-de-France pendant les Jeux Olympiques et Paralympiques de Paris 2024 \u2013 Enqu\u00eate aupr\u00e8s des Franciliens<\/span><span class=\"toluna-svg-iconset svg-baseline\"><svg width=\"24\" height=\"25\" viewBox=\"0 0 24 25\" fill=\"none\" xmlns=\"http:\/\/www.w3.org\/2000\/svg\"><g clip-path=\"url(#clip0_3349_8828)\"><path d=\"M7.38048 21.9288C7.87048 22.4188 8.66048 22.4188 9.15048 21.9288L17.4605 13.6187C17.8505 13.2287 17.8505 12.5988 17.4605 12.2087L9.15048 3.89875C8.66048 3.40875 7.87048 3.40875 7.38048 3.89875C6.89048 4.38875 6.89048 5.17875 7.38048 5.66875L14.6205 12.9187L7.37048 20.1688C6.89048 20.6488 6.89048 21.4488 7.38048 21.9288Z\" fill=\"#007EE2\"\/><\/g><defs><clipPath id=\"clip0_3349_8828\"><rect width=\"24\" height=\"24\" fill=\"white\" transform=\"translate(0 0.917969)\"\/><\/clipPath><\/defs><\/svg><\/span>\t\t\t\t<\/a>\n\t\t\t<\/p>\n\t\t<\/div><!-- .entry-actions -->\n\t\t<\/footer><!-- .entry-footer -->\n\t<\/div>\n<\/article>\n<article class=\"entry content-bg loop-entry post-14872 post type-post status-publish format-standard has-post-thumbnail hentry category-france-fr tag-poll-2\">\n\t    <!-- toluna-thumbnail-ratio-1-1 -->\n\t\t<a class=\"post-thumbnail\" href=\"https:\/\/tolunacorporate.com\/fr\/perceptions-et-comportements-des-francais-en-matiere-de-cybersecurite-vague-2\/\">\n\t\t\t<div class=\"post-thumbnail-inner\">\n\t\t\t\t<img decoding=\"async\" width=\"768\" height=\"512\" src=\"https:\/\/tolunacorporate.com\/wp-content\/uploads\/2025\/05\/Perceptions-et-comportements-des-Francais-en-matiere-de-cybersecurite-\u2013-Vague-2.jpg\" class=\"attachment-large size-large wp-post-image\" alt=\"Perceptions et comportements des Fran\u00e7ais en mati\u00e8re de cybers\u00e9curit\u00e9 \u2013 Vague 2\" srcset=\"https:\/\/tolunacorporate.com\/wp-content\/uploads\/2025\/05\/Perceptions-et-comportements-des-Francais-en-matiere-de-cybersecurite-\u2013-Vague-2.jpg 768w, https:\/\/tolunacorporate.com\/wp-content\/uploads\/2025\/05\/Perceptions-et-comportements-des-Francais-en-matiere-de-cybersecurite-\u2013-Vague-2-300x200.jpg 300w\" sizes=\"(max-width: 768px) 100vw, 768px\" style=\"width:100%;height:66.67%;max-width:768px;\" \/>\t\t\t<\/div>\n\t\t<\/a><!-- .post-thumbnail -->\n\t\t\t<div class=\"entry-content-wrap\">\n\t\t<header class=\"entry-header\">\n\t\t<div class=\"entry-taxonomies\">\n\t\t\t\t\t\t<span class=\"posted-on\">\n\t\t\t\t\t<svg width=\"20\" height=\"22\" viewBox=\"0 0 20 22\" fill=\"none\" xmlns=\"http:\/\/www.w3.org\/2000\/svg\"><path d=\"M18 2H17V1C17 0.45 16.55 0 16 0C15.45 0 15 0.45 15 1V2H5V1C5 0.45 4.55 0 4 0C3.45 0 3 0.45 3 1V2H2C0.9 2 0 2.9 0 4V20C0 21.1 0.9 22 2 22H18C19.1 22 20 21.1 20 20V4C20 2.9 19.1 2 18 2ZM17 20H3C2.45 20 2 19.55 2 19V7H18V19C18 19.55 17.55 20 17 20Z\" fill=\"#007EE2\"\/><\/svg>\n\t\t\t\t\t<time class=\"entry-date published\" datetime=\"2023-10-02T07:30:47+02:00\">2 Oct 2023<\/time><time class=\"updated\" datetime=\"2025-05-11T02:23:51+02:00\">11 mai 2025<\/time>\t\t\t\t<\/span>\n\t\t\t\t<\/div><!-- .entry-taxonomies -->\n\t<h6 class=\"entry-title\"><a href=\"https:\/\/tolunacorporate.com\/fr\/perceptions-et-comportements-des-francais-en-matiere-de-cybersecurite-vague-2\/\" rel=\"bookmark\">Perceptions et comportements des Fran\u00e7ais en mati\u00e8re de cybers\u00e9curit\u00e9 \u2013 Vague 2<\/a><\/h6><\/header><!-- .entry-header -->\n<footer class=\"entry-footer\">\n\t\t\t<div class=\"entry-actions\">\n\t\t\t<p class=\"more-link-wrap\">\n\t\t\t\t<a href=\"https:\/\/tolunacorporate.com\/fr\/perceptions-et-comportements-des-francais-en-matiere-de-cybersecurite-vague-2\/\" class=\"post-more-link\">\n\t\t\t\t\tEN SAVOIR PLUS<span class=\"screen-reader-text\"> Perceptions et comportements des Fran\u00e7ais en mati\u00e8re de cybers\u00e9curit\u00e9 \u2013 Vague 2<\/span><span class=\"toluna-svg-iconset svg-baseline\"><svg width=\"24\" height=\"25\" viewBox=\"0 0 24 25\" fill=\"none\" xmlns=\"http:\/\/www.w3.org\/2000\/svg\"><g clip-path=\"url(#clip0_3349_8828)\"><path d=\"M7.38048 21.9288C7.87048 22.4188 8.66048 22.4188 9.15048 21.9288L17.4605 13.6187C17.8505 13.2287 17.8505 12.5988 17.4605 12.2087L9.15048 3.89875C8.66048 3.40875 7.87048 3.40875 7.38048 3.89875C6.89048 4.38875 6.89048 5.17875 7.38048 5.66875L14.6205 12.9187L7.37048 20.1688C6.89048 20.6488 6.89048 21.4488 7.38048 21.9288Z\" fill=\"#007EE2\"\/><\/g><defs><clipPath id=\"clip0_3349_8828\"><rect width=\"24\" height=\"24\" fill=\"white\" transform=\"translate(0 0.917969)\"\/><\/clipPath><\/defs><\/svg><\/span>\t\t\t\t<\/a>\n\t\t\t<\/p>\n\t\t<\/div><!-- .entry-actions -->\n\t\t<\/footer><!-- .entry-footer -->\n\t<\/div>\n<\/article>\n<article class=\"entry content-bg loop-entry post-14890 post type-post status-publish format-standard has-post-thumbnail hentry category-france-fr tag-poll-2\">\n\t    <!-- toluna-thumbnail-ratio-1-1 -->\n\t\t<a class=\"post-thumbnail\" href=\"https:\/\/tolunacorporate.com\/fr\/barometre-de-confiance-politique-septembre-2023\/\">\n\t\t\t<div class=\"post-thumbnail-inner\">\n\t\t\t\t<img decoding=\"async\" width=\"500\" height=\"500\" src=\"https:\/\/tolunacorporate.com\/wp-content\/uploads\/2025\/05\/Barometre-de-confiance-politique-\u2013-Septembre-2023.jpg\" class=\"attachment-large size-large wp-post-image\" alt=\"Barom\u00e8tre de confiance politique \u2013 Septembre 2023\" srcset=\"https:\/\/tolunacorporate.com\/wp-content\/uploads\/2025\/05\/Barometre-de-confiance-politique-\u2013-Septembre-2023.jpg 500w, https:\/\/tolunacorporate.com\/wp-content\/uploads\/2025\/05\/Barometre-de-confiance-politique-\u2013-Septembre-2023-300x300.jpg 300w, https:\/\/tolunacorporate.com\/wp-content\/uploads\/2025\/05\/Barometre-de-confiance-politique-\u2013-Septembre-2023-150x150.jpg 150w\" sizes=\"(max-width: 500px) 100vw, 500px\" style=\"width:100%;height:100%;max-width:500px;\" \/>\t\t\t<\/div>\n\t\t<\/a><!-- .post-thumbnail -->\n\t\t\t<div class=\"entry-content-wrap\">\n\t\t<header class=\"entry-header\">\n\t\t<div class=\"entry-taxonomies\">\n\t\t\t\t\t\t<span class=\"posted-on\">\n\t\t\t\t\t<svg width=\"20\" height=\"22\" viewBox=\"0 0 20 22\" fill=\"none\" xmlns=\"http:\/\/www.w3.org\/2000\/svg\"><path d=\"M18 2H17V1C17 0.45 16.55 0 16 0C15.45 0 15 0.45 15 1V2H5V1C5 0.45 4.55 0 4 0C3.45 0 3 0.45 3 1V2H2C0.9 2 0 2.9 0 4V20C0 21.1 0.9 22 2 22H18C19.1 22 20 21.1 20 20V4C20 2.9 19.1 2 18 2ZM17 20H3C2.45 20 2 19.55 2 19V7H18V19C18 19.55 17.55 20 17 20Z\" fill=\"#007EE2\"\/><\/svg>\n\t\t\t\t\t<time class=\"entry-date published\" datetime=\"2023-09-29T07:35:34+02:00\">29 Sep 2023<\/time><time class=\"updated\" datetime=\"2025-05-11T02:26:51+02:00\">11 mai 2025<\/time>\t\t\t\t<\/span>\n\t\t\t\t<\/div><!-- .entry-taxonomies -->\n\t<h6 class=\"entry-title\"><a href=\"https:\/\/tolunacorporate.com\/fr\/barometre-de-confiance-politique-septembre-2023\/\" rel=\"bookmark\">Barom\u00e8tre de confiance politique \u2013 Septembre 2023<\/a><\/h6><\/header><!-- .entry-header -->\n<footer class=\"entry-footer\">\n\t\t\t<div class=\"entry-actions\">\n\t\t\t<p class=\"more-link-wrap\">\n\t\t\t\t<a href=\"https:\/\/tolunacorporate.com\/fr\/barometre-de-confiance-politique-septembre-2023\/\" class=\"post-more-link\">\n\t\t\t\t\tEN SAVOIR PLUS<span class=\"screen-reader-text\"> Barom\u00e8tre de confiance politique \u2013 Septembre 2023<\/span><span class=\"toluna-svg-iconset svg-baseline\"><svg width=\"24\" height=\"25\" viewBox=\"0 0 24 25\" fill=\"none\" xmlns=\"http:\/\/www.w3.org\/2000\/svg\"><g clip-path=\"url(#clip0_3349_8828)\"><path d=\"M7.38048 21.9288C7.87048 22.4188 8.66048 22.4188 9.15048 21.9288L17.4605 13.6187C17.8505 13.2287 17.8505 12.5988 17.4605 12.2087L9.15048 3.89875C8.66048 3.40875 7.87048 3.40875 7.38048 3.89875C6.89048 4.38875 6.89048 5.17875 7.38048 5.66875L14.6205 12.9187L7.37048 20.1688C6.89048 20.6488 6.89048 21.4488 7.38048 21.9288Z\" fill=\"#007EE2\"\/><\/g><defs><clipPath id=\"clip0_3349_8828\"><rect width=\"24\" height=\"24\" fill=\"white\" transform=\"translate(0 0.917969)\"\/><\/clipPath><\/defs><\/svg><\/span>\t\t\t\t<\/a>\n\t\t\t<\/p>\n\t\t<\/div><!-- .entry-actions -->\n\t\t<\/footer><!-- .entry-footer -->\n\t<\/div>\n<\/article>\n<article class=\"entry content-bg loop-entry post-14908 post type-post status-publish format-standard has-post-thumbnail hentry category-france-fr tag-poll-2\">\n\t    <!-- toluna-thumbnail-ratio-1-1 -->\n\t\t<a class=\"post-thumbnail\" href=\"https:\/\/tolunacorporate.com\/fr\/la-mobilite-en-ile-de-france-pendant-les-jeux-olympiques-et-paralympiques-de-paris-2024\/\">\n\t\t\t<div class=\"post-thumbnail-inner\">\n\t\t\t\t<img decoding=\"async\" width=\"852\" height=\"852\" src=\"https:\/\/tolunacorporate.com\/wp-content\/uploads\/2025\/05\/La-mobilite-en-Ile-de-France-pendant-les-Jeux-Olympiques-et-Paralympiques-de-Paris-2024.jpg\" class=\"attachment-large size-large wp-post-image\" alt=\"La mobilit\u00e9 en \u00cele-de-France pendant les Jeux Olympiques et Paralympiques de Paris 2024\" srcset=\"https:\/\/tolunacorporate.com\/wp-content\/uploads\/2025\/05\/La-mobilite-en-Ile-de-France-pendant-les-Jeux-Olympiques-et-Paralympiques-de-Paris-2024.jpg 852w, https:\/\/tolunacorporate.com\/wp-content\/uploads\/2025\/05\/La-mobilite-en-Ile-de-France-pendant-les-Jeux-Olympiques-et-Paralympiques-de-Paris-2024-300x300.jpg 300w, https:\/\/tolunacorporate.com\/wp-content\/uploads\/2025\/05\/La-mobilite-en-Ile-de-France-pendant-les-Jeux-Olympiques-et-Paralympiques-de-Paris-2024-150x150.jpg 150w, https:\/\/tolunacorporate.com\/wp-content\/uploads\/2025\/05\/La-mobilite-en-Ile-de-France-pendant-les-Jeux-Olympiques-et-Paralympiques-de-Paris-2024-768x768.jpg 768w\" sizes=\"(max-width: 852px) 100vw, 852px\" style=\"width:100%;height:100%;max-width:852px;\" \/>\t\t\t<\/div>\n\t\t<\/a><!-- .post-thumbnail -->\n\t\t\t<div class=\"entry-content-wrap\">\n\t\t<header class=\"entry-header\">\n\t\t<div class=\"entry-taxonomies\">\n\t\t\t\t\t\t<span class=\"posted-on\">\n\t\t\t\t\t<svg width=\"20\" height=\"22\" viewBox=\"0 0 20 22\" fill=\"none\" xmlns=\"http:\/\/www.w3.org\/2000\/svg\"><path d=\"M18 2H17V1C17 0.45 16.55 0 16 0C15.45 0 15 0.45 15 1V2H5V1C5 0.45 4.55 0 4 0C3.45 0 3 0.45 3 1V2H2C0.9 2 0 2.9 0 4V20C0 21.1 0.9 22 2 22H18C19.1 22 20 21.1 20 20V4C20 2.9 19.1 2 18 2ZM17 20H3C2.45 20 2 19.55 2 19V7H18V19C18 19.55 17.55 20 17 20Z\" fill=\"#007EE2\"\/><\/svg>\n\t\t\t\t\t<time class=\"entry-date published\" datetime=\"2023-09-13T07:40:45+02:00\">13 Sep 2023<\/time><time class=\"updated\" datetime=\"2025-05-11T02:30:33+02:00\">11 mai 2025<\/time>\t\t\t\t<\/span>\n\t\t\t\t<\/div><!-- .entry-taxonomies -->\n\t<h6 class=\"entry-title\"><a href=\"https:\/\/tolunacorporate.com\/fr\/la-mobilite-en-ile-de-france-pendant-les-jeux-olympiques-et-paralympiques-de-paris-2024\/\" rel=\"bookmark\">La mobilit\u00e9 en \u00cele-de-France pendant les Jeux Olympiques et Paralympiques de Paris 2024<\/a><\/h6><\/header><!-- .entry-header -->\n<footer class=\"entry-footer\">\n\t\t\t<div class=\"entry-actions\">\n\t\t\t<p class=\"more-link-wrap\">\n\t\t\t\t<a href=\"https:\/\/tolunacorporate.com\/fr\/la-mobilite-en-ile-de-france-pendant-les-jeux-olympiques-et-paralympiques-de-paris-2024\/\" class=\"post-more-link\">\n\t\t\t\t\tEN SAVOIR PLUS<span class=\"screen-reader-text\"> La mobilit\u00e9 en \u00cele-de-France pendant les Jeux Olympiques et Paralympiques de Paris 2024<\/span><span class=\"toluna-svg-iconset svg-baseline\"><svg width=\"24\" height=\"25\" viewBox=\"0 0 24 25\" fill=\"none\" xmlns=\"http:\/\/www.w3.org\/2000\/svg\"><g clip-path=\"url(#clip0_3349_8828)\"><path d=\"M7.38048 21.9288C7.87048 22.4188 8.66048 22.4188 9.15048 21.9288L17.4605 13.6187C17.8505 13.2287 17.8505 12.5988 17.4605 12.2087L9.15048 3.89875C8.66048 3.40875 7.87048 3.40875 7.38048 3.89875C6.89048 4.38875 6.89048 5.17875 7.38048 5.66875L14.6205 12.9187L7.37048 20.1688C6.89048 20.6488 6.89048 21.4488 7.38048 21.9288Z\" fill=\"#007EE2\"\/><\/g><defs><clipPath id=\"clip0_3349_8828\"><rect width=\"24\" height=\"24\" fill=\"white\" transform=\"translate(0 0.917969)\"\/><\/clipPath><\/defs><\/svg><\/span>\t\t\t\t<\/a>\n\t\t\t<\/p>\n\t\t<\/div><!-- .entry-actions -->\n\t\t<\/footer><!-- .entry-footer -->\n\t<\/div>\n<\/article>\n<article class=\"entry content-bg loop-entry post-14899 post type-post status-publish format-standard has-post-thumbnail hentry category-france-fr tag-poll-2\">\n\t    <!-- toluna-thumbnail-ratio-1-1 -->\n\t\t<a class=\"post-thumbnail\" href=\"https:\/\/tolunacorporate.com\/fr\/intentions-de-vote-pour-lelection-presidentielle-de-2027-2\/\">\n\t\t\t<div class=\"post-thumbnail-inner\">\n\t\t\t\t<img decoding=\"async\" width=\"500\" height=\"500\" src=\"https:\/\/tolunacorporate.com\/wp-content\/uploads\/2025\/05\/Intentions-de-vote-pour-lelection-presidentielle-de-2027-1.png\" class=\"attachment-large size-large wp-post-image\" alt=\"Intentions de vote pour l\u2019\u00e9lection pr\u00e9sidentielle de 2027\" srcset=\"https:\/\/tolunacorporate.com\/wp-content\/uploads\/2025\/05\/Intentions-de-vote-pour-lelection-presidentielle-de-2027-1.png 500w, https:\/\/tolunacorporate.com\/wp-content\/uploads\/2025\/05\/Intentions-de-vote-pour-lelection-presidentielle-de-2027-1-300x300.png 300w, https:\/\/tolunacorporate.com\/wp-content\/uploads\/2025\/05\/Intentions-de-vote-pour-lelection-presidentielle-de-2027-1-150x150.png 150w\" sizes=\"(max-width: 500px) 100vw, 500px\" style=\"width:100%;height:100%;max-width:500px;\" \/>\t\t\t<\/div>\n\t\t<\/a><!-- .post-thumbnail -->\n\t\t\t<div class=\"entry-content-wrap\">\n\t\t<header class=\"entry-header\">\n\t\t<div class=\"entry-taxonomies\">\n\t\t\t\t\t\t<span class=\"posted-on\">\n\t\t\t\t\t<svg width=\"20\" height=\"22\" viewBox=\"0 0 20 22\" fill=\"none\" xmlns=\"http:\/\/www.w3.org\/2000\/svg\"><path d=\"M18 2H17V1C17 0.45 16.55 0 16 0C15.45 0 15 0.45 15 1V2H5V1C5 0.45 4.55 0 4 0C3.45 0 3 0.45 3 1V2H2C0.9 2 0 2.9 0 4V20C0 21.1 0.9 22 2 22H18C19.1 22 20 21.1 20 20V4C20 2.9 19.1 2 18 2ZM17 20H3C2.45 20 2 19.55 2 19V7H18V19C18 19.55 17.55 20 17 20Z\" fill=\"#007EE2\"\/><\/svg>\n\t\t\t\t\t<time class=\"entry-date published\" datetime=\"2023-09-13T07:38:01+02:00\">13 Sep 2023<\/time><time class=\"updated\" datetime=\"2025-05-11T02:33:18+02:00\">11 mai 2025<\/time>\t\t\t\t<\/span>\n\t\t\t\t<\/div><!-- .entry-taxonomies -->\n\t<h6 class=\"entry-title\"><a href=\"https:\/\/tolunacorporate.com\/fr\/intentions-de-vote-pour-lelection-presidentielle-de-2027-2\/\" rel=\"bookmark\">Intentions de vote pour l\u2019\u00e9lection pr\u00e9sidentielle de 2027<\/a><\/h6><\/header><!-- .entry-header -->\n<footer class=\"entry-footer\">\n\t\t\t<div class=\"entry-actions\">\n\t\t\t<p class=\"more-link-wrap\">\n\t\t\t\t<a href=\"https:\/\/tolunacorporate.com\/fr\/intentions-de-vote-pour-lelection-presidentielle-de-2027-2\/\" class=\"post-more-link\">\n\t\t\t\t\tEN SAVOIR PLUS<span class=\"screen-reader-text\"> Intentions de vote pour l\u2019\u00e9lection pr\u00e9sidentielle de 2027<\/span><span class=\"toluna-svg-iconset svg-baseline\"><svg width=\"24\" height=\"25\" viewBox=\"0 0 24 25\" fill=\"none\" xmlns=\"http:\/\/www.w3.org\/2000\/svg\"><g clip-path=\"url(#clip0_3349_8828)\"><path d=\"M7.38048 21.9288C7.87048 22.4188 8.66048 22.4188 9.15048 21.9288L17.4605 13.6187C17.8505 13.2287 17.8505 12.5988 17.4605 12.2087L9.15048 3.89875C8.66048 3.40875 7.87048 3.40875 7.38048 3.89875C6.89048 4.38875 6.89048 5.17875 7.38048 5.66875L14.6205 12.9187L7.37048 20.1688C6.89048 20.6488 6.89048 21.4488 7.38048 21.9288Z\" fill=\"#007EE2\"\/><\/g><defs><clipPath id=\"clip0_3349_8828\"><rect width=\"24\" height=\"24\" fill=\"white\" transform=\"translate(0 0.917969)\"\/><\/clipPath><\/defs><\/svg><\/span>\t\t\t\t<\/a>\n\t\t\t<\/p>\n\t\t<\/div><!-- .entry-actions -->\n\t\t<\/footer><!-- .entry-footer -->\n\t<\/div>\n<\/article>\n<article class=\"entry content-bg loop-entry post-14917 post type-post status-publish format-standard has-post-thumbnail hentry category-france-fr tag-poll-2\">\n\t    <!-- toluna-thumbnail-ratio-1-1 -->\n\t\t<a class=\"post-thumbnail\" href=\"https:\/\/tolunacorporate.com\/fr\/les-francais-et-les-paris-sportifs-dans-la-perspective-de-la-coupe-du-monde-de-rugby-2023\/\">\n\t\t\t<div class=\"post-thumbnail-inner\">\n\t\t\t\t<img decoding=\"async\" width=\"853\" height=\"853\" src=\"https:\/\/tolunacorporate.com\/wp-content\/uploads\/2025\/05\/Les-Francais-et-les-paris-sportifs-dans-la-perspective-de-la-Coupe-du-Monde-de-rugby-2023.jpg\" class=\"attachment-large size-large wp-post-image\" alt=\"Les Fran\u00e7ais et les paris sportifs dans la perspective de la Coupe du Monde de rugby 2023\" srcset=\"https:\/\/tolunacorporate.com\/wp-content\/uploads\/2025\/05\/Les-Francais-et-les-paris-sportifs-dans-la-perspective-de-la-Coupe-du-Monde-de-rugby-2023.jpg 853w, https:\/\/tolunacorporate.com\/wp-content\/uploads\/2025\/05\/Les-Francais-et-les-paris-sportifs-dans-la-perspective-de-la-Coupe-du-Monde-de-rugby-2023-300x300.jpg 300w, https:\/\/tolunacorporate.com\/wp-content\/uploads\/2025\/05\/Les-Francais-et-les-paris-sportifs-dans-la-perspective-de-la-Coupe-du-Monde-de-rugby-2023-150x150.jpg 150w, https:\/\/tolunacorporate.com\/wp-content\/uploads\/2025\/05\/Les-Francais-et-les-paris-sportifs-dans-la-perspective-de-la-Coupe-du-Monde-de-rugby-2023-768x768.jpg 768w\" sizes=\"(max-width: 853px) 100vw, 853px\" style=\"width:100%;height:100%;max-width:853px;\" \/>\t\t\t<\/div>\n\t\t<\/a><!-- .post-thumbnail -->\n\t\t\t<div class=\"entry-content-wrap\">\n\t\t<header class=\"entry-header\">\n\t\t<div class=\"entry-taxonomies\">\n\t\t\t\t\t\t<span class=\"posted-on\">\n\t\t\t\t\t<svg width=\"20\" height=\"22\" viewBox=\"0 0 20 22\" fill=\"none\" xmlns=\"http:\/\/www.w3.org\/2000\/svg\"><path d=\"M18 2H17V1C17 0.45 16.55 0 16 0C15.45 0 15 0.45 15 1V2H5V1C5 0.45 4.55 0 4 0C3.45 0 3 0.45 3 1V2H2C0.9 2 0 2.9 0 4V20C0 21.1 0.9 22 2 22H18C19.1 22 20 21.1 20 20V4C20 2.9 19.1 2 18 2ZM17 20H3C2.45 20 2 19.55 2 19V7H18V19C18 19.55 17.55 20 17 20Z\" fill=\"#007EE2\"\/><\/svg>\n\t\t\t\t\t<time class=\"entry-date published\" datetime=\"2023-09-07T07:42:40+02:00\">7 Sep 2023<\/time><time class=\"updated\" datetime=\"2025-05-11T02:36:09+02:00\">11 mai 2025<\/time>\t\t\t\t<\/span>\n\t\t\t\t<\/div><!-- .entry-taxonomies -->\n\t<h6 class=\"entry-title\"><a href=\"https:\/\/tolunacorporate.com\/fr\/les-francais-et-les-paris-sportifs-dans-la-perspective-de-la-coupe-du-monde-de-rugby-2023\/\" rel=\"bookmark\">Les Fran\u00e7ais et les paris sportifs dans la perspective de la Coupe du Monde de rugby 2023<\/a><\/h6><\/header><!-- .entry-header -->\n<footer class=\"entry-footer\">\n\t\t\t<div class=\"entry-actions\">\n\t\t\t<p class=\"more-link-wrap\">\n\t\t\t\t<a href=\"https:\/\/tolunacorporate.com\/fr\/les-francais-et-les-paris-sportifs-dans-la-perspective-de-la-coupe-du-monde-de-rugby-2023\/\" class=\"post-more-link\">\n\t\t\t\t\tEN SAVOIR PLUS<span class=\"screen-reader-text\"> Les Fran\u00e7ais et les paris sportifs dans la perspective de la Coupe du Monde de rugby 2023<\/span><span class=\"toluna-svg-iconset svg-baseline\"><svg width=\"24\" height=\"25\" viewBox=\"0 0 24 25\" fill=\"none\" xmlns=\"http:\/\/www.w3.org\/2000\/svg\"><g clip-path=\"url(#clip0_3349_8828)\"><path d=\"M7.38048 21.9288C7.87048 22.4188 8.66048 22.4188 9.15048 21.9288L17.4605 13.6187C17.8505 13.2287 17.8505 12.5988 17.4605 12.2087L9.15048 3.89875C8.66048 3.40875 7.87048 3.40875 7.38048 3.89875C6.89048 4.38875 6.89048 5.17875 7.38048 5.66875L14.6205 12.9187L7.37048 20.1688C6.89048 20.6488 6.89048 21.4488 7.38048 21.9288Z\" fill=\"#007EE2\"\/><\/g><defs><clipPath id=\"clip0_3349_8828\"><rect width=\"24\" height=\"24\" fill=\"white\" transform=\"translate(0 0.917969)\"\/><\/clipPath><\/defs><\/svg><\/span>\t\t\t\t<\/a>\n\t\t\t<\/p>\n\t\t<\/div><!-- .entry-actions -->\n\t\t<\/footer><!-- .entry-footer -->\n\t<\/div>\n<\/article>\n<article class=\"entry content-bg loop-entry post-14926 post type-post status-publish format-standard has-post-thumbnail hentry category-france-fr tag-poll-2\">\n\t    <!-- toluna-thumbnail-ratio-1-1 -->\n\t\t<a class=\"post-thumbnail\" href=\"https:\/\/tolunacorporate.com\/fr\/perception-des-francais-sur-les-systemes-de-consigne-des-emballages-de-boissons\/\">\n\t\t\t<div class=\"post-thumbnail-inner\">\n\t\t\t\t<img decoding=\"async\" width=\"1024\" height=\"1024\" src=\"https:\/\/tolunacorporate.com\/wp-content\/uploads\/2025\/05\/Perception-des-Francais-sur-les-systemes-de-consigne-des-emballages-de-boissons-1024x1024.jpg\" class=\"attachment-large size-large wp-post-image\" alt=\"Perception des Fran\u00e7ais sur les syst\u00e8mes de consigne des emballages de boissons\" srcset=\"https:\/\/tolunacorporate.com\/wp-content\/uploads\/2025\/05\/Perception-des-Francais-sur-les-systemes-de-consigne-des-emballages-de-boissons-1024x1024.jpg 1024w, https:\/\/tolunacorporate.com\/wp-content\/uploads\/2025\/05\/Perception-des-Francais-sur-les-systemes-de-consigne-des-emballages-de-boissons-300x300.jpg 300w, https:\/\/tolunacorporate.com\/wp-content\/uploads\/2025\/05\/Perception-des-Francais-sur-les-systemes-de-consigne-des-emballages-de-boissons-150x150.jpg 150w, https:\/\/tolunacorporate.com\/wp-content\/uploads\/2025\/05\/Perception-des-Francais-sur-les-systemes-de-consigne-des-emballages-de-boissons-768x768.jpg 768w, https:\/\/tolunacorporate.com\/wp-content\/uploads\/2025\/05\/Perception-des-Francais-sur-les-systemes-de-consigne-des-emballages-de-boissons.jpg 1536w\" sizes=\"(max-width: 1024px) 100vw, 1024px\" style=\"width:100%;height:100%;max-width:1536px;\" \/>\t\t\t<\/div>\n\t\t<\/a><!-- .post-thumbnail -->\n\t\t\t<div class=\"entry-content-wrap\">\n\t\t<header class=\"entry-header\">\n\t\t<div class=\"entry-taxonomies\">\n\t\t\t\t\t\t<span class=\"posted-on\">\n\t\t\t\t\t<svg width=\"20\" height=\"22\" viewBox=\"0 0 20 22\" fill=\"none\" xmlns=\"http:\/\/www.w3.org\/2000\/svg\"><path d=\"M18 2H17V1C17 0.45 16.55 0 16 0C15.45 0 15 0.45 15 1V2H5V1C5 0.45 4.55 0 4 0C3.45 0 3 0.45 3 1V2H2C0.9 2 0 2.9 0 4V20C0 21.1 0.9 22 2 22H18C19.1 22 20 21.1 20 20V4C20 2.9 19.1 2 18 2ZM17 20H3C2.45 20 2 19.55 2 19V7H18V19C18 19.55 17.55 20 17 20Z\" fill=\"#007EE2\"\/><\/svg>\n\t\t\t\t\t<time class=\"entry-date published\" datetime=\"2023-09-05T07:44:47+02:00\">5 Sep 2023<\/time><time class=\"updated\" datetime=\"2025-05-11T02:38:36+02:00\">11 mai 2025<\/time>\t\t\t\t<\/span>\n\t\t\t\t<\/div><!-- .entry-taxonomies -->\n\t<h6 class=\"entry-title\"><a href=\"https:\/\/tolunacorporate.com\/fr\/perception-des-francais-sur-les-systemes-de-consigne-des-emballages-de-boissons\/\" rel=\"bookmark\">Perception des Fran\u00e7ais sur les syst\u00e8mes de consigne des emballages de boissons<\/a><\/h6><\/header><!-- .entry-header -->\n<footer class=\"entry-footer\">\n\t\t\t<div class=\"entry-actions\">\n\t\t\t<p class=\"more-link-wrap\">\n\t\t\t\t<a href=\"https:\/\/tolunacorporate.com\/fr\/perception-des-francais-sur-les-systemes-de-consigne-des-emballages-de-boissons\/\" class=\"post-more-link\">\n\t\t\t\t\tEN SAVOIR PLUS<span class=\"screen-reader-text\"> Perception des Fran\u00e7ais sur les syst\u00e8mes de consigne des emballages de boissons<\/span><span class=\"toluna-svg-iconset svg-baseline\"><svg width=\"24\" height=\"25\" viewBox=\"0 0 24 25\" fill=\"none\" xmlns=\"http:\/\/www.w3.org\/2000\/svg\"><g clip-path=\"url(#clip0_3349_8828)\"><path d=\"M7.38048 21.9288C7.87048 22.4188 8.66048 22.4188 9.15048 21.9288L17.4605 13.6187C17.8505 13.2287 17.8505 12.5988 17.4605 12.2087L9.15048 3.89875C8.66048 3.40875 7.87048 3.40875 7.38048 3.89875C6.89048 4.38875 6.89048 5.17875 7.38048 5.66875L14.6205 12.9187L7.37048 20.1688C6.89048 20.6488 6.89048 21.4488 7.38048 21.9288Z\" fill=\"#007EE2\"\/><\/g><defs><clipPath id=\"clip0_3349_8828\"><rect width=\"24\" height=\"24\" fill=\"white\" transform=\"translate(0 0.917969)\"\/><\/clipPath><\/defs><\/svg><\/span>\t\t\t\t<\/a>\n\t\t\t<\/p>\n\t\t<\/div><!-- .entry-actions -->\n\t\t<\/footer><!-- .entry-footer -->\n\t<\/div>\n<\/article>\n<article class=\"entry content-bg loop-entry post-14935 post type-post status-publish format-standard has-post-thumbnail hentry category-france-fr tag-poll-2\">\n\t    <!-- toluna-thumbnail-ratio-1-1 -->\n\t\t<a class=\"post-thumbnail\" href=\"https:\/\/tolunacorporate.com\/fr\/les-francais-et-la-pollution-de-lair\/\">\n\t\t\t<div class=\"post-thumbnail-inner\">\n\t\t\t\t<img decoding=\"async\" width=\"829\" height=\"829\" src=\"https:\/\/tolunacorporate.com\/wp-content\/uploads\/2025\/05\/Les-Francais-et-la-pollution-de-lair.jpg\" class=\"attachment-large size-large wp-post-image\" alt=\"Les Fran\u00e7ais et la pollution de l\u2019air\" srcset=\"https:\/\/tolunacorporate.com\/wp-content\/uploads\/2025\/05\/Les-Francais-et-la-pollution-de-lair.jpg 829w, https:\/\/tolunacorporate.com\/wp-content\/uploads\/2025\/05\/Les-Francais-et-la-pollution-de-lair-300x300.jpg 300w, https:\/\/tolunacorporate.com\/wp-content\/uploads\/2025\/05\/Les-Francais-et-la-pollution-de-lair-150x150.jpg 150w, https:\/\/tolunacorporate.com\/wp-content\/uploads\/2025\/05\/Les-Francais-et-la-pollution-de-lair-768x768.jpg 768w\" sizes=\"(max-width: 829px) 100vw, 829px\" style=\"width:100%;height:100%;max-width:829px;\" \/>\t\t\t<\/div>\n\t\t<\/a><!-- .post-thumbnail -->\n\t\t\t<div class=\"entry-content-wrap\">\n\t\t<header class=\"entry-header\">\n\t\t<div class=\"entry-taxonomies\">\n\t\t\t\t\t\t<span class=\"posted-on\">\n\t\t\t\t\t<svg width=\"20\" height=\"22\" viewBox=\"0 0 20 22\" fill=\"none\" xmlns=\"http:\/\/www.w3.org\/2000\/svg\"><path d=\"M18 2H17V1C17 0.45 16.55 0 16 0C15.45 0 15 0.45 15 1V2H5V1C5 0.45 4.55 0 4 0C3.45 0 3 0.45 3 1V2H2C0.9 2 0 2.9 0 4V20C0 21.1 0.9 22 2 22H18C19.1 22 20 21.1 20 20V4C20 2.9 19.1 2 18 2ZM17 20H3C2.45 20 2 19.55 2 19V7H18V19C18 19.55 17.55 20 17 20Z\" fill=\"#007EE2\"\/><\/svg>\n\t\t\t\t\t<time class=\"entry-date published\" datetime=\"2023-09-04T07:51:55+02:00\">4 Sep 2023<\/time><time class=\"updated\" datetime=\"2025-05-11T02:39:56+02:00\">11 mai 2025<\/time>\t\t\t\t<\/span>\n\t\t\t\t<\/div><!-- .entry-taxonomies -->\n\t<h6 class=\"entry-title\"><a href=\"https:\/\/tolunacorporate.com\/fr\/les-francais-et-la-pollution-de-lair\/\" rel=\"bookmark\">Les Fran\u00e7ais et la pollution de l\u2019air<\/a><\/h6><\/header><!-- .entry-header -->\n<footer class=\"entry-footer\">\n\t\t\t<div class=\"entry-actions\">\n\t\t\t<p class=\"more-link-wrap\">\n\t\t\t\t<a href=\"https:\/\/tolunacorporate.com\/fr\/les-francais-et-la-pollution-de-lair\/\" class=\"post-more-link\">\n\t\t\t\t\tEN SAVOIR PLUS<span class=\"screen-reader-text\"> Les Fran\u00e7ais et la pollution de l\u2019air<\/span><span class=\"toluna-svg-iconset svg-baseline\"><svg width=\"24\" height=\"25\" viewBox=\"0 0 24 25\" fill=\"none\" xmlns=\"http:\/\/www.w3.org\/2000\/svg\"><g clip-path=\"url(#clip0_3349_8828)\"><path d=\"M7.38048 21.9288C7.87048 22.4188 8.66048 22.4188 9.15048 21.9288L17.4605 13.6187C17.8505 13.2287 17.8505 12.5988 17.4605 12.2087L9.15048 3.89875C8.66048 3.40875 7.87048 3.40875 7.38048 3.89875C6.89048 4.38875 6.89048 5.17875 7.38048 5.66875L14.6205 12.9187L7.37048 20.1688C6.89048 20.6488 6.89048 21.4488 7.38048 21.9288Z\" fill=\"#007EE2\"\/><\/g><defs><clipPath id=\"clip0_3349_8828\"><rect width=\"24\" height=\"24\" fill=\"white\" transform=\"translate(0 0.917969)\"\/><\/clipPath><\/defs><\/svg><\/span>\t\t\t\t<\/a>\n\t\t\t<\/p>\n\t\t<\/div><!-- .entry-actions -->\n\t\t<\/footer><!-- .entry-footer -->\n\t<\/div>\n<\/article>\n<article class=\"entry content-bg loop-entry post-14944 post type-post status-publish format-standard has-post-thumbnail hentry category-france-fr tag-poll-2\">\n\t    <!-- toluna-thumbnail-ratio-1-1 -->\n\t\t<a class=\"post-thumbnail\" href=\"https:\/\/tolunacorporate.com\/fr\/les-paradoxes-francais-quel-rapport-des-francais-aux-valeurs-republicaines-et-a-leur-application\/\">\n\t\t\t<div class=\"post-thumbnail-inner\">\n\t\t\t\t<img decoding=\"async\" width=\"293\" height=\"294\" src=\"https:\/\/tolunacorporate.com\/wp-content\/uploads\/2025\/05\/quel-rapport-des-Francais-aux-valeurs-republicaines-et-a-leur-application.jpg\" class=\"attachment-large size-large wp-post-image\" alt=\"Les paradoxes fran\u00e7ais : quel rapport des Fran\u00e7ais aux valeurs r\u00e9publicaines et \u00e0 leur application ?\" srcset=\"https:\/\/tolunacorporate.com\/wp-content\/uploads\/2025\/05\/quel-rapport-des-Francais-aux-valeurs-republicaines-et-a-leur-application.jpg 293w, https:\/\/tolunacorporate.com\/wp-content\/uploads\/2025\/05\/quel-rapport-des-Francais-aux-valeurs-republicaines-et-a-leur-application-150x150.jpg 150w\" sizes=\"(max-width: 293px) 100vw, 293px\" style=\"width:100%;height:100.34%;max-width:293px;\" \/>\t\t\t<\/div>\n\t\t<\/a><!-- .post-thumbnail -->\n\t\t\t<div class=\"entry-content-wrap\">\n\t\t<header class=\"entry-header\">\n\t\t<div class=\"entry-taxonomies\">\n\t\t\t\t\t\t<span class=\"posted-on\">\n\t\t\t\t\t<svg width=\"20\" height=\"22\" viewBox=\"0 0 20 22\" fill=\"none\" xmlns=\"http:\/\/www.w3.org\/2000\/svg\"><path d=\"M18 2H17V1C17 0.45 16.55 0 16 0C15.45 0 15 0.45 15 1V2H5V1C5 0.45 4.55 0 4 0C3.45 0 3 0.45 3 1V2H2C0.9 2 0 2.9 0 4V20C0 21.1 0.9 22 2 22H18C19.1 22 20 21.1 20 20V4C20 2.9 19.1 2 18 2ZM17 20H3C2.45 20 2 19.55 2 19V7H18V19C18 19.55 17.55 20 17 20Z\" fill=\"#007EE2\"\/><\/svg>\n\t\t\t\t\t<time class=\"entry-date published\" datetime=\"2023-08-31T07:55:53+02:00\">31 Ao\u00fbt 2023<\/time><time class=\"updated\" datetime=\"2025-05-11T02:46:21+02:00\">11 mai 2025<\/time>\t\t\t\t<\/span>\n\t\t\t\t<\/div><!-- .entry-taxonomies -->\n\t<h6 class=\"entry-title\"><a href=\"https:\/\/tolunacorporate.com\/fr\/les-paradoxes-francais-quel-rapport-des-francais-aux-valeurs-republicaines-et-a-leur-application\/\" rel=\"bookmark\">Les paradoxes fran\u00e7ais : quel rapport des Fran\u00e7ais aux valeurs r\u00e9publicaines et \u00e0 leur application ?<\/a><\/h6><\/header><!-- .entry-header -->\n<footer class=\"entry-footer\">\n\t\t\t<div class=\"entry-actions\">\n\t\t\t<p class=\"more-link-wrap\">\n\t\t\t\t<a href=\"https:\/\/tolunacorporate.com\/fr\/les-paradoxes-francais-quel-rapport-des-francais-aux-valeurs-republicaines-et-a-leur-application\/\" class=\"post-more-link\">\n\t\t\t\t\tEN SAVOIR PLUS<span class=\"screen-reader-text\"> Les paradoxes fran\u00e7ais : quel rapport des Fran\u00e7ais aux valeurs r\u00e9publicaines et \u00e0 leur application ?<\/span><span class=\"toluna-svg-iconset svg-baseline\"><svg width=\"24\" height=\"25\" viewBox=\"0 0 24 25\" fill=\"none\" xmlns=\"http:\/\/www.w3.org\/2000\/svg\"><g clip-path=\"url(#clip0_3349_8828)\"><path d=\"M7.38048 21.9288C7.87048 22.4188 8.66048 22.4188 9.15048 21.9288L17.4605 13.6187C17.8505 13.2287 17.8505 12.5988 17.4605 12.2087L9.15048 3.89875C8.66048 3.40875 7.87048 3.40875 7.38048 3.89875C6.89048 4.38875 6.89048 5.17875 7.38048 5.66875L14.6205 12.9187L7.37048 20.1688C6.89048 20.6488 6.89048 21.4488 7.38048 21.9288Z\" fill=\"#007EE2\"\/><\/g><defs><clipPath id=\"clip0_3349_8828\"><rect width=\"24\" height=\"24\" fill=\"white\" transform=\"translate(0 0.917969)\"\/><\/clipPath><\/defs><\/svg><\/span>\t\t\t\t<\/a>\n\t\t\t<\/p>\n\t\t<\/div><!-- .entry-actions -->\n\t\t<\/footer><!-- .entry-footer -->\n\t<\/div>\n<\/article>\n<article class=\"entry content-bg loop-entry post-14953 post type-post status-publish format-standard has-post-thumbnail hentry category-france-fr tag-poll-2\">\n\t    <!-- toluna-thumbnail-ratio-1-1 -->\n\t\t<a class=\"post-thumbnail\" href=\"https:\/\/tolunacorporate.com\/fr\/barometre-de-confiance-politique-aout-2023\/\">\n\t\t\t<div class=\"post-thumbnail-inner\">\n\t\t\t\t<img decoding=\"async\" width=\"500\" height=\"500\" src=\"https:\/\/tolunacorporate.com\/wp-content\/uploads\/2025\/05\/Barometre-de-confiance-politique-\u2013-Aout-2023.jpg\" class=\"attachment-large size-large wp-post-image\" alt=\"Barom\u00e8tre de confiance politique \u2013 Ao\u00fbt 2023\" srcset=\"https:\/\/tolunacorporate.com\/wp-content\/uploads\/2025\/05\/Barometre-de-confiance-politique-\u2013-Aout-2023.jpg 500w, https:\/\/tolunacorporate.com\/wp-content\/uploads\/2025\/05\/Barometre-de-confiance-politique-\u2013-Aout-2023-300x300.jpg 300w, https:\/\/tolunacorporate.com\/wp-content\/uploads\/2025\/05\/Barometre-de-confiance-politique-\u2013-Aout-2023-150x150.jpg 150w\" sizes=\"(max-width: 500px) 100vw, 500px\" style=\"width:100%;height:100%;max-width:500px;\" \/>\t\t\t<\/div>\n\t\t<\/a><!-- .post-thumbnail -->\n\t\t\t<div class=\"entry-content-wrap\">\n\t\t<header class=\"entry-header\">\n\t\t<div class=\"entry-taxonomies\">\n\t\t\t\t\t\t<span class=\"posted-on\">\n\t\t\t\t\t<svg width=\"20\" height=\"22\" viewBox=\"0 0 20 22\" fill=\"none\" xmlns=\"http:\/\/www.w3.org\/2000\/svg\"><path d=\"M18 2H17V1C17 0.45 16.55 0 16 0C15.45 0 15 0.45 15 1V2H5V1C5 0.45 4.55 0 4 0C3.45 0 3 0.45 3 1V2H2C0.9 2 0 2.9 0 4V20C0 21.1 0.9 22 2 22H18C19.1 22 20 21.1 20 20V4C20 2.9 19.1 2 18 2ZM17 20H3C2.45 20 2 19.55 2 19V7H18V19C18 19.55 17.55 20 17 20Z\" fill=\"#007EE2\"\/><\/svg>\n\t\t\t\t\t<time class=\"entry-date published\" datetime=\"2023-08-25T07:58:41+02:00\">25 Ao\u00fbt 2023<\/time><time class=\"updated\" datetime=\"2025-05-11T02:49:04+02:00\">11 mai 2025<\/time>\t\t\t\t<\/span>\n\t\t\t\t<\/div><!-- .entry-taxonomies -->\n\t<h6 class=\"entry-title\"><a href=\"https:\/\/tolunacorporate.com\/fr\/barometre-de-confiance-politique-aout-2023\/\" rel=\"bookmark\">Barom\u00e8tre de confiance politique \u2013 Ao\u00fbt 2023<\/a><\/h6><\/header><!-- .entry-header -->\n<footer class=\"entry-footer\">\n\t\t\t<div class=\"entry-actions\">\n\t\t\t<p class=\"more-link-wrap\">\n\t\t\t\t<a href=\"https:\/\/tolunacorporate.com\/fr\/barometre-de-confiance-politique-aout-2023\/\" class=\"post-more-link\">\n\t\t\t\t\tEN SAVOIR PLUS<span class=\"screen-reader-text\"> Barom\u00e8tre de confiance politique \u2013 Ao\u00fbt 2023<\/span><span class=\"toluna-svg-iconset svg-baseline\"><svg width=\"24\" height=\"25\" viewBox=\"0 0 24 25\" fill=\"none\" xmlns=\"http:\/\/www.w3.org\/2000\/svg\"><g clip-path=\"url(#clip0_3349_8828)\"><path d=\"M7.38048 21.9288C7.87048 22.4188 8.66048 22.4188 9.15048 21.9288L17.4605 13.6187C17.8505 13.2287 17.8505 12.5988 17.4605 12.2087L9.15048 3.89875C8.66048 3.40875 7.87048 3.40875 7.38048 3.89875C6.89048 4.38875 6.89048 5.17875 7.38048 5.66875L14.6205 12.9187L7.37048 20.1688C6.89048 20.6488 6.89048 21.4488 7.38048 21.9288Z\" fill=\"#007EE2\"\/><\/g><defs><clipPath id=\"clip0_3349_8828\"><rect width=\"24\" height=\"24\" fill=\"white\" transform=\"translate(0 0.917969)\"\/><\/clipPath><\/defs><\/svg><\/span>\t\t\t\t<\/a>\n\t\t\t<\/p>\n\t\t<\/div><!-- .entry-actions -->\n\t\t<\/footer><!-- .entry-footer -->\n\t<\/div>\n<\/article>\n<article class=\"entry content-bg loop-entry post-14962 post type-post status-publish format-standard has-post-thumbnail hentry category-france-fr tag-poll-2\">\n\t    <!-- toluna-thumbnail-ratio-1-1 -->\n\t\t<a class=\"post-thumbnail\" href=\"https:\/\/tolunacorporate.com\/fr\/la-sexualite-des-francais-vague-2\/\">\n\t\t\t<div class=\"post-thumbnail-inner\">\n\t\t\t\t<img decoding=\"async\" width=\"293\" height=\"294\" src=\"https:\/\/tolunacorporate.com\/wp-content\/uploads\/2025\/05\/La-sexualite-des-Francais-\u2013-Vague-2.jpg\" class=\"attachment-large size-large wp-post-image\" alt=\"La sexualit\u00e9 des Fran\u00e7ais \u2013 Vague 2\" srcset=\"https:\/\/tolunacorporate.com\/wp-content\/uploads\/2025\/05\/La-sexualite-des-Francais-\u2013-Vague-2.jpg 293w, https:\/\/tolunacorporate.com\/wp-content\/uploads\/2025\/05\/La-sexualite-des-Francais-\u2013-Vague-2-150x150.jpg 150w\" sizes=\"(max-width: 293px) 100vw, 293px\" style=\"width:100%;height:100.34%;max-width:293px;\" \/>\t\t\t<\/div>\n\t\t<\/a><!-- .post-thumbnail -->\n\t\t\t<div class=\"entry-content-wrap\">\n\t\t<header class=\"entry-header\">\n\t\t<div class=\"entry-taxonomies\">\n\t\t\t\t\t\t<span class=\"posted-on\">\n\t\t\t\t\t<svg width=\"20\" height=\"22\" viewBox=\"0 0 20 22\" fill=\"none\" xmlns=\"http:\/\/www.w3.org\/2000\/svg\"><path d=\"M18 2H17V1C17 0.45 16.55 0 16 0C15.45 0 15 0.45 15 1V2H5V1C5 0.45 4.55 0 4 0C3.45 0 3 0.45 3 1V2H2C0.9 2 0 2.9 0 4V20C0 21.1 0.9 22 2 22H18C19.1 22 20 21.1 20 20V4C20 2.9 19.1 2 18 2ZM17 20H3C2.45 20 2 19.55 2 19V7H18V19C18 19.55 17.55 20 17 20Z\" fill=\"#007EE2\"\/><\/svg>\n\t\t\t\t\t<time class=\"entry-date published\" datetime=\"2023-08-22T08:00:48+02:00\">22 Ao\u00fbt 2023<\/time><time class=\"updated\" datetime=\"2025-05-11T02:51:20+02:00\">11 mai 2025<\/time>\t\t\t\t<\/span>\n\t\t\t\t<\/div><!-- .entry-taxonomies -->\n\t<h6 class=\"entry-title\"><a href=\"https:\/\/tolunacorporate.com\/fr\/la-sexualite-des-francais-vague-2\/\" rel=\"bookmark\">La sexualit\u00e9 des Fran\u00e7ais \u2013 Vague 2<\/a><\/h6><\/header><!-- .entry-header -->\n<footer class=\"entry-footer\">\n\t\t\t<div class=\"entry-actions\">\n\t\t\t<p class=\"more-link-wrap\">\n\t\t\t\t<a href=\"https:\/\/tolunacorporate.com\/fr\/la-sexualite-des-francais-vague-2\/\" class=\"post-more-link\">\n\t\t\t\t\tEN SAVOIR PLUS<span class=\"screen-reader-text\"> La sexualit\u00e9 des Fran\u00e7ais \u2013 Vague 2<\/span><span class=\"toluna-svg-iconset svg-baseline\"><svg width=\"24\" height=\"25\" viewBox=\"0 0 24 25\" fill=\"none\" xmlns=\"http:\/\/www.w3.org\/2000\/svg\"><g clip-path=\"url(#clip0_3349_8828)\"><path d=\"M7.38048 21.9288C7.87048 22.4188 8.66048 22.4188 9.15048 21.9288L17.4605 13.6187C17.8505 13.2287 17.8505 12.5988 17.4605 12.2087L9.15048 3.89875C8.66048 3.40875 7.87048 3.40875 7.38048 3.89875C6.89048 4.38875 6.89048 5.17875 7.38048 5.66875L14.6205 12.9187L7.37048 20.1688C6.89048 20.6488 6.89048 21.4488 7.38048 21.9288Z\" fill=\"#007EE2\"\/><\/g><defs><clipPath id=\"clip0_3349_8828\"><rect width=\"24\" height=\"24\" fill=\"white\" transform=\"translate(0 0.917969)\"\/><\/clipPath><\/defs><\/svg><\/span>\t\t\t\t<\/a>\n\t\t\t<\/p>\n\t\t<\/div><!-- .entry-actions -->\n\t\t<\/footer><!-- .entry-footer -->\n\t<\/div>\n<\/article>\n<article class=\"entry content-bg loop-entry post-14971 post type-post status-publish format-standard has-post-thumbnail hentry category-france-fr tag-poll-2\">\n\t    <!-- toluna-thumbnail-ratio-1-1 -->\n\t\t<a class=\"post-thumbnail\" href=\"https:\/\/tolunacorporate.com\/fr\/barometre-du-rapport-des-francais-aux-jeux-olympiques-et-paralympiques-de-paris-2024-vague-5\/\">\n\t\t\t<div class=\"post-thumbnail-inner\">\n\t\t\t\t<img decoding=\"async\" width=\"293\" height=\"294\" src=\"https:\/\/tolunacorporate.com\/wp-content\/uploads\/2025\/05\/Barometre-du-rapport-des-Francais-aux-Jeux-Olympiques-et-Paralympiques-de-Paris-2024-\u2013-Vague-5.jpg\" class=\"attachment-large size-large wp-post-image\" alt=\"Barom\u00e8tre du rapport des Fran\u00e7ais aux Jeux Olympiques et Paralympiques de Paris 2024 \u2013 Vague 5\" srcset=\"https:\/\/tolunacorporate.com\/wp-content\/uploads\/2025\/05\/Barometre-du-rapport-des-Francais-aux-Jeux-Olympiques-et-Paralympiques-de-Paris-2024-\u2013-Vague-5.jpg 293w, https:\/\/tolunacorporate.com\/wp-content\/uploads\/2025\/05\/Barometre-du-rapport-des-Francais-aux-Jeux-Olympiques-et-Paralympiques-de-Paris-2024-\u2013-Vague-5-150x150.jpg 150w\" sizes=\"(max-width: 293px) 100vw, 293px\" style=\"width:100%;height:100.34%;max-width:293px;\" \/>\t\t\t<\/div>\n\t\t<\/a><!-- .post-thumbnail -->\n\t\t\t<div class=\"entry-content-wrap\">\n\t\t<header class=\"entry-header\">\n\t\t<div class=\"entry-taxonomies\">\n\t\t\t\t\t\t<span class=\"posted-on\">\n\t\t\t\t\t<svg width=\"20\" height=\"22\" viewBox=\"0 0 20 22\" fill=\"none\" xmlns=\"http:\/\/www.w3.org\/2000\/svg\"><path d=\"M18 2H17V1C17 0.45 16.55 0 16 0C15.45 0 15 0.45 15 1V2H5V1C5 0.45 4.55 0 4 0C3.45 0 3 0.45 3 1V2H2C0.9 2 0 2.9 0 4V20C0 21.1 0.9 22 2 22H18C19.1 22 20 21.1 20 20V4C20 2.9 19.1 2 18 2ZM17 20H3C2.45 20 2 19.55 2 19V7H18V19C18 19.55 17.55 20 17 20Z\" fill=\"#007EE2\"\/><\/svg>\n\t\t\t\t\t<time class=\"entry-date published\" datetime=\"2023-07-31T08:03:21+02:00\">31 Juil 2023<\/time><time class=\"updated\" datetime=\"2025-05-11T02:53:33+02:00\">11 mai 2025<\/time>\t\t\t\t<\/span>\n\t\t\t\t<\/div><!-- .entry-taxonomies -->\n\t<h6 class=\"entry-title\"><a href=\"https:\/\/tolunacorporate.com\/fr\/barometre-du-rapport-des-francais-aux-jeux-olympiques-et-paralympiques-de-paris-2024-vague-5\/\" rel=\"bookmark\">Barom\u00e8tre du rapport des Fran\u00e7ais aux Jeux Olympiques et Paralympiques de Paris 2024 \u2013 Vague 5<\/a><\/h6><\/header><!-- .entry-header -->\n<footer class=\"entry-footer\">\n\t\t\t<div class=\"entry-actions\">\n\t\t\t<p class=\"more-link-wrap\">\n\t\t\t\t<a href=\"https:\/\/tolunacorporate.com\/fr\/barometre-du-rapport-des-francais-aux-jeux-olympiques-et-paralympiques-de-paris-2024-vague-5\/\" class=\"post-more-link\">\n\t\t\t\t\tEN SAVOIR PLUS<span class=\"screen-reader-text\"> Barom\u00e8tre du rapport des Fran\u00e7ais aux Jeux Olympiques et Paralympiques de Paris 2024 \u2013 Vague 5<\/span><span class=\"toluna-svg-iconset svg-baseline\"><svg width=\"24\" height=\"25\" viewBox=\"0 0 24 25\" fill=\"none\" xmlns=\"http:\/\/www.w3.org\/2000\/svg\"><g clip-path=\"url(#clip0_3349_8828)\"><path d=\"M7.38048 21.9288C7.87048 22.4188 8.66048 22.4188 9.15048 21.9288L17.4605 13.6187C17.8505 13.2287 17.8505 12.5988 17.4605 12.2087L9.15048 3.89875C8.66048 3.40875 7.87048 3.40875 7.38048 3.89875C6.89048 4.38875 6.89048 5.17875 7.38048 5.66875L14.6205 12.9187L7.37048 20.1688C6.89048 20.6488 6.89048 21.4488 7.38048 21.9288Z\" fill=\"#007EE2\"\/><\/g><defs><clipPath id=\"clip0_3349_8828\"><rect width=\"24\" height=\"24\" fill=\"white\" transform=\"translate(0 0.917969)\"\/><\/clipPath><\/defs><\/svg><\/span>\t\t\t\t<\/a>\n\t\t\t<\/p>\n\t\t<\/div><!-- .entry-actions -->\n\t\t<\/footer><!-- .entry-footer -->\n\t<\/div>\n<\/article>\n<article class=\"entry content-bg loop-entry post-14980 post type-post status-publish format-standard has-post-thumbnail hentry category-france-fr tag-poll-2\">\n\t    <!-- toluna-thumbnail-ratio-1-1 -->\n\t\t<a class=\"post-thumbnail\" href=\"https:\/\/tolunacorporate.com\/fr\/barometre-de-confiance-politique-juillet-2023\/\">\n\t\t\t<div class=\"post-thumbnail-inner\">\n\t\t\t\t<img decoding=\"async\" width=\"500\" height=\"500\" src=\"https:\/\/tolunacorporate.com\/wp-content\/uploads\/2025\/05\/Barometre-de-confiance-politique-\u2013-Juillet-2023.jpg\" class=\"attachment-large size-large wp-post-image\" alt=\"Barom\u00e8tre de confiance politique \u2013 Juillet 2023\" srcset=\"https:\/\/tolunacorporate.com\/wp-content\/uploads\/2025\/05\/Barometre-de-confiance-politique-\u2013-Juillet-2023.jpg 500w, https:\/\/tolunacorporate.com\/wp-content\/uploads\/2025\/05\/Barometre-de-confiance-politique-\u2013-Juillet-2023-300x300.jpg 300w, https:\/\/tolunacorporate.com\/wp-content\/uploads\/2025\/05\/Barometre-de-confiance-politique-\u2013-Juillet-2023-150x150.jpg 150w\" sizes=\"(max-width: 500px) 100vw, 500px\" style=\"width:100%;height:100%;max-width:500px;\" \/>\t\t\t<\/div>\n\t\t<\/a><!-- .post-thumbnail -->\n\t\t\t<div class=\"entry-content-wrap\">\n\t\t<header class=\"entry-header\">\n\t\t<div class=\"entry-taxonomies\">\n\t\t\t\t\t\t<span class=\"posted-on\">\n\t\t\t\t\t<svg width=\"20\" height=\"22\" viewBox=\"0 0 20 22\" fill=\"none\" xmlns=\"http:\/\/www.w3.org\/2000\/svg\"><path d=\"M18 2H17V1C17 0.45 16.55 0 16 0C15.45 0 15 0.45 15 1V2H5V1C5 0.45 4.55 0 4 0C3.45 0 3 0.45 3 1V2H2C0.9 2 0 2.9 0 4V20C0 21.1 0.9 22 2 22H18C19.1 22 20 21.1 20 20V4C20 2.9 19.1 2 18 2ZM17 20H3C2.45 20 2 19.55 2 19V7H18V19C18 19.55 17.55 20 17 20Z\" fill=\"#007EE2\"\/><\/svg>\n\t\t\t\t\t<time class=\"entry-date published\" datetime=\"2023-07-28T08:05:13+02:00\">28 Juil 2023<\/time><time class=\"updated\" datetime=\"2025-05-11T02:56:46+02:00\">11 mai 2025<\/time>\t\t\t\t<\/span>\n\t\t\t\t<\/div><!-- .entry-taxonomies -->\n\t<h6 class=\"entry-title\"><a href=\"https:\/\/tolunacorporate.com\/fr\/barometre-de-confiance-politique-juillet-2023\/\" rel=\"bookmark\">Barom\u00e8tre de confiance politique \u2013 Juillet 2023<\/a><\/h6><\/header><!-- .entry-header -->\n<footer class=\"entry-footer\">\n\t\t\t<div class=\"entry-actions\">\n\t\t\t<p class=\"more-link-wrap\">\n\t\t\t\t<a href=\"https:\/\/tolunacorporate.com\/fr\/barometre-de-confiance-politique-juillet-2023\/\" class=\"post-more-link\">\n\t\t\t\t\tEN SAVOIR PLUS<span class=\"screen-reader-text\"> Barom\u00e8tre de confiance politique \u2013 Juillet 2023<\/span><span class=\"toluna-svg-iconset svg-baseline\"><svg width=\"24\" height=\"25\" viewBox=\"0 0 24 25\" fill=\"none\" xmlns=\"http:\/\/www.w3.org\/2000\/svg\"><g clip-path=\"url(#clip0_3349_8828)\"><path d=\"M7.38048 21.9288C7.87048 22.4188 8.66048 22.4188 9.15048 21.9288L17.4605 13.6187C17.8505 13.2287 17.8505 12.5988 17.4605 12.2087L9.15048 3.89875C8.66048 3.40875 7.87048 3.40875 7.38048 3.89875C6.89048 4.38875 6.89048 5.17875 7.38048 5.66875L14.6205 12.9187L7.37048 20.1688C6.89048 20.6488 6.89048 21.4488 7.38048 21.9288Z\" fill=\"#007EE2\"\/><\/g><defs><clipPath id=\"clip0_3349_8828\"><rect width=\"24\" height=\"24\" fill=\"white\" transform=\"translate(0 0.917969)\"\/><\/clipPath><\/defs><\/svg><\/span>\t\t\t\t<\/a>\n\t\t\t<\/p>\n\t\t<\/div><!-- .entry-actions -->\n\t\t<\/footer><!-- .entry-footer -->\n\t<\/div>\n<\/article>\n<article class=\"entry content-bg loop-entry post-14989 post type-post status-publish format-standard has-post-thumbnail hentry category-france-fr tag-poll-2\">\n\t    <!-- toluna-thumbnail-ratio-1-1 -->\n\t\t<a class=\"post-thumbnail\" href=\"https:\/\/tolunacorporate.com\/fr\/questions-de-communication-tilder-bfm-business-hebdocom-vague-32\/\">\n\t\t\t<div class=\"post-thumbnail-inner\">\n\t\t\t\t<img decoding=\"async\" width=\"293\" height=\"294\" src=\"https:\/\/tolunacorporate.com\/wp-content\/uploads\/2025\/05\/Questions-de-communication-\u2013-Tilder-BFM-Business-\u2013-Hebdocom-\u2013-Vague-32.png\" class=\"attachment-large size-large wp-post-image\" alt=\"Questions de communication \u2013 Tilder-BFM Business \u2013 Hebdocom \u2013 Vague 32\" srcset=\"https:\/\/tolunacorporate.com\/wp-content\/uploads\/2025\/05\/Questions-de-communication-\u2013-Tilder-BFM-Business-\u2013-Hebdocom-\u2013-Vague-32.png 293w, https:\/\/tolunacorporate.com\/wp-content\/uploads\/2025\/05\/Questions-de-communication-\u2013-Tilder-BFM-Business-\u2013-Hebdocom-\u2013-Vague-32-150x150.png 150w\" sizes=\"(max-width: 293px) 100vw, 293px\" style=\"width:100%;height:100.34%;max-width:293px;\" \/>\t\t\t<\/div>\n\t\t<\/a><!-- .post-thumbnail -->\n\t\t\t<div class=\"entry-content-wrap\">\n\t\t<header class=\"entry-header\">\n\t\t<div class=\"entry-taxonomies\">\n\t\t\t\t\t\t<span class=\"posted-on\">\n\t\t\t\t\t<svg width=\"20\" height=\"22\" viewBox=\"0 0 20 22\" fill=\"none\" xmlns=\"http:\/\/www.w3.org\/2000\/svg\"><path d=\"M18 2H17V1C17 0.45 16.55 0 16 0C15.45 0 15 0.45 15 1V2H5V1C5 0.45 4.55 0 4 0C3.45 0 3 0.45 3 1V2H2C0.9 2 0 2.9 0 4V20C0 21.1 0.9 22 2 22H18C19.1 22 20 21.1 20 20V4C20 2.9 19.1 2 18 2ZM17 20H3C2.45 20 2 19.55 2 19V7H18V19C18 19.55 17.55 20 17 20Z\" fill=\"#007EE2\"\/><\/svg>\n\t\t\t\t\t<time class=\"entry-date published\" datetime=\"2023-07-13T08:07:56+02:00\">13 Juil 2023<\/time><time class=\"updated\" datetime=\"2025-05-11T02:58:58+02:00\">11 mai 2025<\/time>\t\t\t\t<\/span>\n\t\t\t\t<\/div><!-- .entry-taxonomies -->\n\t<h6 class=\"entry-title\"><a href=\"https:\/\/tolunacorporate.com\/fr\/questions-de-communication-tilder-bfm-business-hebdocom-vague-32\/\" rel=\"bookmark\">Questions de communication \u2013 Tilder-BFM Business \u2013 Hebdocom \u2013 Vague 32<\/a><\/h6><\/header><!-- .entry-header -->\n<footer class=\"entry-footer\">\n\t\t\t<div class=\"entry-actions\">\n\t\t\t<p class=\"more-link-wrap\">\n\t\t\t\t<a href=\"https:\/\/tolunacorporate.com\/fr\/questions-de-communication-tilder-bfm-business-hebdocom-vague-32\/\" class=\"post-more-link\">\n\t\t\t\t\tEN SAVOIR PLUS<span class=\"screen-reader-text\"> Questions de communication \u2013 Tilder-BFM Business \u2013 Hebdocom \u2013 Vague 32<\/span><span class=\"toluna-svg-iconset svg-baseline\"><svg width=\"24\" height=\"25\" viewBox=\"0 0 24 25\" fill=\"none\" xmlns=\"http:\/\/www.w3.org\/2000\/svg\"><g clip-path=\"url(#clip0_3349_8828)\"><path d=\"M7.38048 21.9288C7.87048 22.4188 8.66048 22.4188 9.15048 21.9288L17.4605 13.6187C17.8505 13.2287 17.8505 12.5988 17.4605 12.2087L9.15048 3.89875C8.66048 3.40875 7.87048 3.40875 7.38048 3.89875C6.89048 4.38875 6.89048 5.17875 7.38048 5.66875L14.6205 12.9187L7.37048 20.1688C6.89048 20.6488 6.89048 21.4488 7.38048 21.9288Z\" fill=\"#007EE2\"\/><\/g><defs><clipPath id=\"clip0_3349_8828\"><rect width=\"24\" height=\"24\" fill=\"white\" transform=\"translate(0 0.917969)\"\/><\/clipPath><\/defs><\/svg><\/span>\t\t\t\t<\/a>\n\t\t\t<\/p>\n\t\t<\/div><!-- .entry-actions -->\n\t\t<\/footer><!-- .entry-footer -->\n\t<\/div>\n<\/article>\n<article class=\"entry content-bg loop-entry post-14998 post type-post status-publish format-standard has-post-thumbnail hentry category-france-fr tag-poll-2\">\n\t    <!-- toluna-thumbnail-ratio-1-1 -->\n\t\t<a class=\"post-thumbnail\" href=\"https:\/\/tolunacorporate.com\/fr\/les-reseaux-sociaux-pour-le-meilleur-et-pour-le-pire-enquete-3-3\/\">\n\t\t\t<div class=\"post-thumbnail-inner\">\n\t\t\t\t<img decoding=\"async\" width=\"293\" height=\"294\" src=\"https:\/\/tolunacorporate.com\/wp-content\/uploads\/2025\/05\/Les-reseaux-sociaux.jpg\" class=\"attachment-large size-large wp-post-image\" alt=\"Les r\u00e9seaux sociaux, pour le meilleur et pour le pire \u2013 Enqu\u00eate 3\/3\" srcset=\"https:\/\/tolunacorporate.com\/wp-content\/uploads\/2025\/05\/Les-reseaux-sociaux.jpg 293w, https:\/\/tolunacorporate.com\/wp-content\/uploads\/2025\/05\/Les-reseaux-sociaux-150x150.jpg 150w\" sizes=\"(max-width: 293px) 100vw, 293px\" style=\"width:100%;height:100.34%;max-width:293px;\" \/>\t\t\t<\/div>\n\t\t<\/a><!-- .post-thumbnail -->\n\t\t\t<div class=\"entry-content-wrap\">\n\t\t<header class=\"entry-header\">\n\t\t<div class=\"entry-taxonomies\">\n\t\t\t\t\t\t<span class=\"posted-on\">\n\t\t\t\t\t<svg width=\"20\" height=\"22\" viewBox=\"0 0 20 22\" fill=\"none\" xmlns=\"http:\/\/www.w3.org\/2000\/svg\"><path d=\"M18 2H17V1C17 0.45 16.55 0 16 0C15.45 0 15 0.45 15 1V2H5V1C5 0.45 4.55 0 4 0C3.45 0 3 0.45 3 1V2H2C0.9 2 0 2.9 0 4V20C0 21.1 0.9 22 2 22H18C19.1 22 20 21.1 20 20V4C20 2.9 19.1 2 18 2ZM17 20H3C2.45 20 2 19.55 2 19V7H18V19C18 19.55 17.55 20 17 20Z\" fill=\"#007EE2\"\/><\/svg>\n\t\t\t\t\t<time class=\"entry-date published\" datetime=\"2023-07-07T08:10:13+02:00\">7 Juil 2023<\/time><time class=\"updated\" datetime=\"2025-05-11T03:00:05+02:00\">11 mai 2025<\/time>\t\t\t\t<\/span>\n\t\t\t\t<\/div><!-- .entry-taxonomies -->\n\t<h6 class=\"entry-title\"><a href=\"https:\/\/tolunacorporate.com\/fr\/les-reseaux-sociaux-pour-le-meilleur-et-pour-le-pire-enquete-3-3\/\" rel=\"bookmark\">Les r\u00e9seaux sociaux, pour le meilleur et pour le pire \u2013 Enqu\u00eate 3\/3<\/a><\/h6><\/header><!-- .entry-header -->\n<footer class=\"entry-footer\">\n\t\t\t<div class=\"entry-actions\">\n\t\t\t<p class=\"more-link-wrap\">\n\t\t\t\t<a href=\"https:\/\/tolunacorporate.com\/fr\/les-reseaux-sociaux-pour-le-meilleur-et-pour-le-pire-enquete-3-3\/\" class=\"post-more-link\">\n\t\t\t\t\tEN SAVOIR PLUS<span class=\"screen-reader-text\"> Les r\u00e9seaux sociaux, pour le meilleur et pour le pire \u2013 Enqu\u00eate 3\/3<\/span><span class=\"toluna-svg-iconset svg-baseline\"><svg width=\"24\" height=\"25\" viewBox=\"0 0 24 25\" fill=\"none\" xmlns=\"http:\/\/www.w3.org\/2000\/svg\"><g clip-path=\"url(#clip0_3349_8828)\"><path d=\"M7.38048 21.9288C7.87048 22.4188 8.66048 22.4188 9.15048 21.9288L17.4605 13.6187C17.8505 13.2287 17.8505 12.5988 17.4605 12.2087L9.15048 3.89875C8.66048 3.40875 7.87048 3.40875 7.38048 3.89875C6.89048 4.38875 6.89048 5.17875 7.38048 5.66875L14.6205 12.9187L7.37048 20.1688C6.89048 20.6488 6.89048 21.4488 7.38048 21.9288Z\" fill=\"#007EE2\"\/><\/g><defs><clipPath id=\"clip0_3349_8828\"><rect width=\"24\" height=\"24\" fill=\"white\" transform=\"translate(0 0.917969)\"\/><\/clipPath><\/defs><\/svg><\/span>\t\t\t\t<\/a>\n\t\t\t<\/p>\n\t\t<\/div><!-- .entry-actions -->\n\t\t<\/footer><!-- .entry-footer -->\n\t<\/div>\n<\/article>\n<article class=\"entry content-bg loop-entry post-15007 post type-post status-publish format-standard has-post-thumbnail hentry category-france-fr tag-poll-2\">\n\t    <!-- toluna-thumbnail-ratio-1-1 -->\n\t\t<a class=\"post-thumbnail\" href=\"https:\/\/tolunacorporate.com\/fr\/questions-de-communication-tilder-bfm-business-hebdocom-vague-31\/\">\n\t\t\t<div class=\"post-thumbnail-inner\">\n\t\t\t\t<img decoding=\"async\" width=\"293\" height=\"294\" src=\"https:\/\/tolunacorporate.com\/wp-content\/uploads\/2025\/05\/Questions-de-communication-\u2013-Tilder-BFM-Business-\u2013-Hebdocom-\u2013-Vague-31.png\" class=\"attachment-large size-large wp-post-image\" alt=\"Questions de communication \u2013 Tilder-BFM Business \u2013 Hebdocom \u2013 Vague 31\" srcset=\"https:\/\/tolunacorporate.com\/wp-content\/uploads\/2025\/05\/Questions-de-communication-\u2013-Tilder-BFM-Business-\u2013-Hebdocom-\u2013-Vague-31.png 293w, https:\/\/tolunacorporate.com\/wp-content\/uploads\/2025\/05\/Questions-de-communication-\u2013-Tilder-BFM-Business-\u2013-Hebdocom-\u2013-Vague-31-150x150.png 150w\" sizes=\"(max-width: 293px) 100vw, 293px\" style=\"width:100%;height:100.34%;max-width:293px;\" \/>\t\t\t<\/div>\n\t\t<\/a><!-- .post-thumbnail -->\n\t\t\t<div class=\"entry-content-wrap\">\n\t\t<header class=\"entry-header\">\n\t\t<div class=\"entry-taxonomies\">\n\t\t\t\t\t\t<span class=\"posted-on\">\n\t\t\t\t\t<svg width=\"20\" height=\"22\" viewBox=\"0 0 20 22\" fill=\"none\" xmlns=\"http:\/\/www.w3.org\/2000\/svg\"><path d=\"M18 2H17V1C17 0.45 16.55 0 16 0C15.45 0 15 0.45 15 1V2H5V1C5 0.45 4.55 0 4 0C3.45 0 3 0.45 3 1V2H2C0.9 2 0 2.9 0 4V20C0 21.1 0.9 22 2 22H18C19.1 22 20 21.1 20 20V4C20 2.9 19.1 2 18 2ZM17 20H3C2.45 20 2 19.55 2 19V7H18V19C18 19.55 17.55 20 17 20Z\" fill=\"#007EE2\"\/><\/svg>\n\t\t\t\t\t<time class=\"entry-date published\" datetime=\"2023-07-06T09:56:39+02:00\">6 Juil 2023<\/time><time class=\"updated\" datetime=\"2025-05-11T03:02:01+02:00\">11 mai 2025<\/time>\t\t\t\t<\/span>\n\t\t\t\t<\/div><!-- .entry-taxonomies -->\n\t<h6 class=\"entry-title\"><a href=\"https:\/\/tolunacorporate.com\/fr\/questions-de-communication-tilder-bfm-business-hebdocom-vague-31\/\" rel=\"bookmark\">Questions de communication \u2013 Tilder-BFM Business \u2013 Hebdocom \u2013 Vague 31<\/a><\/h6><\/header><!-- .entry-header -->\n<footer class=\"entry-footer\">\n\t\t\t<div class=\"entry-actions\">\n\t\t\t<p class=\"more-link-wrap\">\n\t\t\t\t<a href=\"https:\/\/tolunacorporate.com\/fr\/questions-de-communication-tilder-bfm-business-hebdocom-vague-31\/\" class=\"post-more-link\">\n\t\t\t\t\tEN SAVOIR PLUS<span class=\"screen-reader-text\"> Questions de communication \u2013 Tilder-BFM Business \u2013 Hebdocom \u2013 Vague 31<\/span><span class=\"toluna-svg-iconset svg-baseline\"><svg width=\"24\" height=\"25\" viewBox=\"0 0 24 25\" fill=\"none\" xmlns=\"http:\/\/www.w3.org\/2000\/svg\"><g clip-path=\"url(#clip0_3349_8828)\"><path d=\"M7.38048 21.9288C7.87048 22.4188 8.66048 22.4188 9.15048 21.9288L17.4605 13.6187C17.8505 13.2287 17.8505 12.5988 17.4605 12.2087L9.15048 3.89875C8.66048 3.40875 7.87048 3.40875 7.38048 3.89875C6.89048 4.38875 6.89048 5.17875 7.38048 5.66875L14.6205 12.9187L7.37048 20.1688C6.89048 20.6488 6.89048 21.4488 7.38048 21.9288Z\" fill=\"#007EE2\"\/><\/g><defs><clipPath id=\"clip0_3349_8828\"><rect width=\"24\" height=\"24\" fill=\"white\" transform=\"translate(0 0.917969)\"\/><\/clipPath><\/defs><\/svg><\/span>\t\t\t\t<\/a>\n\t\t\t<\/p>\n\t\t<\/div><!-- .entry-actions -->\n\t\t<\/footer><!-- .entry-footer -->\n\t<\/div>\n<\/article>\n<article class=\"entry content-bg loop-entry post-15016 post type-post status-publish format-standard has-post-thumbnail hentry category-france-fr tag-poll-2\">\n\t    <!-- toluna-thumbnail-ratio-1-1 -->\n\t\t<a class=\"post-thumbnail\" href=\"https:\/\/tolunacorporate.com\/fr\/les-francais-et-les-produits-aquatiques\/\">\n\t\t\t<div class=\"post-thumbnail-inner\">\n\t\t\t\t<img decoding=\"async\" width=\"293\" height=\"294\" src=\"https:\/\/tolunacorporate.com\/wp-content\/uploads\/2025\/05\/Les-Francais-et-les-produits-aquatiques.jpg\" class=\"attachment-large size-large wp-post-image\" alt=\"Les Fran\u00e7ais et les produits aquatiques\" srcset=\"https:\/\/tolunacorporate.com\/wp-content\/uploads\/2025\/05\/Les-Francais-et-les-produits-aquatiques.jpg 293w, https:\/\/tolunacorporate.com\/wp-content\/uploads\/2025\/05\/Les-Francais-et-les-produits-aquatiques-150x150.jpg 150w\" sizes=\"(max-width: 293px) 100vw, 293px\" style=\"width:100%;height:100.34%;max-width:293px;\" \/>\t\t\t<\/div>\n\t\t<\/a><!-- .post-thumbnail -->\n\t\t\t<div class=\"entry-content-wrap\">\n\t\t<header class=\"entry-header\">\n\t\t<div class=\"entry-taxonomies\">\n\t\t\t\t\t\t<span class=\"posted-on\">\n\t\t\t\t\t<svg width=\"20\" height=\"22\" viewBox=\"0 0 20 22\" fill=\"none\" xmlns=\"http:\/\/www.w3.org\/2000\/svg\"><path d=\"M18 2H17V1C17 0.45 16.55 0 16 0C15.45 0 15 0.45 15 1V2H5V1C5 0.45 4.55 0 4 0C3.45 0 3 0.45 3 1V2H2C0.9 2 0 2.9 0 4V20C0 21.1 0.9 22 2 22H18C19.1 22 20 21.1 20 20V4C20 2.9 19.1 2 18 2ZM17 20H3C2.45 20 2 19.55 2 19V7H18V19C18 19.55 17.55 20 17 20Z\" fill=\"#007EE2\"\/><\/svg>\n\t\t\t\t\t<time class=\"entry-date published\" datetime=\"2023-07-05T09:58:46+02:00\">5 Juil 2023<\/time><time class=\"updated\" datetime=\"2025-05-11T03:04:38+02:00\">11 mai 2025<\/time>\t\t\t\t<\/span>\n\t\t\t\t<\/div><!-- .entry-taxonomies -->\n\t<h6 class=\"entry-title\"><a href=\"https:\/\/tolunacorporate.com\/fr\/les-francais-et-les-produits-aquatiques\/\" rel=\"bookmark\">Les Fran\u00e7ais et les produits aquatiques<\/a><\/h6><\/header><!-- .entry-header -->\n<footer class=\"entry-footer\">\n\t\t\t<div class=\"entry-actions\">\n\t\t\t<p class=\"more-link-wrap\">\n\t\t\t\t<a href=\"https:\/\/tolunacorporate.com\/fr\/les-francais-et-les-produits-aquatiques\/\" class=\"post-more-link\">\n\t\t\t\t\tEN SAVOIR PLUS<span class=\"screen-reader-text\"> Les Fran\u00e7ais et les produits aquatiques<\/span><span class=\"toluna-svg-iconset svg-baseline\"><svg width=\"24\" height=\"25\" viewBox=\"0 0 24 25\" fill=\"none\" xmlns=\"http:\/\/www.w3.org\/2000\/svg\"><g clip-path=\"url(#clip0_3349_8828)\"><path d=\"M7.38048 21.9288C7.87048 22.4188 8.66048 22.4188 9.15048 21.9288L17.4605 13.6187C17.8505 13.2287 17.8505 12.5988 17.4605 12.2087L9.15048 3.89875C8.66048 3.40875 7.87048 3.40875 7.38048 3.89875C6.89048 4.38875 6.89048 5.17875 7.38048 5.66875L14.6205 12.9187L7.37048 20.1688C6.89048 20.6488 6.89048 21.4488 7.38048 21.9288Z\" fill=\"#007EE2\"\/><\/g><defs><clipPath id=\"clip0_3349_8828\"><rect width=\"24\" height=\"24\" fill=\"white\" transform=\"translate(0 0.917969)\"\/><\/clipPath><\/defs><\/svg><\/span>\t\t\t\t<\/a>\n\t\t\t<\/p>\n\t\t<\/div><!-- .entry-actions -->\n\t\t<\/footer><!-- .entry-footer -->\n\t<\/div>\n<\/article>\n<article class=\"entry content-bg loop-entry post-15025 post type-post status-publish format-standard has-post-thumbnail hentry category-france-fr tag-poll-2\">\n\t    <!-- toluna-thumbnail-ratio-1-1 -->\n\t\t<a class=\"post-thumbnail\" href=\"https:\/\/tolunacorporate.com\/fr\/barometre-de-confiance-politique-juin-2023\/\">\n\t\t\t<div class=\"post-thumbnail-inner\">\n\t\t\t\t<img decoding=\"async\" width=\"500\" height=\"500\" src=\"https:\/\/tolunacorporate.com\/wp-content\/uploads\/2025\/05\/Barometre-de-confiance-politique-\u2013-Juin-2023.jpg\" class=\"attachment-large size-large wp-post-image\" alt=\"Barom\u00e8tre de confiance politique \u2013 Juin 2023\" srcset=\"https:\/\/tolunacorporate.com\/wp-content\/uploads\/2025\/05\/Barometre-de-confiance-politique-\u2013-Juin-2023.jpg 500w, https:\/\/tolunacorporate.com\/wp-content\/uploads\/2025\/05\/Barometre-de-confiance-politique-\u2013-Juin-2023-300x300.jpg 300w, https:\/\/tolunacorporate.com\/wp-content\/uploads\/2025\/05\/Barometre-de-confiance-politique-\u2013-Juin-2023-150x150.jpg 150w\" sizes=\"(max-width: 500px) 100vw, 500px\" style=\"width:100%;height:100%;max-width:500px;\" \/>\t\t\t<\/div>\n\t\t<\/a><!-- .post-thumbnail -->\n\t\t\t<div class=\"entry-content-wrap\">\n\t\t<header class=\"entry-header\">\n\t\t<div class=\"entry-taxonomies\">\n\t\t\t\t\t\t<span class=\"posted-on\">\n\t\t\t\t\t<svg width=\"20\" height=\"22\" viewBox=\"0 0 20 22\" fill=\"none\" xmlns=\"http:\/\/www.w3.org\/2000\/svg\"><path d=\"M18 2H17V1C17 0.45 16.55 0 16 0C15.45 0 15 0.45 15 1V2H5V1C5 0.45 4.55 0 4 0C3.45 0 3 0.45 3 1V2H2C0.9 2 0 2.9 0 4V20C0 21.1 0.9 22 2 22H18C19.1 22 20 21.1 20 20V4C20 2.9 19.1 2 18 2ZM17 20H3C2.45 20 2 19.55 2 19V7H18V19C18 19.55 17.55 20 17 20Z\" fill=\"#007EE2\"\/><\/svg>\n\t\t\t\t\t<time class=\"entry-date published\" datetime=\"2023-06-30T10:00:51+02:00\">30 Juin 2023<\/time><time class=\"updated\" datetime=\"2025-05-11T03:07:23+02:00\">11 mai 2025<\/time>\t\t\t\t<\/span>\n\t\t\t\t<\/div><!-- .entry-taxonomies -->\n\t<h6 class=\"entry-title\"><a href=\"https:\/\/tolunacorporate.com\/fr\/barometre-de-confiance-politique-juin-2023\/\" rel=\"bookmark\">Barom\u00e8tre de confiance politique \u2013 Juin 2023<\/a><\/h6><\/header><!-- .entry-header -->\n<footer class=\"entry-footer\">\n\t\t\t<div class=\"entry-actions\">\n\t\t\t<p class=\"more-link-wrap\">\n\t\t\t\t<a href=\"https:\/\/tolunacorporate.com\/fr\/barometre-de-confiance-politique-juin-2023\/\" class=\"post-more-link\">\n\t\t\t\t\tEN SAVOIR PLUS<span class=\"screen-reader-text\"> Barom\u00e8tre de confiance politique \u2013 Juin 2023<\/span><span class=\"toluna-svg-iconset svg-baseline\"><svg width=\"24\" height=\"25\" viewBox=\"0 0 24 25\" fill=\"none\" xmlns=\"http:\/\/www.w3.org\/2000\/svg\"><g clip-path=\"url(#clip0_3349_8828)\"><path d=\"M7.38048 21.9288C7.87048 22.4188 8.66048 22.4188 9.15048 21.9288L17.4605 13.6187C17.8505 13.2287 17.8505 12.5988 17.4605 12.2087L9.15048 3.89875C8.66048 3.40875 7.87048 3.40875 7.38048 3.89875C6.89048 4.38875 6.89048 5.17875 7.38048 5.66875L14.6205 12.9187L7.37048 20.1688C6.89048 20.6488 6.89048 21.4488 7.38048 21.9288Z\" fill=\"#007EE2\"\/><\/g><defs><clipPath id=\"clip0_3349_8828\"><rect width=\"24\" height=\"24\" fill=\"white\" transform=\"translate(0 0.917969)\"\/><\/clipPath><\/defs><\/svg><\/span>\t\t\t\t<\/a>\n\t\t\t<\/p>\n\t\t<\/div><!-- .entry-actions -->\n\t\t<\/footer><!-- .entry-footer -->\n\t<\/div>\n<\/article>\n<article class=\"entry content-bg loop-entry post-15043 post type-post status-publish format-standard has-post-thumbnail hentry category-france-fr tag-poll-2\">\n\t    <!-- toluna-thumbnail-ratio-1-1 -->\n\t\t<a class=\"post-thumbnail\" href=\"https:\/\/tolunacorporate.com\/fr\/questions-de-communication-tilder-bfm-business-hebdocom-vague-30\/\">\n\t\t\t<div class=\"post-thumbnail-inner\">\n\t\t\t\t<img decoding=\"async\" width=\"293\" height=\"294\" src=\"https:\/\/tolunacorporate.com\/wp-content\/uploads\/2025\/05\/Questions-de-communication-\u2013-Tilder-BFM-Business-\u2013-Hebdocom-\u2013-Vague-30.png\" class=\"attachment-large size-large wp-post-image\" alt=\"Questions de communication \u2013 Tilder-BFM Business \u2013 Hebdocom \u2013 Vague 30\" srcset=\"https:\/\/tolunacorporate.com\/wp-content\/uploads\/2025\/05\/Questions-de-communication-\u2013-Tilder-BFM-Business-\u2013-Hebdocom-\u2013-Vague-30.png 293w, https:\/\/tolunacorporate.com\/wp-content\/uploads\/2025\/05\/Questions-de-communication-\u2013-Tilder-BFM-Business-\u2013-Hebdocom-\u2013-Vague-30-150x150.png 150w\" sizes=\"(max-width: 293px) 100vw, 293px\" style=\"width:100%;height:100.34%;max-width:293px;\" \/>\t\t\t<\/div>\n\t\t<\/a><!-- .post-thumbnail -->\n\t\t\t<div class=\"entry-content-wrap\">\n\t\t<header class=\"entry-header\">\n\t\t<div class=\"entry-taxonomies\">\n\t\t\t\t\t\t<span class=\"posted-on\">\n\t\t\t\t\t<svg width=\"20\" height=\"22\" viewBox=\"0 0 20 22\" fill=\"none\" xmlns=\"http:\/\/www.w3.org\/2000\/svg\"><path d=\"M18 2H17V1C17 0.45 16.55 0 16 0C15.45 0 15 0.45 15 1V2H5V1C5 0.45 4.55 0 4 0C3.45 0 3 0.45 3 1V2H2C0.9 2 0 2.9 0 4V20C0 21.1 0.9 22 2 22H18C19.1 22 20 21.1 20 20V4C20 2.9 19.1 2 18 2ZM17 20H3C2.45 20 2 19.55 2 19V7H18V19C18 19.55 17.55 20 17 20Z\" fill=\"#007EE2\"\/><\/svg>\n\t\t\t\t\t<time class=\"entry-date published\" datetime=\"2023-06-29T10:05:26+02:00\">29 Juin 2023<\/time><time class=\"updated\" datetime=\"2025-05-09T18:12:22+02:00\">9 mai 2025<\/time>\t\t\t\t<\/span>\n\t\t\t\t<\/div><!-- .entry-taxonomies -->\n\t<h6 class=\"entry-title\"><a href=\"https:\/\/tolunacorporate.com\/fr\/questions-de-communication-tilder-bfm-business-hebdocom-vague-30\/\" rel=\"bookmark\">Questions de communication \u2013 Tilder-BFM Business \u2013 Hebdocom \u2013 Vague 30<\/a><\/h6><\/header><!-- .entry-header -->\n<footer class=\"entry-footer\">\n\t\t\t<div class=\"entry-actions\">\n\t\t\t<p class=\"more-link-wrap\">\n\t\t\t\t<a href=\"https:\/\/tolunacorporate.com\/fr\/questions-de-communication-tilder-bfm-business-hebdocom-vague-30\/\" class=\"post-more-link\">\n\t\t\t\t\tEN SAVOIR PLUS<span class=\"screen-reader-text\"> Questions de communication \u2013 Tilder-BFM Business \u2013 Hebdocom \u2013 Vague 30<\/span><span class=\"toluna-svg-iconset svg-baseline\"><svg width=\"24\" height=\"25\" viewBox=\"0 0 24 25\" fill=\"none\" xmlns=\"http:\/\/www.w3.org\/2000\/svg\"><g clip-path=\"url(#clip0_3349_8828)\"><path d=\"M7.38048 21.9288C7.87048 22.4188 8.66048 22.4188 9.15048 21.9288L17.4605 13.6187C17.8505 13.2287 17.8505 12.5988 17.4605 12.2087L9.15048 3.89875C8.66048 3.40875 7.87048 3.40875 7.38048 3.89875C6.89048 4.38875 6.89048 5.17875 7.38048 5.66875L14.6205 12.9187L7.37048 20.1688C6.89048 20.6488 6.89048 21.4488 7.38048 21.9288Z\" fill=\"#007EE2\"\/><\/g><defs><clipPath id=\"clip0_3349_8828\"><rect width=\"24\" height=\"24\" fill=\"white\" transform=\"translate(0 0.917969)\"\/><\/clipPath><\/defs><\/svg><\/span>\t\t\t\t<\/a>\n\t\t\t<\/p>\n\t\t<\/div><!-- .entry-actions -->\n\t\t<\/footer><!-- .entry-footer -->\n\t<\/div>\n<\/article>\n<article class=\"entry content-bg loop-entry post-15034 post type-post status-publish format-standard has-post-thumbnail hentry category-france-fr tag-poll-2\">\n\t    <!-- toluna-thumbnail-ratio-1-1 -->\n\t\t<a class=\"post-thumbnail\" href=\"https:\/\/tolunacorporate.com\/fr\/lintelligence-artificielle-dans-le-monde-du-travail-des-francais-partages-mais-majoritairement-hostiles\/\">\n\t\t\t<div class=\"post-thumbnail-inner\">\n\t\t\t\t<img decoding=\"async\" width=\"293\" height=\"294\" src=\"https:\/\/tolunacorporate.com\/wp-content\/uploads\/2025\/05\/des-Francais-partages-mais-majoritairement-hostiles.jpg\" class=\"attachment-large size-large wp-post-image\" alt=\"L\u2019intelligence artificielle dans le monde du travail : des Fran\u00e7ais partag\u00e9s mais majoritairement hostiles\" srcset=\"https:\/\/tolunacorporate.com\/wp-content\/uploads\/2025\/05\/des-Francais-partages-mais-majoritairement-hostiles.jpg 293w, https:\/\/tolunacorporate.com\/wp-content\/uploads\/2025\/05\/des-Francais-partages-mais-majoritairement-hostiles-150x150.jpg 150w\" sizes=\"(max-width: 293px) 100vw, 293px\" style=\"width:100%;height:100.34%;max-width:293px;\" \/>\t\t\t<\/div>\n\t\t<\/a><!-- .post-thumbnail -->\n\t\t\t<div class=\"entry-content-wrap\">\n\t\t<header class=\"entry-header\">\n\t\t<div class=\"entry-taxonomies\">\n\t\t\t\t\t\t<span class=\"posted-on\">\n\t\t\t\t\t<svg width=\"20\" height=\"22\" viewBox=\"0 0 20 22\" fill=\"none\" xmlns=\"http:\/\/www.w3.org\/2000\/svg\"><path d=\"M18 2H17V1C17 0.45 16.55 0 16 0C15.45 0 15 0.45 15 1V2H5V1C5 0.45 4.55 0 4 0C3.45 0 3 0.45 3 1V2H2C0.9 2 0 2.9 0 4V20C0 21.1 0.9 22 2 22H18C19.1 22 20 21.1 20 20V4C20 2.9 19.1 2 18 2ZM17 20H3C2.45 20 2 19.55 2 19V7H18V19C18 19.55 17.55 20 17 20Z\" fill=\"#007EE2\"\/><\/svg>\n\t\t\t\t\t<time class=\"entry-date published\" datetime=\"2023-06-29T10:02:40+02:00\">29 Juin 2023<\/time><time class=\"updated\" datetime=\"2025-05-09T18:16:20+02:00\">9 mai 2025<\/time>\t\t\t\t<\/span>\n\t\t\t\t<\/div><!-- .entry-taxonomies -->\n\t<h6 class=\"entry-title\"><a href=\"https:\/\/tolunacorporate.com\/fr\/lintelligence-artificielle-dans-le-monde-du-travail-des-francais-partages-mais-majoritairement-hostiles\/\" rel=\"bookmark\">L\u2019intelligence artificielle dans le monde du travail : des Fran\u00e7ais partag\u00e9s mais majoritairement hostiles<\/a><\/h6><\/header><!-- .entry-header -->\n<footer class=\"entry-footer\">\n\t\t\t<div class=\"entry-actions\">\n\t\t\t<p class=\"more-link-wrap\">\n\t\t\t\t<a href=\"https:\/\/tolunacorporate.com\/fr\/lintelligence-artificielle-dans-le-monde-du-travail-des-francais-partages-mais-majoritairement-hostiles\/\" class=\"post-more-link\">\n\t\t\t\t\tEN SAVOIR PLUS<span class=\"screen-reader-text\"> L\u2019intelligence artificielle dans le monde du travail : des Fran\u00e7ais partag\u00e9s mais majoritairement hostiles<\/span><span class=\"toluna-svg-iconset svg-baseline\"><svg width=\"24\" height=\"25\" viewBox=\"0 0 24 25\" fill=\"none\" xmlns=\"http:\/\/www.w3.org\/2000\/svg\"><g clip-path=\"url(#clip0_3349_8828)\"><path d=\"M7.38048 21.9288C7.87048 22.4188 8.66048 22.4188 9.15048 21.9288L17.4605 13.6187C17.8505 13.2287 17.8505 12.5988 17.4605 12.2087L9.15048 3.89875C8.66048 3.40875 7.87048 3.40875 7.38048 3.89875C6.89048 4.38875 6.89048 5.17875 7.38048 5.66875L14.6205 12.9187L7.37048 20.1688C6.89048 20.6488 6.89048 21.4488 7.38048 21.9288Z\" fill=\"#007EE2\"\/><\/g><defs><clipPath id=\"clip0_3349_8828\"><rect width=\"24\" height=\"24\" fill=\"white\" transform=\"translate(0 0.917969)\"\/><\/clipPath><\/defs><\/svg><\/span>\t\t\t\t<\/a>\n\t\t\t<\/p>\n\t\t<\/div><!-- .entry-actions -->\n\t\t<\/footer><!-- .entry-footer -->\n\t<\/div>\n<\/article>\n<article class=\"entry content-bg loop-entry post-15052 post type-post status-publish format-standard has-post-thumbnail hentry category-france-fr tag-poll-2\">\n\t    <!-- toluna-thumbnail-ratio-1-1 -->\n\t\t<a class=\"post-thumbnail\" href=\"https:\/\/tolunacorporate.com\/fr\/lavis-des-francais-concernant-le-retour-des-equipes-nationales-sur-le-tour-de-france\/\">\n\t\t\t<div class=\"post-thumbnail-inner\">\n\t\t\t\t<img decoding=\"async\" width=\"293\" height=\"294\" src=\"https:\/\/tolunacorporate.com\/wp-content\/uploads\/2025\/05\/Lavis-des-Francais-concernant-le-retour-des-equipes-nationales-sur-le-Tour-de-France.jpg\" class=\"attachment-large size-large wp-post-image\" alt=\"L\u2019avis des Fran\u00e7ais concernant le retour des \u00e9quipes nationales sur le Tour de France\" srcset=\"https:\/\/tolunacorporate.com\/wp-content\/uploads\/2025\/05\/Lavis-des-Francais-concernant-le-retour-des-equipes-nationales-sur-le-Tour-de-France.jpg 293w, https:\/\/tolunacorporate.com\/wp-content\/uploads\/2025\/05\/Lavis-des-Francais-concernant-le-retour-des-equipes-nationales-sur-le-Tour-de-France-150x150.jpg 150w\" sizes=\"(max-width: 293px) 100vw, 293px\" style=\"width:100%;height:100.34%;max-width:293px;\" \/>\t\t\t<\/div>\n\t\t<\/a><!-- .post-thumbnail -->\n\t\t\t<div class=\"entry-content-wrap\">\n\t\t<header class=\"entry-header\">\n\t\t<div class=\"entry-taxonomies\">\n\t\t\t\t\t\t<span class=\"posted-on\">\n\t\t\t\t\t<svg width=\"20\" height=\"22\" viewBox=\"0 0 20 22\" fill=\"none\" xmlns=\"http:\/\/www.w3.org\/2000\/svg\"><path d=\"M18 2H17V1C17 0.45 16.55 0 16 0C15.45 0 15 0.45 15 1V2H5V1C5 0.45 4.55 0 4 0C3.45 0 3 0.45 3 1V2H2C0.9 2 0 2.9 0 4V20C0 21.1 0.9 22 2 22H18C19.1 22 20 21.1 20 20V4C20 2.9 19.1 2 18 2ZM17 20H3C2.45 20 2 19.55 2 19V7H18V19C18 19.55 17.55 20 17 20Z\" fill=\"#007EE2\"\/><\/svg>\n\t\t\t\t\t<time class=\"entry-date published\" datetime=\"2023-06-27T10:07:13+02:00\">27 Juin 2023<\/time><time class=\"updated\" datetime=\"2025-05-09T18:05:19+02:00\">9 mai 2025<\/time>\t\t\t\t<\/span>\n\t\t\t\t<\/div><!-- .entry-taxonomies -->\n\t<h6 class=\"entry-title\"><a href=\"https:\/\/tolunacorporate.com\/fr\/lavis-des-francais-concernant-le-retour-des-equipes-nationales-sur-le-tour-de-france\/\" rel=\"bookmark\">L\u2019avis des Fran\u00e7ais concernant le retour des \u00e9quipes nationales sur le Tour de France<\/a><\/h6><\/header><!-- .entry-header -->\n<footer class=\"entry-footer\">\n\t\t\t<div class=\"entry-actions\">\n\t\t\t<p class=\"more-link-wrap\">\n\t\t\t\t<a href=\"https:\/\/tolunacorporate.com\/fr\/lavis-des-francais-concernant-le-retour-des-equipes-nationales-sur-le-tour-de-france\/\" class=\"post-more-link\">\n\t\t\t\t\tEN SAVOIR PLUS<span class=\"screen-reader-text\"> L\u2019avis des Fran\u00e7ais concernant le retour des \u00e9quipes nationales sur le Tour de France<\/span><span class=\"toluna-svg-iconset svg-baseline\"><svg width=\"24\" height=\"25\" viewBox=\"0 0 24 25\" fill=\"none\" xmlns=\"http:\/\/www.w3.org\/2000\/svg\"><g clip-path=\"url(#clip0_3349_8828)\"><path d=\"M7.38048 21.9288C7.87048 22.4188 8.66048 22.4188 9.15048 21.9288L17.4605 13.6187C17.8505 13.2287 17.8505 12.5988 17.4605 12.2087L9.15048 3.89875C8.66048 3.40875 7.87048 3.40875 7.38048 3.89875C6.89048 4.38875 6.89048 5.17875 7.38048 5.66875L14.6205 12.9187L7.37048 20.1688C6.89048 20.6488 6.89048 21.4488 7.38048 21.9288Z\" fill=\"#007EE2\"\/><\/g><defs><clipPath id=\"clip0_3349_8828\"><rect width=\"24\" height=\"24\" fill=\"white\" transform=\"translate(0 0.917969)\"\/><\/clipPath><\/defs><\/svg><\/span>\t\t\t\t<\/a>\n\t\t\t<\/p>\n\t\t<\/div><!-- .entry-actions -->\n\t\t<\/footer><!-- .entry-footer -->\n\t<\/div>\n<\/article>\n<article class=\"entry content-bg loop-entry post-15061 post type-post status-publish format-standard has-post-thumbnail hentry category-france-fr tag-poll-2\">\n\t    <!-- toluna-thumbnail-ratio-1-1 -->\n\t\t<a class=\"post-thumbnail\" href=\"https:\/\/tolunacorporate.com\/fr\/questions-de-communication-tilder-bfm-business-hebdocom-vague-29\/\">\n\t\t\t<div class=\"post-thumbnail-inner\">\n\t\t\t\t<img decoding=\"async\" width=\"293\" height=\"294\" src=\"https:\/\/tolunacorporate.com\/wp-content\/uploads\/2025\/05\/Questions-de-communication-\u2013-Tilder-BFM-Business-\u2013-Hebdocom-\u2013-Vague-29.png\" class=\"attachment-large size-large wp-post-image\" alt=\"Questions de communication \u2013 Tilder-BFM Business \u2013 Hebdocom \u2013 Vague 29\" srcset=\"https:\/\/tolunacorporate.com\/wp-content\/uploads\/2025\/05\/Questions-de-communication-\u2013-Tilder-BFM-Business-\u2013-Hebdocom-\u2013-Vague-29.png 293w, https:\/\/tolunacorporate.com\/wp-content\/uploads\/2025\/05\/Questions-de-communication-\u2013-Tilder-BFM-Business-\u2013-Hebdocom-\u2013-Vague-29-150x150.png 150w\" sizes=\"(max-width: 293px) 100vw, 293px\" style=\"width:100%;height:100.34%;max-width:293px;\" \/>\t\t\t<\/div>\n\t\t<\/a><!-- .post-thumbnail -->\n\t\t\t<div class=\"entry-content-wrap\">\n\t\t<header class=\"entry-header\">\n\t\t<div class=\"entry-taxonomies\">\n\t\t\t\t\t\t<span class=\"posted-on\">\n\t\t\t\t\t<svg width=\"20\" height=\"22\" viewBox=\"0 0 20 22\" fill=\"none\" xmlns=\"http:\/\/www.w3.org\/2000\/svg\"><path d=\"M18 2H17V1C17 0.45 16.55 0 16 0C15.45 0 15 0.45 15 1V2H5V1C5 0.45 4.55 0 4 0C3.45 0 3 0.45 3 1V2H2C0.9 2 0 2.9 0 4V20C0 21.1 0.9 22 2 22H18C19.1 22 20 21.1 20 20V4C20 2.9 19.1 2 18 2ZM17 20H3C2.45 20 2 19.55 2 19V7H18V19C18 19.55 17.55 20 17 20Z\" fill=\"#007EE2\"\/><\/svg>\n\t\t\t\t\t<time class=\"entry-date published\" datetime=\"2023-06-22T10:09:07+02:00\">22 Juin 2023<\/time><time class=\"updated\" datetime=\"2025-05-09T18:00:29+02:00\">9 mai 2025<\/time>\t\t\t\t<\/span>\n\t\t\t\t<\/div><!-- .entry-taxonomies -->\n\t<h6 class=\"entry-title\"><a href=\"https:\/\/tolunacorporate.com\/fr\/questions-de-communication-tilder-bfm-business-hebdocom-vague-29\/\" rel=\"bookmark\">Questions de communication \u2013 Tilder-BFM Business \u2013 Hebdocom \u2013 Vague 29<\/a><\/h6><\/header><!-- .entry-header -->\n<footer class=\"entry-footer\">\n\t\t\t<div class=\"entry-actions\">\n\t\t\t<p class=\"more-link-wrap\">\n\t\t\t\t<a href=\"https:\/\/tolunacorporate.com\/fr\/questions-de-communication-tilder-bfm-business-hebdocom-vague-29\/\" class=\"post-more-link\">\n\t\t\t\t\tEN SAVOIR PLUS<span class=\"screen-reader-text\"> Questions de communication \u2013 Tilder-BFM Business \u2013 Hebdocom \u2013 Vague 29<\/span><span class=\"toluna-svg-iconset svg-baseline\"><svg width=\"24\" height=\"25\" viewBox=\"0 0 24 25\" fill=\"none\" xmlns=\"http:\/\/www.w3.org\/2000\/svg\"><g clip-path=\"url(#clip0_3349_8828)\"><path d=\"M7.38048 21.9288C7.87048 22.4188 8.66048 22.4188 9.15048 21.9288L17.4605 13.6187C17.8505 13.2287 17.8505 12.5988 17.4605 12.2087L9.15048 3.89875C8.66048 3.40875 7.87048 3.40875 7.38048 3.89875C6.89048 4.38875 6.89048 5.17875 7.38048 5.66875L14.6205 12.9187L7.37048 20.1688C6.89048 20.6488 6.89048 21.4488 7.38048 21.9288Z\" fill=\"#007EE2\"\/><\/g><defs><clipPath id=\"clip0_3349_8828\"><rect width=\"24\" height=\"24\" fill=\"white\" transform=\"translate(0 0.917969)\"\/><\/clipPath><\/defs><\/svg><\/span>\t\t\t\t<\/a>\n\t\t\t<\/p>\n\t\t<\/div><!-- .entry-actions -->\n\t\t<\/footer><!-- .entry-footer -->\n\t<\/div>\n<\/article>\n<article class=\"entry content-bg loop-entry post-15070 post type-post status-publish format-standard has-post-thumbnail hentry category-france-fr tag-poll-2\">\n\t    <!-- toluna-thumbnail-ratio-1-1 -->\n\t\t<a class=\"post-thumbnail\" href=\"https:\/\/tolunacorporate.com\/fr\/la-securite-des-deux-roues-motorises-quels-comportements-quelles-attentes-de-la-part-des-conducteurs-a-legard-des-assurances-vague-3\/\">\n\t\t\t<div class=\"post-thumbnail-inner\">\n\t\t\t\t<img decoding=\"async\" width=\"293\" height=\"294\" src=\"https:\/\/tolunacorporate.com\/wp-content\/uploads\/2025\/05\/La-securite-des-deux-roues-motorises.jpg\" class=\"attachment-large size-large wp-post-image\" alt=\"La s\u00e9curit\u00e9 des deux-roues motoris\u00e9s : quels comportements ? Quelles attentes de la part des conducteurs \u00e0 l\u2019\u00e9gard des assurances ? Vague 3\" srcset=\"https:\/\/tolunacorporate.com\/wp-content\/uploads\/2025\/05\/La-securite-des-deux-roues-motorises.jpg 293w, https:\/\/tolunacorporate.com\/wp-content\/uploads\/2025\/05\/La-securite-des-deux-roues-motorises-150x150.jpg 150w\" sizes=\"(max-width: 293px) 100vw, 293px\" style=\"width:100%;height:100.34%;max-width:293px;\" \/>\t\t\t<\/div>\n\t\t<\/a><!-- .post-thumbnail -->\n\t\t\t<div class=\"entry-content-wrap\">\n\t\t<header class=\"entry-header\">\n\t\t<div class=\"entry-taxonomies\">\n\t\t\t\t\t\t<span class=\"posted-on\">\n\t\t\t\t\t<svg width=\"20\" height=\"22\" viewBox=\"0 0 20 22\" fill=\"none\" xmlns=\"http:\/\/www.w3.org\/2000\/svg\"><path d=\"M18 2H17V1C17 0.45 16.55 0 16 0C15.45 0 15 0.45 15 1V2H5V1C5 0.45 4.55 0 4 0C3.45 0 3 0.45 3 1V2H2C0.9 2 0 2.9 0 4V20C0 21.1 0.9 22 2 22H18C19.1 22 20 21.1 20 20V4C20 2.9 19.1 2 18 2ZM17 20H3C2.45 20 2 19.55 2 19V7H18V19C18 19.55 17.55 20 17 20Z\" fill=\"#007EE2\"\/><\/svg>\n\t\t\t\t\t<time class=\"entry-date published\" datetime=\"2023-06-21T10:10:46+02:00\">21 Juin 2023<\/time><time class=\"updated\" datetime=\"2025-05-09T17:51:33+02:00\">9 mai 2025<\/time>\t\t\t\t<\/span>\n\t\t\t\t<\/div><!-- .entry-taxonomies -->\n\t<h6 class=\"entry-title\"><a href=\"https:\/\/tolunacorporate.com\/fr\/la-securite-des-deux-roues-motorises-quels-comportements-quelles-attentes-de-la-part-des-conducteurs-a-legard-des-assurances-vague-3\/\" rel=\"bookmark\">La s\u00e9curit\u00e9 des deux-roues motoris\u00e9s : quels comportements ? Quelles attentes de la part des conducteurs \u00e0 l\u2019\u00e9gard des assurances ? Vague 3<\/a><\/h6><\/header><!-- .entry-header -->\n<footer class=\"entry-footer\">\n\t\t\t<div class=\"entry-actions\">\n\t\t\t<p class=\"more-link-wrap\">\n\t\t\t\t<a href=\"https:\/\/tolunacorporate.com\/fr\/la-securite-des-deux-roues-motorises-quels-comportements-quelles-attentes-de-la-part-des-conducteurs-a-legard-des-assurances-vague-3\/\" class=\"post-more-link\">\n\t\t\t\t\tEN SAVOIR PLUS<span class=\"screen-reader-text\"> La s\u00e9curit\u00e9 des deux-roues motoris\u00e9s : quels comportements ? Quelles attentes de la part des conducteurs \u00e0 l\u2019\u00e9gard des assurances ? Vague 3<\/span><span class=\"toluna-svg-iconset svg-baseline\"><svg width=\"24\" height=\"25\" viewBox=\"0 0 24 25\" fill=\"none\" xmlns=\"http:\/\/www.w3.org\/2000\/svg\"><g clip-path=\"url(#clip0_3349_8828)\"><path d=\"M7.38048 21.9288C7.87048 22.4188 8.66048 22.4188 9.15048 21.9288L17.4605 13.6187C17.8505 13.2287 17.8505 12.5988 17.4605 12.2087L9.15048 3.89875C8.66048 3.40875 7.87048 3.40875 7.38048 3.89875C6.89048 4.38875 6.89048 5.17875 7.38048 5.66875L14.6205 12.9187L7.37048 20.1688C6.89048 20.6488 6.89048 21.4488 7.38048 21.9288Z\" fill=\"#007EE2\"\/><\/g><defs><clipPath id=\"clip0_3349_8828\"><rect width=\"24\" height=\"24\" fill=\"white\" transform=\"translate(0 0.917969)\"\/><\/clipPath><\/defs><\/svg><\/span>\t\t\t\t<\/a>\n\t\t\t<\/p>\n\t\t<\/div><!-- .entry-actions -->\n\t\t<\/footer><!-- .entry-footer -->\n\t<\/div>\n<\/article>\n<article class=\"entry content-bg loop-entry post-15116 post type-post status-publish format-standard has-post-thumbnail hentry category-france-fr tag-poll-2\">\n\t    <!-- toluna-thumbnail-ratio-1-1 -->\n\t\t<a class=\"post-thumbnail\" href=\"https:\/\/tolunacorporate.com\/fr\/les-francais-et-limpact-de-linflation-sur-les-loisirs-et-les-projets-de-renovation\/\">\n\t\t\t<div class=\"post-thumbnail-inner\">\n\t\t\t\t<img decoding=\"async\" width=\"293\" height=\"294\" src=\"https:\/\/tolunacorporate.com\/wp-content\/uploads\/2025\/05\/Les-Francais-et-limpact-de-linflation-sur-les-loisirs-et-les-projets-de-renovation.jpg\" class=\"attachment-large size-large wp-post-image\" alt=\"Les Fran\u00e7ais et l\u2019impact de l\u2019inflation sur les loisirs et les projets de r\u00e9novation\" srcset=\"https:\/\/tolunacorporate.com\/wp-content\/uploads\/2025\/05\/Les-Francais-et-limpact-de-linflation-sur-les-loisirs-et-les-projets-de-renovation.jpg 293w, https:\/\/tolunacorporate.com\/wp-content\/uploads\/2025\/05\/Les-Francais-et-limpact-de-linflation-sur-les-loisirs-et-les-projets-de-renovation-150x150.jpg 150w\" sizes=\"(max-width: 293px) 100vw, 293px\" style=\"width:100%;height:100.34%;max-width:293px;\" \/>\t\t\t<\/div>\n\t\t<\/a><!-- .post-thumbnail -->\n\t\t\t<div class=\"entry-content-wrap\">\n\t\t<header class=\"entry-header\">\n\t\t<div class=\"entry-taxonomies\">\n\t\t\t\t\t\t<span class=\"posted-on\">\n\t\t\t\t\t<svg width=\"20\" height=\"22\" viewBox=\"0 0 20 22\" fill=\"none\" xmlns=\"http:\/\/www.w3.org\/2000\/svg\"><path d=\"M18 2H17V1C17 0.45 16.55 0 16 0C15.45 0 15 0.45 15 1V2H5V1C5 0.45 4.55 0 4 0C3.45 0 3 0.45 3 1V2H2C0.9 2 0 2.9 0 4V20C0 21.1 0.9 22 2 22H18C19.1 22 20 21.1 20 20V4C20 2.9 19.1 2 18 2ZM17 20H3C2.45 20 2 19.55 2 19V7H18V19C18 19.55 17.55 20 17 20Z\" fill=\"#007EE2\"\/><\/svg>\n\t\t\t\t\t<time class=\"entry-date published\" datetime=\"2023-06-20T17:15:30+02:00\">20 Juin 2023<\/time><time class=\"updated\" datetime=\"2025-05-09T17:43:28+02:00\">9 mai 2025<\/time>\t\t\t\t<\/span>\n\t\t\t\t<\/div><!-- .entry-taxonomies -->\n\t<h6 class=\"entry-title\"><a href=\"https:\/\/tolunacorporate.com\/fr\/les-francais-et-limpact-de-linflation-sur-les-loisirs-et-les-projets-de-renovation\/\" rel=\"bookmark\">Les Fran\u00e7ais et l\u2019impact de l\u2019inflation sur les loisirs et les projets de r\u00e9novation<\/a><\/h6><\/header><!-- .entry-header -->\n<footer class=\"entry-footer\">\n\t\t\t<div class=\"entry-actions\">\n\t\t\t<p class=\"more-link-wrap\">\n\t\t\t\t<a href=\"https:\/\/tolunacorporate.com\/fr\/les-francais-et-limpact-de-linflation-sur-les-loisirs-et-les-projets-de-renovation\/\" class=\"post-more-link\">\n\t\t\t\t\tEN SAVOIR PLUS<span class=\"screen-reader-text\"> Les Fran\u00e7ais et l\u2019impact de l\u2019inflation sur les loisirs et les projets de r\u00e9novation<\/span><span class=\"toluna-svg-iconset svg-baseline\"><svg width=\"24\" height=\"25\" viewBox=\"0 0 24 25\" fill=\"none\" xmlns=\"http:\/\/www.w3.org\/2000\/svg\"><g clip-path=\"url(#clip0_3349_8828)\"><path d=\"M7.38048 21.9288C7.87048 22.4188 8.66048 22.4188 9.15048 21.9288L17.4605 13.6187C17.8505 13.2287 17.8505 12.5988 17.4605 12.2087L9.15048 3.89875C8.66048 3.40875 7.87048 3.40875 7.38048 3.89875C6.89048 4.38875 6.89048 5.17875 7.38048 5.66875L14.6205 12.9187L7.37048 20.1688C6.89048 20.6488 6.89048 21.4488 7.38048 21.9288Z\" fill=\"#007EE2\"\/><\/g><defs><clipPath id=\"clip0_3349_8828\"><rect width=\"24\" height=\"24\" fill=\"white\" transform=\"translate(0 0.917969)\"\/><\/clipPath><\/defs><\/svg><\/span>\t\t\t\t<\/a>\n\t\t\t<\/p>\n\t\t<\/div><!-- .entry-actions -->\n\t\t<\/footer><!-- .entry-footer -->\n\t<\/div>\n<\/article>\n<article class=\"entry content-bg loop-entry post-15134 post type-post status-publish format-standard has-post-thumbnail hentry category-france-fr tag-poll-2\">\n\t    <!-- toluna-thumbnail-ratio-1-1 -->\n\t\t<a class=\"post-thumbnail\" href=\"https:\/\/tolunacorporate.com\/fr\/les-reseaux-sociaux-pour-le-meilleur-et-pour-le-pire-enquete-2-3\/\">\n\t\t\t<div class=\"post-thumbnail-inner\">\n\t\t\t\t<img decoding=\"async\" width=\"293\" height=\"294\" src=\"https:\/\/tolunacorporate.com\/wp-content\/uploads\/2025\/05\/Les-reseaux-sociaux-pour-le-meilleur-et-pour-le-pire.jpg\" class=\"attachment-large size-large wp-post-image\" alt=\"Les r\u00e9seaux sociaux, pour le meilleur et pour le pire \u2013 Enqu\u00eate 2\/3\" srcset=\"https:\/\/tolunacorporate.com\/wp-content\/uploads\/2025\/05\/Les-reseaux-sociaux-pour-le-meilleur-et-pour-le-pire.jpg 293w, https:\/\/tolunacorporate.com\/wp-content\/uploads\/2025\/05\/Les-reseaux-sociaux-pour-le-meilleur-et-pour-le-pire-150x150.jpg 150w\" sizes=\"(max-width: 293px) 100vw, 293px\" style=\"width:100%;height:100.34%;max-width:293px;\" \/>\t\t\t<\/div>\n\t\t<\/a><!-- .post-thumbnail -->\n\t\t\t<div class=\"entry-content-wrap\">\n\t\t<header class=\"entry-header\">\n\t\t<div class=\"entry-taxonomies\">\n\t\t\t\t\t\t<span class=\"posted-on\">\n\t\t\t\t\t<svg width=\"20\" height=\"22\" viewBox=\"0 0 20 22\" fill=\"none\" xmlns=\"http:\/\/www.w3.org\/2000\/svg\"><path d=\"M18 2H17V1C17 0.45 16.55 0 16 0C15.45 0 15 0.45 15 1V2H5V1C5 0.45 4.55 0 4 0C3.45 0 3 0.45 3 1V2H2C0.9 2 0 2.9 0 4V20C0 21.1 0.9 22 2 22H18C19.1 22 20 21.1 20 20V4C20 2.9 19.1 2 18 2ZM17 20H3C2.45 20 2 19.55 2 19V7H18V19C18 19.55 17.55 20 17 20Z\" fill=\"#007EE2\"\/><\/svg>\n\t\t\t\t\t<time class=\"entry-date published\" datetime=\"2023-06-16T17:19:09+02:00\">16 Juin 2023<\/time><time class=\"updated\" datetime=\"2025-05-09T17:34:02+02:00\">9 mai 2025<\/time>\t\t\t\t<\/span>\n\t\t\t\t<\/div><!-- .entry-taxonomies -->\n\t<h6 class=\"entry-title\"><a href=\"https:\/\/tolunacorporate.com\/fr\/les-reseaux-sociaux-pour-le-meilleur-et-pour-le-pire-enquete-2-3\/\" rel=\"bookmark\">Les r\u00e9seaux sociaux, pour le meilleur et pour le pire \u2013 Enqu\u00eate 2\/3<\/a><\/h6><\/header><!-- .entry-header -->\n<footer class=\"entry-footer\">\n\t\t\t<div class=\"entry-actions\">\n\t\t\t<p class=\"more-link-wrap\">\n\t\t\t\t<a href=\"https:\/\/tolunacorporate.com\/fr\/les-reseaux-sociaux-pour-le-meilleur-et-pour-le-pire-enquete-2-3\/\" class=\"post-more-link\">\n\t\t\t\t\tEN SAVOIR PLUS<span class=\"screen-reader-text\"> Les r\u00e9seaux sociaux, pour le meilleur et pour le pire \u2013 Enqu\u00eate 2\/3<\/span><span class=\"toluna-svg-iconset svg-baseline\"><svg width=\"24\" height=\"25\" viewBox=\"0 0 24 25\" fill=\"none\" xmlns=\"http:\/\/www.w3.org\/2000\/svg\"><g clip-path=\"url(#clip0_3349_8828)\"><path d=\"M7.38048 21.9288C7.87048 22.4188 8.66048 22.4188 9.15048 21.9288L17.4605 13.6187C17.8505 13.2287 17.8505 12.5988 17.4605 12.2087L9.15048 3.89875C8.66048 3.40875 7.87048 3.40875 7.38048 3.89875C6.89048 4.38875 6.89048 5.17875 7.38048 5.66875L14.6205 12.9187L7.37048 20.1688C6.89048 20.6488 6.89048 21.4488 7.38048 21.9288Z\" fill=\"#007EE2\"\/><\/g><defs><clipPath id=\"clip0_3349_8828\"><rect width=\"24\" height=\"24\" fill=\"white\" transform=\"translate(0 0.917969)\"\/><\/clipPath><\/defs><\/svg><\/span>\t\t\t\t<\/a>\n\t\t\t<\/p>\n\t\t<\/div><!-- .entry-actions -->\n\t\t<\/footer><!-- .entry-footer -->\n\t<\/div>\n<\/article>\n<article class=\"entry content-bg loop-entry post-15125 post type-post status-publish format-standard has-post-thumbnail hentry category-france-fr tag-poll-2\">\n\t    <!-- toluna-thumbnail-ratio-1-1 -->\n\t\t<a class=\"post-thumbnail\" href=\"https:\/\/tolunacorporate.com\/fr\/le-regard-des-francais-sur-les-masseurs-kinesitherapeutes\/\">\n\t\t\t<div class=\"post-thumbnail-inner\">\n\t\t\t\t<img decoding=\"async\" width=\"293\" height=\"294\" src=\"https:\/\/tolunacorporate.com\/wp-content\/uploads\/2025\/05\/Le-regard-des-Francais-sur-les-masseurs-kinesitherapeutes.jpg\" class=\"attachment-large size-large wp-post-image\" alt=\"Le regard des Fran\u00e7ais sur les masseurs-kin\u00e9sith\u00e9rapeutes\" srcset=\"https:\/\/tolunacorporate.com\/wp-content\/uploads\/2025\/05\/Le-regard-des-Francais-sur-les-masseurs-kinesitherapeutes.jpg 293w, https:\/\/tolunacorporate.com\/wp-content\/uploads\/2025\/05\/Le-regard-des-Francais-sur-les-masseurs-kinesitherapeutes-150x150.jpg 150w\" sizes=\"(max-width: 293px) 100vw, 293px\" style=\"width:100%;height:100.34%;max-width:293px;\" \/>\t\t\t<\/div>\n\t\t<\/a><!-- .post-thumbnail -->\n\t\t\t<div class=\"entry-content-wrap\">\n\t\t<header class=\"entry-header\">\n\t\t<div class=\"entry-taxonomies\">\n\t\t\t\t\t\t<span class=\"posted-on\">\n\t\t\t\t\t<svg width=\"20\" height=\"22\" viewBox=\"0 0 20 22\" fill=\"none\" xmlns=\"http:\/\/www.w3.org\/2000\/svg\"><path d=\"M18 2H17V1C17 0.45 16.55 0 16 0C15.45 0 15 0.45 15 1V2H5V1C5 0.45 4.55 0 4 0C3.45 0 3 0.45 3 1V2H2C0.9 2 0 2.9 0 4V20C0 21.1 0.9 22 2 22H18C19.1 22 20 21.1 20 20V4C20 2.9 19.1 2 18 2ZM17 20H3C2.45 20 2 19.55 2 19V7H18V19C18 19.55 17.55 20 17 20Z\" fill=\"#007EE2\"\/><\/svg>\n\t\t\t\t\t<time class=\"entry-date published\" datetime=\"2023-06-16T17:17:23+02:00\">16 Juin 2023<\/time><time class=\"updated\" datetime=\"2025-05-09T17:18:53+02:00\">9 mai 2025<\/time>\t\t\t\t<\/span>\n\t\t\t\t<\/div><!-- .entry-taxonomies -->\n\t<h6 class=\"entry-title\"><a href=\"https:\/\/tolunacorporate.com\/fr\/le-regard-des-francais-sur-les-masseurs-kinesitherapeutes\/\" rel=\"bookmark\">Le regard des Fran\u00e7ais sur les masseurs-kin\u00e9sith\u00e9rapeutes<\/a><\/h6><\/header><!-- .entry-header -->\n<footer class=\"entry-footer\">\n\t\t\t<div class=\"entry-actions\">\n\t\t\t<p class=\"more-link-wrap\">\n\t\t\t\t<a href=\"https:\/\/tolunacorporate.com\/fr\/le-regard-des-francais-sur-les-masseurs-kinesitherapeutes\/\" class=\"post-more-link\">\n\t\t\t\t\tEN SAVOIR PLUS<span class=\"screen-reader-text\"> Le regard des Fran\u00e7ais sur les masseurs-kin\u00e9sith\u00e9rapeutes<\/span><span class=\"toluna-svg-iconset svg-baseline\"><svg width=\"24\" height=\"25\" viewBox=\"0 0 24 25\" fill=\"none\" xmlns=\"http:\/\/www.w3.org\/2000\/svg\"><g clip-path=\"url(#clip0_3349_8828)\"><path d=\"M7.38048 21.9288C7.87048 22.4188 8.66048 22.4188 9.15048 21.9288L17.4605 13.6187C17.8505 13.2287 17.8505 12.5988 17.4605 12.2087L9.15048 3.89875C8.66048 3.40875 7.87048 3.40875 7.38048 3.89875C6.89048 4.38875 6.89048 5.17875 7.38048 5.66875L14.6205 12.9187L7.37048 20.1688C6.89048 20.6488 6.89048 21.4488 7.38048 21.9288Z\" fill=\"#007EE2\"\/><\/g><defs><clipPath id=\"clip0_3349_8828\"><rect width=\"24\" height=\"24\" fill=\"white\" transform=\"translate(0 0.917969)\"\/><\/clipPath><\/defs><\/svg><\/span>\t\t\t\t<\/a>\n\t\t\t<\/p>\n\t\t<\/div><!-- .entry-actions -->\n\t\t<\/footer><!-- .entry-footer -->\n\t<\/div>\n<\/article>\n<article class=\"entry content-bg loop-entry post-15514 post type-post status-publish format-standard has-post-thumbnail hentry category-france-fr tag-poll-2\">\n\t    <!-- toluna-thumbnail-ratio-1-1 -->\n\t\t<a class=\"post-thumbnail\" href=\"https:\/\/tolunacorporate.com\/fr\/les-francais-et-limmobilier\/\">\n\t\t\t<div class=\"post-thumbnail-inner\">\n\t\t\t\t<img decoding=\"async\" width=\"293\" height=\"294\" src=\"https:\/\/tolunacorporate.com\/wp-content\/uploads\/2025\/05\/Les-Francais-et-limmobilier-1.jpg\" class=\"attachment-large size-large wp-post-image\" alt=\"Les Fran\u00e7ais et l\u2019immobilier\" srcset=\"https:\/\/tolunacorporate.com\/wp-content\/uploads\/2025\/05\/Les-Francais-et-limmobilier-1.jpg 293w, https:\/\/tolunacorporate.com\/wp-content\/uploads\/2025\/05\/Les-Francais-et-limmobilier-1-150x150.jpg 150w\" sizes=\"(max-width: 293px) 100vw, 293px\" style=\"width:100%;height:100.34%;max-width:293px;\" \/>\t\t\t<\/div>\n\t\t<\/a><!-- .post-thumbnail -->\n\t\t\t<div class=\"entry-content-wrap\">\n\t\t<header class=\"entry-header\">\n\t\t<div class=\"entry-taxonomies\">\n\t\t\t\t\t\t<span class=\"posted-on\">\n\t\t\t\t\t<svg width=\"20\" height=\"22\" viewBox=\"0 0 20 22\" fill=\"none\" xmlns=\"http:\/\/www.w3.org\/2000\/svg\"><path d=\"M18 2H17V1C17 0.45 16.55 0 16 0C15.45 0 15 0.45 15 1V2H5V1C5 0.45 4.55 0 4 0C3.45 0 3 0.45 3 1V2H2C0.9 2 0 2.9 0 4V20C0 21.1 0.9 22 2 22H18C19.1 22 20 21.1 20 20V4C20 2.9 19.1 2 18 2ZM17 20H3C2.45 20 2 19.55 2 19V7H18V19C18 19.55 17.55 20 17 20Z\" fill=\"#007EE2\"\/><\/svg>\n\t\t\t\t\t<time class=\"entry-date published\" datetime=\"2023-06-15T20:26:30+02:00\">15 Juin 2023<\/time><time class=\"updated\" datetime=\"2025-05-09T20:30:56+02:00\">9 mai 2025<\/time>\t\t\t\t<\/span>\n\t\t\t\t<\/div><!-- .entry-taxonomies -->\n\t<h6 class=\"entry-title\"><a href=\"https:\/\/tolunacorporate.com\/fr\/les-francais-et-limmobilier\/\" rel=\"bookmark\">Les Fran\u00e7ais et l\u2019immobilier<\/a><\/h6><\/header><!-- .entry-header -->\n<footer class=\"entry-footer\">\n\t\t\t<div class=\"entry-actions\">\n\t\t\t<p class=\"more-link-wrap\">\n\t\t\t\t<a href=\"https:\/\/tolunacorporate.com\/fr\/les-francais-et-limmobilier\/\" class=\"post-more-link\">\n\t\t\t\t\tEN SAVOIR PLUS<span class=\"screen-reader-text\"> Les Fran\u00e7ais et l\u2019immobilier<\/span><span class=\"toluna-svg-iconset svg-baseline\"><svg width=\"24\" height=\"25\" viewBox=\"0 0 24 25\" fill=\"none\" xmlns=\"http:\/\/www.w3.org\/2000\/svg\"><g clip-path=\"url(#clip0_3349_8828)\"><path d=\"M7.38048 21.9288C7.87048 22.4188 8.66048 22.4188 9.15048 21.9288L17.4605 13.6187C17.8505 13.2287 17.8505 12.5988 17.4605 12.2087L9.15048 3.89875C8.66048 3.40875 7.87048 3.40875 7.38048 3.89875C6.89048 4.38875 6.89048 5.17875 7.38048 5.66875L14.6205 12.9187L7.37048 20.1688C6.89048 20.6488 6.89048 21.4488 7.38048 21.9288Z\" fill=\"#007EE2\"\/><\/g><defs><clipPath id=\"clip0_3349_8828\"><rect width=\"24\" height=\"24\" fill=\"white\" transform=\"translate(0 0.917969)\"\/><\/clipPath><\/defs><\/svg><\/span>\t\t\t\t<\/a>\n\t\t\t<\/p>\n\t\t<\/div><!-- .entry-actions -->\n\t\t<\/footer><!-- .entry-footer -->\n\t<\/div>\n<\/article>\n<article class=\"entry content-bg loop-entry post-15489 post type-post status-publish format-standard has-post-thumbnail hentry category-france-fr tag-poll-2\">\n\t    <!-- toluna-thumbnail-ratio-1-1 -->\n\t\t<a class=\"post-thumbnail\" href=\"https:\/\/tolunacorporate.com\/fr\/questions-de-communication-tilder-bfm-business-hebdocom-vague-28\/\">\n\t\t\t<div class=\"post-thumbnail-inner\">\n\t\t\t\t<img decoding=\"async\" width=\"293\" height=\"294\" src=\"https:\/\/tolunacorporate.com\/wp-content\/uploads\/2025\/05\/Questions-de-communication-\u2013-Tilder-BFM-Business-\u2013-Hebdocom-\u2013-Vague-28.png\" class=\"attachment-large size-large wp-post-image\" alt=\"Questions de communication \u2013 Tilder-BFM Business \u2013 Hebdocom \u2013 Vague 28\" srcset=\"https:\/\/tolunacorporate.com\/wp-content\/uploads\/2025\/05\/Questions-de-communication-\u2013-Tilder-BFM-Business-\u2013-Hebdocom-\u2013-Vague-28.png 293w, https:\/\/tolunacorporate.com\/wp-content\/uploads\/2025\/05\/Questions-de-communication-\u2013-Tilder-BFM-Business-\u2013-Hebdocom-\u2013-Vague-28-150x150.png 150w\" sizes=\"(max-width: 293px) 100vw, 293px\" style=\"width:100%;height:100.34%;max-width:293px;\" \/>\t\t\t<\/div>\n\t\t<\/a><!-- .post-thumbnail -->\n\t\t\t<div class=\"entry-content-wrap\">\n\t\t<header class=\"entry-header\">\n\t\t<div class=\"entry-taxonomies\">\n\t\t\t\t\t\t<span class=\"posted-on\">\n\t\t\t\t\t<svg width=\"20\" height=\"22\" viewBox=\"0 0 20 22\" fill=\"none\" xmlns=\"http:\/\/www.w3.org\/2000\/svg\"><path d=\"M18 2H17V1C17 0.45 16.55 0 16 0C15.45 0 15 0.45 15 1V2H5V1C5 0.45 4.55 0 4 0C3.45 0 3 0.45 3 1V2H2C0.9 2 0 2.9 0 4V20C0 21.1 0.9 22 2 22H18C19.1 22 20 21.1 20 20V4C20 2.9 19.1 2 18 2ZM17 20H3C2.45 20 2 19.55 2 19V7H18V19C18 19.55 17.55 20 17 20Z\" fill=\"#007EE2\"\/><\/svg>\n\t\t\t\t\t<time class=\"entry-date published\" datetime=\"2023-06-15T20:20:53+02:00\">15 Juin 2023<\/time><time class=\"updated\" datetime=\"2025-05-09T20:25:07+02:00\">9 mai 2025<\/time>\t\t\t\t<\/span>\n\t\t\t\t<\/div><!-- .entry-taxonomies -->\n\t<h6 class=\"entry-title\"><a href=\"https:\/\/tolunacorporate.com\/fr\/questions-de-communication-tilder-bfm-business-hebdocom-vague-28\/\" rel=\"bookmark\">Questions de communication \u2013 Tilder-BFM Business \u2013 Hebdocom \u2013 Vague 28<\/a><\/h6><\/header><!-- .entry-header -->\n<footer class=\"entry-footer\">\n\t\t\t<div class=\"entry-actions\">\n\t\t\t<p class=\"more-link-wrap\">\n\t\t\t\t<a href=\"https:\/\/tolunacorporate.com\/fr\/questions-de-communication-tilder-bfm-business-hebdocom-vague-28\/\" class=\"post-more-link\">\n\t\t\t\t\tEN SAVOIR PLUS<span class=\"screen-reader-text\"> Questions de communication \u2013 Tilder-BFM Business \u2013 Hebdocom \u2013 Vague 28<\/span><span class=\"toluna-svg-iconset svg-baseline\"><svg width=\"24\" height=\"25\" viewBox=\"0 0 24 25\" fill=\"none\" xmlns=\"http:\/\/www.w3.org\/2000\/svg\"><g clip-path=\"url(#clip0_3349_8828)\"><path d=\"M7.38048 21.9288C7.87048 22.4188 8.66048 22.4188 9.15048 21.9288L17.4605 13.6187C17.8505 13.2287 17.8505 12.5988 17.4605 12.2087L9.15048 3.89875C8.66048 3.40875 7.87048 3.40875 7.38048 3.89875C6.89048 4.38875 6.89048 5.17875 7.38048 5.66875L14.6205 12.9187L7.37048 20.1688C6.89048 20.6488 6.89048 21.4488 7.38048 21.9288Z\" fill=\"#007EE2\"\/><\/g><defs><clipPath id=\"clip0_3349_8828\"><rect width=\"24\" height=\"24\" fill=\"white\" transform=\"translate(0 0.917969)\"\/><\/clipPath><\/defs><\/svg><\/span>\t\t\t\t<\/a>\n\t\t\t<\/p>\n\t\t<\/div><!-- .entry-actions -->\n\t\t<\/footer><!-- .entry-footer -->\n\t<\/div>\n<\/article>\n<article class=\"entry content-bg loop-entry post-15539 post type-post status-publish format-standard has-post-thumbnail hentry category-france-fr tag-poll-2\">\n\t    <!-- toluna-thumbnail-ratio-1-1 -->\n\t\t<a class=\"post-thumbnail\" href=\"https:\/\/tolunacorporate.com\/fr\/le-regard-des-europeens-sur-les-innovations-technologiques-et-lintelligence-artificielle\/\">\n\t\t\t<div class=\"post-thumbnail-inner\">\n\t\t\t\t<img decoding=\"async\" width=\"293\" height=\"294\" src=\"https:\/\/tolunacorporate.com\/wp-content\/uploads\/2025\/05\/Le-regard-des-Europeens-sur-les-innovations-technologiques-et-lintelligence-artificielle.jpg\" class=\"attachment-large size-large wp-post-image\" alt=\"Le regard des Europ\u00e9ens sur les innovations technologiques et l\u2019intelligence artificielle\" srcset=\"https:\/\/tolunacorporate.com\/wp-content\/uploads\/2025\/05\/Le-regard-des-Europeens-sur-les-innovations-technologiques-et-lintelligence-artificielle.jpg 293w, https:\/\/tolunacorporate.com\/wp-content\/uploads\/2025\/05\/Le-regard-des-Europeens-sur-les-innovations-technologiques-et-lintelligence-artificielle-150x150.jpg 150w\" sizes=\"(max-width: 293px) 100vw, 293px\" style=\"width:100%;height:100.34%;max-width:293px;\" \/>\t\t\t<\/div>\n\t\t<\/a><!-- .post-thumbnail -->\n\t\t\t<div class=\"entry-content-wrap\">\n\t\t<header class=\"entry-header\">\n\t\t<div class=\"entry-taxonomies\">\n\t\t\t\t\t\t<span class=\"posted-on\">\n\t\t\t\t\t<svg width=\"20\" height=\"22\" viewBox=\"0 0 20 22\" fill=\"none\" xmlns=\"http:\/\/www.w3.org\/2000\/svg\"><path d=\"M18 2H17V1C17 0.45 16.55 0 16 0C15.45 0 15 0.45 15 1V2H5V1C5 0.45 4.55 0 4 0C3.45 0 3 0.45 3 1V2H2C0.9 2 0 2.9 0 4V20C0 21.1 0.9 22 2 22H18C19.1 22 20 21.1 20 20V4C20 2.9 19.1 2 18 2ZM17 20H3C2.45 20 2 19.55 2 19V7H18V19C18 19.55 17.55 20 17 20Z\" fill=\"#007EE2\"\/><\/svg>\n\t\t\t\t\t<time class=\"entry-date published\" datetime=\"2023-06-14T20:31:17+02:00\">14 Juin 2023<\/time><time class=\"updated\" datetime=\"2025-05-09T20:32:58+02:00\">9 mai 2025<\/time>\t\t\t\t<\/span>\n\t\t\t\t<\/div><!-- .entry-taxonomies -->\n\t<h6 class=\"entry-title\"><a href=\"https:\/\/tolunacorporate.com\/fr\/le-regard-des-europeens-sur-les-innovations-technologiques-et-lintelligence-artificielle\/\" rel=\"bookmark\">Le regard des Europ\u00e9ens sur les innovations technologiques et l\u2019intelligence artificielle<\/a><\/h6><\/header><!-- .entry-header -->\n<footer class=\"entry-footer\">\n\t\t\t<div class=\"entry-actions\">\n\t\t\t<p class=\"more-link-wrap\">\n\t\t\t\t<a href=\"https:\/\/tolunacorporate.com\/fr\/le-regard-des-europeens-sur-les-innovations-technologiques-et-lintelligence-artificielle\/\" class=\"post-more-link\">\n\t\t\t\t\tEN SAVOIR PLUS<span class=\"screen-reader-text\"> Le regard des Europ\u00e9ens sur les innovations technologiques et l\u2019intelligence artificielle<\/span><span class=\"toluna-svg-iconset svg-baseline\"><svg width=\"24\" height=\"25\" viewBox=\"0 0 24 25\" fill=\"none\" xmlns=\"http:\/\/www.w3.org\/2000\/svg\"><g clip-path=\"url(#clip0_3349_8828)\"><path d=\"M7.38048 21.9288C7.87048 22.4188 8.66048 22.4188 9.15048 21.9288L17.4605 13.6187C17.8505 13.2287 17.8505 12.5988 17.4605 12.2087L9.15048 3.89875C8.66048 3.40875 7.87048 3.40875 7.38048 3.89875C6.89048 4.38875 6.89048 5.17875 7.38048 5.66875L14.6205 12.9187L7.37048 20.1688C6.89048 20.6488 6.89048 21.4488 7.38048 21.9288Z\" fill=\"#007EE2\"\/><\/g><defs><clipPath id=\"clip0_3349_8828\"><rect width=\"24\" height=\"24\" fill=\"white\" transform=\"translate(0 0.917969)\"\/><\/clipPath><\/defs><\/svg><\/span>\t\t\t\t<\/a>\n\t\t\t<\/p>\n\t\t<\/div><!-- .entry-actions -->\n\t\t<\/footer><!-- .entry-footer -->\n\t<\/div>\n<\/article>\n<article class=\"entry content-bg loop-entry post-15548 post type-post status-publish format-standard has-post-thumbnail hentry category-france-fr tag-poll-2\">\n\t    <!-- toluna-thumbnail-ratio-1-1 -->\n\t\t<a class=\"post-thumbnail\" href=\"https:\/\/tolunacorporate.com\/fr\/questions-de-communication-tilder-bfm-business-hebdocom-vague-27\/\">\n\t\t\t<div class=\"post-thumbnail-inner\">\n\t\t\t\t<img decoding=\"async\" width=\"293\" height=\"294\" src=\"https:\/\/tolunacorporate.com\/wp-content\/uploads\/2025\/05\/Questions-de-communication-\u2013-Tilder-BFM-Business-\u2013-Hebdocom-\u2013-Vague-27.png\" class=\"attachment-large size-large wp-post-image\" alt=\"Questions de communication \u2013 Tilder-BFM Business \u2013 Hebdocom \u2013 Vague 27\" srcset=\"https:\/\/tolunacorporate.com\/wp-content\/uploads\/2025\/05\/Questions-de-communication-\u2013-Tilder-BFM-Business-\u2013-Hebdocom-\u2013-Vague-27.png 293w, https:\/\/tolunacorporate.com\/wp-content\/uploads\/2025\/05\/Questions-de-communication-\u2013-Tilder-BFM-Business-\u2013-Hebdocom-\u2013-Vague-27-150x150.png 150w\" sizes=\"(max-width: 293px) 100vw, 293px\" style=\"width:100%;height:100.34%;max-width:293px;\" \/>\t\t\t<\/div>\n\t\t<\/a><!-- .post-thumbnail -->\n\t\t\t<div class=\"entry-content-wrap\">\n\t\t<header class=\"entry-header\">\n\t\t<div class=\"entry-taxonomies\">\n\t\t\t\t\t\t<span class=\"posted-on\">\n\t\t\t\t\t<svg width=\"20\" height=\"22\" viewBox=\"0 0 20 22\" fill=\"none\" xmlns=\"http:\/\/www.w3.org\/2000\/svg\"><path d=\"M18 2H17V1C17 0.45 16.55 0 16 0C15.45 0 15 0.45 15 1V2H5V1C5 0.45 4.55 0 4 0C3.45 0 3 0.45 3 1V2H2C0.9 2 0 2.9 0 4V20C0 21.1 0.9 22 2 22H18C19.1 22 20 21.1 20 20V4C20 2.9 19.1 2 18 2ZM17 20H3C2.45 20 2 19.55 2 19V7H18V19C18 19.55 17.55 20 17 20Z\" fill=\"#007EE2\"\/><\/svg>\n\t\t\t\t\t<time class=\"entry-date published\" datetime=\"2023-06-08T20:33:26+02:00\">8 Juin 2023<\/time><time class=\"updated\" datetime=\"2025-05-09T20:36:48+02:00\">9 mai 2025<\/time>\t\t\t\t<\/span>\n\t\t\t\t<\/div><!-- .entry-taxonomies -->\n\t<h6 class=\"entry-title\"><a href=\"https:\/\/tolunacorporate.com\/fr\/questions-de-communication-tilder-bfm-business-hebdocom-vague-27\/\" rel=\"bookmark\">Questions de communication \u2013 Tilder-BFM Business \u2013 Hebdocom \u2013 Vague 27<\/a><\/h6><\/header><!-- .entry-header -->\n<footer class=\"entry-footer\">\n\t\t\t<div class=\"entry-actions\">\n\t\t\t<p class=\"more-link-wrap\">\n\t\t\t\t<a href=\"https:\/\/tolunacorporate.com\/fr\/questions-de-communication-tilder-bfm-business-hebdocom-vague-27\/\" class=\"post-more-link\">\n\t\t\t\t\tEN SAVOIR PLUS<span class=\"screen-reader-text\"> Questions de communication \u2013 Tilder-BFM Business \u2013 Hebdocom \u2013 Vague 27<\/span><span class=\"toluna-svg-iconset svg-baseline\"><svg width=\"24\" height=\"25\" viewBox=\"0 0 24 25\" fill=\"none\" xmlns=\"http:\/\/www.w3.org\/2000\/svg\"><g clip-path=\"url(#clip0_3349_8828)\"><path d=\"M7.38048 21.9288C7.87048 22.4188 8.66048 22.4188 9.15048 21.9288L17.4605 13.6187C17.8505 13.2287 17.8505 12.5988 17.4605 12.2087L9.15048 3.89875C8.66048 3.40875 7.87048 3.40875 7.38048 3.89875C6.89048 4.38875 6.89048 5.17875 7.38048 5.66875L14.6205 12.9187L7.37048 20.1688C6.89048 20.6488 6.89048 21.4488 7.38048 21.9288Z\" fill=\"#007EE2\"\/><\/g><defs><clipPath id=\"clip0_3349_8828\"><rect width=\"24\" height=\"24\" fill=\"white\" transform=\"translate(0 0.917969)\"\/><\/clipPath><\/defs><\/svg><\/span>\t\t\t\t<\/a>\n\t\t\t<\/p>\n\t\t<\/div><!-- .entry-actions -->\n\t\t<\/footer><!-- .entry-footer -->\n\t<\/div>\n<\/article>\n<article class=\"entry content-bg loop-entry post-15598 post type-post status-publish format-standard has-post-thumbnail hentry category-france-fr tag-poll-2\">\n\t    <!-- toluna-thumbnail-ratio-1-1 -->\n\t\t<a class=\"post-thumbnail\" href=\"https:\/\/tolunacorporate.com\/fr\/la-perception-des-parlementaires-face-aux-enjeux-des-menaces-sanitaires-globales\/\">\n\t\t\t<div class=\"post-thumbnail-inner\">\n\t\t\t\t<img decoding=\"async\" width=\"293\" height=\"294\" src=\"https:\/\/tolunacorporate.com\/wp-content\/uploads\/2025\/05\/La-perception-des-parlementaires-face-aux-enjeux-des-menaces-sanitaires-globales.jpg\" class=\"attachment-large size-large wp-post-image\" alt=\"La perception des parlementaires face aux enjeux des menaces sanitaires globales\" srcset=\"https:\/\/tolunacorporate.com\/wp-content\/uploads\/2025\/05\/La-perception-des-parlementaires-face-aux-enjeux-des-menaces-sanitaires-globales.jpg 293w, https:\/\/tolunacorporate.com\/wp-content\/uploads\/2025\/05\/La-perception-des-parlementaires-face-aux-enjeux-des-menaces-sanitaires-globales-150x150.jpg 150w\" sizes=\"(max-width: 293px) 100vw, 293px\" style=\"width:100%;height:100.34%;max-width:293px;\" \/>\t\t\t<\/div>\n\t\t<\/a><!-- .post-thumbnail -->\n\t\t\t<div class=\"entry-content-wrap\">\n\t\t<header class=\"entry-header\">\n\t\t<div class=\"entry-taxonomies\">\n\t\t\t\t\t\t<span class=\"posted-on\">\n\t\t\t\t\t<svg width=\"20\" height=\"22\" viewBox=\"0 0 20 22\" fill=\"none\" xmlns=\"http:\/\/www.w3.org\/2000\/svg\"><path d=\"M18 2H17V1C17 0.45 16.55 0 16 0C15.45 0 15 0.45 15 1V2H5V1C5 0.45 4.55 0 4 0C3.45 0 3 0.45 3 1V2H2C0.9 2 0 2.9 0 4V20C0 21.1 0.9 22 2 22H18C19.1 22 20 21.1 20 20V4C20 2.9 19.1 2 18 2ZM17 20H3C2.45 20 2 19.55 2 19V7H18V19C18 19.55 17.55 20 17 20Z\" fill=\"#007EE2\"\/><\/svg>\n\t\t\t\t\t<time class=\"entry-date published\" datetime=\"2023-06-05T20:41:59+02:00\">5 Juin 2023<\/time><time class=\"updated\" datetime=\"2025-05-09T20:46:33+02:00\">9 mai 2025<\/time>\t\t\t\t<\/span>\n\t\t\t\t<\/div><!-- .entry-taxonomies -->\n\t<h6 class=\"entry-title\"><a href=\"https:\/\/tolunacorporate.com\/fr\/la-perception-des-parlementaires-face-aux-enjeux-des-menaces-sanitaires-globales\/\" rel=\"bookmark\">La perception des parlementaires face aux enjeux des menaces sanitaires globales<\/a><\/h6><\/header><!-- .entry-header -->\n<footer class=\"entry-footer\">\n\t\t\t<div class=\"entry-actions\">\n\t\t\t<p class=\"more-link-wrap\">\n\t\t\t\t<a href=\"https:\/\/tolunacorporate.com\/fr\/la-perception-des-parlementaires-face-aux-enjeux-des-menaces-sanitaires-globales\/\" class=\"post-more-link\">\n\t\t\t\t\tEN SAVOIR PLUS<span class=\"screen-reader-text\"> La perception des parlementaires face aux enjeux des menaces sanitaires globales<\/span><span class=\"toluna-svg-iconset svg-baseline\"><svg width=\"24\" height=\"25\" viewBox=\"0 0 24 25\" fill=\"none\" xmlns=\"http:\/\/www.w3.org\/2000\/svg\"><g clip-path=\"url(#clip0_3349_8828)\"><path d=\"M7.38048 21.9288C7.87048 22.4188 8.66048 22.4188 9.15048 21.9288L17.4605 13.6187C17.8505 13.2287 17.8505 12.5988 17.4605 12.2087L9.15048 3.89875C8.66048 3.40875 7.87048 3.40875 7.38048 3.89875C6.89048 4.38875 6.89048 5.17875 7.38048 5.66875L14.6205 12.9187L7.37048 20.1688C6.89048 20.6488 6.89048 21.4488 7.38048 21.9288Z\" fill=\"#007EE2\"\/><\/g><defs><clipPath id=\"clip0_3349_8828\"><rect width=\"24\" height=\"24\" fill=\"white\" transform=\"translate(0 0.917969)\"\/><\/clipPath><\/defs><\/svg><\/span>\t\t\t\t<\/a>\n\t\t\t<\/p>\n\t\t<\/div><!-- .entry-actions -->\n\t\t<\/footer><!-- .entry-footer -->\n\t<\/div>\n<\/article>\n<article class=\"entry content-bg loop-entry post-15573 post type-post status-publish format-standard has-post-thumbnail hentry category-france-fr tag-poll-2\">\n\t    <!-- toluna-thumbnail-ratio-1-1 -->\n\t\t<a class=\"post-thumbnail\" href=\"https:\/\/tolunacorporate.com\/fr\/observatoire-de-la-mobilisation-contre-la-reforme-des-retraites-2023-vague-12\/\">\n\t\t\t<div class=\"post-thumbnail-inner\">\n\t\t\t\t<img decoding=\"async\" width=\"300\" height=\"296\" src=\"https:\/\/tolunacorporate.com\/wp-content\/uploads\/2025\/05\/Observatoire-de-la-mobilisation-contre-la-reforme-des-retraites-2023-\u2013-Vague-12.jpg\" class=\"attachment-large size-large wp-post-image\" alt=\"Observatoire de la mobilisation contre la r\u00e9forme des retraites 2023 \u2013 Vague 12\" style=\"width:100%;height:98.67%;max-width:300px;\" \/>\t\t\t<\/div>\n\t\t<\/a><!-- .post-thumbnail -->\n\t\t\t<div class=\"entry-content-wrap\">\n\t\t<header class=\"entry-header\">\n\t\t<div class=\"entry-taxonomies\">\n\t\t\t\t\t\t<span class=\"posted-on\">\n\t\t\t\t\t<svg width=\"20\" height=\"22\" viewBox=\"0 0 20 22\" fill=\"none\" xmlns=\"http:\/\/www.w3.org\/2000\/svg\"><path d=\"M18 2H17V1C17 0.45 16.55 0 16 0C15.45 0 15 0.45 15 1V2H5V1C5 0.45 4.55 0 4 0C3.45 0 3 0.45 3 1V2H2C0.9 2 0 2.9 0 4V20C0 21.1 0.9 22 2 22H18C19.1 22 20 21.1 20 20V4C20 2.9 19.1 2 18 2ZM17 20H3C2.45 20 2 19.55 2 19V7H18V19C18 19.55 17.55 20 17 20Z\" fill=\"#007EE2\"\/><\/svg>\n\t\t\t\t\t<time class=\"entry-date published\" datetime=\"2023-06-05T20:37:05+02:00\">5 Juin 2023<\/time><time class=\"updated\" datetime=\"2025-05-09T20:40:48+02:00\">9 mai 2025<\/time>\t\t\t\t<\/span>\n\t\t\t\t<\/div><!-- .entry-taxonomies -->\n\t<h6 class=\"entry-title\"><a href=\"https:\/\/tolunacorporate.com\/fr\/observatoire-de-la-mobilisation-contre-la-reforme-des-retraites-2023-vague-12\/\" rel=\"bookmark\">Observatoire de la mobilisation contre la r\u00e9forme des retraites 2023 \u2013 Vague 12<\/a><\/h6><\/header><!-- .entry-header -->\n<footer class=\"entry-footer\">\n\t\t\t<div class=\"entry-actions\">\n\t\t\t<p class=\"more-link-wrap\">\n\t\t\t\t<a href=\"https:\/\/tolunacorporate.com\/fr\/observatoire-de-la-mobilisation-contre-la-reforme-des-retraites-2023-vague-12\/\" class=\"post-more-link\">\n\t\t\t\t\tEN SAVOIR PLUS<span class=\"screen-reader-text\"> Observatoire de la mobilisation contre la r\u00e9forme des retraites 2023 \u2013 Vague 12<\/span><span class=\"toluna-svg-iconset svg-baseline\"><svg width=\"24\" height=\"25\" viewBox=\"0 0 24 25\" fill=\"none\" xmlns=\"http:\/\/www.w3.org\/2000\/svg\"><g clip-path=\"url(#clip0_3349_8828)\"><path d=\"M7.38048 21.9288C7.87048 22.4188 8.66048 22.4188 9.15048 21.9288L17.4605 13.6187C17.8505 13.2287 17.8505 12.5988 17.4605 12.2087L9.15048 3.89875C8.66048 3.40875 7.87048 3.40875 7.38048 3.89875C6.89048 4.38875 6.89048 5.17875 7.38048 5.66875L14.6205 12.9187L7.37048 20.1688C6.89048 20.6488 6.89048 21.4488 7.38048 21.9288Z\" fill=\"#007EE2\"\/><\/g><defs><clipPath id=\"clip0_3349_8828\"><rect width=\"24\" height=\"24\" fill=\"white\" transform=\"translate(0 0.917969)\"\/><\/clipPath><\/defs><\/svg><\/span>\t\t\t\t<\/a>\n\t\t\t<\/p>\n\t\t<\/div><!-- .entry-actions -->\n\t\t<\/footer><!-- .entry-footer -->\n\t<\/div>\n<\/article>\n<article class=\"entry content-bg loop-entry post-15615 post type-post status-publish format-standard has-post-thumbnail hentry category-france-fr tag-poll-2\">\n\t    <!-- toluna-thumbnail-ratio-1-1 -->\n\t\t<a class=\"post-thumbnail\" href=\"https:\/\/tolunacorporate.com\/fr\/les-francais-et-leur-sommeil\/\">\n\t\t\t<div class=\"post-thumbnail-inner\">\n\t\t\t\t<img decoding=\"async\" width=\"1024\" height=\"1024\" src=\"https:\/\/tolunacorporate.com\/wp-content\/uploads\/2025\/05\/Les-Francais-et-leur-sommeil-1024x1024.jpg\" class=\"attachment-large size-large wp-post-image\" alt=\"Les Fran\u00e7ais et leur sommeil\" srcset=\"https:\/\/tolunacorporate.com\/wp-content\/uploads\/2025\/05\/Les-Francais-et-leur-sommeil-1024x1024.jpg 1024w, https:\/\/tolunacorporate.com\/wp-content\/uploads\/2025\/05\/Les-Francais-et-leur-sommeil-300x300.jpg 300w, https:\/\/tolunacorporate.com\/wp-content\/uploads\/2025\/05\/Les-Francais-et-leur-sommeil-150x150.jpg 150w, https:\/\/tolunacorporate.com\/wp-content\/uploads\/2025\/05\/Les-Francais-et-leur-sommeil-768x768.jpg 768w, https:\/\/tolunacorporate.com\/wp-content\/uploads\/2025\/05\/Les-Francais-et-leur-sommeil.jpg 1536w\" sizes=\"(max-width: 1024px) 100vw, 1024px\" style=\"width:100%;height:100%;max-width:1536px;\" \/>\t\t\t<\/div>\n\t\t<\/a><!-- .post-thumbnail -->\n\t\t\t<div class=\"entry-content-wrap\">\n\t\t<header class=\"entry-header\">\n\t\t<div class=\"entry-taxonomies\">\n\t\t\t\t\t\t<span class=\"posted-on\">\n\t\t\t\t\t<svg width=\"20\" height=\"22\" viewBox=\"0 0 20 22\" fill=\"none\" xmlns=\"http:\/\/www.w3.org\/2000\/svg\"><path d=\"M18 2H17V1C17 0.45 16.55 0 16 0C15.45 0 15 0.45 15 1V2H5V1C5 0.45 4.55 0 4 0C3.45 0 3 0.45 3 1V2H2C0.9 2 0 2.9 0 4V20C0 21.1 0.9 22 2 22H18C19.1 22 20 21.1 20 20V4C20 2.9 19.1 2 18 2ZM17 20H3C2.45 20 2 19.55 2 19V7H18V19C18 19.55 17.55 20 17 20Z\" fill=\"#007EE2\"\/><\/svg>\n\t\t\t\t\t<time class=\"entry-date published\" datetime=\"2023-06-02T20:46:51+02:00\">2 Juin 2023<\/time><time class=\"updated\" datetime=\"2025-05-09T20:59:25+02:00\">9 mai 2025<\/time>\t\t\t\t<\/span>\n\t\t\t\t<\/div><!-- .entry-taxonomies -->\n\t<h6 class=\"entry-title\"><a href=\"https:\/\/tolunacorporate.com\/fr\/les-francais-et-leur-sommeil\/\" rel=\"bookmark\">Les Fran\u00e7ais et leur sommeil<\/a><\/h6><\/header><!-- .entry-header -->\n<footer class=\"entry-footer\">\n\t\t\t<div class=\"entry-actions\">\n\t\t\t<p class=\"more-link-wrap\">\n\t\t\t\t<a href=\"https:\/\/tolunacorporate.com\/fr\/les-francais-et-leur-sommeil\/\" class=\"post-more-link\">\n\t\t\t\t\tEN SAVOIR PLUS<span class=\"screen-reader-text\"> Les Fran\u00e7ais et leur sommeil<\/span><span class=\"toluna-svg-iconset svg-baseline\"><svg width=\"24\" height=\"25\" viewBox=\"0 0 24 25\" fill=\"none\" xmlns=\"http:\/\/www.w3.org\/2000\/svg\"><g clip-path=\"url(#clip0_3349_8828)\"><path d=\"M7.38048 21.9288C7.87048 22.4188 8.66048 22.4188 9.15048 21.9288L17.4605 13.6187C17.8505 13.2287 17.8505 12.5988 17.4605 12.2087L9.15048 3.89875C8.66048 3.40875 7.87048 3.40875 7.38048 3.89875C6.89048 4.38875 6.89048 5.17875 7.38048 5.66875L14.6205 12.9187L7.37048 20.1688C6.89048 20.6488 6.89048 21.4488 7.38048 21.9288Z\" fill=\"#007EE2\"\/><\/g><defs><clipPath id=\"clip0_3349_8828\"><rect width=\"24\" height=\"24\" fill=\"white\" transform=\"translate(0 0.917969)\"\/><\/clipPath><\/defs><\/svg><\/span>\t\t\t\t<\/a>\n\t\t\t<\/p>\n\t\t<\/div><!-- .entry-actions -->\n\t\t<\/footer><!-- .entry-footer -->\n\t<\/div>\n<\/article>\n<article class=\"entry content-bg loop-entry post-15632 post type-post status-publish format-standard has-post-thumbnail hentry category-france-fr tag-poll-2\">\n\t    <!-- toluna-thumbnail-ratio-1-1 -->\n\t\t<a class=\"post-thumbnail\" href=\"https:\/\/tolunacorporate.com\/fr\/questions-de-communication-tilder-bfm-business-hebdocom-vague-26\/\">\n\t\t\t<div class=\"post-thumbnail-inner\">\n\t\t\t\t<img decoding=\"async\" width=\"500\" height=\"500\" src=\"https:\/\/tolunacorporate.com\/wp-content\/uploads\/2025\/05\/Questions-de-communication-\u2013-Tilder-BFM-Business-\u2013-Hebdocom-\u2013-Vague-26.png\" class=\"attachment-large size-large wp-post-image\" alt=\"Questions de communication \u2013 Tilder-BFM Business \u2013 Hebdocom \u2013 Vague 26\" srcset=\"https:\/\/tolunacorporate.com\/wp-content\/uploads\/2025\/05\/Questions-de-communication-\u2013-Tilder-BFM-Business-\u2013-Hebdocom-\u2013-Vague-26.png 500w, https:\/\/tolunacorporate.com\/wp-content\/uploads\/2025\/05\/Questions-de-communication-\u2013-Tilder-BFM-Business-\u2013-Hebdocom-\u2013-Vague-26-300x300.png 300w, https:\/\/tolunacorporate.com\/wp-content\/uploads\/2025\/05\/Questions-de-communication-\u2013-Tilder-BFM-Business-\u2013-Hebdocom-\u2013-Vague-26-150x150.png 150w\" sizes=\"(max-width: 500px) 100vw, 500px\" style=\"width:100%;height:100%;max-width:500px;\" \/>\t\t\t<\/div>\n\t\t<\/a><!-- .post-thumbnail -->\n\t\t\t<div class=\"entry-content-wrap\">\n\t\t<header class=\"entry-header\">\n\t\t<div class=\"entry-taxonomies\">\n\t\t\t\t\t\t<span class=\"posted-on\">\n\t\t\t\t\t<svg width=\"20\" height=\"22\" viewBox=\"0 0 20 22\" fill=\"none\" xmlns=\"http:\/\/www.w3.org\/2000\/svg\"><path d=\"M18 2H17V1C17 0.45 16.55 0 16 0C15.45 0 15 0.45 15 1V2H5V1C5 0.45 4.55 0 4 0C3.45 0 3 0.45 3 1V2H2C0.9 2 0 2.9 0 4V20C0 21.1 0.9 22 2 22H18C19.1 22 20 21.1 20 20V4C20 2.9 19.1 2 18 2ZM17 20H3C2.45 20 2 19.55 2 19V7H18V19C18 19.55 17.55 20 17 20Z\" fill=\"#007EE2\"\/><\/svg>\n\t\t\t\t\t<time class=\"entry-date published\" datetime=\"2023-06-01T20:59:46+02:00\">1 Juin 2023<\/time><time class=\"updated\" datetime=\"2025-05-09T21:02:44+02:00\">9 mai 2025<\/time>\t\t\t\t<\/span>\n\t\t\t\t<\/div><!-- .entry-taxonomies -->\n\t<h6 class=\"entry-title\"><a href=\"https:\/\/tolunacorporate.com\/fr\/questions-de-communication-tilder-bfm-business-hebdocom-vague-26\/\" rel=\"bookmark\">Questions de communication \u2013 Tilder-BFM Business \u2013 Hebdocom \u2013 Vague 26<\/a><\/h6><\/header><!-- .entry-header -->\n<footer class=\"entry-footer\">\n\t\t\t<div class=\"entry-actions\">\n\t\t\t<p class=\"more-link-wrap\">\n\t\t\t\t<a href=\"https:\/\/tolunacorporate.com\/fr\/questions-de-communication-tilder-bfm-business-hebdocom-vague-26\/\" class=\"post-more-link\">\n\t\t\t\t\tEN SAVOIR PLUS<span class=\"screen-reader-text\"> Questions de communication \u2013 Tilder-BFM Business \u2013 Hebdocom \u2013 Vague 26<\/span><span class=\"toluna-svg-iconset svg-baseline\"><svg width=\"24\" height=\"25\" viewBox=\"0 0 24 25\" fill=\"none\" xmlns=\"http:\/\/www.w3.org\/2000\/svg\"><g clip-path=\"url(#clip0_3349_8828)\"><path d=\"M7.38048 21.9288C7.87048 22.4188 8.66048 22.4188 9.15048 21.9288L17.4605 13.6187C17.8505 13.2287 17.8505 12.5988 17.4605 12.2087L9.15048 3.89875C8.66048 3.40875 7.87048 3.40875 7.38048 3.89875C6.89048 4.38875 6.89048 5.17875 7.38048 5.66875L14.6205 12.9187L7.37048 20.1688C6.89048 20.6488 6.89048 21.4488 7.38048 21.9288Z\" fill=\"#007EE2\"\/><\/g><defs><clipPath id=\"clip0_3349_8828\"><rect width=\"24\" height=\"24\" fill=\"white\" transform=\"translate(0 0.917969)\"\/><\/clipPath><\/defs><\/svg><\/span>\t\t\t\t<\/a>\n\t\t\t<\/p>\n\t\t<\/div><!-- .entry-actions -->\n\t\t<\/footer><!-- .entry-footer -->\n\t<\/div>\n<\/article>\n<article class=\"entry content-bg loop-entry post-15657 post type-post status-publish format-standard has-post-thumbnail hentry category-france-fr tag-poll-2\">\n\t    <!-- toluna-thumbnail-ratio-1-1 -->\n\t\t<a class=\"post-thumbnail\" href=\"https:\/\/tolunacorporate.com\/fr\/barometre-de-confiance-politique-mai-2023\/\">\n\t\t\t<div class=\"post-thumbnail-inner\">\n\t\t\t\t<img decoding=\"async\" width=\"500\" height=\"500\" src=\"https:\/\/tolunacorporate.com\/wp-content\/uploads\/2025\/05\/Barometre-de-confiance-politique-\u2013-Mai-2023.jpg\" class=\"attachment-large size-large wp-post-image\" alt=\"Barom\u00e8tre de confiance politique \u2013 Mai 2023\" srcset=\"https:\/\/tolunacorporate.com\/wp-content\/uploads\/2025\/05\/Barometre-de-confiance-politique-\u2013-Mai-2023.jpg 500w, https:\/\/tolunacorporate.com\/wp-content\/uploads\/2025\/05\/Barometre-de-confiance-politique-\u2013-Mai-2023-300x300.jpg 300w, https:\/\/tolunacorporate.com\/wp-content\/uploads\/2025\/05\/Barometre-de-confiance-politique-\u2013-Mai-2023-150x150.jpg 150w\" sizes=\"(max-width: 500px) 100vw, 500px\" style=\"width:100%;height:100%;max-width:500px;\" \/>\t\t\t<\/div>\n\t\t<\/a><!-- .post-thumbnail -->\n\t\t\t<div class=\"entry-content-wrap\">\n\t\t<header class=\"entry-header\">\n\t\t<div class=\"entry-taxonomies\">\n\t\t\t\t\t\t<span class=\"posted-on\">\n\t\t\t\t\t<svg width=\"20\" height=\"22\" viewBox=\"0 0 20 22\" fill=\"none\" xmlns=\"http:\/\/www.w3.org\/2000\/svg\"><path d=\"M18 2H17V1C17 0.45 16.55 0 16 0C15.45 0 15 0.45 15 1V2H5V1C5 0.45 4.55 0 4 0C3.45 0 3 0.45 3 1V2H2C0.9 2 0 2.9 0 4V20C0 21.1 0.9 22 2 22H18C19.1 22 20 21.1 20 20V4C20 2.9 19.1 2 18 2ZM17 20H3C2.45 20 2 19.55 2 19V7H18V19C18 19.55 17.55 20 17 20Z\" fill=\"#007EE2\"\/><\/svg>\n\t\t\t\t\t<time class=\"entry-date published\" datetime=\"2023-05-26T21:02:59+02:00\">26 mai 2023<\/time><time class=\"updated\" datetime=\"2025-05-09T21:07:02+02:00\">9 mai 2025<\/time>\t\t\t\t<\/span>\n\t\t\t\t<\/div><!-- .entry-taxonomies -->\n\t<h6 class=\"entry-title\"><a href=\"https:\/\/tolunacorporate.com\/fr\/barometre-de-confiance-politique-mai-2023\/\" rel=\"bookmark\">Barom\u00e8tre de confiance politique \u2013 Mai 2023<\/a><\/h6><\/header><!-- .entry-header -->\n<footer class=\"entry-footer\">\n\t\t\t<div class=\"entry-actions\">\n\t\t\t<p class=\"more-link-wrap\">\n\t\t\t\t<a href=\"https:\/\/tolunacorporate.com\/fr\/barometre-de-confiance-politique-mai-2023\/\" class=\"post-more-link\">\n\t\t\t\t\tEN SAVOIR PLUS<span class=\"screen-reader-text\"> Barom\u00e8tre de confiance politique \u2013 Mai 2023<\/span><span class=\"toluna-svg-iconset svg-baseline\"><svg width=\"24\" height=\"25\" viewBox=\"0 0 24 25\" fill=\"none\" xmlns=\"http:\/\/www.w3.org\/2000\/svg\"><g clip-path=\"url(#clip0_3349_8828)\"><path d=\"M7.38048 21.9288C7.87048 22.4188 8.66048 22.4188 9.15048 21.9288L17.4605 13.6187C17.8505 13.2287 17.8505 12.5988 17.4605 12.2087L9.15048 3.89875C8.66048 3.40875 7.87048 3.40875 7.38048 3.89875C6.89048 4.38875 6.89048 5.17875 7.38048 5.66875L14.6205 12.9187L7.37048 20.1688C6.89048 20.6488 6.89048 21.4488 7.38048 21.9288Z\" fill=\"#007EE2\"\/><\/g><defs><clipPath id=\"clip0_3349_8828\"><rect width=\"24\" height=\"24\" fill=\"white\" transform=\"translate(0 0.917969)\"\/><\/clipPath><\/defs><\/svg><\/span>\t\t\t\t<\/a>\n\t\t\t<\/p>\n\t\t<\/div><!-- .entry-actions -->\n\t\t<\/footer><!-- .entry-footer -->\n\t<\/div>\n<\/article>\n<article class=\"entry content-bg loop-entry post-15690 post type-post status-publish format-standard has-post-thumbnail hentry category-france-fr tag-poll-2\">\n\t    <!-- toluna-thumbnail-ratio-1-1 -->\n\t\t<a class=\"post-thumbnail\" href=\"https:\/\/tolunacorporate.com\/fr\/barometre-du-bien-etre-mental-en-entreprise-vague-3\/\">\n\t\t\t<div class=\"post-thumbnail-inner\">\n\t\t\t\t<img decoding=\"async\" width=\"1024\" height=\"1024\" src=\"https:\/\/tolunacorporate.com\/wp-content\/uploads\/2025\/05\/Barometre-du-bien-etre-mental-en-entreprise-\u2013-Vague-3-1024x1024.jpg\" class=\"attachment-large size-large wp-post-image\" alt=\"Barom\u00e8tre du bien-\u00eatre mental en entreprise \u2013 Vague 3\" srcset=\"https:\/\/tolunacorporate.com\/wp-content\/uploads\/2025\/05\/Barometre-du-bien-etre-mental-en-entreprise-\u2013-Vague-3-1024x1024.jpg 1024w, https:\/\/tolunacorporate.com\/wp-content\/uploads\/2025\/05\/Barometre-du-bien-etre-mental-en-entreprise-\u2013-Vague-3-300x300.jpg 300w, https:\/\/tolunacorporate.com\/wp-content\/uploads\/2025\/05\/Barometre-du-bien-etre-mental-en-entreprise-\u2013-Vague-3-150x150.jpg 150w, https:\/\/tolunacorporate.com\/wp-content\/uploads\/2025\/05\/Barometre-du-bien-etre-mental-en-entreprise-\u2013-Vague-3-768x768.jpg 768w, https:\/\/tolunacorporate.com\/wp-content\/uploads\/2025\/05\/Barometre-du-bien-etre-mental-en-entreprise-\u2013-Vague-3.jpg 1536w\" sizes=\"(max-width: 1024px) 100vw, 1024px\" style=\"width:100%;height:100%;max-width:1536px;\" \/>\t\t\t<\/div>\n\t\t<\/a><!-- .post-thumbnail -->\n\t\t\t<div class=\"entry-content-wrap\">\n\t\t<header class=\"entry-header\">\n\t\t<div class=\"entry-taxonomies\">\n\t\t\t\t\t\t<span class=\"posted-on\">\n\t\t\t\t\t<svg width=\"20\" height=\"22\" viewBox=\"0 0 20 22\" fill=\"none\" xmlns=\"http:\/\/www.w3.org\/2000\/svg\"><path d=\"M18 2H17V1C17 0.45 16.55 0 16 0C15.45 0 15 0.45 15 1V2H5V1C5 0.45 4.55 0 4 0C3.45 0 3 0.45 3 1V2H2C0.9 2 0 2.9 0 4V20C0 21.1 0.9 22 2 22H18C19.1 22 20 21.1 20 20V4C20 2.9 19.1 2 18 2ZM17 20H3C2.45 20 2 19.55 2 19V7H18V19C18 19.55 17.55 20 17 20Z\" fill=\"#007EE2\"\/><\/svg>\n\t\t\t\t\t<time class=\"entry-date published\" datetime=\"2023-05-24T21:07:19+02:00\">24 mai 2023<\/time><time class=\"updated\" datetime=\"2025-05-09T21:09:18+02:00\">9 mai 2025<\/time>\t\t\t\t<\/span>\n\t\t\t\t<\/div><!-- .entry-taxonomies -->\n\t<h6 class=\"entry-title\"><a href=\"https:\/\/tolunacorporate.com\/fr\/barometre-du-bien-etre-mental-en-entreprise-vague-3\/\" rel=\"bookmark\">Barom\u00e8tre du bien-\u00eatre mental en entreprise \u2013 Vague 3<\/a><\/h6><\/header><!-- .entry-header -->\n<footer class=\"entry-footer\">\n\t\t\t<div class=\"entry-actions\">\n\t\t\t<p class=\"more-link-wrap\">\n\t\t\t\t<a href=\"https:\/\/tolunacorporate.com\/fr\/barometre-du-bien-etre-mental-en-entreprise-vague-3\/\" class=\"post-more-link\">\n\t\t\t\t\tEN SAVOIR PLUS<span class=\"screen-reader-text\"> Barom\u00e8tre du bien-\u00eatre mental en entreprise \u2013 Vague 3<\/span><span class=\"toluna-svg-iconset svg-baseline\"><svg width=\"24\" height=\"25\" viewBox=\"0 0 24 25\" fill=\"none\" xmlns=\"http:\/\/www.w3.org\/2000\/svg\"><g clip-path=\"url(#clip0_3349_8828)\"><path d=\"M7.38048 21.9288C7.87048 22.4188 8.66048 22.4188 9.15048 21.9288L17.4605 13.6187C17.8505 13.2287 17.8505 12.5988 17.4605 12.2087L9.15048 3.89875C8.66048 3.40875 7.87048 3.40875 7.38048 3.89875C6.89048 4.38875 6.89048 5.17875 7.38048 5.66875L14.6205 12.9187L7.37048 20.1688C6.89048 20.6488 6.89048 21.4488 7.38048 21.9288Z\" fill=\"#007EE2\"\/><\/g><defs><clipPath id=\"clip0_3349_8828\"><rect width=\"24\" height=\"24\" fill=\"white\" transform=\"translate(0 0.917969)\"\/><\/clipPath><\/defs><\/svg><\/span>\t\t\t\t<\/a>\n\t\t\t<\/p>\n\t\t<\/div><!-- .entry-actions -->\n\t\t<\/footer><!-- .entry-footer -->\n\t<\/div>\n<\/article>\n<article class=\"entry content-bg loop-entry post-15699 post type-post status-publish format-standard has-post-thumbnail hentry category-france-fr tag-poll-2\">\n\t    <!-- toluna-thumbnail-ratio-1-1 -->\n\t\t<a class=\"post-thumbnail\" href=\"https:\/\/tolunacorporate.com\/fr\/les-reseaux-sociaux-pour-le-meilleur-et-pour-le-pire-enquete-1-3\/\">\n\t\t\t<div class=\"post-thumbnail-inner\">\n\t\t\t\t<img decoding=\"async\" width=\"1024\" height=\"1024\" src=\"https:\/\/tolunacorporate.com\/wp-content\/uploads\/2025\/05\/Les-reseaux-sociaux-pour-le-meilleur-et-pour-le-pire--1024x1024.jpg\" class=\"attachment-large size-large wp-post-image\" alt=\"Les r\u00e9seaux sociaux, pour le meilleur et pour le pire \u2013 Enqu\u00eate 1\/3\" srcset=\"https:\/\/tolunacorporate.com\/wp-content\/uploads\/2025\/05\/Les-reseaux-sociaux-pour-le-meilleur-et-pour-le-pire--1024x1024.jpg 1024w, https:\/\/tolunacorporate.com\/wp-content\/uploads\/2025\/05\/Les-reseaux-sociaux-pour-le-meilleur-et-pour-le-pire--300x300.jpg 300w, https:\/\/tolunacorporate.com\/wp-content\/uploads\/2025\/05\/Les-reseaux-sociaux-pour-le-meilleur-et-pour-le-pire--150x150.jpg 150w, https:\/\/tolunacorporate.com\/wp-content\/uploads\/2025\/05\/Les-reseaux-sociaux-pour-le-meilleur-et-pour-le-pire--768x768.jpg 768w, https:\/\/tolunacorporate.com\/wp-content\/uploads\/2025\/05\/Les-reseaux-sociaux-pour-le-meilleur-et-pour-le-pire-.jpg 1536w\" sizes=\"(max-width: 1024px) 100vw, 1024px\" style=\"width:100%;height:100%;max-width:1536px;\" \/>\t\t\t<\/div>\n\t\t<\/a><!-- .post-thumbnail -->\n\t\t\t<div class=\"entry-content-wrap\">\n\t\t<header class=\"entry-header\">\n\t\t<div class=\"entry-taxonomies\">\n\t\t\t\t\t\t<span class=\"posted-on\">\n\t\t\t\t\t<svg width=\"20\" height=\"22\" viewBox=\"0 0 20 22\" fill=\"none\" xmlns=\"http:\/\/www.w3.org\/2000\/svg\"><path d=\"M18 2H17V1C17 0.45 16.55 0 16 0C15.45 0 15 0.45 15 1V2H5V1C5 0.45 4.55 0 4 0C3.45 0 3 0.45 3 1V2H2C0.9 2 0 2.9 0 4V20C0 21.1 0.9 22 2 22H18C19.1 22 20 21.1 20 20V4C20 2.9 19.1 2 18 2ZM17 20H3C2.45 20 2 19.55 2 19V7H18V19C18 19.55 17.55 20 17 20Z\" fill=\"#007EE2\"\/><\/svg>\n\t\t\t\t\t<time class=\"entry-date published\" datetime=\"2023-05-23T21:09:34+02:00\">23 mai 2023<\/time><time class=\"updated\" datetime=\"2025-05-09T21:13:17+02:00\">9 mai 2025<\/time>\t\t\t\t<\/span>\n\t\t\t\t<\/div><!-- .entry-taxonomies -->\n\t<h6 class=\"entry-title\"><a href=\"https:\/\/tolunacorporate.com\/fr\/les-reseaux-sociaux-pour-le-meilleur-et-pour-le-pire-enquete-1-3\/\" rel=\"bookmark\">Les r\u00e9seaux sociaux, pour le meilleur et pour le pire \u2013 Enqu\u00eate 1\/3<\/a><\/h6><\/header><!-- .entry-header -->\n<footer class=\"entry-footer\">\n\t\t\t<div class=\"entry-actions\">\n\t\t\t<p class=\"more-link-wrap\">\n\t\t\t\t<a href=\"https:\/\/tolunacorporate.com\/fr\/les-reseaux-sociaux-pour-le-meilleur-et-pour-le-pire-enquete-1-3\/\" class=\"post-more-link\">\n\t\t\t\t\tEN SAVOIR PLUS<span class=\"screen-reader-text\"> Les r\u00e9seaux sociaux, pour le meilleur et pour le pire \u2013 Enqu\u00eate 1\/3<\/span><span class=\"toluna-svg-iconset svg-baseline\"><svg width=\"24\" height=\"25\" viewBox=\"0 0 24 25\" fill=\"none\" xmlns=\"http:\/\/www.w3.org\/2000\/svg\"><g clip-path=\"url(#clip0_3349_8828)\"><path d=\"M7.38048 21.9288C7.87048 22.4188 8.66048 22.4188 9.15048 21.9288L17.4605 13.6187C17.8505 13.2287 17.8505 12.5988 17.4605 12.2087L9.15048 3.89875C8.66048 3.40875 7.87048 3.40875 7.38048 3.89875C6.89048 4.38875 6.89048 5.17875 7.38048 5.66875L14.6205 12.9187L7.37048 20.1688C6.89048 20.6488 6.89048 21.4488 7.38048 21.9288Z\" fill=\"#007EE2\"\/><\/g><defs><clipPath id=\"clip0_3349_8828\"><rect width=\"24\" height=\"24\" fill=\"white\" transform=\"translate(0 0.917969)\"\/><\/clipPath><\/defs><\/svg><\/span>\t\t\t\t<\/a>\n\t\t\t<\/p>\n\t\t<\/div><!-- .entry-actions -->\n\t\t<\/footer><!-- .entry-footer -->\n\t<\/div>\n<\/article>\n<article class=\"entry content-bg loop-entry post-15716 post type-post status-publish format-standard has-post-thumbnail hentry category-france-fr tag-poll-2\">\n\t    <!-- toluna-thumbnail-ratio-1-1 -->\n\t\t<a class=\"post-thumbnail\" href=\"https:\/\/tolunacorporate.com\/fr\/le-rapport-des-francais-au-logement-et-a-la-renovation-energetique\/\">\n\t\t\t<div class=\"post-thumbnail-inner\">\n\t\t\t\t<img decoding=\"async\" width=\"1024\" height=\"1024\" src=\"https:\/\/tolunacorporate.com\/wp-content\/uploads\/2025\/05\/Le-rapport-des-Francais-au-logement-et-a-la-renovation-energetique-1024x1024.jpg\" class=\"attachment-large size-large wp-post-image\" alt=\"Le rapport des Fran\u00e7ais au logement et \u00e0 la r\u00e9novation \u00e9nerg\u00e9tique\" srcset=\"https:\/\/tolunacorporate.com\/wp-content\/uploads\/2025\/05\/Le-rapport-des-Francais-au-logement-et-a-la-renovation-energetique-1024x1024.jpg 1024w, https:\/\/tolunacorporate.com\/wp-content\/uploads\/2025\/05\/Le-rapport-des-Francais-au-logement-et-a-la-renovation-energetique-300x300.jpg 300w, https:\/\/tolunacorporate.com\/wp-content\/uploads\/2025\/05\/Le-rapport-des-Francais-au-logement-et-a-la-renovation-energetique-150x150.jpg 150w, https:\/\/tolunacorporate.com\/wp-content\/uploads\/2025\/05\/Le-rapport-des-Francais-au-logement-et-a-la-renovation-energetique-768x768.jpg 768w, https:\/\/tolunacorporate.com\/wp-content\/uploads\/2025\/05\/Le-rapport-des-Francais-au-logement-et-a-la-renovation-energetique.jpg 1536w\" sizes=\"(max-width: 1024px) 100vw, 1024px\" style=\"width:100%;height:100%;max-width:1536px;\" \/>\t\t\t<\/div>\n\t\t<\/a><!-- .post-thumbnail -->\n\t\t\t<div class=\"entry-content-wrap\">\n\t\t<header class=\"entry-header\">\n\t\t<div class=\"entry-taxonomies\">\n\t\t\t\t\t\t<span class=\"posted-on\">\n\t\t\t\t\t<svg width=\"20\" height=\"22\" viewBox=\"0 0 20 22\" fill=\"none\" xmlns=\"http:\/\/www.w3.org\/2000\/svg\"><path d=\"M18 2H17V1C17 0.45 16.55 0 16 0C15.45 0 15 0.45 15 1V2H5V1C5 0.45 4.55 0 4 0C3.45 0 3 0.45 3 1V2H2C0.9 2 0 2.9 0 4V20C0 21.1 0.9 22 2 22H18C19.1 22 20 21.1 20 20V4C20 2.9 19.1 2 18 2ZM17 20H3C2.45 20 2 19.55 2 19V7H18V19C18 19.55 17.55 20 17 20Z\" fill=\"#007EE2\"\/><\/svg>\n\t\t\t\t\t<time class=\"entry-date published\" datetime=\"2023-05-22T21:13:31+02:00\">22 mai 2023<\/time><time class=\"updated\" datetime=\"2025-05-09T21:15:51+02:00\">9 mai 2025<\/time>\t\t\t\t<\/span>\n\t\t\t\t<\/div><!-- .entry-taxonomies -->\n\t<h6 class=\"entry-title\"><a href=\"https:\/\/tolunacorporate.com\/fr\/le-rapport-des-francais-au-logement-et-a-la-renovation-energetique\/\" rel=\"bookmark\">Le rapport des Fran\u00e7ais au logement et \u00e0 la r\u00e9novation \u00e9nerg\u00e9tique<\/a><\/h6><\/header><!-- .entry-header -->\n<footer class=\"entry-footer\">\n\t\t\t<div class=\"entry-actions\">\n\t\t\t<p class=\"more-link-wrap\">\n\t\t\t\t<a href=\"https:\/\/tolunacorporate.com\/fr\/le-rapport-des-francais-au-logement-et-a-la-renovation-energetique\/\" class=\"post-more-link\">\n\t\t\t\t\tEN SAVOIR PLUS<span class=\"screen-reader-text\"> Le rapport des Fran\u00e7ais au logement et \u00e0 la r\u00e9novation \u00e9nerg\u00e9tique<\/span><span class=\"toluna-svg-iconset svg-baseline\"><svg width=\"24\" height=\"25\" viewBox=\"0 0 24 25\" fill=\"none\" xmlns=\"http:\/\/www.w3.org\/2000\/svg\"><g clip-path=\"url(#clip0_3349_8828)\"><path d=\"M7.38048 21.9288C7.87048 22.4188 8.66048 22.4188 9.15048 21.9288L17.4605 13.6187C17.8505 13.2287 17.8505 12.5988 17.4605 12.2087L9.15048 3.89875C8.66048 3.40875 7.87048 3.40875 7.38048 3.89875C6.89048 4.38875 6.89048 5.17875 7.38048 5.66875L14.6205 12.9187L7.37048 20.1688C6.89048 20.6488 6.89048 21.4488 7.38048 21.9288Z\" fill=\"#007EE2\"\/><\/g><defs><clipPath id=\"clip0_3349_8828\"><rect width=\"24\" height=\"24\" fill=\"white\" transform=\"translate(0 0.917969)\"\/><\/clipPath><\/defs><\/svg><\/span>\t\t\t\t<\/a>\n\t\t\t<\/p>\n\t\t<\/div><!-- .entry-actions -->\n\t\t<\/footer><!-- .entry-footer -->\n\t<\/div>\n<\/article>\n<article class=\"entry content-bg loop-entry post-15733 post type-post status-publish format-standard has-post-thumbnail hentry category-france-fr tag-poll-2\">\n\t    <!-- toluna-thumbnail-ratio-1-1 -->\n\t\t<a class=\"post-thumbnail\" href=\"https:\/\/tolunacorporate.com\/fr\/questions-de-communication-hebdocom-vague-25\/\">\n\t\t\t<div class=\"post-thumbnail-inner\">\n\t\t\t\t<img decoding=\"async\" width=\"500\" height=\"500\" src=\"https:\/\/tolunacorporate.com\/wp-content\/uploads\/2025\/05\/Questions-de-communication-\u2013-Hebdocom-\u2013-Vague-25.png\" class=\"attachment-large size-large wp-post-image\" alt=\"Questions de communication \u2013 Hebdocom \u2013 Vague 25\" srcset=\"https:\/\/tolunacorporate.com\/wp-content\/uploads\/2025\/05\/Questions-de-communication-\u2013-Hebdocom-\u2013-Vague-25.png 500w, https:\/\/tolunacorporate.com\/wp-content\/uploads\/2025\/05\/Questions-de-communication-\u2013-Hebdocom-\u2013-Vague-25-300x300.png 300w, https:\/\/tolunacorporate.com\/wp-content\/uploads\/2025\/05\/Questions-de-communication-\u2013-Hebdocom-\u2013-Vague-25-150x150.png 150w\" sizes=\"(max-width: 500px) 100vw, 500px\" style=\"width:100%;height:100%;max-width:500px;\" \/>\t\t\t<\/div>\n\t\t<\/a><!-- .post-thumbnail -->\n\t\t\t<div class=\"entry-content-wrap\">\n\t\t<header class=\"entry-header\">\n\t\t<div class=\"entry-taxonomies\">\n\t\t\t\t\t\t<span class=\"posted-on\">\n\t\t\t\t\t<svg width=\"20\" height=\"22\" viewBox=\"0 0 20 22\" fill=\"none\" xmlns=\"http:\/\/www.w3.org\/2000\/svg\"><path d=\"M18 2H17V1C17 0.45 16.55 0 16 0C15.45 0 15 0.45 15 1V2H5V1C5 0.45 4.55 0 4 0C3.45 0 3 0.45 3 1V2H2C0.9 2 0 2.9 0 4V20C0 21.1 0.9 22 2 22H18C19.1 22 20 21.1 20 20V4C20 2.9 19.1 2 18 2ZM17 20H3C2.45 20 2 19.55 2 19V7H18V19C18 19.55 17.55 20 17 20Z\" fill=\"#007EE2\"\/><\/svg>\n\t\t\t\t\t<time class=\"entry-date published\" datetime=\"2023-05-18T21:16:05+02:00\">18 mai 2023<\/time><time class=\"updated\" datetime=\"2025-05-09T21:19:21+02:00\">9 mai 2025<\/time>\t\t\t\t<\/span>\n\t\t\t\t<\/div><!-- .entry-taxonomies -->\n\t<h6 class=\"entry-title\"><a href=\"https:\/\/tolunacorporate.com\/fr\/questions-de-communication-hebdocom-vague-25\/\" rel=\"bookmark\">Questions de communication \u2013 Hebdocom \u2013 Vague 25<\/a><\/h6><\/header><!-- .entry-header -->\n<footer class=\"entry-footer\">\n\t\t\t<div class=\"entry-actions\">\n\t\t\t<p class=\"more-link-wrap\">\n\t\t\t\t<a href=\"https:\/\/tolunacorporate.com\/fr\/questions-de-communication-hebdocom-vague-25\/\" class=\"post-more-link\">\n\t\t\t\t\tEN SAVOIR PLUS<span class=\"screen-reader-text\"> Questions de communication \u2013 Hebdocom \u2013 Vague 25<\/span><span class=\"toluna-svg-iconset svg-baseline\"><svg width=\"24\" height=\"25\" viewBox=\"0 0 24 25\" fill=\"none\" xmlns=\"http:\/\/www.w3.org\/2000\/svg\"><g clip-path=\"url(#clip0_3349_8828)\"><path d=\"M7.38048 21.9288C7.87048 22.4188 8.66048 22.4188 9.15048 21.9288L17.4605 13.6187C17.8505 13.2287 17.8505 12.5988 17.4605 12.2087L9.15048 3.89875C8.66048 3.40875 7.87048 3.40875 7.38048 3.89875C6.89048 4.38875 6.89048 5.17875 7.38048 5.66875L14.6205 12.9187L7.37048 20.1688C6.89048 20.6488 6.89048 21.4488 7.38048 21.9288Z\" fill=\"#007EE2\"\/><\/g><defs><clipPath id=\"clip0_3349_8828\"><rect width=\"24\" height=\"24\" fill=\"white\" transform=\"translate(0 0.917969)\"\/><\/clipPath><\/defs><\/svg><\/span>\t\t\t\t<\/a>\n\t\t\t<\/p>\n\t\t<\/div><!-- .entry-actions -->\n\t\t<\/footer><!-- .entry-footer -->\n\t<\/div>\n<\/article>\n<article class=\"entry content-bg loop-entry post-15758 post type-post status-publish format-standard has-post-thumbnail hentry category-france-fr tag-poll-2\">\n\t    <!-- toluna-thumbnail-ratio-1-1 -->\n\t\t<a class=\"post-thumbnail\" href=\"https:\/\/tolunacorporate.com\/fr\/le-tourisme-dans-les-villes-de-2-000-a-20-000-habitants\/\">\n\t\t\t<div class=\"post-thumbnail-inner\">\n\t\t\t\t<img decoding=\"async\" width=\"1024\" height=\"1024\" src=\"https:\/\/tolunacorporate.com\/wp-content\/uploads\/2025\/05\/Le-tourisme-dans-les-villes-de-2-000-a-20-000-habitants-1024x1024.jpg\" class=\"attachment-large size-large wp-post-image\" alt=\"Le tourisme dans les villes de 2 000 \u00e0 20 000 habitants\" srcset=\"https:\/\/tolunacorporate.com\/wp-content\/uploads\/2025\/05\/Le-tourisme-dans-les-villes-de-2-000-a-20-000-habitants-1024x1024.jpg 1024w, https:\/\/tolunacorporate.com\/wp-content\/uploads\/2025\/05\/Le-tourisme-dans-les-villes-de-2-000-a-20-000-habitants-300x300.jpg 300w, https:\/\/tolunacorporate.com\/wp-content\/uploads\/2025\/05\/Le-tourisme-dans-les-villes-de-2-000-a-20-000-habitants-150x150.jpg 150w, https:\/\/tolunacorporate.com\/wp-content\/uploads\/2025\/05\/Le-tourisme-dans-les-villes-de-2-000-a-20-000-habitants-768x768.jpg 768w, https:\/\/tolunacorporate.com\/wp-content\/uploads\/2025\/05\/Le-tourisme-dans-les-villes-de-2-000-a-20-000-habitants.jpg 1536w\" sizes=\"(max-width: 1024px) 100vw, 1024px\" style=\"width:100%;height:100%;max-width:1536px;\" \/>\t\t\t<\/div>\n\t\t<\/a><!-- .post-thumbnail -->\n\t\t\t<div class=\"entry-content-wrap\">\n\t\t<header class=\"entry-header\">\n\t\t<div class=\"entry-taxonomies\">\n\t\t\t\t\t\t<span class=\"posted-on\">\n\t\t\t\t\t<svg width=\"20\" height=\"22\" viewBox=\"0 0 20 22\" fill=\"none\" xmlns=\"http:\/\/www.w3.org\/2000\/svg\"><path d=\"M18 2H17V1C17 0.45 16.55 0 16 0C15.45 0 15 0.45 15 1V2H5V1C5 0.45 4.55 0 4 0C3.45 0 3 0.45 3 1V2H2C0.9 2 0 2.9 0 4V20C0 21.1 0.9 22 2 22H18C19.1 22 20 21.1 20 20V4C20 2.9 19.1 2 18 2ZM17 20H3C2.45 20 2 19.55 2 19V7H18V19C18 19.55 17.55 20 17 20Z\" fill=\"#007EE2\"\/><\/svg>\n\t\t\t\t\t<time class=\"entry-date published\" datetime=\"2023-05-15T21:19:35+02:00\">15 mai 2023<\/time><time class=\"updated\" datetime=\"2025-05-09T21:23:15+02:00\">9 mai 2025<\/time>\t\t\t\t<\/span>\n\t\t\t\t<\/div><!-- .entry-taxonomies -->\n\t<h6 class=\"entry-title\"><a href=\"https:\/\/tolunacorporate.com\/fr\/le-tourisme-dans-les-villes-de-2-000-a-20-000-habitants\/\" rel=\"bookmark\">Le tourisme dans les villes de 2 000 \u00e0 20 000 habitants<\/a><\/h6><\/header><!-- .entry-header -->\n<footer class=\"entry-footer\">\n\t\t\t<div class=\"entry-actions\">\n\t\t\t<p class=\"more-link-wrap\">\n\t\t\t\t<a href=\"https:\/\/tolunacorporate.com\/fr\/le-tourisme-dans-les-villes-de-2-000-a-20-000-habitants\/\" class=\"post-more-link\">\n\t\t\t\t\tEN SAVOIR PLUS<span class=\"screen-reader-text\"> Le tourisme dans les villes de 2 000 \u00e0 20 000 habitants<\/span><span class=\"toluna-svg-iconset svg-baseline\"><svg width=\"24\" height=\"25\" viewBox=\"0 0 24 25\" fill=\"none\" xmlns=\"http:\/\/www.w3.org\/2000\/svg\"><g clip-path=\"url(#clip0_3349_8828)\"><path d=\"M7.38048 21.9288C7.87048 22.4188 8.66048 22.4188 9.15048 21.9288L17.4605 13.6187C17.8505 13.2287 17.8505 12.5988 17.4605 12.2087L9.15048 3.89875C8.66048 3.40875 7.87048 3.40875 7.38048 3.89875C6.89048 4.38875 6.89048 5.17875 7.38048 5.66875L14.6205 12.9187L7.37048 20.1688C6.89048 20.6488 6.89048 21.4488 7.38048 21.9288Z\" fill=\"#007EE2\"\/><\/g><defs><clipPath id=\"clip0_3349_8828\"><rect width=\"24\" height=\"24\" fill=\"white\" transform=\"translate(0 0.917969)\"\/><\/clipPath><\/defs><\/svg><\/span>\t\t\t\t<\/a>\n\t\t\t<\/p>\n\t\t<\/div><!-- .entry-actions -->\n\t\t<\/footer><!-- .entry-footer -->\n\t<\/div>\n<\/article>\n<article class=\"entry content-bg loop-entry post-15783 post type-post status-publish format-standard has-post-thumbnail hentry category-france-fr tag-poll-2\">\n\t    <!-- toluna-thumbnail-ratio-1-1 -->\n\t\t<a class=\"post-thumbnail\" href=\"https:\/\/tolunacorporate.com\/fr\/questions-de-communication-hebdocom-vague-23\/\">\n\t\t\t<div class=\"post-thumbnail-inner\">\n\t\t\t\t<img decoding=\"async\" width=\"500\" height=\"500\" src=\"https:\/\/tolunacorporate.com\/wp-content\/uploads\/2025\/05\/Questions-de-communication-\u2013-Hebdocom-\u2013-Vague-23.png\" class=\"attachment-large size-large wp-post-image\" alt=\"Questions de communication \u2013 Hebdocom \u2013 Vague 23\" srcset=\"https:\/\/tolunacorporate.com\/wp-content\/uploads\/2025\/05\/Questions-de-communication-\u2013-Hebdocom-\u2013-Vague-23.png 500w, https:\/\/tolunacorporate.com\/wp-content\/uploads\/2025\/05\/Questions-de-communication-\u2013-Hebdocom-\u2013-Vague-23-300x300.png 300w, https:\/\/tolunacorporate.com\/wp-content\/uploads\/2025\/05\/Questions-de-communication-\u2013-Hebdocom-\u2013-Vague-23-150x150.png 150w\" sizes=\"(max-width: 500px) 100vw, 500px\" style=\"width:100%;height:100%;max-width:500px;\" \/>\t\t\t<\/div>\n\t\t<\/a><!-- .post-thumbnail -->\n\t\t\t<div class=\"entry-content-wrap\">\n\t\t<header class=\"entry-header\">\n\t\t<div class=\"entry-taxonomies\">\n\t\t\t\t\t\t<span class=\"posted-on\">\n\t\t\t\t\t<svg width=\"20\" height=\"22\" viewBox=\"0 0 20 22\" fill=\"none\" xmlns=\"http:\/\/www.w3.org\/2000\/svg\"><path d=\"M18 2H17V1C17 0.45 16.55 0 16 0C15.45 0 15 0.45 15 1V2H5V1C5 0.45 4.55 0 4 0C3.45 0 3 0.45 3 1V2H2C0.9 2 0 2.9 0 4V20C0 21.1 0.9 22 2 22H18C19.1 22 20 21.1 20 20V4C20 2.9 19.1 2 18 2ZM17 20H3C2.45 20 2 19.55 2 19V7H18V19C18 19.55 17.55 20 17 20Z\" fill=\"#007EE2\"\/><\/svg>\n\t\t\t\t\t<time class=\"entry-date published\" datetime=\"2023-05-04T21:23:35+02:00\">4 mai 2023<\/time><time class=\"updated\" datetime=\"2025-05-09T21:26:53+02:00\">9 mai 2025<\/time>\t\t\t\t<\/span>\n\t\t\t\t<\/div><!-- .entry-taxonomies -->\n\t<h6 class=\"entry-title\"><a href=\"https:\/\/tolunacorporate.com\/fr\/questions-de-communication-hebdocom-vague-23\/\" rel=\"bookmark\">Questions de communication \u2013 Hebdocom \u2013 Vague 23<\/a><\/h6><\/header><!-- .entry-header -->\n<footer class=\"entry-footer\">\n\t\t\t<div class=\"entry-actions\">\n\t\t\t<p class=\"more-link-wrap\">\n\t\t\t\t<a href=\"https:\/\/tolunacorporate.com\/fr\/questions-de-communication-hebdocom-vague-23\/\" class=\"post-more-link\">\n\t\t\t\t\tEN SAVOIR PLUS<span class=\"screen-reader-text\"> Questions de communication \u2013 Hebdocom \u2013 Vague 23<\/span><span class=\"toluna-svg-iconset svg-baseline\"><svg width=\"24\" height=\"25\" viewBox=\"0 0 24 25\" fill=\"none\" xmlns=\"http:\/\/www.w3.org\/2000\/svg\"><g clip-path=\"url(#clip0_3349_8828)\"><path d=\"M7.38048 21.9288C7.87048 22.4188 8.66048 22.4188 9.15048 21.9288L17.4605 13.6187C17.8505 13.2287 17.8505 12.5988 17.4605 12.2087L9.15048 3.89875C8.66048 3.40875 7.87048 3.40875 7.38048 3.89875C6.89048 4.38875 6.89048 5.17875 7.38048 5.66875L14.6205 12.9187L7.37048 20.1688C6.89048 20.6488 6.89048 21.4488 7.38048 21.9288Z\" fill=\"#007EE2\"\/><\/g><defs><clipPath id=\"clip0_3349_8828\"><rect width=\"24\" height=\"24\" fill=\"white\" transform=\"translate(0 0.917969)\"\/><\/clipPath><\/defs><\/svg><\/span>\t\t\t\t<\/a>\n\t\t\t<\/p>\n\t\t<\/div><!-- .entry-actions -->\n\t\t<\/footer><!-- .entry-footer -->\n\t<\/div>\n<\/article>\n<article class=\"entry content-bg loop-entry post-15808 post type-post status-publish format-standard has-post-thumbnail hentry category-france-fr tag-poll-2\">\n\t    <!-- toluna-thumbnail-ratio-1-1 -->\n\t\t<a class=\"post-thumbnail\" href=\"https:\/\/tolunacorporate.com\/fr\/barometre-de-confiance-politique-avril-2023\/\">\n\t\t\t<div class=\"post-thumbnail-inner\">\n\t\t\t\t<img decoding=\"async\" width=\"500\" height=\"500\" src=\"https:\/\/tolunacorporate.com\/wp-content\/uploads\/2025\/05\/Barometre-de-confiance-politique-\u2013-AVRIL-2023.jpg\" class=\"attachment-large size-large wp-post-image\" alt=\"Barom\u00e8tre de confiance politique \u2013 AVRIL 2023\" srcset=\"https:\/\/tolunacorporate.com\/wp-content\/uploads\/2025\/05\/Barometre-de-confiance-politique-\u2013-AVRIL-2023.jpg 500w, https:\/\/tolunacorporate.com\/wp-content\/uploads\/2025\/05\/Barometre-de-confiance-politique-\u2013-AVRIL-2023-300x300.jpg 300w, https:\/\/tolunacorporate.com\/wp-content\/uploads\/2025\/05\/Barometre-de-confiance-politique-\u2013-AVRIL-2023-150x150.jpg 150w\" sizes=\"(max-width: 500px) 100vw, 500px\" style=\"width:100%;height:100%;max-width:500px;\" \/>\t\t\t<\/div>\n\t\t<\/a><!-- .post-thumbnail -->\n\t\t\t<div class=\"entry-content-wrap\">\n\t\t<header class=\"entry-header\">\n\t\t<div class=\"entry-taxonomies\">\n\t\t\t\t\t\t<span class=\"posted-on\">\n\t\t\t\t\t<svg width=\"20\" height=\"22\" viewBox=\"0 0 20 22\" fill=\"none\" xmlns=\"http:\/\/www.w3.org\/2000\/svg\"><path d=\"M18 2H17V1C17 0.45 16.55 0 16 0C15.45 0 15 0.45 15 1V2H5V1C5 0.45 4.55 0 4 0C3.45 0 3 0.45 3 1V2H2C0.9 2 0 2.9 0 4V20C0 21.1 0.9 22 2 22H18C19.1 22 20 21.1 20 20V4C20 2.9 19.1 2 18 2ZM17 20H3C2.45 20 2 19.55 2 19V7H18V19C18 19.55 17.55 20 17 20Z\" fill=\"#007EE2\"\/><\/svg>\n\t\t\t\t\t<time class=\"entry-date published\" datetime=\"2023-04-28T21:27:09+02:00\">28 Avr 2023<\/time><time class=\"updated\" datetime=\"2025-05-09T21:30:55+02:00\">9 mai 2025<\/time>\t\t\t\t<\/span>\n\t\t\t\t<\/div><!-- .entry-taxonomies -->\n\t<h6 class=\"entry-title\"><a href=\"https:\/\/tolunacorporate.com\/fr\/barometre-de-confiance-politique-avril-2023\/\" rel=\"bookmark\">Barom\u00e8tre de confiance politique \u2013 AVRIL 2023<\/a><\/h6><\/header><!-- .entry-header -->\n<footer class=\"entry-footer\">\n\t\t\t<div class=\"entry-actions\">\n\t\t\t<p class=\"more-link-wrap\">\n\t\t\t\t<a href=\"https:\/\/tolunacorporate.com\/fr\/barometre-de-confiance-politique-avril-2023\/\" class=\"post-more-link\">\n\t\t\t\t\tEN SAVOIR PLUS<span class=\"screen-reader-text\"> Barom\u00e8tre de confiance politique \u2013 AVRIL 2023<\/span><span class=\"toluna-svg-iconset svg-baseline\"><svg width=\"24\" height=\"25\" viewBox=\"0 0 24 25\" fill=\"none\" xmlns=\"http:\/\/www.w3.org\/2000\/svg\"><g clip-path=\"url(#clip0_3349_8828)\"><path d=\"M7.38048 21.9288C7.87048 22.4188 8.66048 22.4188 9.15048 21.9288L17.4605 13.6187C17.8505 13.2287 17.8505 12.5988 17.4605 12.2087L9.15048 3.89875C8.66048 3.40875 7.87048 3.40875 7.38048 3.89875C6.89048 4.38875 6.89048 5.17875 7.38048 5.66875L14.6205 12.9187L7.37048 20.1688C6.89048 20.6488 6.89048 21.4488 7.38048 21.9288Z\" fill=\"#007EE2\"\/><\/g><defs><clipPath id=\"clip0_3349_8828\"><rect width=\"24\" height=\"24\" fill=\"white\" transform=\"translate(0 0.917969)\"\/><\/clipPath><\/defs><\/svg><\/span>\t\t\t\t<\/a>\n\t\t\t<\/p>\n\t\t<\/div><!-- .entry-actions -->\n\t\t<\/footer><!-- .entry-footer -->\n\t<\/div>\n<\/article>\n<article class=\"entry content-bg loop-entry post-15841 post type-post status-publish format-standard has-post-thumbnail hentry category-france-fr tag-poll-2\">\n\t    <!-- toluna-thumbnail-ratio-1-1 -->\n\t\t<a class=\"post-thumbnail\" href=\"https:\/\/tolunacorporate.com\/fr\/questions-de-communication-hebdocom-vague-22\/\">\n\t\t\t<div class=\"post-thumbnail-inner\">\n\t\t\t\t<img decoding=\"async\" width=\"500\" height=\"500\" src=\"https:\/\/tolunacorporate.com\/wp-content\/uploads\/2025\/05\/Questions-de-communication-\u2013-Hebdocom-\u2013-Vague-22.png\" class=\"attachment-large size-large wp-post-image\" alt=\"Questions de communication \u2013 Hebdocom \u2013 Vague 22\" srcset=\"https:\/\/tolunacorporate.com\/wp-content\/uploads\/2025\/05\/Questions-de-communication-\u2013-Hebdocom-\u2013-Vague-22.png 500w, https:\/\/tolunacorporate.com\/wp-content\/uploads\/2025\/05\/Questions-de-communication-\u2013-Hebdocom-\u2013-Vague-22-300x300.png 300w, https:\/\/tolunacorporate.com\/wp-content\/uploads\/2025\/05\/Questions-de-communication-\u2013-Hebdocom-\u2013-Vague-22-150x150.png 150w\" sizes=\"(max-width: 500px) 100vw, 500px\" style=\"width:100%;height:100%;max-width:500px;\" \/>\t\t\t<\/div>\n\t\t<\/a><!-- .post-thumbnail -->\n\t\t\t<div class=\"entry-content-wrap\">\n\t\t<header class=\"entry-header\">\n\t\t<div class=\"entry-taxonomies\">\n\t\t\t\t\t\t<span class=\"posted-on\">\n\t\t\t\t\t<svg width=\"20\" height=\"22\" viewBox=\"0 0 20 22\" fill=\"none\" xmlns=\"http:\/\/www.w3.org\/2000\/svg\"><path d=\"M18 2H17V1C17 0.45 16.55 0 16 0C15.45 0 15 0.45 15 1V2H5V1C5 0.45 4.55 0 4 0C3.45 0 3 0.45 3 1V2H2C0.9 2 0 2.9 0 4V20C0 21.1 0.9 22 2 22H18C19.1 22 20 21.1 20 20V4C20 2.9 19.1 2 18 2ZM17 20H3C2.45 20 2 19.55 2 19V7H18V19C18 19.55 17.55 20 17 20Z\" fill=\"#007EE2\"\/><\/svg>\n\t\t\t\t\t<time class=\"entry-date published\" datetime=\"2023-04-27T21:31:11+02:00\">27 Avr 2023<\/time><time class=\"updated\" datetime=\"2025-05-09T21:34:01+02:00\">9 mai 2025<\/time>\t\t\t\t<\/span>\n\t\t\t\t<\/div><!-- .entry-taxonomies -->\n\t<h6 class=\"entry-title\"><a href=\"https:\/\/tolunacorporate.com\/fr\/questions-de-communication-hebdocom-vague-22\/\" rel=\"bookmark\">Questions de communication \u2013 Hebdocom \u2013 Vague 22<\/a><\/h6><\/header><!-- .entry-header -->\n<footer class=\"entry-footer\">\n\t\t\t<div class=\"entry-actions\">\n\t\t\t<p class=\"more-link-wrap\">\n\t\t\t\t<a href=\"https:\/\/tolunacorporate.com\/fr\/questions-de-communication-hebdocom-vague-22\/\" class=\"post-more-link\">\n\t\t\t\t\tEN SAVOIR PLUS<span class=\"screen-reader-text\"> Questions de communication \u2013 Hebdocom \u2013 Vague 22<\/span><span class=\"toluna-svg-iconset svg-baseline\"><svg width=\"24\" height=\"25\" viewBox=\"0 0 24 25\" fill=\"none\" xmlns=\"http:\/\/www.w3.org\/2000\/svg\"><g clip-path=\"url(#clip0_3349_8828)\"><path d=\"M7.38048 21.9288C7.87048 22.4188 8.66048 22.4188 9.15048 21.9288L17.4605 13.6187C17.8505 13.2287 17.8505 12.5988 17.4605 12.2087L9.15048 3.89875C8.66048 3.40875 7.87048 3.40875 7.38048 3.89875C6.89048 4.38875 6.89048 5.17875 7.38048 5.66875L14.6205 12.9187L7.37048 20.1688C6.89048 20.6488 6.89048 21.4488 7.38048 21.9288Z\" fill=\"#007EE2\"\/><\/g><defs><clipPath id=\"clip0_3349_8828\"><rect width=\"24\" height=\"24\" fill=\"white\" transform=\"translate(0 0.917969)\"\/><\/clipPath><\/defs><\/svg><\/span>\t\t\t\t<\/a>\n\t\t\t<\/p>\n\t\t<\/div><!-- .entry-actions -->\n\t\t<\/footer><!-- .entry-footer -->\n\t<\/div>\n<\/article>\n<article class=\"entry content-bg loop-entry post-15866 post type-post status-publish format-standard has-post-thumbnail hentry category-france-fr tag-poll-2\">\n\t    <!-- toluna-thumbnail-ratio-1-1 -->\n\t\t<a class=\"post-thumbnail\" href=\"https:\/\/tolunacorporate.com\/fr\/les-francais-et-lusage-du-train\/\">\n\t\t\t<div class=\"post-thumbnail-inner\">\n\t\t\t\t<img decoding=\"async\" width=\"427\" height=\"426\" src=\"https:\/\/tolunacorporate.com\/wp-content\/uploads\/2025\/05\/Les-Francais-et-lusage-du-train.jpg\" class=\"attachment-large size-large wp-post-image\" alt=\"Les Fran\u00e7ais et l\u2019usage du train\" srcset=\"https:\/\/tolunacorporate.com\/wp-content\/uploads\/2025\/05\/Les-Francais-et-lusage-du-train.jpg 427w, https:\/\/tolunacorporate.com\/wp-content\/uploads\/2025\/05\/Les-Francais-et-lusage-du-train-300x300.jpg 300w, https:\/\/tolunacorporate.com\/wp-content\/uploads\/2025\/05\/Les-Francais-et-lusage-du-train-150x150.jpg 150w\" sizes=\"(max-width: 427px) 100vw, 427px\" style=\"width:100%;height:99.77%;max-width:427px;\" \/>\t\t\t<\/div>\n\t\t<\/a><!-- .post-thumbnail -->\n\t\t\t<div class=\"entry-content-wrap\">\n\t\t<header class=\"entry-header\">\n\t\t<div class=\"entry-taxonomies\">\n\t\t\t\t\t\t<span class=\"posted-on\">\n\t\t\t\t\t<svg width=\"20\" height=\"22\" viewBox=\"0 0 20 22\" fill=\"none\" xmlns=\"http:\/\/www.w3.org\/2000\/svg\"><path d=\"M18 2H17V1C17 0.45 16.55 0 16 0C15.45 0 15 0.45 15 1V2H5V1C5 0.45 4.55 0 4 0C3.45 0 3 0.45 3 1V2H2C0.9 2 0 2.9 0 4V20C0 21.1 0.9 22 2 22H18C19.1 22 20 21.1 20 20V4C20 2.9 19.1 2 18 2ZM17 20H3C2.45 20 2 19.55 2 19V7H18V19C18 19.55 17.55 20 17 20Z\" fill=\"#007EE2\"\/><\/svg>\n\t\t\t\t\t<time class=\"entry-date published\" datetime=\"2023-04-24T21:34:14+02:00\">24 Avr 2023<\/time><time class=\"updated\" datetime=\"2025-05-09T21:37:40+02:00\">9 mai 2025<\/time>\t\t\t\t<\/span>\n\t\t\t\t<\/div><!-- .entry-taxonomies -->\n\t<h6 class=\"entry-title\"><a href=\"https:\/\/tolunacorporate.com\/fr\/les-francais-et-lusage-du-train\/\" rel=\"bookmark\">Les Fran\u00e7ais et l\u2019usage du train<\/a><\/h6><\/header><!-- .entry-header -->\n<footer class=\"entry-footer\">\n\t\t\t<div class=\"entry-actions\">\n\t\t\t<p class=\"more-link-wrap\">\n\t\t\t\t<a href=\"https:\/\/tolunacorporate.com\/fr\/les-francais-et-lusage-du-train\/\" class=\"post-more-link\">\n\t\t\t\t\tEN SAVOIR PLUS<span class=\"screen-reader-text\"> Les Fran\u00e7ais et l\u2019usage du train<\/span><span class=\"toluna-svg-iconset svg-baseline\"><svg width=\"24\" height=\"25\" viewBox=\"0 0 24 25\" fill=\"none\" xmlns=\"http:\/\/www.w3.org\/2000\/svg\"><g clip-path=\"url(#clip0_3349_8828)\"><path d=\"M7.38048 21.9288C7.87048 22.4188 8.66048 22.4188 9.15048 21.9288L17.4605 13.6187C17.8505 13.2287 17.8505 12.5988 17.4605 12.2087L9.15048 3.89875C8.66048 3.40875 7.87048 3.40875 7.38048 3.89875C6.89048 4.38875 6.89048 5.17875 7.38048 5.66875L14.6205 12.9187L7.37048 20.1688C6.89048 20.6488 6.89048 21.4488 7.38048 21.9288Z\" fill=\"#007EE2\"\/><\/g><defs><clipPath id=\"clip0_3349_8828\"><rect width=\"24\" height=\"24\" fill=\"white\" transform=\"translate(0 0.917969)\"\/><\/clipPath><\/defs><\/svg><\/span>\t\t\t\t<\/a>\n\t\t\t<\/p>\n\t\t<\/div><!-- .entry-actions -->\n\t\t<\/footer><!-- .entry-footer -->\n\t<\/div>\n<\/article>\n<article class=\"entry content-bg loop-entry post-15891 post type-post status-publish format-standard has-post-thumbnail hentry category-france-fr tag-poll-2\">\n\t    <!-- toluna-thumbnail-ratio-1-1 -->\n\t\t<a class=\"post-thumbnail\" href=\"https:\/\/tolunacorporate.com\/fr\/linflation-et-apres\/\">\n\t\t\t<div class=\"post-thumbnail-inner\">\n\t\t\t\t<img decoding=\"async\" width=\"293\" height=\"294\" src=\"https:\/\/tolunacorporate.com\/wp-content\/uploads\/2025\/05\/Linflation-et-apres.jpg\" class=\"attachment-large size-large wp-post-image\" alt=\"L\u2019inflation, et apr\u00e8s ?\" srcset=\"https:\/\/tolunacorporate.com\/wp-content\/uploads\/2025\/05\/Linflation-et-apres.jpg 293w, https:\/\/tolunacorporate.com\/wp-content\/uploads\/2025\/05\/Linflation-et-apres-150x150.jpg 150w\" sizes=\"(max-width: 293px) 100vw, 293px\" style=\"width:100%;height:100.34%;max-width:293px;\" \/>\t\t\t<\/div>\n\t\t<\/a><!-- .post-thumbnail -->\n\t\t\t<div class=\"entry-content-wrap\">\n\t\t<header class=\"entry-header\">\n\t\t<div class=\"entry-taxonomies\">\n\t\t\t\t\t\t<span class=\"posted-on\">\n\t\t\t\t\t<svg width=\"20\" height=\"22\" viewBox=\"0 0 20 22\" fill=\"none\" xmlns=\"http:\/\/www.w3.org\/2000\/svg\"><path d=\"M18 2H17V1C17 0.45 16.55 0 16 0C15.45 0 15 0.45 15 1V2H5V1C5 0.45 4.55 0 4 0C3.45 0 3 0.45 3 1V2H2C0.9 2 0 2.9 0 4V20C0 21.1 0.9 22 2 22H18C19.1 22 20 21.1 20 20V4C20 2.9 19.1 2 18 2ZM17 20H3C2.45 20 2 19.55 2 19V7H18V19C18 19.55 17.55 20 17 20Z\" fill=\"#007EE2\"\/><\/svg>\n\t\t\t\t\t<time class=\"entry-date published\" datetime=\"2023-04-21T21:37:57+02:00\">21 Avr 2023<\/time><time class=\"updated\" datetime=\"2025-05-09T21:41:08+02:00\">9 mai 2025<\/time>\t\t\t\t<\/span>\n\t\t\t\t<\/div><!-- .entry-taxonomies -->\n\t<h6 class=\"entry-title\"><a href=\"https:\/\/tolunacorporate.com\/fr\/linflation-et-apres\/\" rel=\"bookmark\">L\u2019inflation, et apr\u00e8s ?<\/a><\/h6><\/header><!-- .entry-header -->\n<footer class=\"entry-footer\">\n\t\t\t<div class=\"entry-actions\">\n\t\t\t<p class=\"more-link-wrap\">\n\t\t\t\t<a href=\"https:\/\/tolunacorporate.com\/fr\/linflation-et-apres\/\" class=\"post-more-link\">\n\t\t\t\t\tEN SAVOIR PLUS<span class=\"screen-reader-text\"> L\u2019inflation, et apr\u00e8s ?<\/span><span class=\"toluna-svg-iconset svg-baseline\"><svg width=\"24\" height=\"25\" viewBox=\"0 0 24 25\" fill=\"none\" xmlns=\"http:\/\/www.w3.org\/2000\/svg\"><g clip-path=\"url(#clip0_3349_8828)\"><path d=\"M7.38048 21.9288C7.87048 22.4188 8.66048 22.4188 9.15048 21.9288L17.4605 13.6187C17.8505 13.2287 17.8505 12.5988 17.4605 12.2087L9.15048 3.89875C8.66048 3.40875 7.87048 3.40875 7.38048 3.89875C6.89048 4.38875 6.89048 5.17875 7.38048 5.66875L14.6205 12.9187L7.37048 20.1688C6.89048 20.6488 6.89048 21.4488 7.38048 21.9288Z\" fill=\"#007EE2\"\/><\/g><defs><clipPath id=\"clip0_3349_8828\"><rect width=\"24\" height=\"24\" fill=\"white\" transform=\"translate(0 0.917969)\"\/><\/clipPath><\/defs><\/svg><\/span>\t\t\t\t<\/a>\n\t\t\t<\/p>\n\t\t<\/div><!-- .entry-actions -->\n\t\t<\/footer><!-- .entry-footer -->\n\t<\/div>\n<\/article>\n<article class=\"entry content-bg loop-entry post-15916 post type-post status-publish format-standard has-post-thumbnail hentry category-france-fr tag-poll-2\">\n\t    <!-- toluna-thumbnail-ratio-1-1 -->\n\t\t<a class=\"post-thumbnail\" href=\"https:\/\/tolunacorporate.com\/fr\/questions-de-communication-hebdocom-vague-21\/\">\n\t\t\t<div class=\"post-thumbnail-inner\">\n\t\t\t\t<img decoding=\"async\" width=\"500\" height=\"500\" src=\"https:\/\/tolunacorporate.com\/wp-content\/uploads\/2025\/05\/Questions-de-communication-\u2013-Hebdocom-\u2013-Vague-21.png\" class=\"attachment-large size-large wp-post-image\" alt=\"Questions de communication \u2013 Hebdocom \u2013 Vague 21\" srcset=\"https:\/\/tolunacorporate.com\/wp-content\/uploads\/2025\/05\/Questions-de-communication-\u2013-Hebdocom-\u2013-Vague-21.png 500w, https:\/\/tolunacorporate.com\/wp-content\/uploads\/2025\/05\/Questions-de-communication-\u2013-Hebdocom-\u2013-Vague-21-300x300.png 300w, https:\/\/tolunacorporate.com\/wp-content\/uploads\/2025\/05\/Questions-de-communication-\u2013-Hebdocom-\u2013-Vague-21-150x150.png 150w\" sizes=\"(max-width: 500px) 100vw, 500px\" style=\"width:100%;height:100%;max-width:500px;\" \/>\t\t\t<\/div>\n\t\t<\/a><!-- .post-thumbnail -->\n\t\t\t<div class=\"entry-content-wrap\">\n\t\t<header class=\"entry-header\">\n\t\t<div class=\"entry-taxonomies\">\n\t\t\t\t\t\t<span class=\"posted-on\">\n\t\t\t\t\t<svg width=\"20\" height=\"22\" viewBox=\"0 0 20 22\" fill=\"none\" xmlns=\"http:\/\/www.w3.org\/2000\/svg\"><path d=\"M18 2H17V1C17 0.45 16.55 0 16 0C15.45 0 15 0.45 15 1V2H5V1C5 0.45 4.55 0 4 0C3.45 0 3 0.45 3 1V2H2C0.9 2 0 2.9 0 4V20C0 21.1 0.9 22 2 22H18C19.1 22 20 21.1 20 20V4C20 2.9 19.1 2 18 2ZM17 20H3C2.45 20 2 19.55 2 19V7H18V19C18 19.55 17.55 20 17 20Z\" fill=\"#007EE2\"\/><\/svg>\n\t\t\t\t\t<time class=\"entry-date published\" datetime=\"2023-04-20T21:41:20+02:00\">20 Avr 2023<\/time><time class=\"updated\" datetime=\"2025-05-09T21:44:05+02:00\">9 mai 2025<\/time>\t\t\t\t<\/span>\n\t\t\t\t<\/div><!-- .entry-taxonomies -->\n\t<h6 class=\"entry-title\"><a href=\"https:\/\/tolunacorporate.com\/fr\/questions-de-communication-hebdocom-vague-21\/\" rel=\"bookmark\">Questions de communication \u2013 Hebdocom \u2013 Vague 21<\/a><\/h6><\/header><!-- .entry-header -->\n<footer class=\"entry-footer\">\n\t\t\t<div class=\"entry-actions\">\n\t\t\t<p class=\"more-link-wrap\">\n\t\t\t\t<a href=\"https:\/\/tolunacorporate.com\/fr\/questions-de-communication-hebdocom-vague-21\/\" class=\"post-more-link\">\n\t\t\t\t\tEN SAVOIR PLUS<span class=\"screen-reader-text\"> Questions de communication \u2013 Hebdocom \u2013 Vague 21<\/span><span class=\"toluna-svg-iconset svg-baseline\"><svg width=\"24\" height=\"25\" viewBox=\"0 0 24 25\" fill=\"none\" xmlns=\"http:\/\/www.w3.org\/2000\/svg\"><g clip-path=\"url(#clip0_3349_8828)\"><path d=\"M7.38048 21.9288C7.87048 22.4188 8.66048 22.4188 9.15048 21.9288L17.4605 13.6187C17.8505 13.2287 17.8505 12.5988 17.4605 12.2087L9.15048 3.89875C8.66048 3.40875 7.87048 3.40875 7.38048 3.89875C6.89048 4.38875 6.89048 5.17875 7.38048 5.66875L14.6205 12.9187L7.37048 20.1688C6.89048 20.6488 6.89048 21.4488 7.38048 21.9288Z\" fill=\"#007EE2\"\/><\/g><defs><clipPath id=\"clip0_3349_8828\"><rect width=\"24\" height=\"24\" fill=\"white\" transform=\"translate(0 0.917969)\"\/><\/clipPath><\/defs><\/svg><\/span>\t\t\t\t<\/a>\n\t\t\t<\/p>\n\t\t<\/div><!-- .entry-actions -->\n\t\t<\/footer><!-- .entry-footer -->\n\t<\/div>\n<\/article>\n<article class=\"entry content-bg loop-entry post-15941 post type-post status-publish format-standard has-post-thumbnail hentry category-france-fr tag-poll-2\">\n\t    <!-- toluna-thumbnail-ratio-1-1 -->\n\t\t<a class=\"post-thumbnail\" href=\"https:\/\/tolunacorporate.com\/fr\/les-francais-et-lenergie-hydrogene-vague-3\/\">\n\t\t\t<div class=\"post-thumbnail-inner\">\n\t\t\t\t<img decoding=\"async\" width=\"768\" height=\"589\" src=\"https:\/\/tolunacorporate.com\/wp-content\/uploads\/2025\/05\/Les-Francais-et-lenergie-hydrogene-\u2013-Vague-3.jpg\" class=\"attachment-large size-large wp-post-image\" alt=\"Les Fran\u00e7ais et l\u2019\u00e9nergie hydrog\u00e8ne \u2013 Vague 3\" srcset=\"https:\/\/tolunacorporate.com\/wp-content\/uploads\/2025\/05\/Les-Francais-et-lenergie-hydrogene-\u2013-Vague-3.jpg 768w, https:\/\/tolunacorporate.com\/wp-content\/uploads\/2025\/05\/Les-Francais-et-lenergie-hydrogene-\u2013-Vague-3-300x230.jpg 300w\" sizes=\"(max-width: 768px) 100vw, 768px\" style=\"width:100%;height:76.69%;max-width:768px;\" \/>\t\t\t<\/div>\n\t\t<\/a><!-- .post-thumbnail -->\n\t\t\t<div class=\"entry-content-wrap\">\n\t\t<header class=\"entry-header\">\n\t\t<div class=\"entry-taxonomies\">\n\t\t\t\t\t\t<span class=\"posted-on\">\n\t\t\t\t\t<svg width=\"20\" height=\"22\" viewBox=\"0 0 20 22\" fill=\"none\" xmlns=\"http:\/\/www.w3.org\/2000\/svg\"><path d=\"M18 2H17V1C17 0.45 16.55 0 16 0C15.45 0 15 0.45 15 1V2H5V1C5 0.45 4.55 0 4 0C3.45 0 3 0.45 3 1V2H2C0.9 2 0 2.9 0 4V20C0 21.1 0.9 22 2 22H18C19.1 22 20 21.1 20 20V4C20 2.9 19.1 2 18 2ZM17 20H3C2.45 20 2 19.55 2 19V7H18V19C18 19.55 17.55 20 17 20Z\" fill=\"#007EE2\"\/><\/svg>\n\t\t\t\t\t<time class=\"entry-date published\" datetime=\"2023-04-18T21:44:20+02:00\">18 Avr 2023<\/time><time class=\"updated\" datetime=\"2025-05-09T21:46:59+02:00\">9 mai 2025<\/time>\t\t\t\t<\/span>\n\t\t\t\t<\/div><!-- .entry-taxonomies -->\n\t<h6 class=\"entry-title\"><a href=\"https:\/\/tolunacorporate.com\/fr\/les-francais-et-lenergie-hydrogene-vague-3\/\" rel=\"bookmark\">Les Fran\u00e7ais et l\u2019\u00e9nergie hydrog\u00e8ne \u2013 Vague 3<\/a><\/h6><\/header><!-- .entry-header -->\n<footer class=\"entry-footer\">\n\t\t\t<div class=\"entry-actions\">\n\t\t\t<p class=\"more-link-wrap\">\n\t\t\t\t<a href=\"https:\/\/tolunacorporate.com\/fr\/les-francais-et-lenergie-hydrogene-vague-3\/\" class=\"post-more-link\">\n\t\t\t\t\tEN SAVOIR PLUS<span class=\"screen-reader-text\"> Les Fran\u00e7ais et l\u2019\u00e9nergie hydrog\u00e8ne \u2013 Vague 3<\/span><span class=\"toluna-svg-iconset svg-baseline\"><svg width=\"24\" height=\"25\" viewBox=\"0 0 24 25\" fill=\"none\" xmlns=\"http:\/\/www.w3.org\/2000\/svg\"><g clip-path=\"url(#clip0_3349_8828)\"><path d=\"M7.38048 21.9288C7.87048 22.4188 8.66048 22.4188 9.15048 21.9288L17.4605 13.6187C17.8505 13.2287 17.8505 12.5988 17.4605 12.2087L9.15048 3.89875C8.66048 3.40875 7.87048 3.40875 7.38048 3.89875C6.89048 4.38875 6.89048 5.17875 7.38048 5.66875L14.6205 12.9187L7.37048 20.1688C6.89048 20.6488 6.89048 21.4488 7.38048 21.9288Z\" fill=\"#007EE2\"\/><\/g><defs><clipPath id=\"clip0_3349_8828\"><rect width=\"24\" height=\"24\" fill=\"white\" transform=\"translate(0 0.917969)\"\/><\/clipPath><\/defs><\/svg><\/span>\t\t\t\t<\/a>\n\t\t\t<\/p>\n\t\t<\/div><!-- .entry-actions -->\n\t\t<\/footer><!-- .entry-footer -->\n\t<\/div>\n<\/article>\n<article class=\"entry content-bg loop-entry post-15958 post type-post status-publish format-standard has-post-thumbnail hentry category-france-fr tag-poll-2\">\n\t    <!-- toluna-thumbnail-ratio-1-1 -->\n\t\t<a class=\"post-thumbnail\" href=\"https:\/\/tolunacorporate.com\/fr\/observatoire-de-la-mobilisation-contre-la-reforme-des-retraites-2023-vague-10-realisee-apres-les-decisions-du-conseil-constitutionnel\/\">\n\t\t\t<div class=\"post-thumbnail-inner\">\n\t\t\t\t<img decoding=\"async\" width=\"300\" height=\"296\" src=\"https:\/\/tolunacorporate.com\/wp-content\/uploads\/2025\/05\/Observatoire-de-la-mobilisation-contre-la-reforme-des-retraites-2023-\u2013-Vague-10-\u2013-realisee-apres-les-decisions-du-Conseil-constitutionnel.jpg\" class=\"attachment-large size-large wp-post-image\" alt=\"Observatoire de la mobilisation contre la r\u00e9forme des retraites 2023 \u2013 Vague 10 \u2013 r\u00e9alis\u00e9e apr\u00e8s les d\u00e9cisions du Conseil constitutionnel\" style=\"width:100%;height:98.67%;max-width:300px;\" \/>\t\t\t<\/div>\n\t\t<\/a><!-- .post-thumbnail -->\n\t\t\t<div class=\"entry-content-wrap\">\n\t\t<header class=\"entry-header\">\n\t\t<div class=\"entry-taxonomies\">\n\t\t\t\t\t\t<span class=\"posted-on\">\n\t\t\t\t\t<svg width=\"20\" height=\"22\" viewBox=\"0 0 20 22\" fill=\"none\" xmlns=\"http:\/\/www.w3.org\/2000\/svg\"><path d=\"M18 2H17V1C17 0.45 16.55 0 16 0C15.45 0 15 0.45 15 1V2H5V1C5 0.45 4.55 0 4 0C3.45 0 3 0.45 3 1V2H2C0.9 2 0 2.9 0 4V20C0 21.1 0.9 22 2 22H18C19.1 22 20 21.1 20 20V4C20 2.9 19.1 2 18 2ZM17 20H3C2.45 20 2 19.55 2 19V7H18V19C18 19.55 17.55 20 17 20Z\" fill=\"#007EE2\"\/><\/svg>\n\t\t\t\t\t<time class=\"entry-date published\" datetime=\"2023-04-17T21:47:17+02:00\">17 Avr 2023<\/time><time class=\"updated\" datetime=\"2025-05-09T21:56:29+02:00\">9 mai 2025<\/time>\t\t\t\t<\/span>\n\t\t\t\t<\/div><!-- .entry-taxonomies -->\n\t<h6 class=\"entry-title\"><a href=\"https:\/\/tolunacorporate.com\/fr\/observatoire-de-la-mobilisation-contre-la-reforme-des-retraites-2023-vague-10-realisee-apres-les-decisions-du-conseil-constitutionnel\/\" rel=\"bookmark\">Observatoire de la mobilisation contre la r\u00e9forme des retraites 2023 \u2013 Vague 10 \u2013 r\u00e9alis\u00e9e apr\u00e8s les d\u00e9cisions du Conseil constitutionnel<\/a><\/h6><\/header><!-- .entry-header -->\n<footer class=\"entry-footer\">\n\t\t\t<div class=\"entry-actions\">\n\t\t\t<p class=\"more-link-wrap\">\n\t\t\t\t<a href=\"https:\/\/tolunacorporate.com\/fr\/observatoire-de-la-mobilisation-contre-la-reforme-des-retraites-2023-vague-10-realisee-apres-les-decisions-du-conseil-constitutionnel\/\" class=\"post-more-link\">\n\t\t\t\t\tEN SAVOIR PLUS<span class=\"screen-reader-text\"> Observatoire de la mobilisation contre la r\u00e9forme des retraites 2023 \u2013 Vague 10 \u2013 r\u00e9alis\u00e9e apr\u00e8s les d\u00e9cisions du Conseil constitutionnel<\/span><span class=\"toluna-svg-iconset svg-baseline\"><svg width=\"24\" height=\"25\" viewBox=\"0 0 24 25\" fill=\"none\" xmlns=\"http:\/\/www.w3.org\/2000\/svg\"><g clip-path=\"url(#clip0_3349_8828)\"><path d=\"M7.38048 21.9288C7.87048 22.4188 8.66048 22.4188 9.15048 21.9288L17.4605 13.6187C17.8505 13.2287 17.8505 12.5988 17.4605 12.2087L9.15048 3.89875C8.66048 3.40875 7.87048 3.40875 7.38048 3.89875C6.89048 4.38875 6.89048 5.17875 7.38048 5.66875L14.6205 12.9187L7.37048 20.1688C6.89048 20.6488 6.89048 21.4488 7.38048 21.9288Z\" fill=\"#007EE2\"\/><\/g><defs><clipPath id=\"clip0_3349_8828\"><rect width=\"24\" height=\"24\" fill=\"white\" transform=\"translate(0 0.917969)\"\/><\/clipPath><\/defs><\/svg><\/span>\t\t\t\t<\/a>\n\t\t\t<\/p>\n\t\t<\/div><!-- .entry-actions -->\n\t\t<\/footer><!-- .entry-footer -->\n\t<\/div>\n<\/article>\n<article class=\"entry content-bg loop-entry post-16016 post type-post status-publish format-standard has-post-thumbnail hentry category-france-fr tag-poll-2\">\n\t    <!-- toluna-thumbnail-ratio-1-1 -->\n\t\t<a class=\"post-thumbnail\" href=\"https:\/\/tolunacorporate.com\/fr\/enquete-salaries-et-mobilites\/\">\n\t\t\t<div class=\"post-thumbnail-inner\">\n\t\t\t\t<img decoding=\"async\" width=\"293\" height=\"294\" src=\"https:\/\/tolunacorporate.com\/wp-content\/uploads\/2025\/05\/Enquete-salaries-et-mobilites.jpg\" class=\"attachment-large size-large wp-post-image\" alt=\"Enqu\u00eate salari\u00e9s et mobilit\u00e9s\" srcset=\"https:\/\/tolunacorporate.com\/wp-content\/uploads\/2025\/05\/Enquete-salaries-et-mobilites.jpg 293w, https:\/\/tolunacorporate.com\/wp-content\/uploads\/2025\/05\/Enquete-salaries-et-mobilites-150x150.jpg 150w\" sizes=\"(max-width: 293px) 100vw, 293px\" style=\"width:100%;height:100.34%;max-width:293px;\" \/>\t\t\t<\/div>\n\t\t<\/a><!-- .post-thumbnail -->\n\t\t\t<div class=\"entry-content-wrap\">\n\t\t<header class=\"entry-header\">\n\t\t<div class=\"entry-taxonomies\">\n\t\t\t\t\t\t<span class=\"posted-on\">\n\t\t\t\t\t<svg width=\"20\" height=\"22\" viewBox=\"0 0 20 22\" fill=\"none\" xmlns=\"http:\/\/www.w3.org\/2000\/svg\"><path d=\"M18 2H17V1C17 0.45 16.55 0 16 0C15.45 0 15 0.45 15 1V2H5V1C5 0.45 4.55 0 4 0C3.45 0 3 0.45 3 1V2H2C0.9 2 0 2.9 0 4V20C0 21.1 0.9 22 2 22H18C19.1 22 20 21.1 20 20V4C20 2.9 19.1 2 18 2ZM17 20H3C2.45 20 2 19.55 2 19V7H18V19C18 19.55 17.55 20 17 20Z\" fill=\"#007EE2\"\/><\/svg>\n\t\t\t\t\t<time class=\"entry-date published\" datetime=\"2023-04-13T22:00:34+02:00\">13 Avr 2023<\/time><time class=\"updated\" datetime=\"2025-05-09T22:03:20+02:00\">9 mai 2025<\/time>\t\t\t\t<\/span>\n\t\t\t\t<\/div><!-- .entry-taxonomies -->\n\t<h6 class=\"entry-title\"><a href=\"https:\/\/tolunacorporate.com\/fr\/enquete-salaries-et-mobilites\/\" rel=\"bookmark\">Enqu\u00eate salari\u00e9s et mobilit\u00e9s<\/a><\/h6><\/header><!-- .entry-header -->\n<footer class=\"entry-footer\">\n\t\t\t<div class=\"entry-actions\">\n\t\t\t<p class=\"more-link-wrap\">\n\t\t\t\t<a href=\"https:\/\/tolunacorporate.com\/fr\/enquete-salaries-et-mobilites\/\" class=\"post-more-link\">\n\t\t\t\t\tEN SAVOIR PLUS<span class=\"screen-reader-text\"> Enqu\u00eate salari\u00e9s et mobilit\u00e9s<\/span><span class=\"toluna-svg-iconset svg-baseline\"><svg width=\"24\" height=\"25\" viewBox=\"0 0 24 25\" fill=\"none\" xmlns=\"http:\/\/www.w3.org\/2000\/svg\"><g clip-path=\"url(#clip0_3349_8828)\"><path d=\"M7.38048 21.9288C7.87048 22.4188 8.66048 22.4188 9.15048 21.9288L17.4605 13.6187C17.8505 13.2287 17.8505 12.5988 17.4605 12.2087L9.15048 3.89875C8.66048 3.40875 7.87048 3.40875 7.38048 3.89875C6.89048 4.38875 6.89048 5.17875 7.38048 5.66875L14.6205 12.9187L7.37048 20.1688C6.89048 20.6488 6.89048 21.4488 7.38048 21.9288Z\" fill=\"#007EE2\"\/><\/g><defs><clipPath id=\"clip0_3349_8828\"><rect width=\"24\" height=\"24\" fill=\"white\" transform=\"translate(0 0.917969)\"\/><\/clipPath><\/defs><\/svg><\/span>\t\t\t\t<\/a>\n\t\t\t<\/p>\n\t\t<\/div><!-- .entry-actions -->\n\t\t<\/footer><!-- .entry-footer -->\n\t<\/div>\n<\/article>\n<\/div><\/div><\/div>\n\n<\/div><\/div>","protected":false},"excerpt":{"rendered":"<p>D\u00e9couvrez ce que pensent les citoyens Les r\u00e9sultats de nos derni\u00e8res enqu\u00eates<\/p>\n","protected":false},"author":8,"featured_media":0,"parent":0,"menu_order":0,"comment_status":"closed","ping_status":"closed","template":"","meta":{"_acf_changed":false,"_toluna_hide_sidebar":false,"footnotes":""},"class_list":["post-7116","page","type-page","status-publish","hentry","entry"],"acf":[],"_links":{"self":[{"href":"https:\/\/tolunacorporate.com\/fr\/wp-json\/wp\/v2\/pages\/7116","targetHints":{"allow":["GET"]}}],"collection":[{"href":"https:\/\/tolunacorporate.com\/fr\/wp-json\/wp\/v2\/pages"}],"about":[{"href":"https:\/\/tolunacorporate.com\/fr\/wp-json\/wp\/v2\/types\/page"}],"author":[{"embeddable":true,"href":"https:\/\/tolunacorporate.com\/fr\/wp-json\/wp\/v2\/users\/8"}],"replies":[{"embeddable":true,"href":"https:\/\/tolunacorporate.com\/fr\/wp-json\/wp\/v2\/comments?post=7116"}],"version-history":[{"count":0,"href":"https:\/\/tolunacorporate.com\/fr\/wp-json\/wp\/v2\/pages\/7116\/revisions"}],"wp:attachment":[{"href":"https:\/\/tolunacorporate.com\/fr\/wp-json\/wp\/v2\/media?parent=7116"}],"curies":[{"name":"wp","href":"https:\/\/api.w.org\/{rel}","templated":true}]}}